{"id":725,"date":"2022-06-06T11:00:13","date_gmt":"2022-06-06T11:00:13","guid":{"rendered":"https:\/\/edublog.educastur.es\/agrariaiesconcejodetineo\/?page_id=725"},"modified":"2022-06-06T11:07:45","modified_gmt":"2022-06-06T11:07:45","slug":"taller-de-primeros-auxilios","status":"publish","type":"page","link":"https:\/\/edublog.educastur.es\/agrariaiesconcejodetineo\/taller-de-primeros-auxilios\/","title":{"rendered":"Taller de Primeros Auxilios"},"content":{"rendered":"<p style=\"text-align: justify\">Como ya es costumbre en nuestro centro, en el primer trimestre del curso se imparte un <strong>Taller de Primeros Auxilios<\/strong> para el alumnado de nueva incorporaci\u00f3n, dada la importancia que una adecuada formaci\u00f3n en este \u00e1mbito tiene para evitar accidentes de trabajo y enfermedades profesionales. Para ello contamos tanto con personal de la <strong>Fundaci\u00f3n del Transporte Sanitario de Asturias<\/strong> como con personal de la <strong>Cruz Roja de Tineo<\/strong>, que mediante la aplicaci\u00f3n pr\u00e1ctica de los conocimientos te\u00f3ricos vistos en el aula permiten mejorar la formaci\u00f3n de nuestro alumnado en este aspecto.<\/p>\n","protected":false},"excerpt":{"rendered":"<p>Como ya es costumbre en nuestro centro, en el primer trimestre del curso se imparte un Taller de Primeros Auxilios para el alumnado de nueva incorporaci\u00f3n, dada la importancia que una adecuada formaci\u00f3n en este \u00e1mbito tiene para evitar accidentes de trabajo y enfermedades profesionales. Para ello contamos tanto con personal de la Fundaci\u00f3n del [&hellip;]<\/p>\n","protected":false},"author":1261,"featured_media":0,"parent":0,"menu_order":0,"comment_status":"closed","ping_status":"closed","template":"","meta":{"footnotes":""},"class_list":["post-725","page","type-page","status-publish","hentry"],"_links":{"self":[{"href":"https:\/\/edublog.educastur.es\/agrariaiesconcejodetineo\/wp-json\/wp\/v2\/pages\/725","targetHints":{"allow":["GET"]}}],"collection":[{"href":"https:\/\/edublog.educastur.es\/agrariaiesconcejodetineo\/wp-json\/wp\/v2\/pages"}],"about":[{"href":"https:\/\/edublog.educastur.es\/agrariaiesconcejodetineo\/wp-json\/wp\/v2\/types\/page"}],"author":[{"embeddable":true,"href":"https:\/\/edublog.educastur.es\/agrariaiesconcejodetineo\/wp-json\/wp\/v2\/users\/1261"}],"replies":[{"embeddable":true,"href":"https:\/\/edublog.educastur.es\/agrariaiesconcejodetineo\/wp-json\/wp\/v2\/comments?post=725"}],"version-history":[{"count":3,"href":"https:\/\/edublog.educastur.es\/agrariaiesconcejodetineo\/wp-json\/wp\/v2\/pages\/725\/revisions"}],"predecessor-version":[{"id":730,"href":"https:\/\/edublog.educastur.es\/agrariaiesconcejodetineo\/wp-json\/wp\/v2\/pages\/725\/revisions\/730"}],"wp:attachment":[{"href":"https:\/\/edublog.educastur.es\/agrariaiesconcejodetineo\/wp-json\/wp\/v2\/media?parent=725"}],"curies":[{"name":"wp","href":"https:\/\/api.w.org\/{rel}","templated":true}]}}