{"id":199,"date":"2020-07-29T09:10:30","date_gmt":"2020-07-29T09:10:30","guid":{"rendered":"https:\/\/edublog.educastur.es\/asturies\/?page_id=199"},"modified":"2020-07-29T09:10:30","modified_gmt":"2020-07-29T09:10:30","slug":"nacional","status":"publish","type":"page","link":"https:\/\/edublog.educastur.es\/asturies\/nacional\/","title":{"rendered":"Nacional"},"content":{"rendered":"<p><a class=\"box-category-prominent-wrapper content-type-big-1-wrapper\" href=\"https:\/\/www.turismoasturias.es\/web\/infoasturiasempresas\/campanas\/vuelve-al-paraiso?doAsUserId=4IA8To1B\"><span class=\"container\"><span class=\"route-type route-type-big box-category-prominent\"><span class=\"title-wrapper\"><span class=\"title\">Vuelve al Paraiso <\/span> <\/span> <span class=\"info\"> <span class=\"resume\"> Campa\u00f1a internacional y nacional \u00abVuelve al Para\u00edso. Ven a Asturias\u00bb <\/span> <\/span><\/span><\/span><\/a><\/p>\n<p><a href=\"https:\/\/www.turismoasturias.es\/documents\/402739\/2121563\/EnlaceVuelve.jpg\/c31acb97-d37c-4971-b21d-1b40c42b1e66?t=1489744630532\"><img loading=\"lazy\" decoding=\"async\" class=\"alignnone size-medium\" src=\"https:\/\/www.turismoasturias.es\/documents\/402739\/2121563\/EnlaceVuelve.jpg\/c31acb97-d37c-4971-b21d-1b40c42b1e66?t=1489744630532\" width=\"1128\" height=\"465\" \/><\/a><\/p>\n<div class=\"intro-wrapper\"><span class=\"intro-title\">VUELVE AL PARA\u00cdSO. VEN A ASTURIAS<\/span><\/div>\n<div class=\"paragraph\">\n<div class=\"documents\">\n<p><img decoding=\"async\" title=\"Vuelve al Para\u00edso\" src=\"https:\/\/www.turismoasturias.es\/documents\/402739\/2121563\/Cabecera-vuelve.jpg\/ab9de968-f2fd-4873-b020-a6f9c06ab8d1?t=1489673765593\" alt=\"Vuelve al Para\u00edso\" \/><\/p>\n<p>&nbsp;<\/p>\n<p><strong>La sociedad actual se ha desnaturalizado: jornadas interminables, estr\u00e9s, atascos, comida r\u00e1pida\u2026 Date un tiempo: Vuelve a lo natural, a la armon\u00eda. Vuelve a respirar, a ser libre. Vuelve a comer bien, a descubrir algo nuevo, a comenzar una aventura. Vuelve a correr, a disfrutar, a sentirte vivo. Vuelve al Para\u00edso. \u00a1Ven a Asturias! <\/strong><\/p>\n<p>La campa\u00f1a \u00abVuelve al Para\u00edso\u00bb refuerza la marca \u00abAsturias Para\u00edso Natural\u00bb y responde a los objetivos y valores marcados por el <strong>Plan de Turismo Sostenible del Principado de Asturias 2020. <\/strong>Con un mensaje global y \u00fanico para todos los medios y mercados, cuenta con m\u00e1s de 20 gr\u00e1ficas tem\u00e1ticas, spot de televisi\u00f3n, cu\u00f1a de radio, y m\u00e1s piezas espec\u00edficas para internet y redes sociales. Descubre aqu\u00ed todos los dise\u00f1os.<\/p>\n<\/div>\n<\/div>\n<div class=\"intro-wrapper\"><span class=\"intro-title\">FILOSOF\u00cdA: VOLVER A LO NATURAL<\/span><\/div>\n<div class=\"paragraph\">\n<div class=\"documents\">\n<p>La\u00a0<strong>nueva campa\u00f1a de promoci\u00f3n tur\u00edstica<\/strong>\u00a0de Asturias es una invitaci\u00f3n a un viaje interior. Una<strong> oda a la sencillez y a la naturaleza<\/strong>, a los paisajes y a la arquitectura \u00fanicos de Asturias. Descubre el<strong> v\u00eddeo oficial de campa\u00f1a:<\/strong><\/p>\n<p>\u00bfQuieres saber qu\u00e9 m\u00e1s hay detr\u00e1s del eslogan <strong>\u00abVuelve al Para\u00edso\u00bb<\/strong>? Descubre\u00a0<a title=\"Ver el v\u00eddeo.\" href=\"http:\/\/www.youtube.com\/watch?v=WNA1lt-54sY\" target=\"_blank\" rel=\"noopener noreferrer\"><strong>aqu\u00ed<\/strong><\/a> c\u00f3mo se gest\u00f3 la campa\u00f1a, creada y producida por la agencia Arrontes y Barrera.<\/p>\n<\/div>\n<\/div>\n<div class=\"intro-wrapper\"><span class=\"intro-title\">MISMO MENSAJE, DISTINTA INVITACI\u00d3N<\/span><\/div>\n<div class=\"paragraph\">\n<div class=\"documents\">\n<p>La comunicaci\u00f3n global, sin fronteras, exige mensajes \u00fanicos y coherentes. Pero hemos personalizado la llamada a la acci\u00f3n para adaptarnos a los objetivos de cada mercado:<\/p>\n<p>&nbsp;<\/p>\n<table border=\"0\" summary=\"Campa\u00f1as\" cellspacing=\"10\" cellpadding=\"10\">\n<tbody>\n<tr>\n<td><strong>CAMPA\u00d1A NACIONAL<\/strong><\/p>\n<p><img decoding=\"async\" title=\"Campa\u00f1a Nacional\" src=\"https:\/\/www.turismoasturias.es\/documents\/402739\/2121563\/Nacional.jpg\/d83f3a22-110d-4814-bcfa-1f024838caff?t=1489749148637\" alt=\"Campa\u00f1a Nacional\" \/><\/td>\n<td><strong>CAMPA\u00d1A INTERNACIONAL<\/strong><\/p>\n<p><img decoding=\"async\" title=\"Campa\u00f1a Internacional\" src=\"https:\/\/www.turismoasturias.es\/documents\/402739\/2121563\/Internacional.jpg\/5bd0311f-93ce-4171-aa49-a4fab80ff1b3?t=1489749149410\" alt=\"Campa\u00f1a Internacional\" \/><\/td>\n<td><strong>CAMPA\u00d1A AUTON\u00d3MICA<\/strong><\/p>\n<p><img decoding=\"async\" title=\"Campa\u00f1a Regional\" src=\"https:\/\/www.turismoasturias.es\/documents\/402739\/2121563\/Regional.jpg\/839cb5aa-9860-45e9-a85c-f20d28f2c74e?t=1489749145932\" alt=\"Campa\u00f1a Regional\" \/><\/td>\n<\/tr>\n<\/tbody>\n<\/table>\n<p>&nbsp;<\/p>\n<\/div>\n<\/div>\n<div class=\"intro-wrapper\"><span class=\"intro-title\">CREATIVIDADES TEM\u00c1TICAS<\/span><\/div>\n<div class=\"paragraph\">\n<div class=\"documents\">\n<p>\u00abVuelve al para\u00edso\u00bb cuenta con im\u00e1genes ic\u00f3nicas que llaman a distintos p\u00fablicos con distintos intereses a disfrutar de Asturias desde diversos puntos de vista. As\u00ed, la campa\u00f1a contar\u00e1 con im\u00e1genes sobre naturaleza, gastronom\u00eda, cultura, turismo rural, turismo activo y deportivo, Camino de Santiago, turismo industrial, ciudades, costa y pueblos marineros. Descubre aqu\u00ed todas las creatividades:<\/p>\n<table border=\"0\" summary=\"Creatividades de Campa\u00f1a\" cellspacing=\"10\" cellpadding=\"20\">\n<tbody>\n<tr>\n<td>\n<strong>Turismo de Naturaleza<\/strong><\/p>\n<p><img decoding=\"async\" title=\"Turismo de Naturaleza\" src=\"https:\/\/www.turismoasturias.es\/documents\/402739\/2121563\/Campana-Urriellu.jpg\/c3647fab-a67c-45e5-997f-bc29ad3de562?t=1496647297448\" alt=\"Turismo de Naturaleza\" \/><\/td>\n<td>\n<strong>Turismo de Naturaleza<\/strong><\/p>\n<p><img decoding=\"async\" title=\"Turismo de Naturaleza\" src=\"https:\/\/www.turismoasturias.es\/documents\/402739\/2121563\/Campana-Lagos.jpg\/80f4770b-53cd-4dfd-bb42-bb8c8f26429c?t=1502348000550\" alt=\"Turismo de Naturaleza\" \/><\/td>\n<td>\n<strong>Turismo de Naturaleza<\/strong><\/p>\n<p><img decoding=\"async\" title=\"Turismo de Naturaleza\" src=\"https:\/\/www.turismoasturias.es\/documents\/402739\/2121563\/Campana-urriellu-verano.jpg\/f664f780-3f96-4dfa-9d8a-68f30e03df9d?t=1507107876827\" alt=\"Turismo de Naturaleza\" \/><\/td>\n<\/tr>\n<tr>\n<td>\n<strong>Turismo de Naturaleza<\/strong><\/p>\n<p><img decoding=\"async\" title=\"Turismo de Naturaleza\" src=\"https:\/\/www.turismoasturias.es\/documents\/402739\/2121563\/campana-muniellos.jpg\/b017e59a-c651-4608-b7da-bcdffd24da78?t=1574937029430\" alt=\"Turismo de Naturaleza\" \/><\/td>\n<td>\n<strong>Turismo de Naturaleza<\/strong><\/p>\n<p><img decoding=\"async\" title=\"Turismo de Naturaleza\" src=\"https:\/\/www.turismoasturias.es\/documents\/402739\/2121563\/campana-pelono.jpg\/70a43eb0-3090-4e9f-9f8f-74870861a6f5?t=1567581334041\" alt=\"Turismo de Naturaleza\" \/><\/td>\n<td>\n<strong>Turismo de Naturaleza<\/strong><\/p>\n<p><img decoding=\"async\" title=\"Turismo de Naturaleza\" src=\"https:\/\/www.turismoasturias.es\/documents\/402739\/2121563\/campana-folgueirou.jpg\/c8a14df8-0f15-47cc-a27e-7988f0ce9ed9?t=1567581332969\" alt=\"Turismo de Naturaleza\" \/><\/td>\n<\/tr>\n<tr>\n<td>\n<strong>Turismo Cultural<\/strong><\/p>\n<p><img decoding=\"async\" title=\"Turismo Cultural\" src=\"https:\/\/www.turismoasturias.es\/documents\/402739\/2121563\/Campana-naranco.jpg\/d497a7e4-5670-4b7c-99ea-338f50c23368?t=1496647296919\" alt=\"Turismo Cultural\" \/><\/td>\n<td>\n<strong>Turismo Cultural<\/strong><\/p>\n<p><img decoding=\"async\" title=\"Cultura\" src=\"https:\/\/www.turismoasturias.es\/documents\/402739\/2121563\/Campana-Coania.jpg\/88e45b23-c130-4738-aaeb-8f7d69c10b75?t=1504696903298\" alt=\"Cultura\" \/><\/td>\n<td>\n<strong>Turismo Cultural<\/strong><\/p>\n<p><img decoding=\"async\" title=\"Cultura\" src=\"https:\/\/www.turismoasturias.es\/documents\/402739\/2121563\/Campana-Covadonga.jpg\/b9e36c7c-c990-4f0e-b289-0155564683e6?t=1496647294898\" alt=\"Cultura\" \/><\/td>\n<\/tr>\n<tr>\n<td>\n<strong>Turismo Industrial<\/strong><\/p>\n<p><img decoding=\"async\" title=\"Turismo Industrial\" src=\"https:\/\/www.turismoasturias.es\/documents\/402739\/2121563\/Campana-mina.jpg\/e96eec16-4971-4cd6-b600-c7cb71f112e5?t=1496647296470\" alt=\"Turismo Industrial\" \/><\/td>\n<td>\n<strong>Costa y Pueblos marineros<\/strong><\/p>\n<p><img decoding=\"async\" title=\"Costa y Pueblos marineros\" src=\"https:\/\/www.turismoasturias.es\/documents\/402739\/2121563\/Campana-Andrin.jpg\/24fd4f96-0c83-4c58-85d7-5aa6eaab9a2d?t=1496647294001\" alt=\"Costa y Pueblos marineros\" \/><\/td>\n<td>\n<strong>Costa y Pueblos marineros<\/strong><\/p>\n<p><img decoding=\"async\" title=\"Costa y Pueblos marineros\" src=\"https:\/\/www.turismoasturias.es\/documents\/402739\/2121563\/Campana-Cudillero.jpg\/130a7f8c-82e4-4184-9186-e13193650224?t=1496647295460\" alt=\"Costa y Pueblos marineros\" \/><\/td>\n<\/tr>\n<tr>\n<td>\n<strong>Costa y Pueblos marineros<\/strong><\/p>\n<p><img decoding=\"async\" title=\"Costa y Pueblos marineros\" src=\"https:\/\/www.turismoasturias.es\/documents\/402739\/2121563\/campana-poo.jpg\/11d5abfc-aa49-425b-9445-286b11bf0e0e?t=1567581335974\" alt=\"Costa y Pueblos marineros\" \/><\/td>\n<td>\n<strong>Costa y Pueblos marineros<\/strong><\/p>\n<p><img decoding=\"async\" title=\"Costa y Pueblos marineros\" src=\"https:\/\/www.turismoasturias.es\/documents\/402739\/2121563\/campana-torimbia.jpg\/337b3266-5da7-4640-8c16-0876b17feb66?t=1567581336898\" alt=\"Costa y Pueblos marineros\" \/><\/td>\n<td>\n<strong>Costa y Pueblos marineros<\/strong><\/p>\n<p><img decoding=\"async\" title=\"Costa y Pueblos marineros\" src=\"https:\/\/www.turismoasturias.es\/documents\/402739\/2121563\/campana-castropol.jpg\/0e8cc5c6-cc6b-4a03-be52-1403ae1dc14a?t=1567581332045\" alt=\"Costa y Pueblos marineros\" \/><\/td>\n<\/tr>\n<tr>\n<td>\n<strong>Ciudades de Asturias<\/strong><\/p>\n<p><img decoding=\"async\" title=\"Ciudades de Asturias\" src=\"https:\/\/www.turismoasturias.es\/documents\/402739\/2121563\/Campana-Gijon.jpg\/c67bbc13-a0e3-43ab-b031-a688186206e6?t=1496647295851\" alt=\"Ciudades de Asturias\" \/><\/td>\n<td>\n<strong>Ciudades de Asturias<\/strong><\/p>\n<p><img decoding=\"async\" title=\"Ciudades de Asturias\" src=\"https:\/\/www.turismoasturias.es\/documents\/402739\/2121563\/Campana-niemeyer.jpg\/6d9fc74b-f29d-4b70-9d01-72f703838e75?t=1507107875700\" alt=\"Ciudades de Asturias\" \/><\/td>\n<td>\n<strong>Turismo gastron\u00f3mico<\/strong><\/p>\n<p><img decoding=\"async\" title=\"Turismo gastron\u00f3mico\" src=\"https:\/\/www.turismoasturias.es\/documents\/402739\/2121563\/Campana-Sidra.jpg\/42c1aecb-bd78-4a30-9644-6b4edf578363?t=1498115510003\" alt=\"Turismo gastron\u00f3mico\" \/><\/td>\n<\/tr>\n<tr>\n<td>\n<strong>Turismo gastron\u00f3mico<\/strong><\/p>\n<p><img decoding=\"async\" title=\"Turismo gastron\u00f3mico\" src=\"https:\/\/www.turismoasturias.es\/documents\/402739\/2121563\/Campana-fabada.jpg\/80825ae3-1fb2-4af7-af8a-e647044a5f1f?t=1507107874614\" alt=\"Turismo gastron\u00f3mico\" \/><\/td>\n<td>\n<strong>Turismo Activo y deportivo<\/strong><\/p>\n<p><img decoding=\"async\" title=\"Turismo Activo y deportivo\" src=\"https:\/\/www.turismoasturias.es\/documents\/402739\/2121563\/Campana_surf.jpg\/72591484-c80c-4223-a814-a400400b96b7?t=1496647293171\" alt=\"Turismo Activo y deportivo\" \/><\/td>\n<td>\n<strong>Turismo Activo y deportivo<\/strong><\/p>\n<p><img decoding=\"async\" title=\"Turismo Activo y deportivo\" src=\"https:\/\/www.turismoasturias.es\/documents\/402739\/2121563\/Campana-Cares.jpg\/dfe93334-333a-4993-aeff-5b14df65c8bc?t=1502347998186\" alt=\"Turismo Activo y deportivo\" \/><\/td>\n<\/tr>\n<tr>\n<td>\n<strong>Turismo Activo y deportivo<\/strong><\/p>\n<p><img decoding=\"async\" title=\"Turismo Activo y deportivo\" src=\"https:\/\/www.turismoasturias.es\/documents\/402739\/2121563\/campana-bici-torneria.jpg\/7b40f89d-2c68-4f6e-8010-30466a18587f?t=1567581322657\" alt=\"Turismo Activo y deportivo\" \/><\/td>\n<td>\n<strong>Turismo Activo y deportivo<\/strong><\/p>\n<p><img decoding=\"async\" title=\"Turismo Activo y deportivo\" src=\"https:\/\/www.turismoasturias.es\/documents\/402739\/2121563\/campana-piragua.jpg\/42d1de5f-0ca7-4b14-8e14-ff6fcb49c5a9?t=1567581334985\" alt=\"Turismo Activo y deportivo\" \/><\/td>\n<td>\n<strong>Camino de Santiago<\/strong><\/p>\n<p><img decoding=\"async\" title=\"Camino de Santiago\" src=\"https:\/\/www.turismoasturias.es\/documents\/402739\/2121563\/Campana-camino-santiago.jpg\/b2ca1de3-2adf-4842-bab7-2cb63aebecef?t=1504696831237\" alt=\"Camino de Santiago\" \/><\/td>\n<\/tr>\n<tr>\n<td>\n<strong>Camino de Santiago<\/strong><\/p>\n<p><img decoding=\"async\" title=\"Camino de Santiago\" src=\"https:\/\/www.turismoasturias.es\/documents\/402739\/2121563\/Campana-camino-costa.jpg\/8fe14909-3867-4669-b182-3b0ceed0c3ae?t=1507107872684\" alt=\"Camino de Santiago\" \/><\/td>\n<td>\n<strong>Turismo Rural<\/strong><\/p>\n<p><img decoding=\"async\" title=\"Turismo Rural\" src=\"https:\/\/www.turismoasturias.es\/documents\/402739\/2121563\/Campana-Somiedo.jpg\/80caee54-762c-4848-9f49-ad4e47e0f6c8?t=1502348001287\" alt=\"Turismo Rural\" \/><\/td>\n<td>\n<strong>Turismo Rural<\/strong><\/p>\n<p><img decoding=\"async\" title=\"Turismo Rural\" src=\"https:\/\/www.turismoasturias.es\/documents\/402739\/2121563\/Campana-Banduxu.jpg\/d5a54b33-858c-4351-ac16-e8be941cba90?t=1496647294355\" alt=\"Turismo Rural\" \/><\/td>\n<\/tr>\n<\/tbody>\n<\/table>\n<p>&nbsp;<\/p>\n<p>&nbsp;<\/p>\n<\/div>\n<\/div>\n<div class=\"intro-wrapper\"><span class=\"intro-title\">UNA CAMPA\u00d1A PARA COMPARTIR<\/span><\/div>\n<div class=\"paragraph\">\n<div class=\"documents\">\n<p>\u00abVuelve al Para\u00edso\u00bb cuenta con piezas espec\u00edficas para redes sociales y sistemas de mensajer\u00eda, para poder compartir incluso v\u00eda m\u00f3vil. Pulsa sobre cada imagen para descargar en tu m\u00f3vil, tablet o PC los GIFS animados de campa\u00f1a. No olvides usar los hashtag oficiales <strong>#VuelvealPara\u00edso<\/strong> y <strong>#Para\u00edsoNatural<\/strong>.<\/p>\n<p><a title=\"Descarga el GIF\" href=\"https:\/\/drive.google.com\/file\/d\/0B3hxP-BLwI6rcGFvb0VYTnJ4VlU\/view?usp=sharing\" target=\"_blank\" rel=\"noopener noreferrer\"><img decoding=\"async\" src=\"https:\/\/www.turismoasturias.es\/documents\/402739\/2121563\/uriellu_350x350px.gif\/ea22d0cb-e035-40d6-b976-1ee237d5f3a1?t=1490002671329\" alt=\"\" \/><\/a>\u00a0<a title=\"Descarga el GIF\" href=\"https:\/\/drive.google.com\/file\/d\/0B3hxP-BLwI6rcGFvb0VYTnJ4VlU\/view?usp=sharing\" target=\"_blank\" rel=\"noopener noreferrer\"><img decoding=\"async\" src=\"https:\/\/www.turismoasturias.es\/documents\/402739\/2121563\/cudillero_350x350px.gif\/a3dc0dd3-bc09-40bd-aa1c-5f7b42da54bc?t=1490002698951\" alt=\"\" \/><\/a><\/p>\n<p>&nbsp;<\/p>\n<p>La campa\u00f1a \u00abVuelve al para\u00edso\u00bb se inicia tambi\u00e9n en redes sociales a nivel internacional con p\u00e1ginas de Facebook en <a title=\"Asturias Natural Paradise\" href=\"https:\/\/www.facebook.com\/AsturiasNaturalParadise\" target=\"_blank\" rel=\"noopener noreferrer\"><strong>Reino Unido<\/strong><\/a>, <a title=\"Les Asturies\" href=\"https:\/\/www.facebook.com\/LesAsturies\" target=\"_blank\" rel=\"noopener noreferrer\"><strong>Francia<\/strong><\/a>, <a title=\"Naturparadies Asturien\" href=\"https:\/\/www.facebook.com\/Natur-Paradies-Asturien-168565506992832\" target=\"_blank\" rel=\"noopener noreferrer\"><strong>Alemania<\/strong><\/a>, <a title=\"Asturie Paradiso Naturale\" href=\"https:\/\/www.facebook.com\/Asturie-Paradiso-Naturale-189535291548765\" target=\"_blank\" rel=\"noopener noreferrer\"><strong>Italia<\/strong><\/a> y <a title=\"Ast\u00farias para\u00edso natural\" href=\"https:\/\/www.facebook.com\/Ast%C3%BArias-Para%C3%ADso-Natural-679731758899603\" target=\"_blank\" rel=\"noopener noreferrer\"><strong>Portugal<\/strong><\/a>.<\/p>\n<p>&nbsp;<\/p>\n<\/div>\n<\/div>\n","protected":false},"excerpt":{"rendered":"<p>Vuelve al Paraiso Campa\u00f1a internacional y nacional \u00abVuelve al Para\u00edso. Ven a Asturias\u00bb VUELVE AL PARA\u00cdSO. VEN A ASTURIAS &nbsp; La sociedad actual se ha desnaturalizado: jornadas interminables, estr\u00e9s, atascos, comida r\u00e1pida\u2026 Date un tiempo: Vuelve a lo natural, a la armon\u00eda. Vuelve a respirar, a ser libre. Vuelve a comer bien, a descubrir algo [&hellip;]<\/p>\n","protected":false},"author":117,"featured_media":0,"parent":0,"menu_order":0,"comment_status":"closed","ping_status":"closed","template":"","meta":{"footnotes":""},"class_list":["post-199","page","type-page","status-publish","hentry","post-preview"],"_links":{"self":[{"href":"https:\/\/edublog.educastur.es\/asturies\/wp-json\/wp\/v2\/pages\/199","targetHints":{"allow":["GET"]}}],"collection":[{"href":"https:\/\/edublog.educastur.es\/asturies\/wp-json\/wp\/v2\/pages"}],"about":[{"href":"https:\/\/edublog.educastur.es\/asturies\/wp-json\/wp\/v2\/types\/page"}],"author":[{"embeddable":true,"href":"https:\/\/edublog.educastur.es\/asturies\/wp-json\/wp\/v2\/users\/117"}],"replies":[{"embeddable":true,"href":"https:\/\/edublog.educastur.es\/asturies\/wp-json\/wp\/v2\/comments?post=199"}],"version-history":[{"count":1,"href":"https:\/\/edublog.educastur.es\/asturies\/wp-json\/wp\/v2\/pages\/199\/revisions"}],"predecessor-version":[{"id":200,"href":"https:\/\/edublog.educastur.es\/asturies\/wp-json\/wp\/v2\/pages\/199\/revisions\/200"}],"wp:attachment":[{"href":"https:\/\/edublog.educastur.es\/asturies\/wp-json\/wp\/v2\/media?parent=199"}],"curies":[{"name":"wp","href":"https:\/\/api.w.org\/{rel}","templated":true}]}}