{"id":231,"date":"2020-10-25T07:49:31","date_gmt":"2020-10-25T07:49:31","guid":{"rendered":"https:\/\/edublog.educastur.es\/asturies\/?page_id=231"},"modified":"2020-10-25T07:49:31","modified_gmt":"2020-10-25T07:49:31","slug":"tiempo","status":"publish","type":"page","link":"https:\/\/edublog.educastur.es\/asturies\/clima\/tiempo\/","title":{"rendered":"Tiempo"},"content":{"rendered":"<h1 class=\"elementor-heading-title elementor-size-default\"><span style=\"color: #008080\"><em><span style=\"font-size: 18pt\">La Predicci\u00f3n del Tiempo en Asturias<\/span><\/em><\/span><\/h1>\n<address><em><span style=\"font-size: 14pt\"><strong>Asturias tiene<\/strong> en verano , una media de <strong>20\u00ba-22\u00ba C,<\/strong> un clima templado, agradable, y sin grandes variaciones, a lo largo de todo el a\u00f1o<strong> .<\/strong><\/span><\/em><\/address>\n<figure id=\"attachment_557\" class=\"wp-caption aligncenter\" style=\"width: 474px\" aria-describedby=\"caption-attachment-557\"><em><span style=\"font-size: 14pt\"><a href=\"https:\/\/axtur.files.wordpress.com\/2011\/09\/por-que-no-llueve-en-asturias2.jpg?w=300&amp;resize=300%2C245\"><img loading=\"lazy\" decoding=\"async\" class=\"alignnone size-full\" src=\"https:\/\/axtur.files.wordpress.com\/2011\/09\/por-que-no-llueve-en-asturias2.jpg?w=300&amp;resize=300%2C245\" width=\"300\" height=\"245\" \/><\/a><\/span><\/em><figcaption id=\"caption-attachment-557\" class=\"wp-caption-text\"><span style=\"color: #808080\"><em><span style=\"font-size: 14pt\">La Paradoja Asturiana. Tenemos buen tiempo!!<\/span><\/em><\/span><\/figcaption><\/figure>\n<address><em><span style=\"font-size: 14pt\">Las cadenas de <strong>televisi\u00f3n se equivocan con frecuencia<\/strong>. <\/span><\/em><em><span style=\"font-size: 14pt\">Se insiste una y otra vez en el mal tiempo del \u201cnorte\u201d. Al final acabamos teniendo un tiempo de espatarrar. <\/span><\/em><em><span style=\"font-size: 14pt\">Estas son los enlaces que uso para predecir el tiempo en nuestros alojamientos de Asturias:<\/span><\/em><\/address>\n<ul>\n<li><em><span style=\"font-size: 14pt\"><a title=\"MeteoAsturias\" href=\"http:\/\/meteoasturias.elcomercio.es\/\" target=\"_blank\" rel=\"noopener noreferrer\">MeteoAsturias<\/a>.\u00a0 Es la web que encuentro m\u00e1s precisa.<\/span><\/em><\/li>\n<li><em><span style=\"font-size: 14pt\"><a title=\"Probabilidad de lluvia\" href=\"http:\/\/www.wetterzentrale.de\/topkarten\/fsavneur.html\" target=\"_blank\" rel=\"noopener noreferrer\">Wetterzentrale:<\/a>. La uso para ver la probabilidad de lluvia a largo plazo y corto.<span id=\"more-489\"><\/span><\/span><\/em><\/li>\n<li><em><span style=\"font-size: 14pt\"><strong><a href=\"http:\/\/www.aemet.es\/es\/eltiempo\/prediccion\/municipios\/amieva-sames-id33003\" target=\"_blank\" rel=\"noopener noreferrer\">AEMET :<\/a><\/strong>\u00a0 La predicci\u00f3n de la AEMET para Amieva y Ponga, en los Picos de Europa<\/span><\/em><\/li>\n<\/ul>\n<p><em><span style=\"font-size: 14pt\">En Asturias <strong>no podemos garantizar el tiempo<\/strong> para ir a la playa todos los d\u00edas del verano. Eso es un hecho. A cambio podemos ofrecer:<\/span><\/em><\/p>\n<ul>\n<li><em><span style=\"font-size: 14pt\"><strong>Paisaje verde<\/strong>, agua y frondosos bosques.<\/span><\/em><\/li>\n<li><em><span style=\"font-size: 14pt\"><strong>Temperatura agradable<\/strong> y constante para dormir a pierna suelta, cuando el resto de Espa\u00f1a suspira por una bocanada de aire fresco y sufre en el \u201ctostadero\u201d<\/span><\/em><\/li>\n<\/ul>\n<div>\n<div>\n<h3><span style=\"font-size: 18pt;color: #008080\"><em>La topografia y la influencia del mar en Asturias.<\/em><\/span><\/h3>\n<p><a href=\"https:\/\/axtur.files.wordpress.com\/2011\/09\/precipitaciones-en-asturias3.jpg?resize=510%2C302\"><img loading=\"lazy\" decoding=\"async\" class=\"aligncenter\" src=\"https:\/\/axtur.files.wordpress.com\/2011\/09\/precipitaciones-en-asturias3.jpg?resize=510%2C302\" width=\"713\" height=\"422\" \/><\/a><\/p>\n<h2><\/h2>\n<ol>\n<li><em><span style=\"font-size: 14pt\">\u00a0El tiempo en Asturias est\u00e1 orientado profundamente por las corrientes marinas y la tempetura del <strong>mar:<\/strong><\/span><\/em><br \/>\n<em><span style=\"font-size: 14pt\">A la misma altura est\u00e1 Nueva York, con inviernos por debajo de 20 bajo cero y veranos muy calurosos.<\/p>\n<p><\/span><\/em><\/li>\n<li><em><span style=\"font-size: 14pt\">La <strong>cordillera cant\u00e1brica<\/strong> actua de barrera a las nubes de las capas bajas para que pasen hacia el sur,<\/span><\/em><br \/>\n<em><span style=\"font-size: 14pt\">o si entran en la pen\u00ednsula un poco hacia el sur, evitan que llueva cuando el resto de Espa\u00f1a est\u00e1 empapada.<\/p>\n<p><\/span><\/em><\/li>\n<li><em><span style=\"font-size: 14pt\">Tambi\u00e9n contribuye el efecto de ladera, al subir el aire h\u00famedo, se enfr\u00eda en este lado de la monta\u00f1a y da origen a lluvia o niebla en las monta\u00f1as. (p.e. <a href=\"http:\/\/www.turismoenasturias.net\/ficha.asp?Id=1563195108336&amp;CasaRural=AGUAS%20BOSQUE%20TARANES-Jacuzzi\">Taranes<\/a>)\n<p><\/span><\/em><\/li>\n<li><em><span style=\"font-size: 14pt\">El abrigo orogr\u00e1fico de las cordilleras prelitorales, forman peque\u00f1os<strong> valles interiores<\/strong> con clima m\u00e1s seco y extremado,\n<p><\/span><\/em><\/li>\n<li><em><span style=\"font-size: 14pt\"><strong>La costa,<\/strong> con nieblas y finas lluviassobre todo en verano debido a las relativamente altas temperaturas del mary contenidas\u00a0 por las cordilleras prelitorales,.\n<p><\/span><\/em><\/li>\n<li><em><span style=\"font-size: 14pt\">La costa cant\u00e1brica ,debido al mar, tiene el <strong>r\u00e9gimen t\u00e9rmico m\u00e1s templado de Europa<\/strong>:<\/span><\/em><br \/>\n<em><span style=\"font-size: 14pt\">las diferencias entre las temperaturas medias del mes m\u00e1s c\u00e1lido y m\u00e1s fr\u00edo del a\u00f1o no superan los 10\u00ba C en la costa.<\/p>\n<p><\/span><\/em><\/li>\n<li><em><span style=\"font-size: 14pt\">La temperatura disminuye unos<strong> 0.5\u00ba C por cada 100 m<\/strong> de elevaci\u00f3n\n<p><\/span><\/em><\/li>\n<li><em><span style=\"font-size: 14pt\">En invierno es frecuente la inversi\u00f3n t\u00e9rmica, m\u00e1s calor en la monta\u00f1a que en el valle (p.e.<a href=\"http:\/\/www.turismoenasturias.net\/ficha.asp?Id=159917868336&amp;CasaRural=AGUAS%20DEL%20BEYO-Jacuzzi\">San Ignacio<\/a>).Se forman as\u00ed en el fondo de los valles verdaderos lagos de aire fr\u00edo Esto suele ocurrir p.e. en <a href=\"http:\/\/www.turismoenasturias.net\/ficha.asp?Id=159915828336&amp;CasaRural=AGUAS%20DEL%20SELLA%20jacuzzi\">( Precendi<\/a>)\n<p><\/span><\/em><\/li>\n<li><em><span style=\"font-size: 14pt\">La orientaci\u00f3n al sol, con fuertes contrastes entre las laderas en funci\u00f3n de su orientaci\u00f3n, pendiente y de la sombra- p.e. en (<a href=\"http:\/\/www.turismoenasturias.net\/ficha.asp?Id=1563203268336&amp;CasaRural=Ambingue-%20azul\">Ambingue<\/a>)\n<p><\/span><\/em><\/li>\n<li><em><span style=\"font-size: 14pt\">Las brisas litorales<\/span><\/em><\/li>\n<\/ol>\n<p><em><span style=\"font-size: 14pt\"><a href=\"http:\/\/www6.uniovi.es\/~feli\/Clima\/FrameSet1.html\">El clima en Asturias<\/a><\/span><\/em><\/p>\n<\/div>\n<h2><em><span style=\"font-size: 14pt\"><strong>Elige el tiempo en Asturias:<br \/>\n<\/strong><\/span><\/em><\/h2>\n<p><em><span style=\"font-size: 14pt\">Con frecuencia en Asturias hay <strong>diferente tiempo en el mar o en la monta\u00f1a<\/strong>. Sobre todo en verano es m\u00e1s marcada la diferencia:<\/span><\/em><\/p>\n<p><em><span style=\"font-size: 14pt\"><strong>En primavera<\/strong>:<\/span><\/em><\/p>\n<ul>\n<li><em><span style=\"font-size: 14pt\">con neblinas en el valle, que levantan a lo largo de la ma\u00f1ana, dejando un tiempo explendido en la monta\u00f1a.<\/span><\/em><\/li>\n<\/ul>\n<p><em><span style=\"font-size: 14pt\"><strong>En verano,<\/strong><\/span><\/em><\/p>\n<ul>\n<li><em><span style=\"font-size: 14pt\">con las nubes estancandas contra las monta\u00f1as litorales, dejando los valles interiores limpios.<\/span><\/em><\/li>\n<li><em><span style=\"font-size: 14pt\">con un buen d\u00eda por la ma\u00f1ana, que va cubriendo con la humedad del mar a medida que avanza el d\u00eda. La nubosidad avanza hacia el interior.<\/span><\/em><\/li>\n<li><em><span style=\"font-size: 14pt\">Con una chaqueta puedes pasar todo el verano sin miedo a tener frio.Y para dormir, generalmente con manta, a pierna suelta.<\/span><\/em><\/li>\n<li><em><span style=\"font-size: 14pt\">\u201cQue Mayo, Junio y gran parte de Julio es pleno verano en Asturias lo sabe hasta el m\u00e1s pintado, y que Agosto trae 3 d\u00edas de mucho sol y calor, alternados con uno de nieblas y lluvia fina, es matem\u00e1tica pura\u201d.<\/span><\/em><\/li>\n<\/ul>\n<div><em><span style=\"font-size: 14pt\"><strong>En Oto\u00f1o, <\/strong><\/span><\/em><\/div>\n<div>\n<ul>\n<li><em><span style=\"font-size: 14pt\">el tiempo en Asturias suele ser m\u00e1s estable, incluso que el verano, con largos d\u00edas de sol, sin el avance de la nubosidad a la tarde.<\/span><\/em><\/li>\n<\/ul>\n<\/div>\n<p><em><span style=\"font-size: 14pt\">Una forma de saber el tiempo es acercarse a una webcam para verlo en directo y decidir entonces si mar o monta\u00f1a.<\/span><\/em><br \/>\n<em><span style=\"font-size: 14pt\">Por eso podemos ofrecer nuestras costas de Asturias y nuestras monta\u00f1as como alternativa segura.<\/span><\/em><\/p>\n<h2><em><span style=\"font-size: 14pt\">La paradoja Asturiana.<\/span><\/em><\/h2>\n<address><em><span style=\"font-size: 14pt\">Cuando llueve en toda Espa\u00f1a, en Asturias tenemos buen tiempo.<\/span><\/em><\/address>\n<ol>\n<li><em><span style=\"font-size: 14pt\">Si el agua entra por Pontevedra es probable que no llueva en Asturias y si en la meseta<\/span><\/em><\/li>\n<li><em><span style=\"font-size: 14pt\">Si el agua entra por Santiago de Compostela o\u00a0 m\u00e1s al norte, es probable que llueva, y estar\u00e1 seco en la Meseta.<\/span><\/em><\/li>\n<\/ol>\n<p><a href=\"https:\/\/axtur.files.wordpress.com\/2011\/09\/por-que-no-llueve-en-asturias1.jpg?resize=510%2C417\"><img loading=\"lazy\" decoding=\"async\" class=\"alignnone \" src=\"https:\/\/axtur.files.wordpress.com\/2011\/09\/por-que-no-llueve-en-asturias1.jpg?resize=510%2C417\" width=\"636\" height=\"520\" \/><\/a><\/p>\n<figure id=\"attachment_504\" class=\"wp-caption aligncenter\" style=\"width: 556px\" aria-describedby=\"caption-attachment-504\"><figcaption id=\"caption-attachment-504\" class=\"wp-caption-text\"><em><span style=\"font-size: 14pt\">La Paradoja asturiana<\/span><\/em><\/figcaption><\/figure>\n<h2><span style=\"font-size: 18pt;color: #008080\"><em>Zonas clim\u00e1ticas en Asturias<\/em><\/span><\/h2>\n<p><em><span style=\"font-size: 14pt\"><strong>La Costa:\u00a0<\/strong> m\u00e1s nubosidad y precipitaciones siempre por encima de los 1000 mm anuales a:<\/span><\/em><\/p>\n<ul>\n<li><em><span style=\"font-size: 14pt\">en general el Este es m\u00e1s nublado y m\u00e1s lluvioso .<\/span><\/em><\/li>\n<li><em><span style=\"font-size: 14pt\">el \u00e1rea del cabo Pe\u00f1as es donde se registran los m\u00ednimos pluviom\u00e9tricos de todo la costa asturiana.<\/span><\/em><br \/>\n<em><span style=\"font-size: 14pt\"><strong>Gij\u00f3n y Avil\u00e9s<\/strong> pertenecer\u00edan a esta \u00e1rea.<\/span><\/em><\/li>\n<\/ul>\n<p><em><span style=\"font-size: 14pt\"><strong>Prelitoral<\/strong> como por ejemplo el municipio de <strong>Oviedo<\/strong>, esta franja clim\u00e1tica ser\u00eda una transici\u00f3n entre el interior monta\u00f1oso y el litoral,<\/span><\/em><\/p>\n<ul>\n<li><em><span style=\"font-size: 14pt\">como regla general, las precipitaciones son tambi\u00e9n abundantes aunque ligeramente inferiores al clima de costa,<\/span><\/em><\/li>\n<li><em><span style=\"font-size: 14pt\">los d\u00edas despejados son m\u00e1s numerosos.<\/span><\/em><\/li>\n<\/ul>\n<p><em><span style=\"font-size: 14pt\"><strong>Suroccidental<\/strong> muy marcado por la continentalidad,<\/span><\/em><\/p>\n<ul>\n<li><em><span style=\"font-size: 14pt\">con ello las precipitaciones son sensiblemente inferiores al resto de Asturias descendiendo por debajo de los 1000 mm anuales, <\/span><\/em><em><span style=\"font-size: 14pt\">la humedad menor, <\/span><\/em><em><span style=\"font-size: 14pt\">mayor cantidad de d\u00edas despejados, mayor frecuencia de heladas y <\/span><\/em><em><span style=\"font-size: 14pt\">con mayor amplitud t\u00e9rmica.<\/span><\/em><br \/>\n<em><span style=\"font-size: 14pt\">Este clima estar\u00eda representando por los concejos de <strong>Cangas del Narcea e Ibias<\/strong> .<\/span><\/em><\/li>\n<li><em><span style=\"font-size: 14pt\"><strong>Alta Monta\u00f1a<\/strong> localizado de Oeste a Este, <\/span><\/em><em><span style=\"font-size: 14pt\">una mayor extremidad en sus caracter\u00edsticas en la franja oriental, sus rasgos son los propios de la alta mon<\/span><\/em>ta\u00f1a.<\/li>\n<\/ul>\n<\/div>\n","protected":false},"excerpt":{"rendered":"<p>La Predicci\u00f3n del Tiempo en Asturias Asturias tiene en verano , una media de 20\u00ba-22\u00ba C, un clima templado, agradable, y sin grandes variaciones, a lo largo de todo el a\u00f1o . La Paradoja Asturiana. Tenemos buen tiempo!! Las cadenas de televisi\u00f3n se equivocan con frecuencia. Se insiste una y otra vez en el mal [&hellip;]<\/p>\n","protected":false},"author":117,"featured_media":0,"parent":89,"menu_order":0,"comment_status":"closed","ping_status":"closed","template":"","meta":{"footnotes":""},"class_list":["post-231","page","type-page","status-publish","hentry","post-preview"],"_links":{"self":[{"href":"https:\/\/edublog.educastur.es\/asturies\/wp-json\/wp\/v2\/pages\/231","targetHints":{"allow":["GET"]}}],"collection":[{"href":"https:\/\/edublog.educastur.es\/asturies\/wp-json\/wp\/v2\/pages"}],"about":[{"href":"https:\/\/edublog.educastur.es\/asturies\/wp-json\/wp\/v2\/types\/page"}],"author":[{"embeddable":true,"href":"https:\/\/edublog.educastur.es\/asturies\/wp-json\/wp\/v2\/users\/117"}],"replies":[{"embeddable":true,"href":"https:\/\/edublog.educastur.es\/asturies\/wp-json\/wp\/v2\/comments?post=231"}],"version-history":[{"count":2,"href":"https:\/\/edublog.educastur.es\/asturies\/wp-json\/wp\/v2\/pages\/231\/revisions"}],"predecessor-version":[{"id":233,"href":"https:\/\/edublog.educastur.es\/asturies\/wp-json\/wp\/v2\/pages\/231\/revisions\/233"}],"up":[{"embeddable":true,"href":"https:\/\/edublog.educastur.es\/asturies\/wp-json\/wp\/v2\/pages\/89"}],"wp:attachment":[{"href":"https:\/\/edublog.educastur.es\/asturies\/wp-json\/wp\/v2\/media?parent=231"}],"curies":[{"name":"wp","href":"https:\/\/api.w.org\/{rel}","templated":true}]}}