{"id":377,"date":"2021-02-20T22:46:17","date_gmt":"2021-02-20T22:46:17","guid":{"rendered":"https:\/\/edublog.educastur.es\/asturies\/?page_id=377"},"modified":"2021-02-20T22:53:12","modified_gmt":"2021-02-20T22:53:12","slug":"banderas-azules","status":"publish","type":"page","link":"https:\/\/edublog.educastur.es\/asturies\/costa\/playas\/banderas-azules\/","title":{"rendered":"Banderas azules"},"content":{"rendered":"<div><img loading=\"lazy\" decoding=\"async\" class=\"alignnone size-full\" src=\"https:\/\/encrypted-tbn0.gstatic.com\/images?q=tbn:ANd9GcR4ivWLw080RaFhtmplyXzzI4eXEAilHdHvow&amp;usqp=CAU\" width=\"252\" height=\"181\" \/><\/div>\n<ul>\n<li><a href=\"http:\/\/www.banderaazul.org\/\">Banderas azules WEB<\/a> \/ <a href=\"http:\/\/www.banderaazul.org\/playas-2020\">Playas 2020<\/a> \/<\/li>\n<li><a href=\"http:\/\/www.banderaazul.org\/sites\/default\/files\/pictures\/leyenda4.png\"><img loading=\"lazy\" decoding=\"async\" class=\"alignnone\" src=\"http:\/\/www.banderaazul.org\/sites\/default\/files\/pictures\/leyenda4.png\" alt=\"\" width=\"178\" height=\"49\" \/><\/a><\/li>\n<li><a href=\"https:\/\/www.viajablog.com\/playas-asturias-bandera-azul\/\">Listado y enlace a Playa<\/a><\/li>\n<li><\/li>\n<\/ul>\n<p><img loading=\"lazy\" decoding=\"async\" class=\"alignnone size-full\" src=\"https:\/\/imgbox.es\/images\/2021\/02\/20\/banderas_azulescbc19245ab48098a.jpg\" width=\"1553\" height=\"516\" \/><\/p>\n<p>La <strong>playa castrillonense de Arnao<\/strong> es la \u00fanica que se suma a la lista de arenales asturianos que este a\u00f1o lucir\u00e1n la <strong>bandera azul<\/strong>. Las 12 que ya la ten\u00edan renuevan dicha distinci\u00f3n, por lo que este verano ondear\u00e1 el trapo azul adem\u00e1s de en el citado en los arenales de P<strong>e\u00f1arronda (Tapia), Arnao (Castropol), Frejulfe (Navia), Otur y Cadavedo (Vald\u00e9s), San Pedro Bocamar y La Concha de Artedo (Cudillero), Aguilar (Muros de Nal\u00f3n), Santa Mar\u00eda del Mar y Salinas (Castrill\u00f3n) y La \u00d1ora y Rodiles (Villaviciosa)<\/strong>.<\/p>\n<p><a href=\"https:\/\/static.elcomercio.es\/www\/multimedia\/202006\/10\/media\/cortadas\/Banderas%20azules-U70822446869lrD-U110460957805axH-1244x385@El%20Comercio-ElComercio.jpg\"><img loading=\"lazy\" decoding=\"async\" class=\"alignnone\" src=\"https:\/\/static.elcomercio.es\/www\/multimedia\/202006\/10\/media\/cortadas\/Banderas%20azules-U70822446869lrD-U110460957805axH-1244x385@El%20Comercio-ElComercio.jpg\" alt=\"\" width=\"1244\" height=\"385\" \/><\/a><\/p>\n<article class=\"article\">\n<div id=\"content_box\">\n<div id=\"post-48058\" class=\"g post post-48058 type-post status-publish format-video has-post-thumbnail hentry category-espana tag-asturias tag-turismo-de-playa tag-turismo-rural tag-viajes-familia tag-viajes-en-pareja post_format-post-format-video has_thumb\">\n<div class=\"post-single-content box mark-links entry-content\">\n<p>La <strong>\u201cBandera Azul\u201d<\/strong> es un distintivo de calidad otorgado por la <a href=\"http:\/\/www.banderaazul.org\/\" target=\"_blank\" rel=\"nofollow noopener noreferrer\">Fundaci\u00f3n Europea de Educaci\u00f3n Ambiental<\/a> a playas (y puertos) que cumplen determinados criterios en servicios e infraestructuras:<\/p>\n<ul>\n<li>Informaci\u00f3n y Educaci\u00f3n Ambiental<\/li>\n<li>Calidad del Agua<\/li>\n<li>Gesti\u00f3n Ambiental<\/li>\n<li>Seguridad y Servicios<\/li>\n<\/ul>\n<p>Hoy vamos a inspiraros a <a href=\"https:\/\/www.viajablog.com\/ruta-en-coche-asturias\/\" target=\"_blank\" rel=\"noopener noreferrer\">viajar a Asturias<\/a> a trav\u00e9s de <strong>im\u00e1genes y v\u00eddeos de las playas con bandera azul en Asturias<\/strong>, adem\u00e1s de ofreceros algunos <a href=\"https:\/\/www.viajablog.com\/donde-comer-asturias-guia-restaurantes\/\" target=\"_blank\" rel=\"noopener noreferrer\">consejos de d\u00f3nde comer en Asturias<\/a> o disfrutar de un alojamiento con encanto en sus inmediaciones y un mapa para que pod\u00e1is planificar vuestra visita.<\/p>\n<p>Y nada de <a href=\"https:\/\/www.viajablog.com\/viajando-por-el-mundo-de-la-mala-suerte-curiosas-supersticiones-en-otros-paises\/\" target=\"_blank\" rel=\"noopener noreferrer\">supersticiones<\/a> porque si en el a\u00f1o 2019 fueron doce, este a\u00f1o 2020 <strong>Asturias cuenta con 13 playas con bandera azul<\/strong> al incorporarse la Playa de Arnao (Castrill\u00f3n).<\/p>\n<p class=\"toc_title\">Tanto si no te importa decir \u201c13\u201d como si prefieres decir \u201c12 m\u00e1s 1\u201d, aqu\u00ed tienes <strong>todas las playas de Asturias con Bandera Azul en 2020<\/strong>, desde el Occidente al Oriente, peque\u00f1as y rec\u00f3nditas o amplias y extensas, de fina arena o alternando con peque\u00f1as piedras alisadas por el Cant\u00e1brico.<\/p>\n<p class=\"toc_title\">\u00cdndice de contenidos <span class=\"toc_toggle\">[<a href=\"https:\/\/www.viajablog.com\/playas-asturias-bandera-azul\/#\">ocultar<\/a>]<\/span><\/p>\n<div id=\"toc_container\" class=\"no_bullets\">\n<ul class=\"toc_list\">\n<li><a href=\"https:\/\/www.viajablog.com\/playas-asturias-bandera-azul\/#1Playa_de_Arnao_Castropol\">1Playa de Arnao (Castropol)<\/a><\/li>\n<li><a href=\"https:\/\/www.viajablog.com\/playas-asturias-bandera-azul\/#2Playa_de_Penarronda_Castropol-Tapia_de_Casariego\">2Playa de Pe\u00f1arronda (Castropol-Tapia de Casariego)<\/a><\/li>\n<li><a href=\"https:\/\/www.viajablog.com\/playas-asturias-bandera-azul\/#3Playa_de_Frejulfe_Navia\">3Playa de Frejulfe (Navia)<\/a><\/li>\n<li><a href=\"https:\/\/www.viajablog.com\/playas-asturias-bandera-azul\/#4Playa_de_Otur_Valdes\">4Playa de Otur (Vald\u00e9s)<\/a><\/li>\n<li><a href=\"https:\/\/www.viajablog.com\/playas-asturias-bandera-azul\/#5Playa_de_Cadavedo_Valdes\">5Playa de Cadavedo (Vald\u00e9s)<\/a><\/li>\n<li><a href=\"https:\/\/www.viajablog.com\/playas-asturias-bandera-azul\/#6Playa_de_San_Pedro_de_la_Ribera_Cudillero\">6Playa de San Pedro de la Ribera (Cudillero)<\/a><\/li>\n<li><a href=\"https:\/\/www.viajablog.com\/playas-asturias-bandera-azul\/#7Playa_de_la_Concha_de_Artedo_Cudillero\">7Playa de la Concha de Artedo (Cudillero)<\/a><\/li>\n<li><a href=\"https:\/\/www.viajablog.com\/playas-asturias-bandera-azul\/#8Playa_del_Aguilar_Muros_de_Nalon\">8Playa del Aguilar (Muros de Nal\u00f3n)<\/a><\/li>\n<li><a href=\"https:\/\/www.viajablog.com\/playas-asturias-bandera-azul\/#9Playa_de_Santa_Maria_del_Mar_Castrillon\">9Playa de Santa Mar\u00eda del Mar (Castrill\u00f3n)<\/a><\/li>\n<li><a href=\"https:\/\/www.viajablog.com\/playas-asturias-bandera-azul\/#10Playa_de_Arnao_Castrillon\">10Playa de Arnao (Castrill\u00f3n)<\/a><\/li>\n<li><a href=\"https:\/\/www.viajablog.com\/playas-asturias-bandera-azul\/#11Playa_de_Salinas_Castrillon\">11Playa de Salinas (Castrill\u00f3n)<\/a><\/li>\n<li><a href=\"https:\/\/www.viajablog.com\/playas-asturias-bandera-azul\/#12Playa_de_La_Nora_Villaviciosa\">12Playa de La \u00d1ora (Villaviciosa)<\/a><\/li>\n<li><a href=\"https:\/\/www.viajablog.com\/playas-asturias-bandera-azul\/#13Playa_de_Rodiles_Villaviciosa\">13Playa de Rodiles (Villaviciosa)<\/a><\/li>\n<li><a href=\"https:\/\/www.viajablog.com\/playas-asturias-bandera-azul\/#MapaPlayas_con_bandera_azul_en_Asturias_en_2020\">MapaPlayas con bandera azul en Asturias en 2020<\/a><\/li>\n<\/ul>\n<\/div>\n<\/div>\n<\/div>\n<\/div>\n<\/article>\n<div>\n<hr \/>\n<\/div>\n","protected":false},"excerpt":{"rendered":"<p>Banderas azules WEB \/ Playas 2020 \/ Listado y enlace a Playa La playa castrillonense de Arnao es la \u00fanica que se suma a la lista de arenales asturianos que este a\u00f1o lucir\u00e1n la bandera azul. Las 12 que ya la ten\u00edan renuevan dicha distinci\u00f3n, por lo que este verano ondear\u00e1 el trapo azul adem\u00e1s [&hellip;]<\/p>\n","protected":false},"author":117,"featured_media":0,"parent":117,"menu_order":0,"comment_status":"closed","ping_status":"closed","template":"","meta":{"footnotes":""},"class_list":["post-377","page","type-page","status-publish","hentry","post-preview"],"_links":{"self":[{"href":"https:\/\/edublog.educastur.es\/asturies\/wp-json\/wp\/v2\/pages\/377","targetHints":{"allow":["GET"]}}],"collection":[{"href":"https:\/\/edublog.educastur.es\/asturies\/wp-json\/wp\/v2\/pages"}],"about":[{"href":"https:\/\/edublog.educastur.es\/asturies\/wp-json\/wp\/v2\/types\/page"}],"author":[{"embeddable":true,"href":"https:\/\/edublog.educastur.es\/asturies\/wp-json\/wp\/v2\/users\/117"}],"replies":[{"embeddable":true,"href":"https:\/\/edublog.educastur.es\/asturies\/wp-json\/wp\/v2\/comments?post=377"}],"version-history":[{"count":3,"href":"https:\/\/edublog.educastur.es\/asturies\/wp-json\/wp\/v2\/pages\/377\/revisions"}],"predecessor-version":[{"id":380,"href":"https:\/\/edublog.educastur.es\/asturies\/wp-json\/wp\/v2\/pages\/377\/revisions\/380"}],"up":[{"embeddable":true,"href":"https:\/\/edublog.educastur.es\/asturies\/wp-json\/wp\/v2\/pages\/117"}],"wp:attachment":[{"href":"https:\/\/edublog.educastur.es\/asturies\/wp-json\/wp\/v2\/media?parent=377"}],"curies":[{"name":"wp","href":"https:\/\/api.w.org\/{rel}","templated":true}]}}