{"id":91,"date":"2020-07-28T20:59:59","date_gmt":"2020-07-28T20:59:59","guid":{"rendered":"https:\/\/edublog.educastur.es\/asturies\/?page_id=91"},"modified":"2021-02-20T21:52:01","modified_gmt":"2021-02-20T21:52:01","slug":"0-localizacion","status":"publish","type":"page","link":"https:\/\/edublog.educastur.es\/asturies\/0-localizacion\/","title":{"rendered":"0. Localizaci\u00f3n"},"content":{"rendered":"<p style=\"text-align: center\"><a href=\"https:\/\/i.pinimg.com\/originals\/b7\/67\/bc\/b767bc1d064d26905c30d8baef653342.png\"><img loading=\"lazy\" decoding=\"async\" class=\"alignnone\" src=\"https:\/\/i.pinimg.com\/originals\/b7\/67\/bc\/b767bc1d064d26905c30d8baef653342.png\" alt=\"\" width=\"850\" height=\"562\" \/><\/a><\/p>\n<p style=\"text-align: center\"><a href=\"https:\/\/www.pequeocio.com\/wp-content\/uploads\/2018\/03\/mapa-asturias-politico.jpg\"><img loading=\"lazy\" decoding=\"async\" class=\"alignnone\" src=\"https:\/\/www.pequeocio.com\/wp-content\/uploads\/2018\/03\/mapa-asturias-politico.jpg\" alt=\"\" width=\"500\" height=\"707\" \/><\/a><\/p>\n<hr \/>\n<p style=\"text-align: center\"><a href=\"https:\/\/www.lonelyplanet.es\/sites\/default\/files\/destination_maps\/00_mapa_inicial_desplegable_de_asturias.jpg\"><img loading=\"lazy\" decoding=\"async\" class=\"alignnone\" src=\"https:\/\/www.lonelyplanet.es\/sites\/default\/files\/destination_maps\/00_mapa_inicial_desplegable_de_asturias.jpg\" alt=\"\" width=\"1600\" height=\"1355\" \/><\/a><\/p>\n<ul>\n<li><a href=\"https:\/\/www.lonelyplanet.es\/sites\/default\/files\/destination_maps\/00_mapa_inicial_desplegable_de_asturias.jpg\">Fonte: Lonely Planet<\/a><\/li>\n<li><strong><a href=\"https:\/\/www.lonelyplanet.es\/europa\/espana\/asturias\/mapa\">Info Lonely Planet<\/a><\/strong><\/li>\n<\/ul>\n<p><span style=\"font-size: 14pt\"><em><a href=\"https:\/\/es.wikipedia.org\/wiki\/Asturias\">Fuente: Wikipedia<\/a><br \/>\n<\/em><\/span><\/p>\n<p>&nbsp;<\/p>\n<p><span style=\"font-size: 14pt\"><em><a href=\"https:\/\/upload.wikimedia.org\/wikipedia\/commons\/thumb\/f\/f8\/Asturias_in_Spain_%28plus_Canarias%29.svg\/1024px-Asturias_in_Spain_%28plus_Canarias%29.svg.png\"><img loading=\"lazy\" decoding=\"async\" class=\"aligncenter\" src=\"https:\/\/upload.wikimedia.org\/wikipedia\/commons\/thumb\/f\/f8\/Asturias_in_Spain_%28plus_Canarias%29.svg\/1024px-Asturias_in_Spain_%28plus_Canarias%29.svg.png\" alt=\"\" width=\"707\" height=\"607\" \/><\/a><\/em><\/span><\/p>\n<p><span style=\"font-size: 14pt\"><em><br \/>\nEl <b>Principado de Asturias<\/b> es una <a title=\"Comunidad aut\u00f3noma\" href=\"https:\/\/es.wikipedia.org\/wiki\/Comunidad_aut%C3%B3noma\">comunidad aut\u00f3noma<\/a> uniprovincial de <a title=\"Espa\u00f1a\" href=\"https:\/\/es.wikipedia.org\/wiki\/Espa%C3%B1a\">Espa\u00f1a<\/a>, con una poblaci\u00f3n de 1 028 244\u00a0habitantes (<a title=\"Instituto Nacional de Estad\u00edstica (Espa\u00f1a)\" href=\"https:\/\/es.wikipedia.org\/wiki\/Instituto_Nacional_de_Estad%C3%ADstica_(Espa%C3%B1a)\">INE<\/a>, 2018).<sup id=\"cite_ref-7\" class=\"reference separada\"><a href=\"https:\/\/es.wikipedia.org\/wiki\/Asturias#cite_note-7\">6<\/a><\/sup>\u200b Ba\u00f1ada al norte por las aguas del mar <a title=\"Mar Cant\u00e1brico\" href=\"https:\/\/es.wikipedia.org\/wiki\/Mar_Cant%C3%A1brico\">Cant\u00e1brico<\/a>, limita al oeste con la <a title=\"Provincia de Lugo\" href=\"https:\/\/es.wikipedia.org\/wiki\/Provincia_de_Lugo\">provincia de Lugo<\/a> (<a title=\"Galicia\" href=\"https:\/\/es.wikipedia.org\/wiki\/Galicia\">Galicia<\/a>), al sur con la <a title=\"Provincia de Le\u00f3n\" href=\"https:\/\/es.wikipedia.org\/wiki\/Provincia_de_Le%C3%B3n\">provincia de Le\u00f3n<\/a> (<a title=\"Castilla y Le\u00f3n\" href=\"https:\/\/es.wikipedia.org\/wiki\/Castilla_y_Le%C3%B3n\">Castilla y Le\u00f3n<\/a>) y al este con <a title=\"Cantabria\" href=\"https:\/\/es.wikipedia.org\/wiki\/Cantabria\">Cantabria<\/a>. Recibe el nombre de <a title=\"Principado\" href=\"https:\/\/es.wikipedia.org\/wiki\/Principado\">Principado<\/a> por razones hist\u00f3ricas, al ostentar el heredero de la <a title=\"Corona de Castilla\" href=\"https:\/\/es.wikipedia.org\/wiki\/Corona_de_Castilla\">Corona de Castilla<\/a> y, por extensi\u00f3n, de la <a title=\"Rey de Espa\u00f1a\" href=\"https:\/\/es.wikipedia.org\/wiki\/Rey_de_Espa%C3%B1a\">Corona de Espa\u00f1a<\/a> el t\u00edtulo nobiliario de \u00ab<a title=\"Pr\u00edncipe de Asturias\" href=\"https:\/\/es.wikipedia.org\/wiki\/Pr%C3%ADncipe_de_Asturias\">pr\u00edncipe de Asturias<\/a>\u00bb, establecido por <a title=\"Juan I de Castilla\" href=\"https:\/\/es.wikipedia.org\/wiki\/Juan_I_de_Castilla\">Juan I de Castilla<\/a> en el a\u00f1o 1388. <a title=\"Oviedo\" href=\"https:\/\/es.wikipedia.org\/wiki\/Oviedo\">Oviedo<\/a> es, seg\u00fan el Estatuto de Autonom\u00eda, sede de las instituciones del <a class=\"mw-redirect\" title=\"Principado de Asturias\" href=\"https:\/\/es.wikipedia.org\/wiki\/Principado_de_Asturias\">Principado de Asturias<\/a>; la ciudad m\u00e1s poblada de la regi\u00f3n es <a title=\"Gij\u00f3n\" href=\"https:\/\/es.wikipedia.org\/wiki\/Gij%C3%B3n\">Gij\u00f3n<\/a>.<\/em><\/span><\/p>\n<p><span style=\"font-size: 14pt\"><em>El actual espacio territorial asturiano coincide b\u00e1sicamente con el antiguo territorio de las <a title=\"Asturias de Oviedo\" href=\"https:\/\/es.wikipedia.org\/wiki\/Asturias_de_Oviedo\">Asturias de Oviedo<\/a>, contiguas a las <a title=\"Asturias de Santillana\" href=\"https:\/\/es.wikipedia.org\/wiki\/Asturias_de_Santillana\">Asturias de Santillana<\/a>. Con la divisi\u00f3n territorial de <a title=\"Javier de Burgos\" href=\"https:\/\/es.wikipedia.org\/wiki\/Javier_de_Burgos\">Javier de Burgos<\/a> en 1833, la regi\u00f3n de las Asturias de Oviedo se convirti\u00f3 en la <a title=\"Provincia de Oviedo\" href=\"https:\/\/es.wikipedia.org\/wiki\/Provincia_de_Oviedo\">provincia de Oviedo<\/a>, recibiendo una porci\u00f3n del territorio de las Asturias de Santillana \u2014los concejos de <a title=\"Pe\u00f1amellera Alta\" href=\"https:\/\/es.wikipedia.org\/wiki\/Pe%C3%B1amellera_Alta\">Pe\u00f1amellera Alta<\/a>, <a title=\"Pe\u00f1amellera Baja\" href=\"https:\/\/es.wikipedia.org\/wiki\/Pe%C3%B1amellera_Baja\">Pe\u00f1amellera Baja<\/a> y <a title=\"Ribadedeva\" href=\"https:\/\/es.wikipedia.org\/wiki\/Ribadedeva\">Ribadedeva<\/a>\u2014, mientras el resto de las mismas se integr\u00f3 en la <a title=\"Provincia de Santander (Espa\u00f1a)\" href=\"https:\/\/es.wikipedia.org\/wiki\/Provincia_de_Santander_(Espa%C3%B1a)\">provincia de Santander<\/a>, posterior comunidad aut\u00f3noma de <a title=\"Cantabria\" href=\"https:\/\/es.wikipedia.org\/wiki\/Cantabria\">Cantabria<\/a>.<\/em><\/span><\/p>\n<p><span style=\"font-size: 14pt\"><em>El Principado de Asturias seg\u00fan su <a title=\"Estatuto de Autonom\u00eda del Principado de Asturias\" href=\"https:\/\/es.wikipedia.org\/wiki\/Estatuto_de_Autonom%C3%ADa_del_Principado_de_Asturias\">Estatuto de Autonom\u00eda<\/a> est\u00e1 considerado como una <a class=\"mw-redirect\" title=\"Comunidad hist\u00f3rica\" href=\"https:\/\/es.wikipedia.org\/wiki\/Comunidad_hist%C3%B3rica\">comunidad hist\u00f3rica<\/a> en su art\u00edculo 1.<br \/>\n<\/em><\/span><\/p>\n<p><a href=\"https:\/\/upload.wikimedia.org\/wikipedia\/commons\/9\/9f\/Satellite_image_of_Asturies_in_January_2003.jpg\"><img loading=\"lazy\" decoding=\"async\" class=\"alignnone \" src=\"https:\/\/upload.wikimedia.org\/wikipedia\/commons\/9\/9f\/Satellite_image_of_Asturies_in_January_2003.jpg\" alt=\"Desde el espacio (Enero 2003)\" width=\"1073\" height=\"575\" \/><\/a><\/p>\n<div class=\"thumb tright\">\n<div class=\"thumbinner\">\n<div class=\"thumbcaption\" style=\"text-align: center\"><em><span style=\"font-size: 14pt\">Asturias desde el espacio en enero de 2003<\/span><\/em><\/div>\n<div>\n<h3><em><span id=\"Ubicaci\u00f3n\" class=\"mw-headline\" style=\"font-size: 14pt\">Ubicaci\u00f3n<\/span><\/em><\/h3>\n<\/div>\n<\/div>\n<\/div>\n<p><em><span style=\"font-size: 14pt\">Asturias se encuentra situada en la costa septentrional de Espa\u00f1a. Limita al oeste con la <a title=\"Provincia de Lugo\" href=\"https:\/\/es.wikipedia.org\/wiki\/Provincia_de_Lugo\">provincia de Lugo<\/a> (<a title=\"Galicia\" href=\"https:\/\/es.wikipedia.org\/wiki\/Galicia\">Galicia<\/a>), al este con <a title=\"Cantabria\" href=\"https:\/\/es.wikipedia.org\/wiki\/Cantabria\">Cantabria<\/a>, al sur con la <a title=\"Provincia de Le\u00f3n\" href=\"https:\/\/es.wikipedia.org\/wiki\/Provincia_de_Le%C3%B3n\">provincia de Le\u00f3n<\/a> y al norte con el <a title=\"Mar Cant\u00e1brico\" href=\"https:\/\/es.wikipedia.org\/wiki\/Mar_Cant%C3%A1brico\">mar Cant\u00e1brico<\/a>.<\/span><\/em><\/p>\n<p><em><span style=\"font-size: 14pt\">Su territorio es de 10\u00a0603,57\u00a0km\u00b2 y cuenta con una poblaci\u00f3n que supera ligeramente el mill\u00f3n de habitantes. Es la comunidad aut\u00f3noma espa\u00f1ola m\u00e1s monta\u00f1osa<sup id=\"cite_ref-9\" class=\"reference separada\"><a href=\"https:\/\/es.wikipedia.org\/wiki\/Asturias#cite_note-9\">8<\/a><\/sup>\u200b y una de las regiones m\u00e1s monta\u00f1osas de Europa, con el 35\u00a0% del terreno con desniveles superiores al 50\u00a0% y el 65\u00a0% con desniveles mayores del 30\u00a0%.<sup id=\"cite_ref-10\" class=\"reference separada\"><a href=\"https:\/\/es.wikipedia.org\/wiki\/Asturias#cite_note-10\">9<\/a><\/sup>\u200b Se encuentra en la denominada <a class=\"mw-redirect\" title=\"Espa\u00f1a Verde\" href=\"https:\/\/es.wikipedia.org\/wiki\/Espa%C3%B1a_Verde\">Espa\u00f1a Verde<\/a>.<\/span><\/em><\/p>\n<p><em><span style=\"font-size: 14pt\">Los extremos geogr\u00e1ficos de Asturias son los siguientes:<\/span><\/em><\/p>\n<table class=\"wikitable\" style=\"width: 73.2865%;height: 224px\">\n<tbody>\n<tr>\n<th><em><span style=\"font-size: 14pt\">Extremo<\/span><\/em><\/th>\n<th><em><span style=\"font-size: 14pt\">Grados<\/span><\/em><\/th>\n<th><em><span style=\"font-size: 14pt\">Situaci\u00f3n<\/span><\/em><\/th>\n<\/tr>\n<tr>\n<td><em><span style=\"font-size: 14pt\">Norte<\/span><\/em><\/td>\n<td><em><span style=\"font-size: 14pt\">43.6665677687<\/span><\/em><\/td>\n<td><em><span style=\"font-size: 14pt\">Islote el Bravo (Cabo Pe\u00f1as, Goz\u00f3n)<\/span><\/em><\/td>\n<\/tr>\n<tr>\n<td><em><span style=\"font-size: 14pt\">Sur<\/span><\/em><\/td>\n<td><em><span style=\"font-size: 14pt\">42.8820649986<\/span><\/em><\/td>\n<td><em><span style=\"font-size: 14pt\">Bra\u00f1a dos Chagozos (Ibias)<\/span><\/em><\/td>\n<\/tr>\n<tr>\n<td><em><span style=\"font-size: 14pt\">Este<\/span><\/em><\/td>\n<td><em><span style=\"font-size: 14pt\">-4.510107824<\/span><\/em><\/td>\n<td><em><span style=\"font-size: 14pt\">R\u00eda de Tina Mayor (Ribadedeva)<\/span><\/em><\/td>\n<\/tr>\n<tr>\n<td><em><span style=\"font-size: 14pt\">Oeste<\/span><\/em><\/td>\n<td><em><span style=\"font-size: 14pt\">-7.18321879<\/span><\/em><\/td>\n<td><em><span style=\"font-size: 14pt\">R\u00edo Eo (S. Tirso de Abres)<\/span><\/em><\/td>\n<\/tr>\n<\/tbody>\n<\/table>\n<p><a href=\"https:\/\/upload.wikimedia.org\/wikipedia\/commons\/3\/3f\/Localizaci%C3%B3n_Asturias.png\"><img loading=\"lazy\" decoding=\"async\" class=\"aligncenter\" src=\"https:\/\/upload.wikimedia.org\/wikipedia\/commons\/3\/3f\/Localizaci%C3%B3n_Asturias.png\" width=\"561\" height=\"473\" \/><\/a><\/p>\n<p><img loading=\"lazy\" decoding=\"async\" class=\"\" src=\"http:\/\/www.silviamar.com\/Images\/Pruebas\/mapa.gif\" width=\"429\" height=\"481\" \/> \u00a0 <img loading=\"lazy\" decoding=\"async\" class=\"\" src=\"https:\/\/www.w3c.es\/img\/localizacion.png\" width=\"771\" height=\"259\" \/><\/p>\n","protected":false},"excerpt":{"rendered":"<p>Fonte: Lonely Planet Info Lonely Planet Fuente: Wikipedia &nbsp; El Principado de Asturias es una comunidad aut\u00f3noma uniprovincial de Espa\u00f1a, con una poblaci\u00f3n de 1 028 244\u00a0habitantes (INE, 2018).6\u200b Ba\u00f1ada al norte por las aguas del mar Cant\u00e1brico, limita al oeste con la provincia de Lugo (Galicia), al sur con la provincia de Le\u00f3n (Castilla [&hellip;]<\/p>\n","protected":false},"author":117,"featured_media":0,"parent":0,"menu_order":0,"comment_status":"closed","ping_status":"closed","template":"","meta":{"footnotes":""},"class_list":["post-91","page","type-page","status-publish","hentry","post-preview"],"_links":{"self":[{"href":"https:\/\/edublog.educastur.es\/asturies\/wp-json\/wp\/v2\/pages\/91","targetHints":{"allow":["GET"]}}],"collection":[{"href":"https:\/\/edublog.educastur.es\/asturies\/wp-json\/wp\/v2\/pages"}],"about":[{"href":"https:\/\/edublog.educastur.es\/asturies\/wp-json\/wp\/v2\/types\/page"}],"author":[{"embeddable":true,"href":"https:\/\/edublog.educastur.es\/asturies\/wp-json\/wp\/v2\/users\/117"}],"replies":[{"embeddable":true,"href":"https:\/\/edublog.educastur.es\/asturies\/wp-json\/wp\/v2\/comments?post=91"}],"version-history":[{"count":9,"href":"https:\/\/edublog.educastur.es\/asturies\/wp-json\/wp\/v2\/pages\/91\/revisions"}],"predecessor-version":[{"id":366,"href":"https:\/\/edublog.educastur.es\/asturies\/wp-json\/wp\/v2\/pages\/91\/revisions\/366"}],"wp:attachment":[{"href":"https:\/\/edublog.educastur.es\/asturies\/wp-json\/wp\/v2\/media?parent=91"}],"curies":[{"name":"wp","href":"https:\/\/api.w.org\/{rel}","templated":true}]}}