{"id":20,"date":"2021-01-05T20:35:14","date_gmt":"2021-01-05T20:35:14","guid":{"rendered":"https:\/\/edublog.educastur.es\/auladelfuturoasturias\/?page_id=20"},"modified":"2024-01-29T05:26:13","modified_gmt":"2024-01-29T05:26:13","slug":"centros","status":"publish","type":"page","link":"https:\/\/edublog.educastur.es\/auladelfuturoasturias\/centros\/","title":{"rendered":"Centros con aulas din\u00e1micas"},"content":{"rendered":"<p>Los siguientes centros educativos asturianos cuentan con un aula del futuro-aula din\u00e1mica y han sido reconocidos con el sello Aula del Futuro:<\/p>\n<ul>\n<li><a href=\"https:\/\/auladelfuturo.intef.es\/experiencias\/aulas-dinamicas-fcl-en-educacion-infantil\/\" target=\"_blank\" rel=\"noopener\">San Pedro de los Arcos<\/a> (Oviedo)<\/li>\n<li><a href=\"http:\/\/www.cpllaranes.es\/index.php\/cp-llaranes-centro-embajador-de-aulas-dinamicas\/\" target=\"_blank\" rel=\"noopener\">CP Llaranes<\/a> (Avil\u00e9s)<\/li>\n<li><a href=\"https:\/\/auladelfuturo.intef.es\/experiencias\/aula-del-futuro-del-ies-universidad-laboral\/\" target=\"_blank\" rel=\"noopener\">IES La Laboral<\/a> (Gij\u00f3n)<\/li>\n<li><a href=\"https:\/\/alojaweb.educastur.es\/web\/cravillayon\" target=\"_blank\" rel=\"noopener\">CRA Villay\u00f3n<\/a> (Villay\u00f3n)<\/li>\n<li><a href=\"https:\/\/twitter.com\/cprioturbio?lang=es\" target=\"_blank\" rel=\"noopener\">CP Rioturbio<\/a> (Mieres)<\/li>\n<li><a href=\"http:\/\/www.cprgijon.es\/\" target=\"_blank\" rel=\"noopener\">CPR Gij\u00f3n-Oriente<\/a> (Gij\u00f3n)<\/li>\n<li><a href=\"https:\/\/auladelfuturo.intef.es\/experiencias\/el-aula-flexible-del-eei-jose-zorrilla\/\" target=\"_blank\" rel=\"noopener\">EEI Jos\u00e9 Zorrilla<\/a> (Gij\u00f3n)<\/li>\n<li><a href=\"https:\/\/auladelfuturo.intef.es\/experiencias\/eei-las-mestas-aprendiendo-el-lenguaje-del-futuro\/\" target=\"_blank\" rel=\"noopener\">EEI Las Mestas<\/a> (Gij\u00f3n)<\/li>\n<li><a href=\"https:\/\/auladelfuturo.intef.es\/experiencias\/el-proceso-de-transformacion-del-ceip-rio-piles\/\" target=\"_blank\" rel=\"noopener\">CP R\u00edo Piles<\/a> (Gij\u00f3n)<\/li>\n<li><a href=\"https:\/\/auladelfuturo.intef.es\/experiencias\/el-aula-dinamica-del-ies-valle-de-aller\/\" target=\"_blank\" rel=\"noopener\">IES Valle de Aller<\/a> (Moreda).<\/li>\n<\/ul>\n\n<!-- iframe plugin v.6.0 wordpress.org\/plugins\/iframe\/ -->\n<iframe loading=\"lazy\" width=\"100%\" height=\"500px\" src=\"https:\/\/www.google.com\/maps\/d\/embed?mid=11C0KB8Kwc2OIbHBntkHYQyRNBUqRsSh9\" scrolling=\"yes\" class=\"iframe-class\" frameborder=\"0\"><\/iframe>\n\n<p>&nbsp;<\/p>\n<p>&nbsp;<\/p>\n","protected":false},"excerpt":{"rendered":"<p>Los siguientes centros educativos asturianos cuentan con un aula del futuro-aula din\u00e1mica y han sido reconocidos con el sello Aula del Futuro: San Pedro de los Arcos (Oviedo) CP Llaranes (Avil\u00e9s) IES La Laboral (Gij\u00f3n) CRA Villay\u00f3n (Villay\u00f3n) CP Rioturbio (Mieres) CPR Gij\u00f3n-Oriente (Gij\u00f3n) EEI Jos\u00e9 Zorrilla (Gij\u00f3n) EEI Las Mestas (Gij\u00f3n) CP R\u00edo Piles [&hellip;]<\/p>\n","protected":false},"author":102,"featured_media":0,"parent":0,"menu_order":0,"comment_status":"closed","ping_status":"closed","template":"","meta":{"footnotes":""},"class_list":["post-20","page","type-page","status-publish","hentry","post-preview"],"_links":{"self":[{"href":"https:\/\/edublog.educastur.es\/auladelfuturoasturias\/wp-json\/wp\/v2\/pages\/20","targetHints":{"allow":["GET"]}}],"collection":[{"href":"https:\/\/edublog.educastur.es\/auladelfuturoasturias\/wp-json\/wp\/v2\/pages"}],"about":[{"href":"https:\/\/edublog.educastur.es\/auladelfuturoasturias\/wp-json\/wp\/v2\/types\/page"}],"author":[{"embeddable":true,"href":"https:\/\/edublog.educastur.es\/auladelfuturoasturias\/wp-json\/wp\/v2\/users\/102"}],"replies":[{"embeddable":true,"href":"https:\/\/edublog.educastur.es\/auladelfuturoasturias\/wp-json\/wp\/v2\/comments?post=20"}],"version-history":[{"count":17,"href":"https:\/\/edublog.educastur.es\/auladelfuturoasturias\/wp-json\/wp\/v2\/pages\/20\/revisions"}],"predecessor-version":[{"id":162,"href":"https:\/\/edublog.educastur.es\/auladelfuturoasturias\/wp-json\/wp\/v2\/pages\/20\/revisions\/162"}],"wp:attachment":[{"href":"https:\/\/edublog.educastur.es\/auladelfuturoasturias\/wp-json\/wp\/v2\/media?parent=20"}],"curies":[{"name":"wp","href":"https:\/\/api.w.org\/{rel}","templated":true}]}}