{"id":1809,"date":"2025-04-29T15:29:21","date_gmt":"2025-04-29T15:29:21","guid":{"rendered":"https:\/\/edublog.educastur.es\/aulasverdes\/?page_id=1809"},"modified":"2025-05-05T11:12:53","modified_gmt":"2025-05-05T11:12:53","slug":"acciones-para-reducir","status":"publish","type":"page","link":"https:\/\/edublog.educastur.es\/aulasverdes\/pagina-ejemplo\/la-escuela-de-las-3r\/acciones-para-reducir\/","title":{"rendered":"REDUCIR"},"content":{"rendered":"<p><span style=\"font-family: arial, helvetica, sans-serif\">En esta p\u00e1gina os mostraremos nuestras acciones realizadas para promover la reducci\u00f3n de residuos en el centro educativo. <\/span><\/p>\n<p><span style=\"font-family: arial, helvetica, sans-serif\">Entendemos por reducci\u00f3n aquellas medidas y acciones adoptadas para evitar que un recurso se convierta en residuo. En este apartado hemos introducido nuestros huertos ecol\u00f3gicos ya que consideramos que al consumir en km 0 reducimos los pl\u00e1sticos asociados a las compras en los grandes supermercados, as\u00ed como fomentamos el consumo de producci\u00f3n ecol\u00f3gica y una alimentaci\u00f3n saludable.\u00a0<\/span><\/p>\n<p><span style=\"color: #339966\"><strong><span style=\"font-family: arial, helvetica, sans-serif\">INDICE:\u00a0<\/span><\/strong><\/span><\/p>\n<ol>\n<li><span style=\"color: #339966\"><strong><span style=\"font-family: arial, helvetica, sans-serif\">INTRODUCCI\u00d3N<\/span><\/strong><\/span><\/li>\n<li><span style=\"color: #339966\"><strong><span style=\"font-family: arial, helvetica, sans-serif\">HUERTOS ECOL\u00d3GICOS<\/span><\/strong><\/span><\/li>\n<li><span style=\"color: #339966\"><strong><span style=\"font-family: arial, helvetica, sans-serif\">DISFRACES CARNAVAL = DECORACI\u00d3N<\/span><\/strong><\/span><\/li>\n<li><span style=\"color: #339966\"><strong><span style=\"font-family: arial, helvetica, sans-serif\">ECODISE\u00d1O CON MATERIALES SOSTENIBLES<\/span><\/strong><\/span><\/li>\n<li><span style=\"color: #339966\"><strong><span style=\"font-family: arial, helvetica, sans-serif\">CAMPA\u00d1AS COGERSA<\/span><\/strong><\/span><\/li>\n<li><span style=\"color: #339966\"><strong><span style=\"font-family: arial, helvetica, sans-serif\">RETO: CUIDO EL AGUA<\/span><\/strong><\/span><\/li>\n<li><span style=\"color: #339966\"><strong><span style=\"font-family: arial, helvetica, sans-serif\">TALLER DE PAPEL RECICLADO<\/span><\/strong><\/span><\/li>\n<\/ol>\n<p>&nbsp;<\/p>\n<p><!--nextpage--><\/p>\n<p style=\"text-align: center\"><span style=\"font-family: 'arial black', sans-serif;font-size: 14pt;color: #ff6600\">HUERTOS ECOL\u00d3GICOS<\/span><\/p>\n<p><img loading=\"lazy\" decoding=\"async\" class=\"aligncenter\" src=\"https:\/\/sway.cloud.microsoft\/s\/6edcwYCElco0UX41\/images\/G31o0av05xabow?quality=860&amp;allowAnimation=false\" alt=\"2.jpg\" width=\"285\" height=\"213\" \/><\/p>\n<p><span style=\"font-family: arial, helvetica, sans-serif\">En nuestro centro est\u00e1 muy involucrado en la sostenibilidad y en la producci\u00f3n de hortalizas de una manera sostenible. Actualmente este es el alumnado que trabaja en los huertos del colegio. De hecho estas ense\u00f1anzas est\u00e1n en las programaciones de las siguientes aulas, este curso contamos con un total de 81 los alumnos y alumnas del centro que salen a recibir los talleres de agraria en las instalaciones que dispone actualmente el centro:\u00a0<\/span><\/p>\n<ul style=\"list-style-type: square\">\n<li><span style=\"font-family: arial, helvetica, sans-serif\"><strong>PROGRAMA ESPECIAL DE FORMACI\u00d3N PROFESIONAL EN AGROJARDINER\u00cdA Y COMPOSICIONES FLORALES (F.P.B.E).<\/strong> 1 grupo de 7 alumnos. Con una carga lectiva de13 horas semanales.<\/span><\/li>\n<li><span style=\"font-family: arial, helvetica, sans-serif\"><strong>TRANSICI\u00d3N A LA VIDA ADULTA (TVA):<\/strong> 7 grupos donde se imparte el Taller de Agraria, con edades comprendidas entre los 17 y 21 a\u00f1os. Con una carga lectiva de 20 horas semanales repartidas entre los distintos agrupamientos. Donde se realizan clases pr\u00e1cticas sobre jardiner\u00eda y horticultura.<\/span><\/li>\n<li><span style=\"font-family: arial, helvetica, sans-serif\"><strong>Educaci\u00f3n B\u00e1sica Obligatoria EBO II y EBO I<\/strong>: 5 grupos, con un n\u00famero variable de alumnado, el taller tiene una duraci\u00f3n de 1 hora a la semana. El objetivo de estas sesiones es el acercamiento del taller de agraria al alumnado que se incorporar\u00e1 en los pr\u00f3ximos cursos a TVA.<\/span><\/li>\n<li><span style=\"font-family: arial, helvetica, sans-serif\"><strong>INFANTIL:<\/strong> donde 3 grupos tienen sesiones donde se pretende familiarizar al alumnado con el crecimiento de las plantas y sus cuidados m\u00e1s b\u00e1sicos.<\/span><\/li>\n<\/ul>\n<p><span style=\"font-family: arial, helvetica, sans-serif\">Los productos obtenidos son repartidos entre el alumnado que se lleva a sus casas, poniendo en valor la importancia de una alimentaci\u00f3n saludable y una producci\u00f3n de calidad con este sistema de cultivo.\u00a0<\/span><\/p>\n<p><span style=\"font-family: arial, helvetica, sans-serif\">Los productos obtenidos se venden a trav\u00e9s de la cooperativa del centro, cuyos beneficios se destinan a una actividad com\u00fan y a una causa solidaria. Es una actividad muy presente el d\u00eda a d\u00eda de nuestro centro, donde hay mucha implicaci\u00f3n por parte de las aulas participantes as\u00ed como del resto de la comunidad educativa que adquieren nuestros eco productos.<br \/>\n<\/span><\/p>\n<p><img loading=\"lazy\" decoding=\"async\" class=\"aligncenter\" src=\"https:\/\/sway.cloud.microsoft\/s\/6edcwYCElco0UX41\/images\/E7KMZNQ8Ky6S-d?quality=860&amp;allowAnimation=false\" alt=\"5.jpg\" width=\"330\" height=\"247\" \/><\/p>\n<hr \/>\n<p style=\"text-align: center\"><span style=\"font-family: 'arial black', sans-serif;color: #ff6600;font-size: 14pt\">\u201cHacer compost, reducir la huella\u201d<\/span><\/p>\n<p><span style=\"font-family: arial, helvetica, sans-serif\">El centro est\u00e1 inscrito en el programa de compostaje de Cogersa este curso. Hemos recibido formaci\u00f3n, adem\u00e1s se nos ha realizado un seguimiento de la evoluci\u00f3n de nuestro compost de forma peri\u00f3dica. Entre una de las medidas que nos han recomendado para la mejora de la gesti\u00f3n de nuestros residuos org\u00e1nicos ha sido el <strong>TRASLADO DE LA COMPOSTADORA.<\/strong><\/span><\/p>\n<p><span style=\"font-family: arial, helvetica, sans-serif\">Dado que en nuestro colegio ya exist\u00eda una compostadora que no estaba bien instalada ni funcionando a pleno rendimiento, la hemos trasladado a un lugar m\u00e1s accesible. Gracias al trabajo en equipo de las aulas <strong>EBO II C, TVA y FPBE,<\/strong> que han realizado el desplazamiento de la compostadora. <\/span><\/p>\n<p><span style=\"font-family: arial, helvetica, sans-serif\">Con esta actividad hemos fomentado la conciencia ambiental de nuestro alumnado y hemos seguido trabajando los objetivos educativos de promover la sostenibilidad y el respeto por el entorno. Ha sido una actividad muy interesante porque actualmente el alumnado ha podido comprobar ellos mismos, como ha mejorado la calidad del compost que producimos, as\u00ed como la accesibilidad para todo el alumnado con dificultades de movilidad que accede cada semana a esta instalaci\u00f3n.\u00a0<\/span><\/p>\n<p><img loading=\"lazy\" decoding=\"async\" class=\" wp-image-1999 aligncenter\" src=\"http:\/\/edublog.educastur.es\/aulasverdes\/files\/2025\/05\/Texto-1-212x300.jpg\" alt=\"\" width=\"244\" height=\"345\" srcset=\"https:\/\/edublog.educastur.es\/aulasverdes\/files\/2025\/05\/Texto-1-212x300.jpg 212w, https:\/\/edublog.educastur.es\/aulasverdes\/files\/2025\/05\/Texto-1-724x1024.jpg 724w, https:\/\/edublog.educastur.es\/aulasverdes\/files\/2025\/05\/Texto-1-768x1086.jpg 768w, https:\/\/edublog.educastur.es\/aulasverdes\/files\/2025\/05\/Texto-1.jpg 794w\" sizes=\"auto, (max-width: 244px) 100vw, 244px\" \/><\/p>\n<p><!--nextpage--><\/p>\n<p style=\"text-align: center\"><span style=\"color: #ff6600;font-size: 14pt;font-family: 'arial black', sans-serif\"><strong>DISFRACES CARNAVAL = DECORACION<\/strong><\/span><\/p>\n<p><span style=\"font-family: arial, helvetica, sans-serif\">En nuestro centro queremos ir reduciendo la compra de materiales para la realizaci\u00f3n de los disfraces de carnaval.\u00a0<\/span><\/p>\n<p><span style=\"font-family: arial, helvetica, sans-serif\">En esta ocasi\u00f3n, este a\u00f1o, la clase EBO II C ha reutilizado las cajas de cart\u00f3n del comedor escolar y se han <\/span><span style=\"font-family: arial, helvetica, sans-serif\">disfrazado de peces, siguiendo la tem\u00e1tica del proyecto del AGUA en la que participa todo el centro. Ademas, han sido este curso mas las clases que se han animado a realizar alg\u00fan complementos de sus disfraces con material de desecho como botellas de pl\u00e1stico.<br \/>\n<\/span><\/p>\n<p><img loading=\"lazy\" decoding=\"async\" class=\"size-medium wp-image-1945 aligncenter\" src=\"http:\/\/edublog.educastur.es\/aulasverdes\/files\/2025\/04\/disfraz-carnaval-300x226.jpg\" alt=\"\" width=\"300\" height=\"226\" srcset=\"https:\/\/edublog.educastur.es\/aulasverdes\/files\/2025\/04\/disfraz-carnaval-300x226.jpg 300w, https:\/\/edublog.educastur.es\/aulasverdes\/files\/2025\/04\/disfraz-carnaval-1024x771.jpg 1024w, https:\/\/edublog.educastur.es\/aulasverdes\/files\/2025\/04\/disfraz-carnaval-768x578.jpg 768w, https:\/\/edublog.educastur.es\/aulasverdes\/files\/2025\/04\/disfraz-carnaval-1536x1157.jpg 1536w, https:\/\/edublog.educastur.es\/aulasverdes\/files\/2025\/04\/disfraz-carnaval-1000x753.jpg 1000w, https:\/\/edublog.educastur.es\/aulasverdes\/files\/2025\/04\/disfraz-carnaval-398x300.jpg 398w, https:\/\/edublog.educastur.es\/aulasverdes\/files\/2025\/04\/disfraz-carnaval.jpg 2040w\" sizes=\"auto, (max-width: 300px) 100vw, 300px\" \/><\/p>\n<p><span style=\"font-family: arial, helvetica, sans-serif\">Despu\u00e9s de la fiesta de carnaval, los disfraces no se tiraron y se usaron para decorar los pasillos del cole. Por lo que han sido unos recursos muy utilizados.Como la evaluaci\u00f3n de la actividad es muy positiva, desde el proyecto nos gustar\u00eda que poco a poco fuera cambiando la din\u00e1mica del centro en estas fiestas y no se usen bolsas de basura practica que era muy com\u00fan para la realizaci\u00f3n de disfraces.\u00a0<\/span><\/p>\n<p><img loading=\"lazy\" decoding=\"async\" class=\"size-medium wp-image-1944 aligncenter\" src=\"http:\/\/edublog.educastur.es\/aulasverdes\/files\/2025\/04\/decoracionpasillo-1-300x157.jpg\" alt=\"\" width=\"300\" height=\"157\" srcset=\"https:\/\/edublog.educastur.es\/aulasverdes\/files\/2025\/04\/decoracionpasillo-1-300x157.jpg 300w, https:\/\/edublog.educastur.es\/aulasverdes\/files\/2025\/04\/decoracionpasillo-1-1024x535.jpg 1024w, https:\/\/edublog.educastur.es\/aulasverdes\/files\/2025\/04\/decoracionpasillo-1-768x401.jpg 768w, https:\/\/edublog.educastur.es\/aulasverdes\/files\/2025\/04\/decoracionpasillo-1-1536x803.jpg 1536w, https:\/\/edublog.educastur.es\/aulasverdes\/files\/2025\/04\/decoracionpasillo-1-1000x523.jpg 1000w, https:\/\/edublog.educastur.es\/aulasverdes\/files\/2025\/04\/decoracionpasillo-1-574x300.jpg 574w, https:\/\/edublog.educastur.es\/aulasverdes\/files\/2025\/04\/decoracionpasillo-1.jpg 2040w\" sizes=\"auto, (max-width: 300px) 100vw, 300px\" \/><\/p>\n<p><!--nextpage--><\/p>\n<p style=\"text-align: center\"><span style=\"font-family: 'arial black', sans-serif;color: #ff9900;font-size: 14pt\"><strong>ECODISE\u00d1O CON MATERIALES SOSTENIBLES<\/strong><\/span><\/p>\n<p><img loading=\"lazy\" decoding=\"async\" class=\"alignright\" src=\"https:\/\/sway.cloud.microsoft\/s\/6edcwYCElco0UX41\/images\/67YqMFCoJRigaj?quality=860&amp;allowAnimation=false\" alt=\"2\" width=\"255\" height=\"191\" \/><\/p>\n<p><span style=\"font-family: arial, helvetica, sans-serif\">Uno de nuestros objetivos es educar con la naturaleza para ello fomentamos los trabajos con materiales de origen natural reduce el consumo de insumos procedentes de fabricas, adem\u00e1s este tipo de materiales aportan m\u00faltiples beneficios e infinitas posibilidades como:<\/span><\/p>\n<ul>\n<li><span style=\"font-family: arial, helvetica, sans-serif\"> Son materiales no estructurados encontrados en el entorno natural, que a adecuados al momento (evolutivo) de cada alumno\/a; potencian la actividad motora, cognitiva, afectiva, social<\/span><\/li>\n<li><span style=\"font-family: arial, helvetica, sans-serif\">Son sostenibles; aportan una riqueza sensorial no comparable con otro tipo de material (variedad de texturas, olores, colores\u2026)<\/span><\/li>\n<li><span style=\"font-family: arial, helvetica, sans-serif\">Fomentan la creatividad y la fantas\u00eda; pueden convertirse en miles de objetos dispares. <\/span><\/li>\n<li><span style=\"font-family: arial, helvetica, sans-serif\">Son no discriminatorios<\/span><\/li>\n<li><span style=\"font-family: arial, helvetica, sans-serif\">Son muy subjetivos y flexibles a la persona y su necesidad.<\/span><\/li>\n<li><span style=\"font-family: arial, helvetica, sans-serif\">Son libres, abiertos y polis\u00e9micos y favorecen la expresi\u00f3n corporal.<\/span><\/li>\n<\/ul>\n<figure style=\"width: 315px\" class=\"wp-caption alignnone\"><img loading=\"lazy\" decoding=\"async\" style=\"font-family: arial, helvetica, sans-serif\" src=\"https:\/\/sway.cloud.microsoft\/s\/6edcwYCElco0UX41\/images\/-cQIkOHHcorvfv?quality=860&amp;allowAnimation=false\" alt=\"\" width=\"315\" height=\"237\" \/><figcaption class=\"wp-caption-text\">Mural con hojas<\/figcaption><\/figure>\n<figure style=\"width: 215px\" class=\"wp-caption alignnone\"><img loading=\"lazy\" decoding=\"async\" src=\"https:\/\/sway.cloud.microsoft\/s\/6edcwYCElco0UX41\/images\/f-W9ghxNzhym-Z?quality=860&amp;allowAnimation=false\" alt=\"\" width=\"215\" height=\"216\" \/><figcaption class=\"wp-caption-text\">Comederos naturales para p\u00e1jaros<\/figcaption><\/figure>\n<figure style=\"width: 285px\" class=\"wp-caption alignnone\"><img loading=\"lazy\" decoding=\"async\" src=\"https:\/\/sway.cloud.microsoft\/s\/6edcwYCElco0UX41\/images\/-EkGKr1ap3NkTM?quality=860&amp;allowAnimation=false\" alt=\"\" width=\"285\" height=\"214\" \/><figcaption class=\"wp-caption-text\">Caja de matem\u00e1ticas con materiales naturales<\/figcaption><\/figure>\n<p><span style=\"font-family: arial, helvetica, sans-serif\">Muchas de estas actividades son a trav\u00e9s de la <strong>metodolog\u00eda de trabajo basado en proyectos y metodolog\u00eda \u00abmaker\u00bb<\/strong>, muy motivantes para el alumnado ya que supone la elaboraci\u00f3n de productos de una manera pr\u00e1ctica y con recursos disponibles en el centro o que buscamos en nuestro entorno.<\/span><\/p>\n<p style=\"text-align: center\"><span style=\"font-family: 'arial black', sans-serif;color: #ff9900\">MERCADILLO NAVIDE\u00d1O<\/span><\/p>\n<p><span style=\"font-family: arial, helvetica, sans-serif\">Adem\u00e1s en el mercadillo navide\u00f1o de este a\u00f1o hemos promovido la realizaci\u00f3n de adornos navide\u00f1os con materiales naturales y otros recursos de nuestro centro. Esto ha supuesto una disminuci\u00f3n del material usado, y como consecuencia una reducci\u00f3n de los residuos obtenidos. Al mismo, se ha trabajado la concienciaci\u00f3n en toda la comunidad educativa de la importancia de usar otros recursos mas respetuosos con el medio ambiente.\u00a0<\/span><\/p>\n<figure id=\"attachment_1963\" aria-describedby=\"caption-attachment-1963\" style=\"width: 300px\" class=\"wp-caption aligncenter\"><img loading=\"lazy\" decoding=\"async\" class=\"wp-image-1963 size-medium\" src=\"http:\/\/edublog.educastur.es\/aulasverdes\/files\/2025\/04\/InCollage_20250430_204456984-300x300.jpg\" alt=\"\" width=\"300\" height=\"300\" \/><figcaption id=\"caption-attachment-1963\" class=\"wp-caption-text\">Muestra de ecoadornos navide\u00f1os<\/figcaption><\/figure>\n<p><!--nextpage--><\/p>\n<p style=\"text-align: center\"><span style=\"font-family: 'arial black', sans-serif;font-size: 14pt;color: #008000\">Campa\u00f1as de Cogersa<\/span><\/p>\n<p style=\"text-align: center\"><span style=\"font-family: arial black, sans-serif\"><strong><span style=\"color: #ff6600\">REDUCIR EL DESPERDICIO ALIMENTICIO: SEMANA EUROPEA PREVENCI\u00d3N DE RESIDUOS 2024<\/span><\/strong><\/span><\/p>\n<p><span style=\"font-family: arial, helvetica, sans-serif\">Como otros a\u00f1os el centro participa en esta semana y en esta ocasi\u00f3n se puede ver en este reportaje que nos hicieron del peri\u00f3dico del comercio. Nuestra acci\u00f3n fue unida al proyecto del centro de HISTORIA y se hicieron obras de arte con materiales naturales. Gran parte de las obras est\u00e1n expuestas en nuestro centro, as\u00ed mismo en la exposici\u00f3n del curso pasado se mostraron algunas de ellas, especificando las t\u00e9cnicas y los materiales usado. Fue una acci\u00f3n muy interesante, ya que usamos materiales muy innovadores y al alcance de todos.<br \/>\n<\/span><\/p>\n<p><a href=\"https:\/\/www.elcomercio.es\/gijon\/reduccion-residuo-alimentario-fortaleza-tejido-social-20241122142053-vi.html\" target=\"_blank\" rel=\"noopener\">NOTICIA-VIDEO PERI\u00d3DICO EL COMERCIO<\/a><\/p>\n\n<!-- iframe plugin v.6.0 wordpress.org\/plugins\/iframe\/ -->\n<iframe loading=\"lazy\" src=\"https:\/\/www.facebook.com\/plugins\/post.php?href=https%3A%2F%2Fwww.facebook.com%2Fpermalink.php%3Fstory_fbid%3Dpfbid02MkQRAysV9TtbfNwGCgFnfQkZG9ZXmQDMQkwK6uUXkmM7etxxwbtU8WSpyi8Fsiwl%26id%3D100009366805012&#038;show_text=true&#038;width=500\" width=\"500\" height=\"799\" style=\"border:none;overflow:hidden\" scrolling=\"no\" frameborder=\"0\" allowfullscreen=\"true\" 0=\"allow=&quot;autoplay;\" 1=\"clipboard-write;\" 2=\"encrypted-media;\" 3=\"picture-in-picture;\" 4=\"web-share&quot;&gt;&lt;\/iframe\" class=\"iframe-class\"><\/iframe>\n\n<hr \/>\n<p style=\"text-align: center\"><span style=\"font-family: 'arial black', sans-serif;font-size: 14pt;color: #ff6600\">\u00a0\u201cRe-circula la org\u00e1nica y \u201cHumif\u00edcate\u201d<\/span><\/p>\n<p><span style=\"font-family: arial, helvetica, sans-serif\">Los grupos de<strong> Ebo II y TVA<\/strong> participamos en esta campa\u00f1a de promoci\u00f3n de la recogida de biorresiduos. Estas son las actividades que se han llevado a cabo: <img loading=\"lazy\" decoding=\"async\" class=\"alignright size-medium wp-image-2061\" src=\"http:\/\/edublog.educastur.es\/aulasverdes\/files\/2025\/05\/Multimedia-225x300.jpg\" alt=\"\" width=\"225\" height=\"300\" \/><\/span><\/p>\n<ul style=\"list-style-type: disc\">\n<li><span style=\"font-family: arial, helvetica, sans-serif\"> Realizamos una <span style=\"color: #008000\"><strong>encuesta<\/strong><\/span> entre el profesorado detectar las necesidades. <\/span><\/li>\n<li><span style=\"font-family: arial, helvetica, sans-serif\">Elaboramos las etiquetas con pictogramas <span style=\"font-family: 'arial black', sans-serif;color: #008000\">\u201cfruta sin pegatina\u201d<\/span> y las pegamos en todos los cubos. Ya que detectamos que era un problema recurrente en nuestro compost.<\/span><\/li>\n<li><span style=\"font-family: arial, helvetica, sans-serif\"> Facilitamos la <strong><span style=\"color: #008000\">recogida del compost<\/span><\/strong> en aulas con dificultades para ir a la compostadora.<\/span><\/li>\n<li><span style=\"font-family: arial, helvetica, sans-serif\">Participaci\u00f3n en la <strong><span style=\"color: #008000\">campa\u00f1a de Cogersa HUMIF\u00cdCATE<\/span><\/strong>:<\/span> <a href=\"https:\/\/youtu.be\/JBdgkuwo0wM?si=6ECU-7JURB8EydHH\" target=\"_blank\" rel=\"noopener\"><strong><span style=\"font-family: arial, helvetica, sans-serif\">Enlace al v\u00eddeo <\/span><\/strong><\/a>\n<!-- iframe plugin v.6.0 wordpress.org\/plugins\/iframe\/ -->\n<iframe loading=\"lazy\" width=\"560\" height=\"315\" src=\"https:\/\/www.youtube.com\/embed\/JBdgkuwo0wM?si=t7_3X3842k6VneFQ\" title=\"YouTube video player\" frameborder=\"0\" allow=\"accelerometer; autoplay; clipboard-write; encrypted-media; gyroscope; picture-in-picture; web-share\" referrerpolicy=\"strict-origin-when-cross-origin\" 0=\"allowfullscreen&gt;&lt;\/iframe\" scrolling=\"yes\" class=\"iframe-class\"><\/iframe>\n<\/li>\n<li><span style=\"font-family: arial, helvetica, sans-serif\">Elaboramos y colgamos por el cole los carteles para concienciar y participar en el<strong><span style=\"color: #008000\"> concurso \u201cRE-circula la org\u00e1nica\u201d.<\/span><\/strong><\/span><\/li>\n<\/ul>\n<p style=\"text-align: center\"><strong><span style=\"font-family: arial, helvetica, sans-serif\">\u00a1\u00a1Os han quedado chul\u00edsimos!! Enhorabuena chicos y chicas por este gran trabajo.\u00a0<\/span><\/strong><\/p>\n<p><img loading=\"lazy\" decoding=\"async\" class=\" wp-image-2011 aligncenter\" src=\"http:\/\/edublog.educastur.es\/aulasverdes\/files\/2025\/05\/CARTELES-300x169.jpg\" alt=\"\" width=\"420\" height=\"237\" srcset=\"https:\/\/edublog.educastur.es\/aulasverdes\/files\/2025\/05\/CARTELES-300x169.jpg 300w, https:\/\/edublog.educastur.es\/aulasverdes\/files\/2025\/05\/CARTELES-768x432.jpg 768w, https:\/\/edublog.educastur.es\/aulasverdes\/files\/2025\/05\/CARTELES-533x300.jpg 533w, https:\/\/edublog.educastur.es\/aulasverdes\/files\/2025\/05\/CARTELES.jpg 800w\" sizes=\"auto, (max-width: 420px) 100vw, 420px\" \/><\/p>\n<p><span style=\"font-family: arial, helvetica, sans-serif\">Estos son los carteles que realiz\u00f3 la clase de <strong>EBO II-C<\/strong> para la participaci\u00f3n en el concurso \u00abRe circula la org\u00e1nica\u00bb. Han sido colocado en distintos lugares del centro para fomentar un mayor compostaje de residuos org\u00e1nicos por parte del profesorado de nuestro centro. Con los siguientes lemas:<\/span><\/p>\n<p><span style=\"font-family: arial, helvetica, sans-serif\"><span style=\"font-family: 'arial black', sans-serif;color: #339966\">\u201cSembrando vida en el huerto\u201d, \u201cProfe, \u00fanete al compost\u201d \u201c\u00fanete al marr\u00f3n\u201d<\/span><\/span><\/p>\n<p><span style=\"font-family: arial, helvetica, sans-serif\">Todav\u00eda no tenemos datos para valorar el resultado y la repercusi\u00f3n de estas campa\u00f1as.\u00a0<\/span><\/p>\n<p><!--nextpage--><\/p>\n<p style=\"text-align: center\"><span style=\"font-family: 'arial black', sans-serif;color: #ff9900;font-size: 14pt\">RETO CUIDO EL AGUA<\/span><\/p>\n<p><span style=\"font-family: 'arial black', sans-serif\"><span style=\"font-family: arial, helvetica, sans-serif\">Como sab\u00e9is nuestras clases siguen haciendo retos para conseguir ser<span style=\"color: #339966\"><strong> Aula Verde,<\/strong><\/span> este a\u00f1o el tema es el<span style=\"color: #339966\"> AGUA <\/span>y este trimestre nuestro alumnado ten\u00eda que ense\u00f1arnos lo importante que es cuidar el agua en nuestro d\u00eda a d\u00eda.<\/span> <\/span><\/p>\n<p><img loading=\"lazy\" decoding=\"async\" class=\" wp-image-1612 aligncenter\" src=\"http:\/\/edublog.educastur.es\/aulasverdes\/files\/2024\/12\/reto-agua-300x169.png\" alt=\"\" width=\"341\" height=\"192\" srcset=\"https:\/\/edublog.educastur.es\/aulasverdes\/files\/2024\/12\/reto-agua-300x169.png 300w, https:\/\/edublog.educastur.es\/aulasverdes\/files\/2024\/12\/reto-agua-768x433.png 768w, https:\/\/edublog.educastur.es\/aulasverdes\/files\/2024\/12\/reto-agua-532x300.png 532w, https:\/\/edublog.educastur.es\/aulasverdes\/files\/2024\/12\/reto-agua.png 811w\" sizes=\"auto, (max-width: 341px) 100vw, 341px\" \/><\/p>\n<p><span style=\"font-family: arial, helvetica, sans-serif\" data-teams=\"true\">Los peques de la<span style=\"font-family: 'arial black', sans-serif;color: #339966\"> clase de Infantil B<\/span> os ense\u00f1amos como cuidamos el agua en nuestras rutinas diarias. <\/span><\/p>\n<p><span style=\"font-family: arial, helvetica, sans-serif\" data-teams=\"true\">Y para ello hemos elaborado un v\u00eddeo educativo en el que han participado las familias del aula.<\/span><\/p>\n<p><span style=\"font-family: arial, helvetica, sans-serif\" data-teams=\"true\">Desde el centro educativo entendemos que ir de la mano familia y escuela es la clave para que nuestros peques conquisten todos los objetivos que se propongan.<\/span><\/p>\n<p><span style=\"color: #339966\"><a style=\"color: #339966\" href=\"https:\/\/educastur-my.sharepoint.com\/:v:\/g\/personal\/isabelmsa_educastur_org\/EdfpX773vmJKu-NSrEhHrpEBlqn59CH1tE8YKv2lsc__Iw?e=hSRKas&amp;nav=eyJyZWZlcnJhbEluZm8iOnsicmVmZXJyYWxBcHAiOiJTdHJlYW1XZWJBcHAiLCJyZWZlcnJhbFZpZXciOiJTaGFyZURpYWxvZy1MaW5rIiwicmVmZXJyYWxBcHBQbGF0Zm9ybSI6IldlYiIsInJlZmVycmFsTW9kZSI6InZpZXcifX0%3D\" target=\"_blank\" rel=\"noopener\">PULSA PARA VER EL VIDEO<\/a><\/span><\/p>\n<p><span style=\"font-family: arial, helvetica, sans-serif\">\u00a1\u00a1Gracias a todas las familias y los peques participantes!! <\/span><\/p>\n<p style=\"text-align: center\"><span style=\"font-family: 'arial black', sans-serif;color: #339966\">Sin duda, reto conseguido.\u00a0<\/span><!--nextpage--><\/p>\n<p style=\"text-align: center\"><span style=\"font-family: 'arial black', sans-serif;font-size: 14pt;color: #ff9900\">TALLER DE PAPEL RECICLADO<\/span><\/p>\n<p><span style=\"font-family: arial, helvetica, sans-serif\">El curso pasado aprendimos a hacer papel reciclado, hicimos marcap\u00e1ginas, cuadernos, y muchas cosas, que <\/span><span style=\"font-family: arial, helvetica, sans-serif\">posteriormente vendimos a trav\u00e9s de nuestra cooperativa en el mercadillo de las cooperativas de Valnalon. <\/span><\/p>\n<p><span style=\"font-family: arial, helvetica, sans-serif\">En la exposici\u00f3n final mostramos como todos los medios que usamos y expusimos como hacerlo.\u00a0<\/span><\/p>\n<p><span style=\"font-family: arial, helvetica, sans-serif\">Organizamos un taller para hacer papel de una manera sostenible en el que particip\u00f3 muchas aulas, de esa manera las clases participantes pod\u00edan conseguir este reto.\u00a0\u00a0<\/span><\/p>\n<p><span style=\"font-family: arial, helvetica, sans-serif\"><img loading=\"lazy\" decoding=\"async\" class=\"size-medium wp-image-1317 aligncenter\" src=\"http:\/\/edublog.educastur.es\/aulasverdes\/files\/2024\/01\/002_PRIMERTRIMESTRECopiaCopia-300x169.jpg\" alt=\"\" width=\"300\" height=\"169\" srcset=\"https:\/\/edublog.educastur.es\/aulasverdes\/files\/2024\/01\/002_PRIMERTRIMESTRECopiaCopia-300x169.jpg 300w, https:\/\/edublog.educastur.es\/aulasverdes\/files\/2024\/01\/002_PRIMERTRIMESTRECopiaCopia-1024x576.jpg 1024w, https:\/\/edublog.educastur.es\/aulasverdes\/files\/2024\/01\/002_PRIMERTRIMESTRECopiaCopia-768x432.jpg 768w, https:\/\/edublog.educastur.es\/aulasverdes\/files\/2024\/01\/002_PRIMERTRIMESTRECopiaCopia-1536x864.jpg 1536w, https:\/\/edublog.educastur.es\/aulasverdes\/files\/2024\/01\/002_PRIMERTRIMESTRECopiaCopia-2048x1152.jpg 2048w, https:\/\/edublog.educastur.es\/aulasverdes\/files\/2024\/01\/002_PRIMERTRIMESTRECopiaCopia-1000x563.jpg 1000w, https:\/\/edublog.educastur.es\/aulasverdes\/files\/2024\/01\/002_PRIMERTRIMESTRECopiaCopia-533x300.jpg 533w\" sizes=\"auto, (max-width: 300px) 100vw, 300px\" \/><\/span><\/p>\n<p><span style=\"font-family: arial, helvetica, sans-serif\">Fue una actividad muy sorprendente para todos, tanto profes como alumnado, ya que aprendimos a obtener un recurso muy presente en nuestro d\u00eda a d\u00eda, de una manera muy sencilla.\u00a0<\/span><\/p>\n<p><img loading=\"lazy\" decoding=\"async\" class=\"size-medium wp-image-2015 aligncenter\" src=\"http:\/\/edublog.educastur.es\/aulasverdes\/files\/2025\/05\/InCollage_20250504_233821823-300x300.jpg\" alt=\"\" width=\"300\" height=\"300\" \/><\/p>\n<p>&nbsp;<\/p>\n<p>&nbsp;<\/p>\n","protected":false},"excerpt":{"rendered":"<p>En esta p\u00e1gina os mostraremos nuestras acciones realizadas para promover la reducci\u00f3n de residuos en el centro educativo. Entendemos por reducci\u00f3n aquellas medidas y acciones adoptadas para evitar que un recurso se convierta en residuo. En este apartado hemos introducido nuestros huertos ecol\u00f3gicos ya que consideramos que al consumir en km 0 reducimos los pl\u00e1sticos [&hellip;]<\/p>\n","protected":false},"author":917,"featured_media":0,"parent":141,"menu_order":2,"comment_status":"closed","ping_status":"closed","template":"","meta":{"footnotes":""},"class_list":["post-1809","page","type-page","status-publish","hentry"],"_links":{"self":[{"href":"https:\/\/edublog.educastur.es\/aulasverdes\/wp-json\/wp\/v2\/pages\/1809","targetHints":{"allow":["GET"]}}],"collection":[{"href":"https:\/\/edublog.educastur.es\/aulasverdes\/wp-json\/wp\/v2\/pages"}],"about":[{"href":"https:\/\/edublog.educastur.es\/aulasverdes\/wp-json\/wp\/v2\/types\/page"}],"author":[{"embeddable":true,"href":"https:\/\/edublog.educastur.es\/aulasverdes\/wp-json\/wp\/v2\/users\/917"}],"replies":[{"embeddable":true,"href":"https:\/\/edublog.educastur.es\/aulasverdes\/wp-json\/wp\/v2\/comments?post=1809"}],"version-history":[{"count":47,"href":"https:\/\/edublog.educastur.es\/aulasverdes\/wp-json\/wp\/v2\/pages\/1809\/revisions"}],"predecessor-version":[{"id":2068,"href":"https:\/\/edublog.educastur.es\/aulasverdes\/wp-json\/wp\/v2\/pages\/1809\/revisions\/2068"}],"up":[{"embeddable":true,"href":"https:\/\/edublog.educastur.es\/aulasverdes\/wp-json\/wp\/v2\/pages\/141"}],"wp:attachment":[{"href":"https:\/\/edublog.educastur.es\/aulasverdes\/wp-json\/wp\/v2\/media?parent=1809"}],"curies":[{"name":"wp","href":"https:\/\/api.w.org\/{rel}","templated":true}]}}