{"id":1812,"date":"2025-04-29T15:29:42","date_gmt":"2025-04-29T15:29:42","guid":{"rendered":"https:\/\/edublog.educastur.es\/aulasverdes\/?page_id=1812"},"modified":"2025-05-05T11:51:43","modified_gmt":"2025-05-05T11:51:43","slug":"acciones-para-reutilizar","status":"publish","type":"page","link":"https:\/\/edublog.educastur.es\/aulasverdes\/acciones-para-reutilizar\/","title":{"rendered":"REUTILIZAR"},"content":{"rendered":"<p><span style=\"font-family: arial, helvetica, sans-serif\">En esta p\u00e1gina se recoger\u00e1 las acciones realizadas para promover la reutilizaci\u00f3n de residuos en nuestro centro educativo que hacemos extensible al resto de la comunidad educativa.\u00a0<\/span><\/p>\n<p><span style=\"font-family: arial, helvetica, sans-serif\">Entendemos por reutilizaci\u00f3n toda operaci\u00f3n mediante la cual productos o componentes que no constituyen residuos se vuelven a utilizar para el mismo fin para el que fueron concebidos.\u00a0<\/span><\/p>\n<p><span style=\"color: #008000\"><strong><span style=\"font-family: arial, helvetica, sans-serif\">INDICE:\u00a0<\/span><\/strong><\/span><\/p>\n<ol>\n<li><span style=\"color: #008000\"><strong><span style=\"font-family: arial, helvetica, sans-serif\">INTRODUCCI\u00d3N<\/span><\/strong><\/span><\/li>\n<li><span style=\"font-family: arial, helvetica, sans-serif;color: #008000\"><strong>AULA RECURSOS <\/strong><\/span><\/li>\n<li><span style=\"font-family: arial, helvetica, sans-serif;color: #008000\"><strong>AULA MATERIALES<\/strong><\/span><\/li>\n<li><span style=\"font-family: arial, helvetica, sans-serif\"><strong><span style=\"color: #008000\">MERCADILLO DE TRUEQUE DEL D\u00cdA DEL LIBRO<\/span><\/strong><\/span><\/li>\n<li><span style=\"color: #008000\"><strong><span style=\"font-family: arial, helvetica, sans-serif\">CAMPA\u00d1A DE RECOGIDA DE ROPA Y TEXTILES DE SEGUNDA MANO<\/span><\/strong><\/span><\/li>\n<\/ol>\n<p><!--nextpage--><\/p>\n<p style=\"text-align: center\"><span style=\"font-family: 'arial black', sans-serif;color: #ff6600;font-size: 14pt\"><strong>AULA RECURSOS<br \/>\n<\/strong><\/span><\/p>\n<p><img loading=\"lazy\" decoding=\"async\" class=\"size-medium wp-image-1912 alignright\" src=\"http:\/\/edublog.educastur.es\/aulasverdes\/files\/2025\/04\/InCollage_20250430_110432020-200x300.jpg\" alt=\"\" width=\"200\" height=\"300\" srcset=\"https:\/\/edublog.educastur.es\/aulasverdes\/files\/2025\/04\/InCollage_20250430_110432020-200x300.jpg 200w, https:\/\/edublog.educastur.es\/aulasverdes\/files\/2025\/04\/InCollage_20250430_110432020-683x1024.jpg 683w, https:\/\/edublog.educastur.es\/aulasverdes\/files\/2025\/04\/InCollage_20250430_110432020-768x1152.jpg 768w, https:\/\/edublog.educastur.es\/aulasverdes\/files\/2025\/04\/InCollage_20250430_110432020-1024x1536.jpg 1024w, https:\/\/edublog.educastur.es\/aulasverdes\/files\/2025\/04\/InCollage_20250430_110432020-1000x1500.jpg 1000w, https:\/\/edublog.educastur.es\/aulasverdes\/files\/2025\/04\/InCollage_20250430_110432020.jpg 1080w\" sizes=\"auto, (max-width: 200px) 100vw, 200px\" \/><\/p>\n<p><span style=\"font-family: arial, helvetica, sans-serif\">Hemos hecho una entrevista a la profe Rosana, una de las encargadas de este aula.<\/span><\/p>\n<p><span style=\"font-family: 'arial black', sans-serif\">1.\u00bfQu\u00e9 hay en este aula?<\/span><\/p>\n<p><span style=\"font-family: arial, helvetica, sans-serif\">Materiales educativos que no se usaban en las casas y en otros coles.<\/span><\/p>\n<p><span style=\"font-family: arial, helvetica, sans-serif\">Por ejemplo: puzles, juegos de mesa ,juguetes sonoros y muchas mas cosas.<\/span><\/p>\n<p><span style=\"font-family: 'arial black', sans-serif\">2. \u00bfC\u00f3mo lo hac\u00e9is?<\/span><\/p>\n<p><span style=\"font-family: arial, helvetica, sans-serif\">Primero reciben las cosas, comprueban si funcionan y que est\u00e9n en buen estado. Las apuntan en un registro. Los profes pid<\/span><span style=\"font-family: arial, helvetica, sans-serif\">en lo que necesitan durante el curso y despu\u00e9s lo devuelven para que otras aulas puedan usarlos en otras ocasiones.\u00a0<\/span><\/p>\n<p>Esta labor es muy valorada dentro de nuestra comunidad educativa, ya que se consigue reducir el consumo de materiales escolares necesarios para nuestra pr\u00e1ctica educativa.<!--nextpage--><\/p>\n<p style=\"text-align: center\"><span style=\"font-family: arial black, sans-serif;color: #ff6600\"><strong>AULA DE MATERIALES<\/strong><\/span><\/p>\n<p><span style=\"font-family: arial, helvetica, sans-serif\">El pasado mi\u00e9rcoles 30 de abril le hicimos una entrevista a nuestro profe Jose, uno de los profes de el grupo de materiales que se encargan de reparar y crear nuevos materiales a partir del material que tenemos en el cole.<\/span><\/p>\n<ol>\n<li><span style=\"font-family: 'arial black', sans-serif\">\u00bfArregl\u00e1is cosas en el colegio?<\/span><img loading=\"lazy\" decoding=\"async\" class=\"size-medium wp-image-1910 alignright\" src=\"http:\/\/edublog.educastur.es\/aulasverdes\/files\/2025\/04\/InCollage_20250430_110200656-200x300.jpg\" alt=\"\" width=\"200\" height=\"300\" srcset=\"https:\/\/edublog.educastur.es\/aulasverdes\/files\/2025\/04\/InCollage_20250430_110200656-200x300.jpg 200w, https:\/\/edublog.educastur.es\/aulasverdes\/files\/2025\/04\/InCollage_20250430_110200656-683x1024.jpg 683w, https:\/\/edublog.educastur.es\/aulasverdes\/files\/2025\/04\/InCollage_20250430_110200656-768x1152.jpg 768w, https:\/\/edublog.educastur.es\/aulasverdes\/files\/2025\/04\/InCollage_20250430_110200656-1024x1536.jpg 1024w, https:\/\/edublog.educastur.es\/aulasverdes\/files\/2025\/04\/InCollage_20250430_110200656-1000x1500.jpg 1000w, https:\/\/edublog.educastur.es\/aulasverdes\/files\/2025\/04\/InCollage_20250430_110200656.jpg 1080w\" sizes=\"auto, (max-width: 200px) 100vw, 200px\" \/><\/li>\n<\/ol>\n<p><span style=\"font-family: arial, helvetica, sans-serif\">Si, much\u00edsimas, tenemos un taller con herramientas y peque\u00f1as maquinas que nos ayudan. Aqu\u00ed se intenta reparar todas las cosas antes de tirarlas.<\/span><\/p>\n<p><span style=\"font-family: arial, helvetica, sans-serif\"><span style=\"font-family: 'arial black', sans-serif\">2. Por ejemplo, que cosas hab\u00e9is arreglado \u00faltimamente.<\/span><\/span><\/p>\n<p><span style=\"font-family: arial, helvetica, sans-serif\">Pues un altavoz, las bicicletas, unos puffs, la plastificadora, y muchas cosas m\u00e1s.<\/span><\/p>\n<p><span style=\"font-family: 'arial black', sans-serif\">3. Y \u00bffabric\u00e1is cosas?<\/span><\/p>\n<p><span style=\"font-family: arial, helvetica, sans-serif\">Si, los profes si tienen alguna necesidad concreta nos lo piden e intentamos fabricarlo con cosas que tenemos ya.<\/span><\/p>\n<p><span style=\"font-family: arial, helvetica, sans-serif\">Por ejemplo: mesas adaptadas, carteler\u00eda, paneles,&#8230; En infantil hay dos paneles realizados con objetos, realizando un<strong> ECODISE\u00d1O.\u00a0<\/strong><\/span><\/p>\n<p><span style=\"font-family: arial, helvetica, sans-serif\">Esta labor tambi\u00e9n es muy valorada por toda la comunidad, ya que permite satisfacer las necesidades espec\u00edficas de nuestro alumnado, usando nuestros propios recursos.<\/span><\/p>\n<p>&nbsp;<\/p>\n<p><!--nextpage--><\/p>\n<p style=\"text-align: center\"><span style=\"font-family: 'arial black', sans-serif;font-size: 14pt;color: #ff6600\">MERCADILLO TRUEQUE D\u00cdA DEL LIBRO<\/span><\/p>\n<p><span style=\"font-family: arial, helvetica, sans-serif\"><strong> Se propone esta actividad en la que el alumnado trae de su casa los libros de segunda mano, se le da un vale que puede canjearlo por otros libros de segunda mano. Con esta actividad se ha conseguido:<img loading=\"lazy\" decoding=\"async\" class=\"alignright size-medium wp-image-1949\" src=\"http:\/\/edublog.educastur.es\/aulasverdes\/files\/2025\/04\/mercadillolibros-reducir-212x300.png\" alt=\"\" width=\"212\" height=\"300\" srcset=\"https:\/\/edublog.educastur.es\/aulasverdes\/files\/2025\/04\/mercadillolibros-reducir-212x300.png 212w, https:\/\/edublog.educastur.es\/aulasverdes\/files\/2025\/04\/mercadillolibros-reducir-724x1024.png 724w, https:\/\/edublog.educastur.es\/aulasverdes\/files\/2025\/04\/mercadillolibros-reducir-768x1086.png 768w, https:\/\/edublog.educastur.es\/aulasverdes\/files\/2025\/04\/mercadillolibros-reducir-1087x1536.png 1087w, https:\/\/edublog.educastur.es\/aulasverdes\/files\/2025\/04\/mercadillolibros-reducir-1000x1413.png 1000w, https:\/\/edublog.educastur.es\/aulasverdes\/files\/2025\/04\/mercadillolibros-reducir.png 1415w\" sizes=\"auto, (max-width: 212px) 100vw, 212px\" \/><\/strong><\/span><\/p>\n<ul>\n<li><span style=\"font-family: arial, helvetica, sans-serif\"><strong>Promover la reutilizaci\u00f3n<\/strong>: Al intercambiar libros usados, se les da una<\/span>segunda vida, evitando que se conviertan en residuos.<\/li>\n<\/ul>\n<ul>\n<li><span style=\"font-family: arial, helvetica, sans-serif\"><strong>Reducir la demanda de nuevos recursos<\/strong>: Al reutilizar libros, se disminuye la necesidad de producir nuevos, lo que ahorra recursos naturales y energ\u00eda.<\/span><\/li>\n<li><span style=\"font-family: arial, helvetica, sans-serif\"><strong>Fomentar la econom\u00eda circular<\/strong>: Este tipo de mercadillo contribuye a un modelo econ\u00f3mico donde los productos se mantienen en uso durante m\u00e1s tiempo.<\/span><\/li>\n<\/ul>\n<p>&nbsp;<\/p>\n<p><span style=\"font-family: arial, helvetica, sans-serif\">Valoraci\u00f3n: Esta actividad que se realiz\u00f3 el curso pasado con gran \u00e9xito, por eso la hemos repetido este curso. Han sido muchos los alumnos y alumnas que han disfrutado y se han beneficio de esta actividad.\u00a0<\/span><\/p>\n<p>Consideramos que esta actividad tambi\u00e9n sirve para REACCIONAR por:<\/p>\n<h3><strong>Reaccionar<\/strong><\/h3>\n<ul>\n<li>Al organizar\u00a0y participar en un mercadillo de trueque de libros aumenta la conciencia sobre la importancia de la reutilizaci\u00f3n y la reducci\u00f3n de residuos.<\/li>\n<li>Este evento sirve como plataforma para educar a la comunidad sobre pr\u00e1cticas sostenibles y fortalecer los lazos comunitarios.<\/li>\n<\/ul>\n<p><span style=\"font-family: arial black, sans-serif;color: #ff6600\"><!--nextpage--><\/span><\/p>\n<p style=\"text-align: center\"><span style=\"font-family: arial black, sans-serif;color: #ff6600\">CAMPA\u00d1A DE RECOGIDA DE ROPA Y TEXTILES DE SEGUNDA MANO<\/span><\/p>\n<figure id=\"attachment_1978\" aria-describedby=\"caption-attachment-1978\" style=\"width: 314px\" class=\"wp-caption aligncenter\"><img loading=\"lazy\" decoding=\"async\" class=\"wp-image-1978\" src=\"http:\/\/edublog.educastur.es\/aulasverdes\/files\/2025\/05\/Diseno-sin-titulo-e1746384486921-300x211.jpg\" alt=\"\" width=\"314\" height=\"221\" srcset=\"https:\/\/edublog.educastur.es\/aulasverdes\/files\/2025\/05\/Diseno-sin-titulo-e1746384486921-300x211.jpg 300w, https:\/\/edublog.educastur.es\/aulasverdes\/files\/2025\/05\/Diseno-sin-titulo-e1746384486921.jpg 427w\" sizes=\"auto, (max-width: 314px) 100vw, 314px\" \/><figcaption id=\"caption-attachment-1978\" class=\"wp-caption-text\">Cartel para la recogida en el centro, en nuestro centro<\/figcaption><\/figure>\n<p>Dentro de la<strong> SEPR en el curso 2023 <\/strong>se realiz\u00f3 una campa\u00f1a de recogida de ropa y telas de segunda mano en la que particip\u00f3 toda la comunidad educativa. El alumnado de ciclos superiores realiz\u00f3 una selecci\u00f3n de prendas de vestir, escogiendo aquellas que eran apropiadas para su uso y, tras ponernos en contacto con la tienda \u201cKoopera Store\u201d las llevamos al contenedor de la tienda de Gij\u00f3n.<\/p>\n<p>La valoraci\u00f3n es muy positiva, ya que se consigui\u00f3 implicar a muchas aulas en la elaboraci\u00f3n de las trenzas, as\u00ed mismo se consigui\u00f3 un banco de material de telas que hoy en d\u00eda se sigue usando para otras actividades.<\/p>\n<p><em>*\u201cKoopera Store\u201d trabaja para la integraci\u00f3n de las personas en riesgo o en situaci\u00f3n de exclusi\u00f3n social que necesitan una segunda oportunidad mediante actividades que a su vez tienen un impacto positivo en la sociedad y que mejoran el entorno.\u00a0<\/em><\/p>\n<p>&nbsp;<\/p>\n<p><img loading=\"lazy\" decoding=\"async\" class=\"alignnone size-medium wp-image-2009\" src=\"http:\/\/edublog.educastur.es\/aulasverdes\/files\/2025\/05\/Diseno-sin-titulo-1-300x300.jpg\" alt=\"\" width=\"300\" height=\"300\" srcset=\"https:\/\/edublog.educastur.es\/aulasverdes\/files\/2025\/05\/Diseno-sin-titulo-1-300x300.jpg 300w, https:\/\/edublog.educastur.es\/aulasverdes\/files\/2025\/05\/Diseno-sin-titulo-1-150x150.jpg 150w, https:\/\/edublog.educastur.es\/aulasverdes\/files\/2025\/05\/Diseno-sin-titulo-1-85x85.jpg 85w, https:\/\/edublog.educastur.es\/aulasverdes\/files\/2025\/05\/Diseno-sin-titulo-1.jpg 500w\" sizes=\"auto, (max-width: 300px) 100vw, 300px\" \/> <img loading=\"lazy\" decoding=\"async\" class=\"alignnone size-medium wp-image-2002\" src=\"http:\/\/edublog.educastur.es\/aulasverdes\/files\/2025\/05\/TRENZARTE-300x300.jpg\" alt=\"\" width=\"300\" height=\"300\" srcset=\"https:\/\/edublog.educastur.es\/aulasverdes\/files\/2025\/05\/TRENZARTE-300x300.jpg 300w, https:\/\/edublog.educastur.es\/aulasverdes\/files\/2025\/05\/TRENZARTE-150x150.jpg 150w, https:\/\/edublog.educastur.es\/aulasverdes\/files\/2025\/05\/TRENZARTE-85x85.jpg 85w, https:\/\/edublog.educastur.es\/aulasverdes\/files\/2025\/05\/TRENZARTE.jpg 500w\" sizes=\"auto, (max-width: 300px) 100vw, 300px\" \/><\/p>\n","protected":false},"excerpt":{"rendered":"<p>En esta p\u00e1gina se recoger\u00e1 las acciones realizadas para promover la reutilizaci\u00f3n de residuos en nuestro centro educativo que hacemos extensible al resto de la comunidad educativa.\u00a0 Entendemos por reutilizaci\u00f3n toda operaci\u00f3n mediante la cual productos o componentes que no constituyen residuos se vuelven a utilizar para el mismo fin para el que fueron concebidos.\u00a0 [&hellip;]<\/p>\n","protected":false},"author":917,"featured_media":0,"parent":0,"menu_order":0,"comment_status":"closed","ping_status":"closed","template":"","meta":{"footnotes":""},"class_list":["post-1812","page","type-page","status-publish","hentry"],"_links":{"self":[{"href":"https:\/\/edublog.educastur.es\/aulasverdes\/wp-json\/wp\/v2\/pages\/1812","targetHints":{"allow":["GET"]}}],"collection":[{"href":"https:\/\/edublog.educastur.es\/aulasverdes\/wp-json\/wp\/v2\/pages"}],"about":[{"href":"https:\/\/edublog.educastur.es\/aulasverdes\/wp-json\/wp\/v2\/types\/page"}],"author":[{"embeddable":true,"href":"https:\/\/edublog.educastur.es\/aulasverdes\/wp-json\/wp\/v2\/users\/917"}],"replies":[{"embeddable":true,"href":"https:\/\/edublog.educastur.es\/aulasverdes\/wp-json\/wp\/v2\/comments?post=1812"}],"version-history":[{"count":34,"href":"https:\/\/edublog.educastur.es\/aulasverdes\/wp-json\/wp\/v2\/pages\/1812\/revisions"}],"predecessor-version":[{"id":2071,"href":"https:\/\/edublog.educastur.es\/aulasverdes\/wp-json\/wp\/v2\/pages\/1812\/revisions\/2071"}],"wp:attachment":[{"href":"https:\/\/edublog.educastur.es\/aulasverdes\/wp-json\/wp\/v2\/media?parent=1812"}],"curies":[{"name":"wp","href":"https:\/\/api.w.org\/{rel}","templated":true}]}}