{"id":1818,"date":"2025-04-29T15:32:41","date_gmt":"2025-04-29T15:32:41","guid":{"rendered":"https:\/\/edublog.educastur.es\/aulasverdes\/?page_id=1818"},"modified":"2025-05-26T10:44:04","modified_gmt":"2025-05-26T10:44:04","slug":"reaccionamos","status":"publish","type":"page","link":"https:\/\/edublog.educastur.es\/aulasverdes\/acciones-para-reutilizar\/acciones-reciclar\/reaccionamos\/","title":{"rendered":"\u00a1\u00a1REACCIONAR!!"},"content":{"rendered":"<p><span style=\"font-family: arial, helvetica, sans-serif\">En esta p\u00e1gina encontrareis nuestras acciones que colaboran en el fomento de la econom\u00eda circular en nuestra comunidad educativa, en nuestro entorno y en la ciudadan\u00eda a que intentamos llegar con nuestro proyecto.\u00a0<\/span><\/p>\n<p><span style=\"color: #008000\"><strong><span style=\"font-family: arial, helvetica, sans-serif\">INDICE:\u00a0<\/span><\/strong><\/span><\/p>\n<ol>\n<li><span style=\"color: #008000\"><strong><span style=\"font-family: arial, helvetica, sans-serif\">INTRODUCCI\u00d3N<\/span><\/strong><\/span><\/li>\n<li><span style=\"color: #008000\"><strong><span style=\"font-family: arial, helvetica, sans-serif\">PROYECTO DE APRENDIZAJE SERVICIO: RED DE AULAS VERDES<\/span><\/strong><\/span><\/li>\n<li><span style=\"color: #008000\"><strong><span style=\"font-family: arial, helvetica, sans-serif\">NUESTRA CERTIFICACI\u00d3N PARA SER AULA VERDE<\/span><\/strong><\/span><\/li>\n<li><span style=\"color: #008000\"><strong><span style=\"font-family: arial, helvetica, sans-serif\">COOPERATIVAS: PROYECTO EMC, VALNALON<\/span><\/strong><\/span><\/li>\n<li><span style=\"color: #008000\"><strong><span style=\"font-family: arial, helvetica, sans-serif\">SEMANAS EUROPEAS DE LA PREVENCI\u00d3N DE RESIDUOS<\/span><\/strong><\/span><\/li>\n<li><span style=\"color: #008000;font-family: arial, helvetica, sans-serif\"><strong>CAMPA\u00d1A MOVIL\u00cdZATE POR LA SELVA<\/strong><\/span><\/li>\n<li><span style=\"color: #008000\"><strong><span style=\"font-family: arial, helvetica, sans-serif\">ACTIVIDAD LIMPIANDO NUESTROS R\u00cdOS<\/span><\/strong><\/span><\/li>\n<li><span style=\"color: #008000\"><strong><span style=\"font-family: arial, helvetica, sans-serif\">MERCADILLO DE NAVIDAD<\/span><\/strong><\/span><\/li>\n<li><span style=\"color: #008000\"><strong><span style=\"font-family: arial, helvetica, sans-serif\">OTRAS CAMPA\u00d1AS<\/span><\/strong><\/span><\/li>\n<\/ol>\n<p>&nbsp;<\/p>\n<p><!--nextpage--><\/p>\n<p style=\"text-align: center\"><span style=\"font-family: 'arial black', sans-serif;color: #339966;font-size: 18pt\">PROYECTO APS: RED DE AULAS VERDES<\/span><\/p>\n<p><span style=\"font-family: arial, helvetica, sans-serif\">\n<!-- iframe plugin v.6.0 wordpress.org\/plugins\/iframe\/ -->\n<iframe loading=\"lazy\" width=\"500\" height=\"500\" src=\"https:\/\/www.youtube.com\/embed\/mKPrW7cwqtY?si=gu867AcW8J89JC4B\" title=\"YouTube video player\" frameborder=\"0\" allow=\"accelerometer; autoplay; clipboard-write; encrypted-media; gyroscope; picture-in-picture; web-share\" scrolling=\"yes\" class=\"iframe-class\"><\/iframe>\n<\/span><\/p>\n<p><span style=\"font-family: 'arial black', sans-serif;color: #ff6600\">NECESIDAD SOCIAL QUE ATIENDE<\/span><\/p>\n<p><span style=\"font-family: arial, helvetica, sans-serif\">El escaso contacto con la naturaleza es un problema que encontramos en la sociedad actual, y especialmente en el \u00e1mbito educativo.\u00a0 <strong>Consideramos que un trabajo m\u00e1s directo con la naturaleza, adem\u00e1s de favorecer el aprendizaje, nos permite tener mayor conciencia sobre la importancia del cuidado del medio ambiente.\u00a0<\/strong><\/span><\/p>\n<p><span style=\"font-family: arial, helvetica, sans-serif\">A trav\u00e9s de este proyecto, el alumnado del CEE Castiello aborda esta necesidad poniendo en marcha un proyecto de aprendizaje servicio basado en RETOS que lanzan a otros centros, y que consisten en realizar actividades en el medio natural con materiales sostenibles. Cuando las aulas destinatarias realizan los retos, nuestro alumnado los valida con nuestra propia <strong>CERTIFICACI\u00d3N DE AULA VERDE.<\/strong><\/span><\/p>\n<p><span style=\"font-family: arial, helvetica, sans-serif\">De esta forma, nuestro alumnado con diversidad funcional tambi\u00e9n se beneficia del proyecto, mejorando sus competencias comunicativas, sociales y de autonom\u00eda.<\/span><\/p>\n<p><span style=\"font-family: 'arial black', sans-serif;color: #ff6600\"><strong>DESCRIPCI\u00d3N DEL SERVICIO Y DE LAS TAREAS QUE CONTIENE.<\/strong><\/span><\/p>\n<p><span style=\"font-family: arial, helvetica, sans-serif\">RED DE AULAS VERDES es un proyecto interdisciplinar e integrador cuya finalidad es utilizar la naturaleza como instrumento para alcanzar aprendizajes significativos y concienciar de la importancia del cuidado y conservaci\u00f3n del medio ambiente.<\/span><\/p>\n<p><span style=\"font-family: arial, helvetica, sans-serif\">La organizaci\u00f3n de tareas se lleva a cabo de la siguiente manera:<\/span><\/p>\n<ol>\n<li><span style=\"font-family: arial, helvetica, sans-serif\">El alumnado del Colegio de Educaci\u00f3n Especial (CEE) Castiello elabora un documento junto al profesorado con una propuesta de cinco retos al trimestre.<\/span><\/li>\n<li><span style=\"font-family: arial, helvetica, sans-serif\">Este documento se env\u00eda en formato digital a los centros educativos y entidades beneficiarias del servicio.<\/span><\/li>\n<li><span style=\"font-family: arial, helvetica, sans-serif\">Para cada reto se realiza un video o una presentaci\u00f3n en la que el alumnado del CEE Castiello explica c\u00f3mo realizar la actividad para superar ese reto.<\/span><\/li>\n<li><span style=\"font-family: arial, helvetica, sans-serif\">Los retos propuestos deben hacerse al aire libre, con material natural o reutilizado, deben estar destinados al cuidado del medio ambiente o relacionados con tem\u00e1tica social.<\/span><\/li>\n<li><span style=\"font-family: arial, helvetica, sans-serif\">Para confirmar que han realizado el reto, los centros y entidades beneficiarias deben enviar material audiovisual (foto o v\u00eddeo) para que el grupo certificador del CEE Castiello pueda comprobar su realizaci\u00f3n y considerarlo superado.<\/span><\/li>\n<li><span style=\"font-family: arial, helvetica, sans-serif\">Al finalizar el curso se realiza un encuentro de celebraci\u00f3n y el alumnado del centro de educaci\u00f3n especial Castiello hace entrega de la Certificaci\u00f3n como Aula Verde\u201d.<\/span><\/li>\n<\/ol>\n<p><span style=\"font-family: arial, helvetica, sans-serif\">Este proyecto lo desarrollamos desde el curso 2022\/23, cuando lanzamos nuestro proyecto a 3 centros. El siguiente curso se sumaron, 23\/24, fueron 5 centros y este curso estamos realizando este proyecto con 7 centros, con niveles desde infantil a secundaria, e incluso se han sumado a nuestros retos un grupo de trabajadores de Valnal\u00f3n.\u00a0<\/span><\/p>\n<p><span style=\"font-family: 'arial black', sans-serif;color: #ff6600\">RECONOCIMIENTO<\/span><\/p>\n<p><span style=\"font-family: arial, helvetica, sans-serif\">El pasado viernes 13 de diciembre se entreg\u00f3 los<strong> premios Aprendizaje-Servicio 2024 en M\u00e9rida.\u00a0<\/strong><\/span><\/p>\n<p><span style=\"font-family: arial, helvetica, sans-serif\"><img loading=\"lazy\" decoding=\"async\" class=\" wp-image-1639 alignnone\" src=\"http:\/\/edublog.educastur.es\/aulasverdes\/files\/2024\/12\/InCollage_20241217_223820140-300x300.jpg\" alt=\"\" width=\"271\" height=\"271\" \/><\/span><img loading=\"lazy\" decoding=\"async\" class=\"size-medium wp-image-1641 alignnone\" style=\"font-family: arial, helvetica, sans-serif\" src=\"http:\/\/edublog.educastur.es\/aulasverdes\/files\/2024\/12\/foto-diploma-APs-300x226.jpg\" alt=\"\" width=\"300\" height=\"226\" srcset=\"https:\/\/edublog.educastur.es\/aulasverdes\/files\/2024\/12\/foto-diploma-APs-300x226.jpg 300w, https:\/\/edublog.educastur.es\/aulasverdes\/files\/2024\/12\/foto-diploma-APs-1024x771.jpg 1024w, https:\/\/edublog.educastur.es\/aulasverdes\/files\/2024\/12\/foto-diploma-APs-768x578.jpg 768w, https:\/\/edublog.educastur.es\/aulasverdes\/files\/2024\/12\/foto-diploma-APs-1536x1156.jpg 1536w, https:\/\/edublog.educastur.es\/aulasverdes\/files\/2024\/12\/foto-diploma-APs-1000x752.jpg 1000w, https:\/\/edublog.educastur.es\/aulasverdes\/files\/2024\/12\/foto-diploma-APs-399x300.jpg 399w, https:\/\/edublog.educastur.es\/aulasverdes\/files\/2024\/12\/foto-diploma-APs.jpg 1604w\" sizes=\"auto, (max-width: 300px) 100vw, 300px\" \/><\/p>\n<p style=\"text-align: center\"><span style=\"font-family: 'arial black', sans-serif;color: #339966\">Nuestro proyecto\u202fRed de Aulas Verdes, ha resultado\u202ffinalista\u202fentre los much\u00edsimos proyectos que se han presentado este a\u00f1o.<\/span><\/p>\n<p><span style=\"font-family: arial, helvetica, sans-serif\">Desde el jurado nos han felicitado por su calidad educativa y su impacto social y comunitario anim\u00e1ndonos a seguir presentando proyectos de Aprendizaje-Servicio en las pr\u00f3ximas ediciones.<\/span><\/p>\n<p><span style=\"font-family: arial, helvetica, sans-serif\">Queremos dar las gracias a todo el profesorado implicado cada d\u00eda en que este proyecto siga adelante, as\u00ed como a los centros que han acogido nuestra propuesta de ser cada d\u00eda centros mas sostenibles y respetuosos con el medio ambiente.\u00a0<\/span><\/p>\n<p><!--nextpage--><\/p>\n<p style=\"text-align: center\"><span style=\"font-family: 'arial black', sans-serif;color: #ff6600;font-size: 14pt\">NUESTRA CERTIFICACI\u00d3N PARA SER AULA VERDE<\/span><\/p>\n<p><span style=\"font-family: arial, helvetica, sans-serif\"><img loading=\"lazy\" decoding=\"async\" class=\"size-medium wp-image-811 aligncenter\" src=\"http:\/\/edublog.educastur.es\/aulasverdes\/files\/2022\/06\/IMG_20211022_120555_redimensionar-e1655890098520-300x225.jpg\" alt=\"\" width=\"300\" height=\"225\" srcset=\"https:\/\/edublog.educastur.es\/aulasverdes\/files\/2022\/06\/IMG_20211022_120555_redimensionar-e1655890098520-300x225.jpg 300w, https:\/\/edublog.educastur.es\/aulasverdes\/files\/2022\/06\/IMG_20211022_120555_redimensionar-e1655890098520-400x300.jpg 400w, https:\/\/edublog.educastur.es\/aulasverdes\/files\/2022\/06\/IMG_20211022_120555_redimensionar-e1655890098520.jpg 600w\" sizes=\"auto, (max-width: 300px) 100vw, 300px\" \/>Desde el 2021 llevamos lanzando retos a nuestro cole y posteriormente a otros centros. Las clases participantes, en ocasiones las familias, realizan una propuesta de retos son todos de tem\u00e1tica ecosocial, cuyos principales objetivos educativos son los siguientes:<\/span><\/p>\n<ul>\n<li><span style=\"font-family: arial, helvetica, sans-serif\">acercar al alumnado a la naturaleza, un mayor conocimiento de la naturaleza creemos que nos va a llevar a un mayor respeto de la misma.<\/span><\/li>\n<li><span style=\"font-family: arial, helvetica, sans-serif\">concienciar de la importancia del cuidado del medio ambiente.<\/span><\/li>\n<li><span style=\"font-family: arial, helvetica, sans-serif\">fomentar acciones de econom\u00eda circular<\/span><\/li>\n<li><span style=\"font-family: arial, helvetica, sans-serif\">impulsar actividades de REDUCIR, REUTILIZAR Y RECICLAR en nuestra comunidad educativa y en nuestro entorno.\u00a0<\/span><\/li>\n<\/ul>\n<p><span style=\"font-family: arial, helvetica, sans-serif\">Una vez realizado el reto mandan una prueba grafica al equipo certificador que se encarga de validarlos. Cuando termina el curso y si han realizado los retos consiguen nuestro certificado de AULA VERDE.<\/span><\/p>\n<p><img loading=\"lazy\" decoding=\"async\" class=\"alignnone wp-image-1849\" src=\"http:\/\/edublog.educastur.es\/aulasverdes\/files\/2025\/04\/retos-300x225.jpg\" alt=\"\" width=\"277\" height=\"208\" \/><img loading=\"lazy\" decoding=\"async\" class=\"alignnone wp-image-1202\" src=\"http:\/\/edublog.educastur.es\/aulasverdes\/files\/2023\/06\/certificado-2023-1-300x212.jpg\" alt=\"\" width=\"292\" height=\"206\" srcset=\"https:\/\/edublog.educastur.es\/aulasverdes\/files\/2023\/06\/certificado-2023-1-300x212.jpg 300w, https:\/\/edublog.educastur.es\/aulasverdes\/files\/2023\/06\/certificado-2023-1-1024x724.jpg 1024w, https:\/\/edublog.educastur.es\/aulasverdes\/files\/2023\/06\/certificado-2023-1-768x543.jpg 768w, https:\/\/edublog.educastur.es\/aulasverdes\/files\/2023\/06\/certificado-2023-1-1536x1086.jpg 1536w, https:\/\/edublog.educastur.es\/aulasverdes\/files\/2023\/06\/certificado-2023-1-1000x707.jpg 1000w, https:\/\/edublog.educastur.es\/aulasverdes\/files\/2023\/06\/certificado-2023-1-424x300.jpg 424w, https:\/\/edublog.educastur.es\/aulasverdes\/files\/2023\/06\/certificado-2023-1.jpg 2000w\" sizes=\"auto, (max-width: 292px) 100vw, 292px\" \/><\/p>\n<p style=\"text-align: center\"><strong><span style=\"color: #008000\">Esta es la actividad que forma parte de las programaciones de aula es la m\u00e1s representativa de nuestro proyecto, e implica a mucho profesorado, familias, alumnado y otros centros.<\/span><br \/>\n<\/strong><\/p>\n<p><span style=\"font-family: arial, helvetica, sans-serif\">Ejemplo de reto de el segundo trimestre de este curso la <strong>MAR DE PLASTICO.<\/strong> <img loading=\"lazy\" decoding=\"async\" class=\"alignright size-medium wp-image-1664\" src=\"http:\/\/edublog.educastur.es\/aulasverdes\/files\/2025\/02\/001_imagenesreales-300x169.jpg\" alt=\"\" width=\"300\" height=\"169\" srcset=\"https:\/\/edublog.educastur.es\/aulasverdes\/files\/2025\/02\/001_imagenesreales-300x169.jpg 300w, https:\/\/edublog.educastur.es\/aulasverdes\/files\/2025\/02\/001_imagenesreales-1024x576.jpg 1024w, https:\/\/edublog.educastur.es\/aulasverdes\/files\/2025\/02\/001_imagenesreales-768x432.jpg 768w, https:\/\/edublog.educastur.es\/aulasverdes\/files\/2025\/02\/001_imagenesreales-1536x864.jpg 1536w, https:\/\/edublog.educastur.es\/aulasverdes\/files\/2025\/02\/001_imagenesreales-2048x1152.jpg 2048w, https:\/\/edublog.educastur.es\/aulasverdes\/files\/2025\/02\/001_imagenesreales-1000x563.jpg 1000w, https:\/\/edublog.educastur.es\/aulasverdes\/files\/2025\/02\/001_imagenesreales-533x300.jpg 533w\" sizes=\"auto, (max-width: 300px) 100vw, 300px\" \/><\/span><\/p>\n<p><span style=\"font-family: arial, helvetica, sans-serif\">El funcionamiento es el siguiente: cada aula visiona mediante el c\u00f3digo QR una presentaci\u00f3n o video que explica como realizar este reto,\u00a0<a href=\"https:\/\/educastur-my.sharepoint.com\/:v:\/g\/personal\/isabelmsa_educastur_org\/Ed67HdtvggVNkLbuU4ahoXUB5PHQi0DByJOBgicE-KNt3g?nav=eyJyZWZlcnJhbEluZm8iOnsicmVmZXJyYWxBcHAiOiJTdHJlYW1XZWJBcHAiLCJyZWZlcnJhbFZpZXciOiJTaGFyZURpYWxvZy1MaW5rIiwicmVmZXJyYWxBcHBQbGF0Zm9ybSI6IldlYiIsInJlZmVycmFsTW9kZSI6InZpZXcifX0%3D&amp;e=MEH8yG\" target=\"_blank\" rel=\"noopener\">ENLACE RETO LA MAR DE PLASTICO<\/a><\/span><\/p>\n<p><span style=\"font-family: arial, helvetica, sans-serif\">Posteriormente, el alumnado realiza la actividad y env\u00eda una prueba al grupo certificador, que la valida. Todos los retos propuestos deben ser realizados utilizando materiales de desecho, naturales u otros recursos ya existentes. El objetivo es siempre concienciar sobre la importancia de educar de una manera m\u00e1s sostenible y desde un enfoque m\u00e1s medioambiental.<\/span><\/p>\n<p><img loading=\"lazy\" decoding=\"async\" class=\"size-medium wp-image-2067 aligncenter\" src=\"http:\/\/edublog.educastur.es\/aulasverdes\/files\/2025\/05\/la-mar-de-plastico-300x226.jpg\" alt=\"\" width=\"300\" height=\"226\" srcset=\"https:\/\/edublog.educastur.es\/aulasverdes\/files\/2025\/05\/la-mar-de-plastico-300x226.jpg 300w, https:\/\/edublog.educastur.es\/aulasverdes\/files\/2025\/05\/la-mar-de-plastico-1024x771.jpg 1024w, https:\/\/edublog.educastur.es\/aulasverdes\/files\/2025\/05\/la-mar-de-plastico-768x578.jpg 768w, https:\/\/edublog.educastur.es\/aulasverdes\/files\/2025\/05\/la-mar-de-plastico-1536x1157.jpg 1536w, https:\/\/edublog.educastur.es\/aulasverdes\/files\/2025\/05\/la-mar-de-plastico-1000x753.jpg 1000w, https:\/\/edublog.educastur.es\/aulasverdes\/files\/2025\/05\/la-mar-de-plastico-398x300.jpg 398w, https:\/\/edublog.educastur.es\/aulasverdes\/files\/2025\/05\/la-mar-de-plastico.jpg 2040w\" sizes=\"auto, (max-width: 300px) 100vw, 300px\" \/><\/p>\n<p style=\"text-align: center\"><span style=\"font-family: 'arial black', sans-serif;color: #339966\">A trav\u00e9s de nuestra certificaci\u00f3n seguimos lanzando retos para ser cada d\u00eda centros m\u00e1s sostenibles. <\/span><\/p>\n<p style=\"text-align: center\"><span style=\"font-family: 'arial black', sans-serif;color: #339966\">En este enlace pod\u00e9is ver los retos que hemos lanzado desde nuestros inicios, si te interesa sumarte puedes ponerte en contacto con nosotras, o bien repicar la idea estaremos encantadas de ayudarte.\u00a0<\/span><\/p>\n<p><a href=\"https:\/\/view.genially.com\/68343c2719864f205f490071\/interactive-content-retos-aulas-verdeshistorico\" target=\"_blank\" rel=\"noopener\">PULSA AQUI PARA VER LOS RETOS<\/a><\/p>\n<p><!--nextpage--><\/p>\n<p style=\"text-align: center\"><span style=\"color: #ff9900;font-size: 14pt\"><strong><span style=\"font-family: arial, helvetica, sans-serif\">COOPERATIVAS: PROYECTO EMC, VALNALON<\/span><\/strong><\/span><\/p>\n<p><span style=\"font-family: arial, helvetica, sans-serif\">El centro participa en el <strong>Programa \u201cUna Empresa en mi Centro\u201d (EMC) de la sociedad de gesti\u00f3n Valnal\u00f3n.<\/strong> En concreto, en nuestro centro hay dos cooperativas:<span style=\"color: #008000\"><strong> Plantiello y Arboleda, en las que participan alumnado de TVA, FPBE, y EBO II.\u00a0<\/strong><\/span><\/span><\/p>\n<p><span style=\"font-family: arial, helvetica, sans-serif\">El Programa EMC es un proyecto educativo dirigido a alumnado de Educaci\u00f3n Especial y de Centros de Apoyo a la Integraci\u00f3n, en el que, durante el curso escolar, crean y gestionan una cooperativa educativa en la que fabrican productos de forma artesana que venden, posteriormente, en un mercado o feria de su localidad, una vez al a\u00f1o.<\/span><\/p>\n<p><span style=\"font-family: arial, helvetica, sans-serif\">EMC propone una metodolog\u00eda basada en la pr\u00e1ctica, donde el <strong>aprendizaje es activo, cooperativo y significativo<\/strong>, y donde los destinatarios\/as del proyecto son protagonistas de su propio aprendizaje, ya que ser\u00e1n ellos\/as quienes tomen las decisiones. Siendo el papel de la profesora es de gesti\u00f3n, apoyo, asesoramiento y propuesta de retos.<\/span><\/p>\n<p><span style=\"font-family: arial, helvetica, sans-serif\">Este programa supone el hilo conductor de muchas de las sesiones. Durante las clases pr\u00e1cticas se obtienen productos para su venta. Se destinan sesiones exclusivas para la organizaci\u00f3n de la cooperativa, mercadillos para la venta, reuniones formativas, gestiones de la cooperativa,..<\/span><\/p>\n<p><span style=\"font-family: arial, helvetica, sans-serif\">A nivel general se temporaliza de la siguiente manera:<\/span><\/p>\n<ul>\n<li><span style=\"font-family: arial, helvetica, sans-serif\"><strong>Primer trimestre,<\/strong> se establece la cooperativa: estatutos, fichas de socios, decide la producci\u00f3n, encargos,\u2026<\/span><\/li>\n<li><span style=\"font-family: arial, helvetica, sans-serif\"><strong>Segundo trimestre:<\/strong> plantas hort\u00edcolas, se solicita un pr\u00e9stamo a un banco, para obtener medios para comprar el material necesario y se desarrollan los productos.<\/span><\/li>\n<li><span style=\"font-family: arial, helvetica, sans-serif\"><strong>Tercer trimestre<\/strong>: se realizan las labores de preparaci\u00f3n del mercadillo, el mercadillo, devoluci\u00f3n del pr\u00e9stamo y reparto de beneficios.\u00a0<\/span><\/li>\n<\/ul>\n<p><span style=\"font-family: arial, helvetica, sans-serif\"><img loading=\"lazy\" decoding=\"async\" class=\"size-medium wp-image-2023 aligncenter\" src=\"http:\/\/edublog.educastur.es\/aulasverdes\/files\/2025\/05\/mercadillo-grande-300x195.jpg\" alt=\"\" width=\"300\" height=\"195\" srcset=\"https:\/\/edublog.educastur.es\/aulasverdes\/files\/2025\/05\/mercadillo-grande-300x195.jpg 300w, https:\/\/edublog.educastur.es\/aulasverdes\/files\/2025\/05\/mercadillo-grande-461x300.jpg 461w, https:\/\/edublog.educastur.es\/aulasverdes\/files\/2025\/05\/mercadillo-grande.jpg 526w\" sizes=\"auto, (max-width: 300px) 100vw, 300px\" \/>Del dinero obtenido una parte el alumnado decide en que gastarlo, actividad conjunta, otra parte es para el curso que viene y otra parte es una donaci\u00f3n solidaria a una entidad.\u00a0<\/span><\/p>\n<p><span style=\"font-family: arial, helvetica, sans-serif\">Esto supone conocer de primera mano la realidad social en la que trabajan distintas entidades en las que hemos colaborado entre otras: <span style=\"color: #008000\"><strong>BANCO DE ALIMENTOS, CRUZ ROJA, ALARDE, y este curso COCINA ECONOMICA.\u00a0<\/strong><\/span><\/span><\/p>\n<p><img loading=\"lazy\" decoding=\"async\" class=\"size-medium wp-image-2024 aligncenter\" src=\"http:\/\/edublog.educastur.es\/aulasverdes\/files\/2025\/05\/InCollage_20250505_001113087-300x300.jpg\" alt=\"\" width=\"300\" height=\"300\" \/><\/p>\n<p><span style=\"font-family: arial, helvetica, sans-serif\">Este proyecto es muy importante en el centro durante todo el curso, y est\u00e1 muy consolidado ya que son muchos los cursos en los que se lleva participando en \u00e9l. Es una actividad muy motivante, que implica al alumnado, al profesorado y a la comunidad educativa. Se realizan mercados peri\u00f3dicos de verdura ecol\u00f3gica de nuestros huertos, y al final de curso\u00a0 que la visibilidad de nuestros trabajos artesanos y producci\u00f3n de planta ecol\u00f3gicas.\u00a0<\/span><\/p>\n<p><!--nextpage--><\/p>\n<p style=\"text-align: center\"><span style=\"color: #339966;font-size: 14pt\"><strong><span style=\"font-family: arial, helvetica, sans-serif\">SEMANAS EUROPEAS DE LA PREVENCI\u00d3N DE RESIDUOS<img loading=\"lazy\" decoding=\"async\" class=\"size-medium wp-image-468 alignright\" src=\"http:\/\/edublog.educastur.es\/aulasverdes\/files\/2021\/11\/CARTEL-225x300.jpg\" alt=\"\" width=\"225\" height=\"300\" \/><\/span><\/strong><\/span><\/p>\n<p><span style=\"font-family: arial, helvetica, sans-serif\">Desde hace 3 a\u00f1os nuestro centro se compromete en esta semana con la organizaci\u00f3n y realizaci\u00f3n de acciones siguiendo los lemas marcados. En ellos se suelen implicar toda la comunidad educativa y se realiza la difusi\u00f3n a trav\u00e9s de las redes sociales del centro, el blog del proyecto y en el caso de este curso con un reportaje del Comercio.\u00a0<\/span><\/p>\n<ul style=\"list-style-type: circle\">\n<li><span style=\"font-family: 'arial black', sans-serif;color: #ff9900\" data-teams=\"true\"><span style=\"font-family: arial, helvetica, sans-serif\">\u00a0<\/span>curso 24-25 : Arte a trav\u00e9s de la historia\u00a0<\/span><\/li>\n<\/ul>\n<p><span style=\"font-family: arial, helvetica, sans-serif\">Campa\u00f1a a nivel de centro para el fomento de materiales naturales, reducci\u00f3n de residuos y gesti\u00f3n de residuos alimenticios. Para el proyecto se usaron materiales sostenibles para las obras de arte rupestre o para los papiros egipcios, en este reportaje recogido por El Comercio se recoge el trabajo realizado por nuestro alumnado.\u00a0<\/span><\/p>\n<p><a href=\"https:\/\/www.elcomercio.es\/gijon\/reduccion-residuo-alimentario-fortaleza-tejido-social-20241122142053-vi.html\" target=\"_blank\" rel=\"noopener\">REPORTAJE EL COMERCIO <\/a><\/p>\n<ul style=\"list-style-type: circle\">\n<li><span style=\"font-family: 'arial black', sans-serif;color: #ff9900\" data-teams=\"true\">curso 23-24 : \u00abElectromovil\u00edzate\u00bb<\/span><\/li>\n<\/ul>\n<p><span style=\"font-family: arial, helvetica, sans-serif\">Campa\u00f1a lanzada a toda la comunidad educativa para la recogida de<strong> peque\u00f1o electrodom\u00e9sticos,<\/strong> donde concienciar de tener un uso responsable de los mismos, fomentar la reparaci\u00f3n, otro uso de los mismos o el destino final el punto limpio.<\/span><\/p>\n<p><img loading=\"lazy\" decoding=\"async\" class=\"size-medium wp-image-1984 aligncenter\" src=\"http:\/\/edublog.educastur.es\/aulasverdes\/files\/2025\/05\/ELECTROMOVILIZATE-300x283.jpg\" alt=\"\" width=\"300\" height=\"283\" srcset=\"https:\/\/edublog.educastur.es\/aulasverdes\/files\/2025\/05\/ELECTROMOVILIZATE-300x283.jpg 300w, https:\/\/edublog.educastur.es\/aulasverdes\/files\/2025\/05\/ELECTROMOVILIZATE-318x300.jpg 318w, https:\/\/edublog.educastur.es\/aulasverdes\/files\/2025\/05\/ELECTROMOVILIZATE.jpg 614w\" sizes=\"auto, (max-width: 300px) 100vw, 300px\" \/><\/p>\n<ul style=\"list-style-type: circle\">\n<li><span data-teams=\"true\"><span style=\"font-family: 'arial black', sans-serif;color: #ff9900\">\u00a0curso2022-23: \u201cTRENZARTE\u201d\u00a0\u00a0<\/span><\/span><\/li>\n<\/ul>\n<figure id=\"attachment_1978\" aria-describedby=\"caption-attachment-1978\" style=\"width: 314px\" class=\"wp-caption aligncenter\"><img loading=\"lazy\" decoding=\"async\" class=\"wp-image-1978\" src=\"http:\/\/edublog.educastur.es\/aulasverdes\/files\/2025\/05\/Diseno-sin-titulo-e1746384486921-300x211.jpg\" alt=\"\" width=\"314\" height=\"221\" srcset=\"https:\/\/edublog.educastur.es\/aulasverdes\/files\/2025\/05\/Diseno-sin-titulo-e1746384486921-300x211.jpg 300w, https:\/\/edublog.educastur.es\/aulasverdes\/files\/2025\/05\/Diseno-sin-titulo-e1746384486921.jpg 427w\" sizes=\"auto, (max-width: 314px) 100vw, 314px\" \/><figcaption id=\"caption-attachment-1978\" class=\"wp-caption-text\">Cartel para la recogida en el centro, en nuestro centro<\/figcaption><\/figure>\n<p><span style=\"font-family: arial, helvetica, sans-serif\">Dentro de la<strong> SEPR en el curso 2023 <\/strong>se realiz\u00f3 una campa\u00f1a de recogida de ropa y telas en la que particip\u00f3 toda la comunidad educativa. El alumnado de ciclos superiores realiz\u00f3 una selecci\u00f3n de prendas de vestir, escogiendo aquellas que eran apropiadas para su uso y, tras ponernos en contacto con la tienda \u201cKoopera Store\u201d las llevamos al contenedor de la tienda de Gij\u00f3n.<\/span><\/p>\n<p><em><span style=\"font-family: arial, helvetica, sans-serif\">*\u201cKoopera Store\u201d trabaja para la integraci\u00f3n de las personas en riesgo o en situaci\u00f3n de exclusi\u00f3n social que necesitan una segunda oportunidad mediante actividades que a su vez tienen un impacto positivo en la sociedad y que mejoran el entorno.<\/span><\/em><\/p>\n<p><!--nextpage--><\/p>\n<p style=\"text-align: center\"><span style=\"font-family: 'arial black', sans-serif;font-size: 14pt;color: #ff6600\">CAMPA\u00d1AS MOVIL\u00cdZATE POR LA SELVA<\/span><\/p>\n<p><img loading=\"lazy\" decoding=\"async\" class=\"wp-image-1454 alignright\" src=\"http:\/\/edublog.educastur.es\/aulasverdes\/files\/2024\/04\/WhatsApp-Image-2023-02-10-at-12-300x219.jpg\" alt=\"\" width=\"263\" height=\"192\" \/><\/p>\n<p><span style=\"font-family: arial, helvetica, sans-serif\">Con esta campa\u00f1a, llevada a cabo por EBO II, conseguimos reunir los <strong>30 m\u00f3viles viejos.\u00a0<\/strong> Nuestro alumnado hizo unos contenedores donde se depositaron los m\u00f3viles donados por nuestra comunidad educativa, dos c<\/span><span style=\"font-family: arial, helvetica, sans-serif\">entros integrados y una asociaci\u00f3n. Los reviso todos y posteriormente hizo el env\u00edo para la <\/span><strong style=\"font-family: arial, helvetica, sans-serif\">Fundaci\u00f3n de<\/strong><\/p>\n<p><strong style=\"font-family: arial, helvetica, sans-serif\">\u00a0Jane Goodall.<\/strong><\/p>\n<p><img loading=\"lazy\" decoding=\"async\" class=\"wp-image-1449 alignnone\" src=\"http:\/\/edublog.educastur.es\/aulasverdes\/files\/2024\/04\/IMG-20240405-WA0003-300x226.jpg\" alt=\"\" width=\"256\" height=\"193\" srcset=\"https:\/\/edublog.educastur.es\/aulasverdes\/files\/2024\/04\/IMG-20240405-WA0003-300x226.jpg 300w, https:\/\/edublog.educastur.es\/aulasverdes\/files\/2024\/04\/IMG-20240405-WA0003-1024x771.jpg 1024w, https:\/\/edublog.educastur.es\/aulasverdes\/files\/2024\/04\/IMG-20240405-WA0003-768x578.jpg 768w, https:\/\/edublog.educastur.es\/aulasverdes\/files\/2024\/04\/IMG-20240405-WA0003-1536x1156.jpg 1536w, https:\/\/edublog.educastur.es\/aulasverdes\/files\/2024\/04\/IMG-20240405-WA0003-1000x753.jpg 1000w, https:\/\/edublog.educastur.es\/aulasverdes\/files\/2024\/04\/IMG-20240405-WA0003-399x300.jpg 399w, https:\/\/edublog.educastur.es\/aulasverdes\/files\/2024\/04\/IMG-20240405-WA0003.jpg 1600w\" sizes=\"auto, (max-width: 256px) 100vw, 256px\" \/><img loading=\"lazy\" decoding=\"async\" class=\"wp-image-1450 alignright\" src=\"http:\/\/edublog.educastur.es\/aulasverdes\/files\/2024\/04\/IMG-20240405-WA0004-300x226.jpg\" alt=\"\" width=\"253\" height=\"191\" srcset=\"https:\/\/edublog.educastur.es\/aulasverdes\/files\/2024\/04\/IMG-20240405-WA0004-300x226.jpg 300w, https:\/\/edublog.educastur.es\/aulasverdes\/files\/2024\/04\/IMG-20240405-WA0004-1024x771.jpg 1024w, https:\/\/edublog.educastur.es\/aulasverdes\/files\/2024\/04\/IMG-20240405-WA0004-768x578.jpg 768w, https:\/\/edublog.educastur.es\/aulasverdes\/files\/2024\/04\/IMG-20240405-WA0004-1536x1156.jpg 1536w, https:\/\/edublog.educastur.es\/aulasverdes\/files\/2024\/04\/IMG-20240405-WA0004-1000x753.jpg 1000w, https:\/\/edublog.educastur.es\/aulasverdes\/files\/2024\/04\/IMG-20240405-WA0004-399x300.jpg 399w, https:\/\/edublog.educastur.es\/aulasverdes\/files\/2024\/04\/IMG-20240405-WA0004.jpg 1600w\" sizes=\"auto, (max-width: 253px) 100vw, 253px\" \/><\/p>\n<p><span style=\"font-family: arial, helvetica, sans-serif\">Con estas donaciones se consigui\u00f3 el apadrinamiento de un chimpanc\u00e9, <strong>VIENA<\/strong>. Fue una actividad muy motivante para nuestro alumnado ya que su esfuerzo tuvo una repercusi\u00f3n ecol\u00f3gica tangible para ellos.\u00a0<\/span><\/p>\n<p><img loading=\"lazy\" decoding=\"async\" class=\"size-medium wp-image-1451 aligncenter\" src=\"http:\/\/edublog.educastur.es\/aulasverdes\/files\/2024\/04\/MicrosoftTeams-image-32-300x203.jpg\" alt=\"\" width=\"300\" height=\"203\" srcset=\"https:\/\/edublog.educastur.es\/aulasverdes\/files\/2024\/04\/MicrosoftTeams-image-32-300x203.jpg 300w, https:\/\/edublog.educastur.es\/aulasverdes\/files\/2024\/04\/MicrosoftTeams-image-32.jpg 354w\" sizes=\"auto, (max-width: 300px) 100vw, 300px\" \/><\/p>\n<p><span style=\"font-family: arial, helvetica, sans-serif\">Esta actividad fue muy motivante para el alumnado ya que fruto de su trabajo se vio compensado con una acci\u00f3n solidaria. Permiti\u00f3 conocer m\u00e1s de cerca la Fundaci\u00f3n de Jane Goodall y su labor por la mejora de la vida de los Chimpanc\u00e9s.\u00a0<\/span><br \/>\n<!--nextpage--><\/p>\n<p style=\"text-align: center\"><span style=\"color: #ff9900;font-family: 'arial black', sans-serif;font-size: 14pt\">ACTIVIDAD LIMPIANDO NUESTRAS R\u00cdOS<\/span><\/p>\n<p><span style=\"font-family: arial, helvetica, sans-serif\">El d\u00eda 4 de noviembre el ciclo de <strong>EBO II p<\/strong>articip\u00f3 en esta actividad, organizada por el ayuntamiento de Gij\u00f3n. Los monitores nos hicieron una explicaci\u00f3n muy interesante sobre en que consistir\u00eda nuestra misi\u00f3n, para ello se nos dio material y se procedi\u00f3 a la recogida de basura en la ribera r\u00edo Pe\u00f1a Francia . Una actividad de gran inter\u00e9s para la concienciaci\u00f3n de la importancia de tirar nuestros residuos en los contenedores correspondientes para que no afecte al medio ambiente.\u00a0<\/span><\/p>\n\n<!-- iframe plugin v.6.0 wordpress.org\/plugins\/iframe\/ -->\n<iframe loading=\"lazy\" src=\"https:\/\/www.facebook.com\/plugins\/post.php?href=https%3A%2F%2Fwww.facebook.com%2Fpermalink.php%3Fstory_fbid%3Dpfbid0EzSTesVqvJEgks5MDbDvNP1QcD7Lucv2bkW7JY42Zgm4oGJshAuBvZzXmSEoHMUtl%26id%3D100009366805012&#038;show_text=true&#038;width=500\" width=\"500\" height=\"658\" style=\"border:none;overflow:hidden\" scrolling=\"no\" frameborder=\"0\" allowfullscreen=\"true\" 0=\"allow=&quot;autoplay;\" 1=\"clipboard-write;\" 2=\"encrypted-media;\" 3=\"picture-in-picture;\" 4=\"web-share&quot;&gt;&lt;\/iframe\" class=\"iframe-class\"><\/iframe>\n\n<p><span style=\"font-family: arial, helvetica, sans-serif\"><!--nextpage--><\/span><\/p>\n<p style=\"text-align: center\"><span style=\"font-family: 'arial black', sans-serif;color: #ff6600\">MERCADILLO NAVIDE\u00d1O<\/span><\/p>\n<p><span style=\"font-family: arial, helvetica, sans-serif\">Para el mercadillo de navide\u00f1o de este curso, se realiz\u00f3 un reto \u00abJUGUETE SOLIDARIO\u00bb, adem\u00e1s de artesan\u00eda realizada con material natural (palos, hojas,&#8230;), material de desecho (corchos, papel de peri\u00f3dicos, rollos de papel higi\u00e9nico,&#8230;.) . <\/span><\/p>\n<p><span style=\"font-family: arial, helvetica, sans-serif\">En la elaboraci\u00f3n de objetos de decoraci\u00f3n navide\u00f1o participaron muchas de las aulas de nuestro centro adem\u00e1s del IES Rosario Acu\u00f1a. El mercadillo se abri\u00f3 a toda la comunidad educativa, y todo el dinero obtenido se destin\u00f3 a la cocina econ\u00f3mica de Gij\u00f3n. En este trimestre se har\u00e1 la entrega de la donaci\u00f3n junto con lo que se consiga en el mercadillo de cooperativas de Valnal\u00f3n.\u00a0<\/span><\/p>\n<p><img loading=\"lazy\" decoding=\"async\" class=\"alignnone size-medium wp-image-1991\" style=\"font-family: arial, helvetica, sans-serif\" src=\"http:\/\/edublog.educastur.es\/aulasverdes\/files\/2025\/05\/cartel-mercadillo-navidad-212x300.png\" alt=\"\" width=\"212\" height=\"300\" srcset=\"https:\/\/edublog.educastur.es\/aulasverdes\/files\/2025\/05\/cartel-mercadillo-navidad-212x300.png 212w, https:\/\/edublog.educastur.es\/aulasverdes\/files\/2025\/05\/cartel-mercadillo-navidad-724x1024.png 724w, https:\/\/edublog.educastur.es\/aulasverdes\/files\/2025\/05\/cartel-mercadillo-navidad-768x1086.png 768w, https:\/\/edublog.educastur.es\/aulasverdes\/files\/2025\/05\/cartel-mercadillo-navidad-1086x1536.png 1086w, https:\/\/edublog.educastur.es\/aulasverdes\/files\/2025\/05\/cartel-mercadillo-navidad-1000x1414.png 1000w, https:\/\/edublog.educastur.es\/aulasverdes\/files\/2025\/05\/cartel-mercadillo-navidad.png 1414w\" sizes=\"auto, (max-width: 212px) 100vw, 212px\" \/><img loading=\"lazy\" decoding=\"async\" class=\" wp-image-1963 alignnone\" style=\"color: #ff6600;font-family: 'arial black', sans-serif;text-align: center\" src=\"http:\/\/edublog.educastur.es\/aulasverdes\/files\/2025\/04\/InCollage_20250430_204456984-300x300.jpg\" alt=\"\" width=\"268\" height=\"268\" \/><\/p>\n<p><a href=\"https:\/\/www.lne.es\/gijon\/2024\/12\/19\/colegio-castiello-cultiva-solidaridad-112780586.html\" target=\"_blank\" rel=\"noopener\">ENLACE NOTICIA LA NUEVA ESPA\u00d1A<\/a><\/p>\n<p>&nbsp;<\/p>\n<p><!--nextpage--><\/p>\n<p style=\"text-align: center\"><span style=\"font-family: 'arial black', sans-serif;font-size: 14pt;color: #ff6600\">OTRAS CAMPA\u00d1AS<\/span><\/p>\n<p><img loading=\"lazy\" decoding=\"async\" class=\"size-medium wp-image-1247 aligncenter\" src=\"http:\/\/edublog.educastur.es\/aulasverdes\/files\/2023\/10\/MicrosoftTeams-image-25-1-300x225.jpg\" alt=\"\" width=\"300\" height=\"225\" \/><\/p>\n<p>En esta enlace hemos realizado una recopilaci\u00f3n de las distintas campa\u00f1as que hemos realizado entre nuestra comunidad educativa.<\/p>\n<p style=\"text-align: left\"><span style=\"font-family: 'arial black', sans-serif;color: #339966;font-size: 14pt\">CAMPA\u00d1A NAVIDAD: REUTILIZAMOS Y REDUCIMOS<\/span><\/p>\n<p>Todos los cursos se hacen campa\u00f1as para el fomento de que se hagan\u00a0 ADORNOS SOSTENIBLES&#8230;<img loading=\"lazy\" decoding=\"async\" class=\"wp-image-1306 alignright\" src=\"http:\/\/edublog.educastur.es\/aulasverdes\/files\/2023\/12\/Poster-\u00bfComo-cuidar-el-Medio-Ambiente-11-300x212.png\" alt=\"\" width=\"439\" height=\"310\" srcset=\"https:\/\/edublog.educastur.es\/aulasverdes\/files\/2023\/12\/Poster-\u00bfComo-cuidar-el-Medio-Ambiente-11-300x212.png 300w, https:\/\/edublog.educastur.es\/aulasverdes\/files\/2023\/12\/Poster-\u00bfComo-cuidar-el-Medio-Ambiente-11-1024x724.png 1024w, https:\/\/edublog.educastur.es\/aulasverdes\/files\/2023\/12\/Poster-\u00bfComo-cuidar-el-Medio-Ambiente-11-768x543.png 768w, https:\/\/edublog.educastur.es\/aulasverdes\/files\/2023\/12\/Poster-\u00bfComo-cuidar-el-Medio-Ambiente-11-1536x1086.png 1536w, https:\/\/edublog.educastur.es\/aulasverdes\/files\/2023\/12\/Poster-\u00bfComo-cuidar-el-Medio-Ambiente-11-2048x1448.png 2048w, https:\/\/edublog.educastur.es\/aulasverdes\/files\/2023\/12\/Poster-\u00bfComo-cuidar-el-Medio-Ambiente-11-1000x707.png 1000w, https:\/\/edublog.educastur.es\/aulasverdes\/files\/2023\/12\/Poster-\u00bfComo-cuidar-el-Medio-Ambiente-11-424x300.png 424w\" sizes=\"auto, (max-width: 439px) 100vw, 439px\" \/><\/p>\n<p>&nbsp;<\/p>\n<p>&nbsp;<\/p>\n<p><img loading=\"lazy\" decoding=\"async\" class=\"alignnone size-medium wp-image-1307\" src=\"http:\/\/edublog.educastur.es\/aulasverdes\/files\/2023\/12\/ideas-navidad_redimensionar-300x300.jpg\" alt=\"\" width=\"300\" height=\"300\" srcset=\"https:\/\/edublog.educastur.es\/aulasverdes\/files\/2023\/12\/ideas-navidad_redimensionar-300x300.jpg 300w, https:\/\/edublog.educastur.es\/aulasverdes\/files\/2023\/12\/ideas-navidad_redimensionar-150x150.jpg 150w, https:\/\/edublog.educastur.es\/aulasverdes\/files\/2023\/12\/ideas-navidad_redimensionar-85x85.jpg 85w, https:\/\/edublog.educastur.es\/aulasverdes\/files\/2023\/12\/ideas-navidad_redimensionar.jpg 600w\" sizes=\"auto, (max-width: 300px) 100vw, 300px\" \/><\/p>\n<p>Con motivo de la navidad se creo un calendario de Adviento, que se comparte en las redes:<\/p>\n<p><a href=\"https:\/\/view.genially.com\/6384b2ca1cc9950013f70fc6\/interactive-content-calendario-ecosocial-de-adviento\" target=\"_blank\" rel=\"noopener\">CALENDARIO ADVIENTO ECOSOCIAL<\/a><\/p>\n<p><span style=\"font-family: 'arial black', sans-serif;color: #339966;font-size: 14pt\">CARTELER\u00cdA ESPEC\u00cdFICA<\/span><\/p>\n<p><a href=\"https:\/\/view.genially.com\/662755f0dfde5c0014770c15\/interactive-content-carteleria-proyecto\" target=\"_blank\" rel=\"noopener\">ENLACE EJEMPLOS DE CARTELER\u00cdA<\/a><\/p>\n<p><span style=\"font-size: 14pt;font-family: 'arial black', sans-serif;color: #339966\">PRESENTACIONES CON PROPUESTAS DE ECOACTIVIDADES\u00a0<\/span><\/p>\n<p><span style=\"font-family: arial, helvetica, sans-serif\">Adem\u00e1s en los d\u00edas especiales tenemos tableros de actividades que difundimos entre el profesorado para que puedan trabajar en las asambleas:\u00a0<\/span><\/p>\n<p><a href=\"https:\/\/view.genially.com\/621f90c96c037200191626ac\/interactive-content-tablero-de-actividades-dia-del-agua\" target=\"_blank\" rel=\"noopener\">TABLERO DIA DEL AGUA<\/a><\/p>\n<p><a href=\"https:\/\/view.genially.com\/625f21f0201d41001a8dc3a5\/interactive-content-tablero-de-act-dia-de-la-madre-tierra\" target=\"_blank\" rel=\"noopener\">TABLERO D\u00cdA DE LA MADRE TIERRA<\/a><\/p>\n<p><a href=\"https:\/\/view.genially.com\/632878a7160bc70018f20bbe\/interactive-content-tablero-de-actividades-dia-de-las-aves\" target=\"_blank\" rel=\"noopener\">TABLERO D\u00cdA DE LAS AVES MIGRATORIAS<\/a><\/p>\n<p><a href=\"https:\/\/view.genially.com\/63d7c32fe3f9c70019bff266\/interactive-content-tablero-de-act-dia-de-la-mujer-ciencia\" target=\"_blank\" rel=\"noopener\">TABLERO DIA DE LA MUJER EN LA CIENCIA<\/a><\/p>\n<p><img loading=\"lazy\" decoding=\"async\" class=\"size-medium wp-image-517 aligncenter\" src=\"http:\/\/edublog.educastur.es\/aulasverdes\/files\/2022\/02\/IMG_20220221_163819_opt-300x300.jpg\" alt=\"\" width=\"300\" height=\"300\" \/><\/p>\n<p style=\"text-align: right\">\n","protected":false},"excerpt":{"rendered":"<p>En esta p\u00e1gina encontrareis nuestras acciones que colaboran en el fomento de la econom\u00eda circular en nuestra comunidad educativa, en nuestro entorno y en la ciudadan\u00eda a que intentamos llegar con nuestro proyecto.\u00a0 INDICE:\u00a0 INTRODUCCI\u00d3N PROYECTO DE APRENDIZAJE SERVICIO: RED DE AULAS VERDES NUESTRA CERTIFICACI\u00d3N PARA SER AULA VERDE COOPERATIVAS: PROYECTO EMC, VALNALON SEMANAS EUROPEAS [&hellip;]<\/p>\n","protected":false},"author":917,"featured_media":0,"parent":1815,"menu_order":0,"comment_status":"closed","ping_status":"closed","template":"","meta":{"footnotes":""},"class_list":["post-1818","page","type-page","status-publish","hentry"],"_links":{"self":[{"href":"https:\/\/edublog.educastur.es\/aulasverdes\/wp-json\/wp\/v2\/pages\/1818","targetHints":{"allow":["GET"]}}],"collection":[{"href":"https:\/\/edublog.educastur.es\/aulasverdes\/wp-json\/wp\/v2\/pages"}],"about":[{"href":"https:\/\/edublog.educastur.es\/aulasverdes\/wp-json\/wp\/v2\/types\/page"}],"author":[{"embeddable":true,"href":"https:\/\/edublog.educastur.es\/aulasverdes\/wp-json\/wp\/v2\/users\/917"}],"replies":[{"embeddable":true,"href":"https:\/\/edublog.educastur.es\/aulasverdes\/wp-json\/wp\/v2\/comments?post=1818"}],"version-history":[{"count":52,"href":"https:\/\/edublog.educastur.es\/aulasverdes\/wp-json\/wp\/v2\/pages\/1818\/revisions"}],"predecessor-version":[{"id":2106,"href":"https:\/\/edublog.educastur.es\/aulasverdes\/wp-json\/wp\/v2\/pages\/1818\/revisions\/2106"}],"up":[{"embeddable":true,"href":"https:\/\/edublog.educastur.es\/aulasverdes\/wp-json\/wp\/v2\/pages\/1815"}],"wp:attachment":[{"href":"https:\/\/edublog.educastur.es\/aulasverdes\/wp-json\/wp\/v2\/media?parent=1818"}],"curies":[{"name":"wp","href":"https:\/\/api.w.org\/{rel}","templated":true}]}}