{"id":73,"date":"2021-10-12T15:38:47","date_gmt":"2021-10-12T15:38:47","guid":{"rendered":"https:\/\/edublog.educastur.es\/aulasverdes\/?page_id=73"},"modified":"2025-04-30T07:46:58","modified_gmt":"2025-04-30T07:46:58","slug":"sintiendo-la-naturaleza","status":"publish","type":"page","link":"https:\/\/edublog.educastur.es\/aulasverdes\/acciones-para-reutilizar\/acciones-reciclar\/reaccionamos\/podcast-radiello\/sintiendo-la-naturaleza\/","title":{"rendered":"Nuestra esencia: sentimos"},"content":{"rendered":"<p><img loading=\"lazy\" decoding=\"async\" class=\"wp-image-75 aligncenter\" src=\"http:\/\/edublog.educastur.es\/aulasverdes\/files\/2021\/10\/jardin-de-los-sentidos-300x300.png\" alt=\"\" width=\"239\" height=\"239\" srcset=\"https:\/\/edublog.educastur.es\/aulasverdes\/files\/2021\/10\/jardin-de-los-sentidos-300x300.png 300w, https:\/\/edublog.educastur.es\/aulasverdes\/files\/2021\/10\/jardin-de-los-sentidos-150x150.png 150w, https:\/\/edublog.educastur.es\/aulasverdes\/files\/2021\/10\/jardin-de-los-sentidos-85x85.png 85w, https:\/\/edublog.educastur.es\/aulasverdes\/files\/2021\/10\/jardin-de-los-sentidos.png 500w\" sizes=\"auto, (max-width: 239px) 100vw, 239px\" \/><\/p>\n<p><span style=\"font-family: arial, helvetica, sans-serif;font-size: 14pt\">Aqu\u00ed vamos a ense\u00f1aros nuestras experiencias, como exploramos nuestros sentidos en y con la naturaleza.\u00a0<\/span><\/p>\n<p>&nbsp;<\/p>\n<p><!--nextpage--><\/p>\n<p><span style=\"font-family: 'arial black', sans-serif;font-size: 14pt\">SINTIENDO LA PRIMAVERA<\/span><\/p>\n<p><span style=\"font-family: arial, helvetica, sans-serif;font-size: 14pt\">Observamos? los mil colores ? de la primavera.<\/span><\/p>\n<p><span style=\"font-family: arial, helvetica, sans-serif;font-size: 14pt\">Disfrutamos cogiendo flores?? y creando composiciones ?\ufe0f florales?con agua?. <\/span><\/p>\n<p><span style=\"font-family: arial, helvetica, sans-serif;font-size: 14pt\">Hemos disfrutado un mont\u00f3n con nuestros compa\u00f1er@?.<\/span><\/p>\n<p><img loading=\"lazy\" decoding=\"async\" class=\" wp-image-741 aligncenter\" src=\"http:\/\/edublog.educastur.es\/aulasverdes\/files\/2022\/05\/MicrosoftTeams-image-14-300x300.jpg\" alt=\"\" width=\"380\" height=\"380\" srcset=\"https:\/\/edublog.educastur.es\/aulasverdes\/files\/2022\/05\/MicrosoftTeams-image-14-300x300.jpg 300w, https:\/\/edublog.educastur.es\/aulasverdes\/files\/2022\/05\/MicrosoftTeams-image-14-1024x1024.jpg 1024w, https:\/\/edublog.educastur.es\/aulasverdes\/files\/2022\/05\/MicrosoftTeams-image-14-150x150.jpg 150w, https:\/\/edublog.educastur.es\/aulasverdes\/files\/2022\/05\/MicrosoftTeams-image-14-768x768.jpg 768w, https:\/\/edublog.educastur.es\/aulasverdes\/files\/2022\/05\/MicrosoftTeams-image-14-1536x1536.jpg 1536w, https:\/\/edublog.educastur.es\/aulasverdes\/files\/2022\/05\/MicrosoftTeams-image-14-85x85.jpg 85w, https:\/\/edublog.educastur.es\/aulasverdes\/files\/2022\/05\/MicrosoftTeams-image-14-1000x1000.jpg 1000w, https:\/\/edublog.educastur.es\/aulasverdes\/files\/2022\/05\/MicrosoftTeams-image-14.jpg 2048w\" sizes=\"auto, (max-width: 380px) 100vw, 380px\" \/><\/p>\n<p><!--nextpage--><\/p>\n<p><span style=\"font-family: arial, helvetica, sans-serif;font-size: 18.6667px\">Observando<\/span><span class=\"ui-box qa qb ce dl qc dn qd qe qf qg fp\" style=\"font-family: arial, helvetica, sans-serif;font-size: 18.6667px\" title=\"Ojos\"><img decoding=\"async\" src=\"https:\/\/statics.teams.cdn.office.net\/evergreen-assets\/personal-expressions\/v1\/assets\/emoticons\/1f440_eyes\/default\/30_f.png?v7\" alt=\"?\" width=\"20\" \/><\/span><span style=\"font-family: arial, helvetica, sans-serif;font-size: 18.6667px\">\u00a0los cambios de estaci\u00f3n.<\/span><img loading=\"lazy\" decoding=\"async\" class=\" wp-image-515 aligncenter\" src=\"http:\/\/edublog.educastur.es\/aulasverdes\/files\/2022\/02\/MicrosoftTeams-image-7_opt-225x300.jpg\" alt=\"\" width=\"173\" height=\"230\" srcset=\"https:\/\/edublog.educastur.es\/aulasverdes\/files\/2022\/02\/MicrosoftTeams-image-7_opt-225x300.jpg 225w, https:\/\/edublog.educastur.es\/aulasverdes\/files\/2022\/02\/MicrosoftTeams-image-7_opt.jpg 400w\" sizes=\"auto, (max-width: 173px) 100vw, 173px\" \/><\/p>\n<p><span class=\"ui-provider su b c d e f g h i j k l m n o p q r s t awd awe w x y z ab ac ae af ag ah ai aj ak\" dir=\"ltr\" style=\"font-family: arial, helvetica, sans-serif;font-size: 14pt\">El invierno <span class=\"ui-box qa qb ce dl qc dn qd qe qf qg fp\" title=\"Copo de nieve\"><img decoding=\"async\" src=\"https:\/\/statics.teams.cdn.office.net\/evergreen-assets\/personal-expressions\/v1\/assets\/emoticons\/snowflake\/default\/30_f.png?v21\" alt=\"\u2744\ufe0f\" width=\"20\" \/><\/span> ha llegado a nuestro huerto y nuestro \u00e1rbol <span class=\"ui-box qa qb ce dl qc dn qd qe qf qg fp\" title=\"\u00c1rbol de hoja caduca\"><img decoding=\"async\" src=\"https:\/\/statics.teams.cdn.office.net\/evergreen-assets\/personal-expressions\/v1\/assets\/emoticons\/deciduoustree\/default\/30_f.png?v5\" alt=\"?\" width=\"20\" \/><\/span> favorito se ha quedado sin hojas<span class=\"ui-box qa qb ce dl qc dn qd qe qf qg fp\" title=\"Hoja ca\u00edda\"><img decoding=\"async\" src=\"https:\/\/statics.teams.cdn.office.net\/evergreen-assets\/personal-expressions\/v1\/assets\/emoticons\/1f342_fallenleaf\/default\/30_f.png?v3\" alt=\"?\" width=\"20\" \/><\/span>.<\/span><\/p>\n<p><img loading=\"lazy\" decoding=\"async\" class=\" wp-image-512 aligncenter\" src=\"http:\/\/edublog.educastur.es\/aulasverdes\/files\/2022\/02\/MicrosoftTeams-image-4_opt-225x300.jpg\" alt=\"\" width=\"155\" height=\"206\" \/><\/p>\n<p><span class=\"ui-provider su b c d e f g h i j k l m n o p q r s t awd awe w x y z ab ac ae af ag ah ai aj ak\" dir=\"ltr\" style=\"font-family: arial, helvetica, sans-serif;font-size: 14pt\">Echamos de m<\/span><span class=\"ui-provider su b c d e f g h i j k l m n o p q r s t awd awe w x y z ab ac ae af ag ah ai aj ak\" dir=\"ltr\" style=\"font-family: arial, helvetica, sans-serif;font-size: 14pt\">en<\/span><span class=\"ui-provider su b c d e f g h i j k l m n o p q r s t awd awe w x y z ab ac ae af ag ah ai aj ak\" dir=\"ltr\" style=\"font-family: arial, helvetica, sans-serif;font-size: 14pt\">os sus hojas <span class=\"ui-box qa qb ce dl qc dn qd qe qf qg fp\" title=\"Hoja ca\u00edda\"><img decoding=\"async\" src=\"https:\/\/statics.teams.cdn.office.net\/evergreen-assets\/personal-expressions\/v1\/assets\/emoticons\/1f342_fallenleaf\/default\/30_f.png?v3\" alt=\"?\" width=\"20\" \/><\/span> para poder hacer nuestro juego favorito de tir\u00e1rnoslas unos a otros.\u00a0<\/span><img loading=\"lazy\" decoding=\"async\" class=\"wp-image-513 aligncenter\" src=\"http:\/\/edublog.educastur.es\/aulasverdes\/files\/2022\/02\/MicrosoftTeams-image-5_opt-225x300.jpg\" alt=\"\" width=\"147\" height=\"195\" srcset=\"https:\/\/edublog.educastur.es\/aulasverdes\/files\/2022\/02\/MicrosoftTeams-image-5_opt-225x300.jpg 225w, https:\/\/edublog.educastur.es\/aulasverdes\/files\/2022\/02\/MicrosoftTeams-image-5_opt.jpg 400w\" sizes=\"auto, (max-width: 147px) 100vw, 147px\" \/><!--nextpage--><\/p>\n<p>&nbsp;<\/p>\n<p>&nbsp;<\/p>\n<p style=\"text-align: center\"><span style=\"font-family: 'arial black', sans-serif\"><strong><span style=\"font-size: 14pt\">\u00a1Ya tenemos listo nuestro huerto de infantil! <\/span><\/strong><\/span><\/p>\n<p><img loading=\"lazy\" decoding=\"async\" class=\"size-medium wp-image-444 aligncenter\" src=\"http:\/\/edublog.educastur.es\/aulasverdes\/files\/2022\/01\/IMG_20220117_105723_1-300x178.jpg\" alt=\"\" width=\"300\" height=\"178\" \/><\/p>\n<p><span style=\"font-family: arial, helvetica, sans-serif;font-size: 14pt\">Estamos listos y listas para poner en marcha nuestros sentidos, y vivir la naturaleza. <\/span><\/p>\n<p><span style=\"font-family: arial, helvetica, sans-serif;font-size: 14pt\">\u00a1\u00a1Os mostraremos nuestra producci\u00f3n!!<\/span><\/p>\n<p><a href=\"https:\/\/web.microsoftstream.com\/video\/f8d32fe9-0b8f-4940-8c0b-54c1869fa7b8\" target=\"_blank\" rel=\"noopener\">PULSA AQU\u00cd PARA VER EL HUERTO DE INFANTIL<\/a><\/p>\n<p><span style=\"font-family: arial, helvetica, sans-serif;font-size: 12pt\">*Para ver el video es necesario poner vuestra identidad Educastur: USUARIO Y CONTRASE\u00d1A<\/span><\/p>\n<p><!--nextpage--><\/p>\n<p><span class=\"ui-provider rm b c d e f g h i j k l m n o p q r s t aux auy w x y z ab ac ae af ag ah ai aj ak\" dir=\"ltr\" style=\"font-family: arial, helvetica, sans-serif;font-size: 14pt\">El oto\u00f1o se termina y aprovechando lo bonito que est\u00e1 nuestro huerto hemos salido a sentir el oto\u00f1o a trav\u00e9s de todos nuestros sentidos.<\/span><\/p>\n<p><strong><span class=\"ui-provider rm b c d e f g h i j k l m n o p q r s t aux auy w x y z ab ac ae af ag ah ai aj ak\" dir=\"ltr\" style=\"font-family: arial, helvetica, sans-serif;font-size: 14pt\"> Hemos disfrutado de los bonitos colores <span class=\"ui-box wn wo cf dl vy dn wa wp wq wr fh\" title=\"Ojos\"><img decoding=\"async\" src=\"https:\/\/statics.teams.cdn.office.net\/evergreen-assets\/personal-expressions\/v1\/assets\/emoticons\/1f440_eyes\/default\/30_f.png?v7\" alt=\"?\" width=\"20\" \/><\/span>, hemos toqueteado las hojas ca\u00eddas y hemos jugado a tirarnos las hojas.<\/span><\/strong><\/p>\n<p><span class=\"ui-provider rm b c d e f g h i j k l m n o p q r s t aux auy w x y z ab ac ae af ag ah ai aj ak\" dir=\"ltr\" style=\"font-family: arial, helvetica, sans-serif;font-size: 14pt\"> Nos hemos divertido much\u00edsimo. <\/span><\/p>\n<p><span class=\"ui-provider rm b c d e f g h i j k l m n o p q r s t aux auy w x y z ab ac ae af ag ah ai aj ak\" dir=\"ltr\" style=\"font-family: arial, helvetica, sans-serif;font-size: 14pt\">Os dejamos un v\u00eddeo con el que nos despedimos de esta bonita estaci\u00f3n y sus hermosos colores. <\/span><\/p>\n<p><span class=\"ui-provider rm b c d e f g h i j k l m n o p q r s t aux auy w x y z ab ac ae af ag ah ai aj ak\" dir=\"ltr\" style=\"font-family: arial, helvetica, sans-serif;font-size: 14pt\">Esperamos que os guste <span class=\"ui-box wn wo cf dl vy dn wa wp wq wr fh\" title=\"Gui\u00f1o\"><img decoding=\"async\" src=\"https:\/\/statics.teams.cdn.office.net\/evergreen-assets\/personal-expressions\/v1\/assets\/emoticons\/wink\/default\/30_f.png\" alt=\"?\" width=\"20\" \/><\/span><\/span><\/p>\n<p><a href=\"https:\/\/web.microsoftstream.com\/video\/93cadb96-c990-42ff-a609-2e700b946a7a\" target=\"_blank\" rel=\"noopener\">PULSA PARA VER EL VIDEO DEL OTO\u00d1O<\/a><\/p>\n<p><span style=\"font-family: arial, helvetica, sans-serif;font-size: 12pt\">*Para ver el video es necesario poner vuestra identidad Educastur: USUARIO Y CONTRASE\u00d1A<\/span><\/p>\n<p><!--nextpage--><\/p>\n<p><span style=\"font-family: arial, helvetica, sans-serif;font-size: 14pt;color: #000000\">Los chicos de <strong>TVA B<\/strong> han realizado un\u00a0<b>paseo consciente de los sentidos<\/b>\u00a0en el entorno natural de nuestro colegio. <\/span><\/p>\n<p><span style=\"font-family: arial, helvetica, sans-serif;font-size: 14pt;color: #000000\">Los paseos conscientes son tan sencillos como salir a caminar con el \u00fanico prop\u00f3sito de pasear, y aprovechar para prestar atenci\u00f3n a todo a nuestro alrededor.\u00a0<\/span><\/p>\n<p><span style=\"font-family: 'arial black', sans-serif;font-size: 14pt;color: #000000\">\u00bfQu\u00e9 hacemos durante el paseo?\u00a0\u00a0<\/span><\/p>\n<ol>\n<li><span style=\"font-family: arial, helvetica, sans-serif;font-size: 14pt;color: #000000\">Si podemos buscamos un camino tranquilo, con \u00e1rboles y flores. Estamos atentos a todo lo que ocurre a nuestro alrededor.<span style=\"color: #ff6600\"><strong> Sentido de la vista.<\/strong><\/span><\/span><\/li>\n<li><span style=\"font-family: arial, helvetica, sans-serif;font-size: 14pt;color: #000000\">En alg\u00fan momento nos paramos, cerramos los ojos y escuchamos con atenci\u00f3n todos los sonidos. Despu\u00e9s hemos intentado imaginar y describir todo lo que escuchamos. <strong><span style=\"color: #ff6600\">El sentido del o\u00eddo.\u00a0<\/span><\/strong><\/span><\/li>\n<li><span style=\"font-family: arial, helvetica, sans-serif;font-size: 14pt;color: #000000\">En otros momentos nos paramos y pensamos si conocemos lo que podemos oler: el olor a hierba, a flores&#8230;\u00a0<\/span> <span style=\"color: #ff6600\"><strong><span style=\"font-family: arial, helvetica, sans-serif;font-size: 14pt\">El\u00a0<\/span><span style=\"font-family: arial, helvetica, sans-serif;font-size: 18.6667px\"><span style=\"font-size: 14pt\">sen<\/span>tido del olfato<\/span><\/strong><\/span><\/li>\n<li><span style=\"font-family: arial, helvetica, sans-serif;font-size: 14pt;color: #000000\">Tambi\u00e9n nos fijamos en algunos objetos del camino: piedras, palos, flores, \u00e1rboles, etc.\u00a0Y los tocamos para comprobar su textura. <strong><span style=\"color: #ff6600\">El sentido del tacto.\u00a0<\/span><\/strong><\/span><\/li>\n<li><span style=\"font-family: arial, helvetica, sans-serif;font-size: 14pt\"><span style=\"color: #000000\">Durante nuestro paseo, pudimos probar unas ricas frambuesas. Y as\u00ed experimentamos con<\/span> <strong><span style=\"color: #ff6600\">el sentido del gusto.<\/span><\/strong>\u00a0<\/span><\/li>\n<li><span style=\"font-family: arial, helvetica, sans-serif;font-size: 14pt;color: #000000\">Para finalizar jugamos al\u00a0<b>veo\u00a0veo<\/b>\u00a0describiendo los objetos o plantas que nos encontramos en nuestro paseo.\u00a0Con este tradicional juego\u00a0los chicos describen, sin decir qu\u00e9 es, lo que han observado, y los dem\u00e1s tratamos de adivinar\u00a0de qu\u00e9 se trata. Nos explican su textura, su color, c\u00f3mo suena&#8230;\u00a0<\/span><\/li>\n<\/ol>\n<p><span style=\"font-family: arial, helvetica, sans-serif;font-size: 14pt;color: #000000\">Fu\u00e9 una experiencia muy interesante y agradable os invitamos a todos y a todas que practiqu\u00e9is vuestro <span style=\"font-family: 'arial black', sans-serif\">PASEO CONSCIENTE POR LA NATURALEZA.\u00a0<\/span><\/span><\/p>\n<p><img loading=\"lazy\" decoding=\"async\" class=\"alignnone size-medium wp-image-565\" src=\"http:\/\/edublog.educastur.es\/aulasverdes\/files\/2022\/02\/2_opt-225x300.jpg\" alt=\"\" width=\"225\" height=\"300\" \/><\/p>\n<p><!--nextpage--><\/p>\n<p><span style=\"font-family: arial, helvetica, sans-serif;font-size: 14pt\">\u00a1Hola! Aqu\u00ed de nuevo los m\u00e1s peques del cole <strong>sintiendo el oto\u00f1o.<\/strong><\/span><\/p>\n<p><span style=\"font-family: arial, helvetica, sans-serif;font-size: 14pt\"> Os ense\u00f1amos nuestras <span style=\"font-family: 'arial black', sans-serif\">baldosas sensoriales<\/span> con elementos del oto\u00f1o. <\/span><\/p>\n<p><span style=\"font-family: arial, helvetica, sans-serif;font-size: 14pt\">Seguiremos experimentando, un saludo.<\/span><\/p>\n<p><img loading=\"lazy\" decoding=\"async\" class=\"alignnone wp-image-567\" src=\"http:\/\/edublog.educastur.es\/aulasverdes\/files\/2022\/02\/1b_redimensionar-241x300.jpg\" alt=\"\" width=\"178\" height=\"222\" srcset=\"https:\/\/edublog.educastur.es\/aulasverdes\/files\/2022\/02\/1b_redimensionar-241x300.jpg 241w, https:\/\/edublog.educastur.es\/aulasverdes\/files\/2022\/02\/1b_redimensionar.jpg 481w\" sizes=\"auto, (max-width: 178px) 100vw, 178px\" \/> <img loading=\"lazy\" decoding=\"async\" class=\"alignnone wp-image-568\" src=\"http:\/\/edublog.educastur.es\/aulasverdes\/files\/2022\/02\/2_redimensionar-240x300.jpg\" alt=\"\" width=\"178\" height=\"223\" \/><\/p>\n<p><!--nextpage--><img loading=\"lazy\" decoding=\"async\" class=\" wp-image-294 aligncenter\" src=\"http:\/\/edublog.educastur.es\/aulasverdes\/files\/2021\/11\/gustar-1-300x300.png\" alt=\"\" width=\"91\" height=\"91\" srcset=\"https:\/\/edublog.educastur.es\/aulasverdes\/files\/2021\/11\/gustar-1-300x300.png 300w, https:\/\/edublog.educastur.es\/aulasverdes\/files\/2021\/11\/gustar-1-150x150.png 150w, https:\/\/edublog.educastur.es\/aulasverdes\/files\/2021\/11\/gustar-1-85x85.png 85w, https:\/\/edublog.educastur.es\/aulasverdes\/files\/2021\/11\/gustar-1.png 500w\" sizes=\"auto, (max-width: 91px) 100vw, 91px\" \/><\/p>\n<p><span style=\"font-family: 'arial black', sans-serif\">UN HUERTO MUY SABROSO<\/span><\/p>\n<p><span style=\"font-family: arial, helvetica, sans-serif;font-size: 14pt\">Hoy por fin hemos podido disfrutar de nuestra zona de juego multisensorial. Nos la est\u00e1n dejando guap\u00edsima nuestros compis de Agraria?\u200d??\u200d?.<\/span><\/p>\n<p><span style=\"font-family: arial, helvetica, sans-serif;font-size: 14pt\">Pronto os ense\u00f1aremos fotos para que le ve\u00e1is ?.<\/span><\/p>\n<p><span style=\"font-family: arial, helvetica, sans-serif;font-size: 14pt\">Hoy hemos trabajado el sentido del gusto ?<\/span><\/p>\n<p><span style=\"font-family: arial, helvetica, sans-serif;font-size: 14pt\">Qu\u00e9 maravilla disfrutar al aire libre comiendo tomatitos? de nuestro invernadero. ??<\/span><\/p>\n<p><span style=\"font-family: arial, helvetica, sans-serif;font-size: 14pt\">\u00a1 A Ibai le encantan! \u00bfA vosotr@s?<\/span><\/p>\n<p>&nbsp;<\/p>\n<p><img loading=\"lazy\" decoding=\"async\" class=\"size-medium wp-image-453 aligncenter\" src=\"http:\/\/edublog.educastur.es\/aulasverdes\/files\/2022\/01\/MicrosoftTeams-image-300x300.jpg\" alt=\"\" width=\"300\" height=\"300\" \/><\/p>\n<p><!--nextpage--><\/p>\n<p><strong><span style=\"font-family: arial, helvetica, sans-serif;font-size: 14pt\"><img loading=\"lazy\" decoding=\"async\" class=\"wp-image-224 aligncenter\" src=\"http:\/\/edublog.educastur.es\/aulasverdes\/files\/2021\/10\/ver-300x300.png\" alt=\"\" width=\"108\" height=\"108\" srcset=\"https:\/\/edublog.educastur.es\/aulasverdes\/files\/2021\/10\/ver-300x300.png 300w, https:\/\/edublog.educastur.es\/aulasverdes\/files\/2021\/10\/ver-150x150.png 150w, https:\/\/edublog.educastur.es\/aulasverdes\/files\/2021\/10\/ver-85x85.png 85w, https:\/\/edublog.educastur.es\/aulasverdes\/files\/2021\/10\/ver.png 500w\" sizes=\"auto, (max-width: 108px) 100vw, 108px\" \/><\/span><\/strong><\/p>\n<p><strong><span style=\"font-family: arial, helvetica, sans-serif;font-size: 14pt\">LOS COLORES DEL OTO\u00d1O<\/span><\/strong><br \/>\n<span style=\"font-family: arial, helvetica, sans-serif;font-size: 14pt\">Hemos observado ? como han cambiando los colores de las hojas de nuestros \u00e1rboles. <\/span><\/p>\n<p><span style=\"font-family: arial, helvetica, sans-serif;font-size: 14pt\">Parecen <\/span><span style=\"font-family: arial, helvetica, sans-serif;font-size: 14pt\">\u00e1rboles multicolor, nos ha encantado buscar hojas de color marr\u00f3n, amarillo y naranja. <\/span><\/p>\n<p><span style=\"font-family: arial, helvetica, sans-serif;font-size: 14pt\">\u00bfQu\u00e9 color de oto\u00f1o te gusta m\u00e1s? <\/span><\/p>\n<p><strong><span style=\"font-family: arial, helvetica, sans-serif;font-size: 14pt;color: #ffff00\"><span style=\"color: #000000\">Nuestro color favorito es el<\/span> AMARILLO<\/span><\/strong><\/p>\n<p>&nbsp;<\/p>\n<p><img loading=\"lazy\" decoding=\"async\" class=\"size-medium wp-image-569 aligncenter\" src=\"http:\/\/edublog.educastur.es\/aulasverdes\/files\/2022\/02\/colores-300x300.jpg\" alt=\"\" width=\"300\" height=\"300\" srcset=\"https:\/\/edublog.educastur.es\/aulasverdes\/files\/2022\/02\/colores-300x300.jpg 300w, https:\/\/edublog.educastur.es\/aulasverdes\/files\/2022\/02\/colores-1024x1024.jpg 1024w, https:\/\/edublog.educastur.es\/aulasverdes\/files\/2022\/02\/colores-150x150.jpg 150w, https:\/\/edublog.educastur.es\/aulasverdes\/files\/2022\/02\/colores-768x768.jpg 768w, https:\/\/edublog.educastur.es\/aulasverdes\/files\/2022\/02\/colores-1536x1536.jpg 1536w, https:\/\/edublog.educastur.es\/aulasverdes\/files\/2022\/02\/colores-85x85.jpg 85w, https:\/\/edublog.educastur.es\/aulasverdes\/files\/2022\/02\/colores-1000x1000.jpg 1000w, https:\/\/edublog.educastur.es\/aulasverdes\/files\/2022\/02\/colores.jpg 2048w\" sizes=\"auto, (max-width: 300px) 100vw, 300px\" \/><\/p>\n<p><!--nextpage--><\/p>\n<p><span style=\"font-family: 'arial black', sans-serif;font-size: 14pt\">OLEMOS LAS PLANTAS\u00a0<\/span><\/p>\n<p><img loading=\"lazy\" decoding=\"async\" class=\"wp-image-166 alignleft\" src=\"http:\/\/edublog.educastur.es\/aulasverdes\/files\/2021\/10\/oler-300x300.png\" alt=\"\" width=\"112\" height=\"112\" srcset=\"https:\/\/edublog.educastur.es\/aulasverdes\/files\/2021\/10\/oler-300x300.png 300w, https:\/\/edublog.educastur.es\/aulasverdes\/files\/2021\/10\/oler-150x150.png 150w, https:\/\/edublog.educastur.es\/aulasverdes\/files\/2021\/10\/oler-85x85.png 85w, https:\/\/edublog.educastur.es\/aulasverdes\/files\/2021\/10\/oler.png 500w\" sizes=\"auto, (max-width: 112px) 100vw, 112px\" \/><span style=\"font-family: arial, helvetica, sans-serif;font-size: 14pt\">Hoy hemos ido al huerto de nuestros compa\u00f1eros y compa\u00f1eras mayores.\u00a0<\/span><\/p>\n<p><img loading=\"lazy\" decoding=\"async\" class=\" wp-image-451 aligncenter\" src=\"http:\/\/edublog.educastur.es\/aulasverdes\/files\/2022\/01\/IMG_20211013_124216-min-300x225.jpg\" alt=\"\" width=\"263\" height=\"197\" \/><\/p>\n<p><span style=\"font-family: arial, helvetica, sans-serif;font-size: 14pt\">En este huerto hay plantas arom\u00e1ticas.<\/span><\/p>\n<p><span style=\"font-family: arial, helvetica, sans-serif;font-size: 14pt\"> Nosotros hemos estado oliendo las hojas de sus plantas para ver cual nos gustaba m\u00e1s.<\/span><span style=\"font-family: arial, helvetica, sans-serif;font-size: 14pt\">\u00a0 \u00a0 \u00a0 \u00a0 \u00a0 \u00a0 \u00a0 \u00a0 \u00a0 \u00a0 \u00a0 \u00a0 \u00a0 \u00a0\u00a0<\/span><span style=\"font-family: arial, helvetica, sans-serif;font-size: 14pt\">La planta que m\u00e1s nos gust\u00f3 fue la de la <strong>menta.<\/strong><\/span><\/p>\n<p><img loading=\"lazy\" decoding=\"async\" class=\"wp-image-450 aligncenter\" src=\"http:\/\/edublog.educastur.es\/aulasverdes\/files\/2022\/01\/IMG_20211013_162319-247x300.jpg\" alt=\"\" width=\"164\" height=\"199\" \/><\/p>\n<p>&nbsp;<\/p>\n<p><!--nextpage--><\/p>\n<p><span style=\"font-family: 'arial black', sans-serif;font-size: 14pt\">TOCAMOS LA TIERRA<img loading=\"lazy\" decoding=\"async\" class=\"wp-image-161 alignleft\" src=\"http:\/\/edublog.educastur.es\/aulasverdes\/files\/2021\/10\/mano-300x300.png\" alt=\"\" width=\"116\" height=\"116\" srcset=\"https:\/\/edublog.educastur.es\/aulasverdes\/files\/2021\/10\/mano-300x300.png 300w, https:\/\/edublog.educastur.es\/aulasverdes\/files\/2021\/10\/mano-150x150.png 150w, https:\/\/edublog.educastur.es\/aulasverdes\/files\/2021\/10\/mano-85x85.png 85w, https:\/\/edublog.educastur.es\/aulasverdes\/files\/2021\/10\/mano.png 500w\" sizes=\"auto, (max-width: 116px) 100vw, 116px\" \/><span style=\"font-family: arial, helvetica, sans-serif;font-size: 14pt\">\u00bfQu\u00e9 sentimos al tocar la tierra?<\/span><\/span><\/p>\n<p><span style=\"font-family: arial, helvetica, sans-serif;font-size: 14pt\">A algunos de nosotros nos gusta el tacto con la tierra y a otros no nos gusta mucho. <\/span><\/p>\n<p><span style=\"font-family: arial, helvetica, sans-serif;font-size: 14pt\">Poco a poco vamos practicando y nos vamos familiarizando con el contacto de la tierra en nuestra piel. <\/span><\/p>\n<p><span style=\"font-family: arial, helvetica, sans-serif;font-size: 14pt\">Cada d\u00eda nos gusta m\u00e1s la sensaci\u00f3n en nuestras manos cuando la tocamos.\u00a0<\/span><\/p>\n<p><span style=\"font-family: arial, helvetica, sans-serif;font-size: 14pt\">\u00bfTe animas a probar tu tambi\u00e9n? \u00bfQu\u00e9 te parece?<\/span><\/p>\n<p><img loading=\"lazy\" decoding=\"async\" class=\"size-medium wp-image-454 aligncenter\" src=\"http:\/\/edublog.educastur.es\/aulasverdes\/files\/2022\/01\/MicrosoftTeams-image-1-300x300.jpg\" alt=\"\" width=\"300\" height=\"300\" \/><\/p>\n<p><!--nextpage--><\/p>\n<p><span style=\"font-family: arial, helvetica, sans-serif;font-size: 14pt\">\u00a1Hola!<\/span><\/p>\n<p><span style=\"font-family: arial, helvetica, sans-serif;font-size: 14pt\">Somos los m\u00e1s peques del centro, <strong>Adam, Celia y Emma<\/strong>. Estamos en el aula de<strong> infantil B<\/strong> y queremos explicaros nuestro trabajo.<\/span><\/p>\n<p><span style=\"font-family: arial, helvetica, sans-serif;font-size: 14pt\">Primero deciros que somos <strong>el aula \u00e1rbol<\/strong> y tenemos hasta dise\u00f1o propio.<\/span><\/p>\n<p><span style=\"font-family: arial, helvetica, sans-serif;font-size: 18.6667px\">Nuestra imagen ir\u00e1 cambiando seg\u00fan pasen las estaciones por nuestro aula.<\/span><\/p>\n<p><span style=\"font-family: arial, helvetica, sans-serif;font-size: 14pt\"> <img loading=\"lazy\" decoding=\"async\" class=\"alignnone size-medium wp-image-456\" src=\"http:\/\/edublog.educastur.es\/aulasverdes\/files\/2022\/01\/MicrosoftTeams-image-1-1-300x225.jpg\" alt=\"\" width=\"300\" height=\"225\" \/><br \/>\nOs ense\u00f1amos nuestra <strong>zona de asamblea<\/strong>, donde no solo tenemos un \u00e1rbol medio real. Su estructura es de cart\u00f3n y ramas reales con sus hojas. Tambi\u00e9n nuestros paneles est\u00e1n hechos con material reciclado, principalmente cart\u00f3n, madera y pl\u00e1stico reutilizable. Nuestras profes son muy verdes.\u00a0\u00a0<\/span><\/p>\n<p><span style=\"font-family: arial, helvetica, sans-serif;font-size: 14pt\">Ahora mismo <strong>estamos experimentando y sintiendo el oto\u00f1o.<\/strong> Tenemos el aula llena de hojas, frutos del oto\u00f1o, ramas, etc. Con todo ello\u00a0 tocamos, comemos, olemos, pero sobre todo jugamos.<\/span><\/p>\n<p><span style=\"font-family: arial, helvetica, sans-serif;font-size: 14pt\">Como los retos de otras aulas no podemos seguirlos porque somos muy peque\u00f1itos y tenemos muchas dificultades, vamos a sentir las estaciones del a\u00f1o a trav\u00e9s de todos los sentidos. El gusto, o\u00eddo, olfato, vista y tacto.<\/span><\/p>\n<p><span style=\"font-family: arial, helvetica, sans-serif;font-size: 14pt\">Tambi\u00e9n tenemos pendiente empezar a trabajar en nuestro mini huerto. Las profes est\u00e1n muy ocupadas y van un poco lentas en montarlo.<\/span><\/p>\n<p><span style=\"font-family: arial, helvetica, sans-serif;font-size: 14pt\">Os dejamos un v\u00eddeo con nuestro trabajo hasta ahora. Estamos deseando experimentar con el invierno.<\/span><\/p>\n<p><a href=\"https:\/\/web.microsoftstream.com\/video\/6e365135-ea29-489a-a18d-1353831afa28\" target=\"_blank\" rel=\"noopener\">PULSAR PARA VER VIDEO DE NUESTAS ACTIVIDADES VERDES<\/a><\/p>\n<p><span style=\"font-family: arial, helvetica, sans-serif;font-size: 12pt\">*Para ver el video es necesario poner vuestra identidad Educastur: USUARIO Y CONTRASE\u00d1A<\/span><\/p>\n<p style=\"text-align: right\"><span style=\"font-family: arial, helvetica, sans-serif;font-size: 14pt\">Un saludo.<\/span><\/p>\n<p>&nbsp;<\/p>\n","protected":false},"excerpt":{"rendered":"<p>Aqu\u00ed vamos a ense\u00f1aros nuestras experiencias, como exploramos nuestros sentidos en y con la naturaleza.\u00a0 &nbsp;<\/p>\n","protected":false},"author":917,"featured_media":0,"parent":1698,"menu_order":2,"comment_status":"closed","ping_status":"closed","template":"","meta":{"footnotes":""},"class_list":["post-73","page","type-page","status-publish","hentry"],"_links":{"self":[{"href":"https:\/\/edublog.educastur.es\/aulasverdes\/wp-json\/wp\/v2\/pages\/73","targetHints":{"allow":["GET"]}}],"collection":[{"href":"https:\/\/edublog.educastur.es\/aulasverdes\/wp-json\/wp\/v2\/pages"}],"about":[{"href":"https:\/\/edublog.educastur.es\/aulasverdes\/wp-json\/wp\/v2\/types\/page"}],"author":[{"embeddable":true,"href":"https:\/\/edublog.educastur.es\/aulasverdes\/wp-json\/wp\/v2\/users\/917"}],"replies":[{"embeddable":true,"href":"https:\/\/edublog.educastur.es\/aulasverdes\/wp-json\/wp\/v2\/comments?post=73"}],"version-history":[{"count":32,"href":"https:\/\/edublog.educastur.es\/aulasverdes\/wp-json\/wp\/v2\/pages\/73\/revisions"}],"predecessor-version":[{"id":1897,"href":"https:\/\/edublog.educastur.es\/aulasverdes\/wp-json\/wp\/v2\/pages\/73\/revisions\/1897"}],"up":[{"embeddable":true,"href":"https:\/\/edublog.educastur.es\/aulasverdes\/wp-json\/wp\/v2\/pages\/1698"}],"wp:attachment":[{"href":"https:\/\/edublog.educastur.es\/aulasverdes\/wp-json\/wp\/v2\/media?parent=73"}],"curies":[{"name":"wp","href":"https:\/\/api.w.org\/{rel}","templated":true}]}}