{"id":13,"date":"2020-10-09T10:43:03","date_gmt":"2020-10-09T10:43:03","guid":{"rendered":"https:\/\/edublog.educastur.es\/ciclodependenciavegadeo\/?page_id=13"},"modified":"2026-03-24T08:10:29","modified_gmt":"2026-03-24T08:10:29","slug":"hugo","status":"publish","type":"page","link":"https:\/\/edublog.educastur.es\/ciclodependenciavegadeo\/hugo\/","title":{"rendered":"Hugo"},"content":{"rendered":"<p align=\"justify\"><span style=\"font-size: 10pt\">Esta p\u00e1gina est\u00e1 destinada a los m\u00f3dulos impartidos por el profesor Hugo Camblor Buelga (Profesor de Intervenci\u00f3n Sociocomunitaria):<\/span><\/p>\n<ul>\n<li><span style=\"font-size: 10pt\">Organizaci\u00f3n de la Atenci\u00f3n a las Personas en Situaci\u00f3n de Dependencia: 1\u00ba curso.<\/span><\/li>\n<li><span style=\"font-size: 10pt\">Caracter\u00edsticas y Necesidades de las Personas en Situaci\u00f3n de Dependencia: 1\u00ba curso<\/span><\/li>\n<li><span style=\"font-size: 10pt\">Proyecto intermodular: 1\u00ba curso<\/span><\/li>\n<li><span style=\"font-size: 10pt\">Destrezas Sociales: 2\u00ba curso<\/span><\/li>\n<\/ul>\n<p align=\"justify\"><strong><span style=\"color: #008000\"><u>LIBROS DE TEXTO<\/u>:<\/span><\/strong><\/p>\n<p align=\"justify\"><span style=\"font-size: 10pt\"><em>Organizaci\u00f3n de la Atenci\u00f3n a las Personas en Situaci\u00f3n de Dependencia<\/em>, <em>Editorial Altamar. ISBN: 978-84-1978-057-7<\/em><\/span><\/p>\n<p align=\"justify\"><span style=\"font-size: 10pt\"><em>Caracter\u00edsticas y Necesidades de las Personas en Situaci\u00f3n de Dependencia, Editorial Paraninfo. ISBN: 978-84-9732-975-0 <\/em><\/span><\/p>\n<p align=\"justify\"><span style=\"font-size: 10pt\"><em>Destrezas Sociales, Editorial Paraninfo. ISBN: 978-84-9732-995-8<\/em><\/span><\/p>\n<p align=\"justify\"><strong><span style=\"color: #008000\"><u>CONVOCATORIAS<\/u>:<\/span><\/strong><\/p>\n<p><span style=\"font-size: 10pt\"><em>El n\u00famero de convocatorias de las\u00a0 que dispone el alumnado para superar los m\u00f3dulos es de <strong>4<\/strong>.\u00a0<\/em> Se recomienda al alumando que no vaya a presentarse que solicite, con un mes de antelaci\u00f3n a las evaluaciones finales, la renuncia a la convocatoria de los m\u00f3dulos ya que de esa manera no perder\u00e1 oportunidades.<\/span><\/p>\n<p align=\"justify\"><strong><span style=\"color: #800000\"><u>P\u00c9RDIDA DE EVALUACI\u00d3N CONTINUA<\/u>:<\/span><\/strong><\/p>\n<p align=\"justify\"><span style=\"font-size: 10pt\">Teniendo en cuenta que la asistencia es obligatoria, <span style=\"color: #800000\">aquellas\/os alumnas\/os que no asistan a clase en un 20%<\/span> del total de horas de\u00a0cada M\u00f3dulo Profesional,\u00a0<span style=\"color: #800000\"><strong>perder\u00e1n la posibilidad de la evaluaci\u00f3n continua.<\/strong><\/span><\/span><\/p>\n<ul>\n<li>\n<p align=\"justify\"><span style=\"font-size: 10pt\"><strong>Organizaci\u00f3n (110 horas totales)<\/strong>: <\/span><\/p>\n<ul>\n<li>\n<p align=\"justify\"><strong><span style=\"font-size: 10pt;color: #000000\">1\u00aa Evaluaci\u00f3n: 6\u00a0\u00a0<\/span><\/strong><\/p>\n<\/li>\n<li>\n<p align=\"justify\"><strong><span style=\"font-size: 10pt\">2\u00aa Evaluaci\u00f3n: 6\u00a0<\/span><\/strong><\/p>\n<\/li>\n<li><strong><span style=\"font-size: 10pt\">3\u00aa Evaluaci\u00f3n: 4<\/span><\/strong><\/li>\n<\/ul>\n<\/li>\n<li>\n<p align=\"justify\"><span style=\"font-size: 10pt\"><strong>Caracter\u00edsticas y Necesidades (139 horas totales):<\/strong><\/span><\/p>\n<ul>\n<li>\n<p align=\"justify\"><span style=\"font-size: 10pt\">\u00a0<strong>1\u00aa Evaluaci\u00f3n: 8<\/strong><\/span><\/p>\n<\/li>\n<li>\n<p align=\"justify\"><strong><span style=\"font-size: 10pt\">2\u00aa Evaluaci\u00f3n: 9\u00a0<\/span><\/strong><\/p>\n<\/li>\n<li><strong><span style=\"font-size: 10pt\">3\u00aa Evaluaci\u00f3n: 6\u00a0<\/span><\/strong><\/li>\n<\/ul>\n<\/li>\n<li>\n<p align=\"justify\"><span style=\"font-size: 10pt\"><strong>Destrezas Sociales (154 horas totales):<\/strong><\/span><\/p>\n<ul>\n<li>\n<p align=\"justify\"><span style=\"font-size: 10pt\"><strong>1\u00aa Evaluaci\u00f3n:\u00a0<\/strong><\/span><\/p>\n<\/li>\n<li><strong><span style=\"font-size: 10pt\">2\u00aa Evaluaci\u00f3n:\u00a0<\/span><\/strong><\/li>\n<\/ul>\n<\/li>\n<\/ul>\n<p align=\"justify\"><span style=\"color: #800000;font-size: 10pt\"><span style=\"color: #000000\">El alumnado que ha perdido la evaluaci\u00f3n continua deber\u00e1 realizar un examen antes de finalizar el trimestre, cuya fecha y contenido se le comunicar\u00e1 y tambi\u00e9n se anunciar\u00e1 en esta p\u00e1gina. Ante cualquier duda, pueden ponerse en contacto con Hugo en la siguiente cuenta de correo electr\u00f3nico:<\/span><\/span><\/p>\n<p align=\"center\"><span style=\"font-size: 10pt\">hugocb@educastur.org<\/span><\/p>\n<h2 align=\"center\"><span style=\"font-size: 18pt\"><u><span style=\"color: #800080\">ORGANIZACI\u00d3N DE LA ATENCI\u00d3N A LAS PERSONAS EN SITUACI\u00d3N DE DEPENDENCIA (1\u00ba)<\/span><\/u><\/span><\/h2>\n<h2 style=\"text-align: center\" align=\"center\"><span style=\"color: #ff0000;font-size: 14pt\">1\u00aa Evaluaci\u00f3n<\/span><\/h2>\n<h3 align=\"center\"><span style=\"font-size: 14pt\">Tema 1 <em>El marco organizativo de la atenci\u00f3n a la dependencia<\/em><\/span><\/h3>\n<h3 align=\"center\"><span style=\"font-size: 14pt\">Tema 2 <em>Organizaci\u00f3n de los servivios de atenci\u00f3n a la dependencia<\/em><\/span><\/h3>\n<p align=\"justify\"><span style=\"color: #993366\">El examen ser\u00e1 tipo test, con tres alternativas de respuesta y solo una verdadera. Los errores descuentan.<\/span><\/p>\n<p align=\"justify\"><span style=\"color: #993366\">FECHA DEL EXAMEN: mi\u00e9rcoles 26 de noviembre, 13.35 hs.<\/span><\/p>\n<h2 style=\"text-align: center\" align=\"center\"><span style=\"color: #ff0000;font-size: 14pt\">2\u00aa Evaluaci\u00f3n<\/span><\/h2>\n<h3 align=\"center\"><span style=\"font-size: 14pt\">Tema 3<em> Organizaci\u00f3n de los recursos en la atenci\u00f3n a las personas en situaci\u00f3n de dependencia<\/em><\/span><\/h3>\n<h3 align=\"center\"><span style=\"font-size: 14pt\">Tema 4 <em>Organizaci\u00f3n de la intervenci\u00f3n en pesonas en situaci\u00f3n de dependencia<\/em><\/span><\/h3>\n<h3 align=\"center\"><\/h3>\n<p><span style=\"color: #993366\">El modelo de examen ser\u00e1 igual que el de la 1\u00aa Evaluaci\u00f3n.<\/span><\/p>\n<p><span style=\"color: #993366\">FECHA DEL EXAMEN: mi\u00e9rcoles 25 de febrero, 13.35 hs.<\/span><\/p>\n<h2 style=\"text-align: center\" align=\"center\"><span style=\"color: #ff0000;font-size: 14pt\">3\u00aa Evaluaci\u00f3n<\/span><\/h2>\n<h3 align=\"center\"><span style=\"font-size: 14pt\">Tema 5 <em>La intervenci\u00f3n en un centro de atenci\u00f3n a la dependencia<\/em><\/span><\/h3>\n<h3 align=\"center\"><span style=\"font-size: 14pt\">Tema\u00a06 <em>Gesti\u00f3n de la documentaic\u00f3n asociada a la atenci\u00f3n a personas en situaci\u00f3n de dependencia<\/em><\/span><\/h3>\n<h3 align=\"center\"><\/h3>\n<p><span style=\"color: #993366\">El modelo de examen ser\u00e1 igual que el de la 1\u00aa Evaluaci\u00f3n.<\/span><\/p>\n<p><span style=\"color: #993366\">FECHA DEL EXAMEN:<br \/>\n<\/span><\/p>\n<p><span style=\"color: #993366\">FECHA DEL EXAMEN FINAL:\u00a0 \u00a0 <\/span><\/p>\n<p><span style=\"color: #993366\">FECHA DEL EXAMEN EXTRAORDINARIO:<br \/>\n<\/span><\/p>\n<h2 align=\"center\"><span style=\"font-size: 18pt\"><u><span style=\"color: #800080\">CARACTER\u00cdSTICAS Y NECESIDADES LAS PERSONAS EN SITUACI\u00d3N DE DEPENDENCIA (1\u00ba)<\/span><\/u><\/span><\/h2>\n<h2 style=\"text-align: center\" align=\"center\"><span style=\"color: #ff0000;font-size: 14pt\">1\u00aa Evaluaci\u00f3n<\/span><\/h2>\n<h3 align=\"center\"><span style=\"font-size: 14pt\">Tema 1 <em>Psicolog\u00eda y necesidades de la persona<\/em><\/span><\/h3>\n<h3 align=\"center\"><span style=\"font-size: 14pt\">Tema 2 <em>Autonom\u00eda y dependencia<\/em><\/span><\/h3>\n<h3 align=\"center\"><span style=\"font-size: 14pt\">Tema 3 <em>Calidad de vida y promoci\u00f3n de la autonom\u00eda personal<\/em><\/span><\/h3>\n<p>&nbsp;<\/p>\n<p align=\"justify\"><span style=\"color: #993366\">El examen ser\u00e1 tipo test, con tres alternativas de respuesta y solo una verdadera. Los errores descuentan.<\/span><\/p>\n<p><span style=\"color: #993366\">FECHA DEL EXAMEN: jueves 27 de noviembre, 11.45 hs.<\/span><\/p>\n<h2 style=\"text-align: center\" align=\"center\"><span style=\"color: #ff0000;font-size: 14pt\">2\u00aa Evaluaci\u00f3n<\/span><\/h2>\n<h3 align=\"center\"><span style=\"font-size: 14pt\">Tema 7 <em>Caracter\u00edsticas de las personas con discapacidad<\/em><\/span><\/h3>\n<h3 align=\"center\"><span style=\"font-size: 14pt\">Tema 8 <em>Necesidades de las personas con discapacidad<\/em><\/span><\/h3>\n<h3 align=\"center\"><span style=\"font-size: 14pt\">Tema 4 <em>Caracter\u00edsticas de las personas mayores<\/em><\/span><\/h3>\n<h3 align=\"center\"><span style=\"font-size: 14pt\">Tema 5 <em>Envejecimiento y enfermedad<\/em><\/span><\/h3>\n<h3 align=\"center\"><span style=\"font-size: 14pt\"><em>\u00a0<\/em><\/span><\/h3>\n<h3 align=\"center\"><\/h3>\n<p><span style=\"color: #993366\">El modelo de examen ser\u00e1 igual que el de la 1\u00aa Evaluaci\u00f3n.\u00a0\u00a0 <\/span><\/p>\n<p><span style=\"color: #993366\">FECHA DEL EXAMEN: jueves 26 de febrero, 11.45 hs.<\/span><\/p>\n<h2 style=\"text-align: center\" align=\"center\"><span style=\"color: #ff0000;font-size: 14pt\">3\u00aa Evaluaci\u00f3n<\/span><\/h2>\n<h3 align=\"center\"><\/h3>\n<h3 align=\"center\"><span style=\"font-size: 14pt\">Tema 6 <em>Necesidades de las personas mayores<\/em><\/span><\/h3>\n<h3 align=\"center\"><span style=\"font-size: 14pt\">Tema 9 <em>Las personas enfermas y sus necesidades<\/em><\/span><\/h3>\n<h3 align=\"center\"><span style=\"font-size: 14pt\">Tema 10 <em>Caracter\u00edsticas de las personas con enfermedad mental<\/em><\/span><\/h3>\n<h3 align=\"center\"><span style=\"font-size: 14pt\">Tema 11 <em>Atenci\u00f3n integral y recursos para personas dependientes y su entorno<\/em><\/span><\/h3>\n<p align=\"justify\"><span style=\"color: #993366\">El modelo de examen ser\u00e1 igual que el de la 1\u00aa Evaluaci\u00f3n.<br \/>\n<\/span><\/p>\n<p align=\"justify\"><span style=\"color: #993366\">FECHA DEL EXAMEN: 21 de mayo, 11.45 hs.<\/span><\/p>\n<p align=\"justify\"><span style=\"color: #993366\">FECHA DEL EXAMEN FINAL:<br \/>\n<\/span><\/p>\n<p align=\"justify\"><span style=\"color: #993366\">FECHA DEl EXAMEN EXTRAORDINARIO:\u00a0\u00a0 <\/span><\/p>\n<h2 align=\"center\"><span style=\"font-size: 18pt\"><u><span style=\"color: #800080\">DESTREZAS SOCIALES (2\u00ba)<\/span><\/u><\/span><\/h2>\n<h2 style=\"text-align: center\" align=\"center\"><span style=\"color: #ff0000;font-size: 14pt\">1\u00aa Evaluaci\u00f3n<\/span><\/h2>\n<h3 align=\"center\"><span style=\"font-size: 14pt\">Tema 1 <em>Comunicaci\u00f3n<\/em><\/span><\/h3>\n<h3 align=\"center\"><span style=\"font-size: 14pt\">Tema 2 <em>Principios de inteligencia emocional y social<\/em><\/span><\/h3>\n<h3 align=\"center\"><span style=\"font-size: 14pt\">Tema 3 <em>Inteligencia intrapersonal: competencias personales<\/em><\/span><\/h3>\n<p align=\"justify\"><span style=\"color: #993366\">El examen ser\u00e1 tipo test, con tres alternativas de respuesta y solo una verdadera. Los errores descuentan.<\/span><\/p>\n<p><span style=\"color: #993366\">FECHA DEL EXAMEN:<br \/>\n<\/span><\/p>\n<h2 style=\"text-align: center\" align=\"center\"><span style=\"color: #ff0000;font-size: 14pt\">2\u00aa Evaluaci\u00f3n<\/span><\/h2>\n<h3 align=\"center\"><span style=\"font-size: 14pt\">Tema 4 <em>Inteligencia interpersonal: empat\u00eda y habilidades sociales<\/em><\/span><\/h3>\n<h3 align=\"center\"><span style=\"font-size: 14pt\">Tema 5 <em>Inteligencia emocional colectiva: talento grupal y equipos de trabajo<\/em><\/span><\/h3>\n<p align=\"justify\"><span style=\"color: #993366\">El modelo de examen ser\u00e1 igual que el de la 1\u00aa Evaluaci\u00f3n.<br \/>\n<\/span><\/p>\n<p align=\"justify\"><span style=\"color: #993366\">FECHA DEL EXAMEN:\u00a0<\/span><\/p>\n<p><span style=\"color: #993366\">FECHA DEL EXAMEN FINAL:<br \/>\n<\/span><\/p>\n<p><span style=\"color: #993366\">FECHA DEL EXAMEN EXTRAORDINARIO:<br \/>\n<\/span><\/p>\n<p>&nbsp;<\/p>\n","protected":false},"excerpt":{"rendered":"<p>Esta p\u00e1gina est\u00e1 destinada a los m\u00f3dulos impartidos por el profesor Hugo Camblor Buelga (Profesor de Intervenci\u00f3n Sociocomunitaria): Organizaci\u00f3n de la Atenci\u00f3n a las Personas en Situaci\u00f3n de Dependencia: 1\u00ba curso. Caracter\u00edsticas y Necesidades de las Personas en Situaci\u00f3n de Dependencia: 1\u00ba curso Proyecto intermodular: 1\u00ba curso Destrezas Sociales: 2\u00ba curso LIBROS DE TEXTO: Organizaci\u00f3n [&hellip;]<\/p>\n","protected":false},"author":418,"featured_media":0,"parent":0,"menu_order":0,"comment_status":"closed","ping_status":"closed","template":"","meta":{"footnotes":""},"class_list":["post-13","page","type-page","status-publish","hentry"],"_links":{"self":[{"href":"https:\/\/edublog.educastur.es\/ciclodependenciavegadeo\/wp-json\/wp\/v2\/pages\/13","targetHints":{"allow":["GET"]}}],"collection":[{"href":"https:\/\/edublog.educastur.es\/ciclodependenciavegadeo\/wp-json\/wp\/v2\/pages"}],"about":[{"href":"https:\/\/edublog.educastur.es\/ciclodependenciavegadeo\/wp-json\/wp\/v2\/types\/page"}],"author":[{"embeddable":true,"href":"https:\/\/edublog.educastur.es\/ciclodependenciavegadeo\/wp-json\/wp\/v2\/users\/418"}],"replies":[{"embeddable":true,"href":"https:\/\/edublog.educastur.es\/ciclodependenciavegadeo\/wp-json\/wp\/v2\/comments?post=13"}],"version-history":[{"count":44,"href":"https:\/\/edublog.educastur.es\/ciclodependenciavegadeo\/wp-json\/wp\/v2\/pages\/13\/revisions"}],"predecessor-version":[{"id":16,"href":"https:\/\/edublog.educastur.es\/ciclodependenciavegadeo\/wp-json\/wp\/v2\/pages\/13\/revisions\/16"}],"wp:attachment":[{"href":"https:\/\/edublog.educastur.es\/ciclodependenciavegadeo\/wp-json\/wp\/v2\/media?parent=13"}],"curies":[{"name":"wp","href":"https:\/\/api.w.org\/{rel}","templated":true}]}}