{"id":295,"date":"2025-03-13T12:27:36","date_gmt":"2025-03-13T12:27:36","guid":{"rendered":"https:\/\/edublog.educastur.es\/ciclodependenciavegadeo\/?page_id=295"},"modified":"2025-12-30T21:05:21","modified_gmt":"2025-12-30T21:05:21","slug":"empleo","status":"publish","type":"page","link":"https:\/\/edublog.educastur.es\/ciclodependenciavegadeo\/empleo\/","title":{"rendered":"Empleo"},"content":{"rendered":"<p>30\/12\/25<\/p>\n<p>Auxiliar de Geriatr\u00eda para la Residencia de Villanueva de Oscos. Contacto residenciavillanuevadeoscos@gmail.com<\/p>\n<p>Tel\u00e9fono 654 493 479<\/p>\n<p>1\/9\/25<\/p>\n<p>Bolsa de Auxiliares de Ayuda a Domicilio del Ayuntamiento de Vegadeo<\/p>\n<p><a href=\"https:\/\/www.vegadeo.es\/noticia\/-\/asset_publisher\/53f2638a5d65\/content\/convocatoria-y-bases-reguladoras-para-la-creaci%25C3%25B3n-de-una-bolsa-complementaria-de-auxiliares-del-servicio-de-ayuda-a-domicilio-personal-laboral-temporal-?_com_liferay_asset_publisher_web_portlet_AssetPublisherPortlet_INSTANCE_daDHHfeYNSV0_assetEntryId=17751392&amp;_com_liferay_asset_publisher_web_portlet_AssetPublisherPortlet_INSTANCE_daDHHfeYNSV0_redirect=https%3A%2F%2Fwww.vegadeo.es%3A443%2Fportada%3Fp_p_id%3Dcom_liferay_asset_publisher_web_portlet_AssetPublisherPortlet_INSTANCE_daDHHfeYNSV0%26p_p_lifecycle%3D0%26p_p_state%3Dnormal%26p_p_mode%3Dview%26_com_liferay_asset_publisher_web_portlet_AssetPublisherPortlet_INSTANCE_daDHHfeYNSV0_cur%3D0%26p_r_p_resetCur%3Dfalse%26_com_liferay_asset_publisher_web_portlet_AssetPublisherPortlet_INSTANCE_daDHHfeYNSV0_assetEntryId%3D17751392\" target=\"_blank\" rel=\"noopener\">https:\/\/www.vegadeo.es\/noticia\/-\/asset_publisher\/53f2638a5d65\/content\/convocatoria-y-bases-reguladoras-para-la-creaci%25C3%25B3n-de-una-bolsa-complementaria-de-auxiliares-del-servicio-de-ayuda-a-domicilio-personal-laboral-temporal-?_com_liferay_asset_publisher_web_portlet_AssetPublisherPortlet_INSTANCE_daDHHfeYNSV0_assetEntryId=17751392&amp;_com_liferay_asset_publisher_web_portlet_AssetPublisherPortlet_INSTANCE_daDHHfeYNSV0_redirect=https%3A%2F%2Fwww.vegadeo.es%3A443%2Fportada%3Fp_p_id%3Dcom_liferay_asset_publisher_web_portlet_AssetPublisherPortlet_INSTANCE_daDHHfeYNSV0%26p_p_lifecycle%3D0%26p_p_state%3Dnormal%26p_p_mode%3Dview%26_com_liferay_asset_publisher_web_portlet_AssetPublisherPortlet_INSTANCE_daDHHfeYNSV0_cur%3D0%26p_r_p_resetCur%3Dfalse%26_com_liferay_asset_publisher_web_portlet_AssetPublisherPortlet_INSTANCE_daDHHfeYNSV0_assetEntryId%3D17751392<\/a><\/p>\n<p>6\/6\/25<\/p>\n<p><span class=\"x193iq5w xeuugli x13faqbe x1vvkbs x1xmvt09 x1lliihq x1s928wv xhkezso x1gmr53x x1cpjm7i x1fgarty x1943h6x xudqn12 x3x7a5m x6prxxf xvq8zen xo1l8bm xzsf02u x1yc453h\" dir=\"auto\">El CAM de Trabada necesita GEROCULTOR\/A para cubrir una baja. Interesados env\u00eden curriculum a trabada@troncoso.es.<\/span><\/p>\n<p>22\/5\/25<\/p>\n<p><span class=\"x193iq5w xeuugli x13faqbe x1vvkbs x1xmvt09 x1lliihq x1s928wv xhkezso x1gmr53x x1cpjm7i x1fgarty x1943h6x xudqn12 x3x7a5m x6prxxf xvq8zen xo1l8bm xzsf02u\" dir=\"auto\">La Cooperativa El Orrio de Tapia de Casariego busca gente para trabajar de AUXILIAR DE AYUDA A DOMICILIO. Si cumples los requisitos env\u00eda el curriculum a cooperativaorrio@gmail.com.<\/span><\/p>\n<p><a href=\"https:\/\/www.facebook.com\/photo\/?fbid=1089481986539612&amp;set=a.343174837837001&amp;locale=es_ES\" target=\"_blank\" rel=\"noopener\">https:\/\/www.facebook.com\/photo\/?fbid=1089481986539612&amp;set=a.343174837837001&amp;locale=es_ES<\/a><\/p>\n<p>21\/5\/25<\/p>\n<p><span class=\"x193iq5w xeuugli x13faqbe x1vvkbs x1xmvt09 x1lliihq x1s928wv xhkezso x1gmr53x x1cpjm7i x1fgarty x1943h6x xudqn12 x3x7a5m x6prxxf xvq8zen xo1l8bm xzsf02u\" dir=\"auto\">GEROCULTOR\/A para residencia en SANTA EULALIA DE OSCOS. Las personas que cumplan los requisitos exigidos y est\u00e9n interesadas en el puesto de trabajo deber\u00e1n enviar su CV a residenciasantalla@gmail.com, indicando en el campo asunto: Ref. gerocultor Santalla.<\/span><\/p>\n<p><a href=\"https:\/\/www.sistemanacionalempleo.es\/OfertaDifusionWEB\/detalleOferta.do?modo=inicio&amp;CA=03&amp;id=032025001766&amp;ret=B&amp;idFlujo=vpjI18WdI7oWWIkzNsY6AJ22754\">https:\/\/www.sistemanacionalempleo.es\/OfertaDifusionWEB\/detalleOferta.do?modo=inicio&amp;CA=03&amp;id=032025001766&amp;ret=B&amp;idFlujo=vpjI18WdI7oWWIkzNsY6AJ22754<\/a><\/p>\n<p>8\/5\/25<\/p>\n<p><span class=\"x193iq5w xeuugli x13faqbe x1vvkbs x1xmvt09 x1lliihq x1s928wv xhkezso x1gmr53x x1cpjm7i x1fgarty x1943h6x xudqn12 x3x7a5m x6prxxf xvq8zen xo1l8bm xzsf02u\" dir=\"auto\">GEROCULTOR\/A para residencia en VILLANUEVA DE OSCOS. Jornada completa. Las personas interesadas en el puesto deben enviar su curr\u00edculum a: residenciavillanuevadeoscos@gmail.com (indicar en el asunto del correo \u00abREF:GEROCULTOR\/A\u00bb).<\/span><\/p>\n<p><a href=\"https:\/\/www.sistemanacionalempleo.es\/OfertaDifusionWEB\/detalleOferta.do?modo=inicio&amp;CA=03&amp;id=032025002986&amp;ret=B&amp;idFlujo=ZWTQjTsSEEjHF7gsrnwCM316460&amp;fbclid=IwY2xjawKJbcBleHRuA2FlbQIxMABicmlkETBFdGRBdWJuMXhFdEg5VktPAR4EZrQJh8EzWvSiY3gvjfkDc8BAR7eCL2rKmYbC-ombe9OwGuqqZz5IlgjT2g_aem_J1kQqXexkbZbSrNjX58fiA\" target=\"_blank\" rel=\"noopener\">https:\/\/www.sistemanacionalempleo.es\/OfertaDifusionWEB\/detalleOferta.do?modo=inicio&amp;CA=03&amp;id=032025002986&amp;ret=B&amp;idFlujo=ZWTQjTsSEEjHF7gsrnwCM316460&amp;fbclid=IwY2xjawKJbcBleHRuA2FlbQIxMABicmlkETBFdGRBdWJuMXhFdEg5VktPAR4EZrQJh8EzWvSiY3gvjfkDc8BAR7eCL2rKmYbC-ombe9OwGuqqZz5IlgjT2g_aem_J1kQqXexkbZbSrNjX58fiA<\/a><\/p>\n<p>5\/5\/25<\/p>\n<p><span class=\"x193iq5w xeuugli x13faqbe x1vvkbs x1xmvt09 x1lliihq x1s928wv xhkezso x1gmr53x x1cpjm7i x1fgarty x1943h6x xudqn12 x3x7a5m x6prxxf xvq8zen xo1l8bm xzsf02u\" dir=\"auto\">Empleo: GEROCULTOR\/A para residencia en Navia. Las personas interesadas deben enviar su curr\u00edculum a la siguiente direcci\u00f3n de correo electr\u00f3nico: residencianavia@ggsalud.es.<\/span><\/p>\n<p><a href=\"https:\/\/www.sistemanacionalempleo.es\/OfertaDifusionWEB\/detalleOferta.do?modo=inicio&amp;id=032025002944&amp;ret=A&amp;origen=ultimasOfertas&amp;CA=03&amp;idFlujo=VclMuommTnEL3CPuTqkh0Eq3860&amp;fbclid=IwY2xjawKFS99leHRuA2FlbQIxMABicmlkETBYaFllWERSTE42UXl5blpOAR43cD9-PtxHBdbYtqa_FL99hLsRC_UGDqJJO3uJ2YCj2mUpaK6Tex--GABGmQ_aem_C5n0_3mOI_X5IpRm886FqA\" target=\"_blank\" rel=\"noopener\">https:\/\/www.sistemanacionalempleo.es\/OfertaDifusionWEB\/detalleOferta.do?modo=inicio&amp;id=032025002944&amp;ret=A&amp;origen=ultimasOfertas&amp;CA=03&amp;idFlujo=VclMuommTnEL3CPuTqkh0Eq3860&amp;fbclid=IwY2xjawKFS99leHRuA2FlbQIxMABicmlkETBYaFllWERSTE42UXl5blpOAR43cD9-PtxHBdbYtqa_FL99hLsRC_UGDqJJO3uJ2YCj2mUpaK6Tex&#8211;GABGmQ_aem_C5n0_3mOI_X5IpRm886FqA<\/a><\/p>\n<p>23\/4\/2025<\/p>\n<p><span class=\"x193iq5w xeuugli x13faqbe x1vvkbs x1xmvt09 x1lliihq x1s928wv xhkezso x1gmr53x x1cpjm7i x1fgarty x1943h6x xudqn12 x3x7a5m x6prxxf xvq8zen xo1l8bm xzsf02u\" dir=\"auto\">Empleo: GEROCULTOR\/A para residencia de personas mayores en Vegadeo. Las personas interesadas en el puesto habr\u00e1n de enviar su curr\u00edculum vitae a la direcci\u00f3n de correo electr\u00f3nico caridadvegadense@hotmail.com o llamar al tel\u00e9fono 985634052.<\/span><\/p>\n<p><a href=\"https:\/\/www.sistemanacionalempleo.es\/OfertaDifusionWEB\/detalleOferta.do?modo=inicio&amp;id=032025002753&amp;ret=A&amp;origen=ultimasOfertas&amp;CA=03&amp;idFlujo=b5kKuzH2e2Z2tAoafwxXR3d8483&amp;fbclid=IwY2xjawJ2F9ZleHRuA2FlbQIxMAABHuw5IsIFWhooZA81GmUuTXSVKdaJFsxft6tNrEZ2pp-QlxtXwGpjaqwwp148_aem_ataKk3cWojKLZN8OiptNFg\" target=\"_blank\" rel=\"noopener\">https:\/\/www.sistemanacionalempleo.es\/OfertaDifusionWEB\/detalleOferta.do?modo=inicio&amp;id=032025002753&amp;ret=A&amp;origen=ultimasOfertas&amp;CA=03&amp;idFlujo=b5kKuzH2e2Z2tAoafwxXR3d8483&amp;fbclid=IwY2xjawJ2F9ZleHRuA2FlbQIxMAABHuw5IsIFWhooZA81GmUuTXSVKdaJFsxft6tNrEZ2pp-QlxtXwGpjaqwwp148_aem_ataKk3cWojKLZN8OiptNFg<\/a><\/p>\n<p>26\/3\/2025<\/p>\n<p><span class=\"x193iq5w xeuugli x13faqbe x1vvkbs x1xmvt09 x1lliihq x1s928wv xhkezso x1gmr53x x1cpjm7i x1fgarty x1943h6x xudqn12 x3x7a5m x6prxxf xvq8zen xo1l8bm xzsf02u\" dir=\"auto\">La Cooperativa El Orrio de Tapia de Casariego est\u00e1 buscando gente para trabajar en jornada de ma\u00f1ana y tarde, y turno de tardes.<br class=\"html-br\" \/><span class=\"html-span xdj266r x11i5rnm xat24cr x1mh8g0r xexx8yu x4uap5 x18d9i69 xkhd6sd x1hl2dhg x16tdsg8 x1vvkbs\"><a class=\"x1i10hfl xjbqb8w x1ejq31n xd10rxx x1sy0etr x17r0tee x972fbf xcfux6l x1qhh985 xm0m39n x9f619 x1ypdohk xt0psk2 xe8uvvx xdj266r x11i5rnm xat24cr x1mh8g0r xexx8yu x4uap5 x18d9i69 xkhd6sd x16tdsg8 x1hl2dhg xggy1nq x1a2a7pz xkrqix3 x1sur9pj xzsf02u x1s688f\" role=\"link\" href=\"https:\/\/www.facebook.com\/AyudaDomicilioElOrrio?__cft__[0]=AZXdAr1O6oS6Ug1wVsBpIFq4c-JkQ_tThd1QgTOOygvvFnzfjZuu4vSB5uK8KcTWX98hKxMFwR5_uQ1b1MDHQ72NyhkiF8nbXoGsUg5sQF7lHxWjVKlqgCtwXUV0V7qvg7NQJ5D0jtVIs9jnWYPMyY1xnwy9jQNq_L0uMeZ9x4CO6sIXVpv8DX5z0KlHrFx6X6M&amp;__tn__=-]K*F\"><span class=\"xt0psk2\"><span class=\"xjp7ctv\">https:\/\/www.facebook.com\/AyudaDomicilioElOrrio\/?locale=es_ES<\/span><\/span><\/a><\/span><br class=\"html-br\" \/><span class=\"html-span xdj266r x11i5rnm xat24cr x1mh8g0r xexx8yu x4uap5 x18d9i69 xkhd6sd x1hl2dhg x16tdsg8 x1vvkbs\"><a class=\"x1i10hfl xjbqb8w x1ejq31n xd10rxx x1sy0etr x17r0tee x972fbf xcfux6l x1qhh985 xm0m39n x9f619 x1ypdohk xt0psk2 xe8uvvx xdj266r x11i5rnm xat24cr x1mh8g0r xexx8yu x4uap5 x18d9i69 xkhd6sd x16tdsg8 x1hl2dhg xggy1nq x1a2a7pz xkrqix3 x1sur9pj x1fey0fg x1s688f\" role=\"link\" href=\"http:\/\/www.orrio-coop.com\/?fbclid=IwZXh0bgNhZW0CMTAAAR1PcLlApGjSVU0euM6-Lnxg8ZOzRIwfBJL4yrTabHNoqSHcX4d14qKn3_I_aem_d2nQ4WyZt-NYtj1_n3PvQA\" target=\"_blank\" rel=\"nofollow noopener noreferrer\">http:\/\/www.orrio-coop.com\/<\/a><\/span><\/span><\/p>\n<p><img loading=\"lazy\" decoding=\"async\" class=\"alignnone size-medium wp-image-300\" src=\"http:\/\/edublog.educastur.es\/ciclodependenciavegadeo\/files\/2025\/03\/486378566_1101963395281778_5119115918275414531_n-300x213.jpg\" alt=\"\" width=\"300\" height=\"213\" srcset=\"https:\/\/edublog.educastur.es\/ciclodependenciavegadeo\/files\/2025\/03\/486378566_1101963395281778_5119115918275414531_n-300x213.jpg 300w, https:\/\/edublog.educastur.es\/ciclodependenciavegadeo\/files\/2025\/03\/486378566_1101963395281778_5119115918275414531_n.jpg 622w\" sizes=\"auto, (max-width: 300px) 100vw, 300px\" \/><\/p>\n<p>&nbsp;<\/p>\n","protected":false},"excerpt":{"rendered":"<p>30\/12\/25 Auxiliar de Geriatr\u00eda para la Residencia de Villanueva de Oscos. Contacto residenciavillanuevadeoscos@gmail.com Tel\u00e9fono 654 493 479 1\/9\/25 Bolsa de Auxiliares de Ayuda a Domicilio del Ayuntamiento de Vegadeo https:\/\/www.vegadeo.es\/noticia\/-\/asset_publisher\/53f2638a5d65\/content\/convocatoria-y-bases-reguladoras-para-la-creaci%25C3%25B3n-de-una-bolsa-complementaria-de-auxiliares-del-servicio-de-ayuda-a-domicilio-personal-laboral-temporal-?_com_liferay_asset_publisher_web_portlet_AssetPublisherPortlet_INSTANCE_daDHHfeYNSV0_assetEntryId=17751392&amp;_com_liferay_asset_publisher_web_portlet_AssetPublisherPortlet_INSTANCE_daDHHfeYNSV0_redirect=https%3A%2F%2Fwww.vegadeo.es%3A443%2Fportada%3Fp_p_id%3Dcom_liferay_asset_publisher_web_portlet_AssetPublisherPortlet_INSTANCE_daDHHfeYNSV0%26p_p_lifecycle%3D0%26p_p_state%3Dnormal%26p_p_mode%3Dview%26_com_liferay_asset_publisher_web_portlet_AssetPublisherPortlet_INSTANCE_daDHHfeYNSV0_cur%3D0%26p_r_p_resetCur%3Dfalse%26_com_liferay_asset_publisher_web_portlet_AssetPublisherPortlet_INSTANCE_daDHHfeYNSV0_assetEntryId%3D17751392 6\/6\/25 El CAM de Trabada necesita GEROCULTOR\/A para cubrir una baja. Interesados env\u00eden curriculum a trabada@troncoso.es. 22\/5\/25 La Cooperativa El Orrio de Tapia de Casariego [&hellip;]<\/p>\n","protected":false},"author":418,"featured_media":0,"parent":0,"menu_order":0,"comment_status":"closed","ping_status":"closed","template":"","meta":{"footnotes":""},"class_list":["post-295","page","type-page","status-publish","hentry"],"_links":{"self":[{"href":"https:\/\/edublog.educastur.es\/ciclodependenciavegadeo\/wp-json\/wp\/v2\/pages\/295","targetHints":{"allow":["GET"]}}],"collection":[{"href":"https:\/\/edublog.educastur.es\/ciclodependenciavegadeo\/wp-json\/wp\/v2\/pages"}],"about":[{"href":"https:\/\/edublog.educastur.es\/ciclodependenciavegadeo\/wp-json\/wp\/v2\/types\/page"}],"author":[{"embeddable":true,"href":"https:\/\/edublog.educastur.es\/ciclodependenciavegadeo\/wp-json\/wp\/v2\/users\/418"}],"replies":[{"embeddable":true,"href":"https:\/\/edublog.educastur.es\/ciclodependenciavegadeo\/wp-json\/wp\/v2\/comments?post=295"}],"version-history":[{"count":13,"href":"https:\/\/edublog.educastur.es\/ciclodependenciavegadeo\/wp-json\/wp\/v2\/pages\/295\/revisions"}],"predecessor-version":[{"id":357,"href":"https:\/\/edublog.educastur.es\/ciclodependenciavegadeo\/wp-json\/wp\/v2\/pages\/295\/revisions\/357"}],"wp:attachment":[{"href":"https:\/\/edublog.educastur.es\/ciclodependenciavegadeo\/wp-json\/wp\/v2\/media?parent=295"}],"curies":[{"name":"wp","href":"https:\/\/api.w.org\/{rel}","templated":true}]}}