{"id":14,"date":"2022-03-31T11:22:13","date_gmt":"2022-03-31T11:22:13","guid":{"rendered":"https:\/\/edublog.educastur.es\/cifpcerdeno\/?page_id=14"},"modified":"2022-06-23T17:53:39","modified_gmt":"2022-06-23T17:53:39","slug":"fct","status":"publish","type":"page","link":"https:\/\/edublog.educastur.es\/cifpcerdeno\/fct\/","title":{"rendered":"FCT"},"content":{"rendered":"<p><span style=\"color: #008000\"><img loading=\"lazy\" decoding=\"async\" class=\"alignleft wp-image-87 size-full\" src=\"http:\/\/edublog.educastur.es\/mrol\/files\/2020\/07\/vistointermitente.gif\" alt=\"\" width=\"19\" height=\"18\" \/><\/span><span style=\"color: #3366ff\"><strong>Presentaci\u00f3n FCT 2021 -2022 Abril -Junio<\/strong><\/span><br \/>\n\n<!-- iframe plugin v.6.0 wordpress.org\/plugins\/iframe\/ -->\n<iframe loading=\"lazy\" width=\"100%\" height=\"475px\" src=\"https:\/\/view.genial.ly\/6245b672ef6c4c00183246bd\" scrolling=\"yes\" class=\"iframe-class\" frameborder=\"0\" data-origwidth=\"100%\" data-origheight=\"475px\" 0=\"style=&quot;width:\" 1=\"348.878px;&quot;&gt;&lt;\/iframe\"><\/iframe>\n<\/p>\n<p><a href=\"https:\/\/drive.google.com\/file\/d\/1hDhwwkZYJIH52KXDkONJX8FyKWxfdK_n\/view?usp=sharing\" target=\"_blank\" rel=\"noopener\"><img loading=\"lazy\" decoding=\"async\" class=\"alignnone size-full wp-image-136\" src=\"http:\/\/edublog.educastur.es\/cifpcerdeno\/files\/2022\/04\/i5-1.jpg\" alt=\"\" width=\"33\" height=\"27\" \/>\u00a0 \u00a0Hoja de seguimiento semanal<\/a><\/p>\n<p><a href=\"https:\/\/drive.google.com\/file\/d\/1QkPQpLSsoepFr34HeBb3gu_X3pho4Okx\/view?usp=sharing\" target=\"_blank\" rel=\"noopener\"><img loading=\"lazy\" decoding=\"async\" class=\"alignnone size-full wp-image-136\" src=\"http:\/\/edublog.educastur.es\/cifpcerdeno\/files\/2022\/04\/i5-1.jpg\" alt=\"\" width=\"33\" height=\"27\" \/><\/a><a href=\"https:\/\/drive.google.com\/file\/d\/1QkPQpLSsoepFr34HeBb3gu_X3pho4Okx\/view?usp=sharing\" target=\"_blank\" rel=\"noopener\">Normas del CIFP para la FCT<\/a><\/p>\n<p><img loading=\"lazy\" decoding=\"async\" class=\"alignnone size-medium wp-image-175\" src=\"http:\/\/edublog.educastur.es\/cifpcerdeno\/files\/2022\/04\/fct-9jpg-300x33.jpg\" alt=\"\" width=\"300\" height=\"33\" srcset=\"https:\/\/edublog.educastur.es\/cifpcerdeno\/files\/2022\/04\/fct-9jpg-300x33.jpg 300w, https:\/\/edublog.educastur.es\/cifpcerdeno\/files\/2022\/04\/fct-9jpg.jpg 312w\" sizes=\"auto, (max-width: 300px) 100vw, 300px\" \/><\/p>\n<p><a title=\"Abrir\" href=\"https:\/\/drive.google.com\/file\/d\/1ta5tTa20ZWCUiGZHYkEbrH7myzVEQX3H\/view?usp=sharing\" target=\"_blank\" rel=\"noopener noreferrer\"><img loading=\"lazy\" decoding=\"async\" class=\"alignnone size-full wp-image-135\" src=\"http:\/\/edublog.educastur.es\/cifpcerdeno\/files\/2022\/04\/i2.jpg\" alt=\"\" width=\"33\" height=\"27\" \/>Qui\u00e9n puede acceder<\/a><\/p>\n<p><a title=\"Abrir\" href=\"https:\/\/drive.google.com\/file\/d\/1U8MvA3uJBRJ6uh6qCrTndFIcTE7AAuer\/view?usp=sharing\" target=\"_blank\" rel=\"noopener noreferrer\"><img loading=\"lazy\" decoding=\"async\" class=\"alignnone size-full wp-image-135\" src=\"http:\/\/edublog.educastur.es\/cifpcerdeno\/files\/2022\/04\/i2.jpg\" alt=\"\" width=\"33\" height=\"27\" \/>Normativa que regula la FCT<\/a><\/p>\n<p><a title=\"Abrir\" href=\"https:\/\/drive.google.com\/file\/d\/154z5Cc0dmzN42QoOauz5icYuVCKM8IiG\/view?usp=sharing\" target=\"_blank\" rel=\"noopener noreferrer\"><img loading=\"lazy\" decoding=\"async\" class=\"alignnone size-full wp-image-135\" src=\"http:\/\/edublog.educastur.es\/cifpcerdeno\/files\/2022\/04\/i2.jpg\" alt=\"\" width=\"33\" height=\"27\" \/>Organizaci\u00f3n y evaluaci\u00f3n de la FP<\/a><\/p>\n<p><img loading=\"lazy\" decoding=\"async\" class=\"alignnone size-medium wp-image-174\" src=\"http:\/\/edublog.educastur.es\/cifpcerdeno\/files\/2022\/04\/fct11-300x29.jpg\" alt=\"\" width=\"300\" height=\"29\" srcset=\"https:\/\/edublog.educastur.es\/cifpcerdeno\/files\/2022\/04\/fct11-300x29.jpg 300w, https:\/\/edublog.educastur.es\/cifpcerdeno\/files\/2022\/04\/fct11.jpg 355w\" sizes=\"auto, (max-width: 300px) 100vw, 300px\" \/><\/p>\n<p><img loading=\"lazy\" decoding=\"async\" class=\"alignnone size-full wp-image-134\" src=\"http:\/\/edublog.educastur.es\/cifpcerdeno\/files\/2022\/04\/11.jpg\" alt=\"\" width=\"50\" height=\"35\" \/> <a title=\"Abrir\" href=\"https:\/\/www.tributasenasturias.es\/stpa\/Ciudadanos+y+Empresas\/Oficina+Virtual\/ch.Confeccion+online.modelo?cc1_modelo=046&amp;pt_modelo=046&amp;pt_nuevaCarga=s&amp;esSiga=N&amp;cc1_accion=C&amp;pt_accion=C\" target=\"_blank\" rel=\"noopener noreferrer\">Confecciona y descarga el impreso 046\u00a0 para ir a pagar o paga \u00abon line\u00bb e imprime<\/a><\/p>\n<p><a title=\"Abrir\" href=\"https:\/\/drive.google.com\/file\/d\/1cf1w8iwS315Z75BTCiImutwXPcu9vbqX\/view?usp=sharing\" target=\"_blank\" rel=\"noopener noreferrer\"><img loading=\"lazy\" decoding=\"async\" class=\"alignnone size-full wp-image-134\" src=\"http:\/\/edublog.educastur.es\/cifpcerdeno\/files\/2022\/04\/11.jpg\" alt=\"\" width=\"50\" height=\"35\" \/>Impreso\u00a0 del CIFP para la solicitud del T\u00edtulo<\/a><\/p>\n<p><a href=\"https:\/\/sede.tributasenasturias.es\/imgvcm\/stpa\/Imagenes\/Ficheros\/TARIFAS_DE_TASAS_Y_PRECIOS_PUBLICOS_2022.pdf\"><img loading=\"lazy\" decoding=\"async\" class=\"alignnone size-full wp-image-135\" src=\"http:\/\/edublog.educastur.es\/cifpcerdeno\/files\/2022\/04\/i2.jpg\" alt=\"\" width=\"33\" height=\"27\" \/>Informaci\u00f3n sobre tasas 2022<\/a>\u00a0 \u00a0 \u00a0 <img loading=\"lazy\" decoding=\"async\" class=\"alignnone size-full wp-image-135\" src=\"http:\/\/edublog.educastur.es\/cifpcerdeno\/files\/2022\/04\/i2.jpg\" alt=\"\" width=\"33\" height=\"27\" \/><a href=\"https:\/\/drive.google.com\/file\/d\/1-FyQkIU9Kwv06AMYZ9gmjW46hXiP-ROI\/view?usp=sharing\" target=\"_blank\" rel=\"noopener\">Detalle del importe a pagar<\/a><\/p>\n<p><img loading=\"lazy\" decoding=\"async\" class=\"alignnone size-full wp-image-135\" src=\"http:\/\/edublog.educastur.es\/cifpcerdeno\/files\/2022\/04\/i2.jpg\" alt=\"\" width=\"33\" height=\"27\" \/> <a title=\"Abrir\" href=\"http:\/\/www.cifpcerdeno.com\/index.php\/documentacion\/doc-publicos-2\/doc-publicos\/doc-publicos-gen\/otros\/secretaria-virtual\/1606-como-cumplimentar-el-modelo-046\/file\" target=\"_blank\" rel=\"noopener noreferrer\">Para rellenar el impreso 046<\/a>\u00a0 \u00a0<img loading=\"lazy\" decoding=\"async\" class=\"alignnone size-full wp-image-135\" src=\"http:\/\/edublog.educastur.es\/cifpcerdeno\/files\/2022\/04\/i2.jpg\" alt=\"\" width=\"33\" height=\"27\" \/><a title=\"Abrir\" href=\"http:\/\/www.cifpcerdeno.com\/index.php\/documentacion\/doc-publicos-2\/doc-publicos\/otros\/secretaria-virtual\/1605-como-conseguir-mi-titulo-de-fp\/file\" target=\"_blank\" rel=\"noopener noreferrer\">Informaci\u00f3n sobre el t\u00edtulo<\/a><\/p>\n<p><img loading=\"lazy\" decoding=\"async\" class=\"alignnone size-medium wp-image-173\" src=\"http:\/\/edublog.educastur.es\/cifpcerdeno\/files\/2022\/04\/fct-10-300x33.jpg\" alt=\"\" width=\"300\" height=\"33\" srcset=\"https:\/\/edublog.educastur.es\/cifpcerdeno\/files\/2022\/04\/fct-10-300x33.jpg 300w, https:\/\/edublog.educastur.es\/cifpcerdeno\/files\/2022\/04\/fct-10.jpg 312w\" sizes=\"auto, (max-width: 300px) 100vw, 300px\" \/><\/p>\n<p><a href=\"https:\/\/www.empleafp.com\/site\/index.html#\/\" target=\"_blank\" rel=\"noopener noreferrer\"><img loading=\"lazy\" decoding=\"async\" class=\"alignnone wp-image-141\" src=\"http:\/\/edublog.educastur.es\/cifpcerdeno\/files\/2022\/04\/empleafp2-2.jpg\" alt=\"\" width=\"126\" height=\"26\" \/><\/a><a title=\"Abrir\" href=\"https:\/\/www.empleafp.com\/site\/index.html#\/\" target=\"_blank\" rel=\"noopener noreferrer\">Bolsa de empleo<\/a><\/p>\n<p><a href=\"https:\/\/trabajastur.asturias.es\/\" target=\"_blank\" rel=\"noopener\"><img loading=\"lazy\" decoding=\"async\" class=\"alignnone wp-image-143\" src=\"http:\/\/edublog.educastur.es\/cifpcerdeno\/files\/2022\/04\/trabajoastur.jpg\" alt=\"\" width=\"136\" height=\"35\" \/><\/a><\/p>\n<p><img loading=\"lazy\" decoding=\"async\" class=\"alignnone wp-image-140 size-full\" src=\"http:\/\/edublog.educastur.es\/cifpcerdeno\/files\/2022\/04\/cochefct.jpg\" alt=\"\" width=\"40\" height=\"30\" \/>Uso del veh\u00edculo particular<\/p>\n<p><a href=\"http:\/\/incual.mecd.es\/\" target=\"_blank\" rel=\"noopener noreferrer\"><img loading=\"lazy\" decoding=\"async\" class=\"alignnone size-full wp-image-142\" src=\"http:\/\/edublog.educastur.es\/cifpcerdeno\/files\/2022\/04\/inc-1.jpg\" alt=\"\" width=\"205\" height=\"54\" \/><\/a><\/p>\n<p>&nbsp;<\/p>\n<p>&nbsp;<\/p>\n<p>&nbsp;<\/p>\n","protected":false},"excerpt":{"rendered":"<p>Presentaci\u00f3n FCT 2021 -2022 Abril -Junio \u00a0 \u00a0Hoja de seguimiento semanal Normas del CIFP para la FCT Qui\u00e9n puede acceder Normativa que regula la FCT Organizaci\u00f3n y evaluaci\u00f3n de la FP Confecciona y descarga el impreso 046\u00a0 para ir a pagar o paga \u00abon line\u00bb e imprime Impreso\u00a0 del CIFP para la solicitud del T\u00edtulo [&hellip;]<\/p>\n","protected":false},"author":134,"featured_media":121,"parent":0,"menu_order":4,"comment_status":"closed","ping_status":"closed","template":"","meta":{"footnotes":""},"class_list":["post-14","page","type-page","status-publish","has-post-thumbnail","hentry","post-preview"],"_links":{"self":[{"href":"https:\/\/edublog.educastur.es\/cifpcerdeno\/wp-json\/wp\/v2\/pages\/14","targetHints":{"allow":["GET"]}}],"collection":[{"href":"https:\/\/edublog.educastur.es\/cifpcerdeno\/wp-json\/wp\/v2\/pages"}],"about":[{"href":"https:\/\/edublog.educastur.es\/cifpcerdeno\/wp-json\/wp\/v2\/types\/page"}],"author":[{"embeddable":true,"href":"https:\/\/edublog.educastur.es\/cifpcerdeno\/wp-json\/wp\/v2\/users\/134"}],"replies":[{"embeddable":true,"href":"https:\/\/edublog.educastur.es\/cifpcerdeno\/wp-json\/wp\/v2\/comments?post=14"}],"version-history":[{"count":43,"href":"https:\/\/edublog.educastur.es\/cifpcerdeno\/wp-json\/wp\/v2\/pages\/14\/revisions"}],"predecessor-version":[{"id":171,"href":"https:\/\/edublog.educastur.es\/cifpcerdeno\/wp-json\/wp\/v2\/pages\/14\/revisions\/171"}],"wp:featuredmedia":[{"embeddable":true,"href":"https:\/\/edublog.educastur.es\/cifpcerdeno\/wp-json\/wp\/v2\/media\/121"}],"wp:attachment":[{"href":"https:\/\/edublog.educastur.es\/cifpcerdeno\/wp-json\/wp\/v2\/media?parent=14"}],"curies":[{"name":"wp","href":"https:\/\/api.w.org\/{rel}","templated":true}]}}