{"id":2478,"date":"2025-02-24T16:16:04","date_gmt":"2025-02-24T15:16:04","guid":{"rendered":"https:\/\/edublog.educastur.es\/colejimi\/?page_id=2478"},"modified":"2026-03-26T14:39:43","modified_gmt":"2026-03-26T13:39:43","slug":"reclamaciones","status":"publish","type":"page","link":"https:\/\/edublog.educastur.es\/colejimi\/familias\/reclamaciones\/","title":{"rendered":"Reclamaciones"},"content":{"rendered":"<p style=\"text-align: center\"><span style=\"font-size: 18pt\"><strong>Reclamaciones<\/strong><\/span><\/p>\n<p>Los padres, madres o tutores\/as legales podr\u00e1n solicitar al profesorado y a su tutor\/a, cuantas aclaraciones consideren precisas acerca de las valoraciones que se realicen sobre el proceso de aprendizaje del alumnado, as\u00ed como sobre las calificaciones o decisiones finales que se adopten como resultado de dicho proceso. Los padres, madres o tutores\/as legales recibir\u00e1n informaci\u00f3n sobre el derecho que les asisten para formular reclamaciones contra las decisiones y calificaciones que se adopten al final de cada uno de los niveles de la etapa.<\/p>\n<p>Las evaluaciones podr\u00e1n ser objeto de reclamaciones por parte de las familias o tutores\/as legales, tramitadas a trav\u00e9s del maestro\/a tutor\/a, en calificaciones parciales, o por escrito ante la direcci\u00f3n, en calificaciones finales, siguiendo el procedimiento establecido oficialmente por el Servicio de Inspecci\u00f3n Educativa de la Consejer\u00eda de Educaci\u00f3n del Principado de Asturias.<\/p>\n<p><strong>IMPORTANTE<\/strong>: Las reclamaciones se hacen siempre a final de curso, en la evaluaci\u00f3n final.<\/p>\n<table class=\" aligncenter\" style=\"width: 640px\" width=\"640\">\n<tbody>\n<tr style=\"background-color: #86d4f0\">\n<td colspan=\"2\" width=\"640\"><strong>RECLAMACIONES CONTRA LAS DECISIONES DE EVALUACI\u00d3N O CALIFICACI\u00d3N DE FIN DE CURSO O ETAPA<\/strong><\/td>\n<\/tr>\n<tr>\n<td style=\"background-color: #9fe8ed\" width=\"132\"><strong>PLAZO<\/strong><\/td>\n<td width=\"509\">2 d\u00edas lectivos a partir del d\u00eda siguiente a aquel en que se tenga conocimiento de la calificaci\u00f3n.<\/td>\n<\/tr>\n<tr>\n<td style=\"background-color: #9fe8ed\" width=\"132\"><strong>CAUSAS DE LA RECLAMACI\u00d3N <\/strong><\/td>\n<td width=\"509\">\u2022 Inadecuaci\u00f3n de los objetivos y contenidos sobre los que ha llevado a cabo la evaluaci\u00f3n del proceso de aprendizaje del alumnado con los recogidos en la correspondiente programaci\u00f3n docente.<\/p>\n<p>\u2022 Inadecuaci\u00f3n de los procedimientos e instrumentos de evaluaci\u00f3n aplicados con lo se\u00f1alado en la programaci\u00f3n docente.<\/p>\n<p>\u2022 Incorrecta aplicaci\u00f3n de los criterios de calificaci\u00f3n y evaluaci\u00f3n establecidos en la programaci\u00f3n docente para la superaci\u00f3n de la materia, asignatura o m\u00f3dulo.<\/p>\n<p>\u2022 Incorrecta aplicaci\u00f3n de la normativa en materia de promoci\u00f3n o titulaci\u00f3n.<\/td>\n<\/tr>\n<tr>\n<td style=\"background-color: #9fe8ed\" width=\"132\"><strong>INFORMA <\/strong><\/td>\n<td width=\"509\">Equipo de los distintos ciclos.<\/td>\n<\/tr>\n<tr>\n<td style=\"background-color: #9fe8ed\" width=\"132\"><strong>RESUELVE <\/strong><\/td>\n<td width=\"509\">Direcci\u00f3n del centro.<\/td>\n<\/tr>\n<tr style=\"border-color: #4985c9\">\n<td style=\"background-color: #3e77c7;width: 640px\" colspan=\"2\" width=\"640\"><strong>RECURSO CONTRA LA RESOLUCI\u00d3N DE DIRECCI\u00d3N DEL CENTRO<\/strong><\/td>\n<\/tr>\n<tr>\n<td style=\"background-color: #bff2e0\" width=\"132\"><strong>OBJETO <\/strong><\/td>\n<td width=\"509\">Contra la resoluci\u00f3n adoptada por la direcci\u00f3n cabe interponer recurso de alzada ante la Consejera de Educaci\u00f3n.<\/td>\n<\/tr>\n<tr>\n<td style=\"background-color: #bff2e0\" width=\"132\"><strong>PLAZO <\/strong><\/td>\n<td width=\"509\">Un mes, contado a partir del d\u00eda siguiente a aquel en que tenga conocimiento de la Resoluci\u00f3n.<\/td>\n<\/tr>\n<tr>\n<td style=\"background-color: #bff2e0\" width=\"132\"><strong>INFORMA EL RECURSO <\/strong><\/td>\n<td width=\"509\">Informe preceptivo del Servicio de Inspecci\u00f3n Educativa<\/td>\n<\/tr>\n<tr>\n<td style=\"background-color: #bff2e0\" width=\"132\"><strong>RESUELVE EL RECURSO <\/strong><\/td>\n<td width=\"509\">Consejera de Educaci\u00f3n.<\/p>\n<p>Fin de la v\u00eda administrativa.<\/td>\n<\/tr>\n<\/tbody>\n<\/table>\n<p>&nbsp;<\/p>\n<p style=\"text-align: center\"><a href=\"https:\/\/www.educastur.es\/consejeria\/inspeccion-educativa\/documentacion-para-centros\/-\/document_library\/FY3h6N3tOrpv\/view\/11410600?_com_liferay_document_library_web_portlet_DLPortlet_INSTANCE_FY3h6N3tOrpv_redirect=https%3A%2F%2Fwww.educastur.es%2Fconsejeria%2Finspeccion-educativa%2Fdocumentacion-para-centros%2F-%2Fdocument_library%2FFY3h6N3tOrpv%2Fview%2F39667%3F_com_liferay_document_library_web_portlet_DLPortlet_INSTANCE_FY3h6N3tOrpv_redirect%3Dhttps%253A%252F%252Fwww.educastur.es%252Fconsejeria%252Finspeccion-educativa%252Fdocumentacion-para-centros%253Fp_p_id%253Dcom_liferay_document_library_web_portlet_DLPortlet_INSTANCE_FY3h6N3tOrpv%2526p_p_lifecycle%253D0%2526p_p_state%253Dnormal%2526p_p_mode%253Dview\"><strong><em>Documentaci\u00f3n de inter\u00e9s para descarga facilitado por el Servicio de Inspecci\u00f3n de la Consejer\u00eda de Educaci\u00f3n de Asturias<\/em><\/strong><\/a><\/p>\n<p>&nbsp;<\/p>\n<p>&nbsp;<\/p>\n<p>&nbsp;<\/p>\n<p style=\"text-align: center\"><span style=\"font-size: 18pt;color: #000000\"><strong>Revisi\u00f3n de pruebas escritas<\/strong><\/span><\/p>\n<p><span style=\"color: #000000\">Los padres, madres o tutores\/as legales podr\u00e1n solicitar al profesorado y a su tutor\/a, cuantas aclaraciones consideren precisas durante el curso escolar.<\/span><\/p>\n<p><span style=\"color: #000000\">Para ello:<\/span><\/p>\n<p><span style=\"color: #000000\">1\u00ba. Solicitar cita de reuni\u00f3n con el docente o la docente, para hacer la revisi\u00f3n del examen o ex\u00e1menes.<\/span><\/p>\n<p><span style=\"color: #000000\">2\u00ba. Despu\u00e9s de la cita con el\/la docente, si se requiere una copia de los ex\u00e1menes, se <strong>solicita<\/strong> copia de petici\u00f3n de copia en secretar\u00eda o <span style=\"color: #0000ff\"><strong><a style=\"color: #0000ff\" href=\"https:\/\/educastur-my.sharepoint.com\/:b:\/g\/personal\/oscarmg_educastur_org\/IQBDFfJXsVJcTKJB_dk7xIjXASyMRBlJToMz4WOesNgFrbo?e=efrzrc\">descargar desde este enlace<\/a><\/strong><\/span>. En esta cita se especificar\u00e1 qu\u00e9 pruebas se requiere copia, si se requieren en color o blanco y negro&#8230; No se dar\u00e1n copias si no se ha solicitado cita con el\/la docente.<\/span><\/p>\n<p><span style=\"color: #000000\">3\u00ba. Cuando las copias est\u00e9n listas, se informar\u00e1 a la familia para pasar a recogerlas al centro. El centro entrega una hoja de recibo que tendr\u00e1 que pasar a recoger o <span style=\"color: #0000ff\"><strong><a style=\"color: #0000ff\" href=\"https:\/\/educastur-my.sharepoint.com\/:b:\/g\/personal\/oscarmg_educastur_org\/IQBDq_qBpivWRKeTpNtFFPM_AfXXxmeqEH-KXLSWRDb_Y9I?e=GDSVvV\">descargar desde este enlace<\/a><\/strong><\/span>.<\/span><\/p>\n<p>&nbsp;<\/p>\n<p>Este proceso lo tenemos recogido en nuestra normativa de centro (NOFC), apartado 7.5.<\/p>\n<p>&nbsp;<\/p>\n<p><span style=\"color: #000000\">Para cualquier duda estamos a vuestra disposici\u00f3n por los canales ordinarios.<\/span><\/p>\n","protected":false},"excerpt":{"rendered":"<p>Reclamaciones Los padres, madres o tutores\/as legales podr\u00e1n solicitar al profesorado y a su tutor\/a, cuantas aclaraciones consideren precisas acerca de las valoraciones que se realicen sobre el proceso de aprendizaje del alumnado, as\u00ed como sobre las calificaciones o decisiones finales que se adopten como resultado de dicho proceso. Los padres, madres o tutores\/as legales &hellip; <a href=\"https:\/\/edublog.educastur.es\/colejimi\/familias\/reclamaciones\/\" class=\"more-link\">Seguir leyendo <span class=\"screen-reader-text\">Reclamaciones<\/span><\/a><\/p>\n","protected":false},"author":1658,"featured_media":0,"parent":30,"menu_order":6,"comment_status":"closed","ping_status":"closed","template":"","meta":{"footnotes":""},"class_list":["post-2478","page","type-page","status-publish","hentry","no-featured-image"],"_links":{"self":[{"href":"https:\/\/edublog.educastur.es\/colejimi\/wp-json\/wp\/v2\/pages\/2478","targetHints":{"allow":["GET"]}}],"collection":[{"href":"https:\/\/edublog.educastur.es\/colejimi\/wp-json\/wp\/v2\/pages"}],"about":[{"href":"https:\/\/edublog.educastur.es\/colejimi\/wp-json\/wp\/v2\/types\/page"}],"author":[{"embeddable":true,"href":"https:\/\/edublog.educastur.es\/colejimi\/wp-json\/wp\/v2\/users\/1658"}],"replies":[{"embeddable":true,"href":"https:\/\/edublog.educastur.es\/colejimi\/wp-json\/wp\/v2\/comments?post=2478"}],"version-history":[{"count":9,"href":"https:\/\/edublog.educastur.es\/colejimi\/wp-json\/wp\/v2\/pages\/2478\/revisions"}],"predecessor-version":[{"id":2480,"href":"https:\/\/edublog.educastur.es\/colejimi\/wp-json\/wp\/v2\/pages\/2478\/revisions\/2480"}],"up":[{"embeddable":true,"href":"https:\/\/edublog.educastur.es\/colejimi\/wp-json\/wp\/v2\/pages\/30"}],"wp:attachment":[{"href":"https:\/\/edublog.educastur.es\/colejimi\/wp-json\/wp\/v2\/media?parent=2478"}],"curies":[{"name":"wp","href":"https:\/\/api.w.org\/{rel}","templated":true}]}}