{"id":387,"date":"2022-07-10T15:13:49","date_gmt":"2022-07-10T15:13:49","guid":{"rendered":"https:\/\/edublog.educastur.es\/cpgloriarodriguez\/?page_id=387"},"modified":"2025-08-29T13:51:15","modified_gmt":"2025-08-29T11:51:15","slug":"nuestro-colegio","status":"publish","type":"page","link":"https:\/\/edublog.educastur.es\/colejimi\/centro\/nuestro-colegio\/","title":{"rendered":"Nuestro colegio"},"content":{"rendered":"<h3 style=\"text-align: center\"><strong>Un poco de historia<\/strong><\/h3>\n<p><img decoding=\"async\" class=\"aligncenter\" src=\"https:\/\/alojaweb.educastur.es\/documents\/2108855\/2116833\/colegioantiguo.jpg\/ea2cc503-65b0-4d7b-9900-d0de19d32e4c?t=1512035827955\" alt=\"\" \/><\/p>\n<p>En Enero de 1.935, siendo alcalde del municipio D. Manuel Garc\u00eda Fanjul, dieron comienzo las obras del colegio de Soto del Barco.<\/p>\n<p>En aquella etapa s\u00f3lo construyeron las paredes, los ventanales y el techo. Parece ser que \u00a0una de las novedades en la construcci\u00f3n fue la utilizaci\u00f3n de ventanales met\u00e1licos. En \u00a0la primera piedra que\u00a0 pusieron para su construcci\u00f3n figuraba el nombre de D\u00aa\u00a0 Mar\u00eda \u00a0Fern\u00e1ndez Vald\u00e9s, maestra de la localidad desde 1910 hasta su jubilaci\u00f3n en 1.956. Anteriormente\u00a0 las clases se impart\u00edan en unas escuelas\u00a0 situadas donde el actual cuartel de la Guardia Civil y en otros locales distribuidos por el pueblo.<\/p>\n<p>Las obras del colegio se paralizan\u00a0 durante la Guerra Civil\u00a0 y no se reanudar\u00e1n hasta varios a\u00f1os despu\u00e9s, debido probablemente a la penuria econ\u00f3mica del momento. Es en el a\u00f1o 1.951 cuando empieza a funcionar el colegio, aunque solamente\u00a0 la planta baja.<\/p>\n<p>Aquellas primeras \u00abescuelas\u00bb eran bastante diferentes\u00a0 al edificio actual, ya que desde aquella fecha\u00a0 fue objeto de\u00a0 varias ampliaciones y obras de mejora.<\/p>\n<ul>\n<li>En el a\u00f1o 1972 se hizo la primera ampliaci\u00f3n hacia el sur, construy\u00e9ndose el comedor y las\u00a0 dos aulas situadas encima del mismo, una de ellas destinada a laboratorio.<\/li>\n<li>En el a\u00f1o 1.985 se ampli\u00f3 hacia el norte y\u00a0 se construyeron cuatro nuevas aulas.<\/li>\n<li>En\u00a0 el 1.986 se construy\u00f3 el edificio anexo para Parvulario.<\/li>\n<li>En\u00a0 el 1.991 se hizo una nueva ampliaci\u00f3n hacia el norte, construy\u00e9ndose dos nuevas aulas y quedando un espacio como patio cubierto, que posteriormente se cerrar\u00eda, dando lugar al actual gimnasio. En ese mismo a\u00f1o se\u00a0 llev\u00f3 a cabo la renovaci\u00f3n de la cubierta del edificio, que amenaz\u00f3 con venirse abajo, creando la consiguiente alarma en la comunidad escolar.\u00a0 Tambi\u00e9n se hicieron\u00a0 reformas en los pasillos, ba\u00f1os\u2026<\/li>\n<\/ul>\n<p>En estos a\u00f1os, adem\u00e1s de todas las aulas del colegio, tambi\u00e9n se habilitaron para impartir clases el laboratorio, la biblioteca y otros espacios exteriores y ajenos al centro, como los cabildos de la Iglesia y la Biblioteca P\u00fablica.<\/p>\n<p>En el curso 1995-1996\u00a0 el colegio empieza a funcionar como\u00a0 Colegio de Infantil y Primaria. \u00a0La \u00a0E.S.O. se cursar\u00e1 a partir de ese a\u00f1o en el I.E.S de \u00a0Pravia. Esta circunstancia, unida al descenso generalizado\u00a0 de la natalidad, hizo que el n\u00famero de alumnos descendiera considerablemente.<\/p>\n<ul>\n<li>En el a\u00f1o 2.005\u00a0 se habilitan\u00a0 las dos aulas del fondo de la planta baja\u00a0 para la Educaci\u00f3n Infantil, desalojando el parvulario construido\u00a0 en 1986 por encontrarse en un estado ruinoso.<\/li>\n<li>A lo largo del curso \u00a02.008-2009 tiene lugar la urbanizaci\u00f3n del entorno del colegio y se ve cumplida una una vieja reivindicaci\u00f3n: disponer de un recinto propio y cerrado.<\/li>\n<\/ul>\n<p>En el a\u00f1o 1.984\u00a0 se le da al colegio el nombre de\u00a0 Colegio P\u00fablico Gloria Rodr\u00edguez, como homenaje a D\u00f1a. Gloria Rodr\u00edguez, maestra y directora del colegio durante muchos a\u00f1os.<\/p>\n<p>En el a\u00f1o 2024 se le cambia el nombre a <a href=\"https:\/\/sede.asturias.es\/ast\/bopa-disposiciones?p_p_id=pa_sede_bopa_web_portlet_SedeBopaDispositionWeb&amp;p_p_lifecycle=0&amp;_pa_sede_bopa_web_portlet_SedeBopaDispositionWeb_mvcRenderCommandName=%2Fdisposition%2Fdetail&amp;p_r_p_dispositionText=2023-10150&amp;p_r_p_dispositionReference=2023-10150&amp;p_r_p_dispositionDate=21%2F11%2F2023\">Colegio P\u00fablico Jimi P\u00e9rez Lorente<\/a>, como homenaje al alcalde fallecido D. Jaime (Jimi) P\u00e9rez Lorente, por su gran labor y dedicaci\u00f3n a Soto del Barco durante toda su vida personal y profesional como polic\u00eda local y como alcalde del Concejo.<\/p>\n","protected":false},"excerpt":{"rendered":"<p>Un poco de historia En Enero de 1.935, siendo alcalde del municipio D. Manuel Garc\u00eda Fanjul, dieron comienzo las obras del colegio de Soto del Barco. En aquella etapa s\u00f3lo construyeron las paredes, los ventanales y el techo. Parece ser que \u00a0una de las novedades en la construcci\u00f3n fue la utilizaci\u00f3n de ventanales met\u00e1licos. En &hellip; <a href=\"https:\/\/edublog.educastur.es\/colejimi\/centro\/nuestro-colegio\/\" class=\"more-link\">Seguir leyendo <span class=\"screen-reader-text\">Nuestro colegio<\/span><\/a><\/p>\n","protected":false},"author":1658,"featured_media":0,"parent":310,"menu_order":8,"comment_status":"closed","ping_status":"closed","template":"","meta":{"footnotes":""},"class_list":["post-387","page","type-page","status-publish","hentry","no-featured-image"],"_links":{"self":[{"href":"https:\/\/edublog.educastur.es\/colejimi\/wp-json\/wp\/v2\/pages\/387","targetHints":{"allow":["GET"]}}],"collection":[{"href":"https:\/\/edublog.educastur.es\/colejimi\/wp-json\/wp\/v2\/pages"}],"about":[{"href":"https:\/\/edublog.educastur.es\/colejimi\/wp-json\/wp\/v2\/types\/page"}],"author":[{"embeddable":true,"href":"https:\/\/edublog.educastur.es\/colejimi\/wp-json\/wp\/v2\/users\/1658"}],"replies":[{"embeddable":true,"href":"https:\/\/edublog.educastur.es\/colejimi\/wp-json\/wp\/v2\/comments?post=387"}],"version-history":[{"count":2,"href":"https:\/\/edublog.educastur.es\/colejimi\/wp-json\/wp\/v2\/pages\/387\/revisions"}],"predecessor-version":[{"id":2800,"href":"https:\/\/edublog.educastur.es\/colejimi\/wp-json\/wp\/v2\/pages\/387\/revisions\/2800"}],"up":[{"embeddable":true,"href":"https:\/\/edublog.educastur.es\/colejimi\/wp-json\/wp\/v2\/pages\/310"}],"wp:attachment":[{"href":"https:\/\/edublog.educastur.es\/colejimi\/wp-json\/wp\/v2\/media?parent=387"}],"curies":[{"name":"wp","href":"https:\/\/api.w.org\/{rel}","templated":true}]}}