{"id":406,"date":"2022-07-10T16:29:25","date_gmt":"2022-07-10T16:29:25","guid":{"rendered":"https:\/\/edublog.educastur.es\/cpgloriarodriguez\/?page_id=406"},"modified":"2026-04-24T08:31:07","modified_gmt":"2026-04-24T06:31:07","slug":"secretaria","status":"publish","type":"page","link":"https:\/\/edublog.educastur.es\/colejimi\/centro\/secretaria\/","title":{"rendered":"Secretar\u00eda"},"content":{"rendered":"<p style=\"text-align: center\">Para cualquier consulta o duda ponerse en contacto con el centro<\/p>\n<p style=\"text-align: center\">a trav\u00e9s de los tel\u00e9fonos (<strong>985 58 83 47<\/strong>\u00a0 &#8211;\u00a0 <strong>617 71 19 48<\/strong>) o<\/p>\n<p style=\"text-align: center\">del correo electr\u00f3nico (<a href=\"mailto:cpjimi@educastur.org\">cpjimi@educastur.org<\/a>)<\/p>\n<p>&nbsp;<\/p>\n<p>&nbsp;<\/p>\n<p><strong><span style=\"font-size: 14pt\">Equipo directivo*:<\/span><\/strong><\/p>\n<ul>\n<li><strong><span style=\"font-size: 14pt\">Director <\/span><\/strong><span style=\"font-size: 14pt\">(\u00d3scar)<\/span>.<\/li>\n<li><strong><span style=\"font-size: 14pt\">Jefa de estudios <\/span><\/strong><span style=\"font-size: 14pt\">(Raquel)<\/span>.<\/li>\n<li><strong><span style=\"font-size: 14pt\">Secretaria <\/span><\/strong><span style=\"font-size: 14pt\">(Myriam)<\/span>.<\/li>\n<\/ul>\n<p>*<strong>Horario de atenci\u00f3n a familias: <\/strong>Lunes a viernes de 9:00 a 10:00 y de 13:00 a 14:00 horas; preferiblemente con cita previa para asegurar disponibilidad.<\/p>\n<p>&nbsp;<\/p>\n<p><span style=\"font-size: 14pt\"><strong>Descarga documentos de inter\u00e9s para las familias:<\/strong><\/span><\/p>\n<ul>\n<li><a href=\"https:\/\/educastur-my.sharepoint.com\/:w:\/g\/personal\/cpjimi_educastur_org\/EfEU6wIvQzZGsoNUnWgEcNwB1cynvpf0DLisGNxJDmt0TQ?e=TbnGtB\"><strong>Justificante<\/strong> de faltas de asistencia.<\/a> (DOCX &#8211; Documento editable)<\/li>\n<li><a href=\"https:\/\/educastur-my.sharepoint.com\/:w:\/g\/personal\/cpjimi_educastur_org\/EfDybirmWGBErcIXOxeaNYIBRm_adIg72IU7OEWiDW1Ffw?e=OhBt9U\"><strong>Justificante<\/strong> de retrasos del alumnado<\/a>. (DOCX &#8211; Documento editable)<\/li>\n<li><a href=\"https:\/\/educastur-my.sharepoint.com\/:w:\/g\/personal\/cpjimi_educastur_org\/EeVYFigJQctHhKML6gKMD1EButpe6C96NWFcCTbDOlRgTw?e=3sg0sR\"><strong>Autorizaci\u00f3n<\/strong> de salidas por el entorno<\/a>. (DOCX &#8211; Documento editable)<\/li>\n<li><a href=\"https:\/\/educastur-my.sharepoint.com\/:w:\/g\/personal\/cpjimi_educastur_org\/EU27D0IYR9BBnIur5u-Li7MB-JpDsXs7dV7FhF2Nsjvjag?e=TCUE0A\"><strong>Autorizaci\u00f3n<\/strong> recogida a la salida de la jornada lectiva por terceras personas<\/a>. (DOCX &#8211; Documento editable)<\/li>\n<li><a href=\"https:\/\/educastur-my.sharepoint.com\/:w:\/g\/personal\/cpjimi_educastur_org\/EbeMs_cvH7FIn2BSo1lgmvkBOVZX3wtNl5Ri3mTThKDKvA?e=lSat4t\"><strong>Autorizaci\u00f3n<\/strong> salida del centro sin acompa\u00f1ante &#8211; solo\/a<\/a>. (DOCX &#8211; Documento editable)<\/li>\n<li><a href=\"https:\/\/educastur-my.sharepoint.com\/:w:\/g\/personal\/cpjimi_educastur_org\/EUpHi91wMzRKqPtwgv2fSnIBm6EWjb7LjhVghLZS8bmxwQ?e=zsb7pp\" target=\"_blank\" rel=\"noopener\"><strong>Autorizaci\u00f3n<\/strong> recogida alumnado en parada escolar por terceras personas<\/a>. (DOCX &#8211; Documento editable)<\/li>\n<li><a href=\"https:\/\/educastur-my.sharepoint.com\/:w:\/g\/personal\/cpjimi_educastur_org\/EV3OsSqnk-hLvv0YpUGgqm8BzesMVKW6rSevAG_eH7V50g?e=PiKpGB\"><strong>Autorizaci\u00f3n<\/strong> uso de IMAGENES<\/a>. (DOCX &#8211; Documento editable)<\/li>\n<li><a href=\"https:\/\/educastur-my.sharepoint.com\/:w:\/g\/personal\/cpjimi_educastur_org\/ET370YILdc9MjTp8Ax-Di5IB6CUdfGAbAGkY7lfzb23Otg?e=1Q73Wp\"><strong>Autorizaci\u00f3n<\/strong> de salidas por el entorno<\/a>. (DOCX &#8211; Documento editable)<\/li>\n<li><a href=\"https:\/\/educastur-my.sharepoint.com\/:w:\/g\/personal\/cpjimi_educastur_org\/ERUiqvQ2FlNDnHek4XImqB8BWdtLdBJsfELfFBaZYrOAcQ?e=f3JNBf\"><strong>Autorizaci\u00f3n<\/strong> para ir sol@s a casa desde el transporte escolar<\/a>. (DOCX &#8211; Documento editable)<\/li>\n<\/ul>\n<p>&nbsp;<\/p>\n<p><span style=\"font-size: 14pt\"><strong>Otros documentos de inter\u00e9s para las familias:<\/strong><\/span><\/p>\n<ul>\n<li><a href=\"https:\/\/educastur-my.sharepoint.com\/:w:\/g\/personal\/cpjimi_educastur_org\/EdtBeiC0xOxKpPEBib8p5OgBjt-uCX3UrJNHECw7LhxweA?e=qFNPIF\"><strong>Autorizaci\u00f3n <\/strong>recogida documentos por terceras personas<\/a>. (DOCX &#8211; Documento editable)<\/li>\n<li><a href=\"https:\/\/educastur-my.sharepoint.com\/:w:\/g\/personal\/cpjimi_educastur_org\/EZVLv9cZld9KsSoUjUvJHcMB583PiMoqstilBgDzvJSXrw?e=vtvVyB\"><strong>Solicitud<\/strong> copia ex\u00e1menes o pruebas objetivas<\/a>. (DOCX &#8211; Documento editable)<\/li>\n<li><a href=\"https:\/\/educastur-my.sharepoint.com\/:w:\/g\/personal\/cpjimi_educastur_org\/EYsj4lii5rVJlLIHfrSgDDsB6ABCcf4ZEzw49g-4NbZPyw?e=Wlxcnx\"><strong>Autorizaci\u00f3n<\/strong> familiar refuerzo fuera del aula<\/a>. (DOCX &#8211; Documento editable)<\/li>\n<li><a href=\"https:\/\/educastur-my.sharepoint.com\/:w:\/g\/personal\/cpjimi_educastur_org\/EVTlKOjvFvBEnHErvKEg7GgBQenlT84Y-4s9GWjSC0pzMA?e=m7x0ow\"><strong>Autorizaci\u00f3n<\/strong> familiar Evaluaci\u00f3n psicopedag\u00f3gica por el Equipo de Orientaci\u00f3n del centro.<\/a> (DOCX &#8211; Documento editable)<\/li>\n<\/ul>\n<p>&nbsp;<\/p>\n<p>&nbsp;<\/p>\n<p><span style=\"font-size: 14pt\"><strong>Documentos de inter\u00e9s del centro:<\/strong><\/span><\/p>\n<ul>\n<li><a href=\"https:\/\/educastur-my.sharepoint.com\/:b:\/g\/personal\/oscarmg_educastur_org\/EYVBTq05z45ItrVHFM4ppAQBWv20mh5PhV22dlPIMGBAeA?e=L2kgWk\">Proyecto Educativo<\/a><\/li>\n<li><a href=\"https:\/\/educastur-my.sharepoint.com\/:b:\/g\/personal\/oscarmg_educastur_org\/IQDbLDG2buejSYxuOrALhreRAa2uh6mxBCrOcb9e4e5P5N4?e=6Zf88Q\">Normativa de Organizaci\u00f3n y Funcionamiento del Centro (NOFC)<\/a><\/li>\n<li><a href=\"https:\/\/educastur-my.sharepoint.com\/:b:\/g\/personal\/oscarmg_educastur_org\/Efl_ZwmCrLRCkRRoyW--Y-kBW2QER5PXrRzrae1ulbyx6A?e=SPLu4J\">Programa de Mediaci\u00f3n y Convivencia de la Comunidad Escolar<\/a><\/li>\n<li><a href=\"https:\/\/educastur-my.sharepoint.com\/:b:\/g\/personal\/cpjimi_educastur_org\/EX1tJzk38pRNnQy6lF5rRMEBauGZJjK1qMb6X6Spn9R-7Q?e=99tgn4\">Plan de Lectura, Escritura e Investigaci\u00f3n del centro (PLEI)<\/a><\/li>\n<li><a href=\"https:\/\/educastur-my.sharepoint.com\/:b:\/g\/personal\/oscarmg_educastur_org\/EaayINFbjclBk1kF1ncaaJ8BVqpeAkT7VzLSvPsiqX5Qrg?e=whkekQ\">Plan Digital<\/a> del centro<\/li>\n<li><a href=\"https:\/\/educastur-my.sharepoint.com\/:b:\/g\/personal\/oscarmg_educastur_org\/EfIyKIXTAQFNhvJviZrDxswB4P-_jIWsThQNLM4410gnSA?e=b5cmdT\">Plan de Evacuaci\u00f3n y Emergencias<\/a><\/li>\n<li><a href=\"https:\/\/educastur-my.sharepoint.com\/:b:\/g\/personal\/oscarmg_educastur_org\/EYwLTNQykgREg3I_009SWIcB5cc9SBg1LgAhylqytljS7A?e=Fly8FI\">Plan Integral de Convivencia del centro (PIC)<\/a><\/li>\n<li><a href=\"https:\/\/educastur-my.sharepoint.com\/:b:\/g\/personal\/oscarmg_educastur_org\/EcN26SXpC8dDlST4GYddcOQBnZYj5HGA_CAp4mveoA7DQQ?e=lo6O6k\">Plan de Bienestar emocional<\/a><\/li>\n<li><a href=\"https:\/\/educastur-my.sharepoint.com\/:b:\/g\/personal\/oscarmg_educastur_org\/EedpfYhld1BMpXa2SabcqAsBbcrDF49MR9SGjpm0EKv3Yw?e=cbTfRc\">Programaci\u00f3n General Anual<\/a><\/li>\n<li><a href=\"https:\/\/educastur-my.sharepoint.com\/:b:\/g\/personal\/oscarmg_educastur_org\/IQCuQ8jwkl2aQpRsEX5s6d3LAdYgeiwPD6gsC-HSx3Lmqxk?e=fuqr7S\">Revisi\u00f3n de la Programaci\u00f3n General Anual<\/a><\/li>\n<li><a href=\"https:\/\/educastur-my.sharepoint.com\/:b:\/g\/personal\/oscarmg_educastur_org\/EWAWUWDiaRtEvh8j_wCKVBkBjW4ajfizXgqP5m3sAiZr2w?e=mkjslU\">Propuesta Pedag\u00f3gica de Educaci\u00f3n Infantil<\/a><\/li>\n<li><a href=\"https:\/\/educastur-my.sharepoint.com\/:b:\/g\/personal\/oscarmg_educastur_org\/EWAUUsWHQ-JMuHk2VIt7rFQBsrEeNtDiAJW8YmR3Km_WEg?e=9LxNry\">Concreci\u00f3n curricular de educaci\u00f3n primaria<\/a><\/li>\n<\/ul>\n<p>&nbsp;<\/p>\n<p>&nbsp;<\/p>\n<p><span style=\"font-size: 14pt\"><strong>Legislaci\u00f3n:<\/strong><\/span><\/p>\n<ul>\n<li><a href=\"https:\/\/miprincipado.asturias.es\/bopa\/2025\/05\/21\/2025-03879.pdf\">Resoluci\u00f3n 8 de mayo de 2025<\/a>, de la Consejer\u00eda de Educaci\u00f3n, por la que se aprueban las directrices para la adecuada utilizaci\u00f3n de los recursos digitales en los centros educativos sostenidos con fondos p\u00fablicos.<\/li>\n<li><a href=\"https:\/\/miprincipado.asturias.es\/bopa\/2022\/08\/12\/2022-06339.pdf\">Decreto 56\/2022<\/a>, de 5 de agosto, por el que se regula la ordenaci\u00f3n y se establece el curr\u00edculo de la Educaci\u00f3n Infantil en el Principado de Asturias.<\/li>\n<li><a href=\"https:\/\/miprincipado.asturias.es\/bopa\/2022\/08\/12\/2022-06337.pdf\">Decreto 57\/2022<\/a>, de 5 de agosto, por el que se regula la ordenaci\u00f3n y se establece el curr\u00edculo de la Educaci\u00f3n Primaria en el Principado de Asturias.<\/li>\n<li><a href=\"https:\/\/www.boe.es\/boe\/dias\/2020\/12\/30\/pdfs\/BOE-A-2020-17264.pdf\">Ley Org\u00e1nica 3\/2020<\/a>, de 29 de diciembre, por la que se modifica la Ley<br \/>\nOrg\u00e1nica 2\/2006, de 3 de mayo, de Educaci\u00f3n (LOMLOE).<\/li>\n<\/ul>\n<p>&nbsp;<\/p>\n<p>&nbsp;<\/p>\n<p><span style=\"font-size: 14pt\"><strong>Optativas:<\/strong><\/span><\/p>\n<ul>\n<li>Para los cambios de optativa de un curso a otro de religi\u00f3n\/atenci\u00f3n educativa y llingua asturiana\/cultura asturiana se podr\u00e1n hacer una vez finalizadas las clases en el curso escolar y siempre antes de que comiencen las clases para el alumnado en septiembre. Una vez se hayan iniciado las clases, no se admitir\u00e1n cambios en las optativas. Gracias por la colaboraci\u00f3n.<\/li>\n<\/ul>\n","protected":false},"excerpt":{"rendered":"<p>Para cualquier consulta o duda ponerse en contacto con el centro a trav\u00e9s de los tel\u00e9fonos (985 58 83 47\u00a0 &#8211;\u00a0 617 71 19 48) o del correo electr\u00f3nico (cpjimi@educastur.org) &nbsp; &nbsp; Equipo directivo*: Director (\u00d3scar). Jefa de estudios (Raquel). Secretaria (Myriam). *Horario de atenci\u00f3n a familias: Lunes a viernes de 9:00 a 10:00 y &hellip; <a href=\"https:\/\/edublog.educastur.es\/colejimi\/centro\/secretaria\/\" class=\"more-link\">Seguir leyendo <span class=\"screen-reader-text\">Secretar\u00eda<\/span><\/a><\/p>\n","protected":false},"author":1658,"featured_media":0,"parent":310,"menu_order":1,"comment_status":"closed","ping_status":"closed","template":"","meta":{"footnotes":""},"class_list":["post-406","page","type-page","status-publish","hentry","no-featured-image"],"_links":{"self":[{"href":"https:\/\/edublog.educastur.es\/colejimi\/wp-json\/wp\/v2\/pages\/406","targetHints":{"allow":["GET"]}}],"collection":[{"href":"https:\/\/edublog.educastur.es\/colejimi\/wp-json\/wp\/v2\/pages"}],"about":[{"href":"https:\/\/edublog.educastur.es\/colejimi\/wp-json\/wp\/v2\/types\/page"}],"author":[{"embeddable":true,"href":"https:\/\/edublog.educastur.es\/colejimi\/wp-json\/wp\/v2\/users\/1658"}],"replies":[{"embeddable":true,"href":"https:\/\/edublog.educastur.es\/colejimi\/wp-json\/wp\/v2\/comments?post=406"}],"version-history":[{"count":61,"href":"https:\/\/edublog.educastur.es\/colejimi\/wp-json\/wp\/v2\/pages\/406\/revisions"}],"predecessor-version":[{"id":3241,"href":"https:\/\/edublog.educastur.es\/colejimi\/wp-json\/wp\/v2\/pages\/406\/revisions\/3241"}],"up":[{"embeddable":true,"href":"https:\/\/edublog.educastur.es\/colejimi\/wp-json\/wp\/v2\/pages\/310"}],"wp:attachment":[{"href":"https:\/\/edublog.educastur.es\/colejimi\/wp-json\/wp\/v2\/media?parent=406"}],"curies":[{"name":"wp","href":"https:\/\/api.w.org\/{rel}","templated":true}]}}