{"id":718,"date":"2022-09-29T17:21:01","date_gmt":"2022-09-29T17:21:01","guid":{"rendered":"https:\/\/edublog.educastur.es\/cpgloriarodriguez\/?page_id=718"},"modified":"2026-02-26T15:41:23","modified_gmt":"2026-02-26T14:41:23","slug":"extraescolares","status":"publish","type":"page","link":"https:\/\/edublog.educastur.es\/colejimi\/familias\/extraescolares\/","title":{"rendered":"Extraescolares"},"content":{"rendered":"<p>Informaci\u00f3n general:<\/p>\n<ul>\n<li><strong><span style=\"text-decoration: underline\">La 1\u00aa y 2\u00aa semana de septiembre<\/span><\/strong>, recibimos ofertas de monitores y empresas. Como norma general, la prioridad en la elecci\u00f3n de horarios y d\u00edas la hacen las monitoras\/es con m\u00e1s a\u00f1os en el centro.<\/li>\n<li><strong><span style=\"text-decoration: underline\">La 3\u00aa y 4\u00aa semana de septiembre<\/span><\/strong>, enviamos las ofertas a las familias para que elijan en qu\u00e9 actividad apuntar a sus hijos\/as. Damos como \u00faltimo d\u00eda para apuntarse el viernes 26 de septiembre).<\/li>\n<li><span style=\"text-decoration: underline\"><strong>Viernes 26 de septiembre<\/strong><\/span> se saca un listado provisional (en este mismo espacio del Blog) de las personas apuntadas en cada actividad.<\/li>\n<li><strong><span style=\"text-decoration: underline\">Martes 30 de septiembre<\/span><\/strong> se saca el listado definitivo con el que dar\u00e1 comienzo las actividades extraescolares <span style=\"text-decoration: underline\"><strong>el siguiente d\u00eda, mi\u00e9rcoles 1 de octubre<\/strong><\/span>.<\/li>\n<li><span style=\"color: #ff0000\"><strong><span style=\"text-decoration: underline\">1\u00aa semana de prueba gratuita<\/span><\/strong><\/span>: La primera semana de actividades es gratuita en todos los casos, por lo que podr\u00e1n participar sin ning\u00fan coste para las familias.<\/li>\n<li><span style=\"text-decoration: underline;color: #0000ff\"><strong>A partir de la 2\u00aa semana<\/strong><\/span>, se considera que se contin\u00faa en las actividades con un <span style=\"text-decoration: underline\">COMPROMISO DE PERMANENCIA<\/span> por parte de la familia hasta final de curso. <span style=\"color: #ff0000\">Esto no implica no poder quitarse bajo ning\u00fan concepto; la familia puede alegar cualquier motivo RAZONABLE para dar de baja a su hijo\/a de la actividad, que el centro estimar\u00e1. Con esto favorecemos calidad, seriedad y compromiso para que las actividades se mantengan durante todo el curso. GRACIAS por comprenderlo y respetarlo.<\/span><\/li>\n<\/ul>\n<p>&nbsp;<\/p>\n<p>&nbsp;<\/p>\n<p style=\"text-align: center\"><strong><span style=\"font-size: 18pt;color: #0000ff\">Actividades extraescolares (2026\/2027) CP Jimi P\u00e9rez Lorente<\/span><\/strong><\/p>\n<p>Las actividades extraescolares seguir\u00e1n teniendo un compromiso de continuidad, para dar calidad al servicio y evitar inestabilidad en la organizaci\u00f3n. Las familias que inscriban a su hijo\/a a una actividad extraescolar, deber\u00e1n firmar un compromiso de permanencia durante todo el curso escolar. La primera semana ser\u00e1 de prueba para ver si le gusta o es de su inter\u00e9s dicha actividad.<\/p>\n<p>Como fecha l\u00edmite para apuntarse para hacer los grupos y horarios ser\u00eda hasta el <span style=\"color: #ff0000\"><strong>viernes 26 de septiembre<\/strong><\/span>. Una vez recogidas todas las inscripciones, se pasar\u00e1n a los monitores y monitoras de las actividades para que, si hay grupo suficiente, comience la actividad (se informar\u00e1 en la semana del 30 de septiembre):<\/p>\n<p><img loading=\"lazy\" decoding=\"async\" class=\"aligncenter wp-image-3165 size-full\" src=\"http:\/\/edublog.educastur.es\/colejimi\/files\/2026\/02\/Extraescolares.jpg\" alt=\"\" width=\"1157\" height=\"667\" srcset=\"https:\/\/edublog.educastur.es\/colejimi\/files\/2026\/02\/Extraescolares.jpg 1157w, https:\/\/edublog.educastur.es\/colejimi\/files\/2026\/02\/Extraescolares-300x173.jpg 300w, https:\/\/edublog.educastur.es\/colejimi\/files\/2026\/02\/Extraescolares-1024x590.jpg 1024w, https:\/\/edublog.educastur.es\/colejimi\/files\/2026\/02\/Extraescolares-768x443.jpg 768w, https:\/\/edublog.educastur.es\/colejimi\/files\/2026\/02\/Extraescolares-1080x623.jpg 1080w\" sizes=\"auto, (max-width: 1157px) 100vw, 1157px\" \/><\/p>\n<p>&nbsp;<\/p>\n<p>&nbsp;<\/p>\n<p style=\"text-align: center\"><strong><span style=\"font-size: 18pt\">Ficha para apuntarse<\/span><\/strong><\/p>\n<p style=\"text-align: center\">Se entrega al alumnado Ficha de inscripci\u00f3n y compromiso de aceptaci\u00f3n a las normas y condiciones:<\/p>\n<p style=\"text-align: center\"><a href=\"https:\/\/educastur-my.sharepoint.com\/:b:\/g\/personal\/oscarmg_educastur_org\/IQAXGIA1FCMsSYAFaBW5Q9FnAahkbfkOj7oV5RIDxaDx98o?e=vJnkMt\"><strong><span style=\"font-size: 14pt\"><span style=\"color: #800080\">Enlace al PDF de la ficha de inscripci\u00f3n y compromiso a entregar<\/span><\/span><\/strong><\/a><\/p>\n<p>&nbsp;<\/p>\n<p style=\"text-align: center\"><span style=\"color: #ff0000\"><strong><span style=\"font-size: 18pt\">Normas y condiciones<\/span><\/strong><\/span><\/p>\n<p style=\"text-align: center\"><span style=\"color: #ff0000\"><strong>de las actividades extraescolares<\/strong><\/span><\/p>\n<ol>\n<li>Acepto que mi hijo\/a pueda asistir a la primera semana de octubre para probar la actividad o actividades en las que le he apuntado, sin ning\u00fan tipo de compromiso y sin coste en caso de no querer continuar.<\/li>\n<li>Algunas actividades comienzan a las 15:00 horas, y otras a las 16:00 horas. Los\/as ni\u00f1os\/as que est\u00e9n en el comedor escolar ese d\u00eda, los monitores vendr\u00e1n a recogerlos al colegio hasta las 16:00 horas, que termina el recreo del comedor (excepto inform\u00e1tica, que somos las familias las encargadas de llevarles a las 16:00 horas). En el caso de que no est\u00e9n en el comedor, somos las familias las encargadas de llevar a nuestro\/a hijo\/a a dicha actividad. Para las actividades que comienzan en otro horario, seremos las familias las encargadas de llevarles a ellas.<\/li>\n<li>Se recuerda que para la actividad de inform\u00e1tica que comienza a las 16:00 horas, somos las familias las encargadas de llevarles a la actividad en el Telecentro.<\/li>\n<li>Una vez de haber aceptado continuar con la actividad (la siguiente semana), <strong><u>me comprometo a que mi hijo\/a siga apuntado\/a hasta final del curso escolar para actividades extraescolares<\/u><\/strong> (mayo de 2025), como compromiso de continuidad y de permanencia.<\/li>\n<li>En caso de querer que mi hijo\/a cese en dicha\/s actividad\/es por alguna causa, <strong>se enviar\u00e1 un correo electr\u00f3nico justificando dicho cese a <\/strong><a href=\"mailto:cpjimi@educastur.org\"><strong>cpjimi@educastur.org<\/strong><\/a>, siempre que el motivo est\u00e9 razonado y justificado, el equipo directivo dar\u00e1 el visto bueno para dar la baja de la actividad.<\/li>\n<li><strong><u>En caso de decidir que mi hijo\/a no asista a la actividad extraescolar<\/u><\/strong>, y no se haya enviado un correo al centro justificando dicho cese, <strong><u>se seguir\u00e1 pagando dicha actividad hasta final de curso<\/u><\/strong>, aunque mi hijo\/a no asista.<\/li>\n<li><strong><u>En caso de no respetar estas normas<\/u><\/strong><strong>, el centro se reservar\u00e1 los derechos para la no participaci\u00f3n en actividades de conciliaci\u00f3n escolar<\/strong> (servicios de campamentos de conciliaci\u00f3n, atenci\u00f3n temprana o recogida tard\u00eda) <strong>y de inscripci\u00f3n en otras actividades extraescolares<\/strong>; dado este caso, se perder\u00e1 el derecho de asistencia a las actividades y se seguir\u00e1 el orden de la lista de espera (en caso de haberla) llamando a participar al alumno\/a siguiente. De esta manera, contribuimos a mantener una continuidad y estabilidad en el desarrollo de las actividades y servicios ofrecidos desde el centro, evitando perjudicar a otros compa\u00f1eros\/as, monitores\/as y en la din\u00e1mica del centro escolar.<\/li>\n<\/ol>\n<p>Muchas gracias de nuevo por vuestra colaboraci\u00f3n y comprensi\u00f3n.<\/p>\n<p>&nbsp;<\/p>\n<p style=\"text-align: center\">Muchas gracias de nuevo por vuestra colaboraci\u00f3n y comprensi\u00f3n.<\/p>\n<p>&nbsp;<\/p>\n<p>&nbsp;<\/p>\n<p><strong><span style=\"font-size: 18pt;color: #0000ff\">Propuesta de actividades extraescolares (septiembre\u00b424) CP Ventura de la Paz Su\u00e1rez (San Juan de La Arena)<\/span><\/strong><\/p>\n<p><img loading=\"lazy\" decoding=\"async\" class=\"aligncenter wp-image-2894 size-full\" src=\"http:\/\/edublog.educastur.es\/colejimi\/files\/2025\/09\/Extraescolares-La-Arena.jpg\" alt=\"\" width=\"978\" height=\"702\" srcset=\"https:\/\/edublog.educastur.es\/colejimi\/files\/2025\/09\/Extraescolares-La-Arena.jpg 978w, https:\/\/edublog.educastur.es\/colejimi\/files\/2025\/09\/Extraescolares-La-Arena-300x215.jpg 300w, https:\/\/edublog.educastur.es\/colejimi\/files\/2025\/09\/Extraescolares-La-Arena-768x551.jpg 768w\" sizes=\"auto, (max-width: 978px) 100vw, 978px\" \/><\/p>\n<p>&nbsp;<\/p>\n<p><strong><span style=\"font-size: 18pt;color: #0000ff\">Propuesta de actividades extraescolares (septiembre\u00b424) CP Maestra Humbelina Alonso Carre\u00f1o (Muros de Nal\u00f3n)<\/span><\/strong><\/p>\n<p><img loading=\"lazy\" decoding=\"async\" class=\"aligncenter wp-image-2893 size-full\" src=\"http:\/\/edublog.educastur.es\/colejimi\/files\/2025\/09\/Extraescolares-Muros.jpg\" alt=\"\" width=\"957\" height=\"585\" srcset=\"https:\/\/edublog.educastur.es\/colejimi\/files\/2025\/09\/Extraescolares-Muros.jpg 957w, https:\/\/edublog.educastur.es\/colejimi\/files\/2025\/09\/Extraescolares-Muros-300x183.jpg 300w, https:\/\/edublog.educastur.es\/colejimi\/files\/2025\/09\/Extraescolares-Muros-768x469.jpg 768w\" sizes=\"auto, (max-width: 957px) 100vw, 957px\" \/><\/p>\n","protected":false},"excerpt":{"rendered":"<p>Informaci\u00f3n general: La 1\u00aa y 2\u00aa semana de septiembre, recibimos ofertas de monitores y empresas. Como norma general, la prioridad en la elecci\u00f3n de horarios y d\u00edas la hacen las monitoras\/es con m\u00e1s a\u00f1os en el centro. La 3\u00aa y 4\u00aa semana de septiembre, enviamos las ofertas a las familias para que elijan en qu\u00e9 &hellip; <a href=\"https:\/\/edublog.educastur.es\/colejimi\/familias\/extraescolares\/\" class=\"more-link\">Seguir leyendo <span class=\"screen-reader-text\">Extraescolares<\/span><\/a><\/p>\n","protected":false},"author":1658,"featured_media":0,"parent":30,"menu_order":3,"comment_status":"closed","ping_status":"closed","template":"","meta":{"footnotes":""},"class_list":["post-718","page","type-page","status-publish","hentry","no-featured-image"],"_links":{"self":[{"href":"https:\/\/edublog.educastur.es\/colejimi\/wp-json\/wp\/v2\/pages\/718","targetHints":{"allow":["GET"]}}],"collection":[{"href":"https:\/\/edublog.educastur.es\/colejimi\/wp-json\/wp\/v2\/pages"}],"about":[{"href":"https:\/\/edublog.educastur.es\/colejimi\/wp-json\/wp\/v2\/types\/page"}],"author":[{"embeddable":true,"href":"https:\/\/edublog.educastur.es\/colejimi\/wp-json\/wp\/v2\/users\/1658"}],"replies":[{"embeddable":true,"href":"https:\/\/edublog.educastur.es\/colejimi\/wp-json\/wp\/v2\/comments?post=718"}],"version-history":[{"count":33,"href":"https:\/\/edublog.educastur.es\/colejimi\/wp-json\/wp\/v2\/pages\/718\/revisions"}],"predecessor-version":[{"id":3168,"href":"https:\/\/edublog.educastur.es\/colejimi\/wp-json\/wp\/v2\/pages\/718\/revisions\/3168"}],"up":[{"embeddable":true,"href":"https:\/\/edublog.educastur.es\/colejimi\/wp-json\/wp\/v2\/pages\/30"}],"wp:attachment":[{"href":"https:\/\/edublog.educastur.es\/colejimi\/wp-json\/wp\/v2\/media?parent=718"}],"curies":[{"name":"wp","href":"https:\/\/api.w.org\/{rel}","templated":true}]}}