{"id":730,"date":"2022-09-29T18:32:22","date_gmt":"2022-09-29T18:32:22","guid":{"rendered":"https:\/\/edublog.educastur.es\/cpgloriarodriguez\/?page_id=730"},"modified":"2026-04-22T13:38:25","modified_gmt":"2026-04-22T11:38:25","slug":"comedor-escolar","status":"publish","type":"page","link":"https:\/\/edublog.educastur.es\/colejimi\/centro\/comedor-escolar\/","title":{"rendered":"Comedor escolar"},"content":{"rendered":"<p>El bienestar nutricional de los ni\u00f1os y ni\u00f1as en el colegio tiene una importancia vital, donde sentamos los cimientos para el bienestar de los menores en esta edad formativa.<\/p>\n<p>En la tarea de elaboraci\u00f3n de men\u00fas somos asesorados por la Estrategia Naos, nutricionistas especializados en la preparaci\u00f3n de los men\u00fas escolares.<\/p>\n<p>Nuestro centro participa en el <a href=\"https:\/\/www.aesan.gob.es\/AECOSAN\/docs\/documentos\/seguridad_alimentaria\/pncoca\/2021-2025\/DOC_24_Programa_16_Menus.pdf\">Programa16<\/a>, aprobado por la Aprobado en Comisi\u00f3n Institucional 16 de marzo de 2022 AESAN. El objeto de este programa es promover en los centros escolares una oferta alimentaria, que cumpla los requisitos de calidad nutricional, a trav\u00e9s de actividades de inspecci\u00f3n por la autoridad competente,<br \/>\ndescribiendo el modo en el que realizar el control y seguimiento de los criterios establecidos, tanto en las programaciones de los men\u00fas, como en los alimentos y bebidas dispensados.<\/p>\n<p>Todos los alimentos que se sirven en el comedor escolar son de primera calidad y se elaboran diariamente en la cocina del colegio.<\/p>\n<p><strong>OBJETIVOS<\/strong><\/p>\n<ul>\n<li>Ofrecer al alumnado una alimentaci\u00f3n adecuada que satisfaga sus necesidades b\u00e1sicas, con alimentos frescos y naturales y que pueda ser complementada por las familias.<\/li>\n<li>Promover una alimentaci\u00f3n sana y adecuada.<\/li>\n<li>Educar al alumnado en la necesidad de mantener una higiene adecuada y unos h\u00e1bitos alimenticios correctos.<\/li>\n<li>Cuidar a los alumnos\/as durante las comidas y hasta la salida del centro y del transporte escolar.<\/li>\n<\/ul>\n<p><strong>FUNCIONAMIENTO<\/strong><\/p>\n<p>Todo el alumnado del centro puede hacer uso del servicio de comedor cuando lo desee. El alumnado sin derecho al uso gratuito de comedor tendr\u00e1 que abonar la cantidad de <span style=\"text-decoration: underline\"><strong>4,50 euros al d\u00eda<\/strong><\/span>.<\/p>\n<p>Se respetar\u00e1n las necesidades que tengan determinados alumnos con intolerancias alimentarias o alergias, previa presentaci\u00f3n de informe m\u00e9dico.<\/p>\n<p>&nbsp;<\/p>\n<p style=\"text-align: center\"><span style=\"font-size: 18pt\"><strong>Men\u00fas del a\u00f1o<\/strong><\/span><\/p>\n<p style=\"text-align: center\">Cada mes iremos subiendo los men\u00fas:<\/p>\n<p style=\"text-align: center\"><a href=\"https:\/\/educastur-my.sharepoint.com\/:b:\/g\/personal\/oscarmg_educastur_org\/EcyxiU5WFt5OvIIrTobec-gBeFIW4WdYOMAoHm9dZvccJg?e=BPOcW3\"><strong><span style=\"color: #ff0000;font-size: 14pt\">Septiembre<\/span><\/strong><\/a><\/p>\n<p style=\"text-align: center\"><a href=\"https:\/\/educastur-my.sharepoint.com\/:b:\/g\/personal\/oscarmg_educastur_org\/Efr7oGbLe9tCjc2N8liKEpkBOFNfIDxPf7Phyuk52LsngQ?e=tcOyeA\"><strong><span style=\"color: #ff0000;font-size: 14pt\">Octubre<\/span><\/strong><\/a><strong><span style=\"color: #ff0000;font-size: 14pt\"> (<span style=\"color: #0000ff\"><a style=\"color: #0000ff\" href=\"https:\/\/educastur-my.sharepoint.com\/:b:\/g\/personal\/oscarmg_educastur_org\/ETvywlxwBihNt69o2PRfX3sB3TBkqlqlfd5rCrApUFbsAA?e=7DtuXK\">n\u00b4asturianu<\/a><\/span><\/span><\/strong><strong><span style=\"color: #ff0000;font-size: 14pt\">)<\/span><\/strong><\/p>\n<p style=\"text-align: center\"><a href=\"https:\/\/educastur-my.sharepoint.com\/:b:\/g\/personal\/oscarmg_educastur_org\/EU0Tkjyw1GNHvCT3D0S5EK4BbuqDSuuwOA5lh52HMp3TiQ?e=pQzik7\"><strong><span style=\"color: #ff0000;font-size: 14pt\">Noviembre (<span style=\"color: #0000ff\">n\u00b4asturianu<\/span>)<\/span><\/strong><\/a><\/p>\n<p style=\"text-align: center\"><a href=\"https:\/\/educastur-my.sharepoint.com\/:b:\/g\/personal\/oscarmg_educastur_org\/IQDU-60aAsm-Rp8faA3Yh4rPAZjIB7fwgct2Q11nxEayY9U?e=WobdVO\"><strong><span style=\"color: #ff0000;font-size: 14pt\">Diciembre<\/span><\/strong><\/a><strong><a href=\"https:\/\/educastur-my.sharepoint.com\/:b:\/g\/personal\/oscarmg_educastur_org\/EU0Tkjyw1GNHvCT3D0S5EK4BbuqDSuuwOA5lh52HMp3TiQ?e=pQzik7\"> (<\/a><\/strong><a href=\"https:\/\/educastur-my.sharepoint.com\/:b:\/g\/personal\/oscarmg_educastur_org\/IQC60niRC_AKS4VQKHxpCxBiAZjDITq6OrI06yFcVLIE2Bg?e=QYUVAL\"><strong><span style=\"color: #ff0000;font-size: 14pt\"><span style=\"color: #0000ff\">n\u00b4asturianu<\/span><\/span><\/strong><\/a><strong><a href=\"https:\/\/educastur-my.sharepoint.com\/:b:\/g\/personal\/oscarmg_educastur_org\/EU0Tkjyw1GNHvCT3D0S5EK4BbuqDSuuwOA5lh52HMp3TiQ?e=pQzik7\">)<\/a><\/strong><\/p>\n<p style=\"text-align: center\"><a href=\"https:\/\/educastur-my.sharepoint.com\/:b:\/g\/personal\/oscarmg_educastur_org\/IQDGontpgF49Trb2VgyyrtEKAYwDjM7Tts00usvT2UBgS5s?e=3BuHsH\"><strong><span style=\"color: #ff0000;font-size: 14pt\">Enero<\/span><\/strong><\/a><strong><span style=\"color: #ff0000;font-size: 14pt\"> (<\/span><\/strong><a href=\"https:\/\/educastur-my.sharepoint.com\/:b:\/g\/personal\/oscarmg_educastur_org\/IQC60niRC_AKS4VQKHxpCxBiAZjDITq6OrI06yFcVLIE2Bg?e=ygZCf9\"><strong><span style=\"color: #ff0000;font-size: 14pt\"><span style=\"color: #0000ff\">n\u00b4asturianu<\/span><\/span><\/strong><\/a><strong><span style=\"color: #ff0000;font-size: 14pt\">)<\/span><\/strong><\/p>\n<p style=\"text-align: center\"><a href=\"https:\/\/educastur-my.sharepoint.com\/:w:\/g\/personal\/oscarmg_educastur_org\/IQCwTCaiwv78QYvJQhvD8PZeAbdPKD2Z6ZCKy7e3EOy0wfE?e=QSEKCP\"><strong><span style=\"color: #ff0000;font-size: 14pt\"><span style=\"color: #ff0000\">Febrero (<\/span><\/span><\/strong><\/a><a href=\"https:\/\/educastur-my.sharepoint.com\/:w:\/g\/personal\/oscarmg_educastur_org\/IQCywtjDsOxLS7FlhHEoF3r1ARwq83dbwa9dNSTw7Wk2kDw?e=NA4mwj\"><strong><span style=\"color: #ff0000;font-size: 14pt\"><span style=\"color: #ff0000\"><span style=\"color: #0000ff\">n\u00b4asturianu<\/span><\/span><\/span><\/strong><\/a><a href=\"https:\/\/educastur-my.sharepoint.com\/:w:\/g\/personal\/oscarmg_educastur_org\/IQCwTCaiwv78QYvJQhvD8PZeAbdPKD2Z6ZCKy7e3EOy0wfE?e=QSEKCP\"><strong><span style=\"color: #ff0000;font-size: 14pt\"><span style=\"color: #ff0000\">)<\/span><\/span><\/strong><\/a><\/p>\n<p style=\"text-align: center\"><strong><span style=\"color: #ff0000;font-size: 14pt\"><a href=\"https:\/\/educastur-my.sharepoint.com\/:w:\/g\/personal\/oscarmg_educastur_org\/IQCRRpLxmNdtTJLGpnSf8-txAcNIjVatORLeNkJBLIRfUX4?e=2bnAQw\">Marzo<\/a> (<\/span><\/strong><a href=\"https:\/\/educastur-my.sharepoint.com\/:w:\/g\/personal\/oscarmg_educastur_org\/IQDC-EaSlZnUTq1yNjXaV_UnAd1BAZv70KMmx5qhvmQ1s48?e=Sa6TGJ\"><strong><span style=\"color: #ff0000;font-size: 14pt\"><span style=\"color: #0000ff\">n asturianu<\/span><\/span><\/strong><\/a><strong><span style=\"color: #ff0000;font-size: 14pt\">)<\/span><\/strong><\/p>\n<p style=\"text-align: center\"><a href=\"https:\/\/educastur-my.sharepoint.com\/:w:\/g\/personal\/oscarmg_educastur_org\/IQDjzliuoakhTIhR_nNqczk0AXIsNluiCL8VB6ajavKvIOs?e=de5rAr\"><strong><span style=\"color: #ff0000;font-size: 14pt\">Abril<\/span><\/strong><\/a><strong><span style=\"color: #ff0000;font-size: 14pt\"> (<\/span><\/strong><a href=\"https:\/\/educastur-my.sharepoint.com\/:w:\/g\/personal\/oscarmg_educastur_org\/IQB3GCCKdlu5RJiiKS6JOPUAAWqu_ACClszy1mN7-Eca30U?e=vzYRmg\"><strong><span style=\"color: #ff0000;font-size: 14pt\"><span style=\"color: #0000ff\">n asturianu<\/span><\/span><\/strong><\/a><strong><span style=\"color: #ff0000;font-size: 14pt\">)<\/span><\/strong><\/p>\n<p style=\"text-align: center\"><strong><span style=\"color: #ff0000;font-size: 14pt\">Mayo<\/span><\/strong><\/p>\n<p style=\"text-align: center\"><strong><span style=\"color: #ff0000;font-size: 14pt\">Junio<\/span><\/strong><\/p>\n<p>&nbsp;<\/p>\n<hr \/>\n<p style=\"text-align: center\"><span style=\"font-size: 18pt\"><strong>Vigilantes de comedor<\/strong><\/span><\/p>\n<p style=\"text-align: center\"><span style=\"color: #0000ff;font-family: 'comic sans ms', sans-serif;font-size: 14pt\"><strong>Habr\u00e1 3 vigilantes diariamente el comedor escolar contratados por la empresa <em>Motiva Actividades<\/em>.<\/strong><\/span><\/p>\n<p>&nbsp;<\/p>\n<hr \/>\n<p style=\"text-align: center\"><span style=\"font-size: 24pt;color: #ff0000\">Tel\u00e9fono para emergencias disponible hasta las 16:00 horas<\/span><\/p>\n<p style=\"text-align: center\"><strong><span style=\"font-size: 36pt;color: #800080\">617 71 19 48<\/span><\/strong><\/p>\n<hr \/>\n<p style=\"text-align: center\"><strong>Nuevo Real Decreto 315\/2025 sobre alimentaci\u00f3n saludable en los comedores escolares:<\/strong><a href=\"https:\/\/alojaweb.educastur.es\/documents\/2030770\/7604834\/LOS+OCHO+PASOS.PDF\/2b7bb83f-f1cd-47ea-9105-f34865d62018\"><img decoding=\"async\" src=\"https:\/\/alojaweb.educastur.es\/documents\/2370554\/13904528\/REAL+DECRETO+INFOGRAF%C3%8DA\/9498c807-ec47-4d46-a780-3d4ee4f496f6?t=1774479993576\" \/><\/a><\/p>\n<p>&nbsp;<\/p>\n<p>&nbsp;<\/p>\n<p>&nbsp;<\/p>\n<p style=\"text-align: center\"><a href=\"https:\/\/alimentareseducar.org\/wp-content\/uploads\/2024\/11\/GUIA-CENAS-SALUDABLES-DEFINITIVA-1.pdf\"><em><strong><span style=\"font-size: 18pt\">Gu\u00eda cenas saludables y sostenibles para familias<\/span><\/strong><\/em><\/a><\/p>\n<p><a href=\"https:\/\/alimentareseducar.org\/wp-content\/uploads\/2024\/11\/GUIA-CENAS-SALUDABLES-DEFINITIVA-1.pdf\"><img loading=\"lazy\" decoding=\"async\" class=\"aligncenter size-medium wp-image-2780\" src=\"http:\/\/edublog.educastur.es\/colejimi\/files\/2025\/08\/Guia-cenas-saludables-269x300.jpg\" alt=\"\" width=\"269\" height=\"300\" srcset=\"https:\/\/edublog.educastur.es\/colejimi\/files\/2025\/08\/Guia-cenas-saludables-269x300.jpg 269w, https:\/\/edublog.educastur.es\/colejimi\/files\/2025\/08\/Guia-cenas-saludables.jpg 660w\" sizes=\"auto, (max-width: 269px) 100vw, 269px\" \/><\/a><\/p>\n<p>&nbsp;<\/p>\n<p style=\"text-align: center\"><span style=\"color: #ff0000\"><em><strong><span style=\"font-size: 18pt\"><span style=\"color: #339966\">Libro:<\/span> <a href=\"https:\/\/www.serunion-educa.com\/wp-content\/uploads\/2017\/04\/Libro1_castellano.pdf\">Hoy como en el cole (PDF)<\/a><\/span><\/strong><\/em><\/span><\/p>\n<table style=\"border-collapse: collapse;width: 100%;height: 348px\">\n<tbody>\n<tr style=\"height: 348px\">\n<td style=\"width: 50%;height: 348px\">La alimentaci\u00f3n de nuestros hijos es<br \/>\nuna responsabilidad en la que familia y<br \/>\nentorno escolar debemos ir de la mano.<br \/>\nCon este libro se pretende contribuir a<br \/>\nla difusi\u00f3n de buenos h\u00e1bitos de vida y<br \/>\nfomentar un estilo de vida saludable<br \/>\nentre los m\u00e1s peque\u00f1os porque<br \/>\nla adquisici\u00f3n de estas buenas<br \/>\ncostumbres, ayudar\u00e1 a tener una<br \/>\nmejor salud en el futuro.<\/p>\n<p style=\"text-align: right\"><span style=\"font-size: 10pt\"><em>Dr. Juan Jos\u00e9 Badiola<\/em><\/span><br \/>\n<span style=\"font-size: 10pt\"><em>Catedr\u00e1tico de la Universidad de Zaragoza<\/em><\/span><\/p>\n<\/td>\n<td style=\"width: 50%;text-align: center;height: 348px\"><a href=\"https:\/\/www.serunion-educa.com\/wp-content\/uploads\/2017\/04\/Libro1_castellano.pdf\"><img loading=\"lazy\" decoding=\"async\" class=\"aligncenter size-medium wp-image-2778\" src=\"http:\/\/edublog.educastur.es\/colejimi\/files\/2025\/08\/Cuento-Hoy-como-en-el-cole-279x300.jpg\" alt=\"\" width=\"279\" height=\"300\" srcset=\"https:\/\/edublog.educastur.es\/colejimi\/files\/2025\/08\/Cuento-Hoy-como-en-el-cole-279x300.jpg 279w, https:\/\/edublog.educastur.es\/colejimi\/files\/2025\/08\/Cuento-Hoy-como-en-el-cole.jpg 538w\" sizes=\"auto, (max-width: 279px) 100vw, 279px\" \/><\/a><em><span style=\"font-size: 10pt\">Texto: Noem\u00ed Fern\u00e1ndez Selva<\/span><\/em><em><span style=\"font-size: 10pt\"><br \/>\nIlustraciones: Roger Vel\u00e0zquez<\/span><\/em><\/td>\n<\/tr>\n<\/tbody>\n<\/table>\n<p>&nbsp;<\/p>\n<p>&nbsp;<\/p>\n<p>&nbsp;<\/p>\n<p>&nbsp;<\/p>\n","protected":false},"excerpt":{"rendered":"<p>El bienestar nutricional de los ni\u00f1os y ni\u00f1as en el colegio tiene una importancia vital, donde sentamos los cimientos para el bienestar de los menores en esta edad formativa. En la tarea de elaboraci\u00f3n de men\u00fas somos asesorados por la Estrategia Naos, nutricionistas especializados en la preparaci\u00f3n de los men\u00fas escolares. Nuestro centro participa en &hellip; <a href=\"https:\/\/edublog.educastur.es\/colejimi\/centro\/comedor-escolar\/\" class=\"more-link\">Seguir leyendo <span class=\"screen-reader-text\">Comedor escolar<\/span><\/a><\/p>\n","protected":false},"author":1658,"featured_media":0,"parent":310,"menu_order":9,"comment_status":"closed","ping_status":"closed","template":"","meta":{"footnotes":""},"class_list":["post-730","page","type-page","status-publish","hentry","no-featured-image"],"_links":{"self":[{"href":"https:\/\/edublog.educastur.es\/colejimi\/wp-json\/wp\/v2\/pages\/730","targetHints":{"allow":["GET"]}}],"collection":[{"href":"https:\/\/edublog.educastur.es\/colejimi\/wp-json\/wp\/v2\/pages"}],"about":[{"href":"https:\/\/edublog.educastur.es\/colejimi\/wp-json\/wp\/v2\/types\/page"}],"author":[{"embeddable":true,"href":"https:\/\/edublog.educastur.es\/colejimi\/wp-json\/wp\/v2\/users\/1658"}],"replies":[{"embeddable":true,"href":"https:\/\/edublog.educastur.es\/colejimi\/wp-json\/wp\/v2\/comments?post=730"}],"version-history":[{"count":38,"href":"https:\/\/edublog.educastur.es\/colejimi\/wp-json\/wp\/v2\/pages\/730\/revisions"}],"predecessor-version":[{"id":3237,"href":"https:\/\/edublog.educastur.es\/colejimi\/wp-json\/wp\/v2\/pages\/730\/revisions\/3237"}],"up":[{"embeddable":true,"href":"https:\/\/edublog.educastur.es\/colejimi\/wp-json\/wp\/v2\/pages\/310"}],"wp:attachment":[{"href":"https:\/\/edublog.educastur.es\/colejimi\/wp-json\/wp\/v2\/media?parent=730"}],"curies":[{"name":"wp","href":"https:\/\/api.w.org\/{rel}","templated":true}]}}