{"id":739,"date":"2022-10-01T18:43:09","date_gmt":"2022-10-01T18:43:09","guid":{"rendered":"https:\/\/edublog.educastur.es\/cpgloriarodriguez\/?page_id=739"},"modified":"2024-10-23T09:39:43","modified_gmt":"2024-10-23T07:39:43","slug":"escuela-de-familias","status":"publish","type":"page","link":"https:\/\/edublog.educastur.es\/colejimi\/familias\/escuela-de-familias\/","title":{"rendered":"Escuela de familias"},"content":{"rendered":"<p style=\"text-align: center\"><strong>Acceso a v\u00eddeos para entendernos mejor y entender mejor a nuestros hijos e hijas:<\/strong><\/p>\n<p style=\"text-align: center\"><a href=\"https:\/\/www.youtube.com\/channel\/UCgr_vKqokZoTYPqokyZMzwQ\/videos\" target=\"_blank\" rel=\"noopener\"><img loading=\"lazy\" decoding=\"async\" class=\"aligncenter\" src=\"https:\/\/i.ibb.co\/2sGMJk4\/FAMILIAS-ESCUELAPADRES.jpg\" alt=\"Boton-Primaria5\" width=\"222\" height=\"96\" border=\"0\" \/><\/a><\/p>\n<p>&nbsp;<\/p>\n<p style=\"text-align: center\"><strong>Otros videos de inter\u00e9s<\/strong><\/p>\n<p style=\"text-align: center\"><a href=\"https:\/\/youtu.be\/yQQIOMubFAI?feature=shared\" target=\"_blank\" rel=\"noopener\"><strong>\u00a1No Juzgues! Cortometraje de 4 minutos<\/strong><\/a><\/p>\n<p><a href=\"https:\/\/www.igualdad.gob.es\/comunicacion\/campanas\/vamos-a-hablar-de-pornografia\/\"><img decoding=\"async\" class=\"aligncenter\" src=\"https:\/\/www.igualdad.gob.es\/wp-content\/uploads\/portada.jpg\" alt=\"\" \/><\/a><br \/>\n&nbsp;<\/p>\n<hr \/>\n<p><span style=\"color: #008000\"><em>Frente a la escasa participaci\u00f3n por parte de familias en la \u00faltima formaci\u00f3n, se suspenden las formaciones. Si en alg\u00fan momento hay alguna familia interesada, puede solicitarlo a la direcci\u00f3n del centro para seguir impartiendo formaci\u00f3n. Se requiere un m\u00ednimo de 10 personas para poderlo desarrollar.<\/em><\/span><\/p>\n<hr \/>\n<ul>\n<li><strong>V Taller de formaci\u00f3n a las familias<\/strong> &#8211; Jueves 25 de enero de 2024 (<a href=\"https:\/\/edublog.educastur.es\/cpgloriarodriguez\/files\/2024\/01\/20240125-Taller-formacion-familias-W-724x1024.jpg\"><strong>cartel<\/strong><\/a>) (<strong><span style=\"text-decoration: underline\"><span style=\"color: #ff0000\"><a style=\"color: #ff0000;text-decoration: underline\" href=\"https:\/\/www.canva.com\/design\/DAF53NnZ1Is\/VHKSVWK_xnV7QpAN2gHKeg\/view?utm_content=DAF53NnZ1Is&amp;utm_campaign=designshare&amp;utm_medium=link&amp;utm_source=editor\">enlace a la presentaci\u00f3n sesi\u00f3n 5<\/a><\/span><\/span><\/strong>)<\/li>\n<li><strong>IV Taller de formaci\u00f3n a las familias<\/strong> &#8211; Mi\u00e9rcoles 25 de octubre de 2023 (<strong><span style=\"color: #ff0000\"><a style=\"color: #ff0000\" href=\"https:\/\/edublog.educastur.es\/cpgloriarodriguez\/files\/2023\/10\/Cartel_20231025_Web.jpg\"><span style=\"color: #0000ff\">cartel<\/span><\/a><\/span><\/strong>) (<a href=\"https:\/\/educastur-my.sharepoint.com\/:b:\/g\/personal\/oscarmg_educastur_org\/ETGXLuanoCBOp7NvSA2o2ssBWb0OE9q0dAiliqerOSTyUA?e=cZmbmH\"><span style=\"color: #ff0000\"><strong>apuntes de la sesi\u00f3n 4<\/strong><\/span><\/a>)<\/li>\n<\/ul>\n<p>&nbsp;<\/p>\n<ul>\n<li><strong>III Taller de formaci\u00f3n a las familias<\/strong> &#8211; Mi\u00e9rcoles 26 de abril de 2023 (<strong><span style=\"color: #ff0000\"><a style=\"color: #ff0000\" href=\"https:\/\/educastur-my.sharepoint.com\/:b:\/g\/personal\/gloriaro_educastur_org\/Ef-09EIZjaZGsg_WT_dZSJcBfZqhThtrPMLXq3_bWqQUBA?e=jf0t3I\"><span style=\"color: #0000ff\">cartel<\/span><\/a><\/span><\/strong>) (<span style=\"color: #ff0000\"><strong><a style=\"color: #ff0000;text-decoration: underline\" href=\"https:\/\/educastur-my.sharepoint.com\/:b:\/g\/personal\/gloriaro_educastur_org\/EUpdS0KG-XRIrrNJSZ8HX6YBvL38H0xqfdSy886tyLslSw?e=rqsage\">apuntes de la sesi\u00f3n 3<\/a><\/strong><\/span>)<\/li>\n<li><strong>II Taller de formaci\u00f3n a las familias<\/strong> &#8211; Mi\u00e9rcoles 25 de enero de 2022 (<strong><a href=\"https:\/\/educastur-my.sharepoint.com\/:b:\/g\/personal\/gloriaro_educastur_org\/EXIcY2p-0BFEvHFTM8U9nHwB5z_emFk_O0UrtxpuCbANug?e=jxtsxI\">cartel<\/a><\/strong>) (<span style=\"color: #ff0000\"><strong><a style=\"color: #ff0000\" href=\"https:\/\/educastur-my.sharepoint.com\/:b:\/g\/personal\/gloriaro_educastur_org\/EW0AfgPy5iFPpT9QUQnlbZ8BQi-Px5Mpc-ZzOfJtUCJTLA?e=ccjoJW\">apuntes de la sesi\u00f3n 2<\/a><\/strong><\/span>)<\/li>\n<li><strong>I Taller de formaci\u00f3n a las familias<\/strong> &#8211; Mi\u00e9rcoles 19 de octubre de 2022 (<strong><a href=\"https:\/\/educastur-my.sharepoint.com\/:b:\/g\/personal\/gloriaro_educastur_org\/EbuHzNxECf1MiyHdVfvAkXUBlyf-4lM4jLi_W_YP-ppE4A?e=523kcx\">cartel<\/a><\/strong>) (<span style=\"color: #ff0000\"><strong><a style=\"color: #ff0000\" href=\"https:\/\/educastur-my.sharepoint.com\/:b:\/g\/personal\/gloriaro_educastur_org\/ESwleFCFWh5HrFOCjAfQIHUBdaQk41yKp_ZPUmIoIaC7sQ?e=Ne8Sw9\">apuntes de la sesi\u00f3n 1<\/a><\/strong><\/span><\/li>\n<\/ul>\n<hr \/>\n<table class=\"visualLinkTable aligncenter\" role=\"group\" border=\"0\" cellspacing=\"0\" cellpadding=\"0\" aria-label=\"Escuela de familias\">\n<tbody>\n<tr class=\"visualLinkImageRow\" aria-hidden=\"true\">\n<td align=\"center\"><a href=\"https:\/\/sway.office.com\/CCWOUfHRqhFeA9jz?ref=email\" target=\"_blank\" rel=\"nofollow noopener noreferrer\"><img loading=\"lazy\" decoding=\"async\" class=\"visualLinkImage aligncenter\" src=\"https:\/\/neu-www.sway-cdn.com\/\/sway\/v1.0\/CCWOUfHRqhFeA9jz\/thumbnailImage?imageId=axi5H1viF-T_7t&amp;width=600&amp;height=180&amp;isPreview=false\" width=\"600\" height=\"180\" \/><\/a><\/td>\n<\/tr>\n<tr class=\"visualLinkTitleRow\" aria-labelledby=\"visualLinkTitle\">\n<td class=\"visualLinkTitleCell\" style=\"text-align: center\" aria-hidden=\"true\"><a href=\"https:\/\/sway.office.com\/CCWOUfHRqhFeA9jz?ref=email\" target=\"_blank\" rel=\"nofollow noopener noreferrer\"><span class=\"visualLinkTitle\" dir=\"ltr\"><strong>Escuela de familias<\/strong><\/span><\/a><\/td>\n<\/tr>\n<tr class=\"visualLinkButtonRow\">\n<td align=\"center\">\n<table border=\"0\" cellspacing=\"0\" cellpadding=\"0\">\n<tbody>\n<tr>\n<td align=\"center\"><a href=\"https:\/\/sway.office.com\/CCWOUfHRqhFeA9jz?ref=email\" target=\"_blank\" rel=\"nofollow noopener noreferrer\"><strong><span style=\"font-size: 18pt\">Ir a esta presentaci\u00f3n<\/span><\/strong><\/a><\/td>\n<\/tr>\n<\/tbody>\n<\/table>\n<\/td>\n<\/tr>\n<\/tbody>\n<\/table>\n<p>&nbsp;<\/p>\n<hr \/>\n<p><a href=\"https:\/\/educastur-my.sharepoint.com\/:b:\/g\/personal\/gloriaro_educastur_org\/EWQ88XuxTrBBmh2-Ln8x0hYBwNM2pyr1TteQXahgO_GFOw?e=9J5JfX\"><img loading=\"lazy\" decoding=\"async\" class=\"size-full wp-image-1167 aligncenter\" src=\"http:\/\/edublog.educastur.es\/colejimi\/files\/2023\/05\/Informacion-general-a-las-familias.png\" alt=\"\" width=\"844\" height=\"95\" srcset=\"https:\/\/edublog.educastur.es\/colejimi\/files\/2023\/05\/Informacion-general-a-las-familias.png 844w, https:\/\/edublog.educastur.es\/colejimi\/files\/2023\/05\/Informacion-general-a-las-familias-300x34.png 300w, https:\/\/edublog.educastur.es\/colejimi\/files\/2023\/05\/Informacion-general-a-las-familias-768x86.png 768w\" sizes=\"auto, (max-width: 844px) 100vw, 844px\" \/><\/a><\/p>\n<p style=\"text-align: center\">Jueves 15\/09\/2022<\/p>\n<p style=\"text-align: center\">(<strong><a href=\"https:\/\/educastur-my.sharepoint.com\/:b:\/g\/personal\/gloriaro_educastur_org\/EWQ88XuxTrBBmh2-Ln8x0hYBwNM2pyr1TteQXahgO_GFOw?e=9J5JfX\">Resumen de los contenidos de la reuni\u00f3n de las familias con el director del centro<\/a><\/strong>)<\/p>\n<hr \/>\n<p>&nbsp;<\/p>\n<p>&nbsp;<\/p>\n<p>&nbsp;<\/p>\n","protected":false},"excerpt":{"rendered":"<p>Acceso a v\u00eddeos para entendernos mejor y entender mejor a nuestros hijos e hijas: &nbsp; Otros videos de inter\u00e9s \u00a1No Juzgues! Cortometraje de 4 minutos &nbsp; Frente a la escasa participaci\u00f3n por parte de familias en la \u00faltima formaci\u00f3n, se suspenden las formaciones. Si en alg\u00fan momento hay alguna familia interesada, puede solicitarlo a la &hellip; <a href=\"https:\/\/edublog.educastur.es\/colejimi\/familias\/escuela-de-familias\/\" class=\"more-link\">Seguir leyendo <span class=\"screen-reader-text\">Escuela de familias<\/span><\/a><\/p>\n","protected":false},"author":1658,"featured_media":0,"parent":30,"menu_order":4,"comment_status":"closed","ping_status":"closed","template":"","meta":{"footnotes":""},"class_list":["post-739","page","type-page","status-publish","hentry","no-featured-image"],"_links":{"self":[{"href":"https:\/\/edublog.educastur.es\/colejimi\/wp-json\/wp\/v2\/pages\/739","targetHints":{"allow":["GET"]}}],"collection":[{"href":"https:\/\/edublog.educastur.es\/colejimi\/wp-json\/wp\/v2\/pages"}],"about":[{"href":"https:\/\/edublog.educastur.es\/colejimi\/wp-json\/wp\/v2\/types\/page"}],"author":[{"embeddable":true,"href":"https:\/\/edublog.educastur.es\/colejimi\/wp-json\/wp\/v2\/users\/1658"}],"replies":[{"embeddable":true,"href":"https:\/\/edublog.educastur.es\/colejimi\/wp-json\/wp\/v2\/comments?post=739"}],"version-history":[{"count":5,"href":"https:\/\/edublog.educastur.es\/colejimi\/wp-json\/wp\/v2\/pages\/739\/revisions"}],"predecessor-version":[{"id":2331,"href":"https:\/\/edublog.educastur.es\/colejimi\/wp-json\/wp\/v2\/pages\/739\/revisions\/2331"}],"up":[{"embeddable":true,"href":"https:\/\/edublog.educastur.es\/colejimi\/wp-json\/wp\/v2\/pages\/30"}],"wp:attachment":[{"href":"https:\/\/edublog.educastur.es\/colejimi\/wp-json\/wp\/v2\/media?parent=739"}],"curies":[{"name":"wp","href":"https:\/\/api.w.org\/{rel}","templated":true}]}}