{"id":1007,"date":"2020-09-21T06:43:19","date_gmt":"2020-09-21T04:43:19","guid":{"rendered":"https:\/\/edublog.educastur.es\/corredoria3\/?page_id=1007"},"modified":"2020-09-26T12:45:17","modified_gmt":"2020-09-26T10:45:17","slug":"novedades","status":"publish","type":"page","link":"https:\/\/edublog.educastur.es\/corredoria3\/biblioteca\/novedades\/","title":{"rendered":"NOVEDADES"},"content":{"rendered":"<p><span style=\"font-size: 18pt;color: #008080\"><em>En esta p\u00e1gina recomendamos libros que acaban de publicarse y de inter\u00e9s en general.<br \/>\n<\/em><\/span><\/p>\n<hr \/>\n<div class=\"buofh1pr\">\n<div class=\"j83agx80 cbu4d94t ew0dbk1b irj2b8pg\">\n<div class=\"qzhwtbm6 knvmm38d\">\n<div class=\"nc684nl6\"><a class=\"oajrlxb2 g5ia77u1 qu0x051f esr5mh6w e9989ue4 r7d6kgcz rq0escxv nhd2j8a9 nc684nl6 p7hjln8o kvgmc6g5 cxmmr5t8 oygrvhab hcukyx3x jb3vyjys rz4wbd8a qt6c0cv9 a8nywdso i1ao9s8h esuyzwwr f1sip0of lzcic4wl oo9gr5id gpro0wi8 lrazzd5p\" role=\"link\" href=\"https:\/\/www.facebook.com\/eldiccionariodeemociones\/?__cft__[0]=AZXSfZbccyLKSvxxbav7cS8_ILiDSEYFBY7v8LA7oceqnfmMczQh4lV1eDsG0pPU1mE_NWa9_X9FDWTBHh4ueOz-MIHXvl9foixxv8Mbqk-BtpVxOZezawDWvLnvSdR-piZikObb3kP7FInfHXnmu2xuTCSw2YjYQJxMiAqfBZEMKJyiHD4omkH8xr7DqNGq7PYgL8K73wFAPnvhjb_qVnF0a8MoyUmLgIj_i8KPJ2LlimZ-baA0xnwfXmWXtXn-WClNZGae6ReTWzm3s1h-ox2SusYUHoiAjfG1xYPZ5weA-lMjCZ_s37L1dHP52cGW0OKVf9is_nrX_yXJMCiedzVZ&amp;__tn__=-UC%2CP-R\"><strong>Emocionario<\/strong><\/a><\/div>\n<\/div>\n<\/div>\n<\/div>\n<div class=\"qzhwtbm6 knvmm38d\"><img loading=\"lazy\" decoding=\"async\" class=\"alignnone \" src=\"https:\/\/www.lajugueteriadelibros.com\/wp-content\/uploads\/2020\/09\/sa.png\" width=\"451\" height=\"460\" \/><\/div>\n<div class=\"nqmvxvec j83agx80 jnigpg78 cxgpxx05 dflh9lhu sj5x9vvc scb9dxdr odw8uiq3\"><\/div>\n<div class=\"\" dir=\"auto\">\n<div id=\"jsc_c_5r\" class=\"ecm0bbzt hv4rvrfc ihqw7lf3 dati1w0a\" data-ad-comet-preview=\"message\" data-ad-preview=\"message\">\n<div class=\"j83agx80 cbu4d94t ew0dbk1b irj2b8pg\">\n<div class=\"qzhwtbm6 knvmm38d\">\n<div class=\"kvgmc6g5 cxmmr5t8 oygrvhab hcukyx3x c1et5uql ii04i59q\">\n<div dir=\"auto\"><span style=\"font-size: 14pt\">Ya sali\u00f3 nuestro nuevo libro para peques: <span style=\"color: #008080\"><em><strong>\u201cEmocionados con Petibl\u00fa\u201d. <\/strong><\/em><\/span><\/span><span style=\"font-size: 14pt\"><span style=\"font-size: 14pt\">Contiene una historia rimada con mucha miga, seis cuentos cortos y una serie de consejos para encauzar la frustraci\u00f3n, la ira, la tristeza y la soledad. Viene muy bien para diversos momentos. \u201cEmocionados con Petibl\u00fa\u201d, adem\u00e1s, aborda el tema del duelo, fomenta el af\u00e1n de superaci\u00f3n y enfatiza en los valores de la amistad, la diversidad y la aceptaci\u00f3n. <\/span><\/span><\/div>\n<div dir=\"auto\"><span style=\"font-size: 14pt\"><span style=\"font-size: 14pt\">\u00a0<\/span><\/span><\/div>\n<\/div>\n<div dir=\"auto\">\n<!-- iframe plugin v.6.0 wordpress.org\/plugins\/iframe\/ -->\n<iframe loading=\"lazy\" width=\"588\" height=\"331\" src=\"https:\/\/www.youtube.com\/embed\/LxHuJUSslMU\" scrolling=\"yes\" class=\"iframe-class\" frameborder=\"0\"><\/iframe>\n<\/div>\n<div class=\"kvgmc6g5 cxmmr5t8 oygrvhab hcukyx3x c1et5uql ii04i59q\">\n<div dir=\"auto\">\n<div><span class=\"ages cc-osc\">\u00a0<\/span><\/div>\n<p><span style=\"font-size: 14pt\"><span class=\"details\"><strong>Autores<\/strong>: Cristina N\u00fa\u00f1ez Pereira y Rafael R. Valc\u00e1rcel. <a href=\"https:\/\/www.youtube.com\/watch?v=LxHuJUSslMU&amp;feature=emb_logo\">Presentaci\u00f3n del autor.<\/a><br \/>\n<strong>Editorial:<\/strong> Palabras Aladas. <a href=\"https:\/\/www.palabrasaladas.com\/emocionados_con_petiblu.html\">Ver ficha editorial.<\/a><br \/>\n<strong>Formato:<\/strong> Tapa dura 22 x 24 cm<br \/>\n<strong>PVP:<\/strong> 16,5\u20ac<\/span> <span class=\"ndownload-pdf\"><a href=\"https:\/\/www.palabrasaladas.com\/pdf\/libro\/emocionados_con_petiblu_muestra.pdf\" target=\"_blank\" rel=\"noopener noreferrer\">v<span class=\"vocal-e\">e<\/span>r l<span class=\"vocal-i\">i<\/span>br<span class=\"vocal-o\">o<\/span><\/a> (<a href=\"https:\/\/palabrasaladas.com\/emocionados_con_petiblu.html\">Muestra PDF<\/a>)<br \/>\n<\/span>Edad orientativa:<span style=\"color: #008080\"><strong> A partir de 4 a\u00f1os.<\/strong><\/span><\/span><\/p>\n<\/div>\n<div dir=\"auto\">\n<div class=\"j83agx80 cbu4d94t ew0dbk1b irj2b8pg\">\n<div class=\"qzhwtbm6 knvmm38d\">\n<div class=\"o9v6fnle cxmmr5t8 oygrvhab hcukyx3x c1et5uql ii04i59q\">\n<div dir=\"auto\"><\/div>\n<\/div>\n<\/div>\n<\/div>\n<table class=\"woocommerce-product-attributes shop_attributes\" style=\"width: 4.1791%;height: 5px\">\n<tbody>\n<tr class=\"woocommerce-product-attributes-item woocommerce-product-attributes-item--attribute_pa_autor\">\n<th class=\"woocommerce-product-attributes-item__label\" style=\"width: 132.467px\"><\/th>\n<td class=\"woocommerce-product-attributes-item__value\" style=\"width: 791.867px\"><\/td>\n<\/tr>\n<tr class=\"woocommerce-product-attributes-item woocommerce-product-attributes-item--attribute_pa_editorial\">\n<th class=\"woocommerce-product-attributes-item__label\" style=\"width: 132.467px\"><\/th>\n<td class=\"woocommerce-product-attributes-item__value\" style=\"width: 791.867px\"><\/td>\n<\/tr>\n<\/tbody>\n<\/table>\n<\/div>\n<\/div>\n<\/div>\n<\/div>\n<\/div>\n<\/div>\n<hr \/>\n<p><a href=\"https:\/\/editorialsentir.com\/la-mirada-de-jose-luis\/\"><img loading=\"lazy\" decoding=\"async\" class=\"alignnone \" src=\"https:\/\/editorialsentir.com\/wp-content\/uploads\/2020\/06\/Neuricuento1_3D_RGB_ok.png\" width=\"251\" height=\"208\" \/><\/a><\/p>\n<ul>\n<li><span style=\"color: #008080\"><span style=\"color: #008080\"><em><strong><span style=\"font-size: 14pt\"><span style=\"font-size: 18pt\">\u00abLa mirada de Jos\u00e9 Luis\u00bb.<\/span> <\/span><\/strong><\/em><\/span><\/span><em><span style=\"font-size: 14pt\">Cuento para comprender a los ni\u00f1os con d\u00e9ficit de atenci\u00f3n, hiperactivida y\/o impulsividad<\/span><\/em><\/li>\n<li>Colecci\u00f3n: Neuricuentos<\/li>\n<li>Autor: Rafa Guerrero<\/li>\n<li>Ilustrador: Chema Garc\u00eda<\/li>\n<li><span style=\"font-size: 14pt\">ISBN: 978-84-267-2794-7<\/span><\/li>\n<li>42 p\u00e1ginas \/ 22,5 X 22,5 cm<\/li>\n<li><a href=\"https:\/\/editorialsentir.com\/la-mirada-de-jose-luis\/\">Ver ficha editorial Sentir<\/a><\/li>\n<li>Escrito por un experto en TDAH.<\/li>\n<li><span style=\"color: #008080\"><strong>Para ni\u00f1os y ni\u00f1as de entre 4 y 8 a\u00f1os.<\/strong><\/span><\/li>\n<\/ul>\n<hr class=\"x-hr\" \/>\n","protected":false},"excerpt":{"rendered":"<p>En esta p\u00e1gina recomendamos libros que acaban de publicarse y de inter\u00e9s en general. Emocionario Ya sali\u00f3 nuestro nuevo libro para peques: \u201cEmocionados con Petibl\u00fa\u201d. Contiene una historia rimada con mucha miga, seis cuentos cortos y una serie de consejos para encauzar la frustraci\u00f3n, la ira, la tristeza y la soledad. Viene muy bien para [&hellip;]<\/p>\n","protected":false},"author":117,"featured_media":0,"parent":19,"menu_order":0,"comment_status":"closed","ping_status":"closed","template":"","meta":{"footnotes":""},"class_list":["post-1007","page","type-page","status-publish","hentry","post-preview"],"_links":{"self":[{"href":"https:\/\/edublog.educastur.es\/corredoria3\/wp-json\/wp\/v2\/pages\/1007","targetHints":{"allow":["GET"]}}],"collection":[{"href":"https:\/\/edublog.educastur.es\/corredoria3\/wp-json\/wp\/v2\/pages"}],"about":[{"href":"https:\/\/edublog.educastur.es\/corredoria3\/wp-json\/wp\/v2\/types\/page"}],"author":[{"embeddable":true,"href":"https:\/\/edublog.educastur.es\/corredoria3\/wp-json\/wp\/v2\/users\/117"}],"replies":[{"embeddable":true,"href":"https:\/\/edublog.educastur.es\/corredoria3\/wp-json\/wp\/v2\/comments?post=1007"}],"version-history":[{"count":6,"href":"https:\/\/edublog.educastur.es\/corredoria3\/wp-json\/wp\/v2\/pages\/1007\/revisions"}],"predecessor-version":[{"id":1026,"href":"https:\/\/edublog.educastur.es\/corredoria3\/wp-json\/wp\/v2\/pages\/1007\/revisions\/1026"}],"up":[{"embeddable":true,"href":"https:\/\/edublog.educastur.es\/corredoria3\/wp-json\/wp\/v2\/pages\/19"}],"wp:attachment":[{"href":"https:\/\/edublog.educastur.es\/corredoria3\/wp-json\/wp\/v2\/media?parent=1007"}],"curies":[{"name":"wp","href":"https:\/\/api.w.org\/{rel}","templated":true}]}}