{"id":1032,"date":"2020-10-01T05:01:05","date_gmt":"2020-10-01T03:01:05","guid":{"rendered":"https:\/\/edublog.educastur.es\/corredoria3\/?page_id=1032"},"modified":"2021-09-12T12:57:20","modified_gmt":"2021-09-12T10:57:20","slug":"cultura-asturiana","status":"publish","type":"page","link":"https:\/\/edublog.educastur.es\/corredoria3\/1o-pri\/cultura-asturiana\/","title":{"rendered":"Cultura Asturiana"},"content":{"rendered":"<p><a href=\"https:\/\/educastur-my.sharepoint.com\/:f:\/g\/personal\/isabellh_educastur_org\/EtQmnmWzG-ZMnPrzNEVEa2sBMRJXb1LKpCAwUW5vx6lw-g?e=qVaihf\"><img loading=\"lazy\" decoding=\"async\" class=\"alignnone \" src=\"https:\/\/edublog.educastur.es\/corredoria3\/files\/2020\/08\/20_primero-300x246.png\" width=\"100\" height=\"82\" \/>Clic aqu\u00ed<\/a><\/p>\n<ul>\n<li><a href=\"https:\/\/educastur-my.sharepoint.com\/:f:\/g\/personal\/isabellh_educastur_org\/EtQmnmWzG-ZMnPrzNEVEa2sBMRJXb1LKpCAwUW5vx6lw-g?e=qVaihf\"><span style=\"font-size: 18pt;color: #800000\"><strong>ACCESO\u00a0 A\u00a0 CARPETA\u00a0 <\/strong><span style=\"font-size: 14pt\"><strong><span style=\"font-size: 18pt\">DE\u00a0 ISA<\/span><\/strong>\u00a0 <\/span><\/span><\/a><span style=\"font-size: 18pt\"><span style=\"font-size: 14pt\"><strong><span style=\"color: #008080\"><br \/>\n<span style=\"font-size: 14pt\">USO EXCLUSIVO PROFES QUE IMPARTEN CULTURA Y LLINGUA EN 1\u00ba.<\/span><\/span><\/strong><\/span><br \/>\n<\/span><\/li>\n<li><a href=\"https:\/\/educastur-my.sharepoint.com\/personal\/sheilagb_educastur_org\/_layouts\/15\/onedrive.aspx?id=%2Fpersonal%2Fsheilagb%5Feducastur%5Forg%2FDocuments%2FLlingua%20y%20Cultura%201%C2%BA&amp;originalPath=aHR0cHM6Ly9lZHVjYXN0dXItbXkuc2hhcmVwb2ludC5jb20vOmY6L2cvcGVyc29uYWwvc2hlaWxhZ2JfZWR1Y2FzdHVyX29yZy9Fcjk2dWpfNkFpaEd2bE9nZHk3NHNyc0JNU2I5a3Y4YlhPOUI3NlJTb0lEN01nP3J0aW1lPTN0MHhRV0YwMkVn\"><span style=\"font-size: 18pt;color: #800000\"><strong>ACCESO\u00a0 A\u00a0 CARPETA\u00a0 DE\u00a0 PROFES\u00a0 DE\u00a0 PRIMERO <\/strong><\/span><\/a><\/li>\n<\/ul>\n<hr \/>\n<ul>\n<li class=\"page_item page-item-1032 page_item_has_children current_page_ancestor\"><span style=\"font-size: 18pt\"><a href=\"https:\/\/edublog.educastur.es\/corredoria3\/1o-pri\/cultura-asturiana\/\">Cultura Asturiana y Llingua<\/a><\/span>\n<ul class=\"children\">\n<li class=\"page_item page-item-1431 page_item_has_children current_page_ancestor current_page_parent\"><a href=\"https:\/\/edublog.educastur.es\/corredoria3\/1o-pri\/cultura-asturiana\/primer-trimestre\/\"><strong><span style=\"font-size: 18pt\">PRIMER\u00a0 TRIMESTRE<\/span><\/strong><\/a><\/li>\n<\/ul>\n<\/li>\n<\/ul>\n<p><img loading=\"lazy\" decoding=\"async\" class=\" wp-image-386 alignleft\" src=\"http:\/\/edublog.educastur.es\/corredoria3\/files\/2020\/08\/32_octubre.png\" alt=\"\" width=\"99\" height=\"82\" srcset=\"https:\/\/edublog.educastur.es\/corredoria3\/files\/2020\/08\/32_octubre.png 398w, https:\/\/edublog.educastur.es\/corredoria3\/files\/2020\/08\/32_octubre-300x246.png 300w\" sizes=\"auto, (max-width: 99px) 100vw, 99px\" \/><\/p>\n<p>&nbsp;<\/p>\n<p>&nbsp;<\/p>\n<p>&nbsp;<\/p>\n<ul class=\"children\">\n<li class=\"page_item page-item-1507 current_page_item\"><a href=\"https:\/\/edublog.educastur.es\/corredoria3\/1o-pri\/cultura-asturiana\/primer-trimestre\/sesion-1\/\">Sesi\u00f3n 01: Presentaci\u00f3n \/ portada \/ Bandera Asturies \/ himno de Asturies<\/a><\/li>\n<li class=\"page_item page-item-1509\"><a href=\"https:\/\/edublog.educastur.es\/corredoria3\/1o-pri\/cultura-asturiana\/primer-trimestre\/sesion-2\/\">Sesi\u00f3n 02: Oto\u00f1o (Seronda), Colores&#8230;<\/a><\/li>\n<li class=\"page_item page-item-1511\"><a href=\"https:\/\/edublog.educastur.es\/corredoria3\/1o-pri\/cultura-asturiana\/primer-trimestre\/sesion-03\/\">Sesi\u00f3n 03: Las estaciones del a\u00f1o en Asturias<\/a><\/li>\n<li class=\"page_item page-item-1513\"><a href=\"https:\/\/edublog.educastur.es\/corredoria3\/1o-pri\/cultura-asturiana\/primer-trimestre\/sesion-04\/\">Sesi\u00f3n 04: El Sama\u00edn y Mitolog\u00eda asturiana<\/a><\/li>\n<\/ul>\n<p><img loading=\"lazy\" decoding=\"async\" class=\" wp-image-387 alignleft\" src=\"http:\/\/edublog.educastur.es\/corredoria3\/files\/2020\/08\/33_noviembre.png\" alt=\"\" width=\"101\" height=\"83\" srcset=\"https:\/\/edublog.educastur.es\/corredoria3\/files\/2020\/08\/33_noviembre.png 398w, https:\/\/edublog.educastur.es\/corredoria3\/files\/2020\/08\/33_noviembre-300x246.png 300w\" sizes=\"auto, (max-width: 101px) 100vw, 101px\" \/><\/p>\n<p>&nbsp;<\/p>\n<p>&nbsp;<\/p>\n<p>&nbsp;<\/p>\n<ul class=\"children\">\n<li class=\"page_item page-item-1515\"><a href=\"https:\/\/edublog.educastur.es\/corredoria3\/1o-pri\/cultura-asturiana\/primer-trimestre\/sesion-05\/\">Sesi\u00f3n 05: A la gueta la casta\u00f1a \/ La casta\u00f1a \/ Pep\u00edn va a casta\u00f1es \/ La casta\u00f1a que revent\u00f3 de risa \/ Esfoyaza<\/a><\/li>\n<li class=\"page_item page-item-1517\"><a href=\"https:\/\/edublog.educastur.es\/corredoria3\/1o-pri\/cultura-asturiana\/primer-trimestre\/sesion-06\/\">Sesi\u00f3n 06: Samart\u00edn<\/a><\/li>\n<li class=\"page_item page-item-1519\"><a href=\"https:\/\/edublog.educastur.es\/corredoria3\/1o-pri\/cultura-asturiana\/primer-trimestre\/sesion-07\/\">Sesi\u00f3n 07: Animales del bosque \/ Esbardina y el miel \/ 11 Nov. Samart\u00edn<\/a><\/li>\n<li class=\"page_item page-item-1521\"><a href=\"https:\/\/edublog.educastur.es\/corredoria3\/1o-pri\/cultura-asturiana\/primer-trimestre\/sesion-08\/\">Sesi\u00f3n 08: Bosque: llibru del bosque \/ Los bosques de Asturias<\/a><\/li>\n<\/ul>\n<p><span style=\"font-size: 18pt\"><img loading=\"lazy\" decoding=\"async\" class=\" wp-image-388 alignleft\" src=\"http:\/\/edublog.educastur.es\/corredoria3\/files\/2020\/08\/34_diciembre.png\" alt=\"\" width=\"101\" height=\"83\" srcset=\"https:\/\/edublog.educastur.es\/corredoria3\/files\/2020\/08\/34_diciembre.png 398w, https:\/\/edublog.educastur.es\/corredoria3\/files\/2020\/08\/34_diciembre-300x246.png 300w\" sizes=\"auto, (max-width: 101px) 100vw, 101px\" \/><\/span><\/p>\n<p>&nbsp;<\/p>\n<p>&nbsp;<\/p>\n<p>&nbsp;<\/p>\n<ul>\n<li><a href=\"https:\/\/edublog.educastur.es\/corredoria3\/1o-pri\/cultura-asturiana\/primer-trimestre\/sesion-09\/\">Sesi\u00f3n 09: Animales granja: El cuentu d\u00b4Aida \/ Tengo tres cabritines<\/a><\/li>\n<li><a href=\"https:\/\/edublog.educastur.es\/corredoria3\/1o-pri\/cultura-asturiana\/primer-trimestre\/sesion-10\/\">Sesi\u00f3n 10: La Familia tradicional asturiana \/ \u00c1rbol geneal\u00f3gico \/ La familia d\u00b4Iy\u00e1n<\/a><\/li>\n<li><a href=\"https:\/\/edublog.educastur.es\/corredoria3\/1o-pri\/cultura-asturiana\/primer-trimestre\/sesion-11\/\">Sesi\u00f3n 11: Iviernu (clima) \/ Qu\u00e9 rico (fabada) \/ Navidad \/ Villancicos<\/a><\/li>\n<\/ul>\n<hr \/>\n<p><span style=\"font-size: 14pt;color: #008080\"><strong>\u00a0<\/strong><\/span><\/p>\n","protected":false},"excerpt":{"rendered":"<p>Clic aqu\u00ed ACCESO\u00a0 A\u00a0 CARPETA\u00a0 DE\u00a0 ISA\u00a0 USO EXCLUSIVO PROFES QUE IMPARTEN CULTURA Y LLINGUA EN 1\u00ba. ACCESO\u00a0 A\u00a0 CARPETA\u00a0 DE\u00a0 PROFES\u00a0 DE\u00a0 PRIMERO Cultura Asturiana y Llingua PRIMER\u00a0 TRIMESTRE &nbsp; &nbsp; &nbsp; Sesi\u00f3n 01: Presentaci\u00f3n \/ portada \/ Bandera Asturies \/ himno de Asturies Sesi\u00f3n 02: Oto\u00f1o (Seronda), Colores&#8230; Sesi\u00f3n 03: Las estaciones del [&hellip;]<\/p>\n","protected":false},"author":117,"featured_media":0,"parent":13,"menu_order":13,"comment_status":"closed","ping_status":"closed","template":"","meta":{"footnotes":""},"class_list":["post-1032","page","type-page","status-publish","hentry","post-preview"],"_links":{"self":[{"href":"https:\/\/edublog.educastur.es\/corredoria3\/wp-json\/wp\/v2\/pages\/1032","targetHints":{"allow":["GET"]}}],"collection":[{"href":"https:\/\/edublog.educastur.es\/corredoria3\/wp-json\/wp\/v2\/pages"}],"about":[{"href":"https:\/\/edublog.educastur.es\/corredoria3\/wp-json\/wp\/v2\/types\/page"}],"author":[{"embeddable":true,"href":"https:\/\/edublog.educastur.es\/corredoria3\/wp-json\/wp\/v2\/users\/117"}],"replies":[{"embeddable":true,"href":"https:\/\/edublog.educastur.es\/corredoria3\/wp-json\/wp\/v2\/comments?post=1032"}],"version-history":[{"count":13,"href":"https:\/\/edublog.educastur.es\/corredoria3\/wp-json\/wp\/v2\/pages\/1032\/revisions"}],"predecessor-version":[{"id":4710,"href":"https:\/\/edublog.educastur.es\/corredoria3\/wp-json\/wp\/v2\/pages\/1032\/revisions\/4710"}],"up":[{"embeddable":true,"href":"https:\/\/edublog.educastur.es\/corredoria3\/wp-json\/wp\/v2\/pages\/13"}],"wp:attachment":[{"href":"https:\/\/edublog.educastur.es\/corredoria3\/wp-json\/wp\/v2\/media?parent=1032"}],"curies":[{"name":"wp","href":"https:\/\/api.w.org\/{rel}","templated":true}]}}