{"id":1042,"date":"2020-10-01T05:10:44","date_gmt":"2020-10-01T03:10:44","guid":{"rendered":"https:\/\/edublog.educastur.es\/corredoria3\/?page_id=1042"},"modified":"2020-12-08T00:29:26","modified_gmt":"2020-12-07T22:29:26","slug":"cultura-asturiana","status":"publish","type":"page","link":"https:\/\/edublog.educastur.es\/corredoria3\/2o-pri\/cultura-asturiana\/","title":{"rendered":"Cultura Asturiana"},"content":{"rendered":"<p><a href=\"https:\/\/educastur-my.sharepoint.com\/:f:\/g\/personal\/isabellh_educastur_org\/EqdvnLDt30pBuoQZFvAnVSYB1fb1V7cXSptReAwhRXa3jQ?e=IjeXYt\"><img loading=\"lazy\" decoding=\"async\" class=\" wp-image-375 alignleft\" src=\"http:\/\/edublog.educastur.es\/corredoria3\/files\/2020\/08\/21_segundo-300x246.png\" alt=\"\" width=\"100\" height=\"82\" srcset=\"https:\/\/edublog.educastur.es\/corredoria3\/files\/2020\/08\/21_segundo-300x246.png 300w, https:\/\/edublog.educastur.es\/corredoria3\/files\/2020\/08\/21_segundo.png 424w\" sizes=\"auto, (max-width: 100px) 100vw, 100px\" \/><\/a><\/p>\n<p>&nbsp;<\/p>\n<p>&nbsp;<\/p>\n<p><a href=\"https:\/\/educastur-my.sharepoint.com\/:f:\/g\/personal\/isabellh_educastur_org\/EqdvnLDt30pBuoQZFvAnVSYB1fb1V7cXSptReAwhRXa3jQ?e=IjeXYt\"><span style=\"font-size: 18pt;color: #800000\"><strong>ACCESO A\u00a0 CARPETA DE RECURSOS COMPARTIDOS PROFES<\/strong><\/span><\/a><br \/>\n<span style=\"font-size: 14pt\">DE USO EXCLUSIVO PROFESORADO<\/span><\/p>\n<hr \/>\n<ul class=\"children\">\n<li class=\"page_item page-item-1042 page_item_has_children\"><strong><span style=\"font-size: 18pt\"><a href=\"https:\/\/edublog.educastur.es\/corredoria3\/2o-pri\/cultura-asturiana\/\">Cultura Asturiana<\/a><\/span><\/strong>\n<ul class=\"children\">\n<li class=\"page_item page-item-1433 page_item_has_children\"><a href=\"https:\/\/edublog.educastur.es\/corredoria3\/2o-pri\/cultura-asturiana\/primer-trimestre\/\"><strong><span style=\"font-size: 18pt\">PRIMER TRIMESTRE<\/span><\/strong><\/a><\/li>\n<\/ul>\n<\/li>\n<\/ul>\n<p><img loading=\"lazy\" decoding=\"async\" class=\" wp-image-386 alignleft\" src=\"http:\/\/edublog.educastur.es\/corredoria3\/files\/2020\/08\/32_octubre.png\" alt=\"\" width=\"148\" height=\"122\" srcset=\"https:\/\/edublog.educastur.es\/corredoria3\/files\/2020\/08\/32_octubre.png 398w, https:\/\/edublog.educastur.es\/corredoria3\/files\/2020\/08\/32_octubre-300x246.png 300w\" sizes=\"auto, (max-width: 148px) 100vw, 148px\" \/><\/p>\n<p>&nbsp;<\/p>\n<p>&nbsp;<\/p>\n<p>&nbsp;<\/p>\n<p>&nbsp;<\/p>\n<ul>\n<li><span style=\"font-size: 18pt\"><a href=\"https:\/\/edublog.educastur.es\/corredoria3\/2o-pri\/cultura-asturiana\/primer-trimestre\/sesion-01\/\">Sesi\u00f3n 01: Estaciones (Seronda) \/ Portada libreta \/ Colores \/ bandera Asturias<\/a><br \/>\n<\/span><\/li>\n<li><span style=\"font-size: 18pt\"><a href=\"https:\/\/edublog.educastur.es\/corredoria3\/2o-pri\/cultura-asturiana\/primer-trimestre\/sesion-02\/\">Sesi\u00f3n 02: Volvemos al bosque \/ \u00c1rboles \/ Animales del bosque \/ Lectura: Carnaval en el bosque<\/a><br \/>\n<\/span><\/li>\n<li><span style=\"font-size: 18pt\"><a href=\"https:\/\/edublog.educastur.es\/corredoria3\/2o-pri\/cultura-asturiana\/primer-trimestre\/sesion-03\/\">Sesi\u00f3n 03: Fauna = <strong>Animales salvajes y razas aut\u00f3ctonas<\/strong> \/ Animales en peligro extinci\u00f3n \/ 4 Oct: D\u00eda M. Animales<\/a><br \/>\n<\/span><\/li>\n<li><span style=\"font-size: 18pt\"><a href=\"https:\/\/edublog.educastur.es\/corredoria3\/2o-pri\/cultura-asturiana\/primer-trimestre\/sesion-04\/\">Sesi\u00f3n 04: <strong>La caser\u00eda o quintana asturiana<\/strong>\/ 31 Oct Sama\u00edn (Halloween)<\/a><br \/>\n<\/span><\/li>\n<\/ul>\n<p><span style=\"font-size: 18pt\"><img loading=\"lazy\" decoding=\"async\" class=\" wp-image-387 alignleft\" src=\"http:\/\/edublog.educastur.es\/corredoria3\/files\/2020\/08\/33_noviembre.png\" alt=\"\" width=\"150\" height=\"123\" srcset=\"https:\/\/edublog.educastur.es\/corredoria3\/files\/2020\/08\/33_noviembre.png 398w, https:\/\/edublog.educastur.es\/corredoria3\/files\/2020\/08\/33_noviembre-300x246.png 300w\" sizes=\"auto, (max-width: 150px) 100vw, 150px\" \/><\/span><\/p>\n<p>&nbsp;<\/p>\n<p>&nbsp;<\/p>\n<p>&nbsp;<\/p>\n<p>&nbsp;<\/p>\n<ul>\n<li><span style=\"font-size: 18pt\"><a href=\"https:\/\/edublog.educastur.es\/corredoria3\/2o-pri\/cultura-asturiana\/primer-trimestre\/sesion-05\/\">Sesi\u00f3n 05: <strong>Horreos y Paneras<\/strong><\/a><br \/>\n<\/span><\/li>\n<li><span style=\"font-size: 18pt\"><a href=\"https:\/\/edublog.educastur.es\/corredoria3\/2o-pri\/cultura-asturiana\/primer-trimestre\/sesion-06\/\">Sesi\u00f3n 06: <strong>Amag\u00fcestu, Samart\u00edn,<\/strong> Cuentu: La granxa de Sandra<\/a><br \/>\n<\/span><\/li>\n<li><span style=\"font-size: 18pt\"><a href=\"https:\/\/edublog.educastur.es\/corredoria3\/2o-pri\/cultura-asturiana\/primer-trimestre\/sesion-07\/\">Sesi\u00f3n 07:<strong> El colegio<\/strong>, El coche l maestru<\/a><br \/>\n<\/span><\/li>\n<li><span style=\"font-size: 18pt\"><a href=\"https:\/\/edublog.educastur.es\/corredoria3\/2o-pri\/cultura-asturiana\/primer-trimestre\/sesion-08\/\">Sesi\u00f3n 08: <\/a><a href=\"https:\/\/edublog.educastur.es\/corredoria3\/2o-pri\/cultura-asturiana\/primer-trimestre\/sesion-08\/\"><strong>El comedor escolar<\/strong> \u00abMen\u00fa de versos\u00bb<\/a><br \/>\n<\/span><\/li>\n<\/ul>\n<p><span style=\"font-size: 18pt\"><img loading=\"lazy\" decoding=\"async\" class=\" wp-image-388 alignleft\" src=\"http:\/\/edublog.educastur.es\/corredoria3\/files\/2020\/08\/34_diciembre.png\" alt=\"\" width=\"150\" height=\"123\" srcset=\"https:\/\/edublog.educastur.es\/corredoria3\/files\/2020\/08\/34_diciembre.png 398w, https:\/\/edublog.educastur.es\/corredoria3\/files\/2020\/08\/34_diciembre-300x246.png 300w\" sizes=\"auto, (max-width: 150px) 100vw, 150px\" \/><\/span><\/p>\n<p>&nbsp;<\/p>\n<p>&nbsp;<\/p>\n<p>&nbsp;<\/p>\n<p>&nbsp;<\/p>\n<ul>\n<li><span style=\"font-size: 18pt\"><a href=\"https:\/\/edublog.educastur.es\/corredoria3\/2o-pri\/cultura-asturiana\/primer-trimestre\/sesion-09\/\">Sesi\u00f3n 09: <\/a><br \/>\n<\/span><\/li>\n<li><span style=\"font-size: 18pt\"><a href=\"https:\/\/edublog.educastur.es\/corredoria3\/2o-pri\/cultura-asturiana\/primer-trimestre\/sesion-10\/\">Sesi\u00f3n 10: Repaso Tiempu atmosf\u00e9ricu \/\u00a0 Nun hai part\u00edu \/ 11 Dic. D. M. Monta\u00f1as \/ Relieve Monta\u00f1as \/ Entre valles y monta\u00f1as<\/a><br \/>\n<\/span><\/li>\n<li><span style=\"font-size: 18pt\"><a href=\"https:\/\/edublog.educastur.es\/corredoria3\/2o-pri\/cultura-asturiana\/primer-trimestre\/sesion-11\/\">Sesi\u00f3n 11: Invierno \/ Las vacaciones de Xana \/ Navidad \/ Villancicos<\/a><br \/>\n<\/span><\/li>\n<\/ul>\n","protected":false},"excerpt":{"rendered":"<p>&nbsp; &nbsp; ACCESO A\u00a0 CARPETA DE RECURSOS COMPARTIDOS PROFES DE USO EXCLUSIVO PROFESORADO Cultura Asturiana PRIMER TRIMESTRE &nbsp; &nbsp; &nbsp; &nbsp; Sesi\u00f3n 01: Estaciones (Seronda) \/ Portada libreta \/ Colores \/ bandera Asturias Sesi\u00f3n 02: Volvemos al bosque \/ \u00c1rboles \/ Animales del bosque \/ Lectura: Carnaval en el bosque Sesi\u00f3n 03: Fauna = Animales [&hellip;]<\/p>\n","protected":false},"author":117,"featured_media":0,"parent":14,"menu_order":12,"comment_status":"closed","ping_status":"closed","template":"","meta":{"footnotes":""},"class_list":["post-1042","page","type-page","status-publish","hentry","post-preview"],"_links":{"self":[{"href":"https:\/\/edublog.educastur.es\/corredoria3\/wp-json\/wp\/v2\/pages\/1042","targetHints":{"allow":["GET"]}}],"collection":[{"href":"https:\/\/edublog.educastur.es\/corredoria3\/wp-json\/wp\/v2\/pages"}],"about":[{"href":"https:\/\/edublog.educastur.es\/corredoria3\/wp-json\/wp\/v2\/types\/page"}],"author":[{"embeddable":true,"href":"https:\/\/edublog.educastur.es\/corredoria3\/wp-json\/wp\/v2\/users\/117"}],"replies":[{"embeddable":true,"href":"https:\/\/edublog.educastur.es\/corredoria3\/wp-json\/wp\/v2\/comments?post=1042"}],"version-history":[{"count":13,"href":"https:\/\/edublog.educastur.es\/corredoria3\/wp-json\/wp\/v2\/pages\/1042\/revisions"}],"predecessor-version":[{"id":2449,"href":"https:\/\/edublog.educastur.es\/corredoria3\/wp-json\/wp\/v2\/pages\/1042\/revisions\/2449"}],"up":[{"embeddable":true,"href":"https:\/\/edublog.educastur.es\/corredoria3\/wp-json\/wp\/v2\/pages\/14"}],"wp:attachment":[{"href":"https:\/\/edublog.educastur.es\/corredoria3\/wp-json\/wp\/v2\/media?parent=1042"}],"curies":[{"name":"wp","href":"https:\/\/api.w.org\/{rel}","templated":true}]}}