{"id":1052,"date":"2020-10-01T05:12:41","date_gmt":"2020-10-01T03:12:41","guid":{"rendered":"https:\/\/edublog.educastur.es\/corredoria3\/?page_id=1052"},"modified":"2021-02-06T10:51:49","modified_gmt":"2021-02-06T08:51:49","slug":"cultura-asturiana","status":"publish","type":"page","link":"https:\/\/edublog.educastur.es\/corredoria3\/3o-pri\/cultura-asturiana\/","title":{"rendered":"Cultura Asturiana"},"content":{"rendered":"<p><a href=\"https:\/\/educastur-my.sharepoint.com\/:f:\/g\/personal\/isabellh_educastur_org\/Eq5_Z2zXAPFPlSEAHO6gh3gBJd2v5LdxnkSJVlWzG3r5yg\"><img loading=\"lazy\" decoding=\"async\" class=\" wp-image-376 alignleft\" src=\"http:\/\/edublog.educastur.es\/corredoria3\/files\/2020\/08\/22_tercero-300x246.png\" alt=\"\" width=\"100\" height=\"82\" srcset=\"https:\/\/edublog.educastur.es\/corredoria3\/files\/2020\/08\/22_tercero-300x246.png 300w, https:\/\/edublog.educastur.es\/corredoria3\/files\/2020\/08\/22_tercero.png 424w\" sizes=\"auto, (max-width: 100px) 100vw, 100px\" \/><\/a><\/p>\n<p>&nbsp;<\/p>\n<p>&nbsp;<\/p>\n<p><span style=\"font-size: 14pt\"><a href=\"https:\/\/educastur-my.sharepoint.com\/:f:\/g\/personal\/isabellh_educastur_org\/Eq5_Z2zXAPFPlSEAHO6gh3gBJd2v5LdxnkSJVlWzG3r5yg\"><em><span style=\"color: #800000\"><strong>ACCESO A\u00a0 CARPETA DE RECURSOS COMPARTIDOS PROFES<\/strong><\/span><\/em><\/a><\/span><br \/>\n<span style=\"font-size: 14pt\"><em>DE USO EXCLUSIVO PROFESORADO<\/em><\/span><\/p>\n<ul>\n<li><a href=\"https:\/\/www.coloreamania.com\/como-dibujar-animales\/\"><strong><em>Web C\u00f3mo dibujar animales<\/em><\/strong><\/a><\/li>\n<\/ul>\n<hr \/>\n<p>&nbsp;<\/p>\n<ul>\n<li class=\"page_item page-item-1052 page_item_has_children\"><span style=\"font-size: 18pt\"><a href=\"https:\/\/edublog.educastur.es\/corredoria3\/3o-pri\/cultura-asturiana\/\">Cultura Asturiana<\/a><\/span>\n<ul class=\"children\">\n<li class=\"page_item page-item-1435 page_item_has_children\"><span style=\"font-size: 14pt\"><a href=\"https:\/\/edublog.educastur.es\/corredoria3\/3o-pri\/cultura-asturiana\/primer-trimestre\/\"><span style=\"font-size: 18pt\">PRIMER TRIMESTRE<\/span><\/a><\/span><\/li>\n<\/ul>\n<\/li>\n<\/ul>\n<p><img loading=\"lazy\" decoding=\"async\" class=\" wp-image-386 alignleft\" src=\"http:\/\/edublog.educastur.es\/corredoria3\/files\/2020\/08\/32_octubre.png\" alt=\"\" width=\"148\" height=\"122\" srcset=\"https:\/\/edublog.educastur.es\/corredoria3\/files\/2020\/08\/32_octubre.png 398w, https:\/\/edublog.educastur.es\/corredoria3\/files\/2020\/08\/32_octubre-300x246.png 300w\" sizes=\"auto, (max-width: 148px) 100vw, 148px\" \/><\/p>\n<p>&nbsp;<\/p>\n<p>&nbsp;<\/p>\n<p>&nbsp;<\/p>\n<p>&nbsp;<\/p>\n<ul>\n<li><span style=\"font-size: 18pt\"><a href=\"https:\/\/edublog.educastur.es\/corredoria3\/3o-pri\/cultura-asturiana\/primer-trimestre\/sesion-01\/\">Sesi\u00f3n 01: Presentaci\u00f3n, Seronda, \u00c1rboles t\u00edpicos \/ Los bosques de Asturias<\/a><br \/>\n<\/span><\/li>\n<li><span style=\"font-size: 18pt\"><a href=\"https:\/\/edublog.educastur.es\/corredoria3\/3o-pri\/cultura-asturiana\/primer-trimestre\/sesion-02\/\">Sesi\u00f3n 02:\u00a0 Terminar Seronda<\/a><br \/>\n<a href=\"https:\/\/edublog.educastur.es\/corredoria3\/6o-pri\/cultura-asturiana\/1otrimestre\/sesion-02-el-desarme-de-oviedo\/\">Men\u00fa del desarme_C\u00f3mic Neto &amp; Casaprima<\/a><\/span><\/li>\n<li><a href=\"https:\/\/edublog.educastur.es\/corredoria3\/3o-pri\/cultura-asturiana\/primer-trimestre\/sesion-03\/\"><span style=\"font-size: 18pt\">Sesi\u00f3n 03: Elementos paisaje: COSTA \/ Puertos \/ El pirata \/ El capit\u00e1n sablazu<\/span><\/a><\/li>\n<li><a href=\"https:\/\/edublog.educastur.es\/corredoria3\/3o-pri\/cultura-asturiana\/primer-trimestre\/sesion-04\/\"><span style=\"font-size: 18pt\">Sesi\u00f3n 4: Sama\u00edn, La caser\u00eda o quintana asturiana<\/span><\/a><span style=\"font-size: 18pt\"><br \/>\n<\/span><\/li>\n<\/ul>\n<p><img loading=\"lazy\" decoding=\"async\" class=\" wp-image-387 alignleft\" src=\"http:\/\/edublog.educastur.es\/corredoria3\/files\/2020\/08\/33_noviembre.png\" alt=\"\" width=\"150\" height=\"123\" srcset=\"https:\/\/edublog.educastur.es\/corredoria3\/files\/2020\/08\/33_noviembre.png 398w, https:\/\/edublog.educastur.es\/corredoria3\/files\/2020\/08\/33_noviembre-300x246.png 300w\" sizes=\"auto, (max-width: 150px) 100vw, 150px\" \/><\/p>\n<p>&nbsp;<\/p>\n<p>&nbsp;<\/p>\n<p>&nbsp;<\/p>\n<p>&nbsp;<\/p>\n<ul>\n<li><a href=\"https:\/\/edublog.educastur.es\/corredoria3\/3o-pri\/cultura-asturiana\/primer-trimestre\/sesion-05\/\"><span style=\"font-size: 18pt\">Sesi\u00f3n 05: H\u00f3rreos, paneras y cabazos.<\/span><\/a><\/li>\n<li><a href=\"https:\/\/edublog.educastur.es\/corredoria3\/3o-pri\/cultura-asturiana\/primer-trimestre\/sesion-06\/\"><span style=\"font-size: 18pt\">Sesi\u00f3n 06: Monta\u00f1as (elementos del relieve). Picos de Europa. Busgosu&#8230;<\/span><\/a><\/li>\n<li><a href=\"https:\/\/edublog.educastur.es\/corredoria3\/3o-pri\/cultura-asturiana\/primer-trimestre\/sesion-07\/\"><span style=\"font-size: 18pt\">Sesi\u00f3n 07: Samart\u00edn y la matanza en Asturias<\/span><\/a><\/li>\n<li><a href=\"https:\/\/edublog.educastur.es\/corredoria3\/3o-pri\/cultura-asturiana\/primer-trimestre\/sesion-08\/\"><span style=\"font-size: 18pt\">Sesi\u00f3n 08: La familia tradicional<\/span><\/a><\/li>\n<\/ul>\n<p><span style=\"font-size: 18pt\"><img loading=\"lazy\" decoding=\"async\" class=\" wp-image-388 alignleft\" src=\"http:\/\/edublog.educastur.es\/corredoria3\/files\/2020\/08\/34_diciembre.png\" alt=\"\" width=\"150\" height=\"123\" srcset=\"https:\/\/edublog.educastur.es\/corredoria3\/files\/2020\/08\/34_diciembre.png 398w, https:\/\/edublog.educastur.es\/corredoria3\/files\/2020\/08\/34_diciembre-300x246.png 300w\" sizes=\"auto, (max-width: 150px) 100vw, 150px\" \/><\/span><\/p>\n<p>&nbsp;<\/p>\n<p>&nbsp;<\/p>\n<p>&nbsp;<\/p>\n<p>&nbsp;<\/p>\n<ul>\n<li><a href=\"https:\/\/edublog.educastur.es\/corredoria3\/3o-pri\/cultura-asturiana\/primer-trimestre\/sesion-09\/\"><span style=\"font-size: 18pt\">Sesi\u00f3n 09: La miner\u00eda en Asturias<\/span><\/a><\/li>\n<\/ul>\n","protected":false},"excerpt":{"rendered":"<p>&nbsp; &nbsp; ACCESO A\u00a0 CARPETA DE RECURSOS COMPARTIDOS PROFES DE USO EXCLUSIVO PROFESORADO Web C\u00f3mo dibujar animales &nbsp; Cultura Asturiana PRIMER TRIMESTRE &nbsp; &nbsp; &nbsp; &nbsp; Sesi\u00f3n 01: Presentaci\u00f3n, Seronda, \u00c1rboles t\u00edpicos \/ Los bosques de Asturias Sesi\u00f3n 02:\u00a0 Terminar Seronda Men\u00fa del desarme_C\u00f3mic Neto &amp; Casaprima Sesi\u00f3n 03: Elementos paisaje: COSTA \/ Puertos \/ [&hellip;]<\/p>\n","protected":false},"author":117,"featured_media":0,"parent":15,"menu_order":12,"comment_status":"closed","ping_status":"closed","template":"","meta":{"footnotes":""},"class_list":["post-1052","page","type-page","status-publish","hentry","post-preview"],"_links":{"self":[{"href":"https:\/\/edublog.educastur.es\/corredoria3\/wp-json\/wp\/v2\/pages\/1052","targetHints":{"allow":["GET"]}}],"collection":[{"href":"https:\/\/edublog.educastur.es\/corredoria3\/wp-json\/wp\/v2\/pages"}],"about":[{"href":"https:\/\/edublog.educastur.es\/corredoria3\/wp-json\/wp\/v2\/types\/page"}],"author":[{"embeddable":true,"href":"https:\/\/edublog.educastur.es\/corredoria3\/wp-json\/wp\/v2\/users\/117"}],"replies":[{"embeddable":true,"href":"https:\/\/edublog.educastur.es\/corredoria3\/wp-json\/wp\/v2\/comments?post=1052"}],"version-history":[{"count":16,"href":"https:\/\/edublog.educastur.es\/corredoria3\/wp-json\/wp\/v2\/pages\/1052\/revisions"}],"predecessor-version":[{"id":3115,"href":"https:\/\/edublog.educastur.es\/corredoria3\/wp-json\/wp\/v2\/pages\/1052\/revisions\/3115"}],"up":[{"embeddable":true,"href":"https:\/\/edublog.educastur.es\/corredoria3\/wp-json\/wp\/v2\/pages\/15"}],"wp:attachment":[{"href":"https:\/\/edublog.educastur.es\/corredoria3\/wp-json\/wp\/v2\/media?parent=1052"}],"curies":[{"name":"wp","href":"https:\/\/api.w.org\/{rel}","templated":true}]}}