{"id":1054,"date":"2020-10-01T05:12:55","date_gmt":"2020-10-01T03:12:55","guid":{"rendered":"https:\/\/edublog.educastur.es\/corredoria3\/?page_id=1054"},"modified":"2020-12-28T13:39:09","modified_gmt":"2020-12-28T11:39:09","slug":"cultura-asturiana","status":"publish","type":"page","link":"https:\/\/edublog.educastur.es\/corredoria3\/4o-pri\/cultura-asturiana\/","title":{"rendered":"Cultura Asturiana"},"content":{"rendered":"<p><a href=\"https:\/\/educastur-my.sharepoint.com\/:f:\/g\/personal\/isabellh_educastur_org\/EsMooUrsPKhJjdtkb0HZTAcBqB92wfrMBD87MEJY2RuleQ?e=VFHzEK\"><span style=\"font-size: 18pt;color: #800000\"><strong>ACCESO A\u00a0 CARPETA DE RECURSOS COMPARTIDOS PROFES<\/strong><\/span><\/a><br \/>\nDE USO EXCLUSIVO PROFESORADO<\/p>\n<hr \/>\n<p>&nbsp;<\/p>\n<p><img loading=\"lazy\" decoding=\"async\" class=\" wp-image-386 alignleft\" src=\"http:\/\/edublog.educastur.es\/corredoria3\/files\/2020\/08\/32_octubre.png\" alt=\"\" width=\"148\" height=\"122\" srcset=\"https:\/\/edublog.educastur.es\/corredoria3\/files\/2020\/08\/32_octubre.png 398w, https:\/\/edublog.educastur.es\/corredoria3\/files\/2020\/08\/32_octubre-300x246.png 300w\" sizes=\"auto, (max-width: 148px) 100vw, 148px\" \/><\/p>\n<p>&nbsp;<\/p>\n<p>&nbsp;<\/p>\n<p>&nbsp;<\/p>\n<p>&nbsp;<\/p>\n<ul>\n<li><span style=\"font-size: 18pt\"><a href=\"https:\/\/edublog.educastur.es\/corredoria3\/4o-pri\/cultura-asturiana\/primer-trimestre\/sesion_01\/\">Sesi\u00f3n 01: Fiesta de la vendimia en Cangas del Narcea<\/a><\/span><\/li>\n<li><a href=\"https:\/\/edublog.educastur.es\/corredoria3\/4o-pri\/cultura-asturiana\/primer-trimestre\/sesion-02\/\"><span style=\"font-size: 18pt\">Sesi\u00f3n 02: Cereales en Asturias: Boro\u00f1a y Bollo pre\u00f1ao.<\/span><\/a><\/li>\n<li><a href=\"https:\/\/edublog.educastur.es\/corredoria3\/4o-pri\/cultura-asturiana\/primer-trimestre\/sesion-03\/\"><span style=\"font-size: 18pt\">Sesi\u00f3n 03: Premios Princesa de Asturias<\/span><\/a><span style=\"font-size: 18pt\"><br \/>\n<\/span><\/li>\n<li><span style=\"font-size: 18pt\"><a href=\"https:\/\/edublog.educastur.es\/corredoria3\/4o-pri\/cultura-asturiana\/primer-trimestre\/sesion-04\/\">Sesi\u00f3n 04: Molinos de r\u00edo y batanes.<\/a><br \/>\n<\/span><\/li>\n<\/ul>\n<p><img loading=\"lazy\" decoding=\"async\" class=\" wp-image-387 alignleft\" src=\"http:\/\/edublog.educastur.es\/corredoria3\/files\/2020\/08\/33_noviembre.png\" alt=\"\" width=\"150\" height=\"123\" srcset=\"https:\/\/edublog.educastur.es\/corredoria3\/files\/2020\/08\/33_noviembre.png 398w, https:\/\/edublog.educastur.es\/corredoria3\/files\/2020\/08\/33_noviembre-300x246.png 300w\" sizes=\"auto, (max-width: 150px) 100vw, 150px\" \/><\/p>\n<p>&nbsp;<\/p>\n<p>&nbsp;<\/p>\n<p>&nbsp;<\/p>\n<p>&nbsp;<\/p>\n<ul>\n<li><span style=\"font-size: 18pt\"><a href=\"https:\/\/edublog.educastur.es\/corredoria3\/4o-pri\/cultura-asturiana\/primer-trimestre\/sesion-05\/\">Sesi\u00f3n 05: La Sidra asturiana<\/a><br \/>\n<\/span><\/li>\n<li><span style=\"font-size: 18pt\"><a href=\"https:\/\/edublog.educastur.es\/corredoria3\/4o-pri\/cultura-asturiana\/primer-trimestre\/sesion-06\/\">Sesi\u00f3n 06: Familia tradicional asturiana<\/a><br \/>\n<\/span><\/li>\n<\/ul>\n<p><img loading=\"lazy\" decoding=\"async\" class=\" wp-image-388 alignleft\" src=\"http:\/\/edublog.educastur.es\/corredoria3\/files\/2020\/08\/34_diciembre.png\" alt=\"\" width=\"150\" height=\"123\" srcset=\"https:\/\/edublog.educastur.es\/corredoria3\/files\/2020\/08\/34_diciembre.png 398w, https:\/\/edublog.educastur.es\/corredoria3\/files\/2020\/08\/34_diciembre-300x246.png 300w\" sizes=\"auto, (max-width: 150px) 100vw, 150px\" \/><\/p>\n<p>&nbsp;<\/p>\n<p>&nbsp;<\/p>\n<p>&nbsp;<\/p>\n<p>&nbsp;<\/p>\n<ul>\n<li><span style=\"font-size: 18pt\">Sesi\u00f3n 07:<a href=\"https:\/\/edublog.educastur.es\/ixuxullingua\/3-terceru\/2020-setiembre\/sesion-09\/\"> La miner\u00eda en Asturias \/ Santa B\u00e1rbara<\/a><\/span><span style=\"font-size: 18pt\"><br \/>\n<\/span><\/li>\n<li><span style=\"font-size: 18pt\">Sesi\u00f3n 08: <a href=\"https:\/\/edublog.educastur.es\/ixuxullingua\/nadal\/\">Navidad \/ El tueru de Navidad \/\u00a0 Villancicos&#8230;<\/a><br \/>\n<\/span><\/li>\n<\/ul>\n","protected":false},"excerpt":{"rendered":"<p>ACCESO A\u00a0 CARPETA DE RECURSOS COMPARTIDOS PROFES DE USO EXCLUSIVO PROFESORADO &nbsp; &nbsp; &nbsp; &nbsp; &nbsp; Sesi\u00f3n 01: Fiesta de la vendimia en Cangas del Narcea Sesi\u00f3n 02: Cereales en Asturias: Boro\u00f1a y Bollo pre\u00f1ao. Sesi\u00f3n 03: Premios Princesa de Asturias Sesi\u00f3n 04: Molinos de r\u00edo y batanes. &nbsp; &nbsp; &nbsp; &nbsp; Sesi\u00f3n 05: La [&hellip;]<\/p>\n","protected":false},"author":117,"featured_media":0,"parent":16,"menu_order":12,"comment_status":"closed","ping_status":"closed","template":"","meta":{"footnotes":""},"class_list":["post-1054","page","type-page","status-publish","hentry","post-preview"],"_links":{"self":[{"href":"https:\/\/edublog.educastur.es\/corredoria3\/wp-json\/wp\/v2\/pages\/1054","targetHints":{"allow":["GET"]}}],"collection":[{"href":"https:\/\/edublog.educastur.es\/corredoria3\/wp-json\/wp\/v2\/pages"}],"about":[{"href":"https:\/\/edublog.educastur.es\/corredoria3\/wp-json\/wp\/v2\/types\/page"}],"author":[{"embeddable":true,"href":"https:\/\/edublog.educastur.es\/corredoria3\/wp-json\/wp\/v2\/users\/117"}],"replies":[{"embeddable":true,"href":"https:\/\/edublog.educastur.es\/corredoria3\/wp-json\/wp\/v2\/comments?post=1054"}],"version-history":[{"count":15,"href":"https:\/\/edublog.educastur.es\/corredoria3\/wp-json\/wp\/v2\/pages\/1054\/revisions"}],"predecessor-version":[{"id":2532,"href":"https:\/\/edublog.educastur.es\/corredoria3\/wp-json\/wp\/v2\/pages\/1054\/revisions\/2532"}],"up":[{"embeddable":true,"href":"https:\/\/edublog.educastur.es\/corredoria3\/wp-json\/wp\/v2\/pages\/16"}],"wp:attachment":[{"href":"https:\/\/edublog.educastur.es\/corredoria3\/wp-json\/wp\/v2\/media?parent=1054"}],"curies":[{"name":"wp","href":"https:\/\/api.w.org\/{rel}","templated":true}]}}