{"id":1058,"date":"2020-10-01T05:13:32","date_gmt":"2020-10-01T03:13:32","guid":{"rendered":"https:\/\/edublog.educastur.es\/corredoria3\/?page_id=1058"},"modified":"2020-12-13T11:57:16","modified_gmt":"2020-12-13T09:57:16","slug":"cultura-asturiana","status":"publish","type":"page","link":"https:\/\/edublog.educastur.es\/corredoria3\/6o-pri\/cultura-asturiana\/","title":{"rendered":"Cultura Asturiana"},"content":{"rendered":"<p><a href=\"https:\/\/educastur-my.sharepoint.com\/:f:\/g\/personal\/isabellh_educastur_org\/EqJLulmq071GqXIK2DOPvN0B_b8CNPHDrtgUHHhOVCUKaA?e=8JkPqG\"><img loading=\"lazy\" decoding=\"async\" class=\" wp-image-379 alignleft\" src=\"http:\/\/edublog.educastur.es\/corredoria3\/files\/2020\/08\/25_sexto-300x246.png\" alt=\"\" width=\"100\" height=\"82\" srcset=\"https:\/\/edublog.educastur.es\/corredoria3\/files\/2020\/08\/25_sexto-300x246.png 300w, https:\/\/edublog.educastur.es\/corredoria3\/files\/2020\/08\/25_sexto.png 424w\" sizes=\"auto, (max-width: 100px) 100vw, 100px\" \/><\/a><\/p>\n<p>&nbsp;<\/p>\n<p>&nbsp;<\/p>\n<ul>\n<li><a href=\"https:\/\/educastur-my.sharepoint.com\/:f:\/g\/personal\/isabellh_educastur_org\/EqJLulmq071GqXIK2DOPvN0B_b8CNPHDrtgUHHhOVCUKaA?e=8JkPqG\"><span style=\"color: #800000;font-size: 18pt\"><strong>ACCESO\u00a0 A\u00a0 CARPETA\u00a0 DE\u00a0 RECURSOS\u00a0 COMPARTIDOS\u00a0 PROFES (<\/strong><\/span><\/a><span style=\"font-size: 18pt;color: #800000\">Uso exclusivo profes) <\/span><\/li>\n<\/ul>\n<hr \/>\n<ul>\n<li class=\"page_item page-item-1058 page_item_has_children\"><span style=\"font-size: 18pt\"><a href=\"https:\/\/edublog.educastur.es\/corredoria3\/6o-pri\/cultura-asturiana\/\">Cultura Asturiana<\/a><\/span>\n<ul class=\"children\">\n<li class=\"page_item page-item-1439 page_item_has_children\"><a href=\"https:\/\/edublog.educastur.es\/corredoria3\/6o-pri\/cultura-asturiana\/1otrimestre\/\"><span style=\"font-size: 18pt\">1\u00ba TRIMESTRE<\/span><\/a><\/li>\n<\/ul>\n<\/li>\n<\/ul>\n<p><img loading=\"lazy\" decoding=\"async\" class=\"wp-image-386 alignleft\" src=\"http:\/\/edublog.educastur.es\/corredoria3\/files\/2020\/08\/32_octubre.png\" alt=\"\" width=\"151\" height=\"124\" srcset=\"https:\/\/edublog.educastur.es\/corredoria3\/files\/2020\/08\/32_octubre.png 398w, https:\/\/edublog.educastur.es\/corredoria3\/files\/2020\/08\/32_octubre-300x246.png 300w\" sizes=\"auto, (max-width: 151px) 100vw, 151px\" \/><\/p>\n<p>&nbsp;<\/p>\n<p>&nbsp;<\/p>\n<p>&nbsp;<\/p>\n<p>&nbsp;<\/p>\n<ul class=\"children\">\n<li class=\"page_item page-item-1365\"><span style=\"font-size: 18pt\"><a href=\"https:\/\/edublog.educastur.es\/corredoria3\/6o-pri\/cultura-asturiana\/1otrimestre\/sesion_01\/\">Sesi\u00f3n 01: <strong>Fiesta de la vendimia en Cangas del Narcea<\/strong><\/a><\/span><\/li>\n<li class=\"page_item page-item-1389\"><span style=\"font-size: 18pt\"><a href=\"https:\/\/edublog.educastur.es\/corredoria3\/6o-pri\/cultura-asturiana\/1otrimestre\/sesion-02\/\">Sesi\u00f3n 02: <strong>Edificios y arquitectura urbana.<\/strong> Patrimonio Arquitect\u00f3nico en Oviedo, Gij\u00f3n y Avil\u00e9s.<\/a><\/span><\/li>\n<li class=\"page_item page-item-1701\"><span style=\"font-size: 18pt\"><a href=\"https:\/\/edublog.educastur.es\/corredoria3\/6o-pri\/cultura-asturiana\/1otrimestre\/sesion-02-el-desarme-de-oviedo\/\">Sesi\u00f3n 02 <strong><em>El desarme de Oviedo<\/em><\/strong><\/a><\/span><\/li>\n<li class=\"page_item page-item-1391\"><span style=\"font-size: 18pt\"><a href=\"https:\/\/edublog.educastur.es\/corredoria3\/6o-pri\/cultura-asturiana\/1otrimestre\/sesion-03\/\">Sesi\u00f3n 03: <strong>Oviedo, Sede Institucional, Junta general, Estatuto de Autonom\u00eda. Acontecimientos relevantes XIX y XX<\/strong><\/a><\/span><\/li>\n<li><a href=\"https:\/\/edublog.educastur.es\/ixuxu\/2020\/10\/la-vendimia-de-cangas-sigue-recuperandose-y-llogra-la-meyor-collecha-en-cuatro-anos\/\"><em><span style=\"font-size: 18pt\">Lleer noticia Vendimia en Cangas del Narcea 2020<\/span><\/em><\/a><\/li>\n<li class=\"page_item page-item-1393\"><a href=\"https:\/\/edublog.educastur.es\/corredoria3\/6o-pri\/cultura-asturiana\/1otrimestre\/sesion-04\/\"><span style=\"font-size: 18pt\">Sesi\u00f3n 04: <\/span><strong><span style=\"font-size: 18pt\"><em>Medios de comunicaci\u00f3n en Asturias<\/em><\/span><\/strong><\/a><\/li>\n<\/ul>\n<p><img loading=\"lazy\" decoding=\"async\" class=\"wp-image-387 alignleft\" src=\"http:\/\/edublog.educastur.es\/corredoria3\/files\/2020\/08\/33_noviembre.png\" alt=\"\" width=\"149\" height=\"122\" srcset=\"https:\/\/edublog.educastur.es\/corredoria3\/files\/2020\/08\/33_noviembre.png 398w, https:\/\/edublog.educastur.es\/corredoria3\/files\/2020\/08\/33_noviembre-300x246.png 300w\" sizes=\"auto, (max-width: 149px) 100vw, 149px\" \/><\/p>\n<p>&nbsp;<\/p>\n<p>&nbsp;<\/p>\n<p>&nbsp;<\/p>\n<p>&nbsp;<\/p>\n<ul class=\"children\">\n<li class=\"page_item page-item-1395\"><span style=\"font-size: 18pt\"><a href=\"https:\/\/edublog.educastur.es\/corredoria3\/6o-pri\/cultura-asturiana\/1otrimestre\/sesion-05\/\">Sesi\u00f3n 05: Personajes relevantes =<em><strong> Severo Ochoa y Margarita Salas<\/strong><\/em><\/a><\/span><\/li>\n<li class=\"page_item page-item-1397\"><span style=\"font-size: 18pt\"><a href=\"https:\/\/edublog.educastur.es\/corredoria3\/6o-pri\/cultura-asturiana\/1otrimestre\/sesion-06\/\">Sesi\u00f3n 6: Ciclo festivo en Asturias, <strong>Samartin (11 Nov).<\/strong> <\/a><\/span><\/li>\n<li><a href=\"https:\/\/edublog.educastur.es\/corredoria3\/6o-pri\/cultura-asturiana\/1otrimestre\/sesion-06b\/\"><span style=\"font-size: 18pt;color: #008080\">Sesi\u00f3n 7:\u00a0 <strong>La gaita asturiana<\/strong><\/span><\/a><\/li>\n<li><span style=\"font-size: 18pt\"><a href=\"https:\/\/edublog.educastur.es\/corredoria3\/6o-pri\/cultura-asturiana\/1otrimestre\/sesion-07\/\">Sesi\u00f3n 08: <strong>La miner\u00eda en Asturias<\/strong><\/a><\/span><\/li>\n<li class=\"page_item page-item-1342\"><span style=\"font-size: 18pt\"><a href=\"https:\/\/edublog.educastur.es\/ixuxullingua\/6-sestu\/2-2020-setiembre\/sesion-08b\/\">Sesi\u00f3n 08b: <strong><em>Lectura \u00abEl relevo\u00bb<\/em><\/strong><\/a><\/span><\/li>\n<li class=\"page_item page-item-1348\"><a href=\"https:\/\/edublog.educastur.es\/ixuxullingua\/6-sestu\/2-2020-setiembre\/sesion-08c\/\"><span style=\"font-size: 18pt\">Sesi\u00f3n 08c: <\/span><em><strong><span style=\"font-size: 18pt\">\u00abLa mina d\u00b4Arn\u00e1u\u00bb (Castrill\u00f3n)<\/span><\/strong><\/em><\/a><\/li>\n<\/ul>\n<p><img loading=\"lazy\" decoding=\"async\" class=\"wp-image-388 alignleft\" src=\"http:\/\/edublog.educastur.es\/corredoria3\/files\/2020\/08\/34_diciembre.png\" alt=\"\" width=\"150\" height=\"123\" srcset=\"https:\/\/edublog.educastur.es\/corredoria3\/files\/2020\/08\/34_diciembre.png 398w, https:\/\/edublog.educastur.es\/corredoria3\/files\/2020\/08\/34_diciembre-300x246.png 300w\" sizes=\"auto, (max-width: 150px) 100vw, 150px\" \/><\/p>\n<p>&nbsp;<\/p>\n<p>&nbsp;<\/p>\n<p>&nbsp;<\/p>\n<p>&nbsp;<\/p>\n<ul class=\"children\">\n<li class=\"page_item page-item-1404\"><span style=\"font-size: 18pt\"><a href=\"https:\/\/edublog.educastur.es\/corredoria3\/6o-pri\/cultura-asturiana\/1otrimestre\/sesion-09\/\">Sesi\u00f3n 09: <strong><em>Mitolog\u00eda<\/em> <\/strong>(repaso) <\/a><\/span><\/li>\n<li class=\"page_item page-item-1406\"><span style=\"font-size: 18pt\"><a href=\"https:\/\/edublog.educastur.es\/corredoria3\/6o-pri\/cultura-asturiana\/1otrimestre\/sesion-10\/\">Sesi\u00f3n 10: <strong>La emigraci\u00f3n<\/strong><\/a><\/span><\/li>\n<li class=\"page_item page-item-1408\"><a href=\"https:\/\/edublog.educastur.es\/corredoria3\/6o-pri\/cultura-asturiana\/1otrimestre\/sesion-11\/\"><span style=\"font-size: 18pt\">Sesi\u00f3n 11: Navidad \/ Solsticio Invierno \/ Villancicos<\/span><\/a><\/li>\n<\/ul>\n","protected":false},"excerpt":{"rendered":"<p>&nbsp; &nbsp; ACCESO\u00a0 A\u00a0 CARPETA\u00a0 DE\u00a0 RECURSOS\u00a0 COMPARTIDOS\u00a0 PROFES (Uso exclusivo profes) Cultura Asturiana 1\u00ba TRIMESTRE &nbsp; &nbsp; &nbsp; &nbsp; Sesi\u00f3n 01: Fiesta de la vendimia en Cangas del Narcea Sesi\u00f3n 02: Edificios y arquitectura urbana. Patrimonio Arquitect\u00f3nico en Oviedo, Gij\u00f3n y Avil\u00e9s. Sesi\u00f3n 02 El desarme de Oviedo Sesi\u00f3n 03: Oviedo, Sede Institucional, Junta [&hellip;]<\/p>\n","protected":false},"author":117,"featured_media":0,"parent":18,"menu_order":12,"comment_status":"closed","ping_status":"closed","template":"","meta":{"footnotes":""},"class_list":["post-1058","page","type-page","status-publish","hentry","post-preview"],"_links":{"self":[{"href":"https:\/\/edublog.educastur.es\/corredoria3\/wp-json\/wp\/v2\/pages\/1058","targetHints":{"allow":["GET"]}}],"collection":[{"href":"https:\/\/edublog.educastur.es\/corredoria3\/wp-json\/wp\/v2\/pages"}],"about":[{"href":"https:\/\/edublog.educastur.es\/corredoria3\/wp-json\/wp\/v2\/types\/page"}],"author":[{"embeddable":true,"href":"https:\/\/edublog.educastur.es\/corredoria3\/wp-json\/wp\/v2\/users\/117"}],"replies":[{"embeddable":true,"href":"https:\/\/edublog.educastur.es\/corredoria3\/wp-json\/wp\/v2\/comments?post=1058"}],"version-history":[{"count":20,"href":"https:\/\/edublog.educastur.es\/corredoria3\/wp-json\/wp\/v2\/pages\/1058\/revisions"}],"predecessor-version":[{"id":2474,"href":"https:\/\/edublog.educastur.es\/corredoria3\/wp-json\/wp\/v2\/pages\/1058\/revisions\/2474"}],"up":[{"embeddable":true,"href":"https:\/\/edublog.educastur.es\/corredoria3\/wp-json\/wp\/v2\/pages\/18"}],"wp:attachment":[{"href":"https:\/\/edublog.educastur.es\/corredoria3\/wp-json\/wp\/v2\/media?parent=1058"}],"curies":[{"name":"wp","href":"https:\/\/api.w.org\/{rel}","templated":true}]}}