{"id":1080,"date":"2020-10-01T05:27:22","date_gmt":"2020-10-01T03:27:22","guid":{"rendered":"https:\/\/edublog.educastur.es\/corredoria3\/?page_id=1080"},"modified":"2020-10-08T23:30:55","modified_gmt":"2020-10-08T21:30:55","slug":"02-ochobre","status":"publish","type":"page","link":"https:\/\/edublog.educastur.es\/corredoria3\/3o-pri\/llingua-asturiana\/02-ochobre\/","title":{"rendered":"02) Ochobre"},"content":{"rendered":"<p><img loading=\"lazy\" decoding=\"async\" class=\" wp-image-830 alignleft\" src=\"http:\/\/edublog.educastur.es\/ixuxullingua\/files\/2020\/08\/11_ochobre-150x150.png\" alt=\"\" width=\"120\" height=\"120\" \/><\/p>\n<p>&nbsp;<\/p>\n<p>&nbsp;<\/p>\n<p>&nbsp;<\/p>\n<p>&nbsp;<\/p>\n<ul>\n<li>\u00a0<a href=\"https:\/\/www.facebook.com\/PlayPresta\/videos\/635258477182628\"><span style=\"font-size: 18pt;color: #008080\">Cuentu \u00ab<\/span><strong><span style=\"font-size: 18pt;color: #008080\">L\u00b4Ablanera nel festival de L\u00b4ablana\u00bb<\/span><\/strong><\/a><\/li>\n<\/ul>\n<p>L\u00b4escritor pilo\u00f1\u00e9s Enrique Carballeira present\u00f3 g\u00fcei nel cole L\u2019Ablanu d\u00b4Infiestu <strong><em>la lleeenda de L\u2019Ablanera<\/em><\/strong>, el nuevu personaxe navide\u00f1u de Pilo\u00f1a.<\/p>\n<p><img loading=\"lazy\" decoding=\"async\" class=\"\" src=\"https:\/\/alojaweb.educastur.es\/documents\/1933793\/5103187\/Ablanera+foto.png\/09abd3bc-d7a1-444f-87ad-7683a9b588cd?t=1576067273162\" width=\"463\" height=\"261\" \/><\/p>\n<ul>\n<li><span style=\"font-size: 18pt\">Cuentu:<a href=\"https:\/\/drive.google.com\/file\/d\/1zodIKyaBiZhlI83RgrYcMlcMwNtSZXRL\/view\" target=\"_blank\" rel=\"noopener noreferrer\"><strong><em>La lleenda de L\u00b4Ablanera<\/em><\/strong><em>\u00a0 (pdf)<\/em><\/a><\/span><\/li>\n<li><em><a href=\"https:\/\/youtu.be\/Dh5dYGGkWXw\" target=\"_blank\" rel=\"noopener noreferrer\"><span style=\"font-size: 18pt\">Videu<\/span><\/a><\/em><\/li>\n<\/ul>\n\n<!-- iframe plugin v.6.0 wordpress.org\/plugins\/iframe\/ -->\n<iframe loading=\"lazy\" width=\"560\" height=\"315\" src=\"https:\/\/www.youtube.com\/embed\/Dh5dYGGkWXw\" scrolling=\"yes\" class=\"iframe-class\" frameborder=\"0\"><\/iframe>\n\n<p><span style=\"font-size: 18pt\"><em>Como complementu a les actividaes facilit\u00e1mosvos la carta que los ne\u00f1os pueden escribir a L\u2019Ablanera, na que van poder faer los sos pidimientos pa la Nuechebona. Puedes <a href=\"https:\/\/drive.google.com\/file\/d\/1y1aiCOCjH0okil-nUZdeFGR7KBaNfVi8\/view\" target=\"_blank\" rel=\"noopener noreferrer\"><u>descargar la carta <\/u><\/a>pulsiando <a href=\"https:\/\/alojaweb.educastur.es\/documents\/1933793\/0\/Carta++la+Ablanera\/bd3dd56b-d0bc-4430-8e32-55ab020ae5f2\" target=\"_blank\" rel=\"noopener noreferrer\">EQU\u00cd.<\/a> Mientres la charra, proxect\u00f3se un curtiu sobro dicha lleenda y darr\u00e9u, l\u2019autor present\u00f3 un nuevu llibru de narraciones curties titul\u00e1u \u201c<u>Cuentos de Trazu Sueltu<\/u>\u201d pal alumn\u00e1u de Llingua Asturiana.<\/em><\/span><\/p>\n<p>&nbsp;<\/p>\n","protected":false},"excerpt":{"rendered":"<p>&nbsp; &nbsp; &nbsp; &nbsp; \u00a0Cuentu \u00abL\u00b4Ablanera nel festival de L\u00b4ablana\u00bb L\u00b4escritor pilo\u00f1\u00e9s Enrique Carballeira present\u00f3 g\u00fcei nel cole L\u2019Ablanu d\u00b4Infiestu la lleeenda de L\u2019Ablanera, el nuevu personaxe navide\u00f1u de Pilo\u00f1a. Cuentu:La lleenda de L\u00b4Ablanera\u00a0 (pdf) Videu Como complementu a les actividaes facilit\u00e1mosvos la carta que los ne\u00f1os pueden escribir a L\u2019Ablanera, na que van poder [&hellip;]<\/p>\n","protected":false},"author":117,"featured_media":0,"parent":1044,"menu_order":0,"comment_status":"closed","ping_status":"closed","template":"","meta":{"footnotes":""},"class_list":["post-1080","page","type-page","status-publish","hentry","post-preview"],"_links":{"self":[{"href":"https:\/\/edublog.educastur.es\/corredoria3\/wp-json\/wp\/v2\/pages\/1080","targetHints":{"allow":["GET"]}}],"collection":[{"href":"https:\/\/edublog.educastur.es\/corredoria3\/wp-json\/wp\/v2\/pages"}],"about":[{"href":"https:\/\/edublog.educastur.es\/corredoria3\/wp-json\/wp\/v2\/types\/page"}],"author":[{"embeddable":true,"href":"https:\/\/edublog.educastur.es\/corredoria3\/wp-json\/wp\/v2\/users\/117"}],"replies":[{"embeddable":true,"href":"https:\/\/edublog.educastur.es\/corredoria3\/wp-json\/wp\/v2\/comments?post=1080"}],"version-history":[{"count":6,"href":"https:\/\/edublog.educastur.es\/corredoria3\/wp-json\/wp\/v2\/pages\/1080\/revisions"}],"predecessor-version":[{"id":1375,"href":"https:\/\/edublog.educastur.es\/corredoria3\/wp-json\/wp\/v2\/pages\/1080\/revisions\/1375"}],"up":[{"embeddable":true,"href":"https:\/\/edublog.educastur.es\/corredoria3\/wp-json\/wp\/v2\/pages\/1044"}],"wp:attachment":[{"href":"https:\/\/edublog.educastur.es\/corredoria3\/wp-json\/wp\/v2\/media?parent=1080"}],"curies":[{"name":"wp","href":"https:\/\/api.w.org\/{rel}","templated":true}]}}