{"id":1389,"date":"2020-10-10T09:53:58","date_gmt":"2020-10-10T07:53:58","guid":{"rendered":"https:\/\/edublog.educastur.es\/corredoria3\/?page_id=1389"},"modified":"2020-11-09T20:26:25","modified_gmt":"2020-11-09T18:26:25","slug":"sesion-02","status":"publish","type":"page","link":"https:\/\/edublog.educastur.es\/corredoria3\/6o-pri\/cultura-asturiana\/1otrimestre\/sesion-02\/","title":{"rendered":"Sesi\u00f3n 02"},"content":{"rendered":"<p><span style=\"font-size: 18pt;color: #008080\">TEMA: <strong>Edificios y arquitectura urbana.<\/strong> Patrimonio Arquitect\u00f3nico en Oviedo, Gij\u00f3n y Avil\u00e9s.<\/span><\/p>\n<ul>\n<li><a href=\"https:\/\/educastur-my.sharepoint.com\/:b:\/g\/personal\/isabellh_educastur_org\/EVYefh2mpDNGoBF3EbAUe3ABTHYHpVacxDyesvH4COCZ6A?e=h6gn6m\"><strong><em><span style=\"font-size: 18pt;color: #800000\">Ver presentaci\u00f3n del tema en PPT<img loading=\"lazy\" decoding=\"async\" class=\"\" src=\"https:\/\/mpi.com.es\/wp-content\/uploads\/2016\/02\/nuevo-2-1.png\" width=\"70\" height=\"44\" \/><\/span><\/em><\/strong><\/a><\/li>\n<li><span style=\"font-size: 14pt\"><a href=\"https:\/\/educastur-my.sharepoint.com\/:w:\/g\/personal\/isabellh_educastur_org\/EaO4JTs9ms9PqSLtnZIaASYB6kWktCNPqFFvwC-nHLaWjg?e=zKgcAK\"><span style=\"font-size: 18pt\"><strong>Actividad de aula<\/strong><\/span><\/a><\/span><\/li>\n<li><span style=\"font-size: 14pt\"><strong>Def. Patrimonio arquitect\u00f3nico: <span class=\"ILfuVd\"><span class=\"hgKElc\"><span style=\"color: #808080\">un edificio, un conjunto de edificios o las ruinas de un edificio o de un conjunto de edificios que, con el paso del tiempo, han adquirido un valor mayor al originalmente asignado y que va mucho m\u00e1s all\u00e1 del encargo original. Wikipedia. Blog<\/span> <a href=\"http:\/\/patrimonioarquitectonicodeasturias.blogspot.com\/\">Patrimonio arquitect\u00f3nico<\/a><\/span><\/span><\/strong><\/span><\/li>\n<li><span style=\"font-size: 14pt\"><a href=\"https:\/\/www.esdesignbarcelona.com\/es\/expertos-diseno\/que-llamamos-arquitectura-urbana\"><strong>Def. Arquitectura urbana:<\/strong><\/a> <span style=\"color: #808080\">conjunto de edificios que se construyen en base a un <a style=\"color: #808080\" href=\"https:\/\/www.esdesignbarcelona.com\/es\/expertos-diseno\/la-importancia-del-diseno-urbano-y-su-influencia-en-la-sociedad?c=I90700M0022\" target=\"_blank\" rel=\"noopener noreferrer\">dise\u00f1o urbano<\/a> <strong>concebido para que las ciudades puedan seguir creciendo y evolucionando como organismo vivo que son. <\/strong>Casi la mitad de la poblaci\u00f3n de todo el mundo vive en ciudades. <strong>Es fundamental crear un buen dise\u00f1o urbano, en el que la arquitectura urbana es un elemento vital.\u00a0 <\/strong>Crear viviendas, espacios de trabajo y otros edificios que faciliten y hagan m\u00e1s <strong>pr\u00e1ctica<\/strong> la vida de las personas que habitan en ella. Armon\u00eda, eficiencia, comodidad\u2026<\/span><\/span><\/li>\n<\/ul>\n<p><span style=\"color: #008080;font-size: 18pt\"><b>Patrimonio arquitect\u00f3nico de <\/b><b>Uvi\u00e9u<\/b>\u00a0<\/span><\/p>\n<p><span style=\"font-size: 18pt\">En primer lugar podemos destacar las iglesias del<a href=\"https:\/\/www.turismoasturias.es\/cultura\/prerromanico\"><span style=\"color: #008080\"><strong> arte Prerrom\u00e1nico Asturiano<\/strong><\/span><\/a> de <b><a href=\"https:\/\/www.turismoasturias.es\/descubre\/cultura\/prerromanico\/santa-maria-del-naranco\">Santa Mar\u00eda del Naranco<\/a> y<a href=\"https:\/\/es.wikipedia.org\/wiki\/San_Miguel_de_Lillo\"> San Miguel de Lillo<\/a><\/b><b>, <\/b>que se encuentran en la ladera del monte Naranco y forman parte del conjunto arquitect\u00f3nico que mand\u00f3 construir el rey Ramiro en el siglo IX.\u00a0<\/span><\/p>\n<p><a href=\"https:\/\/www.turismoasturias.es\/documents\/11022\/72845\/Santa+Maria+del+Naranco.jpg\/8a79fb5f-cb60-4b52-8db1-9337a01899af?t=1540898227822\"><img loading=\"lazy\" decoding=\"async\" class=\"alignnone \" src=\"https:\/\/www.turismoasturias.es\/documents\/11022\/72845\/Santa+Maria+del+Naranco.jpg\/8a79fb5f-cb60-4b52-8db1-9337a01899af?t=1540898227822\" width=\"589\" height=\"374\" \/><\/a><\/p>\n<p><a href=\"https:\/\/3.bp.blogspot.com\/-bDzya1kDxx4\/U2etBX6H5oI\/AAAAAAAAFi0\/skfMTSMHNLo\/s1600\/DSC05387.JPG\"><img loading=\"lazy\" decoding=\"async\" class=\"alignnone size-full\" src=\"https:\/\/3.bp.blogspot.com\/-bDzya1kDxx4\/U2etBX6H5oI\/AAAAAAAAFi0\/skfMTSMHNLo\/s1600\/DSC05387.JPG\" width=\"1600\" height=\"1200\" \/><\/a><\/p>\n<p><a href=\"https:\/\/fotos.hoteles.net\/articulos\/santa-maria-del-naranco-asturias-4703-3.jpg\"><img loading=\"lazy\" decoding=\"async\" class=\"alignnone \" src=\"https:\/\/fotos.hoteles.net\/articulos\/santa-maria-del-naranco-asturias-4703-3.jpg\" width=\"595\" height=\"369\" \/><\/a><\/p>\n<p><a href=\"https:\/\/public.xeria.es\/madridfusion18\/es\/Company\/GetLogo\/1232436\"><img loading=\"lazy\" decoding=\"async\" class=\"alignnone \" src=\"https:\/\/public.xeria.es\/madridfusion18\/es\/Company\/GetLogo\/1232436\" width=\"327\" height=\"378\" \/><\/a><\/p>\n<p><a href=\"https:\/\/www.inspain.org\/imgs3\/sitios\/4\/0\/1\/ixl2yix4f6hkjov2vfwvscodqm_2000.jpg\"><img loading=\"lazy\" decoding=\"async\" class=\"alignnone \" src=\"https:\/\/www.inspain.org\/imgs3\/sitios\/4\/0\/1\/ixl2yix4f6hkjov2vfwvscodqm_2000.jpg\" width=\"606\" height=\"403\" \/><\/a><\/p>\n<p><a href=\"https:\/\/www.arteguias.com\/iglesia\/celosialillo.jpg\"><img loading=\"lazy\" decoding=\"async\" class=\"alignnone \" src=\"https:\/\/www.arteguias.com\/iglesia\/celosialillo.jpg\" width=\"445\" height=\"480\" \/><\/a><\/p>\n<p><span style=\"font-size: 18pt\">Tambi\u00e9n encontramos<a href=\"https:\/\/es.wikipedia.org\/wiki\/Plaza_del_Font%C3%A1n\"> <b>el <\/b><b>Font\u00e1n<\/b><\/a>, que es la plaza porticada m\u00e1s famosa de la ciudad. En sus calles podemos disfrutar del comercio, la artesan\u00eda, la gastronom\u00eda, la m\u00fasica o el teatro.\u00a0<\/span><\/p>\n<p><a href=\"https:\/\/assets.buendiatours.com\/s3fs-public\/styles\/highlight_large\/public\/2020-06\/Plaza%20Font%C3%A1n%20-%20Free%20Tour%20Oviedo-%20Buend%C3%ADa%20tours.jpg?cgsRcqf.4Z8F9xwGsTDMkELwek9RoUE.&amp;itok=DUA2j9Tq\"><img loading=\"lazy\" decoding=\"async\" class=\"alignnone size-full\" src=\"https:\/\/assets.buendiatours.com\/s3fs-public\/styles\/highlight_large\/public\/2020-06\/Plaza%20Font%C3%A1n%20-%20Free%20Tour%20Oviedo-%20Buend%C3%ADa%20tours.jpg?cgsRcqf.4Z8F9xwGsTDMkELwek9RoUE.&amp;itok=DUA2j9Tq\" width=\"960\" height=\"480\" \/><\/a><\/p>\n<p>&nbsp;<\/p>\n<p><span style=\"font-size: 18pt\">Podemos visitar <a href=\"https:\/\/es.wikipedia.org\/wiki\/Catedral_de_Oviedo\"><b>La Catedral<\/b><\/a> de estilo g\u00f3tico, que comenz\u00f3 a construirse en el siglo XIII.<\/span><\/p>\n<p><a href=\"https:\/\/miviaje.com\/wp-content\/uploads\/2020\/01\/catedral-oviedo.jpg\"><img loading=\"lazy\" decoding=\"async\" class=\"alignnone size-full\" src=\"https:\/\/miviaje.com\/wp-content\/uploads\/2020\/01\/catedral-oviedo.jpg\" width=\"1000\" height=\"656\" \/><\/a><\/p>\n<p>En su interior est\u00e1 la <b>C\u00e1mara Santa<\/b> donde se guardan la Cruz de la Victoria, la Cruz de los \u00c1ngeles o el Santo Sudario.<\/p>\n<p><span style=\"font-size: 18pt\"><b>El <a href=\"https:\/\/www.jgpa.es\/\">Palacio de la Junta General<\/a><\/b> que es la sede de las instituciones pol\u00edticas regionales. <\/span><span style=\"font-size: 18pt\">Aqu\u00ed es donde se re\u00fane el<a href=\"https:\/\/www.lavozdeasturias.es\/noticia\/asturias\/2019\/05\/27\/45-diputados-junta-general\/00031558955562708802538.htm\"> Parlamento asturiano<\/a>. Edificio. <a href=\"https:\/\/es.wikipedia.org\/wiki\/Junta_General_del_Principado_de_Asturias\">Organismo<\/a>.<br \/>\n<strong><a href=\"https:\/\/www.educastur.es\/mas-educa\/actividades-para-los-centros-junta-principado\/junta\">Info en Educastur<\/a><\/strong><br \/>\n<\/span><\/p>\n<p><a href=\"https:\/\/www.educastur.es\/mas-educa\/actividades-para-los-centros-junta-principado\/junta\"><img loading=\"lazy\" decoding=\"async\" class=\"alignnone \" src=\"https:\/\/www.educastur.es\/documents\/10531\/524369\/%2Beduca_act-centros_junta_550x276.jpg\/5e6d274b-4e27-46db-a8e9-8937597bb948?t=1454924409334\" width=\"548\" height=\"275\" \/><\/a><\/p>\n<p><a href=\"https:\/\/www.lavozdeasturias.es\/noticia\/asturias\/2019\/05\/27\/45-diputados-junta-general\/00031558955562708802538.htm\"><img loading=\"lazy\" decoding=\"async\" class=\"alignnone \" src=\"https:\/\/cflvdg.avoz.es\/sc\/3JlMLBeM0OCImXbie0IA161nRrA=\/x\/2018\/03\/16\/00121521217742658287616\/Foto\/efe_20180316_134922022.jpg\" width=\"529\" height=\"298\" \/><\/a><\/p>\n<p>&nbsp;<\/p>\n<p><span style=\"font-size: 18pt\">El <a href=\"https:\/\/es.wikipedia.org\/wiki\/Teatro_Campoamor\"><b>Teatro Campoamor<\/b><\/a> es uno de los centros culturales m\u00e1s importantes de la ciudad.\u00a0 <\/span><span style=\"font-size: 18pt\">En \u00e9l se celebra la entrega de <b>los Premios Princesa de Asturias.<\/b>\u00a0<\/span><\/p>\n<p><a href=\"https:\/\/st3.idealista.com\/news\/archivos\/2016-07\/teatro_campoamor.jpg?sv=7z7Shzhy\"><img loading=\"lazy\" decoding=\"async\" class=\"alignnone \" src=\"https:\/\/st3.idealista.com\/news\/archivos\/2016-07\/teatro_campoamor.jpg?sv=7z7Shzhy\" width=\"541\" height=\"405\" \/><\/a><\/p>\n<hr \/>\n<p><span style=\"font-size: 14pt\"><b>Patrimonio arquitect\u00f3nico de <\/b><b>Xix\u00f3n<\/b>\u00a0<\/span><\/p>\n<p><span style=\"font-size: 14pt\">Podemos destacar la <b><a href=\"https:\/\/es.wikipedia.org\/wiki\/Universidad_Laboral_de_Gij%C3%B3n\">Universidad Laboral<\/a> <\/b>que se construy\u00f3 sobre 1950 como centro de estudios para ni\u00f1os hu\u00e9rfanos de padres mineros. Hoy en d\u00eda es la <b>Ciudad de la Cultura<\/b> que integra un Centro de Arte, un Centro de Formaci\u00f3n Profesional, el Conservatorio de M\u00fasica, etc. con una gran vida cultural.\u00a0<\/span><\/p>\n<p><a href=\"https:\/\/www.lugaresconhistoria.com\/wp-content\/uploads\/2014\/03\/Universidad_laboral_gijon-amimedamiedo.blogspot.com_.jpg\"><img loading=\"lazy\" decoding=\"async\" class=\"alignnone \" src=\"https:\/\/www.lugaresconhistoria.com\/wp-content\/uploads\/2014\/03\/Universidad_laboral_gijon-amimedamiedo.blogspot.com_.jpg\" width=\"669\" height=\"445\" \/><\/a><\/p>\n<p><a href=\"https:\/\/static3.elcomercio.es\/www\/multimedia\/202003\/04\/media\/cortadas\/laboral-gijon-knZH-U100395847956H7D-1248x770@El%20Comercio.jpg\"><img loading=\"lazy\" decoding=\"async\" class=\"alignnone \" src=\"https:\/\/static3.elcomercio.es\/www\/multimedia\/202003\/04\/media\/cortadas\/laboral-gijon-knZH-U100395847956H7D-1248x770@El%20Comercio.jpg\" width=\"668\" height=\"413\" \/><\/a><\/p>\n<p><span style=\"font-size: 14pt\"><b>El <a href=\"https:\/\/es.wikipedia.org\/wiki\/Cimadevilla\">Barrio hist\u00f3rico de Cimadevilla<\/a><\/b> es un antiguo barrio de pescadores situado en la parte alta de la ciudad y rodeado por el mar. En el barrio podemos encontrar esculturas como el \u201c<i>Elogio del Horizonte<\/i><i>\u201d<\/i> de Eduardo Chillida o el \u201c<i>Nordeste<\/i><i>\u201d<\/i> de Vaquero Turcios.\u00a0<\/span><\/p>\n<p><a href=\"https:\/\/i1.wp.com\/www.domoticadavinci.com\/wp-content\/uploads\/2015\/09\/cimadevilla.jpg?fit=956%2C636&amp;ssl=1\"><img loading=\"lazy\" decoding=\"async\" class=\"alignnone \" src=\"https:\/\/i1.wp.com\/www.domoticadavinci.com\/wp-content\/uploads\/2015\/09\/cimadevilla.jpg?fit=956%2C636&amp;ssl=1\" width=\"664\" height=\"441\" \/><\/a><\/p>\n<p><a href=\"https:\/\/agencia-asturias.com\/wp-content\/uploads\/2017\/03\/04429_Gijon-cimadevilla.jpg\"><img loading=\"lazy\" decoding=\"async\" class=\"alignnone \" src=\"https:\/\/agencia-asturias.com\/wp-content\/uploads\/2017\/03\/04429_Gijon-cimadevilla.jpg\" width=\"672\" height=\"426\" \/><\/a><\/p>\n<p><a href=\"https:\/\/i.pinimg.com\/originals\/60\/96\/67\/6096670272a03407f42cfe182655243d.jpg\"><img loading=\"lazy\" decoding=\"async\" class=\"alignnone size-full\" src=\"https:\/\/i.pinimg.com\/originals\/60\/96\/67\/6096670272a03407f42cfe182655243d.jpg\" width=\"1080\" height=\"1100\" \/><\/a><\/p>\n<p>\u00ab<a href=\"https:\/\/es.wikipedia.org\/wiki\/Elogio_del_horizonte\">Elogio del horizonte<\/a>\u00bb de<a href=\"https:\/\/es.wikipedia.org\/wiki\/Eduardo_Chillida\"> Eduardo Chillida<\/a><\/p>\n<p><a href=\"https:\/\/static.elcomercio.es\/www\/multimedia\/202006\/09\/media\/cortadas\/55946598--624x415.JPG\"><img loading=\"lazy\" decoding=\"async\" class=\"alignnone \" src=\"https:\/\/static.elcomercio.es\/www\/multimedia\/202006\/09\/media\/cortadas\/55946598--624x415.JPG\" width=\"875\" height=\"582\" \/><\/a><\/p>\n<p>&nbsp;<\/p>\n<p>\u201c<i>Nordeste<\/i><i>\u201d<\/i> de<a href=\"https:\/\/es.wikipedia.org\/wiki\/Joaqu%C3%ADn_Vaquero_Turcios\"> Vaquero Turcios.\u00a0<\/a><\/p>\n<p><a href=\"https:\/\/upload.wikimedia.org\/wikipedia\/commons\/thumb\/a\/ae\/Nordeste_%28obra_de_Joaqu%C3%ADn_Vaquero_Turcios%29_Gij%C3%B3n_02.jpg\/1280px-Nordeste_%28obra_de_Joaqu%C3%ADn_Vaquero_Turcios%29_Gij%C3%B3n_02.jpg\"><img loading=\"lazy\" decoding=\"async\" class=\"alignnone \" src=\"https:\/\/upload.wikimedia.org\/wikipedia\/commons\/thumb\/a\/ae\/Nordeste_%28obra_de_Joaqu%C3%ADn_Vaquero_Turcios%29_Gij%C3%B3n_02.jpg\/1280px-Nordeste_%28obra_de_Joaqu%C3%ADn_Vaquero_Turcios%29_Gij%C3%B3n_02.jpg\" width=\"911\" height=\"606\" \/><\/a><\/p>\n<p>&nbsp;<\/p>\n<hr \/>\n<p><span style=\"font-size: 14pt\">Podemos encontrarnos el <a href=\"https:\/\/es.wikipedia.org\/wiki\/Centro_Cultural_Internacional_Oscar_Niemeyer\"><b>Centro Cultural \u00d3scar Niemeyer<\/b> <\/a>inaugurado en 2011, como centro cultural usado para conciertos de m\u00fasica, cine, teatro, danza, exposiciones\u2026 <a href=\"https:\/\/www.centroniemeyer.es\/\">Web<\/a> Su creador fue el arquitecto brasile\u00f1o <a href=\"https:\/\/es.wikipedia.org\/wiki\/Oscar_Niemeyer\">Oscar Niemeyer.\u00a0<\/a><\/span><\/p>\n<p><a href=\"https:\/\/www.revistadeck.com\/sitio\/wp-content\/uploads\/2310-1.jpg\"><img loading=\"lazy\" decoding=\"async\" class=\"alignnone \" src=\"https:\/\/www.revistadeck.com\/sitio\/wp-content\/uploads\/2310-1.jpg\" width=\"689\" height=\"448\" \/><\/a><\/p>\n<p><a href=\"https:\/\/tecnne.com\/wp-content\/uploads\/2012\/09\/Centro-Niemeyer-Tecnne-0.jpg\"><img loading=\"lazy\" decoding=\"async\" class=\"alignnone \" src=\"https:\/\/tecnne.com\/wp-content\/uploads\/2012\/09\/Centro-Niemeyer-Tecnne-0.jpg\" width=\"689\" height=\"459\" \/><\/a><\/p>\n<p><a href=\"https:\/\/pbs.twimg.com\/media\/DoF1p-1XgAAeOpx.jpg\"><img loading=\"lazy\" decoding=\"async\" class=\"alignnone \" src=\"https:\/\/pbs.twimg.com\/media\/DoF1p-1XgAAeOpx.jpg\" width=\"688\" height=\"313\" \/><\/a><\/p>\n<p><a href=\"https:\/\/fichas-gr.s3.amazonaws.com\/media\/thumbnails\/filer_public\/1a\/c0\/1ac03793-a36f-4188-a40e-98c28f6d7471\/aviles_centro_arte_niemeyer_1284x642_q75_middle.jpg\"><img loading=\"lazy\" decoding=\"async\" class=\"alignnone \" src=\"https:\/\/fichas-gr.s3.amazonaws.com\/media\/thumbnails\/filer_public\/1a\/c0\/1ac03793-a36f-4188-a40e-98c28f6d7471\/aviles_centro_arte_niemeyer_1284x642_q75_middle.jpg\" width=\"682\" height=\"341\" \/><\/a><\/p>\n<blockquote><p>\u00abLo qu\u2019importa, mientres tamos equ\u00ed, ye la vida, la xente. Abrazar a los amigos, vivir feliz. Camudar el mundu. Y nam\u00e1s\u00bb. (Oscar Niemeyer)<\/p><\/blockquote>\n<p><span style=\"font-size: 14pt\">Tambi\u00e9n destaca el <a href=\"https:\/\/es.wikipedia.org\/wiki\/Palacio_de_Balsera\"><b>Palacio de Balsera<\/b><\/a> construido en 1917 por un rico comerciante de la ciudad. Hoy en d\u00eda es la sede del Conservatorio Municipal de M\u00fasica.\u00a0<\/span><\/p>\n<p><a href=\"https:\/\/upload.wikimedia.org\/wikipedia\/commons\/thumb\/f\/f5\/Aviles_05_by-dpc.jpg\/1280px-Aviles_05_by-dpc.jpg\"><img loading=\"lazy\" decoding=\"async\" class=\"alignnone \" src=\"https:\/\/upload.wikimedia.org\/wikipedia\/commons\/thumb\/f\/f5\/Aviles_05_by-dpc.jpg\/1280px-Aviles_05_by-dpc.jpg\" width=\"690\" height=\"462\" \/><\/a><\/p>\n<p><span style=\"font-size: 14pt\">El teatro m\u00e1s famoso de Avil\u00e9s es el <a href=\"https:\/\/teatropalaciovaldes.es\/\"><b>Palacio Vald\u00e9s<\/b> <\/a>que se construy\u00f3 a principios del siglo XX con una decoraci\u00f3n neobarroca impresionante tanto en la fachada como en el interior.<\/span><\/p>\n<p><a href=\"https:\/\/upload.wikimedia.org\/wikipedia\/commons\/b\/b2\/Avil%C3%A9s%2C_Teatro_Palacio_Vald%C3%A9s.JPG\"><img loading=\"lazy\" decoding=\"async\" class=\"alignnone \" src=\"https:\/\/upload.wikimedia.org\/wikipedia\/commons\/b\/b2\/Avil%C3%A9s%2C_Teatro_Palacio_Vald%C3%A9s.JPG\" width=\"703\" height=\"471\" \/><\/a><\/p>\n<p><a href=\"https:\/\/sala11blog.files.wordpress.com\/2018\/08\/teatro-palacio-valdes-interior.jpg?w=840\"><img loading=\"lazy\" decoding=\"async\" class=\"alignnone size-full\" src=\"https:\/\/sala11blog.files.wordpress.com\/2018\/08\/teatro-palacio-valdes-interior.jpg?w=840\" width=\"840\" height=\"560\" \/><\/a><\/p>\n","protected":false},"excerpt":{"rendered":"<p>TEMA: Edificios y arquitectura urbana. Patrimonio Arquitect\u00f3nico en Oviedo, Gij\u00f3n y Avil\u00e9s. Ver presentaci\u00f3n del tema en PPT Actividad de aula Def. Patrimonio arquitect\u00f3nico: un edificio, un conjunto de edificios o las ruinas de un edificio o de un conjunto de edificios que, con el paso del tiempo, han adquirido un valor mayor al originalmente [&hellip;]<\/p>\n","protected":false},"author":117,"featured_media":0,"parent":1439,"menu_order":0,"comment_status":"closed","ping_status":"closed","template":"","meta":{"footnotes":""},"class_list":["post-1389","page","type-page","status-publish","hentry","post-preview"],"_links":{"self":[{"href":"https:\/\/edublog.educastur.es\/corredoria3\/wp-json\/wp\/v2\/pages\/1389","targetHints":{"allow":["GET"]}}],"collection":[{"href":"https:\/\/edublog.educastur.es\/corredoria3\/wp-json\/wp\/v2\/pages"}],"about":[{"href":"https:\/\/edublog.educastur.es\/corredoria3\/wp-json\/wp\/v2\/types\/page"}],"author":[{"embeddable":true,"href":"https:\/\/edublog.educastur.es\/corredoria3\/wp-json\/wp\/v2\/users\/117"}],"replies":[{"embeddable":true,"href":"https:\/\/edublog.educastur.es\/corredoria3\/wp-json\/wp\/v2\/comments?post=1389"}],"version-history":[{"count":19,"href":"https:\/\/edublog.educastur.es\/corredoria3\/wp-json\/wp\/v2\/pages\/1389\/revisions"}],"predecessor-version":[{"id":1951,"href":"https:\/\/edublog.educastur.es\/corredoria3\/wp-json\/wp\/v2\/pages\/1389\/revisions\/1951"}],"up":[{"embeddable":true,"href":"https:\/\/edublog.educastur.es\/corredoria3\/wp-json\/wp\/v2\/pages\/1439"}],"wp:attachment":[{"href":"https:\/\/edublog.educastur.es\/corredoria3\/wp-json\/wp\/v2\/media?parent=1389"}],"curies":[{"name":"wp","href":"https:\/\/api.w.org\/{rel}","templated":true}]}}