{"id":1391,"date":"2020-10-10T09:54:35","date_gmt":"2020-10-10T07:54:35","guid":{"rendered":"https:\/\/edublog.educastur.es\/corredoria3\/?page_id=1391"},"modified":"2023-05-29T11:41:20","modified_gmt":"2023-05-29T09:41:20","slug":"sesion-03","status":"publish","type":"page","link":"https:\/\/edublog.educastur.es\/corredoria3\/6o-pri\/cultura-asturiana\/1otrimestre\/sesion-03\/","title":{"rendered":"Sesi\u00f3n 03"},"content":{"rendered":"<ul>\n<li><a href=\"https:\/\/mglab.es\/portfolio\/diseno-del-logotipo-de-la-junta-general-del-principado-asturias\">LOGOTIPO<\/a><\/li>\n<\/ul>\n<p style=\"text-align: center\"><a href=\"https:\/\/www.jgpa.es\/documents\/11156\/12058\/la-institucion.jpg\/8b270716-2c3a-4185-bc43-df752a3b3d65?t=1400352120698\"><img loading=\"lazy\" decoding=\"async\" class=\"aligncenter size-full\" src=\"https:\/\/www.jgpa.es\/documents\/11156\/12058\/la-institucion.jpg\/8b270716-2c3a-4185-bc43-df752a3b3d65?t=1400352120698\" width=\"399\" height=\"555\" \/><\/a><\/p>\n<p><a href=\"https:\/\/mglab.es\/images\/proyectos\/pc\/1486121633.jpg\"><img loading=\"lazy\" decoding=\"async\" class=\"aligncenter size-full\" src=\"https:\/\/mglab.es\/images\/proyectos\/pc\/1486121633.jpg\" width=\"1920\" height=\"960\" \/><\/a><\/p>\n<p style=\"text-align: center\"><a href=\"https:\/\/www.bglaudiovisual.com\/\/img\/articles\/junta-general-del-principado-de-asturias-1671063240-2.jpg\">https:\/\/www.bglaudiovisual.com\/\/img\/articles\/junta-general-del-principado-de-asturias-1671063240-2.jpg<\/a><\/p>\n<p><a href=\"https:\/\/live.staticflickr.com\/7419\/11391936724_27f71b5d5c_b.jpg\"><img loading=\"lazy\" decoding=\"async\" class=\"aligncenter size-full\" src=\"https:\/\/live.staticflickr.com\/7419\/11391936724_27f71b5d5c_b.jpg\" width=\"1023\" height=\"682\" \/><\/a><\/p>\n<ul>\n<li><strong><span style=\"color: #008080;font-size: 18pt\">Oviedo como sede institucional del Principado. <\/span><\/strong><span style=\"color: #008080;font-size: 18pt\">Junta General<\/span><\/li>\n<li><a href=\"https:\/\/earth.google.com\/web\/search\/Junta+General+del+Principado+de+Asturias,+Calle+Fruela,+Oviedo\/@43.3614183,-5.8477937,243.591a,743.00899758d,35y,0h,45t,0r\/data=CqgBGn4SeAokMHhkMzY4Y2U1YjJjMDRkZTk6MHhmYmM5YmNmOWE4N2E4MmQ0GRNtfUdDrkVAId2grM4gZBfAKj5KdW50YSBHZW5lcmFsIGRlbCBQcmluY2lwYWRvIGRlIEFzdHVyaWFzLCBDYWxsZSBGcnVlbGEsIE92aWVkbxgCIAEiJgokCSL_Zwq4rkVAEUClsrshrkVAGcgoNaPuVhfAIWmaaofdYBfAKAI\">Google Earth Junta General IR<\/a><\/li>\n<li>\n<div class=\"contact\"><span class=\"entry title\">Junta General del Principado de Asturias<\/span> <span class=\"entry address\">C\/ Fruela, n\u00ba 13 &#8211; 33007 Oviedo &#8211; Asturias<\/span><\/div>\n<\/li>\n<li><em><a href=\"http:\/\/www.jgpa.es\/\" target=\"_blank\" rel=\"noopener noreferrer\">Web de la Junta General de Principado<\/a><\/em><\/li>\n<\/ul>\n<p>&nbsp;<\/p>\n<p style=\"text-align: center\"><a href=\"https:\/\/www.jgpa.es\/documents\/11156\/12050\/Escalinata+%28para+slide%29\/40b903e9-f675-4799-950f-837cdf56e609?t=1417608634000\"><img loading=\"lazy\" decoding=\"async\" class=\"aligncenter size-full\" src=\"https:\/\/www.jgpa.es\/documents\/11156\/12050\/Escalinata+%28para+slide%29\/40b903e9-f675-4799-950f-837cdf56e609?t=1417608634000\" width=\"832\" height=\"331\" \/><\/a><\/p>\n<ul>\n<li>Educastur: <a href=\"https:\/\/www.educastur.es\/-\/la-junta-general-del-principado?inheritRedirect=true\"><strong>JUNTA GENERAL DEL PRINCIPADO DE ASTURIAS<\/strong><\/a><\/li>\n<\/ul>\n<p><span style=\"font-size: 14pt\"><em><strong>\u00bfQu\u00e9 es la Junta General? <\/strong>La <strong>Junta General del Principado de Asturias<\/strong> es el Parlamento de la Comunidad Aut\u00f3noma. Toma su nombre de la hist\u00f3rica Junta General del Principado de Asturias, cuyos or\u00edgenes se remontan al siglo XIV y que mantuvo su actividad ininterrumpidamente hasta 1835. <a href=\"https:\/\/earth.google.com\/web\/search\/Junta+General+del+Principado+de+Asturias,+Calle+Fruela,+Oviedo\/@43.3613017,-5.8479069,239.3146367a,743.01055421d,35y,0h,45t,0r\/data=CqgBGn4SeAokMHhkMzY4Y2U1YjJjMDRkZTk6MHhmYmM5YmNmOWE4N2E4MmQ0GZ6-VCI_rkVAIQI21rRBZBfAKj5KdW50YSBHZW5lcmFsIGRlbCBQcmluY2lwYWRvIGRlIEFzdHVyaWFzLCBDYWxsZSBGcnVlbGEsIE92aWVkbxgCIAEiJgokCffc4cvJr0VAEUOQBQ2brUVAGVEXrsb-YhfAIa0tjTxjexfAKAI\">Ver en Google Earth.<\/a><br \/>\n<\/em><\/span><\/p>\n<p><span style=\"font-size: 14pt\"><em>Seg\u00fan el Estatuto de Autonom\u00eda la <strong>Junta General <\/strong>[&#8230;]\u00a0representa al pueblo asturiano, ejerce la potestad legislativa, aprueba los presupuestos, orienta y controla la acci\u00f3n del Consejo de Gobierno y ejerce las restantes competencias que le confieren la Constituci\u00f3n, este Estatuto y dem\u00e1s normas del ordenamiento jur\u00eddico.<\/em><\/span><\/p>\n<ul>\n<li><span style=\"color: #808080\"><a href=\"https:\/\/www.google.com\/url?sa=i&amp;url=https%3A%2F%2Fwww.asturias.es%2Fdocuments%2F217090%2F794867%2Fpresidencia_principado.pdf%2Feec2fce5-1b23-6a86-0cd7-3dc383b778ba%3Ft%3D1611145501462&amp;psig=AOvVaw2m-cKBP7hhxbnFiHORPPGL&amp;ust=1685437368857000&amp;source=images&amp;cd=vfe&amp;ved=0CBMQjhxqFwoTCIja0s-Vmv8CFQAAAAAdAAAAABAD\"><strong><span style=\"font-size: 20px\"><em>CONSEJER\u00cdAS<\/em><\/span><\/strong><\/a><br \/>\n<\/span><\/li>\n<\/ul>\n<p style=\"text-align: center\"><img loading=\"lazy\" decoding=\"async\" class=\"aligncenter size-full\" src=\"https:\/\/img.europapress.es\/fotoweb\/fotonoticia_20200702141140_1200.jpg\" width=\"1200\" height=\"748\" \/><\/p>\n<p style=\"text-align: center\"><span style=\"font-size: 24px;color: #008080\"><strong>Equipo de Gobierno: Presidente + Consejeros<\/strong><\/span><\/p>\n<p style=\"text-align: center\"><a href=\"https:\/\/actualidad.asturias.es\/documents\/537115\/907205\/2022_11_25+presidente+reunion+CG+2.jpg\/9915d323-1da0-2171-b67a-9d34ec1fa376?t=1669366036041\"><img loading=\"lazy\" decoding=\"async\" class=\"aligncenter size-full\" src=\"https:\/\/actualidad.asturias.es\/documents\/537115\/907205\/2022_11_25+presidente+reunion+CG+2.jpg\/9915d323-1da0-2171-b67a-9d34ec1fa376?t=1669366036041\" width=\"3000\" height=\"2000\" \/><\/a><\/p>\n<p><span style=\"font-size: 14pt\"><span style=\"color: #008080\"><strong>Est\u00e1 integrada por 45 diputados y diputadas, elegidos mediante sufragio universal, libre, igual, directo y secreto,<\/strong> <\/span>por quienes tengan la condici\u00f3n pol\u00edtica de asturiana o asturiano. Es decir, mayores de dieciocho a\u00f1os con vecindad administrativa en alguno de los concejos asturianos; o que, residiendo en el extranjero, hayan tenido la \u00faltima vecindad administrativa en Asturias y, si as\u00ed lo solicitan, sus descendientes inscritos como espa\u00f1oles.<\/span><\/p>\n<p><a href=\"https:\/\/cflvdg.avoz.es\/sc\/3JlMLBeM0OCImXbie0IA161nRrA=\/x\/2018\/03\/16\/00121521217742658287616\/Foto\/efe_20180316_134922022.jpg\"><img loading=\"lazy\" decoding=\"async\" class=\"alignnone size-full\" src=\"https:\/\/cflvdg.avoz.es\/sc\/3JlMLBeM0OCImXbie0IA161nRrA=\/x\/2018\/03\/16\/00121521217742658287616\/Foto\/efe_20180316_134922022.jpg\" width=\"1278\" height=\"720\" \/><\/a><\/p>\n<p><span style=\"font-size: 14pt\">El mandato ordinario de la Junta General es de cuatro a\u00f1os. <\/span><span style=\"font-size: 14pt\">Puedes obtener m\u00e1s informaci\u00f3n sobre el funcionamiento de la Junta consultando:<\/span><\/p>\n<ul>\n<li><span style=\"font-size: 14pt\"><a href=\"http:\/\/www.jgpa.es\/documents\/11156\/19801\/797180173_2272010113318.pdf\/a275afc9-4d48-49dd-a0f2-df190c7f9d55\">Estatuto de Autonom\u00eda<\/a> (pdf)<\/span><\/li>\n<li><span style=\"font-size: 14pt\"><a href=\"http:\/\/www.jgpa.es\/documents\/11156\/19801\/1020158568_332006175538.pdf\/8479da70-2974-4446-b4aa-81c022f352d9\">Ley electoral<\/a> (pdf)<\/span><\/li>\n<\/ul>\n<p><span style=\"font-size: 14pt\">Especialmente interesante es la actividad parlamentaria que se desarrolla en la Junta. En la web est\u00e1n disponibles las sesiones en directo, la videoteca, las leyes en tramitaci\u00f3n, el reglamento de la c\u00e1mara, etc.<\/span><\/p>\n<ul>\n<li><a href=\"http:\/\/www.jgpa.es\/calendario-de-actividades\">Actividad parlamentaria<\/a><\/li>\n<\/ul>\n<p><a href=\"http:\/\/www.jgpa.es\/calendario-de-actividades\" target=\"_blank\" rel=\"noopener noreferrer\"><img decoding=\"async\" title=\"Junta General del Principado. Actividad parlamentaria: calendario, emisi\u00f3n en directo...\" src=\"https:\/\/www.educastur.es\/documents\/10531\/524369\/%2Beduca_junta-act-parlamentaria_800.jpg\/ad580434-646d-47a9-adc8-0c9e3d0bec52?t=1550740264380\" alt=\"Junta General del Principado. Actividad parlamentaria: calendario, emisi\u00f3n en directo...\" \/><\/a><\/p>\n<p style=\"text-align: center\"><a href=\"https:\/\/www.jgpa.es\/documents\/11156\/12050\/slide1.jpg\/b90edcf6-430f-4578-a442-13d0c13776b5?t=1400083211738\"><img loading=\"lazy\" decoding=\"async\" class=\"aligncenter size-full\" src=\"https:\/\/www.jgpa.es\/documents\/11156\/12050\/slide1.jpg\/b90edcf6-430f-4578-a442-13d0c13776b5?t=1400083211738\" width=\"832\" height=\"331\" \/><\/a><\/p>\n<p style=\"text-align: center\"><a href=\"https:\/\/www.jgpa.es\/documents\/11156\/12050\/Sala+Constituci%C3%B3n+%28para+slide%29\/52bbe7c0-e6e1-491b-9aa5-1792966f282d?t=1419846987447https:\/\/www.jgpa.es\/documents\/11156\/12050\/Sala+Constituci%C3%B3n+%28para+slide%29\/52bbe7c0-e6e1-491b-9aa5-1792966f282d?t=1419846987447\"><img loading=\"lazy\" decoding=\"async\" class=\"aligncenter size-full\" src=\"https:\/\/www.jgpa.es\/documents\/11156\/12050\/Sala+Constituci%C3%B3n+%28para+slide%29\/52bbe7c0-e6e1-491b-9aa5-1792966f282d?t=1419846987447https:\/\/www.jgpa.es\/documents\/11156\/12050\/Sala+Constituci%C3%B3n+%28para+slide%29\/52bbe7c0-e6e1-491b-9aa5-1792966f282d?t=1419846987447\" width=\"832\" height=\"331\" \/><\/a><\/p>\n<p><em><span style=\"font-size: 14pt\"><strong>Otros atractivos de la Junta<\/strong><\/span><\/em><\/p>\n<p><em><span style=\"font-size: 14pt\">La Junta ofrece adem\u00e1s otros atractivos muy interesantes: su larga historia est\u00e1 ligada a la propia historia de Asturias; se ubica en un precioso palacio hist\u00f3rico y posee una importante colecci\u00f3n art\u00edstica y una interesante biblioteca.<\/span><\/em><\/p>\n<p style=\"text-align: center\"><a href=\"https:\/\/www.jgpa.es\/documents\/11156\/12050\/slide2.jpg\/1cd17836-95c9-4ca8-a17f-cd6485d43f85?t=1400083211457\"><img loading=\"lazy\" decoding=\"async\" class=\"aligncenter size-full\" src=\"https:\/\/www.jgpa.es\/documents\/11156\/12050\/slide2.jpg\/1cd17836-95c9-4ca8-a17f-cd6485d43f85?t=1400083211457\" width=\"832\" height=\"331\" \/><\/a><\/p>\n<p><em><span style=\"font-size: 14pt\">La Junta puede ser visitada a lo largo de todo el a\u00f1o bien para asistir a sesiones parlamentarias como p\u00fablico, bien para hacer una visita guiada por el palacio; tambi\u00e9n se puede visitar en las dos <strong>Jornadas de Puertas abiertas<\/strong> que se celebran a lo largo del a\u00f1o, una en agosto y otra en diciembre, coincidiendo con el puente de la Constituci\u00f3n.<\/span><\/em><\/p>\n<ul>\n<li><em><span style=\"font-size: 14pt\"><a href=\"http:\/\/www.jgpa.es\/galeria-fotografica\" target=\"_blank\" rel=\"noopener noreferrer\">Galer\u00eda fotogr\u00e1fica<\/a><\/span><\/em><\/li>\n<li><em><span style=\"font-size: 14pt\"><a href=\"http:\/\/www.jgpa.es\/como-asistir-a-plenos-y-comisiones\" target=\"_blank\" rel=\"noopener noreferrer\">Visita la Junta<\/a><\/span><\/em><\/li>\n<li><em><span style=\"font-size: 14pt\"><a href=\"http:\/\/www.jgpa.es\/planta-baja-vista-exterior-del-palacio\" target=\"_blank\" rel=\"noopener noreferrer\">Visita virtual<\/a><\/span><\/em><\/li>\n<li><em><span style=\"font-size: 14pt\"><a href=\"http:\/\/www.jgpa.es\/la-coleccion-artistica1\" target=\"_blank\" rel=\"noopener noreferrer\">La colecci\u00f3n art\u00edstica<\/a><\/span><\/em><\/li>\n<li><em><span style=\"font-size: 14pt\"><a href=\"https:\/\/www.educastur.es\/documents\/10531\/524367\/%2Beduca_act-centros_junta_folleto-info.pdf\/9ba0d2e7-b6c3-4e59-bacd-efbff70cae88\" target=\"_blank\" rel=\"noopener noreferrer\">Folleto informativo Junta Gral. Principado<\/a> (pdf)<\/span><\/em><\/li>\n<\/ul>\n<p><em><span style=\"font-size: 14pt\"><strong>Zona escolar<\/strong><\/span><\/em><\/p>\n<ul>\n<li><em><span style=\"font-size: 14pt\"><a href=\"http:\/\/www.jgpa.es\/visitas-escolares\" target=\"_blank\" rel=\"noopener noreferrer\">Informaci\u00f3n sobre actividades dirigidas a centros educativos<\/a><\/span><\/em><\/li>\n<li><em><span style=\"font-size: 14pt\"><a href=\"https:\/\/www.educastur.es\/junta-general-del-principado.-actividades-educativas\" target=\"_blank\" rel=\"noopener noreferrer\">Liga de debates<\/a> (Educastur)<\/span><\/em><\/li>\n<\/ul>\n<p>&nbsp;<\/p>\n<p><em><span style=\"font-size: 14pt\"><strong>M\u00e1s informaci\u00f3n<\/strong><\/span><\/em><\/p>\n<ul>\n<li><em><span style=\"font-size: 14pt\"><a href=\"http:\/\/www.jgpa.es\/\" target=\"_blank\" rel=\"noopener noreferrer\">Web de la Junta General de Principado<\/a><\/span><\/em><\/li>\n<\/ul>\n<hr \/>\n<p><span style=\"color: #008080\"><em><span style=\"font-size: 24pt\"><strong> Estatuto de Autonom\u00eda.<\/strong><\/span><\/em><\/span><\/p>\n<p><a href=\"https:\/\/boe.es\/biblioteca_juridica\/portada.php?imagen=9788434025769.jpg\"><img loading=\"lazy\" decoding=\"async\" class=\"alignnone size-full\" src=\"https:\/\/boe.es\/biblioteca_juridica\/portada.php?imagen=9788434025769.jpg\" width=\"300\" height=\"450\" \/><\/a><\/p>\n<ul>\n<li><span style=\"font-size: 14pt\"><a href=\"https:\/\/www.google.com\/url?sa=t&amp;rct=j&amp;q=&amp;esrc=s&amp;source=web&amp;cd=&amp;ved=2ahUKEwiAscG837_sAhUQrRQKHUg9BoUQFjACegQIAhAC&amp;url=https%3A%2F%2Fwww.jgpa.es%2Fdocuments%2F11156%2F19801%2F797180173_2272010113318.pdf%2Fa275afc9-4d48-49dd-a0f2-df190c7f9d55&amp;usg=AOvVaw1c8Yey34jJkxIciWb57n5V\">Descargar ESTATUTO (pdf)<\/a><\/span><\/li>\n<li><span style=\"font-size: 14pt\"><a class=\"external text\" href=\"http:\/\/www.asturias.es\/Asturias\/descargas\/imagen_institucional\/estatuto.pdf\" rel=\"nofollow\">Estatuto de Autonom\u00eda del Principado de Asturias (PDF)<\/a><\/span><\/li>\n<li><span style=\"font-size: 14pt\"><a href=\"https:\/\/www.google.com\/url?sa=i&amp;url=http%3A%2F%2Fwww.jgpa.es%2Fdocuments%2F11156%2F30729%2FEstatuto%2Bde%2BAutonom%25C3%25ADa%2Bdel%2BPrincipado%2Bde%2BAsturias%2BEstudio%2Bsistem%25C3%25A1tico.pdf%3Ft%3D1419950061953&amp;psig=AOvVaw0eRrisqTJwmkKKbYFr7-yi&amp;ust=1603165760676000&amp;source=images&amp;cd=vfe&amp;ved=0CA0QjhxqFwoTCJi23oHgv-wCFQAAAAAdAAAAABAT\">Documento original<\/a><\/span><\/li>\n<li><span style=\"font-size: 14pt\"><a href=\"https:\/\/skat.ihmc.us\/rid=1171991998071_1179071347_17654\/Principado%20de%20Asturias.cmap\">Mapa conceptual<\/a><\/span><\/li>\n<li><span style=\"font-size: 14pt\"><a href=\"http:\/\/movil.asturias.es\/portal\/site\/webasturias\/menuitem.f2a88ecfb48d045e76fdd8b3f2300030\/?vgnextoid=123d6a6227cdd210VgnVCM1000002f030003RCRD&amp;i18n.http.lang=es\">Gobierno del Principado de Asturias<\/a><\/span><\/li>\n<li><span style=\"font-size: 14pt\"><a href=\"https:\/\/www.google.com\/url?sa=t&amp;rct=j&amp;q=&amp;esrc=s&amp;source=web&amp;cd=&amp;ved=2ahUKEwjr4cXS4L_sAhUvA2MBHQ9ZCaQQFjADegQIAxAC&amp;url=https%3A%2F%2Fwww.asturias.es%2Fwebasturias%2FGOBIERNO%2FCONSEJERIAS%2Forganigramas%2FXI_legislatura%2Fcpresidencia.pdf&amp;usg=AOvVaw3p30ucuUgh8AwL9iOU1LyH\">Consejer\u00eda de Presidencia<\/a><\/span><\/li>\n<li><span style=\"font-size: 14pt\"><a href=\"http:\/\/movil.asturias.es\/portal\/site\/webasturias\/menuitem.e13b205ca518976e27af3f30f2300030\/?vgnextoid=e168090dc76ed210VgnVCM1000002f030003RCRD&amp;vgnextchannel=123d6a6227cdd210VgnVCM1000002f030003RCRD&amp;i18n.http.lang=es\">Actual Equipo de Gobierno<\/a><\/span><\/li>\n<li><a href=\"https:\/\/www.asturias.es\/portal\/site\/webasturias\/menuitem.6ae732be36e43aef9fe97477f2300030\/?vgnextoid=f625fc9fbeb2c610VgnVCM10000097030a0aRCRD&amp;vgnextchannel=2d318e431192c610VgnVCM10000097030a0aRCRD&amp;i18n.http.lang=es\"><strong><span style=\"font-size: 14pt\">Consejer\u00eda de Educaci\u00f3n<\/span><\/strong><\/a><\/li>\n<\/ul>\n<div class=\"cg-int clearfix\">\n<div class=\"col-izda\">\n<div class=\"detalle_consejeria\"><span style=\"color: #808080\"><em><span style=\"font-size: 14pt\">Corresponde a la <a href=\"https:\/\/www.asturias.es\/webasturias\/GOBIERNO\/CONSEJERIAS\/organigramas\/XI_legislatura\/educacion.pdf\">Consejer\u00eda de Educaci\u00f3n<\/a> de acuerdo con el Decreto 13\/2019, de 24 de julio, del Presidente del Principado de Asturias, de reestructuraci\u00f3n de las Consejer\u00edas que integran la Administraci\u00f3n de la Comunidad Aut\u00f3noma las competencias relativas a las siguientes materias: <a href=\"https:\/\/www.asturias.es\/webasturias\/GOBIERNO\/CONSEJERIAS\/organigramas\/XI_legislatura\/educacion.pdf\">(Ver organigrama pdf)<\/a><br \/>\n<\/span><\/em><\/span><span style=\"color: #808080\"><em><span style=\"font-size: 14pt\">a) Educaci\u00f3n, en el \u00e1mbito de los niveles educativos no universitarios.\u00a0<\/span><\/em><\/span><br \/>\n<span style=\"color: #808080\"><em><span style=\"font-size: 14pt\">b) Formaci\u00f3n Profesional.\u00a0c) Ordenaci\u00f3n acad\u00e9mica.<\/span><\/em><\/span><br \/>\n<span style=\"color: #808080\"><em><span style=\"font-size: 14pt\">\u00a0d) Formaci\u00f3n del profesorado.\u00a0<\/span><\/em><\/span><br \/>\n<span style=\"color: #808080\"><em><span style=\"font-size: 14pt\">e) Participaci\u00f3n educativa y orientaci\u00f3n y atenci\u00f3n a la diversidad.\u00a0<\/span><\/em><\/span><br \/>\n<span style=\"color: #808080\"><em><span style=\"font-size: 14pt\">f) Innovaci\u00f3n educativa y evaluaci\u00f3n del sistema educativo asturiano.\u00a0<\/span><\/em><\/span><br \/>\n<span style=\"color: #808080\"><em><span style=\"font-size: 14pt\">g) Red de centros educativos y gesti\u00f3n econ\u00f3mica de los mismos.\u00a0<\/span><\/em><\/span><br \/>\n<span style=\"color: #808080\"><em><span style=\"font-size: 14pt\">h) Planificaci\u00f3n y ejecuci\u00f3n de las inversiones, y la gesti\u00f3n del personal docente no universitario.\u00a0<\/span><\/em><\/span><br \/>\n<span style=\"color: #808080\"><em><span style=\"font-size: 14pt\">i) Planificaci\u00f3n e impulso de red de escuelas infantiles de 0 a 3 a\u00f1os.<\/span><\/em><\/span><span style=\"color: #808080\"><em><span style=\"font-size: 14pt\">\u00a0<img decoding=\"async\" src=\"https:\/\/sede.asturias.es\/webasturias\/Repositorio\/ICONOS\/ico-pdf.gif\" align=\"absmiddle\" \/>\u00a0<a style=\"color: #808080\" title=\"Organigrama\" href=\"https:\/\/www.asturias.es\/webasturias\/GOBIERNO\/CONSEJERIAS\/organigramas\/XI_legislatura\/educacion.pdf\" target=\"_blank\" rel=\"noopener noreferrer\">Organigrama<\/a> (pdf: 113 Kb)\u00a0 <\/span><\/em><\/span><span style=\"color: #808080\"><em><span style=\"font-size: 14pt\">Nombre y Apellidos: Carmen Su\u00e1rez Su\u00e1rez <a style=\"color: #808080\" title=\"\" href=\"https:\/\/www.asturias.es\/portal\/site\/webasturias\/menuitem.134a75eee0b539ae2d57e704f2300030\/?vgnextoid=403aae7383d2c610VgnVCM10000097030a0aRCRD&amp;vgnextchannel=2d318e431192c610VgnVCM10000097030a0aRCRD&amp;i18n.http.lang=es\">Ver Biograf\u00eda<\/a><\/span><\/em><\/span><span style=\"color: #808080\"><em><span style=\"font-size: 14pt\"> Direcci\u00f3n: <a href=\"https:\/\/earth.google.com\/web\/search\/oviedo+plaza+de+espa%c3%b1a\/@43.3605082,-5.8527631,245.843487a,743.02114749d,35y,0h,45t,0r\/data=CoEBGlcSUQokMHhkMzY4Y2UzYTY4NzRiYTk6MHhhODA2YWYwMDY0ODQ1NmMyGUx4-CElrkVAITvx5ro6aRfAKhdvdmllZG8gcGxhemEgZGUgZXNwYcOxYRgCIAEiJgokCVwICg07_zNAEVsICg07_zPAGWVQzPF3w0FAIZq503X7dlDAKAI\">Plaza de Espa\u00f1a, 5, 33007 Oviedo, Asturias<\/a> (<a href=\"https:\/\/earth.google.com\/web\/search\/oviedo+plaza+de+espa%c3%b1a\/@43.3605082,-5.8527631,245.843487a,743.02114749d,35y,0h,45t,0r\/data=CoEBGlcSUQokMHhkMzY4Y2UzYTY4NzRiYTk6MHhhODA2YWYwMDY0ODQ1NmMyGUx4-CElrkVAITvx5ro6aRfAKhdvdmllZG8gcGxhemEgZGUgZXNwYcOxYRgCIAEiJgokCVwICg07_zNAEVsICg07_zPAGWVQzPF3w0FAIZq503X7dlDAKAI\">VER<\/a>) Tfno.- 985 10 55 00 (Centralita)<\/span><\/em><\/span><\/div>\n<\/div>\n<\/div>\n<p>El <b>Estatuto de Autonom\u00eda del Principado de Asturias<\/b> (en <a title=\"Asturiano (asturleon\u00e9s de Asturias)\" href=\"https:\/\/es.wikipedia.org\/wiki\/Asturiano_(asturleon%C3%A9s_de_Asturias)\">asturiano<\/a>, Estatutu d&#8217;Autonom\u00eda del Princip\u00e1u d&#8217;Asturies) es una <a class=\"mw-redirect\" title=\"Ley Org\u00e1nica\" href=\"https:\/\/es.wikipedia.org\/wiki\/Ley_Org%C3%A1nica\">Ley Org\u00e1nica<\/a> <a title=\"Espa\u00f1a\" href=\"https:\/\/es.wikipedia.org\/wiki\/Espa%C3%B1a\">espa\u00f1ola<\/a> que determina las competencias, los \u00f3rganos y la forma de la <a title=\"Comunidad aut\u00f3noma\" href=\"https:\/\/es.wikipedia.org\/wiki\/Comunidad_aut%C3%B3noma\">comunidad aut\u00f3noma<\/a> del <a class=\"mw-redirect\" title=\"Principado de Asturias\" href=\"https:\/\/es.wikipedia.org\/wiki\/Principado_de_Asturias\">Principado de Asturias<\/a>.<\/p>\n<p><img loading=\"lazy\" decoding=\"async\" class=\" aligncenter\" src=\"https:\/\/encrypted-tbn0.gstatic.com\/images?q=tbn:ANd9GcTR28kVyfgd3qwCkn2ICP6JNBpKea-RZS3fF5sLEuFyAkmWuml3Qyn-alg-FidZmJD8Ug&amp;usqp=CAU\" width=\"300\" height=\"32\" \/><\/p>\n<blockquote><p><strong><span style=\"font-size: 24px;color: #008080\">S\u00edmbolos de Asturias:<\/span><\/strong><\/p>\n<p><span style=\"font-size: 24px;color: #008080\">1) Bandera<\/span><br \/>\n<span style=\"font-size: 24px;color: #008080\">2) Escudo<\/span><br \/>\n<span style=\"font-size: 24px;color: #008080\">3) Himno \u00abAsturias patria Querida\u00bb<\/span><\/p><\/blockquote>\n<p><span style=\"font-size: 24px;color: #008080\"><strong>1) Bandera<\/strong><\/span><br \/>\nEn un principio fue roja y amarilla, despu\u00e9s qued\u00f3 con los colores azul y amarillo<\/p>\n<p><a href=\"https:\/\/s2.ppllstatics.com\/elcomercio\/www\/multimedia\/202006\/02\/media\/cortadas\/historia-bandera-asturias-origen-cruz-victoria-(1)-kKEI--624x385@El%20Comercio.jpg\"><img loading=\"lazy\" decoding=\"async\" class=\"aligncenter \" src=\"https:\/\/s2.ppllstatics.com\/elcomercio\/www\/multimedia\/202006\/02\/media\/cortadas\/historia-bandera-asturias-origen-cruz-victoria-(1)-kKEI--624x385@El%20Comercio.jpg\" width=\"385\" height=\"238\" \/><\/a><\/p>\n<p style=\"text-align: center\"><strong>Desde 25 mayo 1808: D\u00eda de la bandera asturiana es el 25 de mayo<\/strong><\/p>\n<p><a href=\"https:\/\/i0.wp.com\/secureservercdn.net\/160.153.138.219\/j1j.3b5.myftpupload.com\/wp-content\/uploads\/2020\/02\/milicia-provincial-de-oviedo-1808-972x1536.jpg?resize=972%2C1536&amp;ssl=1\"><img loading=\"lazy\" decoding=\"async\" class=\"aligncenter\" src=\"https:\/\/i0.wp.com\/secureservercdn.net\/160.153.138.219\/j1j.3b5.myftpupload.com\/wp-content\/uploads\/2020\/02\/milicia-provincial-de-oviedo-1808-972x1536.jpg?resize=972%2C1536&amp;ssl=1\" alt=\"\" width=\"400\" height=\"632\" \/><\/a><\/p>\n<ul>\n<li><a href=\"https:\/\/edublog.educastur.es\/ixuxu\/2023\/05\/quies-conocer-la-historia-de-la-%f0%9d%97%af%f0%9d%97%ae%f0%9d%97%bb%f0%9d%97%b1%f0%9d%97%b2%f0%9d%97%bf%f0%9d%97%ae-%f0%9d%97%b1%f0%9d%97%94%f0%9d%98%80%f0%9d%98%81%f0%9d%98%82\/\">\u00bfQuies conocer la historia de la ??????? ?\u2019??????e??<\/a> <span class=\"post-date\">25\/05\/2023<\/span><\/li>\n<li><a href=\"https:\/\/edublog.educastur.es\/ixuxu\/2023\/05\/dia-de-la-nacion-asturiana-25-de-mayu\/\">D\u00eda de la Naci\u00f3n Asturiana: 25 de mayu<\/a> <span class=\"post-date\">25\/05\/2023<\/span><\/li>\n<li><a href=\"https:\/\/edublog.educastur.es\/ixuxu\/2023\/05\/dia-de-la-bandera-asturiana\/\">D\u00eda de la bandera asturiana<\/a> <span class=\"post-date\">25\/05\/2023<\/span><\/li>\n<li>\n<div class=\"x11i5rnm xat24cr x1mh8g0r x1vvkbs xtlvy1s x126k92a\">\n<ul>\n<li><span style=\"font-size: 20px\"><a href=\"https:\/\/www.educastur.es\/-\/el-principado-organiza-el-mi%C3%A9rcoles-3-de-mayo-una-charla-en-oviedo-para-presentar-el-webc%C3%B3mic-el-origen-de-la-bandera-asturiana?redirect=%2F\"><strong>D\u00eda de la bandera Educastur<\/strong><\/a> \/ <a href=\"https:\/\/edublog.educastur.es\/ixuxu\/2023\/04\/25-mayu-dia-de-la-bandera-asturiana\/\"><strong>Ixuxu<\/strong><\/a> \/<\/span><\/li>\n<li><a href=\"http:\/\/www.banderadeasturias.es\/ast\"><strong><span style=\"font-size: 20px;color: #ff0000\">http:\/\/www.banderadeasturias.es<\/span><\/strong><\/a><\/li>\n<\/ul>\n<\/div>\n<\/li>\n<\/ul>\n<p><img loading=\"lazy\" decoding=\"async\" class=\" aligncenter\" src=\"https:\/\/encrypted-tbn0.gstatic.com\/images?q=tbn:ANd9GcTR28kVyfgd3qwCkn2ICP6JNBpKea-RZS3fF5sLEuFyAkmWuml3Qyn-alg-FidZmJD8Ug&amp;usqp=CAU\" width=\"300\" height=\"32\" \/><\/p>\n<p><a href=\"https:\/\/es.wikipedia.org\/wiki\/Escudo_del_Principado_de_Asturias\"><strong>2) Escudo, <\/strong><\/a>desde\u00a0 1984, con la <strong>Cruz de la Victoria:<br \/>\n<a href=\"https:\/\/afondo.lne.es\/sociedad\/los-secretos-de-la-cruz-de-la-victoria.html\">https:\/\/afondo.lne.es\/sociedad\/los-secretos-de-la-cruz-de-la-victoria.html<\/a><\/strong><\/p>\n<p><span style=\"color: #008080\">Hoc signo tuetur pius &#8211; Hoc signo vincitur inimicus<\/span><br \/>\n<span style=\"color: #008080\"><i>Con este emblema se defiende al piadoso &#8211; Con este emblema se vence al enemigo<\/i><\/span><\/p>\n<p style=\"text-align: center\"><a href=\"https:\/\/catedraldeoviedo.com\/wp-content\/uploads\/2022\/04\/cruz-de-la-victoria-camara-santa-de-la-catedral-de-oviedo.webp\"><img loading=\"lazy\" decoding=\"async\" class=\"aligncenter \" src=\"https:\/\/catedraldeoviedo.com\/wp-content\/uploads\/2022\/04\/cruz-de-la-victoria-camara-santa-de-la-catedral-de-oviedo.webp\" width=\"479\" height=\"639\" \/><\/a><\/p>\n\n<!-- iframe plugin v.6.0 wordpress.org\/plugins\/iframe\/ -->\n<iframe loading=\"lazy\" width=\"100%\" height=\"395\" src=\"https:\/\/www.youtube.com\/embed\/seaD8LLHufI\" title=\"Los secretos de la Cruz de la Victoria\" frameborder=\"0\" allow=\"accelerometer; autoplay; clipboard-write; encrypted-media; gyroscope; picture-in-picture; web-share\" 0=\"allowfullscreen\" 1=\"\/iframe\" scrolling=\"yes\" class=\"iframe-class\"><\/iframe>\n\n<p><a href=\"https:\/\/upload.wikimedia.org\/wikipedia\/commons\/thumb\/c\/ce\/Escudo_de_Asturias_%28oficial%29.svg\/640px-Escudo_de_Asturias_%28oficial%29.svg.png\"><img loading=\"lazy\" decoding=\"async\" class=\"alignleft \" src=\"https:\/\/upload.wikimedia.org\/wikipedia\/commons\/thumb\/c\/ce\/Escudo_de_Asturias_%28oficial%29.svg\/640px-Escudo_de_Asturias_%28oficial%29.svg.png\" width=\"253\" height=\"460\" \/><\/a><\/p>\n<p>&nbsp;<\/p>\n<table class=\"infobox\" style=\"width: 5.34236%;height: 285px\">\n<tbody>\n<tr>\n<th scope=\"row\">&nbsp;<\/p>\n<p>&nbsp;<\/th>\n<td colspan=\"2\"><\/td>\n<\/tr>\n<tr>\n<th scope=\"row\"><\/th>\n<td colspan=\"2\"><\/td>\n<\/tr>\n<tr>\n<th colspan=\"3\"><\/th>\n<\/tr>\n<tr>\n<th scope=\"row\"><\/th>\n<td colspan=\"2\"><\/td>\n<\/tr>\n<tr>\n<th scope=\"row\"><\/th>\n<td colspan=\"2\"><\/td>\n<\/tr>\n<tr>\n<th scope=\"row\"><\/th>\n<td colspan=\"2\"><\/td>\n<\/tr>\n<\/tbody>\n<\/table>\n<p>&nbsp;<\/p>\n<p>&nbsp;<\/p>\n<p><strong>Nueva identidad digital del Principado, desde\u00a0 2022<\/strong><\/p>\n<p style=\"text-align: center\"><a href=\"https:\/\/socialasturias.asturias.es\/documents\/148749\/372106\/Castellano-horizontal-full-blue.png\/e0c5302a-f007-3b77-36c1-03c845a1a1aa?t=1664532410132\"><img loading=\"lazy\" decoding=\"async\" class=\"aligncenter \" src=\"https:\/\/socialasturias.asturias.es\/documents\/148749\/372106\/Castellano-horizontal-full-blue.png\/e0c5302a-f007-3b77-36c1-03c845a1a1aa?t=1664532410132\" width=\"652\" height=\"259\" \/><\/a><\/p>\n<div class=\"total \">\n<div id=\"ez-toc-container\" class=\"ez-toc-v2_0_49 counter-hierarchy ez-toc-counter ez-toc-grey ez-toc-container-direction\">\n<nav>\n<ul class=\"ez-toc-list ez-toc-list-level-1 \">\n<li class=\"ez-toc-page-1 ez-toc-heading-level-3\"><a class=\"ez-toc-link ez-toc-heading-1\" title=\"Rebranding del Principado de Asturias, con 5 elementos que cambian: \" href=\"https:\/\/brandemia.org\/identidad-del-principado-de-asturias-elementos-que-cambian#rebranding-del-principado-de-asturias-con-5-elementos-que-cambian\">Rebranding del Principado de Asturias, con 5 elementos que cambian: <\/a>\n<ul class=\"ez-toc-list-level-4\">\n<li class=\"ez-toc-heading-level-4\"><a class=\"ez-toc-link ez-toc-heading-2\" title=\"1. S\u00edmbolo\" href=\"https:\/\/brandemia.org\/identidad-del-principado-de-asturias-elementos-que-cambian#1-simbolo\">1. S\u00edmbolo<\/a><\/li>\n<li class=\"ez-toc-page-1 ez-toc-heading-level-4\"><a class=\"ez-toc-link ez-toc-heading-3\" title=\"2. Tipograf\u00eda\" href=\"https:\/\/brandemia.org\/identidad-del-principado-de-asturias-elementos-que-cambian#2-tipografia\">2. Tipograf\u00eda<\/a><\/li>\n<li class=\"ez-toc-page-1 ez-toc-heading-level-4\"><a class=\"ez-toc-link ez-toc-heading-4\" title=\"3. Cromatismo\" href=\"https:\/\/brandemia.org\/identidad-del-principado-de-asturias-elementos-que-cambian#3-cromatismo\">3. Cromatismo<\/a><\/li>\n<li class=\"ez-toc-page-1 ez-toc-heading-level-4\"><a class=\"ez-toc-link ez-toc-heading-5\" title=\"4. Logotipo\" href=\"https:\/\/brandemia.org\/identidad-del-principado-de-asturias-elementos-que-cambian#4-logotipo\">4. Logotipo<\/a><\/li>\n<li class=\"ez-toc-page-1 ez-toc-heading-level-4\"><a class=\"ez-toc-link ez-toc-heading-6\" title=\"5. Sistema visual\" href=\"https:\/\/brandemia.org\/identidad-del-principado-de-asturias-elementos-que-cambian#5-sistema-visual\">5. Sistema visual<\/a><\/li>\n<\/ul>\n<\/li>\n<\/ul>\n<\/nav>\n<\/div>\n<\/div>\n<p><img loading=\"lazy\" decoding=\"async\" class=\" aligncenter\" src=\"https:\/\/encrypted-tbn0.gstatic.com\/images?q=tbn:ANd9GcTR28kVyfgd3qwCkn2ICP6JNBpKea-RZS3fF5sLEuFyAkmWuml3Qyn-alg-FidZmJD8Ug&amp;usqp=CAU\" width=\"300\" height=\"32\" \/><\/p>\n<p style=\"text-align: center\"><span style=\"font-size: 24px;color: #008080\"><strong>3) Himno. Asturias patria Querida<\/strong><\/span><\/p>\n\n<!-- iframe plugin v.6.0 wordpress.org\/plugins\/iframe\/ -->\n<iframe loading=\"lazy\" width=\"100%\" height=\"395\" src=\"https:\/\/www.youtube.com\/embed\/wZJj9NLFdVQ\" title=\"Asturias Patria Querida con letra (Lyrics)\" frameborder=\"0\" allow=\"accelerometer; autoplay; clipboard-write; encrypted-media; gyroscope; picture-in-picture; web-share\" 0=\"allowfullscreen\" 1=\"\/iframe\" scrolling=\"yes\" class=\"iframe-class\"><\/iframe>\n\n<p style=\"text-align: center\"><a href=\"https:\/\/tinypix.top\/images\/2021\/09\/11\/v1XbT.jpg\"><img loading=\"lazy\" decoding=\"async\" class=\"aligncenter size-full\" src=\"https:\/\/tinypix.top\/images\/2021\/09\/11\/v1XbT.jpg\" width=\"636\" height=\"960\" \/><\/a><\/p>\n<p style=\"text-align: center\"><strong><a href=\"https:\/\/www.rtpa.es\/video:asturias.doc_551631288753.html?fbclid=IwAR36Abkcdbx8PKkEsmnBsnhlEuKnWtqp5nmm5pboLlmHsr6SikOUA7oWExo\">Ver videu de la historia en la TPA<\/a><\/strong><\/p>\n<p>&#8216;L&#8217;Asturies, Patria Querida&#8217; ye un cantar popular que se convirti\u00f3 nel himnu oficial de la Comunid\u00e1 Aut\u00f3noma del Princip\u00e1u d\u2019Asturies. TPA estrena un documental sobre esi procesu y lo que significa pa los asturianos y asturianes esta composici\u00f3n musical.<\/p>\n<p><img loading=\"lazy\" decoding=\"async\" class=\" aligncenter\" src=\"https:\/\/encrypted-tbn0.gstatic.com\/images?q=tbn:ANd9GcTR28kVyfgd3qwCkn2ICP6JNBpKea-RZS3fF5sLEuFyAkmWuml3Qyn-alg-FidZmJD8Ug&amp;usqp=CAU\" width=\"300\" height=\"32\" \/><\/p>\n<ul>\n<li><strong><span style=\"font-size: 24px\">ELECCIONES 2023 <span style=\"color: #800080\">Resultados<\/span><\/span><br \/>\n<\/strong><\/li>\n<\/ul>\n<hr \/>\n<div class=\"seccion-articulo\">\n<p>&nbsp;<\/p>\n<\/div>\n","protected":false},"excerpt":{"rendered":"<p>LOGOTIPO https:\/\/www.bglaudiovisual.com\/\/img\/articles\/junta-general-del-principado-de-asturias-1671063240-2.jpg Oviedo como sede institucional del Principado. Junta General Google Earth Junta General IR Junta General del Principado de Asturias C\/ Fruela, n\u00ba 13 &#8211; 33007 Oviedo &#8211; Asturias Web de la Junta General de Principado &nbsp; Educastur: JUNTA GENERAL DEL PRINCIPADO DE ASTURIAS \u00bfQu\u00e9 es la Junta General? La Junta General del Principado [&hellip;]<\/p>\n","protected":false},"author":117,"featured_media":0,"parent":1439,"menu_order":0,"comment_status":"closed","ping_status":"closed","template":"","meta":{"footnotes":""},"class_list":["post-1391","page","type-page","status-publish","hentry","post-preview"],"_links":{"self":[{"href":"https:\/\/edublog.educastur.es\/corredoria3\/wp-json\/wp\/v2\/pages\/1391","targetHints":{"allow":["GET"]}}],"collection":[{"href":"https:\/\/edublog.educastur.es\/corredoria3\/wp-json\/wp\/v2\/pages"}],"about":[{"href":"https:\/\/edublog.educastur.es\/corredoria3\/wp-json\/wp\/v2\/types\/page"}],"author":[{"embeddable":true,"href":"https:\/\/edublog.educastur.es\/corredoria3\/wp-json\/wp\/v2\/users\/117"}],"replies":[{"embeddable":true,"href":"https:\/\/edublog.educastur.es\/corredoria3\/wp-json\/wp\/v2\/comments?post=1391"}],"version-history":[{"count":16,"href":"https:\/\/edublog.educastur.es\/corredoria3\/wp-json\/wp\/v2\/pages\/1391\/revisions"}],"predecessor-version":[{"id":5631,"href":"https:\/\/edublog.educastur.es\/corredoria3\/wp-json\/wp\/v2\/pages\/1391\/revisions\/5631"}],"up":[{"embeddable":true,"href":"https:\/\/edublog.educastur.es\/corredoria3\/wp-json\/wp\/v2\/pages\/1439"}],"wp:attachment":[{"href":"https:\/\/edublog.educastur.es\/corredoria3\/wp-json\/wp\/v2\/media?parent=1391"}],"curies":[{"name":"wp","href":"https:\/\/api.w.org\/{rel}","templated":true}]}}