{"id":1395,"date":"2020-10-10T09:55:49","date_gmt":"2020-10-10T07:55:49","guid":{"rendered":"https:\/\/edublog.educastur.es\/corredoria3\/?page_id=1395"},"modified":"2021-02-13T12:25:22","modified_gmt":"2021-02-13T10:25:22","slug":"sesion-05","status":"publish","type":"page","link":"https:\/\/edublog.educastur.es\/corredoria3\/6o-pri\/cultura-asturiana\/1otrimestre\/sesion-05\/","title":{"rendered":"Sesi\u00f3n 05"},"content":{"rendered":"<p><strong><em><span style=\"font-size: 18pt\">Biograf\u00eda de dos personajes relevantes asturianos en la Ciencia:<\/span><\/em><\/strong><br \/>\n<span style=\"color: #008080\"><strong><em><span style=\"font-size: 18pt\">&#8211; <a href=\"https:\/\/educastur-my.sharepoint.com\/:b:\/g\/personal\/isabellh_educastur_org\/EZDCtxg1XDZLi6Sw9jcIWnMBcNmmGtJS8QlkRe7fVFVGPA?e=6Cg3eb\">Severo Ochoa <\/a><\/span><\/em><\/strong><em><span style=\"font-size: 18pt\">(muere 1 noviembre)_<a href=\"https:\/\/educastur-my.sharepoint.com\/:b:\/g\/personal\/isabellh_educastur_org\/EZDCtxg1XDZLi6Sw9jcIWnMBcNmmGtJS8QlkRe7fVFVGPA?e=6Cg3eb\"><strong>Documento de trabajo (Cas y ast)<\/strong><\/a><\/span><\/em><\/span><br \/>\n<span style=\"color: #008080\"><strong><em><span style=\"font-size: 18pt\">&#8211; Margarita Salas <\/span><\/em><\/strong><em><span style=\"font-size: 18pt\">(muere 7 noviembre)<\/span><\/em><\/span><\/p>\n<p><span style=\"color: #008080\"><em><strong><span style=\"font-size: 24pt\">Severo Ochoa<\/span><\/strong><\/em><\/span><\/p>\n<ul>\n<li><span style=\"font-size: 24pt\"><strong><a href=\"https:\/\/educastur-my.sharepoint.com\/:b:\/g\/personal\/isabellh_educastur_org\/EZDCtxg1XDZLi6Sw9jcIWnMBcNmmGtJS8QlkRe7fVFVGPA?e=K54srl\">Ver actividad de aula<\/a><\/strong><\/span><\/li>\n<li><a href=\"https:\/\/es.calameo.com\/read\/0062493558e99554e6750\"><em><span style=\"font-size: 18pt\"><span style=\"font-size: 24pt\"><strong>Leer Biograf\u00eda en Calameo<\/strong><\/span><\/span><\/em><\/a><\/li>\n<\/ul>\n<blockquote><p><span style=\"color: #800000;font-size: 18pt\"><em>\u00abLa vida es explicable casi, si no en su totalidad, en t\u00e9rminos qu\u00edmicos. <strong>El amor es f\u00edsica y qu\u00edmica<\/strong>\u00bb.<\/em><\/span><\/p><\/blockquote>\n<ul>\n<li><span style=\"font-size: 18pt\"><em><a href=\"https:\/\/www.rtve.es\/alacarta\/videos\/parlamento\/parlamento-reportaje-50-anos-del-nobel-severo-ochoa-21-12-2019\/5471513\/\">Video 50 a\u00f1os del Nobel de Severo Ochoa TVE<\/a><\/em><\/span><\/li>\n<li><span style=\"font-size: 18pt\"><em><a href=\"https:\/\/elblogdeacebedo.blogspot.com\/2018\/12\/el-cientifico-espanol-mas-importante-de.html\">El cient\u00edfico espa\u00f1ol m\u00e1s importante de todos los tiempos<\/a><\/em><\/span><\/li>\n<li><span style=\"font-size: 18pt\"><em><a href=\"https:\/\/www.lavozdeasturias.es\/noticia\/asturias\/2018\/10\/30\/severo-ochoa-era-enamorado-trabajo-pueblo-mujer\/00031540912308401301677.htm\">Un enamorado de su trabajo,de su pueblo y de su mujer<\/a><\/em><\/span><\/li>\n<li><a href=\"https:\/\/scientiablog.com\/2011\/02\/21\/carmen-el-baston-de-severo\/\"><em><span style=\"font-size: 14pt\"><span style=\"font-size: 18pt\">Carmen, el bast\u00f3n de Severo<\/span><\/span><\/em><\/a><\/li>\n<\/ul>\n<p><a href=\"https:\/\/biotechmagazineandnews.com\/wp-content\/uploads\/2020\/01\/nobel-severo-ochoa-estocolmo.jpg\"><img loading=\"lazy\" decoding=\"async\" class=\"alignnone size-full\" src=\"https:\/\/biotechmagazineandnews.com\/wp-content\/uploads\/2020\/01\/nobel-severo-ochoa-estocolmo.jpg\" width=\"400\" height=\"532\" \/><\/a><\/p>\n<p><a href=\"https:\/\/i.ebayimg.com\/images\/g\/vXUAAOSwdQFeH4B4\/s-l400.jpg\"><img loading=\"lazy\" decoding=\"async\" class=\"alignnone size-full\" src=\"https:\/\/i.ebayimg.com\/images\/g\/vXUAAOSwdQFeH4B4\/s-l400.jpg\" width=\"400\" height=\"300\" \/><\/a><\/p>\n<ul>\n<li><span style=\"font-size: 18pt\"><em>S. O. la qu\u00edmica de la vida<\/em><\/span><\/li>\n<li><span style=\"font-size: 14pt\"><a href=\"https:\/\/www.lavozdeasturias.es\/noticia\/asturias\/2019\/03\/19\/familia-severo-ochoa-reclama-museo-60-aniversario-nobel\/00031553012670951564315.htm\"><span style=\"font-size: 18pt\">La familia de S. O. reclama un museo asturiano<\/span><\/a><\/span><\/li>\n<\/ul>\n<hr \/>\n<p><em><span style=\"color: #008080;font-size: 24pt\"><strong>Margarita Salas<\/strong><\/span><\/em><\/p>\n<ul>\n<li><span style=\"font-size: 24pt\"><a href=\"https:\/\/es.calameo.com\/read\/0062493559b37b8d9cd58\"><strong><em>Leer Biograf\u00eda en Calameo<\/em><\/strong><\/a><\/span><\/li>\n<li><span style=\"font-size: 18pt\"><a href=\"https:\/\/mujeresconciencia.com\/2018\/02\/20\/margarita-salas-pasion-la-biologia-molecular\/\"><strong><em>Biografia en MujeresconCiencia<\/em><\/strong><\/a><\/span><\/li>\n<li><a href=\"https:\/\/educastur-my.sharepoint.com\/:b:\/g\/personal\/isabellh_educastur_org\/ET1MHm2VBjhMgfAEu75hGhQBqhmZGXaf5GeLrzcn8Upf8w?e=hRbCrf\"><em><span style=\"font-size: 18pt\"><span style=\"font-size: 24pt\">Lectura en castellano y en asturiano para el alumnado&#8230;<\/span><\/span><\/em><\/a><\/li>\n<\/ul>\n<p><a href=\"https:\/\/m.n.com.do\/wp-content\/uploads\/2019\/11\/Captura17.png\"><img loading=\"lazy\" decoding=\"async\" class=\"alignnone \" src=\"https:\/\/m.n.com.do\/wp-content\/uploads\/2019\/11\/Captura17.png\" width=\"887\" height=\"591\" \/><\/a><\/p>\n<ul>\n<li><span style=\"font-size: 18pt\"><em><a href=\"https:\/\/culturainquieta.com\/es\/inspiring\/item\/16147-10-reflexiones-de-la-cientifica-margarita-salas.html\">10 reflexiones de Margarita Salas<\/a><\/em><\/span><\/li>\n<li>\n<p class=\"title truncate-tc font-16 txt-white title-bg fl-left\"><span style=\"font-size: 18pt\"><em><a class=\"txt-white decorationOnHover\" href=\"https:\/\/www.ivoox.com\/planeta-verano-grace-humiston-margarita-salas-audios-mp3_rf_53464576_1.html\" target=\"_blank\" rel=\"noopener noreferrer\"> Planeta Verano: Grace Humiston y Margarita Salas <\/a><\/em><\/span><\/p>\n<\/li>\n<li><span style=\"font-size: 18pt\"><em><a href=\"https:\/\/biotura.wordpress.com\/2019\/11\/15\/el-triste-adios-a-margarita-salas-30-11-1938-07-11-19\/\">El triste adi\u00f3s a Margarita Salas<\/a><\/em><\/span><\/li>\n<li><a href=\"https:\/\/youtu.be\/1LxYmfO4Rz8\"><span style=\"font-size: 18pt\">\u00bfPor qu\u00e9 tan pocas&#8230;?<\/span><\/a><\/li>\n<\/ul>\n<p>&nbsp;<\/p>\n<p><a href=\"https:\/\/www.encuentrosconlaciencia.es\/wp-content\/uploads\/2018\/02\/panel_margarita_B4_01_ALTA.jpg\"><img loading=\"lazy\" decoding=\"async\" class=\"alignnone \" src=\"https:\/\/www.encuentrosconlaciencia.es\/wp-content\/uploads\/2018\/02\/panel_margarita_B4_01_ALTA.jpg\" width=\"875\" height=\"617\" \/><\/a><\/p>\n<p>&nbsp;<\/p>\n<p><a href=\"https:\/\/www.encuentrosconlaciencia.es\/wp-content\/uploads\/2018\/02\/panel_margarita_B4_02_ALTA.jpg\"><img loading=\"lazy\" decoding=\"async\" class=\"alignnone \" src=\"https:\/\/www.encuentrosconlaciencia.es\/wp-content\/uploads\/2018\/02\/panel_margarita_B4_02_ALTA.jpg\" width=\"882\" height=\"623\" \/><\/a><\/p>\n<ul>\n<li><a href=\"https:\/\/www.youtube.com\/watch?v=CcFRhPpj0s4&amp;feature=emb_logo\"><em><span style=\"font-size: 18pt\">Video: 6 cosas que aprendimos con M. S.<\/span><\/em><\/a><\/li>\n<li><a href=\"https:\/\/youtu.be\/Py4XScJ5nBw\"><em><span style=\"font-size: 18pt\">\u00abPienso, luego existo\u00bb<\/span><\/em><\/a><\/li>\n<\/ul>\n\n<!-- iframe plugin v.6.0 wordpress.org\/plugins\/iframe\/ -->\n<iframe loading=\"lazy\" width=\"588\" height=\"331\" src=\"https:\/\/www.youtube.com\/embed\/Py4XScJ5nBw\" scrolling=\"yes\" class=\"iframe-class\" frameborder=\"0\"><\/iframe>\n\n<ul>\n<li><a href=\"https:\/\/www.youtube.com\/watch?v=aaAxw7hefEU\">Conferencia \u00abMujer y ciencia: mi propia experiencia\u00bb<\/a><\/li>\n<\/ul>\n<p><span style=\"font-size: 18pt\">\n<!-- iframe plugin v.6.0 wordpress.org\/plugins\/iframe\/ -->\n<iframe loading=\"lazy\" width=\"588\" height=\"331\" src=\"https:\/\/www.youtube.com\/embed\/aaAxw7hefEU\" scrolling=\"yes\" class=\"iframe-class\" frameborder=\"0\"><\/iframe>\n<\/span><\/p>\n<ul>\n<li><span style=\"font-size: 18pt\"><a href=\"https:\/\/www.youtube.com\/watch?v=QMkb4ioshcU\">\u00abMujeres de ciencia\u00bb <em><strong>(Que es la biolog\u00eda molecular)<\/strong><\/em><\/a><\/span><\/li>\n<\/ul>\n\n<!-- iframe plugin v.6.0 wordpress.org\/plugins\/iframe\/ -->\n<iframe loading=\"lazy\" width=\"588\" height=\"331\" src=\"https:\/\/www.youtube.com\/embed\/QMkb4ioshcU\" scrolling=\"yes\" class=\"iframe-class\" frameborder=\"0\"><\/iframe>\n\n<p><a href=\"https:\/\/image.slidesharecdn.com\/margaritasalas-130425164633-phpapp02\/95\/margarita-salas-4-638.jpg?cb=1366908688\"><img loading=\"lazy\" decoding=\"async\" class=\"alignnone size-full\" src=\"https:\/\/image.slidesharecdn.com\/margaritasalas-130425164633-phpapp02\/95\/margarita-salas-4-638.jpg?cb=1366908688\" width=\"638\" height=\"479\" \/><\/a><\/p>\n<p><a href=\"https:\/\/2.bp.blogspot.com\/-GtqaDglLvpI\/VTUckfBC3WI\/AAAAAAAAAgI\/jaQykKQDxY8\/s1600\/virus.jpg\"><img loading=\"lazy\" decoding=\"async\" class=\"alignnone \" src=\"https:\/\/2.bp.blogspot.com\/-GtqaDglLvpI\/VTUckfBC3WI\/AAAAAAAAAgI\/jaQykKQDxY8\/s1600\/virus.jpg\" width=\"343\" height=\"257\" \/><\/a>\/ <a href=\"https:\/\/upload.wikimedia.org\/wikipedia\/commons\/thumb\/0\/0e\/Difference_DNA_RNA-ES.svg\/1200px-Difference_DNA_RNA-ES.svg.png\"><img loading=\"lazy\" decoding=\"async\" class=\"alignnone \" src=\"https:\/\/upload.wikimedia.org\/wikipedia\/commons\/thumb\/0\/0e\/Difference_DNA_RNA-ES.svg\/1200px-Difference_DNA_RNA-ES.svg.png\" width=\"321\" height=\"257\" \/><\/a><\/p>\n<p><span style=\"font-size: 18pt\"><a href=\"https:\/\/youtu.be\/GczddTy_pNo\"><img loading=\"lazy\" decoding=\"async\" class=\"alignnone \" src=\"https:\/\/rebomboricultural.com\/wp-content\/uploads\/2020\/04\/cabecera-cientificas.jpg\" width=\"696\" height=\"174\" \/><\/a><\/span><\/p>\n<p><span style=\"font-size: 18pt\">Una luchadora que nunca dej\u00f3 de avanzar, una pionera que no pod\u00eda faltar en esta serie de \u00abHero\u00ednas del MuVIM\u00bb.<\/span><\/p>\n<ul>\n<li class=\"article-title margin-bottom big-margin\"><strong><em><span style=\"font-size: 18pt\">La \u201cimprenta\u201d del genoma que patent\u00f3 Margarita Salas y se usa en todo el mundo<\/span><\/em><\/strong><\/li>\n<\/ul>\n<p><a href=\"https:\/\/ieqfb.com\/wp-content\/uploads\/adn-polimerasa.jpg\"><img loading=\"lazy\" decoding=\"async\" class=\"alignnone \" src=\"https:\/\/ieqfb.com\/wp-content\/uploads\/adn-polimerasa.jpg\" width=\"928\" height=\"557\" \/><\/a><\/p>\n<p><em><span style=\"font-size: 18pt\">\u00abSu trabajo ha puesto la secuenciaci\u00f3n de ADN al alcance de muchos m\u00e1s investigadores y cient\u00edficos, y ha allanado el camino para nuevos avances en gen\u00e9tica\u00bb, agreg\u00f3. <\/span><\/em><em><span style=\"font-size: 18pt\">El descubrimiento, patentado en 1989, es el que m\u00e1s regal\u00edas ha aportado al <a href=\"https:\/\/cincodias.elpais.com\/tag\/csic_consejo_superior_investigaciones_cientificas\/a\">CSIC (Consejo Superior de Investigaciones Cient\u00edficas de Espa\u00f1a)<\/a>, con m\u00e1s de seis millones de euros en los seis a\u00f1os que estuvo activa, de 2003 a 2009.<\/span><\/em><\/p>\n<ul>\n<li><strong><em><span style=\"font-size: 18pt\">Medalla Echegar\u00e1y<\/span><\/em><\/strong><\/li>\n<\/ul>\n<p><a href=\"https:\/\/pbs.twimg.com\/media\/DPKK7huW0AIFr-J.jpg\"><img loading=\"lazy\" decoding=\"async\" class=\"alignnone \" src=\"https:\/\/pbs.twimg.com\/media\/DPKK7huW0AIFr-J.jpg\" width=\"940\" height=\"627\" \/><\/a><\/p>\n<ul>\n<li><strong><em><span style=\"font-size: 18pt\">Honoris causa UNED<\/span><\/em><\/strong><\/li>\n<\/ul>\n<p><a href=\"https:\/\/upload.wikimedia.org\/wikipedia\/commons\/thumb\/e\/ed\/Margarita_Salas_y_Santiago_Grisol%C3%ADa_Doctores_Honoris_Causa_UNED_%285%29.jpg\/1280px-Margarita_Salas_y_Santiago_Grisol%C3%ADa_Doctores_Honoris_Causa_UNED_%285%29.jpg\"><img loading=\"lazy\" decoding=\"async\" class=\"alignnone \" src=\"https:\/\/upload.wikimedia.org\/wikipedia\/commons\/thumb\/e\/ed\/Margarita_Salas_y_Santiago_Grisol%C3%ADa_Doctores_Honoris_Causa_UNED_%285%29.jpg\/1280px-Margarita_Salas_y_Santiago_Grisol%C3%ADa_Doctores_Honoris_Causa_UNED_%285%29.jpg\" width=\"710\" height=\"511\" \/><\/a><\/p>\n<p><em><span style=\"font-size: 14pt\">En 2014 fue seleccionada por la revista <a href=\"https:\/\/es.wikipedia.org\/wiki\/Quo\">Quo<\/a>, en colaboraci\u00f3n con el <a href=\"https:\/\/es.wikipedia.org\/wiki\/Consejo_Superior_de_Investigaciones_Cient%C3%ADficas\">CSIC<\/a> y el <a href=\"https:\/\/es.wikipedia.org\/wiki\/Consejo_Superior_de_Deportes\">Consejo Superior de Deportes<\/a>, para la primera <span style=\"color: #008080\"><strong>\u00abSelecci\u00f3n Espa\u00f1ola de la Ciencia\u00bb<\/strong><\/span>, compuesta por trece cient\u00edficos espa\u00f1oles destacados a escala internacional. \u200b<\/span><\/em><\/p>\n<p><a href=\"https:\/\/www.quo.es\/wp-content\/uploads\/2019\/10\/golazo-de-la-seleccion-espanola-de-ciencia-en-su-primer-partido-1280x720.jpg\"><img loading=\"lazy\" decoding=\"async\" class=\"alignnone size-full\" src=\"https:\/\/www.quo.es\/wp-content\/uploads\/2019\/10\/golazo-de-la-seleccion-espanola-de-ciencia-en-su-primer-partido-1280x720.jpg\" width=\"1280\" height=\"720\" \/><\/a><\/p>\n<div class=\"articulo-antetitulo \"><span style=\"font-size: 18pt\"><a href=\"https:\/\/cincodias.elpais.com\/cincodias\/2019\/06\/20\/fortunas\/1561034306_363073.html\"><em><strong>\u00daltimo reconocimiento:<\/strong><\/em> <\/a>Margarita Salas, galardonada en los <strong><em>Premios al Inventor Europeo 2019<\/em><\/strong>. La bioqu\u00edmica espa\u00f1ola ha sido premiada en la categor\u00eda de Logro de todo una vida y ha recibido el Premio Popular<\/span><\/div>\n<div><a href=\"https:\/\/d500.epimg.net\/cincodias\/imagenes\/2019\/06\/20\/fortunas\/1561034306_363073_1561034417_noticia_normal.jpg\"><img loading=\"lazy\" decoding=\"async\" class=\"alignnone \" src=\"https:\/\/d500.epimg.net\/cincodias\/imagenes\/2019\/06\/20\/fortunas\/1561034306_363073_1561034417_noticia_normal.jpg\" width=\"784\" height=\"403\" \/><\/a><\/div>\n<div><a href=\"https:\/\/im-media.voltron.voanews.com\/Drupal\/02live-246\/styles\/892x501\/s3\/2019-08\/6B9521CC-CB5D-4ECB-97A6-7774CFC7E13E.png?itok=Ge4AeAbO\"><img loading=\"lazy\" decoding=\"async\" class=\"alignnone \" src=\"https:\/\/im-media.voltron.voanews.com\/Drupal\/02live-246\/styles\/892x501\/s3\/2019-08\/6B9521CC-CB5D-4ECB-97A6-7774CFC7E13E.png?itok=Ge4AeAbO\" width=\"785\" height=\"441\" \/><\/a><\/div>\n<div><\/div>\n<div><a href=\"https:\/\/pbs.twimg.com\/media\/ELkzk8rX0AYxEpD.jpg\"><img loading=\"lazy\" decoding=\"async\" class=\"alignnone \" src=\"https:\/\/pbs.twimg.com\/media\/ELkzk8rX0AYxEpD.jpg\" width=\"766\" height=\"400\" \/><\/a><br \/>\n<span style=\"font-size: 18pt\"><em>Centro de Investigaciones Biol\u00f3gicas Margarita Salas<\/em><\/span><\/div>\n<div>\n<ul>\n<li class=\"a_t | font_secondary color_gray_ultra_dark \"><a href=\"https:\/\/elpais.com\/ciencia\/2020-03-09\/el-nuevo-caracol-canario-de-un-milimetro-que-homenajea-a-margarita-salas.html\"><strong><em><span style=\"font-size: 18pt\">El nuevo caracol canario de un mil\u00edmetro que homenajea a Margarita Salas<\/span><\/em><\/strong><\/a><\/li>\n<\/ul>\n<p><a href=\"https:\/\/imagenes.elpais.com\/resizer\/iGw-mQHN3sbb7i_XgWUHmSR9VYo=\/1000x0\/filters:focal(449x290:459x300)\/cloudfront-eu-central-1.images.arcpublishing.com\/prisa\/BVJ3INQ4XJEHLD5FXP5JHAGYLA.jpg\"><img loading=\"lazy\" decoding=\"async\" class=\"alignnone size-full\" src=\"https:\/\/imagenes.elpais.com\/resizer\/iGw-mQHN3sbb7i_XgWUHmSR9VYo=\/1000x0\/filters:focal(449x290:459x300)\/cloudfront-eu-central-1.images.arcpublishing.com\/prisa\/BVJ3INQ4XJEHLD5FXP5JHAGYLA.jpg\" width=\"1000\" height=\"562\" \/><\/a><\/p>\n<p><em><span style=\"font-size: 14pt\">&#8216;Rissoella salasae&#8217;, el nuevo caracol marino descubierto en Lanzarote y bautizado en honor a Margarita Salas.<\/span><\/em><\/p>\n<\/div>\n<div><\/div>\n<blockquote><p><span style=\"color: #800000\"><strong><em><span style=\"font-size: 18pt\">\u00abLa vocaci\u00f3n no nace, se hace\u00bb<\/span><\/em><\/strong><\/span><\/p>\n<p><strong><span style=\"color: #008080\"><em><span style=\"font-size: 18pt\">\u00abLa mujer cient\u00edfica ya no es mirada como una rareza\u00bb<\/span><\/em><\/span><\/strong><\/p>\n<p><span style=\"font-size: 18pt;color: #800000\"><em>\u201cDe joven era discriminada por ser mujer; hoy por ser mayor.\u201d<\/em><\/span><\/p>\n<p><span style=\"color: #008080\"><em><strong><span style=\"font-size: 18pt\">\u00abLo importante es no tener arrugas en el cerebro\u00bb<\/span><\/strong><\/em><\/span><\/p>\n<p><a href=\"https:\/\/i.pinimg.com\/736x\/5a\/90\/19\/5a9019c1153d6310eb00b355ac6d2865.jpg\"><img loading=\"lazy\" decoding=\"async\" class=\"alignnone size-full\" src=\"https:\/\/i.pinimg.com\/736x\/5a\/90\/19\/5a9019c1153d6310eb00b355ac6d2865.jpg\" width=\"640\" height=\"640\" \/><\/a><\/p><\/blockquote>\n","protected":false},"excerpt":{"rendered":"<p>Biograf\u00eda de dos personajes relevantes asturianos en la Ciencia: &#8211; Severo Ochoa (muere 1 noviembre)_Documento de trabajo (Cas y ast) &#8211; Margarita Salas (muere 7 noviembre) Severo Ochoa Ver actividad de aula Leer Biograf\u00eda en Calameo \u00abLa vida es explicable casi, si no en su totalidad, en t\u00e9rminos qu\u00edmicos. El amor es f\u00edsica y qu\u00edmica\u00bb. [&hellip;]<\/p>\n","protected":false},"author":117,"featured_media":0,"parent":1439,"menu_order":0,"comment_status":"closed","ping_status":"closed","template":"","meta":{"footnotes":""},"class_list":["post-1395","page","type-page","status-publish","hentry","post-preview"],"_links":{"self":[{"href":"https:\/\/edublog.educastur.es\/corredoria3\/wp-json\/wp\/v2\/pages\/1395","targetHints":{"allow":["GET"]}}],"collection":[{"href":"https:\/\/edublog.educastur.es\/corredoria3\/wp-json\/wp\/v2\/pages"}],"about":[{"href":"https:\/\/edublog.educastur.es\/corredoria3\/wp-json\/wp\/v2\/types\/page"}],"author":[{"embeddable":true,"href":"https:\/\/edublog.educastur.es\/corredoria3\/wp-json\/wp\/v2\/users\/117"}],"replies":[{"embeddable":true,"href":"https:\/\/edublog.educastur.es\/corredoria3\/wp-json\/wp\/v2\/comments?post=1395"}],"version-history":[{"count":33,"href":"https:\/\/edublog.educastur.es\/corredoria3\/wp-json\/wp\/v2\/pages\/1395\/revisions"}],"predecessor-version":[{"id":3252,"href":"https:\/\/edublog.educastur.es\/corredoria3\/wp-json\/wp\/v2\/pages\/1395\/revisions\/3252"}],"up":[{"embeddable":true,"href":"https:\/\/edublog.educastur.es\/corredoria3\/wp-json\/wp\/v2\/pages\/1439"}],"wp:attachment":[{"href":"https:\/\/edublog.educastur.es\/corredoria3\/wp-json\/wp\/v2\/media?parent=1395"}],"curies":[{"name":"wp","href":"https:\/\/api.w.org\/{rel}","templated":true}]}}