{"id":1397,"date":"2020-10-10T09:56:12","date_gmt":"2020-10-10T07:56:12","guid":{"rendered":"https:\/\/edublog.educastur.es\/corredoria3\/?page_id=1397"},"modified":"2020-12-08T20:32:19","modified_gmt":"2020-12-08T18:32:19","slug":"sesion-06","status":"publish","type":"page","link":"https:\/\/edublog.educastur.es\/corredoria3\/6o-pri\/cultura-asturiana\/1otrimestre\/sesion-06\/","title":{"rendered":"Sesi\u00f3n 06"},"content":{"rendered":"<p><span style=\"color: #800000;font-size: 24pt\"><em><span style=\"font-size: 18pt\">Ciclu festivo n\u00b4Asturies: <\/span><strong><span style=\"font-size: 18pt\">Samart\u00edn<\/span> <\/strong><span style=\"font-size: 14pt\">(11 de payares\/noviembre)<\/span><\/em><\/span><\/p>\n<ul>\n<li><a href=\"https:\/\/educastur-my.sharepoint.com\/:b:\/g\/personal\/isabellh_educastur_org\/EeyxpnTRfINDseHjgEkvu3EBQzU9fZbCmmD-dMfvjy8KLA?e=aJUXx5\"><em><strong>Lectura<\/strong> <strong>en castellano<\/strong> (p\u00e1g. 1-2) <strong>y asturiano<\/strong> (3-4)<\/em><\/a><\/li>\n<li><strong><em>Comentar en grupo las siguientes cuestiones, despu\u00e9s de la lectura:<\/em><\/strong><br \/>\n<em>1) \u00bfQu\u00e9 representaba el San Mart\u00edn para los asturianos del mundo rural?<\/em><br \/>\n<em>2) \u00bfQu\u00e9 tareas requer\u00eda antes, durante y despu\u00e9s de la matanza?<\/em><br \/>\n<em>3) \u00bfQu\u00e9 partes del cerdo se aprovechan gastron\u00f3micamente?<\/em><br \/>\n<em>4) \u00bfConoces alg\u00fan plato o receta elaborado a partir del cerdo? Cu\u00e9ntanos algo&#8230;<\/em><br \/>\n<em>5) \u00bfConoces o participaste en alguna Jornada gastron\u00f3mica asturiana? Com\u00e9ntala&#8230;<\/em><\/li>\n<li><em><strong>TAREA para realizar en casa:<\/strong> Buscar informaci\u00f3n en internet<br \/>\nsobre las Jornadas\/festivales\u00a0 gastron\u00f3micos de Asturias<br \/>\ne insertarla, ordenada cronol\u00f3gicamente, en un doc. de Word.<br \/>\n<\/em><em>Entregarla impresa o por mail a la maestra.<br \/>\nTiempo para hacerla: Una semana.<\/em><\/li>\n<li><a href=\"https:\/\/educastur-my.sharepoint.com\/:w:\/g\/personal\/isabellh_educastur_org\/ESH3HX4k_dNFgb3pN9qgOh8BjCLRtsN95gyQMcJQ1SS6Jw?e=CAwg9Q\"><strong><em> VER HOJA DE REGISTRO EN CASTELLANO (CULTURA)<\/em><\/strong><\/a><\/li>\n<li><a href=\"https:\/\/educastur-my.sharepoint.com\/:w:\/g\/personal\/isabellh_educastur_org\/EQa2baXfXE5MlhFg3ZE9Dd4BOaWL7zxyGvBdkSiio1QfMg?e=VhJ1AN\"><strong>VER HOJA DE REGISTRO n\u00b4ASTURIANU (LLINGUA)<\/strong><\/a><\/li>\n<\/ul>\n\n<!-- iframe plugin v.6.0 wordpress.org\/plugins\/iframe\/ -->\n<iframe loading=\"lazy\" src=\"https:\/\/drive.google.com\/file\/d\/1vuf8LAET8gviwLkEJeQY25FcseNIvbTY\/preview\" width=\"705\" height=\"980\" 0=\"\/iframe\" scrolling=\"yes\" class=\"iframe-class\" frameborder=\"0\"><\/iframe>\n\n<hr \/>\n<p><a href=\"https:\/\/www.turismoasturias.es\/documents\/11022\/2031374\/Jornadas_Gastronomicas_de_la_Matanza_de_Amieva_y_Alto_Sella.jpg\/3757a1d0-f341-47af-9f26-4b9a4b248a9f?t=1495539066749\"><img loading=\"lazy\" decoding=\"async\" class=\"alignnone \" src=\"https:\/\/www.turismoasturias.es\/documents\/11022\/2031374\/Jornadas_Gastronomicas_de_la_Matanza_de_Amieva_y_Alto_Sella.jpg\/3757a1d0-f341-47af-9f26-4b9a4b248a9f?t=1495539066749\" width=\"749\" height=\"475\" \/><\/a><\/p>\n<p><a href=\"https:\/\/2.bp.blogspot.com\/_TZhkF5eVfSg\/TJEKxLBuShI\/AAAAAAAACGA\/geaiiDfpcBU\/s1600\/48_1_B~1.JPG\"><img loading=\"lazy\" decoding=\"async\" class=\"alignnone \" src=\"https:\/\/2.bp.blogspot.com\/_TZhkF5eVfSg\/TJEKxLBuShI\/AAAAAAAACGA\/geaiiDfpcBU\/s1600\/48_1_B~1.JPG\" width=\"722\" height=\"620\" \/><\/a><\/p>\n<p><a href=\"https:\/\/rutadelaplata.com\/wp-content\/uploads\/2017\/12\/2371-CartelJornadasMatanzaFelechosa2017.jpg\"><img loading=\"lazy\" decoding=\"async\" class=\"alignnone size-full\" src=\"https:\/\/rutadelaplata.com\/wp-content\/uploads\/2017\/12\/2371-CartelJornadasMatanzaFelechosa2017.jpg\" width=\"850\" height=\"1195\" \/><\/a><\/p>\n<p><a href=\"https:\/\/www.picoseuropa.info\/asturias-casas-rurales\/wp-content\/uploads\/2017\/01\/20jornadas2017.gif\"><img loading=\"lazy\" decoding=\"async\" class=\"alignnone size-full\" src=\"https:\/\/www.picoseuropa.info\/asturias-casas-rurales\/wp-content\/uploads\/2017\/01\/20jornadas2017.gif\" width=\"589\" height=\"814\" \/><\/a><\/p>\n<ul>\n<li><a href=\"https:\/\/www.youtube.com\/watch?v=g3fiS8Lo63M\"><span style=\"font-size: 18pt\">Ver Jornadas matanza en Amieva (febrero)<\/span><\/a><\/li>\n<li><a href=\"https:\/\/www.turismoasturias.es\/descubre\/fiestas-de-interes-turistico\/jornadas-gastronomicas-de-la-matanza-de-amieva-y-alto-sella\">Ver info tur\u00edstica Jornadas Amieva y Alto Sella<\/a><\/li>\n<\/ul>\n<p>https:\/\/www.youtube.com\/watch?v=g3fiS8Lo63M<\/p>\n<ul>\n<li><a href=\"https:\/\/www.youtube.com\/watch?v=yats50m83zg\">La matanza del gochu asturcelta en Grado<\/a><\/li>\n<\/ul>\n<p><a href=\"https:\/\/cloud10.todocoleccion.online\/libros-segunda-mano\/tc\/2017\/11\/22\/10\/104116971.jpg\"><img loading=\"lazy\" decoding=\"async\" class=\"alignnone size-full\" src=\"https:\/\/cloud10.todocoleccion.online\/libros-segunda-mano\/tc\/2017\/11\/22\/10\/104116971.jpg\" width=\"484\" height=\"768\" \/><\/a><\/p>\n<p><a href=\"https:\/\/2.bp.blogspot.com\/-7u5XzCltcdw\/Urx4mq5VUKI\/AAAAAAAAAR0\/Ky7anF4ofXg\/s1600\/Albar%C3%A1n+Rosa+y+Mary+-+1.jpg\"><img loading=\"lazy\" decoding=\"async\" class=\"alignnone size-full\" src=\"https:\/\/2.bp.blogspot.com\/-7u5XzCltcdw\/Urx4mq5VUKI\/AAAAAAAAAR0\/Ky7anF4ofXg\/s1600\/Albar%C3%A1n+Rosa+y+Mary+-+1.jpg\" width=\"784\" height=\"543\" \/><\/a><\/p>\n<p><a href=\"https:\/\/www.elfielato.es\/media\/elfielato\/images\/2016\/11\/28\/matanza-gochu-parres.jpg\"><img loading=\"lazy\" decoding=\"async\" class=\"alignnone size-full\" src=\"https:\/\/www.elfielato.es\/media\/elfielato\/images\/2016\/11\/28\/matanza-gochu-parres.jpg\" width=\"1000\" height=\"667\" \/>\u00a0<\/a><\/p>\n<p><a href=\"https:\/\/www.territoriomuseo.com\/UserFiles\/1\/Image\/Ainara2\/FullSizeRender[3].jpg\"><img loading=\"lazy\" decoding=\"async\" class=\"alignnone size-full\" src=\"https:\/\/www.territoriomuseo.com\/UserFiles\/1\/Image\/Ainara2\/FullSizeRender[3].jpg\" width=\"2224\" height=\"1477\" \/><\/a><\/p>\n<p><a href=\"https:\/\/www.cyltv.es\/mediao\/4890C4FA-967D-D8EF-4625714CCF82B1FF.JPG\"><img loading=\"lazy\" decoding=\"async\" class=\"alignnone \" src=\"https:\/\/www.cyltv.es\/mediao\/4890C4FA-967D-D8EF-4625714CCF82B1FF.JPG\" width=\"838\" height=\"461\" \/>\u00a0 <\/a><\/p>\n<p><a href=\"https:\/\/www.territoriomuseo.com\/UserFiles\/1\/Image\/Ainara2\/IMG_6181.JPG\"><img loading=\"lazy\" decoding=\"async\" class=\"alignnone \" src=\"https:\/\/www.territoriomuseo.com\/UserFiles\/1\/Image\/Ainara2\/IMG_6181.JPG\" width=\"647\" height=\"672\" \/><\/a><\/p>\n<p><a href=\"https:\/\/www.enriquetomas.com\/es\/blog\/las-mejores-partes-del-cerdo-conocelas-cocinalas\/\"><strong><span style=\"font-size: 18pt\"><em>Partes del cerdo que se aprovechan<\/em><\/span><\/strong><\/a><\/p>\n<p><a href=\"https:\/\/www.riveroseloquecomo.es\/wp-content\/uploads\/2015\/02\/Partes-del-cerdo-01.jpg\"><img loading=\"lazy\" decoding=\"async\" class=\"alignnone size-full\" src=\"https:\/\/www.riveroseloquecomo.es\/wp-content\/uploads\/2015\/02\/Partes-del-cerdo-01.jpg\" width=\"2945\" height=\"1647\" \/><\/a><\/p>\n<p><a href=\"https:\/\/www.enriquetomas.com\/es\/blog\/wp-content\/uploads\/2019\/05\/partes-y-carnes-del-cerdo-2-1024x731.jpg.webp\"><img loading=\"lazy\" decoding=\"async\" class=\"alignnone size-full\" src=\"https:\/\/www.enriquetomas.com\/es\/blog\/wp-content\/uploads\/2019\/05\/partes-y-carnes-del-cerdo-2-1024x731.jpg.webp\" width=\"1024\" height=\"731\" \/><\/a><\/p>\n<p><a href=\"https:\/\/www.josepllorens.com\/wp-content\/uploads\/2016\/03\/habitat-01.png\"><img loading=\"lazy\" decoding=\"async\" class=\"alignnone size-full\" src=\"https:\/\/www.josepllorens.com\/wp-content\/uploads\/2016\/03\/habitat-01.png\" width=\"800\" height=\"500\" \/><\/a><\/p>\n<p><a href=\"https:\/\/1.bp.blogspot.com\/-0ButhoYti6Q\/WYyVITlulqI\/AAAAAAAAALQ\/ff1XM-ETIeYdLNKgrb_7nmr72gF2Y92KwCLcBGAs\/w1200-h630-p-k-no-nu\/3.jpg\"><img loading=\"lazy\" decoding=\"async\" class=\"alignnone size-full\" src=\"https:\/\/1.bp.blogspot.com\/-0ButhoYti6Q\/WYyVITlulqI\/AAAAAAAAALQ\/ff1XM-ETIeYdLNKgrb_7nmr72gF2Y92KwCLcBGAs\/w1200-h630-p-k-no-nu\/3.jpg\" width=\"1000\" height=\"526\" \/><\/a><\/p>\n<ul>\n<li><a href=\"https:\/\/www.youtube.com\/watch?v=TOkLIRstS6o\">Video: Matanza (muy detallado!!)<\/a><\/li>\n<li><a href=\"https:\/\/www.youtube.com\/watch?v=16azI1lxuB0\">Video\u00a0 Matanza gochu en Porr\u00faa (Llanes)<\/a><\/li>\n<\/ul>\n\n<!-- iframe plugin v.6.0 wordpress.org\/plugins\/iframe\/ -->\n<iframe loading=\"lazy\" width=\"588\" height=\"331\" src=\"https:\/\/www.youtube.com\/embed\/16azI1lxuB0\" scrolling=\"yes\" class=\"iframe-class\" frameborder=\"0\"><\/iframe>\n\n<p><a href=\"https:\/\/mapio.net\/images-p\/26087098.jpg\"><img loading=\"lazy\" decoding=\"async\" class=\"alignnone size-full\" src=\"https:\/\/mapio.net\/images-p\/26087098.jpg\" width=\"1024\" height=\"768\" \/><\/a><\/p>\n<ul>\n<li><a href=\"https:\/\/www.elcomercio.es\/gastronomia\/noticias\/201503\/05\/embutidos-asturianos-20150305012736.html\"><span style=\"font-size: 18pt\">Ver<strong><em> \u00abEmbutidos asturianos\u00bb<\/em><\/strong><\/span><\/a><\/li>\n<\/ul>\n<p><a href=\"https:\/\/static1.elcomercio.es\/www\/pre2017\/multimedia\/noticias\/201503\/05\/media\/cortadas\/Imagen%20Quay%20(1730958)--490x490.jpg\"><img loading=\"lazy\" decoding=\"async\" class=\"alignnone size-full\" src=\"https:\/\/static1.elcomercio.es\/www\/pre2017\/multimedia\/noticias\/201503\/05\/media\/cortadas\/Imagen%20Quay%20(1730958)--490x490.jpg\" width=\"490\" height=\"490\" \/><\/a><\/p>\n<p><em><span style=\"font-size: 18pt\"><a href=\"http:\/\/www.esculturaurbana.com\/paginas\/lue004.htm\"><strong>Monumento al \u00abgochu\u00bb en Nore\u00f1a<\/strong>:<\/a> Obra en bronce a tama\u00f1o natural, realizada por el escultor langreano Jos\u00e9 Lu\u00eds Iglesias Luelmo. Se coloc\u00f3 en el a\u00f1o 2001 en la peque\u00f1a plaza de la Avenida Fl\u00f3rez Estrada. La escultura es un homenaje al animal que aporta la materia prima a la importante industria chacinera del concejo. Fue realizada por iniciativa de los<span style=\"color: #008080\"><strong><a href=\"http:\/\/www.cofradias.net\/Cofradias\/Sabadiego.htm\"> Caballeros de la Orden del Sabadiego<\/a>.<\/strong><\/span><\/span><\/em><\/p>\n<p><a href=\"https:\/\/3.bp.blogspot.com\/-nsnzO792534\/VqJfUIfKX8I\/AAAAAAABEv0\/neU1F7_LxUE\/s640\/161.JPG\"><img loading=\"lazy\" decoding=\"async\" class=\"alignnone \" src=\"https:\/\/3.bp.blogspot.com\/-nsnzO792534\/VqJfUIfKX8I\/AAAAAAABEv0\/neU1F7_LxUE\/s640\/161.JPG\" width=\"795\" height=\"596\" \/><\/a><\/p>\n<ul>\n<li><a href=\"https:\/\/www.google.com\/url?sa=i&amp;url=http%3A%2F%2Fwww.serida.org%2Fpdfs%2F5159.pdf&amp;psig=AOvVaw04hkhCbVqFKdNoSjjDq3TW&amp;ust=1604513234410000&amp;source=images&amp;cd=vfe&amp;ved=0CA0QjhxqFwoTCLiD0uD75uwCFQAAAAAdAAAAABAV\"><span style=\"font-size: 18pt\">Ver algunas im\u00e1genes en el\u00a0 pdf<strong><em> Gu\u00eda del gochu asturcelta<\/em><\/strong><\/span><\/a><\/li>\n<li><span style=\"font-size: 18pt\">Cofrad\u00eda: <\/span><em><span style=\"font-size: 18pt\"><strong><a href=\"http:\/\/www.cofradias.net\/Cofradias\/Sabadiego.htm\">Caballeros de la Orden del Sabadiego<\/a> (<\/strong>Cofrad\u00eda gastron\u00f3mica). <a href=\"http:\/\/elblogdereginabuitrago.blogspot.com\/2018\/04\/el-sabadiego-caballero-de-orden-de.html\">Ver art\u00edculo<\/a><\/span><\/em><\/li>\n<\/ul>\n<p><a href=\"https:\/\/www.fecoga.com\/uploads\/RTEmagicC_4-Orden-del-Sabadiego_01.jpg.jpg\"><img loading=\"lazy\" decoding=\"async\" class=\"alignnone \" src=\"https:\/\/www.fecoga.com\/uploads\/RTEmagicC_4-Orden-del-Sabadiego_01.jpg.jpg\" width=\"600\" height=\"450\" \/><\/a><\/p>\n<p><a href=\"https:\/\/www.elfielato.es\/media\/elfielato\/images\/2019\/10\/26\/borja_orden_sabadiego.jpg\"><img loading=\"lazy\" decoding=\"async\" class=\"alignnone size-full\" src=\"https:\/\/www.elfielato.es\/media\/elfielato\/images\/2019\/10\/26\/borja_orden_sabadiego.jpg\" width=\"1000\" height=\"682\" \/><\/a><\/p>\n<ul>\n<li><a href=\"https:\/\/es.calameo.com\/read\/0062493550b9edf23b4ad?authid=HFXd5OiNo6m5\"><em><span style=\"color: #800000;font-size: 24pt\"><strong>Ver p\u00e1g 102 y 103 de XEITU <\/strong>(Cap. 7)\u00a0 El gochu y la matanza<\/span><\/em><\/a><\/li>\n<\/ul>\n<p><a href=\"https:\/\/www.territoriomuseo.com\/UserFiles\/1\/Image\/Ainara4\/sanmartin_moreda2015.jpg\"><img loading=\"lazy\" decoding=\"async\" class=\"alignnone size-full\" src=\"https:\/\/www.territoriomuseo.com\/UserFiles\/1\/Image\/Ainara4\/sanmartin_moreda2015.jpg\" width=\"590\" height=\"1224\" \/><\/a><\/p>\n","protected":false},"excerpt":{"rendered":"<p>Ciclu festivo n\u00b4Asturies: Samart\u00edn (11 de payares\/noviembre) Lectura en castellano (p\u00e1g. 1-2) y asturiano (3-4) Comentar en grupo las siguientes cuestiones, despu\u00e9s de la lectura: 1) \u00bfQu\u00e9 representaba el San Mart\u00edn para los asturianos del mundo rural? 2) \u00bfQu\u00e9 tareas requer\u00eda antes, durante y despu\u00e9s de la matanza? 3) \u00bfQu\u00e9 partes del cerdo se aprovechan [&hellip;]<\/p>\n","protected":false},"author":117,"featured_media":0,"parent":1439,"menu_order":0,"comment_status":"closed","ping_status":"closed","template":"","meta":{"footnotes":""},"class_list":["post-1397","page","type-page","status-publish","hentry","post-preview"],"_links":{"self":[{"href":"https:\/\/edublog.educastur.es\/corredoria3\/wp-json\/wp\/v2\/pages\/1397","targetHints":{"allow":["GET"]}}],"collection":[{"href":"https:\/\/edublog.educastur.es\/corredoria3\/wp-json\/wp\/v2\/pages"}],"about":[{"href":"https:\/\/edublog.educastur.es\/corredoria3\/wp-json\/wp\/v2\/types\/page"}],"author":[{"embeddable":true,"href":"https:\/\/edublog.educastur.es\/corredoria3\/wp-json\/wp\/v2\/users\/117"}],"replies":[{"embeddable":true,"href":"https:\/\/edublog.educastur.es\/corredoria3\/wp-json\/wp\/v2\/comments?post=1397"}],"version-history":[{"count":18,"href":"https:\/\/edublog.educastur.es\/corredoria3\/wp-json\/wp\/v2\/pages\/1397\/revisions"}],"predecessor-version":[{"id":2470,"href":"https:\/\/edublog.educastur.es\/corredoria3\/wp-json\/wp\/v2\/pages\/1397\/revisions\/2470"}],"up":[{"embeddable":true,"href":"https:\/\/edublog.educastur.es\/corredoria3\/wp-json\/wp\/v2\/pages\/1439"}],"wp:attachment":[{"href":"https:\/\/edublog.educastur.es\/corredoria3\/wp-json\/wp\/v2\/media?parent=1397"}],"curies":[{"name":"wp","href":"https:\/\/api.w.org\/{rel}","templated":true}]}}