{"id":1650,"date":"2020-10-12T17:19:57","date_gmt":"2020-10-12T15:19:57","guid":{"rendered":"https:\/\/edublog.educastur.es\/corredoria3\/?page_id=1650"},"modified":"2021-09-12T13:29:15","modified_gmt":"2021-09-12T11:29:15","slug":"sesion-01","status":"publish","type":"page","link":"https:\/\/edublog.educastur.es\/corredoria3\/3o-pri\/cultura-asturiana\/primer-trimestre\/sesion-01\/","title":{"rendered":"Sesi\u00f3n 01"},"content":{"rendered":"<p><em><span style=\"font-size: 24pt;color: #008080\">Presentaci\u00f3n \/ Portada \/ Qu\u00e9 vamos a ver este curso&#8230;<\/span><\/em><\/p>\n<hr \/>\n<p><a href=\"https:\/\/edublog.educastur.es\/ixuxullingua\/files\/2020\/09\/SERONDA_cartel.jpg\"><img loading=\"lazy\" decoding=\"async\" class=\"alignnone \" src=\"https:\/\/edublog.educastur.es\/ixuxullingua\/files\/2020\/09\/SERONDA_cartel.jpg\" width=\"792\" height=\"414\" \/><\/a><\/p>\n<p><em><span style=\"font-size: 24pt;color: #008080\">La Seronda \/ Oto\u00f1o en Asturias<\/span><\/em><\/p>\n<ul>\n<li><em><span style=\"font-size: 18pt\">Ficha de Mirian (\u00c1rboles t\u00edpicos astruianos) y de Roc\u00edo T.\u00a0 (Los bosques de Asturias)<\/span><\/em><\/li>\n<\/ul>\n<p><a href=\"https:\/\/alojaweb.educastur.es\/documents\/1933793\/5103187\/Ablanera+foto.png\/09abd3bc-d7a1-444f-87ad-7683a9b588cd?t=1576067273162\"><img loading=\"lazy\" decoding=\"async\" class=\"alignnone size-full\" src=\"https:\/\/alojaweb.educastur.es\/documents\/1933793\/5103187\/Ablanera+foto.png\/09abd3bc-d7a1-444f-87ad-7683a9b588cd?t=1576067273162\" width=\"791\" height=\"446\" \/><\/a><\/p>\n<ul>\n<li><em><span style=\"font-size: 18pt\">Cuentu de L\u00b4ablanera (ver videu), <a href=\"https:\/\/educastur-my.sharepoint.com\/:v:\/g\/personal\/isabellh_educastur_org\/EWbWnUbdS41MnaEsFZNwBdIBsZb_zO2mJNDuTTQPg5kPPg?e=KEXRN3\">escuchar audio<\/a> y <a href=\"https:\/\/drive.google.com\/file\/d\/1zodIKyaBiZhlI83RgrYcMlcMwNtSZXRL\/view\">lleer pdf.<\/a><\/span><\/em><\/li>\n<\/ul>\n\n<!-- iframe plugin v.6.0 wordpress.org\/plugins\/iframe\/ -->\n<iframe loading=\"lazy\" src=\"https:\/\/drive.google.com\/file\/d\/1zodIKyaBiZhlI83RgrYcMlcMwNtSZXRL\/preview\" width=\"700\" height=\"400\" 0=\"\/iframe\" scrolling=\"yes\" class=\"iframe-class\" frameborder=\"0\"><\/iframe>\n\n<ul>\n<li><a href=\"https:\/\/www.facebook.com\/PlayPresta\/videos\/635258477182628\/?__so__=permalink&amp;__rv__=related_videos\"><span style=\"font-size: 18pt\">Cuentu <strong><em>\u00abL\u00b4ablanera nel Festival de l\u00b4Ablana n\u00b4Infiestu\u00bb<\/em><\/strong><\/span><\/a><\/li>\n<li>Cuentu:<a href=\"https:\/\/drive.google.com\/file\/d\/1zodIKyaBiZhlI83RgrYcMlcMwNtSZXRL\/view\" target=\"_blank\" rel=\"noopener noreferrer\"><strong><em>La lleenda de L\u00b4Ablanera<\/em><\/strong><em>\u00a0 (pdf)<\/em><\/a><\/li>\n<li><em><a href=\"https:\/\/youtu.be\/Dh5dYGGkWXw\" target=\"_blank\" rel=\"noopener noreferrer\">Videu Youtube<\/a><\/em><\/li>\n<\/ul>\n\n<!-- iframe plugin v.6.0 wordpress.org\/plugins\/iframe\/ -->\n<iframe loading=\"lazy\" width=\"706\" height=\"397\" src=\"https:\/\/www.youtube.com\/embed\/Dh5dYGGkWXw\" scrolling=\"yes\" class=\"iframe-class\" frameborder=\"0\"><\/iframe>\n\n<ul>\n<li><a href=\"https:\/\/alojaweb.educastur.es\/documents\/1933793\/0\/Carta++la+Ablanera\/bd3dd56b-d0bc-4430-8e32-55ab020ae5f2\"><em><span style=\"font-size: 14pt\">Carta\u00a0 carta que los ni\u00f1os pueden escribir a L\u2019Ablanera, en la que podr\u00e1n hacer sus peticiones para la Nochebuena. <\/span><\/em><\/a><\/li>\n<\/ul>\n<p>TEMA:<span style=\"color: #008080\"><em><strong><span style=\"font-size: 18pt\"> Festival de la Avellana en Infiesto, 4 de octubre 2020. <\/span><\/strong><\/em><\/span><span style=\"font-size: 14pt;color: #008080\"><em>Fiesta de Inter\u00e9s Tur\u00edstico Regional<\/em><\/span><\/p>\n<h2><span style=\"font-size: 18pt\">El pr\u00f3ximo domingo 4 de octubre se celebrar\u00e1 la edici\u00f3n n\u00famero 49 del Festival de la Avellana en Infiesto.<a href=\"https:\/\/www.youtube.com\/watch?v=Dd59_K4a1xc\"> Ver video 2020<\/a><br \/>\n<\/span><\/h2>\n<p><em><span style=\"font-size: 18pt\">El alcalde de Pilo\u00f1a, <strong>Iv\u00e1n Allende<\/strong>, junto con el ilustrador del cartel, <strong>Valent\u00edn del Fresno<\/strong>, as\u00ed como las concejalas Patricia Ferrero y Viri Iglesias, presentaron en la ma\u00f1ana del lunes 14 de septiembre, una nueva edici\u00f3n del <strong>Festival de la Avellana<\/strong>. <\/span><span style=\"font-size: 18pt\">Est\u00e1 edici\u00f3n del Festival solo tendr\u00e1 puestos de cosechadores de ablana, no habr\u00e1 puestos de alimentaci\u00f3n, ni exposici\u00f3n de artesanos, ni mercadillo. En la carpa de la plaza del ganado, estar\u00e1n todos los cosechadores que se han apuntado, y se dispondr\u00e1 de un circuito de entrada y otro de salida para que <\/span><span style=\"font-size: 18pt\">el p\u00fablico pueda visitar la plaza del ganado con total seguridad. Ser\u00e1 un circuito en un s\u00f3lo sentido, y habr\u00e1 control de accesos y aforo.<\/span><\/em><\/p>\n<p><em><span style=\"font-size: 18pt\">El <a href=\"https:\/\/www.youtube.com\/watch?v=q5l_QP1mn-w\">preg\u00f3n del <strong>Festival de la Avellana<\/strong> estar\u00e1 a cargo del artista multidisciplinar, <strong>Rodrigo Cuevas<\/strong><\/a>, vecino de la localidad de <strong>Caperea<\/strong>\u00a0en parroquia de <strong>Artedosa<\/strong>, y se realizar\u00e1 el viernes 2 de octubre durante la tarde. Solo habr\u00e1 <strong>Feria de Ganado<\/strong>, y no habr\u00e1 concursos&#8230;<\/span><\/em><\/p>\n<p><em><span style=\"font-size: 18pt\">Este a\u00f1o, las previsiones son de \u00abbuena cosecha\u00bb, por lo que tendr\u00e1n la oportunidad de poner a la venta el fruto recogido en estas semanas. Los puestos quedar\u00e1n reservados en exclusiva a cosecheros de avellana, pues el Ayuntamiento no tiene previsto celebrar el mercadillo con otro tipo de productos. Tampoco figura entre sus planes acompa\u00f1ar la feria ganadera de puestos de venta y, como alternativa, la opci\u00f3n que baraja el equipo de gobierno pasa por concentrar los mercados el lunes 12 de octubre. Ese d\u00eda, coincidiendo con el mercado semanal, \u00abpodr\u00e1 haber alg\u00fan puesto m\u00e1s\u00bb, se\u00f1ala Allende.<a href=\"https:\/\/www.youtube.com\/watch?v=NuQyccd7Pz8&amp;list=TLPQMTIxMDIwMjA-Aue2a8iQrQ&amp;index=2\"> Ver videu 2013.<\/a><br \/>\n<\/span><\/em><\/p>\n<p><span style=\"font-size: 24pt;color: #008080\"><em><strong>La<a href=\"https:\/\/es.wikipedia.org\/wiki\/Avellana\"> avellana<\/a> \/ ablana<\/strong><\/em><\/span><\/p>\n<p><a href=\"https:\/\/static3.elnortedecastilla.es\/www\/multimedia\/201811\/20\/media\/cortadas\/avellana-k6yH-U6016352413039wG-624x385@El%20Norte.jpg\"><img loading=\"lazy\" decoding=\"async\" class=\"alignnone \" src=\"https:\/\/static3.elnortedecastilla.es\/www\/multimedia\/201811\/20\/media\/cortadas\/avellana-k6yH-U6016352413039wG-624x385@El%20Norte.jpg\" width=\"324\" height=\"200\" \/><\/a>\/<\/p>\n<p><span style=\"font-size: 18pt\">La <b>avellana<\/b> es el <a title=\"Fruto\" href=\"https:\/\/es.wikipedia.org\/wiki\/Fruto\">fruto<\/a> de tipo <a title=\"N\u00facula\" href=\"https:\/\/es.wikipedia.org\/wiki\/N%C3%BAcula\">nuez<\/a> del avellano com\u00fan, <i><a title=\"Corylus avellana\" href=\"https:\/\/es.wikipedia.org\/wiki\/Corylus_avellana\">Corylus avellana<\/a><\/i>.\u00a0 Tiene forma esferoidal, con un di\u00e1metro aproximado de 10 a 15\u00a0mm. Est\u00e1 formada por una c\u00e1scara fibrosa externa que rodea una cubierta lisa en la que se aloja la <a title=\"Semilla\" href=\"https:\/\/es.wikipedia.org\/wiki\/Semilla\">semilla<\/a>. La c\u00e1scara fibrosa se seca durante la maduraci\u00f3n. <a href=\"https:\/\/es.wikipedia.org\/wiki\/Avellana\">Ver en Wikipedia.<\/a><\/span><\/p>\n<p><a href=\"https:\/\/static1.abc.es\/media\/bienestar\/2020\/09\/26\/avellanas-k90G--620x349@abc.jpg\"><img loading=\"lazy\" decoding=\"async\" class=\"alignnone \" src=\"https:\/\/static1.abc.es\/media\/bienestar\/2020\/09\/26\/avellanas-k90G--620x349@abc.jpg\" width=\"301\" height=\"169\" \/><\/a>\u00a0 \/ \u00a0 <a href=\"https:\/\/upload.wikimedia.org\/wikipedia\/commons\/thumb\/b\/b4\/Owoce_Orzech_laskowy.jpg\/800px-Owoce_Orzech_laskowy.jpg\"><img loading=\"lazy\" decoding=\"async\" class=\"alignnone \" src=\"https:\/\/upload.wikimedia.org\/wikipedia\/commons\/thumb\/b\/b4\/Owoce_Orzech_laskowy.jpg\/800px-Owoce_Orzech_laskowy.jpg\" width=\"167\" height=\"167\" \/><\/a><\/p>\n<h2><span style=\"font-size: 18pt\"><em><span style=\"color: #008080\">\u00bfQu\u00e9 es exactamente la avellana y de d\u00f3nde proviene?<\/span> La avellana es el fruto del Corylus <a href=\"https:\/\/www.nutsupply.com\/es\/frutos-secos\/avellanas\/\">avellana<\/a> (avellano com\u00fan) perteneciente a la familia de las betul\u00e1ceas. Su contenido en agua es del 10%, motivo por el que<span style=\"color: #008080\"> se considera un fruto seco<\/span>, y es tipo nuez pues consta de una c\u00e1scara fibrosa externa que recubre la semilla comestible interior que, a su vez, est\u00e1 recubierta por una piel oscura consumible de sabor amargo.\u00a0 <\/em><\/span><span style=\"font-size: 18pt\"><em>Su nombre tiene origen en el lat\u00edn, nux abellana, y significa \u00ab<span style=\"color: #008080\">nuez de Avella<\/span>\u00ab, localidad italiana de la provincia de Avellino. Sin embargo, algunos antrop\u00f3logos la sit\u00faan en Mesopotamia, habiendo sido introducida en Europa por los griegos. <a href=\"https:\/\/www.frutas-hortalizas.com\/Frutas\/Origen-produccion-Avellana.html\">Ver origen&#8230;<\/a><\/em> <\/span><\/h2>\n<p><span style=\"font-size: 18pt\"><em><span style=\"color: #008080\">Uso y consumo de la avellana.<\/span> Este fruto seco tiene diferentes usos y es completamente aprovechable. La c\u00e1scara dura exterior tiene usos como combustible (biomasa) y piezas de artesan\u00eda.\u00a0<\/em> En lo que se refiere al consumo, <span style=\"color: #008080\">puede tomarse tanto cruda como cocinada, entera, triturada o en pasta.<\/span> Se puede comer sola o como complemento a diferentes tipos de platos, siendo muy relevante su uso en la confiter\u00eda, con presencia en diferentes dulces y en los postres de chocolate.\u00a0 Tambi\u00e9n puede usarse para hacer aceite terap\u00e9utico por sus grandes cualidades como producto hidratante, reparador y de r\u00e1pida absorci\u00f3n por la piel, siendo uno de los m\u00e1s comunes en las terapias de masajes y quiromasajes.<\/span><\/p>\n<p><a href=\"https:\/\/centrocarmencarballude.com\/blog\/wp-content\/uploads\/2017\/01\/Avellanoo-750x458.png\"><img loading=\"lazy\" decoding=\"async\" class=\"alignnone \" src=\"https:\/\/centrocarmencarballude.com\/blog\/wp-content\/uploads\/2017\/01\/Avellanoo-750x458.png\" width=\"239\" height=\"146\" \/><\/a>\u00a0 \/<a href=\"https:\/\/cdn5.dibujos.net\/dibujos\/pintar\/avellanas_2.png\"><img loading=\"lazy\" decoding=\"async\" class=\"alignnone \" src=\"https:\/\/cdn5.dibujos.net\/dibujos\/pintar\/avellanas_2.png\" width=\"211\" height=\"165\" \/><\/a>\u00a0 \/ <a href=\"https:\/\/encrypted-tbn0.gstatic.com\/images?q=tbn%3AANd9GcQXrasBrn-6jfxd9hE5dFy83e5XnKwTIhLeXA&amp;usqp=CAU\"><img loading=\"lazy\" decoding=\"async\" class=\"alignnone \" src=\"https:\/\/encrypted-tbn0.gstatic.com\/images?q=tbn%3AANd9GcQXrasBrn-6jfxd9hE5dFy83e5XnKwTIhLeXA&amp;usqp=CAU\" width=\"148\" height=\"146\" \/><\/a><\/p>\n<p><a href=\"https:\/\/upload.wikimedia.org\/wikipedia\/commons\/thumb\/e\/e1\/Illustration_Corylus_avellana0.jpg\/1200px-Illustration_Corylus_avellana0.jpg\"><img loading=\"lazy\" decoding=\"async\" class=\"alignnone \" src=\"https:\/\/upload.wikimedia.org\/wikipedia\/commons\/thumb\/e\/e1\/Illustration_Corylus_avellana0.jpg\/1200px-Illustration_Corylus_avellana0.jpg\" width=\"618\" height=\"1005\" \/><\/a><\/p>\n<p><em><span style=\"font-size: 18pt\"><span style=\"color: #008080\"><strong>La avellana se origin\u00f3 en Asia<\/strong><\/span> y muchas de las variedades cultivadas hoy tienen su origen en el siglo XIX. <\/span><\/em><em><span style=\"font-size: 18pt\">En el mundo se producen unas 700.000t y <span style=\"color: #008080\"><strong>Espa\u00f1a ocupa el tercer lugar, siendo Catalu\u00f1a la principal zona de cultivo. <\/strong><\/span><\/span><\/em><em><span style=\"font-size: 18pt\">La avellana es originaria de Asia Menor, y se han encontrado manuscritos chinos que cinco mil a\u00f1os atr\u00e1s ya la mencionan. <span style=\"color: #008080\">Los griegos y romanos la difundieron por toda Europa<\/span>, donde se ha utilizado a lo largo de los siglos hasta la actualidad. Muchas de las variedades cultivadas actualmente se obtuvieron en el siglo XIX, en el que se desarroll\u00f3 un gran inter\u00e9s por la hibridaci\u00f3n y selecci\u00f3n de especies. <\/span><\/em><em><span style=\"font-size: 18pt\">La producci\u00f3n mundial estimada est\u00e1 alrededor de 650-700.000t en los \u00faltimos a\u00f1os y <span style=\"color: #008080\">los principales pa\u00edses productores son Turqu\u00eda, Italia, Espa\u00f1a y Estados Unidos.<\/span><\/span><\/em><\/p>\n<p>&nbsp;<\/p>\n<p>&nbsp;<\/p>\n<p>&nbsp;<\/p>\n<p>&nbsp;<\/p>\n","protected":false},"excerpt":{"rendered":"<p>Presentaci\u00f3n \/ Portada \/ Qu\u00e9 vamos a ver este curso&#8230; La Seronda \/ Oto\u00f1o en Asturias Ficha de Mirian (\u00c1rboles t\u00edpicos astruianos) y de Roc\u00edo T.\u00a0 (Los bosques de Asturias) Cuentu de L\u00b4ablanera (ver videu), escuchar audio y lleer pdf. Cuentu \u00abL\u00b4ablanera nel Festival de l\u00b4Ablana n\u00b4Infiestu\u00bb Cuentu:La lleenda de L\u00b4Ablanera\u00a0 (pdf) Videu Youtube Carta\u00a0 [&hellip;]<\/p>\n","protected":false},"author":117,"featured_media":0,"parent":1435,"menu_order":0,"comment_status":"closed","ping_status":"closed","template":"","meta":{"footnotes":""},"class_list":["post-1650","page","type-page","status-publish","hentry","post-preview"],"_links":{"self":[{"href":"https:\/\/edublog.educastur.es\/corredoria3\/wp-json\/wp\/v2\/pages\/1650","targetHints":{"allow":["GET"]}}],"collection":[{"href":"https:\/\/edublog.educastur.es\/corredoria3\/wp-json\/wp\/v2\/pages"}],"about":[{"href":"https:\/\/edublog.educastur.es\/corredoria3\/wp-json\/wp\/v2\/types\/page"}],"author":[{"embeddable":true,"href":"https:\/\/edublog.educastur.es\/corredoria3\/wp-json\/wp\/v2\/users\/117"}],"replies":[{"embeddable":true,"href":"https:\/\/edublog.educastur.es\/corredoria3\/wp-json\/wp\/v2\/comments?post=1650"}],"version-history":[{"count":13,"href":"https:\/\/edublog.educastur.es\/corredoria3\/wp-json\/wp\/v2\/pages\/1650\/revisions"}],"predecessor-version":[{"id":4713,"href":"https:\/\/edublog.educastur.es\/corredoria3\/wp-json\/wp\/v2\/pages\/1650\/revisions\/4713"}],"up":[{"embeddable":true,"href":"https:\/\/edublog.educastur.es\/corredoria3\/wp-json\/wp\/v2\/pages\/1435"}],"wp:attachment":[{"href":"https:\/\/edublog.educastur.es\/corredoria3\/wp-json\/wp\/v2\/media?parent=1650"}],"curies":[{"name":"wp","href":"https:\/\/api.w.org\/{rel}","templated":true}]}}