{"id":1759,"date":"2020-10-15T20:08:55","date_gmt":"2020-10-15T18:08:55","guid":{"rendered":"https:\/\/edublog.educastur.es\/corredoria3\/?page_id=1759"},"modified":"2021-11-06T14:28:23","modified_gmt":"2021-11-06T12:28:23","slug":"sesion-05","status":"publish","type":"page","link":"https:\/\/edublog.educastur.es\/corredoria3\/3o-pri\/cultura-asturiana\/primer-trimestre\/sesion-05\/","title":{"rendered":"Sesi\u00f3n 05"},"content":{"rendered":"<p><span style=\"font-size: 18pt\"><strong><em>\u00bfReconoces alguna construcci\u00f3n t\u00edpica asturiana en esta im\u00e1gen?\u00a0 Ampliar im\u00e1gen!!!<br \/>\n\u00bfCu\u00e1l? \u00bfC\u00f3mo se llama?<\/em><\/strong><\/span><\/p>\n<p><span style=\"font-size: 18pt\"><a href=\"https:\/\/www.territoriomuseo.com\/UserFiles\/1\/Image\/Pozu%20Espinos\/Camisetas_Skyline_ok1.jpg\"><img loading=\"lazy\" decoding=\"async\" class=\"alignnone \" src=\"https:\/\/www.territoriomuseo.com\/UserFiles\/1\/Image\/Pozu%20Espinos\/Camisetas_Skyline_ok1.jpg\" width=\"678\" height=\"265\" \/><\/a><\/span><\/p>\n<p><span style=\"font-size: 18pt\"><a href=\"https:\/\/espanafascinante.com\/wp-content\/uploads\/La-Regalina-1-1.jpg\"><strong><em>Efect\u00edvamente&#8230; hoy vamos a hablar y ver qu\u00e9 es un &#8230; (clic aqu\u00ed)<\/em><\/strong><\/a><\/span><\/p>\n<ul>\n<li><a href=\"https:\/\/educastur-my.sharepoint.com\/:b:\/g\/personal\/isabellh_educastur_org\/ETRWlYOWMupDshH6e77WOTwB2-rYc5k2ACtM-zuvvzOc1A?e=mv86IC\"><span style=\"color: #008080\"><strong><span style=\"font-size: 18pt\"><em>Actividad en castellano<\/em><\/span><\/strong><\/span><\/a><\/li>\n<li><a href=\"https:\/\/educastur-my.sharepoint.com\/:b:\/g\/personal\/isabellh_educastur_org\/EdTDpt2KhDBAvsaeh9PKTjwBAr-qwW4LHKSO9MAM7jkumQ?e=YGaY7d\"><span style=\"color: #008080\"><strong><span style=\"font-size: 18pt\"><em>Activid\u00e1 n\u00b4asturianu<\/em><\/span><\/strong><\/span><\/a><\/li>\n<\/ul>\n<p style=\"text-align: center\"><span style=\"font-size: 18pt;color: #800000\"><strong>Pendiente actualizar im\u00e1genes<\/strong><\/span><\/p>\n<p><span style=\"color: #008080;font-size: 18pt\"><em>H\u00f3rreo Noruego<\/em><\/span><\/p>\n<p>&nbsp;<\/p>\n<p><span style=\"font-size: 18pt;color: #008080\"><em>H\u00f3rreos europeos:<\/em><\/span><\/p>\n<p>&nbsp;<\/p>\n<hr \/>\n<p><span style=\"font-size: 18pt;color: #800000\"><strong><em>H\u00f3rreos y paneras en Asturias<\/em><\/strong><\/span><\/p>\n<ul>\n<li><a href=\"https:\/\/www.lavozdeasturias.es\/noticia\/asturias\/2018\/01\/02\/beyusco-horreo-primitivo\/00031514912949790327112.htm#\"><em><span style=\"font-size: 18pt\">Beyusco, el h\u00f3rreo m\u00e1s primitivo&#8230;<\/span><\/em><\/a><\/li>\n<\/ul>\n<p><a href=\"https:\/\/cflvdg.avoz.es\/sc\/Gz64-eORuPI4s_jGHfhs94BRRP4=\/x\/2018\/01\/02\/00121514915680006578800\/Foto\/croquis.jpg\"><img loading=\"lazy\" decoding=\"async\" class=\"alignnone size-full\" src=\"https:\/\/cflvdg.avoz.es\/sc\/Gz64-eORuPI4s_jGHfhs94BRRP4=\/x\/2018\/01\/02\/00121514915680006578800\/Foto\/croquis.jpg\" width=\"1280\" height=\"720\" \/><\/a><\/p>\n<p style=\"text-align: center\">\n<!-- iframe plugin v.6.0 wordpress.org\/plugins\/iframe\/ -->\n<iframe loading=\"lazy\" src=\"https:\/\/www.facebook.com\/plugins\/video.php?height=314&#038;href=https%3A%2F%2Fwww.facebook.com%2F108001447401034%2Fvideos%2F384943916639883%2F&#038;show_text=true&#038;width=560&#038;t=0\" width=\"560\" height=\"429\" style=\"border:none;overflow:hidden\" scrolling=\"no\" frameborder=\"0\" allowfullscreen=\"true\" allow=\"autoplay; clipboard-write; encrypted-media; picture-in-picture; web-share\" 0=\"\/iframe\" class=\"iframe-class\"><\/iframe>\n<\/p>\n<ul>\n<li><a href=\"https:\/\/territoriomuseo.com\/noticias\/show\/871-los-horreos-beyuscos-un-patrimonio-escondido\"><span style=\"color: #008080\"><em><span style=\"font-size: 14pt\">H\u00f3rreo beyusco, patrimonio escondido (VER CARACTER\u00cdSTICA)<\/span><\/em><\/span><\/a><\/li>\n<\/ul>\n<p><a href=\"https:\/\/territoriomuseo.com\/UserFiles\/1\/Image\/GUILLE\/68047794.jpg\"><img loading=\"lazy\" decoding=\"async\" class=\"alignnone size-full\" src=\"https:\/\/territoriomuseo.com\/UserFiles\/1\/Image\/GUILLE\/68047794.jpg\" width=\"1024\" height=\"680\" \/><\/a><\/p>\n<hr \/>\n<p>&nbsp;<\/p>\n<p><span style=\"font-size: 18pt;color: #008080\"><strong><em>En Asturias tenemos tres construcciones t\u00edpicas como granero y para guardar la cosecha y algunos alimentos: H\u00f3rreos, paneras y cabazos.<\/em><\/strong><\/span><\/p>\n<p>&nbsp;<\/p>\n<p><a href=\"https:\/\/3.bp.blogspot.com\/-ADIkIZcECcs\/VJcXfozdrlI\/AAAAAAAAVBk\/LTHSDUu6-qk\/s1600\/h%C3%B3rreo.jpg\"><img loading=\"lazy\" decoding=\"async\" class=\"alignnone \" src=\"https:\/\/3.bp.blogspot.com\/-ADIkIZcECcs\/VJcXfozdrlI\/AAAAAAAAVBk\/LTHSDUu6-qk\/s1600\/h%C3%B3rreo.jpg\" width=\"1244\" height=\"933\" \/><\/a><\/p>\n<p><a href=\"https:\/\/i.pinimg.com\/originals\/3a\/81\/16\/3a8116275cc7814855e254594965bc49.jpg\"><img loading=\"lazy\" decoding=\"async\" class=\"alignnone size-full\" src=\"https:\/\/i.pinimg.com\/originals\/3a\/81\/16\/3a8116275cc7814855e254594965bc49.jpg\" width=\"1024\" height=\"768\" \/><\/a><\/p>\n<ul>\n<li><a href=\"http:\/\/www.museodegrandas.es\/el-museo\/17-cabazo\/\"><span style=\"font-size: 18pt\"><strong><em>Ver en Museo Pepe Ferreiro<\/em><\/strong><\/span><\/a><\/li>\n<li><a href=\"https:\/\/www.diariodelviajero.com\/espana\/asturias-horreos-paneras-y-cabazos\"><em><span style=\"font-size: 18pt\">Asturias: h\u00f3rreos, paneras y cabazos (ver)<\/span><\/em><\/a><\/li>\n<\/ul>\n<hr \/>\n<p>&nbsp;<\/p>\n<p><strong><em>Partes de un h\u00f3rreo<\/em><\/strong><\/p>\n<p>&nbsp;<\/p>\n<p><strong><em>Vista superior, desde arriba<\/em><\/strong><\/p>\n<p>&nbsp;<\/p>\n<p><strong><em>Observamos m\u00e1s partes<\/em><\/strong><\/p>\n<p>&nbsp;<\/p>\n<p><strong><em>Si separamos las piezas del h\u00f3rreo en partes, encontramos todas estas&#8230;<\/em><\/strong><\/p>\n<ul>\n<li><a href=\"https:\/\/www.youtube.com\/watch?v=CamIQUuQMDo\"><em>Video: Partes de un h\u00f3rreo asturiano<\/em><\/a><\/li>\n<\/ul>\n<p>&nbsp;<\/p>\n<p><span style=\"font-size: 24pt;color: #008080\"><strong><em>Colondres: <\/em><\/strong><em>tres estilos = Villaviciosa, Carre\u00f1o y Allande<\/em><\/span><\/p>\n<p>&nbsp;<\/p>\n<p><span style=\"font-size: 14pt;color: #008080\"><strong><em>En Asturias es t\u00edpico aprovechar los h\u00f3rreos para almacenar, entre otros alimentos, el ma\u00edz recogido y enriestrado (esfoyaza) ahora en los meses de octubre y noviembre.<\/em><\/strong><\/span><\/p>\n<p>&nbsp;<\/p>\n<hr \/>\n<p><span style=\"font-size: 18pt;color: #008080\"><strong><em>En Bue\u00f1o, cerca de oviedo, existe un museo dedicado al H\u00f3rreo.<\/em><\/strong><\/span><\/p>\n<h1><img loading=\"lazy\" decoding=\"async\" class=\"alignnone \" src=\"https:\/\/www.territoriomuseo.com\/UserFiles\/1\/Image\/Pozu%20Espinos\/LOGO%2056.jpg\" width=\"211\" height=\"210\" \/><\/h1>\n<h1><span style=\"color: #008080\"><strong><span class=\"titulo\"><em>Centro de Interpretaci\u00f3n del H\u00f3rreo de G\u00fce\u00f1u \/ Bue\u00f1o<\/em> <\/span><\/strong><\/span><\/h1>\n<p><a href=\"https:\/\/www.territoriomuseo.com\/UserFiles\/1\/Image\/Horreo\/IMG_4651.jpg\"><img loading=\"lazy\" decoding=\"async\" class=\"alignnone size-full\" src=\"https:\/\/www.territoriomuseo.com\/UserFiles\/1\/Image\/Horreo\/IMG_4651.jpg\" width=\"1000\" height=\"636\" \/><\/a><\/p>\n<h4><span style=\"font-size: 18pt\"><em><strong>\u00a0 \u00a0 \u00a0<\/strong><strong>ENTRADA GRATUITA<\/strong><\/em><\/span><\/h4>\n<ul>\n<li><span style=\"font-size: 18pt\"><em><a href=\"https:\/\/www.territoriomuseo.com\/UserFiles\/1\/File\/DossierCIHorreo.pdf\">Dossier de actividades<\/a><\/em><\/span><\/li>\n<li><span style=\"font-size: 18pt\"><em><a href=\"https:\/\/www.territoriomuseo.com\/UserFiles\/1\/File\/Folleto%20CIH%202013%20WEB.pdf\">Folleto informativo<\/a><\/em><\/span><\/li>\n<li><span style=\"font-size: 18pt\"><a href=\"http:\/\/youtu.be\/Vz2EnydJex0\"><em>Video del centro de Interpretaci\u00f3n<\/em><\/a><\/span><\/li>\n<\/ul>\n<p>&nbsp;<\/p>\n<ul>\n<li><span style=\"font-size: 18pt\"><a href=\"https:\/\/www.youtube.com\/watch?v=_5rCom3VMxU\"><em>Paseo de los h\u00f3rreos de Bue\u00f1o<\/em><\/a><\/span><\/li>\n<\/ul>\n<p><span style=\"font-size: 18pt\">\n<!-- iframe plugin v.6.0 wordpress.org\/plugins\/iframe\/ -->\n<iframe loading=\"lazy\" width=\"588\" height=\"331\" src=\"https:\/\/www.youtube.com\/embed\/_5rCom3VMxU\" scrolling=\"yes\" class=\"iframe-class\" frameborder=\"0\"><\/iframe>\n<\/span><\/p>\n<ul>\n<li><span style=\"font-size: 18pt\"><a href=\"https:\/\/www.youtube.com\/watch?v=0k3Cc1EBGYM\">Video: El h\u00f3rreos asturiano: Historia y estructura<\/a><\/span><\/li>\n<\/ul>\n<p><span style=\"font-size: 18pt\">\n<!-- iframe plugin v.6.0 wordpress.org\/plugins\/iframe\/ -->\n<iframe loading=\"lazy\" width=\"588\" height=\"331\" src=\"https:\/\/www.youtube.com\/embed\/0k3Cc1EBGYM\" scrolling=\"yes\" class=\"iframe-class\" frameborder=\"0\"><\/iframe>\n<\/span><\/p>\n<ul>\n<li><span style=\"font-size: 18pt\"><em><a href=\"https:\/\/www.youtube.com\/watch?v=CQAXk9lKu50\">Video: Paneras en Asturias (ver alguna&#8230;)<\/a><\/em><\/span><\/li>\n<\/ul>\n<h2 class=\"titulo-home-h2\"><span style=\"font-size: 18pt\">PANERAS<\/span><\/h2>\n<p><a href=\"https:\/\/lapaneradesancristobal.es\/turismo-rural-asturias\/sabes-lo-que-es-una-panera-asturiana\/\"><span style=\"font-size: 18pt\">\u00bfSabes lo que es una panera asturiana?<\/span><\/a><\/p>\n<p><a href=\"https:\/\/photos.wikimapia.org\/p\/00\/05\/46\/76\/85_full.jpg\"><img loading=\"lazy\" decoding=\"async\" class=\"alignnone size-full\" src=\"https:\/\/photos.wikimapia.org\/p\/00\/05\/46\/76\/85_full.jpg\" width=\"2288\" height=\"1712\" \/><\/a><\/p>\n<p>&nbsp;<\/p>\n<p><a href=\"https:\/\/www.compostela24horas.com\/multimedia\/images\/IMGP7286.JPG\"><img loading=\"lazy\" decoding=\"async\" class=\"alignnone size-full\" src=\"https:\/\/www.compostela24horas.com\/multimedia\/images\/IMGP7286.JPG\" width=\"1600\" height=\"1055\" \/><\/a><\/p>\n<p><span style=\"color: #008080\"><strong><em><span style=\"font-size: 24pt\">Cabazos<\/span><\/em><\/strong><\/span><\/p>\n<p><a href=\"https:\/\/www.taramundi.es\/documents\/129615\/5122387\/DSC_9722_opt.jpg\/80dc0441-2004-4c33-9905-065f3df6478d?t=1584625433503\"><img loading=\"lazy\" decoding=\"async\" class=\"alignnone \" src=\"https:\/\/www.taramundi.es\/documents\/129615\/5122387\/DSC_9722_opt.jpg\/80dc0441-2004-4c33-9905-065f3df6478d?t=1584625433503\" width=\"767\" height=\"510\" \/><\/a><\/p>\n<p><a href=\"http:\/\/2.bp.blogspot.com\/-c3oKcDbpLUk\/Tkuc0G5QZwI\/AAAAAAAAFsM\/1LqziWHK-rg\/s1600\/2798-cabazo%2BBres.jpg\"><img loading=\"lazy\" decoding=\"async\" class=\"alignnone size-full\" src=\"http:\/\/2.bp.blogspot.com\/-c3oKcDbpLUk\/Tkuc0G5QZwI\/AAAAAAAAFsM\/1LqziWHK-rg\/s1600\/2798-cabazo%2BBres.jpg\" width=\"1100\" height=\"733\" \/><\/a><\/p>\n<ul>\n<li><a href=\"https:\/\/edublog.educastur.es\/cultura\/construccion\/panera\/\">Ver Panera estilo Carre\u00f1o<\/a><\/li>\n<li><a href=\"https:\/\/www.facebook.com\/joaquinm.alvarezgonzalez\/posts\/2050640408406773\">Ver todas las fotos (Facebook)<\/a><\/li>\n<\/ul>\n<p>&nbsp;<\/p>\n<p>&nbsp;<\/p>\n<p>&nbsp;<\/p>\n<p>&nbsp;<\/p>\n<p>&nbsp;<\/p>\n<p>&nbsp;<\/p>\n<p>&nbsp;<\/p>\n","protected":false},"excerpt":{"rendered":"<p>\u00bfReconoces alguna construcci\u00f3n t\u00edpica asturiana en esta im\u00e1gen?\u00a0 Ampliar im\u00e1gen!!! \u00bfCu\u00e1l? \u00bfC\u00f3mo se llama? Efect\u00edvamente&#8230; hoy vamos a hablar y ver qu\u00e9 es un &#8230; (clic aqu\u00ed) Actividad en castellano Activid\u00e1 n\u00b4asturianu Pendiente actualizar im\u00e1genes H\u00f3rreo Noruego &nbsp; H\u00f3rreos europeos: &nbsp; H\u00f3rreos y paneras en Asturias Beyusco, el h\u00f3rreo m\u00e1s primitivo&#8230; H\u00f3rreo beyusco, patrimonio escondido [&hellip;]<\/p>\n","protected":false},"author":117,"featured_media":0,"parent":1435,"menu_order":0,"comment_status":"closed","ping_status":"closed","template":"","meta":{"footnotes":""},"class_list":["post-1759","page","type-page","status-publish","hentry","post-preview"],"_links":{"self":[{"href":"https:\/\/edublog.educastur.es\/corredoria3\/wp-json\/wp\/v2\/pages\/1759","targetHints":{"allow":["GET"]}}],"collection":[{"href":"https:\/\/edublog.educastur.es\/corredoria3\/wp-json\/wp\/v2\/pages"}],"about":[{"href":"https:\/\/edublog.educastur.es\/corredoria3\/wp-json\/wp\/v2\/types\/page"}],"author":[{"embeddable":true,"href":"https:\/\/edublog.educastur.es\/corredoria3\/wp-json\/wp\/v2\/users\/117"}],"replies":[{"embeddable":true,"href":"https:\/\/edublog.educastur.es\/corredoria3\/wp-json\/wp\/v2\/comments?post=1759"}],"version-history":[{"count":9,"href":"https:\/\/edublog.educastur.es\/corredoria3\/wp-json\/wp\/v2\/pages\/1759\/revisions"}],"predecessor-version":[{"id":2112,"href":"https:\/\/edublog.educastur.es\/corredoria3\/wp-json\/wp\/v2\/pages\/1759\/revisions\/2112"}],"up":[{"embeddable":true,"href":"https:\/\/edublog.educastur.es\/corredoria3\/wp-json\/wp\/v2\/pages\/1435"}],"wp:attachment":[{"href":"https:\/\/edublog.educastur.es\/corredoria3\/wp-json\/wp\/v2\/media?parent=1759"}],"curies":[{"name":"wp","href":"https:\/\/api.w.org\/{rel}","templated":true}]}}