{"id":1824,"date":"2020-10-19T03:42:10","date_gmt":"2020-10-19T01:42:10","guid":{"rendered":"https:\/\/edublog.educastur.es\/corredoria3\/?page_id=1824"},"modified":"2020-10-19T03:48:59","modified_gmt":"2020-10-19T01:48:59","slug":"seminarios-integratek","status":"publish","type":"page","link":"https:\/\/edublog.educastur.es\/corredoria3\/intranet-profes\/seminarios-integratek\/","title":{"rendered":"Seminarios INTEGRATEK"},"content":{"rendered":"<p><a href=\"https:\/\/integratek.es\/archivo-seminarios-online\/?utm_source=Integratek&amp;utm_campaign=4cc1501411-EMAIL_CAMPAIGN_2020_09_17_01_53_COPY_01&amp;utm_medium=email&amp;utm_term=0_27c40fe029-4cc1501411-107733427&amp;goal=0_27c40fe029-4cc1501411-107733427&amp;mc_cid=4cc1501411&amp;mc_eid=ba17738fea\"><img loading=\"lazy\" decoding=\"async\" class=\"alignnone \" src=\"https:\/\/integratek.es\/wp-content\/uploads\/2017\/09\/INTEGRATEK_COLOR_RGB_POSITIU.png\" width=\"324\" height=\"72\" \/><\/a><\/p>\n<p><em><span style=\"font-size: 14pt\"><span style=\"font-size: 18pt\">En este<\/span><a href=\"https:\/\/integratek.es\/archivo-seminarios-online\/?utm_source=Integratek&amp;utm_campaign=4cc1501411-EMAIL_CAMPAIGN_2020_09_17_01_53_COPY_01&amp;utm_medium=email&amp;utm_term=0_27c40fe029-4cc1501411-107733427&amp;goal=0_27c40fe029-4cc1501411-107733427&amp;mc_cid=4cc1501411&amp;mc_eid=ba17738fea\"><span style=\"font-size: 18pt\"><strong> \u00abenlace\u00bb<\/strong> o haciendo clic sobre el logo, ten\u00e9is acceso a los <span style=\"color: #008080\"><strong>Seminarios Online<\/strong><\/span><\/span> <span style=\"font-size: 18pt\">ofrecidos por la <span style=\"color: #ff6600\"><strong>Plataforma Integratek<\/strong>.<\/span><\/span><\/a><\/span><\/em><\/p>\n<h2><span style=\"font-size: 14pt\"><em>Seminarios | Abril 2020: <\/em><\/span><span style=\"font-size: 14pt\"><em>Durante los meses m\u00e1s duros de la pandemia a causa del Covid-19, Integratek ofreci\u00f3 seminarios gratuitos sobre diferentes \u00e1mbitos pedag\u00f3gicos para potenciar el conocimiento de los profesionales de la educaci\u00f3n,<a href=\"https:\/\/integratek.es\/equipo-formadores-integratek\/\"> por algunos de los integrantes de este Equipo de Formadores.<\/a><br \/>\n<\/em><\/span><\/h2>\n<p><a href=\"https:\/\/integratek.es\/wp-content\/uploads\/2020\/10\/seeeeeeee.jpg\"><img loading=\"lazy\" decoding=\"async\" class=\"alignnone \" src=\"https:\/\/integratek.es\/wp-content\/uploads\/2020\/10\/seeeeeeee.jpg\" width=\"507\" height=\"136\" \/><\/a><\/p>\n<p><img loading=\"lazy\" decoding=\"async\" class=\"alignnone \" src=\"https:\/\/universo.integratek.es\/wp-content\/uploads\/sites\/4\/2020\/01\/marca_UDP_negativo-1400x638.png\" width=\"248\" height=\"113\" \/><\/p>\n<p><em><span style=\"font-size: 18pt\">Os recomiendo visitar, en la misma p\u00e1gina, <a href=\"https:\/\/universo.integratek.es\/\">la secci\u00f3n<span style=\"color: #008080\"><strong> Una evoluci\u00f3n en el Trabajo por Proyectos<\/strong><\/span>, Una metodolog\u00eda de Mar Romera y Olga Mart\u00ednez.<\/a><\/span><\/em><\/p>\n<ul>\n<li><span style=\"font-size: 18pt\"><a href=\"https:\/\/universo.integratek.es\/\"><strong><em>https:\/\/universo.integratek.es\/<\/em><\/strong><\/a><\/span><\/li>\n<\/ul>\n<p>&nbsp;<\/p>\n<p>&nbsp;<\/p>\n","protected":false},"excerpt":{"rendered":"<p>En este \u00abenlace\u00bb o haciendo clic sobre el logo, ten\u00e9is acceso a los Seminarios Online ofrecidos por la Plataforma Integratek. Seminarios | Abril 2020: Durante los meses m\u00e1s duros de la pandemia a causa del Covid-19, Integratek ofreci\u00f3 seminarios gratuitos sobre diferentes \u00e1mbitos pedag\u00f3gicos para potenciar el conocimiento de los profesionales de la educaci\u00f3n, por [&hellip;]<\/p>\n","protected":false},"author":117,"featured_media":0,"parent":834,"menu_order":0,"comment_status":"closed","ping_status":"closed","template":"","meta":{"footnotes":""},"class_list":["post-1824","page","type-page","status-publish","hentry","post-preview"],"_links":{"self":[{"href":"https:\/\/edublog.educastur.es\/corredoria3\/wp-json\/wp\/v2\/pages\/1824","targetHints":{"allow":["GET"]}}],"collection":[{"href":"https:\/\/edublog.educastur.es\/corredoria3\/wp-json\/wp\/v2\/pages"}],"about":[{"href":"https:\/\/edublog.educastur.es\/corredoria3\/wp-json\/wp\/v2\/types\/page"}],"author":[{"embeddable":true,"href":"https:\/\/edublog.educastur.es\/corredoria3\/wp-json\/wp\/v2\/users\/117"}],"replies":[{"embeddable":true,"href":"https:\/\/edublog.educastur.es\/corredoria3\/wp-json\/wp\/v2\/comments?post=1824"}],"version-history":[{"count":4,"href":"https:\/\/edublog.educastur.es\/corredoria3\/wp-json\/wp\/v2\/pages\/1824\/revisions"}],"predecessor-version":[{"id":1826,"href":"https:\/\/edublog.educastur.es\/corredoria3\/wp-json\/wp\/v2\/pages\/1824\/revisions\/1826"}],"up":[{"embeddable":true,"href":"https:\/\/edublog.educastur.es\/corredoria3\/wp-json\/wp\/v2\/pages\/834"}],"wp:attachment":[{"href":"https:\/\/edublog.educastur.es\/corredoria3\/wp-json\/wp\/v2\/media?parent=1824"}],"curies":[{"name":"wp","href":"https:\/\/api.w.org\/{rel}","templated":true}]}}