{"id":1940,"date":"2020-10-21T19:38:02","date_gmt":"2020-10-21T17:38:02","guid":{"rendered":"https:\/\/edublog.educastur.es\/corredoria3\/?page_id=1940"},"modified":"2021-11-03T12:21:52","modified_gmt":"2021-11-03T10:21:52","slug":"la-casa-asturiana","status":"publish","type":"page","link":"https:\/\/edublog.educastur.es\/corredoria3\/5o-pri\/cultura-asturiana\/primer-trimestre\/la-casa-asturiana\/","title":{"rendered":"Sesi\u00f3n 03b"},"content":{"rendered":"<h1 id=\"firstHeading\" class=\"firstHeading\"><a href=\"https:\/\/ast.wikipedia.org\/wiki\/Casa_asturiana\">Casa asturiana (Wikipedia)<\/a><\/h1>\n<ul>\n<li><em><span style=\"color: #800080\">No hay ficha, la profe curso pasado hizo un ppt<br \/>\ncon fotos personales y complet\u00f3 la explicaci\u00f3n<br \/>\ncon esta p\u00e1gina.<\/span><\/em><\/li>\n<\/ul>\n<p style=\"text-align: center\">\n<!-- iframe plugin v.6.0 wordpress.org\/plugins\/iframe\/ -->\n<iframe loading=\"lazy\" src=\"https:\/\/drive.google.com\/file\/d\/18vUvl8auQBv9QMaK6sXFv8S3k2PtbJ0c\/preview\" width=\"640\" height=\"860\" allow=\"autoplay\" 0=\"\/iframe\" scrolling=\"yes\" class=\"iframe-class\" frameborder=\"0\"><\/iframe>\n<\/p>\n<div id=\"bodyContent\" class=\"mw-body-content\">\n<div id=\"mw-content-text\" class=\"mw-content-ltr\" dir=\"ltr\" lang=\"ast\">\n<div class=\"mw-parser-output\">\n<div class=\"thumb tright\">\n<div class=\"thumbinner\">\n<p><a href=\"https:\/\/upload.wikimedia.org\/wikipedia\/commons\/thumb\/c\/c8\/Casa_en_Caliao_%28Casu%29.JPG\/1200px-Casa_en_Caliao_%28Casu%29.JPG\"><img loading=\"lazy\" decoding=\"async\" class=\"alignnone size-full\" src=\"https:\/\/upload.wikimedia.org\/wikipedia\/commons\/thumb\/c\/c8\/Casa_en_Caliao_%28Casu%29.JPG\/1200px-Casa_en_Caliao_%28Casu%29.JPG\" width=\"1200\" height=\"900\" \/><\/a><\/p>\n<\/div>\n<\/div>\n<\/div>\n<\/div>\n<\/div>\n<div class=\"thumb tright\">\n<div class=\"thumbinner\">\n<div class=\"thumbcaption\"><em><span style=\"font-size: 14pt\">Casa tradicional en <a title=\"Caliao\" href=\"https:\/\/ast.wikipedia.org\/wiki\/Caliao\">Caliao<\/a> (<a title=\"Casu\" href=\"https:\/\/ast.wikipedia.org\/wiki\/Casu\">Casu<\/a>)<\/span><\/em><\/div>\n<\/div>\n<\/div>\n<p><em><span style=\"font-size: 14pt\">Den\u00f3mase <b>casa asturiana<\/b> a un conxuntu de <a class=\"new\" title=\"Arquiteutura popular (la p\u00e1xina nun esiste)\" href=\"https:\/\/ast.wikipedia.org\/w\/index.php?title=Arquiteutura_popular&amp;action=edit&amp;redlink=1\">construcciones tradicionales<\/a> propies d&#8217;<a class=\"mw-redirect\" title=\"Asturies\" href=\"https:\/\/ast.wikipedia.org\/wiki\/Asturies\">Asturies<\/a> y refer\u00edes tanto al espaciu dedic\u00e1u a vivienda como a la <a title=\"Caser\u00eda\" href=\"https:\/\/ast.wikipedia.org\/wiki\/Caser%C3%ADa\">caser\u00eda<\/a>, la unid\u00e1 d&#8217;esplotaci\u00f3n y producci\u00f3n agropecuaria. L&#8217;elementu central de la caser\u00eda ta constituy\u00edu pola vivienda familiar, qu&#8217;evolucionar\u00e1 d&#8217;estremaes soluciones formales a lo llargo del territoriu asturianu acordies con factores de tipu <a title=\"Ecolox\u00eda\" href=\"https:\/\/ast.wikipedia.org\/wiki\/Ecolox%C3%ADa\">ecol\u00f3xicu<\/a> (<a title=\"Ecolox\u00eda\" href=\"https:\/\/ast.wikipedia.org\/wiki\/Ecolox%C3%ADa\">xeolog\u00eda<\/a>, altor, orientaci\u00f3n y topograf\u00eda de los asitiamientos), factores cronol\u00f3xicos, tradici\u00f3n cultural y capacid\u00e1 econ\u00f3mica de los sos habitantes (factor esti \u00faltimu que va cuntar abondo nel dise\u00f1u y magnit\u00fa de les construcciones y nel inxertu d&#8217;elementos d&#8217;estilu nel mediu rural). Del amiestu de toes estes variables surde una bayurosa tipolox\u00eda que va, dende l&#8217;arcaica casa redonda (onde nun mesmu espaciu conviven la xente y el so arment\u00edu [\u00fan de los h\u00e1bitats m\u00e1s antiguos d&#8217;<a title=\"Ecolox\u00eda\" href=\"https:\/\/ast.wikipedia.org\/wiki\/Ecolox%C3%ADa\">Europa<\/a>, que tien el so aniciu nes carauter\u00edstiques viviendes de planta ronda de los castros de la <a title=\"Ecolox\u00eda\" href=\"https:\/\/ast.wikipedia.org\/wiki\/Ecolox%C3%ADa\">Ed\u00e1 del Fierro<\/a>]) y el so desendolcu, hasta les cases de corredor ente almanques, tresll\u00e1u de modelos urbanos documentaos nes ciudaes y poles asturianes de los <a title=\"Ecolox\u00eda\" href=\"https:\/\/ast.wikipedia.org\/wiki\/Ecolox%C3%ADa\">sieglos XV<\/a> y <a title=\"Sieglu XVI\" href=\"https:\/\/ast.wikipedia.org\/wiki\/Sieglu_XVI\">XVI<\/a>, o les casones d&#8217;influxu <a title=\"Barrocu\" href=\"https:\/\/ast.wikipedia.org\/wiki\/Barrocu\">barrocu<\/a>, propies de campesinos acomodaos.<\/span><\/em><\/p>\n<div id=\"toc\" class=\"toc\" role=\"navigation\" aria-labelledby=\"mw-toc-heading\">\n<div class=\"toctitle\" dir=\"ltr\" lang=\"ast\">\n<h2 id=\"mw-toc-heading\"><em><span style=\"font-size: 14pt\">Conten\u00edu<\/span><\/em><\/h2>\n<\/div>\n<ul>\n<li class=\"toclevel-1 tocsection-1\"><em><span style=\"font-size: 14pt\"><a href=\"https:\/\/ast.wikipedia.org\/wiki\/Casa_asturiana#Tipolox\u00edes\"><span class=\"tocnumber\">1<\/span> <span class=\"toctext\">Tipolox\u00edes<\/span><\/a><\/span><\/em>\n<ul>\n<li class=\"toclevel-2 tocsection-2\"><em><span style=\"font-size: 14pt\"><a href=\"https:\/\/ast.wikipedia.org\/wiki\/Casa_asturiana#La_casa_redonda\"><span class=\"tocnumber\">1.1<\/span> <span class=\"toctext\">La casa redonda<\/span><\/a><\/span><\/em><\/li>\n<li class=\"toclevel-2 tocsection-3\"><em><span style=\"font-size: 14pt\"><a href=\"https:\/\/ast.wikipedia.org\/wiki\/Casa_asturiana#Casa_con_pat\u00edn\"><span class=\"tocnumber\">1.2<\/span> <span class=\"toctext\">Casa con pat\u00edn<\/span><\/a><\/span><\/em><\/li>\n<li class=\"toclevel-2 tocsection-4\"><em><span style=\"font-size: 14pt\"><a href=\"https:\/\/ast.wikipedia.org\/wiki\/Casa_asturiana#Casa_mari\u00f1ana\"><span class=\"tocnumber\">1.3<\/span> <span class=\"toctext\">Casa mari\u00f1ana<\/span><\/a><\/span><\/em><\/li>\n<li class=\"toclevel-2 tocsection-5\"><em><span style=\"font-size: 14pt\"><a href=\"https:\/\/ast.wikipedia.org\/wiki\/Casa_asturiana#Casa_terrena\"><span class=\"tocnumber\">1.4<\/span> <span class=\"toctext\">Casa terrena<\/span><\/a><\/span><\/em>\n<ul>\n<li class=\"toclevel-3 tocsection-6\"><em><span style=\"font-size: 14pt\"><a href=\"https:\/\/ast.wikipedia.org\/wiki\/Casa_asturiana#Casa_tipu_Vid\u00edu\"><span class=\"tocnumber\">1.4.1<\/span> <span class=\"toctext\">Casa tipu Vid\u00edu<\/span><\/a><\/span><\/em><\/li>\n<\/ul>\n<\/li>\n<li class=\"toclevel-2 tocsection-7\"><em><span style=\"font-size: 14pt\"><a href=\"https:\/\/ast.wikipedia.org\/wiki\/Casa_asturiana#Casa_de_turria\"><span class=\"tocnumber\">1.5<\/span> <span class=\"toctext\">Casa de turria<\/span><\/a><\/span><\/em><\/li>\n<li class=\"toclevel-2 tocsection-8\"><em><span style=\"font-size: 14pt\"><a href=\"https:\/\/ast.wikipedia.org\/wiki\/Casa_asturiana#Casa_bloque\"><span class=\"tocnumber\">1.6<\/span> <span class=\"toctext\">Casa bloque<\/span><\/a><\/span><\/em><\/li>\n<li class=\"toclevel-2 tocsection-9\"><em><span style=\"font-size: 14pt\"><a href=\"https:\/\/ast.wikipedia.org\/wiki\/Casa_asturiana#La_cas\u00eda\"><span class=\"tocnumber\">1.7<\/span> <span class=\"toctext\">La cas\u00eda<\/span><\/a><\/span><\/em><\/li>\n<li class=\"toclevel-2 tocsection-10\"><em><span style=\"font-size: 14pt\"><a href=\"https:\/\/ast.wikipedia.org\/wiki\/Casa_asturiana#Casa_de_portal\"><span class=\"tocnumber\">1.8<\/span> <span class=\"toctext\">Casa de portal<\/span><\/a><\/span><\/em><\/li>\n<li class=\"toclevel-2 tocsection-11\"><em><span style=\"font-size: 14pt\"><a href=\"https:\/\/ast.wikipedia.org\/wiki\/Casa_asturiana#Casa_de_corredor\"><span class=\"tocnumber\">1.9<\/span> <span class=\"toctext\">Casa de corredor<\/span><\/a><\/span><\/em><\/li>\n<li class=\"toclevel-2 tocsection-12\"><em><span style=\"font-size: 14pt\"><a href=\"https:\/\/ast.wikipedia.org\/wiki\/Casa_asturiana#Casa_marinera\"><span class=\"tocnumber\">1.10<\/span> <span class=\"toctext\">Casa marinera<\/span><\/a><\/span><\/em><\/li>\n<li class=\"toclevel-2 tocsection-13\"><em><span style=\"font-size: 14pt\"><a href=\"https:\/\/ast.wikipedia.org\/wiki\/Casa_asturiana#Casa_d'indianos\"><span class=\"tocnumber\">1.11<\/span> <span class=\"toctext\">Casa d&#8217;indianos<\/span><\/a><\/span><\/em><\/li>\n<\/ul>\n<\/li>\n<li class=\"toclevel-1 tocsection-14\"><em><span style=\"font-size: 14pt\"><a href=\"https:\/\/ast.wikipedia.org\/wiki\/Casa_asturiana#Ver_tami\u00e9n\"><span class=\"tocnumber\">2<\/span> <span class=\"toctext\">Ver tami\u00e9n<\/span><\/a><\/span><\/em><\/li>\n<\/ul>\n<\/div>\n<h2><em><span style=\"font-size: 14pt\"><span id=\"Tipolox.C3.ADes\"><\/span><span id=\"Tipolox\u00edes\" class=\"mw-headline\" style=\"font-size: 18pt;color: #008080\">Tipolox\u00edes:\u00a0 <\/span><\/span><\/em><span style=\"font-size: 18pt;color: #008080\"><em><span id=\"La_casa_redonda\" class=\"mw-headline\">La casa redonda<\/span><\/em><\/span><\/h2>\n<div class=\"thumbinner\">\n<p><a href=\"https:\/\/upload.wikimedia.org\/wikipedia\/commons\/e\/ee\/Teitu_%28Mus%C3%A9u_del_Pueblu_d%27Asturies%29.JPG\"><img loading=\"lazy\" decoding=\"async\" class=\"alignnone \" src=\"https:\/\/upload.wikimedia.org\/wikipedia\/commons\/e\/ee\/Teitu_%28Mus%C3%A9u_del_Pueblu_d%27Asturies%29.JPG\" width=\"444\" height=\"592\" \/><\/a><\/p>\n<\/div>\n<div class=\"thumb tright\">\n<div class=\"thumbinner\">\n<div class=\"thumbcaption\"><em><span style=\"font-size: 14pt\">Un <a class=\"new\" title=\"Teitu (la p\u00e1xina nun esiste)\" href=\"https:\/\/ast.wikipedia.org\/w\/index.php?title=Teitu&amp;action=edit&amp;redlink=1\">teitu<\/a> nel <a title=\"Mus\u00e9u del Pueblu d'Asturies\" href=\"https:\/\/ast.wikipedia.org\/wiki\/Mus%C3%A9u_del_Pueblu_d%27Asturies\">Mus\u00e9u del Pueblu d&#8217;Asturies<\/a><\/span><\/em><\/div>\n<\/div>\n<\/div>\n<p><em><span style=\"font-size: 14pt\">Delles, la casa redonda ye conocida como <a class=\"new\" title=\"Teitu (la p\u00e1xina nun esiste)\" href=\"https:\/\/ast.wikipedia.org\/w\/index.php?title=Teitu&amp;action=edit&amp;redlink=1\">teitu<\/a> o payoza n&#8217;alusi\u00f3n al material de cubierta, la <a class=\"new\" title=\"Paya (la p\u00e1xina nun esiste)\" href=\"https:\/\/ast.wikipedia.org\/w\/index.php?title=Paya&amp;action=edit&amp;redlink=1\">paya<\/a>. Ye tami\u00e9n denomada corte o payeru, atendiendo a la funci\u00f3n que desempe\u00f1a. Angua\u00f1o alcu\u00e9ntase pr\u00f3xima a la so estinci\u00f3n y g\u00fcei nun esisten cases habitaes d&#8217;esti tipu. Const\u00e1tase&#8217;l so usu n&#8217;<a title=\"Ibias\" href=\"https:\/\/ast.wikipedia.org\/wiki\/Ibias\">Ibias<\/a> y <a title=\"Cangas del Narcea\" href=\"https:\/\/ast.wikipedia.org\/wiki\/Cangas_del_Narcea\">Cangas del Narcea<\/a> pa cumplir la funci\u00f3n de payar o cuadra. Deriva de la <a class=\"new\" title=\"Cultura castre\u00f1a (la p\u00e1xina nun esiste)\" href=\"https:\/\/ast.wikipedia.org\/w\/index.php?title=Cultura_castre%C3%B1a&amp;action=edit&amp;redlink=1\">casa castre\u00f1a<\/a>, pero con unes mid\u00edes m\u00e1s amplies, en tornu a los diez metros de di\u00e1metru. La descripci\u00f3n que fai <a class=\"new\" title=\"Hans Friedrich Gadow (la p\u00e1xina nun esiste)\" href=\"https:\/\/ast.wikipedia.org\/w\/index.php?title=Hans_Friedrich_Gadow&amp;action=edit&amp;redlink=1\">Hans Friedrich Gadow<\/a>, naturalista <a title=\"Alema\u00f1a\" href=\"https:\/\/ast.wikipedia.org\/wiki\/Alema%C3%B1a\">alem\u00e1n<\/a> que viax\u00f3 per Asturies en <a title=\"1895\" href=\"https:\/\/ast.wikipedia.org\/wiki\/1895\">1895<\/a>, d&#8217;una bra\u00f1a del conceyu de <a title=\"\u1e36\u1e37ena\" href=\"https:\/\/ast.wikipedia.org\/wiki\/%E1%B8%B6%E1%B8%B7ena\">\u1e36\u1e37ena<\/a> con unes caba\u00f1es circulares construy\u00edes dafechu de materia vexetal, ye la siguiente:<\/span><\/em><\/p>\n<blockquote class=\"citado\"><p><em><span style=\"font-size: 14pt\">La baxada per esti otru cam\u00edn foi perguapa y mui interesante, pos me llev\u00f3 a una bra\u00f1a, ye dicir, una er\u00eda d&#8217;altura qu&#8217;en branu sirve pa tener gan\u00e1u. Esta nun se guarda, sin\u00f3n que de nueche ax\u00fantenla los pastores, que s&#8217;acueyen en caba\u00f1ueles asemeyaes a colmenes con unes paredes circulares formaes por palos verticales con rames entetex\u00edes, y se cubren con una gruesa camada d&#8217;escobes y felechos\u201d.<\/span><\/em><\/p><\/blockquote>\n<p><em><span style=\"font-size: 14pt\">Tami\u00e9n <a class=\"new\" title=\"Fritz Kr\u00fcger (la p\u00e1xina nun esiste)\" href=\"https:\/\/ast.wikipedia.org\/w\/index.php?title=Fritz_Kr%C3%BCger&amp;action=edit&amp;redlink=1\">Fritz Kr\u00fcger<\/a> describe nel conceyu de <a title=\"Cangas del Narcea\" href=\"https:\/\/ast.wikipedia.org\/wiki\/Cangas_del_Narcea\">Cangas del Narcea<\/a> en <a title=\"1927\" href=\"https:\/\/ast.wikipedia.org\/wiki\/1927\">1927<\/a> les cases circulares:<\/span><\/em><\/p>\n<blockquote class=\"citado\"><p><em><span style=\"font-size: 14pt\">Tol cuadru del pobl\u00e1u ta domin\u00e1u poles cases que poseyen potentes teyados de paya, qu&#8217;arrinquen en forma de punta c\u00f3nica y que s&#8217;inclinen grandemente contra un llau, dexen na solombra tolo dem\u00e1s\u201d. Polo tanto les viviendes de planta circular o curvillinia tienen gran presencia nel mundu rural asturianu\u201d.<\/span><\/em><\/p><\/blockquote>\n<h3><em><span style=\"font-size: 14pt\"><span id=\"Casa_con_pat.C3.ADn\"><\/span><span id=\"Casa_con_pat\u00edn\" class=\"mw-headline\" style=\"font-size: 18pt;color: #008080\">Casa con pat\u00edn<\/span><\/span><\/em><\/h3>\n<p><em><span style=\"font-size: 14pt\">La casa del occidente asturianu ta unificada baxo la cubierta de ll\u00e1bana de <a class=\"new\" title=\"Pizarra (la p\u00e1xina nun esiste)\" href=\"https:\/\/ast.wikipedia.org\/w\/index.php?title=Pizarra&amp;action=edit&amp;redlink=1\">pizarra<\/a>. Esti material esti\u00e9ndese dende los r\u00edos <a class=\"new\" title=\"R\u00edu Caneiru (la p\u00e1xina nun esiste)\" href=\"https:\/\/ast.wikipedia.org\/w\/index.php?title=R%C3%ADu_Caneiru&amp;action=edit&amp;redlink=1\">Caneiru<\/a> y <a title=\"R\u00edu Narcea\" href=\"https:\/\/ast.wikipedia.org\/wiki\/R%C3%ADu_Narcea\">Narcea<\/a> hasta llegar al conxuntu del occidente. Un modelu relativamente abondosu ye la casa de dos altures de planta rectangular y cubierta a cuatro ag\u00fces, que cuenta con accesu per una escalera de piedra, o <a title=\"Pat\u00edn\" href=\"https:\/\/ast.wikipedia.org\/wiki\/Pat%C3%ADn\">pat\u00edn<\/a>, adosada a la so fachada. Nos modelos m\u00e1s elementales la planta superior acueye dos pieces: la cocina de mayor tama\u00f1u y el cuartu, separtaos por un peque\u00f1u vest\u00edbulu o pasiellu. La cocina disp\u00f3n de llar baxu y el fornu. Na planta inferior as\u00edtiase la corte. Compl\u00e9tase cola <a class=\"new\" title=\"Tenada (la p\u00e1xina nun esiste)\" href=\"https:\/\/ast.wikipedia.org\/w\/index.php?title=Tenada&amp;action=edit&amp;redlink=1\">tenada<\/a>, en forma de bloque integrada nel edificiu, na planta primera, separtada por una muria de f\u00e1brica y asitiada sobre la cuadra, sobre too nel \u00e1rea de monte mediu y altu. Nel de monte mediu y la marina la tenada suel constituyise como edificiu propiu.<\/span><\/em><\/p>\n<p><em><span style=\"font-size: 14pt\">Delles, el pat\u00edn convi\u00e9rtese nunos escalones m\u00ednimos o desapaez, aprovechando&#8217;l desnivel del terr\u00e9n, creando los accesos sxteriores de les zones de vivienda y cuadra a distintu nivel.<\/span><\/em><\/p>\n<p><em><span style=\"font-size: 14pt\">Esti tipu elemental de casa con pat\u00edn compl\u00e9tase col corredor. Ye mui frecuente que se ciarre, en parte o dafechu inclusive, con un atabal coloc\u00e1u verticalmente, creando un cuartu qu&#8217;ampl\u00eda la casa. \u00dasase como almac\u00e9n o dormitoriu pel <a title=\"Branu\" href=\"https:\/\/ast.wikipedia.org\/wiki\/Branu\">branu<\/a>.<\/span><\/em><\/p>\n<h3><em><span style=\"font-size: 14pt\"><span id=\"Casa_mari.C3.B1ana\"><\/span><span id=\"Casa_mari\u00f1ana\" class=\"mw-headline\" style=\"font-size: 18pt;color: #008080\">Casa mari\u00f1ana<\/span><\/span><\/em><\/h3>\n<div class=\"thumbinner\">\n<p><a href=\"https:\/\/www.celtica.es\/wp-content\/uploads\/2019\/06\/Casa_mari%C3%B1ana-1200x900.jpg\"><img loading=\"lazy\" decoding=\"async\" class=\"alignnone size-full\" src=\"https:\/\/www.celtica.es\/wp-content\/uploads\/2019\/06\/Casa_mari%C3%B1ana-1200x900.jpg\" width=\"1200\" height=\"900\" \/><\/a><\/p>\n<\/div>\n<div class=\"thumb tright\">\n<div class=\"thumbinner\">\n<div class=\"thumbcaption\"><em><span style=\"font-size: 14pt\">Exemplu de <a class=\"new\" title=\"Casa mari\u00f1ana (la p\u00e1xina nun esiste)\" href=\"https:\/\/ast.wikipedia.org\/w\/index.php?title=Casa_mari%C3%B1ana&amp;action=edit&amp;redlink=1\">casa mari\u00f1ana<\/a> nel <a title=\"Mus\u00e9u del Pueblu d'Asturies\" href=\"https:\/\/ast.wikipedia.org\/wiki\/Mus%C3%A9u_del_Pueblu_d%27Asturies\">Mus\u00e9u del Pueblu d&#8217;Asturies<\/a><\/span><\/em><\/div>\n<\/div>\n<\/div>\n<p><em><span style=\"font-size: 14pt\">La llamada casa mari\u00f1ana identif\u00edcas col centru d&#8217;Asturies. Exemplos d&#8217;esta arquiteutura esti\u00e9ndense pelos conceyos de <a title=\"Xix\u00f3n\" href=\"https:\/\/ast.wikipedia.org\/wiki\/Xix%C3%B3n\">Xix\u00f3n<\/a>, <a title=\"Villaviciosa\" href=\"https:\/\/ast.wikipedia.org\/wiki\/Villaviciosa\">Villaviciosa<\/a>, <a title=\"Carre\u00f1o\" href=\"https:\/\/ast.wikipedia.org\/wiki\/Carre%C3%B1o\">Carre\u00f1o<\/a>, <a title=\"Goz\u00f3n\" href=\"https:\/\/ast.wikipedia.org\/wiki\/Goz%C3%B3n\">Goz\u00f3n<\/a>, <a title=\"Les Regueres\" href=\"https:\/\/ast.wikipedia.org\/wiki\/Les_Regueres\">Les Regueres<\/a>, <a title=\"Llanera\" href=\"https:\/\/ast.wikipedia.org\/wiki\/Llanera\">Llanera<\/a>, <a title=\"Uvi\u00e9u\" href=\"https:\/\/ast.wikipedia.org\/wiki\/Uvi%C3%A9u\">Uvi\u00e9u<\/a>, <a title=\"Siero\" href=\"https:\/\/ast.wikipedia.org\/wiki\/Siero\">Siero<\/a> y <a title=\"Nore\u00f1a\" href=\"https:\/\/ast.wikipedia.org\/wiki\/Nore%C3%B1a\">Nore\u00f1a<\/a>.<\/span><\/em><\/p>\n<p><em><span style=\"font-size: 14pt\">La casa organ\u00edzase nuna planta rectangular, dotada d&#8217;una cubierta de <a class=\"new\" title=\"Teya (la p\u00e1xina nun esiste)\" href=\"https:\/\/ast.wikipedia.org\/w\/index.php?title=Teya&amp;action=edit&amp;redlink=1\">teya<\/a> cer\u00e1mica a dos ag\u00fces, desenroll\u00e1ndose nuna \u00fanica altura. El bloque fundamental constit\u00fayenlu la cocina y la corte separtaes por un muru de piedra, cuntando con accesu direutu dende&#8217;l portal. El portal ye un espaciu protex\u00edu del clima templ\u00e1u y h\u00famedu, onde se descarga la paya o otros llabores.<\/span><\/em><\/p>\n<p><em><span style=\"font-size: 14pt\">Esti espaciu abiertu y centr\u00e1u na fachada ta conform\u00e1u por dos cuerpos llaterales, qu&#8217;acueyen un cuartu axunt\u00e1u al cuerpu b\u00e1sicu y con accesu dende&#8217;l portal. Estos espacios empl\u00e9guense como dormitorios, alternando&#8217;l so usu col d&#8217;almac\u00e9n o llar. Nel primer casu d\u00f3taselu d&#8217;un suelu d&#8217;entabl\u00e1u de madera, separtando les estancies de la humed\u00e1 del suelu.<\/span><\/em><\/p>\n<p><em><span style=\"font-size: 14pt\">La cocina cunta con un llar baxu, sobre&#8217;l que se colocaba&#8217;l sardo d&#8217;ablanu us\u00e1u como secaderu de casta\u00f1es. Acomp\u00e1\u00f1alu&#8217;l fornu, qu&#8217;asoma la so forma redonda de la fachada trasera.<\/span><\/em><\/p>\n<p><em><span style=\"font-size: 14pt\">Baxo cubierta alcu\u00e9ntrase&#8217;l sobr\u00e1u qu&#8217;acueye la tenada, especialmente nel \u00e1rea sobre la cuadra, destinando los espacios sobre los cuartos a trasteru y almac\u00e9n de preseos.<\/span><\/em><\/p>\n<p><em><span style=\"font-size: 14pt\">Los muros real\u00edcense en mamposter\u00eda y normalmente s&#8217;enyelsen, siendo frecuente l&#8217;emplegu de pieces de canter\u00eda nes corneyales esteriores.<\/span><\/em><\/p>\n<h3><span style=\"font-size: 18pt;color: #008080\"><em><span id=\"Casa_terrena\" class=\"mw-headline\">Casa terrena<\/span><\/em><\/span><\/h3>\n<p><em><span style=\"font-size: 14pt\">Presenta una planta que tiende al rect\u00e1ngulu desenrollada nun \u00fanicu pisu, destinada a vivienda y cuadra, con aprovechamientu del espaciu baxo-cubierta pa desv\u00e1n y payar. Estes cases se llocal\u00edcense en zones onde les precipitaciones son abondoses y les temperatures baxes, lo que determina&#8217;l so hermetismu, evidente nel so volume compautu, constituy\u00edu por un bloque c\u00fabicu cubiertu con pizarra o teya a dos o tr\u00e9s ag\u00fces.<\/span><\/em><\/p>\n<p><em><span style=\"font-size: 14pt\">Nos sos muros de mamposter\u00eda pizarrosa, caliza o arenisca \u00e1brense los vanos de forma asim\u00e9trica, con estrictu predominiu de la funcionalid\u00e1, ensin atender a una composici\u00f3n de fachaes preestablecida.<\/span><\/em><\/p>\n<p><em><span style=\"font-size: 14pt\">Nel interior apaecen nam\u00e1s dos espacios claramente diferenciaos, separtaos por un muru maestru y con accesos distintos: cocina-desv\u00e1n y cuadra-payar. Util\u00edzase como vest\u00edbulu, comedor, sala y dormitoriu, siendo am\u00e1s un espaciu social y llaboral; dende ella, per aciu d&#8217;una escalera de mano y al travi\u00e9s d&#8217;una trampiella acc\u00e9dese al desv\u00e1n.<\/span><\/em><\/p>\n<h4><em><span style=\"font-size: 14pt\"><span id=\"Casa_tipu_Vid.C3.ADu\"><\/span><span id=\"Casa_tipu_Vid\u00edu\" class=\"mw-headline\" style=\"color: #008080;font-size: 18pt\">Casa tipu Vid\u00edu<\/span><\/span><\/em><\/h4>\n<p><em><span style=\"font-size: 14pt\">Esti tipu de casa foi descrita por <a class=\"new\" title=\"Benjam\u00edn Men\u00e9ndez (la p\u00e1xina nun esiste)\" href=\"https:\/\/ast.wikipedia.org\/w\/index.php?title=Benjam%C3%ADn_Men%C3%A9ndez&amp;action=edit&amp;redlink=1\">Benjam\u00edn Men\u00e9ndez<\/a> y s&#8217;asitia xeogr\u00e1ficamente ente los cabos de <a title=\"Cabu Vid\u00edu\" href=\"https:\/\/ast.wikipedia.org\/wiki\/Cabu_Vid%C3%ADu\">Vid\u00edu<\/a> y <a class=\"new\" title=\"Cabu Bustiu (la p\u00e1xina nun esiste)\" href=\"https:\/\/ast.wikipedia.org\/w\/index.php?title=Cabu_Bustiu&amp;action=edit&amp;redlink=1\">Bustiu<\/a>, anque tami\u00e9n apaecen en casos puntuales en parroquies del interior de los conceyos de <a title=\"Vald\u00e9s\" href=\"https:\/\/ast.wikipedia.org\/wiki\/Vald%C3%A9s\">Vald\u00e9s<\/a> y <a title=\"Cuideiru\" href=\"https:\/\/ast.wikipedia.org\/wiki\/Cuideiru\">Cuideiru<\/a>. Tr\u00e1tase d&#8217;una evoluci\u00f3n n&#8217;altura de la casa terrena de gran singularid\u00e1. D&#8217;esta ampliaci\u00f3n llocal\u00edcense enriba de la cuadra cuartos nuevos destinaos a sala y dormitorios<\/span><\/em><\/p>\n<p><em><span style=\"font-size: 14pt\">Los par\u00e1mentos esteriores suelen revocase con morteru, pudiendo cubrir toles fachaes o llimitase a la principal. Les dimensiones medies de planta suelen tar ente 11,80 m y 6,86 m.<\/span><\/em><\/p>\n<h3><span style=\"font-size: 18pt;color: #008080\"><em><span id=\"Casa_de_turria\" class=\"mw-headline\">Casa de turria<\/span><\/em><\/span><\/h3>\n<p><em><span style=\"font-size: 14pt\">Propia de los paisaxes de monte y valles interiores. Partiendo de les condiciones orogr\u00e1fiques del terr\u00e9n, esti tipu de soluci\u00f3n arquitect\u00f3nica ad\u00e1utase a les pendientes distribuy\u00e9ndose en dos niveles: el pisu superior destin\u00e1u a vivienda y la inferior a corte y otres dependencies. El pisu baxu ye siempre inferior en superficie al aprovechar el desnivel, y dacuando ta semiescav\u00e1u, utilizando la propia roca del terr\u00e9n como cercamientu en dalguna de les sos paredes.<\/span><\/em><\/p>\n<p><em><span style=\"font-size: 14pt\">Tien una planta rectangular con cubierta xeneralmente a tr\u00e9s ag\u00fces. Como asocede na casa terrena, tr\u00e1tase d&#8217;un tipu propiu de les escases posibilidaes econ\u00f3miques. En cuantes a las dimensiones estudi\u00e1ronse cases de turria dende 12,5 por 10 metros, hasta los 6 por 5,75 metros, en cualesquier casu los metros cuadraos superen a los de la casa terrena, cuntando con unos 75 m\u00b2 aproximao. Esta tipolox\u00eda pue vese ent\u00e1 nes bra\u00f1es <a title=\"Vaqueiru d'alzada\" href=\"https:\/\/ast.wikipedia.org\/wiki\/Vaqueiru_d%27alzada\">vaqueres<\/a> de <a title=\"Somiedu\" href=\"https:\/\/ast.wikipedia.org\/wiki\/Somiedu\">Somiedu<\/a>, <a title=\"Salas\" href=\"https:\/\/ast.wikipedia.org\/wiki\/Salas\">Salas<\/a>, <a title=\"Tin\u00e9u\" href=\"https:\/\/ast.wikipedia.org\/wiki\/Tin%C3%A9u\">Tin\u00e9u<\/a> o <a title=\"Vald\u00e9s\" href=\"https:\/\/ast.wikipedia.org\/wiki\/Vald%C3%A9s\">Vald\u00e9s<\/a>.<\/span><\/em><\/p>\n<h3><span style=\"font-size: 18pt;color: #008080\"><em><span id=\"Casa_bloque\" class=\"mw-headline\">Casa bloque<\/span><\/em><\/span><\/h3>\n<p><em><span style=\"font-size: 14pt\">Denomada d&#8217;esta manera por tener un tama\u00f1u curiosu, axuntando nesti volume la vivienda, la corte y los espacios d&#8217;almacenamientu, y pola so estructura c\u00fabica y hermetismu, con poques ventanes, lo que-y brinda un fustaxe pes\u00e1u y macizu. Tr\u00e1tase de la soluci\u00f3n arquitect\u00f3nica tradicional nes caser\u00edes d&#8217;una bonanza econ\u00f3mica, t\u00edpica de los conceyos d&#8217;<a title=\"El Franco\" href=\"https:\/\/ast.wikipedia.org\/wiki\/El_Franco\">El Franco<\/a>, <a title=\"Tapia\" href=\"https:\/\/ast.wikipedia.org\/wiki\/Tapia\">Tapia<\/a> y <a title=\"Navia\" href=\"https:\/\/ast.wikipedia.org\/wiki\/Navia\">Navia<\/a>, anque tami\u00e9n apaecen con una serie de tresformaciones en <a title=\"Bual\" href=\"https:\/\/ast.wikipedia.org\/wiki\/Bual\">Bual<\/a> y <a title=\"Ayande\" href=\"https:\/\/ast.wikipedia.org\/wiki\/Ayande\">Ayande<\/a>.<\/span><\/em><\/p>\n<p><em><span style=\"font-size: 14pt\">Distrib\u00fayese en dos plantes y un sobr\u00e1u, con cubierta de \u1e37\u1e37ousas apiramidada y rematada en cumal. La entrada principal as\u00edtiase nel llateral sur o nel este y da accesu a la entrada, d&#8217;eh\u00ed parte la escalera que comunica col pisu cimeru. N&#8217;ocasiones esta entrada yera utilizada tami\u00e9n pol gan\u00e1u p&#8217;acceder a la corte.<\/span><\/em><\/p>\n<p><em><span style=\"font-size: 14pt\">Nel pisu d&#8217;arriba hai un elementu distribuidor que ye&#8217;l pasiellu, per un llau da entrada a la sala que ye una estancia utilizada tami\u00e9n pa ensugar distintos productos y realizaci\u00f3n de xuntes de trabayu y ociu como files, esfoyaces&#8230; Per otra banda t\u00e1n los cuartos de durmir. D&#8217;equ\u00ed tami\u00e9n sal una escalera estrencha pa xubir al sobr\u00e1u que s&#8217;usaba como almac\u00e9n de productos y trasteru. En cuantes a les mid\u00edes d&#8217;esti tipu de casa podemos establecer una media de 14 metros por 12, lo qu&#8217;implica una superficie d&#8217;utilizaci\u00f3n muncho mayor que nes citaes anteriormente.<\/span><\/em><\/p>\n<h3><em><span style=\"font-size: 14pt\"><span id=\"La_cas.C3.ADa\"><\/span><span id=\"La_cas\u00eda\" class=\"mw-headline\" style=\"font-size: 18pt;color: #008080\">La cas\u00eda<\/span><\/span><\/em><\/h3>\n<p><em><span style=\"font-size: 14pt\">La pallabra cas\u00eda correspuende al diminutivu de casa en gallego-asturianu ya que ye mui carauter\u00edsticu del \u00e1rea costera del postreru m\u00e1s occidental d&#8217;Asturies. Presenta una planta rectangular y dimensiones reduc\u00edes distribuyida en dos plantes y baxo cubierta. El sobr\u00e1u alcu\u00e9ntrase bien allum\u00e1u con una dos dos ventanes nel v\u00e9rtiz de los espigos y dos ventanines o fornelos neas fachaes llaterales. Los muros constr\u00fayense de pizarra y\/o cuarcita y nel casu d&#8217;<a class=\"new\" title=\"Ortigueira (Cua\u00f1a) (la p\u00e1xina nun esiste)\" href=\"https:\/\/ast.wikipedia.org\/w\/index.php?title=Ortigueira_(Cua%C3%B1a)&amp;action=edit&amp;redlink=1\">Ortigueira<\/a> (<a title=\"Cua\u00f1a\" href=\"https:\/\/ast.wikipedia.org\/wiki\/Cua%C3%B1a\">Cua\u00f1a<\/a>), apaez el t\u00edpicu contraste escuru de la mamposter\u00eda colos revoques de los vanos en blanco y la carpinter\u00eda de madera pintao en color verde. Pa la cubierta, aprov\u00e9chase&#8217;l material de la zona siendo la pizarra en \u1e37\u1e37ousas que se presenta a dos ag\u00fces. La planta baxa distrib\u00fayese en cocina, almac\u00e9n y espaciu distribuidor que da accesu al pisu superior onde s&#8217;afaya una zona d&#8217;uso com\u00fan o sala y dende ella se pue pasar a los dormitorios y al sobr\u00e1u.<\/span><\/em><\/p>\n<p><em><span style=\"font-size: 14pt\">Les sos dimensiones son reduc\u00edes y nunca nun superen los 8,50 metros pel llau m\u00e1s llargu. Lo m\u00e1s frecuente ye que tenga unos 80 m\u00b2 de superficie.<\/span><\/em><\/p>\n<p><em><span style=\"font-size: 14pt\">Socialmente rellaci\u00f3nase con families d&#8217;escasa capacid\u00e1 econ\u00f3mica y pue cuntar con edificaciones auxiliares pa gallineru, cubil&#8230; Polo xeneral nun poseyen <a title=\"Horru\" href=\"https:\/\/ast.wikipedia.org\/wiki\/Horru\">horru<\/a> o <a class=\"new\" title=\"Cabazu (la p\u00e1xina nun esiste)\" href=\"https:\/\/ast.wikipedia.org\/w\/index.php?title=Cabazu&amp;action=edit&amp;redlink=1\">cabazu<\/a>, y son poques les que tienen cuadra esterior.<\/span><\/em><\/p>\n<h3><span style=\"font-size: 18pt;color: #008080\"><em><span id=\"Casa_de_portal\" class=\"mw-headline\">Casa de portal<\/span><\/em><\/span><\/h3>\n<p><em><span style=\"font-size: 14pt\">Nel portal real\u00edcense actividaes rellacionaes colos trabayos dom\u00e9sticos, con meyor illuminaci\u00f3n y menos estrecheces que nel interior de la vivienda, siendo tami\u00e9n el llugar onde los d\u00edes de lluvia desendolquen los llabores artesanales o complementarios de la xera agropecuaria; por ello ye com\u00fan la esistencia d&#8217;un bancu de piedra o madera nesti espaciu.<\/span><\/em><\/p>\n<p><em><span style=\"font-size: 14pt\">Son cases mui frecuentes en cuasi toa Asturies, preferentemente en zones del interior, n&#8217;asentamientos de valles o a media lladera. Construyida con mamposter\u00eda pizarrosa, arenisca o caliza, la so cubierta ye xeneralmente a dos a tr\u00e9s ag\u00fces. Tendente a un desenrollu en planta rectangular, la llocalizaci\u00f3n de la fachada principal nel llau mayor o menor del rect\u00e1ngulu determina dos disposiciones del portal: central o n&#8217;\u00e1ngulu.<\/span><\/em><\/p>\n<p><em><span style=\"font-size: 14pt\">L&#8217;emplazamientu del portal nel centru de la fachada o n\u00fan \u00e1ngulu determina la so funcionalid\u00e1; nel primer casu asume m\u00e1s protagonismu como elementu distribuidor, ya qu&#8217;a elli s&#8217;abren les puertes de la vivienda a los servicios adega\u00f1os; nesti casu, increm\u00e9ntase&#8217;l so calter d&#8217;estancia, ya que nam\u00e1s queda rellacion\u00e1u colos espacios de vivienda. Com\u00fan a dambes alternatives ye la so carauter\u00edstica d&#8217;espaciu intermediu, ll\u00edmite ente l&#8217;espaciu interior y l&#8217;esterior.<\/span><\/em><\/p>\n<p><em><span style=\"font-size: 14pt\">El papel distributivu d&#8217;esti tipu de vivienda modif\u00edcase asinamesmo d&#8217;alcuerdu coles carauter\u00edstiques del portal. Si \u00e9sti s&#8217;afaya nel centru, la disposici\u00f3n interior ye asemeyada na esbillada na <a class=\"new\" title=\"Casa mari\u00f1ana (la p\u00e1xina nun esiste)\" href=\"https:\/\/ast.wikipedia.org\/w\/index.php?title=Casa_mari%C3%B1ana&amp;action=edit&amp;redlink=1\">casa mari\u00f1ana<\/a>, anque var\u00eda la llocalizaci\u00f3n de les entraes a los distintos espacios. En casu de que el portal s&#8217;alcuentre n\u00fan \u00e1ngulu, la distribuci\u00f3n interna ye asemeyada a la <a class=\"new\" title=\"Casa terrena (la p\u00e1xina nun esiste)\" href=\"https:\/\/ast.wikipedia.org\/w\/index.php?title=Casa_terrena&amp;action=edit&amp;redlink=1\">casa terrena<\/a>, sacante nel crecimientu en planta y en volume que correspuenden al portal y el cuartu que configura \u00fan de los sos llaterales.<\/span><\/em><\/p>\n<p><em><span style=\"font-size: 14pt\">El portal\u00f3n convi\u00e9rtese n&#8217;elementu proteutor del espaciu esterior inmediatu a la fachada, y se prollonga dende&#8217;l fald\u00f3n de la cubierta. La so funci\u00f3n ye resguardar l&#8217;espaciu d&#8217;accesu a la corte, tenda y vivienda y se presta al dep\u00f3situ de preseos de llabranza y sirve davezu d&#8217;abeyu al gallineru.<\/span><\/em><\/p>\n<h3><span style=\"font-size: 18pt;color: #008080\"><em><span id=\"Casa_de_corredor\" class=\"mw-headline\">Casa de corredor<\/span><\/em><\/span><\/h3>\n<div class=\"thumb tright\">\n<div class=\"thumbinner\">\n<div><a href=\"https:\/\/i.pinimg.com\/originals\/72\/39\/71\/7239718c7d77496fe6c26d81567af9fa.jpg\"><img loading=\"lazy\" decoding=\"async\" class=\"alignnone size-full\" src=\"https:\/\/i.pinimg.com\/originals\/72\/39\/71\/7239718c7d77496fe6c26d81567af9fa.jpg\" width=\"1600\" height=\"900\" \/><\/a><\/div>\n<\/div>\n<\/div>\n<p><em><span style=\"font-size: 14pt\">El corredor o galer\u00eda abierta torniada en madera, representa en toa Asturies un elementu mui popular dende&#8217;l <a class=\"external text\" href=\"http:\/\/sieglu%20XVIII\" rel=\"nofollow\">sieglu XVIII<\/a>. Conceb\u00edu como una derivaci\u00f3n cenciella de les solanes coles que taben dotaes les antig\u00fces casones, el corredor, pola so llocalizaci\u00f3n (orientaci\u00f3n sur o este), pola so factura y la so amplit\u00fa d&#8217;alternatives, cumple una gran varied\u00e1 de servicios a la vivienda: facilita lluz y calor cuando nun existen zarraos nelli, siendo un elementu favoratible cuando se convierte \u00fan o m\u00e1s espacios como prollongaci\u00f3n de la funcionalid\u00e1 de la casa.<\/span><\/em><\/p>\n<p><em><span style=\"font-size: 14pt\">Dende finales del sieglu pas\u00e1u, empez\u00f3 a ser habitual la instalaci\u00f3n d&#8217;un retrete nun llateral del corredor, pa nun tener que salir albentestate, a cualaquier hora del d\u00eda o de la nueche. Dellos de los servicios qu&#8217;ufre&#8217;l corredor a la casa aldeana son: llugar onde asoleyar les ristres de <a class=\"mw-redirect\" title=\"Ma\u00edz\" href=\"https:\/\/ast.wikipedia.org\/wiki\/Ma%C3%ADz\">ma\u00edz<\/a> y onde se aireen y maduren otros productos de la collecha del a\u00f1u como <a class=\"mw-redirect\" title=\"Cebolla\" href=\"https:\/\/ast.wikipedia.org\/wiki\/Cebolla\">cebolles<\/a>, <a title=\"Ayu\" href=\"https:\/\/ast.wikipedia.org\/wiki\/Ayu\">ayos<\/a> y <a class=\"mw-redirect\" title=\"Faba\" href=\"https:\/\/ast.wikipedia.org\/wiki\/Faba\">fabes<\/a>, y onde se tiende a ensugar, resguardada de les frecuentes lluvies, la ropa de la \u00faltima bogada.<\/span><\/em><\/p>\n<p><em><span style=\"font-size: 14pt\">En referencia a la so conformaci\u00f3n y sistemes de base, les clases de corredor m\u00e1s corrientes n&#8217;Asturies podr\u00eden clasificase como de corredor vol\u00e1u, corredor ente muries, corredor de cortafueos y corredor ente dos cuerpos.<\/span><\/em><\/p>\n<p><em><span style=\"font-size: 14pt\">Nel <a title=\"Sieglu XIX\" href=\"https:\/\/ast.wikipedia.org\/wiki\/Sieglu_XIX\">sieglu XIX<\/a> los corredores z\u00e1rrense con cristales formando galer\u00edes, principalmente nes villes marineres. El piesllu de los vieyos corredores supunxo una meyora pal usu del espaciu, ya qu&#8217;aprovechaba meyor la lluz y la calor del sol.<\/span><\/em><\/p>\n<h3><span style=\"font-size: 18pt;color: #008080\"><em><span id=\"Casa_marinera\" class=\"mw-headline\">Casa marinera<\/span><\/em><\/span><\/h3>\n<p><a href=\"https:\/\/s1.eestatic.com\/2020\/10\/13\/viajes\/Viajes-Asturias-Viajes_527958725_162498924_1706x960.jpg\"><img loading=\"lazy\" decoding=\"async\" class=\"alignnone \" src=\"https:\/\/s1.eestatic.com\/2020\/10\/13\/viajes\/Viajes-Asturias-Viajes_527958725_162498924_1706x960.jpg\" width=\"659\" height=\"371\" \/><\/a><\/p>\n<div class=\"thumbinner\">\n<p><a href=\"https:\/\/3.bp.blogspot.com\/-0vADzIwEfT0\/URaerulDu4I\/AAAAAAAABTU\/kBZT1zqhqAU\/s1600\/pic_04g-A.jpg\"><img loading=\"lazy\" decoding=\"async\" class=\"alignnone \" src=\"https:\/\/3.bp.blogspot.com\/-0vADzIwEfT0\/URaerulDu4I\/AAAAAAAABTU\/kBZT1zqhqAU\/s1600\/pic_04g-A.jpg\" width=\"664\" height=\"440\" \/><\/a><\/p>\n<\/div>\n<p><em><span style=\"font-size: 14pt\">Nun esiste gran diferencia ente la diferencia ente la vivienda de los pescadores asturianos y la del restu de les xentes de mar pertenecientes al llitoral <a class=\"mw-redirect\" title=\"Mar Cant\u00e1brica\" href=\"https:\/\/ast.wikipedia.org\/wiki\/Mar_Cant%C3%A1brica\">cant\u00e1bricu<\/a>. A lo llargo de la costa identific\u00e1ronse una serie de tipos b\u00e1sicos.<\/span><\/em><\/p>\n<p><em><span style=\"font-size: 14pt\">L&#8217;asentamientu de los nucleos marineros produzse al pie d&#8217;un puertu o llugar d&#8217;atraque protex\u00edu, cola tendencia a l&#8217;agrupaci\u00f3n pola llimitaci\u00f3n del territoriu m\u00e1s cercanu a la mar. Y polo tanto al crecimientu n&#8217;altura deb\u00edo a la espaciu restrinx\u00edu. Les fachaes suelen tener collores vives, ya que se sol\u00eden pintar colos restos de pintura de les barques marineres.<\/span><\/em><\/p>\n<p><em><span style=\"font-size: 14pt\">La planta ye normalmente rectangular, reduci\u00e9ndose al m\u00ednimo les dependencies agropecuaries, llimitaes a la corte. Estes dependencies auxiliares s&#8217;asiten nel nivel inferior, permitiendo, deb\u00edo al desnivel de los asentamientos, que la cocina y el comedor, llocalizaos nel nivel superior, tengan accesu dende la cai. L&#8217;accesu a esta planta real\u00edzase por una peque\u00f1a entrada. N&#8217;otros casos acc\u00e9dese dende&#8217;l nivel inferior, dexando una entrada m\u00e1s amplia onde acoyer el carru coles redes, y arrincando d&#8217;ell\u00ed la escalera. D\u00e9xase la corte na parte trasera o inclusive llega a desapaecer. Les sales y dormitorios xuben a la segunda y tercer planta, dot\u00e1ndose d&#8217;un ampliu desv\u00e1n, que pue presentar foyacos na fachada. Esti espaciu ye&#8217;l trasteru xeneral de la casa, almac\u00e9n de productos, secaderu y tendederu. Esta organizaci\u00f3n interna vertical cons\u00e9rvase na gran mayor\u00eda de los nucleos marineros, que presenten normalmente un calter urbanu. Les sos cubiertes son normalmente a dos ag\u00fces, siendo a tr\u00e9s o cuatro ag\u00fces en soluciones de corneyal o aislaes.<\/span><\/em><\/p>\n<p><em><span style=\"font-size: 14pt\">Les fachaes son normalmente nidies, encalaes, marcando les impostes, A finales del <a title=\"Sieglu XVIII\" href=\"https:\/\/ast.wikipedia.org\/wiki\/Sieglu_XVIII\">sieglu XVIII<\/a> puen apaecer balcones verticales que nun sobresalen de la fachada. En nucleos como <a title=\"Castropol\" href=\"https:\/\/ast.wikipedia.org\/wiki\/Castropol\">Castropol<\/a> o <a title=\"\u1e36\u1e37uarca\" href=\"https:\/\/ast.wikipedia.org\/wiki\/%E1%B8%B6%E1%B8%B7uarca\">\u1e36\u1e37uarca<\/a> son frecuentes los torruxones observatorios coronando les cubiertes de ciertes ecases, de carpinter\u00eda acristalada, teniendo formes poligonales y cubiertas piramidales. Na costa central y oriental afayamos un bon n\u00famberu de cases con corredor. En <a title=\"Tazones\" href=\"https:\/\/ast.wikipedia.org\/wiki\/Tazones\">Tazones<\/a> podemos atopar exemplos d&#8217;esti tipu, col corredor ocupando tol frente de la casa. Los corredores en Cuideiru c\u00e9ntrense en dalgunos edificios que s&#8217;abren a les cais principales. Ye frecuente la so conversi\u00f3n en cuerpos zarraos volaos, p&#8217;ampliar el reduc\u00edu espaciu de las plantes. N&#8217;otros llugares estos cuerpos volaos convirti\u00e9ronse en galer\u00edes acristalaes, como n&#8217;<a title=\"Avil\u00e9s\" href=\"https:\/\/ast.wikipedia.org\/wiki\/Avil%C3%A9s\">Avil\u00e9s<\/a>.<\/span><\/em><\/p>\n<h3><em><span style=\"font-size: 14pt\"><span id=\"Casa_d.27indianos\"><\/span><span id=\"Casa_d'indianos\" class=\"mw-headline\" style=\"font-size: 18pt;color: #008080\">Casa d&#8217;indianos<\/span><\/span><\/em><\/h3>\n<div class=\"thumbinner\">\n<p><a href=\"https:\/\/upload.wikimedia.org\/wikipedia\/commons\/1\/1a\/Archivo_de_Indianos_Colombres_%28fachada_principal%29.jpg\"><img loading=\"lazy\" decoding=\"async\" class=\"alignnone \" src=\"https:\/\/upload.wikimedia.org\/wikipedia\/commons\/1\/1a\/Archivo_de_Indianos_Colombres_%28fachada_principal%29.jpg\" width=\"599\" height=\"450\" \/><\/a><\/p>\n<\/div>\n<div class=\"thumb tright\">\n<div class=\"thumbinner\">\n<div class=\"thumbcaption\"><em><span style=\"font-size: 14pt\">Casa-<a class=\"new\" title=\"Archivu d'indianos (la p\u00e1xina nun esiste)\" href=\"https:\/\/ast.wikipedia.org\/w\/index.php?title=Archivu_d%27indianos&amp;action=edit&amp;redlink=1\">archivu d&#8217;indianos<\/a> en <a title=\"Colombres\" href=\"https:\/\/ast.wikipedia.org\/wiki\/Colombres\">Colombres<\/a> (<a class=\"mw-redirect\" title=\"Ribedeva\" href=\"https:\/\/ast.wikipedia.org\/wiki\/Ribedeva\">Ribadeva<\/a>)<\/span><\/em><\/div>\n<div><\/div>\n<\/div>\n<div><a href=\"https:\/\/primeraparadaquito.files.wordpress.com\/2018\/08\/casa-guatemala-luarca-e1533205836947.jpg\"><img loading=\"lazy\" decoding=\"async\" class=\"alignnone size-full\" src=\"https:\/\/primeraparadaquito.files.wordpress.com\/2018\/08\/casa-guatemala-luarca-e1533205836947.jpg\" width=\"600\" height=\"400\" \/><\/a><\/div>\n<\/div>\n<p><em><span style=\"font-size: 14pt\">Esta arquiteutura arr\u00e9yase cola repatriaci\u00f3n de persones y de capitales producida tres el \u00ab<a class=\"mw-redirect\" title=\"Desastre de 1898\" href=\"https:\/\/ast.wikipedia.org\/wiki\/Desastre_de_1898\">desastre de 1898<\/a>\u00bb y que fadr\u00e1 llegar el cosmopolitismu hasta&#8217;l requexu m\u00e1s llonxanu d&#8217;Asturies. El fechu de que pesie a la industrializaci\u00f3n Asturies seya \u00fan de los territorios con mayor \u00edndiz d&#8217;emigraci\u00f3n dende mediaos del <a title=\"Sieglu XIX\" href=\"https:\/\/ast.wikipedia.org\/wiki\/Sieglu_XIX\">sieglu XIX<\/a>, fai que l&#8217;inter\u00e9s d&#8217;esti fen\u00f3menu esceda con muncho de la simple an\u00e9udota.<\/span><\/em><\/p>\n<p><em><span style=\"font-size: 14pt\">L&#8217;<a class=\"new\" title=\"Indianu (la p\u00e1xina nun esiste)\" href=\"https:\/\/ast.wikipedia.org\/w\/index.php?title=Indianu&amp;action=edit&amp;redlink=1\">indianu<\/a> sol\u00eda ser f\u00edu de families campesines habitante de los territorios m\u00e1s probes del pa\u00eds, que mui temprana ed\u00e1 yera unvi\u00e1u a Am\u00e9rica pa facer fortuna. El regresu del emigrante y la so inserci\u00f3n inmediata na burgues\u00eda llocal, fadr\u00e1 qu&#8217;asuma y participe de los ideales cosmopolites d&#8217;aquella.<\/span><\/em><\/p>\n<p><em><span style=\"font-size: 14pt\">La esmolici\u00f3n del indianu por meyorar, aguapar y dignificar el so entornu natal se canalizar\u00e1 na construcci\u00f3n d&#8217;ilesies, escuelas, cais, y sobre too, na so propia vivienda.<\/span><\/em><\/p>\n<p><em><span style=\"font-size: 14pt\">L&#8217;arquiteutura indiana llocal\u00edzase con mayor densid\u00e1 nos conceyos orientales y occidentales d&#8217;Asturies. Como conxuntos d&#8217;inter\u00e9s destaquen: \u1e36\u1e37uarca, <a title=\"Navia\" href=\"https:\/\/ast.wikipedia.org\/wiki\/Navia\">Navia<\/a> y Ayande al oeste; Cuideiru y <a class=\"mw-redirect\" title=\"Muros del Nal\u00f3n\" href=\"https:\/\/ast.wikipedia.org\/wiki\/Muros_del_Nal%C3%B3n\">Muros del Nal\u00f3n<\/a>, hacia&#8217;l centru, y <a title=\"Llanes\" href=\"https:\/\/ast.wikipedia.org\/wiki\/Llanes\">Llanes<\/a> nel este.<\/span><\/em><\/p>\n<p><em><span style=\"font-size: 14pt\">Anque heba pie a ciertes particularidaes zonales, toos ellos desenrollar\u00e1n carauter\u00edstiques comunes y, de mou especial, les viviendes unifamiliares o palacetes d&#8217;indianos. Faen gala d&#8217;un exotismu colorista, con una escalinata d&#8217;accesu, una torre n\u00fan de los sos llaos y l&#8217;entornu de xardinos, nos que destaca la omnipresente <a class=\"mw-redirect\" title=\"Palmera\" href=\"https:\/\/ast.wikipedia.org\/wiki\/Palmera\">palmera<\/a>, que-yos recuerda&#8217;l tiempu viv\u00edu n&#8217;ultramar.<\/span><\/em><\/p>\n<h2><em><span style=\"font-size: 14pt\"><span id=\"Ver_tami.C3.A9n\"><\/span><span id=\"Ver_tami\u00e9n\" class=\"mw-headline\">Ver tami\u00e9n<\/span><\/span><\/em><\/h2>\n<div id=\"mw-content-text\" class=\"mw-content-ltr\" dir=\"ltr\" lang=\"ast\">\n<div class=\"mw-parser-output\">\n<ul>\n<li><span style=\"font-size: 18pt\"><em><a class=\"new\" title=\"Arquiteutura tradicional asturiana (la p\u00e1xina nun esiste)\" href=\"https:\/\/ast.wikipedia.org\/w\/index.php?title=Arquiteutura_tradicional_asturiana&amp;action=edit&amp;redlink=1\">Arquiteutura tradicional asturiana<\/a><\/em><\/span><\/li>\n<li><span style=\"font-size: 18pt\"><em><a class=\"new\" title=\"Casa asturiana redonda (la p\u00e1xina nun esiste)\" href=\"https:\/\/ast.wikipedia.org\/w\/index.php?title=Casa_asturiana_redonda&amp;action=edit&amp;redlink=1\">Casa redonda<\/a><\/em><\/span><\/li>\n<li><span style=\"font-size: 18pt\"><em><a class=\"new\" title=\"Casa con pat\u00edn (la p\u00e1xina nun esiste)\" href=\"https:\/\/ast.wikipedia.org\/w\/index.php?title=Casa_con_pat%C3%ADn&amp;action=edit&amp;redlink=1\">Casa con pat\u00edn<\/a><\/em><\/span><\/li>\n<li><span style=\"font-size: 18pt\"><em><a class=\"new\" title=\"Casa mari\u00f1ana (la p\u00e1xina nun esiste)\" href=\"https:\/\/ast.wikipedia.org\/w\/index.php?title=Casa_mari%C3%B1ana&amp;action=edit&amp;redlink=1\">Casa mari\u00f1ana<\/a><\/em><\/span><\/li>\n<li><span style=\"font-size: 18pt\"><em><a class=\"new\" title=\"Casa terrena (la p\u00e1xina nun esiste)\" href=\"https:\/\/ast.wikipedia.org\/w\/index.php?title=Casa_terrena&amp;action=edit&amp;redlink=1\">Casa terrena<\/a><\/em><\/span><\/li>\n<li><span style=\"font-size: 18pt\"><em><a class=\"new\" title=\"Casa de turria (la p\u00e1xina nun esiste)\" href=\"https:\/\/ast.wikipedia.org\/w\/index.php?title=Casa_de_turria&amp;action=edit&amp;redlink=1\">Casa de turria<\/a><\/em><\/span><\/li>\n<li><span style=\"font-size: 18pt\"><em><a class=\"new\" title=\"Casa bloque (la p\u00e1xina nun esiste)\" href=\"https:\/\/ast.wikipedia.org\/w\/index.php?title=Casa_bloque&amp;action=edit&amp;redlink=1\">Casa bloque<\/a><\/em><\/span><\/li>\n<li><span style=\"font-size: 18pt\"><em><a class=\"new\" title=\"Cas\u00eda (la p\u00e1xina nun esiste)\" href=\"https:\/\/ast.wikipedia.org\/w\/index.php?title=Cas%C3%ADa&amp;action=edit&amp;redlink=1\">Cas\u00eda<\/a><\/em><\/span><\/li>\n<li><span style=\"font-size: 18pt\"><em><a class=\"new\" title=\"Casa de portal (la p\u00e1xina nun esiste)\" href=\"https:\/\/ast.wikipedia.org\/w\/index.php?title=Casa_de_portal&amp;action=edit&amp;redlink=1\">Casa de portal<\/a><\/em><\/span><\/li>\n<li><span style=\"font-size: 18pt\"><em><a class=\"new\" title=\"Casa asturiana de corredor (la p\u00e1xina nun esiste)\" href=\"https:\/\/ast.wikipedia.org\/w\/index.php?title=Casa_asturiana_de_corredor&amp;action=edit&amp;redlink=1\">Casa de corredor<\/a><\/em><\/span><\/li>\n<li><span style=\"font-size: 18pt\"><em><a class=\"new\" title=\"Casa asturiana marinera (la p\u00e1xina nun esiste)\" href=\"https:\/\/ast.wikipedia.org\/w\/index.php?title=Casa_asturiana_marinera&amp;action=edit&amp;redlink=1\">Casa marinera<\/a><\/em><\/span><\/li>\n<li><em><span style=\"font-size: 14pt\"><a class=\"new\" title=\"Casa d'indianos (la p\u00e1xina nun esiste)\" href=\"https:\/\/ast.wikipedia.org\/w\/index.php?title=Casa_d%27indianos&amp;action=edit&amp;redlink=1\"><span style=\"font-size: 18pt\">Casa d&#8217;indianos<\/span><\/a><\/span><\/em><\/li>\n<\/ul>\n<\/div>\n<\/div>\n<div id=\"catlinks\" class=\"catlinks\" data-mw=\"interface\">\n<div id=\"mw-normal-catlinks\" class=\"mw-normal-catlinks\">\n<p><span style=\"font-size: 18pt\"><em><a title=\"Especial:Categor\u00edas\" href=\"https:\/\/ast.wikipedia.org\/wiki\/Especial:Categor%C3%ADas\">Categor\u00eda<\/a>:<\/em><\/span><\/p>\n<ul>\n<li><em><span style=\"font-size: 14pt\"><a title=\"Categor\u00eda:Arquiteutura d'Asturies\" href=\"https:\/\/ast.wikipedia.org\/wiki\/Categor%C3%ADa:Arquiteutura_d%27Asturies\"><span style=\"font-size: 18pt\">Arquiteutura d&#8217;Asturies<\/span><\/a><\/span><\/em><\/li>\n<\/ul>\n<hr \/>\n<p style=\"text-align: center\"><strong><em>Algunas pinceladas sobre la construcci\u00f3n en Asturias, a nivel general<\/em><\/strong><\/p>\n<p style=\"text-align: center\">\n<!-- iframe plugin v.6.0 wordpress.org\/plugins\/iframe\/ -->\n<iframe loading=\"lazy\" src=\"https:\/\/drive.google.com\/file\/d\/1MlLW0--zsr0BCds2uIyCG5uhMkZ8UnOu\/preview\" width=\"640\" height=\"900\" allow=\"autoplay\" 0=\"\/iframe\" scrolling=\"yes\" class=\"iframe-class\" frameborder=\"0\"><\/iframe>\n<\/p>\n<\/div>\n<\/div>\n","protected":false},"excerpt":{"rendered":"<p>Casa asturiana (Wikipedia) No hay ficha, la profe curso pasado hizo un ppt con fotos personales y complet\u00f3 la explicaci\u00f3n con esta p\u00e1gina. Casa tradicional en Caliao (Casu) Den\u00f3mase casa asturiana a un conxuntu de construcciones tradicionales propies d&#8217;Asturies y refer\u00edes tanto al espaciu dedic\u00e1u a vivienda como a la caser\u00eda, la unid\u00e1 d&#8217;esplotaci\u00f3n y [&hellip;]<\/p>\n","protected":false},"author":117,"featured_media":0,"parent":1437,"menu_order":0,"comment_status":"closed","ping_status":"closed","template":"","meta":{"footnotes":""},"class_list":["post-1940","page","type-page","status-publish","hentry","post-preview"],"_links":{"self":[{"href":"https:\/\/edublog.educastur.es\/corredoria3\/wp-json\/wp\/v2\/pages\/1940","targetHints":{"allow":["GET"]}}],"collection":[{"href":"https:\/\/edublog.educastur.es\/corredoria3\/wp-json\/wp\/v2\/pages"}],"about":[{"href":"https:\/\/edublog.educastur.es\/corredoria3\/wp-json\/wp\/v2\/types\/page"}],"author":[{"embeddable":true,"href":"https:\/\/edublog.educastur.es\/corredoria3\/wp-json\/wp\/v2\/users\/117"}],"replies":[{"embeddable":true,"href":"https:\/\/edublog.educastur.es\/corredoria3\/wp-json\/wp\/v2\/comments?post=1940"}],"version-history":[{"count":6,"href":"https:\/\/edublog.educastur.es\/corredoria3\/wp-json\/wp\/v2\/pages\/1940\/revisions"}],"predecessor-version":[{"id":5054,"href":"https:\/\/edublog.educastur.es\/corredoria3\/wp-json\/wp\/v2\/pages\/1940\/revisions\/5054"}],"up":[{"embeddable":true,"href":"https:\/\/edublog.educastur.es\/corredoria3\/wp-json\/wp\/v2\/pages\/1437"}],"wp:attachment":[{"href":"https:\/\/edublog.educastur.es\/corredoria3\/wp-json\/wp\/v2\/media?parent=1940"}],"curies":[{"name":"wp","href":"https:\/\/api.w.org\/{rel}","templated":true}]}}