{"id":20,"date":"2020-08-19T07:44:44","date_gmt":"2020-08-19T07:44:44","guid":{"rendered":"https:\/\/edublog.educastur.es\/corredoria3\/?page_id=20"},"modified":"2021-09-12T09:58:37","modified_gmt":"2021-09-12T07:58:37","slug":"cultura","status":"publish","type":"page","link":"https:\/\/edublog.educastur.es\/corredoria3\/cultura\/","title":{"rendered":"Cultura"},"content":{"rendered":"<p><img loading=\"lazy\" decoding=\"async\" class=\"aligncenter wp-image-367\" src=\"http:\/\/edublog.educastur.es\/corredoria3\/files\/2020\/08\/07_cultura-300x256.png\" alt=\"\" width=\"150\" height=\"128\" srcset=\"https:\/\/edublog.educastur.es\/corredoria3\/files\/2020\/08\/07_cultura-300x256.png 300w, https:\/\/edublog.educastur.es\/corredoria3\/files\/2020\/08\/07_cultura.png 406w\" sizes=\"auto, (max-width: 150px) 100vw, 150px\" \/><span style=\"font-size: 14pt\"><em><span style=\"color: #008080\"><strong>Cultura Asturiana<\/strong> <\/span>es una asignatura optativa y diferente a<span style=\"color: #008080\"><strong> Llingua Asturiana y Lliteratura. <\/strong><\/span><\/em><\/span><span style=\"font-size: 14pt\"><strong><span style=\"color: #800000\"><em>Las tareas propuestas estar\u00e1n enlazadas y expuestas en los distintos cursos de E. Primaria.<\/em><\/span><\/strong><\/span><\/p>\n<div class=\"posts\">\n<article id=\"post-20\" class=\"post-20 page type-page status-publish hentry\">\n<div class=\"post-content entry-content\">\n<ul>\n<li><span style=\"font-size: 14pt\"><em><strong>Su elecci\u00f3n y\/o cambio <span style=\"text-decoration: underline\">se actualiza a final de cada curso escolar,<\/span> durante el peri\u00f3do de matr\u00edcula.<\/strong><\/em><\/span><\/li>\n<li><span style=\"font-size: 18pt\"><em><span style=\"font-size: 14pt\">Las<strong> tareas escolares <\/strong>y<strong> Evaluaci\u00f3n <\/strong>de Cultura A. <strong>corresponde a los profes que la imparten.<\/strong> <\/span><strong><br \/>\n<\/strong><\/em><\/span><\/li>\n<li><\/li>\n<li><span style=\"font-size: 14pt\"><em>Decreto 82\/2014, de 28 de agosto, por el que se regula la ordenaci\u00f3n y establece el <strong>curr\u00edculo de la E. Primaria en el Principado de Asturias.<\/strong><\/em><em><a href=\"https:\/\/www.educastur.es\/documents\/10531\/40578\/2014-08+Decreto+curr%C3%ADculo+Educaci%C3%B3n+Primaria+%28zip%29\/923ed504-d3c7-4fd4-bfb1-6def924bfd5e\">Consultar decreto. BOPA de 30 de agosto de 2014<\/a> [pdf]<\/em><\/span><\/li>\n<li><span style=\"font-size: 14pt\"><em><strong>Curr\u00edculo Educaci\u00f3n Primaria <\/strong>y relaci\u00f3n entre criterios de evaluaci\u00f3n y est\u00e1ndares de aprendizaje evaluables.<\/em><em><a href=\"https:\/\/www.educastur.es\/documents\/10531\/40578\/2014-08+Publicaci%C3%B3n+curr%C3%ADculo+Educaci%C3%B3n+Primaria+%28pdf%29\/acde98a4-4b20-4c51-a4eb-05fc36fc8e44\">Consultar publicaci\u00f3n<\/a> [pdf] <\/em><em><strong>P\u00e1gina 335\u00a0 <\/strong>Lengua Asturiana y Literatura, <\/em><em><strong>P\u00e1gina 373\u00a0<\/strong> Cultura Asturiana<\/em><\/span><\/li>\n<\/ul>\n<p>&nbsp;<\/p>\n<div class=\"articulo-block-fecha-pub\">\n<p><span style=\"font-size: 18pt\"><img loading=\"lazy\" decoding=\"async\" class=\"aligncenter size-full wp-image-78\" src=\"http:\/\/edublog.educastur.es\/corredoria3\/files\/2020\/08\/optativas.jpg\" alt=\"\" width=\"801\" height=\"503\" srcset=\"https:\/\/edublog.educastur.es\/corredoria3\/files\/2020\/08\/optativas.jpg 801w, https:\/\/edublog.educastur.es\/corredoria3\/files\/2020\/08\/optativas-300x188.jpg 300w, https:\/\/edublog.educastur.es\/corredoria3\/files\/2020\/08\/optativas-768x482.jpg 768w, https:\/\/edublog.educastur.es\/corredoria3\/files\/2020\/08\/optativas-676x425.jpg 676w\" sizes=\"auto, (max-width: 801px) 100vw, 801px\" \/><\/span><\/p>\n<\/div>\n<ul>\n<li><span style=\"font-size: 18pt\"><strong><a href=\"https:\/\/drive.google.com\/file\/d\/1EqRW27zrQu735he7_rAaMGX8L0JBYUig\/view?usp=sharing\">P\u00e1g. 373 &#8211; Cultura Asturiana<\/a><\/strong><\/span><\/li>\n<\/ul>\n<p>&nbsp;<\/p>\n<p><span style=\"font-size: 18pt\"><strong>\n<!-- iframe plugin v.6.0 wordpress.org\/plugins\/iframe\/ -->\n<iframe loading=\"lazy\" src=\"https:\/\/drive.google.com\/file\/d\/1EqRW27zrQu735he7_rAaMGX8L0JBYUig\/preview\" width=\"704\" height=\"980\" 0=\"\/iframe\" scrolling=\"yes\" class=\"iframe-class\" frameborder=\"0\"><\/iframe>\n <\/strong><\/span><\/p>\n<p><span style=\"color: #800000;font-size: 14pt\"><strong><em>Puedes ampliar el documento para leer mejor, haciendo clic en la flecha superior derecha.<\/em><\/strong><\/span><\/p>\n<\/div>\n<ul>\n<li><span style=\"font-size: 18pt\"><a href=\"https:\/\/drive.google.com\/file\/d\/1kc3queqtvdRH6oSSvTdSFHa3XYAOjnGS\/view?usp=sharing\"><strong>CONTENIDOS de Cultura Asturiana<\/strong><\/a><\/span><\/li>\n<\/ul>\n<p><span style=\"font-size: 18pt\"><strong>\n<!-- iframe plugin v.6.0 wordpress.org\/plugins\/iframe\/ -->\n<iframe loading=\"lazy\" src=\"https:\/\/drive.google.com\/file\/d\/1kc3queqtvdRH6oSSvTdSFHa3XYAOjnGS\/preview\" width=\"736\" height=\"552\" 0=\"\/iframe\" scrolling=\"yes\" class=\"iframe-class\" frameborder=\"0\"><\/iframe>\n <\/strong><\/span><\/p>\n<\/article>\n<p><strong><em><span style=\"font-size: 14pt;color: #800000\">Puedes ampliar el documento para leer mejor, haciendo clic en la flecha superior derecha.<\/span><\/em><\/strong><\/p>\n<\/div>\n<p>&nbsp;<\/p>\n","protected":false},"excerpt":{"rendered":"<p>Cultura Asturiana es una asignatura optativa y diferente a Llingua Asturiana y Lliteratura. Las tareas propuestas estar\u00e1n enlazadas y expuestas en los distintos cursos de E. Primaria. Su elecci\u00f3n y\/o cambio se actualiza a final de cada curso escolar, durante el peri\u00f3do de matr\u00edcula. Las tareas escolares y Evaluaci\u00f3n de Cultura A. corresponde a los [&hellip;]<\/p>\n","protected":false},"author":117,"featured_media":0,"parent":0,"menu_order":12,"comment_status":"closed","ping_status":"closed","template":"","meta":{"footnotes":""},"class_list":["post-20","page","type-page","status-publish","hentry","post-preview"],"_links":{"self":[{"href":"https:\/\/edublog.educastur.es\/corredoria3\/wp-json\/wp\/v2\/pages\/20","targetHints":{"allow":["GET"]}}],"collection":[{"href":"https:\/\/edublog.educastur.es\/corredoria3\/wp-json\/wp\/v2\/pages"}],"about":[{"href":"https:\/\/edublog.educastur.es\/corredoria3\/wp-json\/wp\/v2\/types\/page"}],"author":[{"embeddable":true,"href":"https:\/\/edublog.educastur.es\/corredoria3\/wp-json\/wp\/v2\/users\/117"}],"replies":[{"embeddable":true,"href":"https:\/\/edublog.educastur.es\/corredoria3\/wp-json\/wp\/v2\/comments?post=20"}],"version-history":[{"count":17,"href":"https:\/\/edublog.educastur.es\/corredoria3\/wp-json\/wp\/v2\/pages\/20\/revisions"}],"predecessor-version":[{"id":4702,"href":"https:\/\/edublog.educastur.es\/corredoria3\/wp-json\/wp\/v2\/pages\/20\/revisions\/4702"}],"wp:attachment":[{"href":"https:\/\/edublog.educastur.es\/corredoria3\/wp-json\/wp\/v2\/media?parent=20"}],"curies":[{"name":"wp","href":"https:\/\/api.w.org\/{rel}","templated":true}]}}