{"id":23,"date":"2020-08-19T07:44:44","date_gmt":"2020-08-19T07:44:44","guid":{"rendered":"https:\/\/edublog.educastur.es\/corredoria3\/?page_id=23"},"modified":"2021-09-26T13:40:08","modified_gmt":"2021-09-26T11:40:08","slug":"llingua-asturiana","status":"publish","type":"page","link":"https:\/\/edublog.educastur.es\/corredoria3\/llingua-asturiana\/","title":{"rendered":"LLingua A."},"content":{"rendered":"<p><a href=\"https:\/\/edublog.educastur.es\/corredoria3\/llingua-asturiana\/\"><img loading=\"lazy\" decoding=\"async\" class=\"wp-image-366 aligncenter\" src=\"http:\/\/edublog.educastur.es\/corredoria3\/files\/2020\/08\/06_llingua-300x256.png\" alt=\"\" width=\"166\" height=\"142\" srcset=\"https:\/\/edublog.educastur.es\/corredoria3\/files\/2020\/08\/06_llingua-300x256.png 300w, https:\/\/edublog.educastur.es\/corredoria3\/files\/2020\/08\/06_llingua.png 420w\" sizes=\"auto, (max-width: 166px) 100vw, 166px\" \/><\/a><\/p>\n<hr \/>\n<p><img loading=\"lazy\" decoding=\"async\" class=\"wp-image-384 aligncenter\" src=\"http:\/\/edublog.educastur.es\/corredoria3\/files\/2020\/08\/30_primaria-300x246.png\" alt=\"\" width=\"146\" height=\"120\" srcset=\"https:\/\/edublog.educastur.es\/corredoria3\/files\/2020\/08\/30_primaria-300x246.png 300w, https:\/\/edublog.educastur.es\/corredoria3\/files\/2020\/08\/30_primaria.png 424w\" sizes=\"auto, (max-width: 146px) 100vw, 146px\" \/><\/p>\n<p><strong><em><span style=\"font-size: 18pt;color: #800080\">Los contenidos se ir\u00e1n insertando en las Sesiones conjuntas con Cultura Asturiana, cuyos contenidos curriculares se toman de base en este curso en el que compartimos aula. <\/span><\/em><\/strong><em><span style=\"font-size: 18pt;color: #800080\">Ver enlaces clicando en las carpetas.<\/span><\/em><strong><em><span style=\"font-size: 18pt;color: #800080\"><br \/>\n<\/span><\/em><\/strong><\/p>\n<p><a href=\"https:\/\/edublog.educastur.es\/corredoria3\/1o-pri\/cultura-asturiana\/\"><img loading=\"lazy\" decoding=\"async\" class=\" wp-image-374 alignleft\" src=\"http:\/\/edublog.educastur.es\/corredoria3\/files\/2020\/08\/20_primero-300x246.png\" alt=\"\" width=\"100\" height=\"82\" srcset=\"https:\/\/edublog.educastur.es\/corredoria3\/files\/2020\/08\/20_primero-300x246.png 300w, https:\/\/edublog.educastur.es\/corredoria3\/files\/2020\/08\/20_primero.png 424w\" sizes=\"auto, (max-width: 100px) 100vw, 100px\" \/><\/a><a href=\"https:\/\/edublog.educastur.es\/corredoria3\/2o-pri\/cultura-asturiana\/\"><img loading=\"lazy\" decoding=\"async\" class=\" wp-image-375 alignleft\" src=\"http:\/\/edublog.educastur.es\/corredoria3\/files\/2020\/08\/21_segundo-300x246.png\" alt=\"\" width=\"100\" height=\"82\" srcset=\"https:\/\/edublog.educastur.es\/corredoria3\/files\/2020\/08\/21_segundo-300x246.png 300w, https:\/\/edublog.educastur.es\/corredoria3\/files\/2020\/08\/21_segundo.png 424w\" sizes=\"auto, (max-width: 100px) 100vw, 100px\" \/><\/a><\/p>\n<p><a href=\"https:\/\/edublog.educastur.es\/corredoria3\/3o-pri\/cultura-asturiana\/\"><img loading=\"lazy\" decoding=\"async\" class=\" wp-image-376 alignleft\" src=\"http:\/\/edublog.educastur.es\/corredoria3\/files\/2020\/08\/22_tercero-300x246.png\" alt=\"\" width=\"99\" height=\"81\" srcset=\"https:\/\/edublog.educastur.es\/corredoria3\/files\/2020\/08\/22_tercero-300x246.png 300w, https:\/\/edublog.educastur.es\/corredoria3\/files\/2020\/08\/22_tercero.png 424w\" sizes=\"auto, (max-width: 99px) 100vw, 99px\" \/><\/a><a href=\"https:\/\/edublog.educastur.es\/corredoria3\/4o-pri\/cultura-asturiana\/\"><img loading=\"lazy\" decoding=\"async\" class=\" wp-image-377 alignleft\" src=\"http:\/\/edublog.educastur.es\/corredoria3\/files\/2020\/08\/23_cuarto-300x246.png\" alt=\"\" width=\"101\" height=\"83\" srcset=\"https:\/\/edublog.educastur.es\/corredoria3\/files\/2020\/08\/23_cuarto-300x246.png 300w, https:\/\/edublog.educastur.es\/corredoria3\/files\/2020\/08\/23_cuarto.png 424w\" sizes=\"auto, (max-width: 101px) 100vw, 101px\" \/><\/a><\/p>\n<p><a href=\"https:\/\/edublog.educastur.es\/corredoria3\/5o-pri\/cultura-asturiana\/\"><img loading=\"lazy\" decoding=\"async\" class=\"wp-image-378 alignleft\" src=\"http:\/\/edublog.educastur.es\/corredoria3\/files\/2020\/08\/24_quinto-300x246.png\" alt=\"\" width=\"102\" height=\"83\" srcset=\"https:\/\/edublog.educastur.es\/corredoria3\/files\/2020\/08\/24_quinto-300x246.png 300w, https:\/\/edublog.educastur.es\/corredoria3\/files\/2020\/08\/24_quinto.png 424w\" sizes=\"auto, (max-width: 102px) 100vw, 102px\" \/><\/a><a href=\"https:\/\/edublog.educastur.es\/corredoria3\/6o-pri\/cultura-asturiana\/\"><img loading=\"lazy\" decoding=\"async\" class=\" wp-image-379 alignleft\" src=\"http:\/\/edublog.educastur.es\/corredoria3\/files\/2020\/08\/25_sexto-300x246.png\" alt=\"\" width=\"100\" height=\"82\" srcset=\"https:\/\/edublog.educastur.es\/corredoria3\/files\/2020\/08\/25_sexto-300x246.png 300w, https:\/\/edublog.educastur.es\/corredoria3\/files\/2020\/08\/25_sexto.png 424w\" sizes=\"auto, (max-width: 100px) 100vw, 100px\" \/><\/a><\/p>\n<p>&nbsp;<\/p>\n<p>&nbsp;<\/p>\n<p>&nbsp;<\/p>\n<hr \/>\n<p>&nbsp;<\/p>\n<p><span style=\"font-size: 18pt\"><em><span style=\"color: #008080\"><strong>Llingua Asturiana y Lliteratura\u00a0<\/strong> es una asignatura optativa y diferente a<\/span><strong><span style=\"color: #008080\"> Cultura Asturiana. Como Lengua, se trabaja la Competencia ling\u00fc\u00edstica en todas sus vertientes.<\/span><br \/>\n<\/strong><\/em><\/span><\/p>\n<ul>\n<li><span style=\"font-size: 18pt\"><em><strong>Su elecci\u00f3n y\/o cambio se actualiza a final de cada curso escolar, durante el peri\u00f3do de matr\u00edcula, al igual que sucede con Religi\u00f3n y\/o Valores.<\/strong><\/em><\/span><\/li>\n<li><span style=\"font-size: 18pt\"><em><span style=\"color: #800000\">Las<strong> tareas escolares <\/strong>y<strong> Evaluaci\u00f3n <\/strong>de Llingua Asturiana <strong>corresponde a la profesora especialista encargada de dicha asignatura, a no ser en casos en que por motivos de horario sea el tutor\/a, profesorado habilitado para impartir dicha asignatura. <span style=\"color: #008080\">Se programa la asignatura en coordinaci\u00f3n con quien imparte Cultura Asturiana.<\/span><\/strong><\/span><strong><br \/>\n<\/strong><\/em><\/span><\/li>\n<li><span style=\"font-size: 18pt\"><em>Decreto 82\/2014, de 28 de agosto, por el que se regula la ordenaci\u00f3n y establece el <strong>curr\u00edculo de la E. Primaria en el Principado de Asturias.<\/strong><\/em><\/span>\n<ul>\n<li><span style=\"font-size: 18pt\"><em><a href=\"https:\/\/www.educastur.es\/documents\/10531\/40578\/2014-08+Decreto+curr%C3%ADculo+Educaci%C3%B3n+Primaria+%28zip%29\/923ed504-d3c7-4fd4-bfb1-6def924bfd5e\">Consultar decreto. BOPA de 30 de agosto de 2014<\/a> [pdf]<\/em><\/span><\/li>\n<\/ul>\n<p><span style=\"font-size: 18pt\"><em><strong>Curr\u00edculo Educaci\u00f3n Primaria y relaci\u00f3n entre criterios de evaluaci\u00f3n y est\u00e1ndares de aprendizaje evaluables <\/strong><\/em><\/span><span style=\"font-size: 18pt\"><em><a href=\"https:\/\/www.educastur.es\/documents\/10531\/40578\/2014-08+Publicaci%C3%B3n+curr%C3%ADculo+Educaci%C3%B3n+Primaria+%28pdf%29\/acde98a4-4b20-4c51-a4eb-05fc36fc8e44\">Consultar publicaci\u00f3n<\/a> [pdf]<\/em><\/span><\/li>\n<\/ul>\n<ul>\n<li><span style=\"font-size: 18pt\"><em><strong>P\u00e1gina 335\u00a0 <\/strong>Lengua Asturiana y Literatura<\/em><\/span><\/li>\n<li><span style=\"font-size: 18pt\"><em><strong>P\u00e1gina 373\u00a0<\/strong> Cultura Asturiana<\/em><\/span><\/li>\n<li><span style=\"font-size: 18pt\"><em>Para saber m\u00e1s sobre la asignatura de Llingua Asturiana y Lliteratura puedes consultar el Cur\u00edculo (asturiano)<\/em><\/span><\/li>\n<\/ul>\n<p><span style=\"font-size: 18pt\"><img loading=\"lazy\" decoding=\"async\" class=\"\" src=\"https:\/\/www.educastur.es\/documents\/10531\/126307\/2018_01_Bannerok-curriculum_asturianu_PRIMARIA.png\/b0c82116-1e09-4da6-aad0-4bbba0ea2d74?t=1515488394257\" alt=\"Banner curriculo\" width=\"346\" height=\"109\" \/><\/span><\/p>\n<p><span style=\"font-size: 18pt\"><em><strong>Articul\u00e1u y Anexu III (Llingua Asturiana y Lliteratura)<\/strong> del Decretu\u00a0 Decretu 82\/2014, de 28 d\u2019agostu, pol que se regula la ordenaci\u00f3n y s\u2019establez el curr\u00edculu de la Educaci\u00f3n Primaria nel Princip\u00e1u d\u2019Asturies.\u00a0\u00a0\u00a0\u00a0 <\/em><\/span><span style=\"font-size: 18pt\"><em><a href=\"https:\/\/www.educastur.es\/documents\/10531\/126303\/Curr%C3%ADculu+Llingua+Ast-Lliteratura+Primaria.doc\/793be1d3-64f8-4c4c-a8f2-fa69ae241b9e\" target=\"_blank\" rel=\"noopener noreferrer\">Consultar curr\u00edculu d\u2019Educaci\u00f3n Primaria n\u2019asturianu<\/a> (doc editable \u2013 494 Kb)<\/em><\/span><\/p>\n<p><span style=\"font-size: 18pt\"><em><strong>Publicaci\u00f3n na colecci\u00f3n Curr\u00edculo<\/strong> (Editada pola Conseyer\u00eda d\u2019Educaci\u00f3n y Cultura) <\/em><em>Articul\u00e1u del Decretu\u00a0 Decretu 82\/2014, de 28 d\u2019agostu, pol que se regula la ordenaci\u00f3n y s\u2019establez el curr\u00edculu de la Educaci\u00f3n Primaria nel Princip\u00e1u d\u2019Asturies y Curr\u00edculu de Llingua Asturiana y Lliteratura na Educaci\u00f3n Primaria y rellaciones ente los sos elementos.<\/em><\/span><span style=\"font-size: 18pt\"><em><a href=\"https:\/\/www.educastur.es\/documents\/10531\/126303\/Curriculo_Primaria_Llingua_ast.pdf\/9bed20a3-bd1e-4f0e-8b5d-63c794a0b167\" target=\"_blank\" rel=\"noopener noreferrer\">Acceder a la publicaci\u00f3n<\/a> (llibru en pdf -375 Kb)<\/em><\/span><\/p>\n<div class=\"posts\">\n<article id=\"post-20\" class=\"post-20 page type-page status-publish hentry\">\n<ul>\n<li><span style=\"font-size: 18pt\"><a href=\"https:\/\/drive.google.com\/file\/d\/1EF92YUISKjhca8D3jjT3D3v2Xpq5Hs-4\/view?usp=sharing\"><strong>p\u00e1g. 335 &#8211; Llingua Asturiana<\/strong><\/a><\/span><\/li>\n<\/ul>\n<\/article>\n<p><span style=\"font-size: 18pt\"><strong>\n<!-- iframe plugin v.6.0 wordpress.org\/plugins\/iframe\/ -->\n<iframe loading=\"lazy\" src=\"https:\/\/drive.google.com\/file\/d\/1EF92YUISKjhca8D3jjT3D3v2Xpq5Hs-4\/preview\" width=\"704\" height=\"980\" 0=\"\/iframe\" scrolling=\"yes\" class=\"iframe-class\" frameborder=\"0\"><\/iframe>\n <\/strong><\/span><\/p>\n<p><strong><span style=\"color: #800000;font-size: 14pt\"><em>Puedes ampliar el documento para leer mejor, haciendo clic en la flecha superior derecha.<\/em><\/span><\/strong><\/p>\n<ul>\n<li><span style=\"font-size: 18pt\"><a href=\"https:\/\/drive.google.com\/file\/d\/1LSxaroPJg5VhbcLFo0k7SGf2b9kRuCIc\/view?usp=sharing\"><strong>CONTENIDOS de Llingua Asturiana<\/strong><\/a><\/span><\/li>\n<\/ul>\n<\/div>\n<p><span style=\"font-size: 18pt\"><strong>\n<!-- iframe plugin v.6.0 wordpress.org\/plugins\/iframe\/ -->\n<iframe loading=\"lazy\" src=\"https:\/\/drive.google.com\/file\/d\/1LSxaroPJg5VhbcLFo0k7SGf2b9kRuCIc\/preview\" width=\"736\" height=\"552\" 0=\"\/iframe\" scrolling=\"yes\" class=\"iframe-class\" frameborder=\"0\"><\/iframe>\n<\/strong><\/span><\/p>\n<p><strong><span style=\"font-size: 14pt;color: #800000\"><em>Puedes ampliar el documento para leer mejor, haciendo clic en la flecha superior derecha.<\/em><\/span><\/strong><\/p>\n<ul>\n<li><strong><span style=\"font-size: 18pt;color: #008080\">METODOLOX\u00cdA DID\u00c1CTICA:<\/span><\/strong><\/li>\n<\/ul>\n<p><span style=\"font-size: 14pt\"><em>La llingua asturiana ayuda, como les dem\u00e1s lling\u00fces que s\u2019imparten nesta etapa, a que l\u2019alumn\u00e1u consiga una mayor competencia n\u2019\u00e1mbitu comunicativo-lling\u00fc\u00edsticu. Pa eso, esta \u00e1rea desenvu\u00e9lvese alredor de les exes que mueven la espresi\u00f3n oral, la espresi\u00f3n escrita, el conocimientu de la llingua y del \u00e1mbitu lliterariu. D\u2019esta forma, l\u2019\u00e1rea de<strong> Llingua Asturiana y Lliteratura ayuda a desenvolver una partida de capacidaes nesa etapa:<\/strong><\/em><\/span><\/p>\n<p><span style=\"font-size: 14pt;color: #008080\"><em>\u2014Entender y espresase oralmente y per escrito, en llingua asturiana, de forma afayadiza nos distintos contestos de l\u2019activid\u00e1 social y cultural.<\/em><\/span><\/p>\n<p><span style=\"font-size: 14pt;color: #008080\"><em>\u2014Facer usu de los conocimientos sobre la llingua y les normes del usu lling\u00fc\u00edsticu, y enanchar el vocabulariu pa escribir y falar de forma afayadiza, coherente y correcta, y pa entender testos orales y escritos.<\/em><\/span><\/p>\n<p><span style=\"font-size: 14pt;color: #008080\"><em>\u2014Usar la llingua asturiana pa rellacionase y espresase de manera afayadiza na activid\u00e1 social y cultural adoptando una actit\u00fa respetuosa y de cooperaci\u00f3n, pa tomar conciencia de los propios sentimientos y idees y pa controlar la propia conducta, desenvolviendo la sensibilid\u00e1, la creativid\u00e1 y la est\u00e9tica nel usu personal del llinguaxe.<\/em><\/span><\/p>\n<p><span style=\"font-size: 14pt;color: #008080\"><em>\u2014Usar, en situaciones rellacionaes cola escuela y la so activid\u00e1, les diverses clases d\u2019escritos colos que se produz la comunicaci\u00f3n coles instituciones p\u00fabliques o privaes.<\/em><\/span><\/p>\n<p><span style=\"font-size: 14pt;color: #008080\"><em>\u2014Usar la llingua asturiana eficazmente na activid\u00e1 escolar tanto pa buscar, recoyer y procesar informaci\u00f3n como pa escribir testos propios del \u00e1mbitu acad\u00e9micu.<\/em><\/span><\/p>\n<p><span style=\"font-size: 14pt;color: #008080\"><em>\u2014Lleer con fluidez y entonaci\u00f3n afayadices, entendiendo clases distintes de testos adaptaos a la ed\u00e1 y usando la llectura pa enanchar el vocabulariu, afitar la ortograf\u00eda y adquirir les estructures b\u00e1siques de la llingua asturiana.<\/em><\/span><\/p>\n<p><span style=\"font-size: 14pt;color: #008080\"><em>\u2014Usar la llectura como fonte de disfrute y d\u2019arriquecimientu personal, como manera de conocimientu del patrimoniu cultural propiu y d\u2019apertura y descubrimientu d\u2019otres realidaes y cultures, y averase a obres relevantes de la tradici\u00f3n lliteraria pa desenvolver vezos de llectura.<\/em><\/span><\/p>\n<p><span style=\"font-size: 14pt;color: #008080\"><em>\u2014Entender testos lliterarios de x\u00e9neros diversos afayadizos en cuantes a tem\u00e1tica y complexid\u00e1, y iniciase nos conocimientos de les convenciones espec\u00edfiques del llinguaxe lliterariu.<\/em><\/span><\/p>\n<p><span style=\"font-size: 14pt;color: #008080\"><em>\u2014Empezar la reflex\u00f3n progresiva sobre l\u2019usu de la llingua, estableciendo rellaciones ente los aspectos formales y los contestos y intenciones comunicatives a los que respuenden p\u2019ameyorar l\u2019usu personal del llinguaxe.<\/em><\/span><\/p>\n<p><span style=\"font-size: 14pt;color: #008080\"><em>\u2014Reflexonar sobre los distintos usos sociales de la llingua asturiana, pa evitar los estereotipos lling\u00fc\u00edsticos qu\u2019imponen xuicios de valor y prexuicios clasistes, racistes, sexistes o xen\u00f3fobos.<\/em><\/span><\/p>\n<p><span style=\"font-size: 14pt;color: #008080\"><em>\u2014Usar los conocimientos y les esperiencies previes con otres lling\u00fces pa una adquisici\u00f3n m\u00e1s r\u00e1pida, eficaz y aut\u00f3noma de cualquier llingua.<\/em><\/span><\/p>\n<p><span style=\"font-size: 14pt;color: #008080\"><em>\u2014Aprender a usar, con autonom\u00eda progresiva, les tecnolox\u00edes de la informaci\u00f3n y la comunicaci\u00f3n desenvolviendo un esp\u00edritu cr\u00edticu \u00e9nte los mensaxes que reciben y ellaboren en llingua asturiana.<\/em><\/span><\/p>\n<p><span style=\"font-size: 14pt;color: #008080\"><em>\u2014Desenvolver vezos de trabayu individual y d\u2019equipu, d\u2019esfuerciu y de responsabilid\u00e1 nel estudiu, am\u00e1s d\u2019actit\u00faes d\u2019enfotu na so propia persona, sent\u00edu cr\u00edticu, iniciativa personal, inquiet\u00fa, inter\u00e9s y creativid\u00e1 nel aprendimientu, y esp\u00edritu entamador.<\/em><\/span><\/p>\n<p><span style=\"font-size: 14pt;color: #008080\"><em>\u2014Apreciar la diversid\u00e1 lling\u00fc\u00edstica y valorar la realid\u00e1 plurilling\u00fce de la Comunid\u00e1 Aut\u00f3noma del Princip\u00e1u d\u2019Asturies y d\u2019Espa\u00f1a como se\u00f1a de riqueza cultural.<\/em><\/span><\/p>\n<p><span style=\"font-size: 14pt;color: #008080\"><em>\u2014Valorar la llingua asturiana en particular y les dem\u00e1s lling\u00fces en xeneral, como mediu de comunicaci\u00f3n, entendimientu y resoluci\u00f3n pac\u00edfica de conflictos ente persones de sexos, procedencies y cultures diverses y como ferramienta d\u2019aprendimientu de distintos conten\u00edos, amosando una actit\u00fa receptiva y respetuosa pa colos sos falantes y la so cultura.<\/em><\/span><\/p>\n<p><span style=\"font-size: 14pt;color: #008080\"><em>\u2014Conocer y apreciar los valores y les normes de convivencia, aprender a obrar d\u2019alcuerdu con elles, preparase pal exerciciu activu de la ciudadan\u00eda y respetar los derechos humanos, lo mesmo que\u2019l pluralismu propiu d\u2019una socied\u00e1 democr\u00e1tica.<\/em><\/span><\/p>\n<p><span style=\"font-size: 14pt;color: #008080\"><em>\u2014Adquirir habilidaes pa la prevenci\u00f3n y pa la resoluci\u00f3n pac\u00edfica de conflictos, que-yos dexen desenvolvese con autonom\u00eda n\u2019\u00e1mbitu familiar y dom\u00e9sticu, lo mesmo que nos grupos sociales colos que se rellacionen.<\/em><\/span><\/p>\n<p><span style=\"font-size: 14pt;color: #008080\"><em>\u2014Desenvolver les sos capacidaes afectives en tolos \u00e1mbitos de la personalid\u00e1 y nes sos rellaciones coles dem\u00e1s persones, am\u00e1s d\u2019una actit\u00fa contraria a la violencia, a los prexuicios de cualquier clas y a los estereotipos sexistes.<\/em><\/span><\/p>\n<p><span style=\"font-size: 14pt;color: #800000\"><em>La ense\u00f1anza de la llingua asturiana na etapa d\u2019Educaci\u00f3n Primaria ayuda a algamar les competencies establec\u00edes n\u2019art\u00edculu 7 d\u2019esti decretu y, sobre manera, a desenvolver la <strong>competencia en comunicaci\u00f3n lling\u00fc\u00edstica<\/strong>, porque l\u2019aprendimientu y usu de la llingua asturiana da perspectives y matices nuevos qu\u2019arriquecen esta competencia. El conocimientu de la llingua asturiana ufierta la posibilid\u00e1 de comunicase us\u00e1ndola de forma inmediata en contestos reales y funcionales de comunicaci\u00f3n al tratase d\u2019una llingua ambiental.<\/em><\/span><\/p>\n<p>&nbsp;<\/p>\n<p style=\"text-align: center\"><img loading=\"lazy\" decoding=\"async\" class=\"\" src=\"https:\/\/encrypted-tbn0.gstatic.com\/images?q=tbn:ANd9GcTR28kVyfgd3qwCkn2ICP6JNBpKea-RZS3fF5sLEuFyAkmWuml3Qyn-alg-FidZmJD8Ug&amp;usqp=CAU\" width=\"319\" height=\"34\" \/><\/p>\n<p>&nbsp;<\/p>\n","protected":false},"excerpt":{"rendered":"<p>Los contenidos se ir\u00e1n insertando en las Sesiones conjuntas con Cultura Asturiana, cuyos contenidos curriculares se toman de base en este curso en el que compartimos aula. Ver enlaces clicando en las carpetas. &nbsp; &nbsp; &nbsp; &nbsp; Llingua Asturiana y Lliteratura\u00a0 es una asignatura optativa y diferente a Cultura Asturiana. Como Lengua, se trabaja la [&hellip;]<\/p>\n","protected":false},"author":117,"featured_media":0,"parent":0,"menu_order":15,"comment_status":"closed","ping_status":"closed","template":"","meta":{"footnotes":""},"class_list":["post-23","page","type-page","status-publish","hentry","post-preview"],"_links":{"self":[{"href":"https:\/\/edublog.educastur.es\/corredoria3\/wp-json\/wp\/v2\/pages\/23","targetHints":{"allow":["GET"]}}],"collection":[{"href":"https:\/\/edublog.educastur.es\/corredoria3\/wp-json\/wp\/v2\/pages"}],"about":[{"href":"https:\/\/edublog.educastur.es\/corredoria3\/wp-json\/wp\/v2\/types\/page"}],"author":[{"embeddable":true,"href":"https:\/\/edublog.educastur.es\/corredoria3\/wp-json\/wp\/v2\/users\/117"}],"replies":[{"embeddable":true,"href":"https:\/\/edublog.educastur.es\/corredoria3\/wp-json\/wp\/v2\/comments?post=23"}],"version-history":[{"count":41,"href":"https:\/\/edublog.educastur.es\/corredoria3\/wp-json\/wp\/v2\/pages\/23\/revisions"}],"predecessor-version":[{"id":4865,"href":"https:\/\/edublog.educastur.es\/corredoria3\/wp-json\/wp\/v2\/pages\/23\/revisions\/4865"}],"wp:attachment":[{"href":"https:\/\/edublog.educastur.es\/corredoria3\/wp-json\/wp\/v2\/media?parent=23"}],"curies":[{"name":"wp","href":"https:\/\/api.w.org\/{rel}","templated":true}]}}