{"id":2677,"date":"2021-01-16T20:20:49","date_gmt":"2021-01-16T18:20:49","guid":{"rendered":"https:\/\/edublog.educastur.es\/corredoria3\/?page_id=2677"},"modified":"2021-02-25T21:00:46","modified_gmt":"2021-02-25T19:00:46","slug":"sesion-03","status":"publish","type":"page","link":"https:\/\/edublog.educastur.es\/corredoria3\/6o-pri\/cultura-asturiana\/segundo-trimestre\/sesion-03\/","title":{"rendered":"Sesi\u00f3n 03"},"content":{"rendered":"<p style=\"text-align: center\"><img loading=\"lazy\" decoding=\"async\" class=\"alignnone size-full\" src=\"https:\/\/www.aventurasenasturias.com\/upload\/excursiones\/01020952553.jpg?crc=4091525304\" width=\"1796\" height=\"835\" \/><\/p>\n<p style=\"text-align: center\"><a href=\"https:\/\/edublog.educastur.es\/corredoria3\/6o-pri\/cultura-asturiana\/segundo-trimestre\/sesion-03\/\"><strong><em><span style=\"font-size: 18pt\"><span style=\"color: #008080\">a) Asturias Rural, oriental y Occidental, las Villas asturianas<\/span><\/span><\/em><\/strong><\/a><\/p>\n<p style=\"text-align: center\"><a href=\"https:\/\/edublog.educastur.es\/corredoria3\/6o-pri\/cultura-asturiana\/segundo-trimestre\/sesion-3b\/\"><span style=\"color: #800080\"><strong><em><span style=\"font-size: 18pt\">b) La Asturias dialectal (VER)<\/span><\/em><\/strong><\/span><\/a><\/p>\n<ul>\n<li><a href=\"https:\/\/educastur-my.sharepoint.com\/:b:\/g\/personal\/isabellh_educastur_org\/EQWXk329SG5Ph5AD2mHgB-8BWGBzu6asiC62tHs6_zxzWg?e=T3AsCv\"><span style=\"font-size: 18pt\"><strong><em>Actividad en castellano<\/em><\/strong><\/span><\/a><\/li>\n<li><a href=\"https:\/\/educastur-my.sharepoint.com\/:b:\/g\/personal\/isabellh_educastur_org\/EQakC2j3xUpNjyybhoexLHAB3KAWKw92VXzoZq_Y7q6Urw?e=0TDDHf\"><span style=\"font-size: 18pt\"><strong><em>Activid\u00e1 n\u00b4asturianu<\/em><\/strong><\/span><\/a><\/li>\n<\/ul>\n<hr \/>\n<p>&nbsp;<\/p>\n<p style=\"text-align: center\"><span style=\"color: #008080\"><strong><em><span style=\"font-size: 18pt\">La Asturias Rural:\u00a0<\/span><\/em><\/strong><em><span style=\"font-size: 18pt\"><span style=\"font-size: 14pt\">se considera poblaci\u00f3n rural a aquella que vive en n\u00facleos con menos de 10.000 habitantes.<\/span><\/span><\/em><\/span><\/p>\n<p><a href=\"https:\/\/imgbox.es\/images\/2021\/01\/20\/Ast_Areas-territorialesa01e43cea48006b8.jpg\"><img loading=\"lazy\" decoding=\"async\" class=\"alignnone\" src=\"https:\/\/imgbox.es\/images\/2021\/01\/20\/Ast_Areas-territorialesa01e43cea48006b8.jpg\" alt=\"\" width=\"1132\" height=\"557\" \/><\/a><\/p>\n<p><span style=\"text-decoration: underline\"><em><span style=\"font-size: 18pt;color: #008080;text-decoration: underline\"><b>L&#8217;Asturies<\/b><b> rural presenta una gran\u00a0 <\/b><b>varied\u00e1<\/b><b>:<\/b>\u00a0<\/span><\/em><\/span><\/p>\n<p><em><span style=\"font-size: 18pt;color: #008080\">\u00a0\u00a0\u00a0 Hai una <b>Asturies<\/b><b> marinera<\/b>, d&#8217;ag\u00fces braves, cantiles y sableres; \u00a0<\/span><\/em><br \/>\n<em><span style=\"font-size: 18pt;color: #008080\">\u00a0\u00a0\u00a0 una <b>Asturies<\/b> <b>montascosa<\/b>, de r\u00edos selvaxes y cumes abruptas; y una \u00a0<\/span><\/em><br \/>\n<em><span style=\"font-size: 18pt;color: #008080\">\u00a0\u00a0\u00a0 <b>Asturies<\/b><b> de los valles<\/b>, apacible y de verdes prader\u00edas.\u00a0<\/span><\/em><\/p>\n<p><em><span style=\"font-size: 14pt\">Toes elles t\u00e1n xun\u00edes poles tradiciones y los trabayos de la naturaleza (agricultura, ganader\u00eda y pesca) y pol cuidu y la protecci\u00f3n de los espacios naturales, qu&#8217;ocupen\u00a0 m\u00e1s del 30% del territoriu.\u00a0<\/span><\/em><\/p>\n<p><em><span style=\"font-size: 14pt\"><span style=\"text-decoration: underline\"><span style=\"color: #800080;text-decoration: underline\">L&#8217;Asturies rural caracterizase por:<\/span><\/span><br \/>\n(a) <span style=\"color: #800080\"><strong>poblamientu dispersu: <\/strong><\/span><span style=\"color: #008080\">nun esiste un n\u00facleu de viviendes sin\u00f3n que les viviendes t\u00e1n espard\u00edes por tol territoriu, de normal cerca de les esplotaciones de cada familia.\u00a0<\/span> <\/span><\/em><\/p>\n<p><em><span style=\"font-size: 14pt\">(b) <strong><span style=\"color: #800080\">minifundismu:<\/span> <\/strong><span style=\"color: #008080\">Sistema d&#8217;esplotaci\u00f3n agraria bas\u00e1u na distribuci\u00f3n de la propied\u00e1 de la tierra en minifundios o terrenes de poca estensi\u00f3n y baxa productivid\u00e1.<\/span><strong><br \/>\n<\/strong><\/span><\/em><\/p>\n<p><span style=\"font-size: 14pt\">El poblamientu rural entamar n&#8217;unos 6.000 n\u00facleos o aldegues de peque\u00f1u tama\u00f1u, munchos de los cualos nun algamar los 100.000 habitantes. La poblaci\u00f3n rural ta bien avieyada y va menguando pasu ente pasu. Na \u00faltima d\u00e9cada, nos postreros diez a\u00f1os, perdi\u00f3se casi&#8217;l 10 % de la poblaci\u00f3n.\u00a0<\/span><\/p>\n<p><span style=\"font-size: 14pt\">La mayor parte de la poblaci\u00f3n asturiana concretar na \u00c1rea central, onde se topen les ciudaes y les villes m\u00e1s grandes. Pero a entrambos llaos d&#8217;esta \u00e1rea esisten otres dos \u00e1rees d&#8217;Asturies con caracter\u00edstiques propies.\u00a0<\/span><\/p>\n<p><span style=\"font-size: 14pt\"><b>\u00c1REA ORIENTAL:<\/b> Ye un territoriu de fondos contrastes y desniveles pos en 60 km pasar de los 2500m d&#8217;altit\u00fa de los Picos d&#8217;Europa al nivel del mar Cant\u00e1bricu Na mari\u00f1a produci\u00f3se un importante desenvolvimientu tur\u00edsticu de sol, sablera y deportes marinos. La zona de cantiles ente Llanes y Ribedeva foi declarada Paisaxe Protex\u00edu de la Mari\u00f1a Oriental.\u00a0<\/span><\/p>\n<p><span style=\"font-size: 14pt\">Conceyos:\u00a0\u00a0<\/span><\/p>\n<p><span style=\"font-size: 14pt\" data-ccp-props=\"{&quot;201341983&quot;:0,&quot;335559739&quot;:160,&quot;335559740&quot;:259}\">\u00a0<\/span><span style=\"font-size: 14pt\"><b>\u00c1REA OCCIDENTAL<\/b>: Caracterizar pol predominiu de les formes de relieve montascosu que s&#8217;estienden dende les sierres prelitorales hasta&#8217;l cordal Cant\u00e1bricu.\u00a0<\/span><\/p>\n<p><span style=\"font-size: 14pt\">Un tramu de la mari\u00f1a foi declar\u00e1u Paisaxe Protex\u00edu de la Mari\u00f1a Occidental y n\u00e9l representen los traces peculiares del conxuntu: la rasa mariniega, los cantiles y\u00a0<\/span><br \/>\n<span style=\"font-size: 14pt\">los estuarios de los r\u00edos.\u00a0<\/span><\/p>\n<p><span style=\"font-size: 14pt\">Conceyos:\u00a0\u00a0<\/span><\/p>\n<p style=\"text-align: center\"><img loading=\"lazy\" decoding=\"async\" class=\"alignnone size-full\" src=\"https:\/\/www.aventurasenasturias.com\/upload\/excursiones\/01020952553.jpg?crc=4091525304\" width=\"1796\" height=\"835\" \/><\/p>\n<hr \/>\n<p style=\"text-align: center\"><strong><em><span style=\"color: #008080;font-size: 18pt\">\u00a0LES\u00a0 VILLES\u00a0 ASTURIANES.\u00a0<\/span><\/em><\/strong><\/p>\n<p><span data-contrast=\"auto\">Les <\/span><span data-contrast=\"auto\">villes<\/span><span data-contrast=\"auto\"> ocupen un <\/span><span data-contrast=\"auto\">llugar<\/span> <span data-contrast=\"auto\">entemediu<\/span><span data-contrast=\"auto\"> ente la \u00e1rea metropolitana central <\/span><span data-contrast=\"auto\">onde<\/span><span data-contrast=\"auto\"> se topen <\/span><span data-contrast=\"auto\">ciudaes<\/span><span data-contrast=\"auto\">, y el <\/span><span data-contrast=\"auto\">mundu<\/span><span data-contrast=\"auto\"> rural. <\/span><span data-contrast=\"auto\">Nun<\/span><span data-contrast=\"auto\"> tienen muncha poblaci\u00f3n, pero formen n\u00facleos urbanos que desempe\u00f1en un papel importante de <\/span><span data-contrast=\"auto\">conex\u00f3n<\/span><span data-contrast=\"auto\"> ente los dos mundos.<\/span><span data-ccp-props=\"{&quot;201341983&quot;:0,&quot;335551550&quot;:6,&quot;335551620&quot;:6,&quot;335559739&quot;:160,&quot;335559740&quot;:276}\">\u00a0<\/span><\/p>\n<p><span data-contrast=\"auto\">Les <\/span><span data-contrast=\"auto\">sos<\/span> <span data-contrast=\"auto\">actividaes<\/span><span data-contrast=\"auto\"> principales centrar <\/span><span data-contrast=\"auto\">nel<\/span> <span data-contrast=\"auto\">comerciu<\/span><span data-contrast=\"auto\"> y nos servicios <\/span><span data-contrast=\"auto\">qu&#8217;ufierten<\/span><span data-contrast=\"auto\"> a los <\/span><span data-contrast=\"auto\">sos<\/span><span data-contrast=\"auto\"> habitantes residentes y a los de la so contorna.<\/span><span data-ccp-props=\"{&quot;201341983&quot;:0,&quot;335551550&quot;:6,&quot;335551620&quot;:6,&quot;335559739&quot;:160,&quot;335559740&quot;:276}\">\u00a0<\/span><\/p>\n<p style=\"text-align: center\"><span style=\"font-size: 18pt;color: #008080\"><b>Villes<\/b><b> interiores <\/b><b>d&#8217;occidente<\/b><b>:<\/b>\u00a0<\/span><\/p>\n<ul>\n<li><b><span data-contrast=\"auto\">Cangas:<\/span><\/b><span data-contrast=\"auto\"> Ye la villa del <\/span><span data-contrast=\"auto\">conceyu<\/span> <span data-contrast=\"auto\">asturianu<\/span><span data-contrast=\"auto\"> m\u00e1s grande. A les <\/span><span data-contrast=\"auto\">sos<\/span> <span data-contrast=\"auto\">actividaes<\/span><span data-contrast=\"auto\"> tradicionales <\/span><span data-contrast=\"auto\">agr\u00edcoles<\/span><span data-contrast=\"auto\">, <\/span><span data-contrast=\"auto\">ganaderes<\/span><span data-contrast=\"auto\"> y <\/span><span data-contrast=\"auto\">mineres<\/span><span data-contrast=\"auto\">, <\/span><span data-contrast=\"auto\">sum\u00f3se<\/span> <span data-contrast=\"auto\">\u00faltimamente&#8217;l<\/span> <span data-contrast=\"auto\">turismu<\/span><span data-contrast=\"auto\"> cola <\/span><span data-contrast=\"auto\">esplota<\/span><span data-contrast=\"auto\">ci\u00f3n<\/span><span data-contrast=\"auto\"> del so <\/span><span data-contrast=\"auto\">enorme <\/span><span data-contrast=\"auto\">patrimoniu<\/span> <span data-contrast=\"auto\">art\u00edsticu<\/span><span data-contrast=\"auto\"> y natural, <\/span><span data-contrast=\"auto\">nel<\/span><span data-contrast=\"auto\"> que destaquen el <\/span><span data-contrast=\"auto\">monesteriu<\/span><span data-contrast=\"auto\"> de <\/span><span data-contrast=\"auto\">Corias<\/span><span data-contrast=\"auto\">y el parque natural <\/span><span data-contrast=\"auto\">Fontes<\/span><span data-contrast=\"auto\"> del Narcea, <\/span><span data-contrast=\"auto\">Dega\u00f1a<\/span><span data-contrast=\"auto\"> y <\/span><span data-contrast=\"auto\">Ibias<\/span><span data-contrast=\"auto\">.<\/span><span data-ccp-props=\"{&quot;201341983&quot;:0,&quot;335551550&quot;:6,&quot;335551620&quot;:6,&quot;335559739&quot;:160,&quot;335559740&quot;:276}\">\u00a0<\/span><\/li>\n<li><a href=\"https:\/\/www.ayto-cnarcea.es\/\"><strong><em>Ayto. de Cangues del Narcea<\/em><\/strong><\/a><\/li>\n<\/ul>\n<p><a href=\"https:\/\/www.ayto-cnarcea.es\/image\/journal\/article?img_id=1571058&amp;t=1405318556977\"><img loading=\"lazy\" decoding=\"async\" class=\"alignnone\" src=\"https:\/\/www.ayto-cnarcea.es\/image\/journal\/article?img_id=1571058&amp;t=1405318556977\" alt=\"\" width=\"1440\" height=\"539\" \/><\/a><\/p>\n<ul>\n<li><b><span data-contrast=\"auto\">Tin\u00e9u<\/span><\/b><b><span data-contrast=\"auto\">:<\/span><\/b><span data-contrast=\"auto\"> Ye <\/span><span data-contrast=\"auto\">xuna<\/span><span data-contrast=\"auto\"> guapa <\/span><span data-contrast=\"auto\">ciud\u00e1<\/span><span data-contrast=\"auto\"> declarada <\/span><span data-contrast=\"auto\">conxuntu<\/span> <span data-contrast=\"auto\">hest\u00f3ricu<\/span> <span data-contrast=\"auto\">asitiada<\/span> <span data-contrast=\"auto\">nuna<\/span> <span data-contrast=\"auto\">encruciada<\/span><span data-contrast=\"auto\"> de caminos <\/span><span data-contrast=\"auto\">nel<\/span><span data-contrast=\"auto\"> Cam\u00edn de Sa<\/span><span data-contrast=\"auto\">ntiago, ente la <\/span><span data-contrast=\"auto\">mari\u00f1a<\/span><span data-contrast=\"auto\"> y <\/span><span data-contrast=\"auto\">l&#8217;interior<\/span><span data-contrast=\"auto\">, y <\/span><span data-contrast=\"auto\">ente&#8217;l<\/span> <span data-contrast=\"auto\">centru<\/span><span data-contrast=\"auto\"> y <\/span><span data-contrast=\"auto\">l&#8217;occidente<\/span><span data-contrast=\"auto\">. <\/span><span data-contrast=\"auto\">Les <\/span><span data-contrast=\"auto\">sos<\/span><span data-contrast=\"auto\"> feries de <\/span><span data-contrast=\"auto\">gan\u00e1u<\/span><span data-contrast=\"auto\"> y <\/span><span data-contrast=\"auto\">d&#8217;amueses<\/span><span data-contrast=\"auto\"> (muestres)<\/span><span data-contrast=\"auto\"> son bien importantes.<\/span><\/li>\n<li><a href=\"https:\/\/www.tineo.es\/\"><em><strong>Ayto. Tin\u00e9u<\/strong><\/em><\/a><\/li>\n<\/ul>\n<p><a href=\"https:\/\/i2.wp.com\/www.noticiasturismorural.es\/wp-content\/uploads\/2020\/01\/25-aniversario-tineo-conjunto-historico.jpg?fit=700%2C336&amp;ssl=1\"><img loading=\"lazy\" decoding=\"async\" class=\"aligncenter\" src=\"https:\/\/i2.wp.com\/www.noticiasturismorural.es\/wp-content\/uploads\/2020\/01\/25-aniversario-tineo-conjunto-historico.jpg?fit=700%2C336&amp;ssl=1\" alt=\"\" width=\"700\" height=\"336\" \/><\/a><\/p>\n<p style=\"text-align: center\"><span style=\"font-size: 18pt;color: #008080\"><b>Villes<\/b> <b>costeres<\/b> <b>d&#8217;occidente<\/b><b>:<\/b>\u00a0<\/span><\/p>\n<ul>\n<li><b><span data-contrast=\"auto\">A <\/span><\/b><b><span data-contrast=\"auto\">Veiga<\/span><\/b><b><span data-contrast=\"auto\">:<\/span><\/b> <em><strong>Vegadeo<\/strong><\/em> <span data-contrast=\"auto\">Forma&#8217;l<\/span> <span data-contrast=\"auto\">v\u00e9rtiz<\/span><span data-contrast=\"auto\"> de la r\u00eda del <\/span><span data-contrast=\"auto\">Eo<\/span><span data-contrast=\"auto\">, que ye <\/span><span data-contrast=\"auto\">xuna<\/span><span data-contrast=\"auto\"> reserva natural <\/span><span data-contrast=\"auto\">d&#8217;aves<\/span><span data-contrast=\"auto\"> y <\/span><span data-contrast=\"auto\">vexetaci\u00f3n <\/span><span data-contrast=\"auto\">bien <\/span><span data-contrast=\"auto\">calt<\/span><span data-contrast=\"auto\">enida<\/span><span data-contrast=\"auto\">. Ta <\/span><span data-contrast=\"auto\">allugada<\/span><span data-contrast=\"auto\"> ente la marina costera y <\/span><span data-contrast=\"auto\">l&#8217;interior<\/span> <span data-contrast=\"auto\">montascosu<\/span><span data-contrast=\"auto\">. <\/span><span data-contrast=\"auto\">Exerz<\/span><span data-contrast=\"auto\"> de <\/span><span data-contrast=\"auto\">centru<\/span><span data-contrast=\"auto\"> comarcal <\/span><span data-contrast=\"auto\">ufiertando<\/span><span data-contrast=\"auto\"> servicios p\u00fablicos y <\/span><span data-contrast=\"auto\">auniendo<\/span><span data-contrast=\"auto\"> les <\/span><span data-contrast=\"auto\">sos<\/span><span data-contrast=\"auto\"> tradicionales <\/span><span data-contrast=\"auto\">actividaes<\/span><span data-contrast=\"auto\"> pesquera\u00a0 <\/span><span data-contrast=\"auto\">y ganadera.<\/span><span data-ccp-props=\"{&quot;201341983&quot;:0,&quot;335551550&quot;:6,&quot;335551620&quot;:6,&quot;335559739&quot;:160,&quot;335559740&quot;:276}\">\u00a0<\/span><\/li>\n<li><a href=\"https:\/\/asturgeografic.blogspot.com\/2018\/08\/vegadeo-veiga.html\"><em><strong>Ayto. A veiga<\/strong><\/em><\/a><\/li>\n<\/ul>\n<p><a href=\"https:\/\/cflvdg.avoz.es\/default\/2018\/08\/01\/00121533143995643149975\/Foto\/2.jpg\"><img loading=\"lazy\" decoding=\"async\" class=\"alignnone\" src=\"https:\/\/cflvdg.avoz.es\/default\/2018\/08\/01\/00121533143995643149975\/Foto\/2.jpg\" alt=\"\" width=\"1280\" height=\"720\" \/><\/a><\/p>\n<ul>\n<li><b><span data-contrast=\"auto\">Tapia:<\/span><\/b><span data-contrast=\"auto\"> Ye <\/span><span data-contrast=\"auto\">xuna<\/span><span data-contrast=\"auto\"> villa tradicional marinera que da servicios coles <\/span><span data-contrast=\"auto\">mes<\/span><span data-contrast=\"auto\">mes<\/span><span data-contrast=\"auto\"> a un <\/span><span data-contrast=\"auto\">ampliu<\/span> <span data-contrast=\"auto\">territoriu<\/span> <span data-contrast=\"auto\">ganaderu<\/span> <span data-contrast=\"auto\">na<\/span><span data-contrast=\"auto\"> rasa. <\/span><span data-contrast=\"auto\">Na<\/span> <span data-contrast=\"auto\">actualid\u00e1<\/span> <span data-contrast=\"auto\">convirti\u00f3se<\/span> <span data-contrast=\"auto\">nuna<\/span><span data-contrast=\"auto\"> referencia <\/span><span data-contrast=\"auto\">rexonal<\/span><span data-contrast=\"auto\"> tur\u00edstica nos deportes n\u00e1uticos y <\/span><span data-contrast=\"auto\">dispon<\/span> <span data-contrast=\"auto\">d&#8217;una<\/span><span data-contrast=\"auto\"> prueba <\/span><span data-contrast=\"auto\">nel<\/span> <span data-contrast=\"auto\">campeonatu<\/span><span data-contrast=\"auto\"> del <\/span><span data-contrast=\"auto\">mundu<\/span><span data-contrast=\"auto\"> de surf <\/span><span data-contrast=\"auto\">na<\/span><span data-contrast=\"auto\"> so sablera de <\/span><span data-contrast=\"auto\">Anguileiro<\/span><span data-contrast=\"auto\">.<\/span><\/li>\n<li><a href=\"https:\/\/www.tapiadecasariego.es\/\"><strong><em>Ayto. Tapia<\/em><\/strong><\/a><\/li>\n<li><a href=\"https:\/\/youtu.be\/Ia6yxRxETaM\">Tapia vista dron<\/a><\/li>\n<\/ul>\n<p style=\"text-align: center\">\n<!-- iframe plugin v.6.0 wordpress.org\/plugins\/iframe\/ -->\n<iframe loading=\"lazy\" width=\"647\" height=\"364\" src=\"https:\/\/www.youtube.com\/embed\/Ia6yxRxETaM\" scrolling=\"yes\" class=\"iframe-class\" frameborder=\"0\"><\/iframe>\n<\/p>\n<ul>\n<li><b><span data-contrast=\"auto\">Navia<\/span><\/b><span data-contrast=\"auto\">: <\/span><span data-contrast=\"auto\">Ye&#8217;l<\/span> <span data-contrast=\"auto\">centru<\/span><span data-contrast=\"auto\"> comarcal de referencia del<\/span><span data-contrast=\"auto\"> occidente <\/span><span data-contrast=\"auto\">costeru<\/span> <span data-contrast=\"auto\">asturianu<\/span><span data-contrast=\"auto\">. La so vida <\/span><span data-contrast=\"auto\">desenvu\u00e9lvese<\/span><span data-contrast=\"auto\"> en <\/span><span data-contrast=\"auto\">redol<\/span><span data-contrast=\"auto\"> a la r\u00eda al <\/span><span data-contrast=\"auto\">travi\u00e9s<\/span> <span data-contrast=\"auto\">d&#8217;actividaes<\/span> <span data-contrast=\"auto\">econ\u00f3miques<\/span> <span data-contrast=\"auto\">diverses<\/span><span data-contrast=\"auto\"> (celulosa, <\/span><span data-contrast=\"auto\">estelleru<\/span><span data-contrast=\"auto\">, l\u00e1ctea) y de los deportes n\u00e1uticos, <\/span><span data-contrast=\"auto\">como&#8217;l<\/span> <span data-contrast=\"auto\">famosu<\/span> <span data-contrast=\"auto\">Descensu<\/span><span data-contrast=\"auto\"> a <\/span><span data-contrast=\"auto\">nadu<\/span><span data-contrast=\"auto\"> Internacional.<\/span><\/li>\n<li><a href=\"https:\/\/www.ayto-navia.es\/\"><em><strong>Ayto. Navia<\/strong><\/em><\/a><\/li>\n<\/ul>\n<p style=\"text-align: center\"><a href=\"https:\/\/www.ayto-navia.es\/image\/journal\/article?img_id=1680788&amp;t=1414521279703\"><img loading=\"lazy\" decoding=\"async\" class=\"alignnone\" src=\"https:\/\/www.ayto-navia.es\/image\/journal\/article?img_id=1680788&amp;t=1414521279703\" alt=\"\" width=\"1440\" height=\"539\" \/><\/a><\/p>\n<ul>\n<li><b><span data-contrast=\"auto\">Lluarca<\/span><\/b><span data-contrast=\"auto\">: Ye la villa marinera asturiana por excelencia, con <\/span><span data-contrast=\"auto\">puertu<\/span><span data-contrast=\"auto\"> de gran tradici\u00f3n pesquera. Destaquen les siete <\/span><span data-contrast=\"auto\">pontes<\/span> <span data-contrast=\"auto\">sobro&#8217;l<\/span> <span data-contrast=\"auto\">r\u00edu<\/span> <span data-contrast=\"auto\">Negru<\/span><span data-contrast=\"auto\"> y la talaya col <\/span><span data-contrast=\"auto\">faru<\/span><span data-contrast=\"auto\"> y el <\/span><span data-contrast=\"auto\">campusantu<\/span><span data-contrast=\"auto\"> que forma un <\/span><span data-contrast=\"auto\">magn\u00edficu<\/span><span data-contrast=\"auto\"> mirador de la villa y de la <\/span><span data-contrast=\"auto\">mari\u00f1a<\/span><span data-contrast=\"auto\">. Ye famosa <\/span><span data-contrast=\"auto\">tami\u00e9n<\/span> <span data-contrast=\"auto\">po<\/span><span data-contrast=\"auto\">la<\/span><span data-contrast=\"auto\"> blancura <\/span><span data-contrast=\"auto\">de les <\/span><span data-contrast=\"auto\">sos<\/span><span data-contrast=\"auto\"> cases y <\/span><span data-contrast=\"auto\">poles<\/span> <span data-contrast=\"auto\">sos<\/span><span data-contrast=\"auto\"> cases <\/span><span data-contrast=\"auto\">d&#8217;Indianos<\/span><span data-contrast=\"auto\">.<\/span><span data-ccp-props=\"{&quot;201341983&quot;:0,&quot;335559739&quot;:160,&quot;335559740&quot;:259}\"><br \/>\n<\/span><\/li>\n<li><a href=\"https:\/\/www.valdes.es\/\"><em><strong>Ayto. Lluarca<\/strong><\/em><\/a><\/li>\n<li><a href=\"https:\/\/www.youtube.com\/watch?v=RlTS81avpOM\">Luarca vista dron<\/a><\/li>\n<li><a href=\"https:\/\/unviajecreativo.com\/que-ver-en-luarca-cerca-de-luarca\/?fbclid=IwAR39fkTyFYdsK3jwu6ONfYlkC1-lvkahytX3NT6gsxMyTaBmZOi4uOYmgqU\">Qu\u00e9 ver<\/a><\/li>\n<\/ul>\n<p style=\"text-align: center\"><img loading=\"lazy\" decoding=\"async\" class=\"alignnone size-full\" src=\"https:\/\/unviajecreativo.com\/wp-content\/uploads\/2021\/01\/Que-ver-en-Luarca-y-cerca-de-Luarca-3.jpg\" width=\"900\" height=\"600\" \/><\/p>\n<p style=\"text-align: center\"><a href=\"https:\/\/tur43.es\/wp-content\/uploads\/2020\/03\/luarca-2020-03-09.jpg\"><img loading=\"lazy\" decoding=\"async\" class=\"alignnone\" src=\"https:\/\/tur43.es\/wp-content\/uploads\/2020\/03\/luarca-2020-03-09.jpg\" alt=\"\" width=\"818\" height=\"516\" \/><\/a><\/p>\n<p style=\"text-align: center\">\n<!-- iframe plugin v.6.0 wordpress.org\/plugins\/iframe\/ -->\n<iframe loading=\"lazy\" width=\"647\" height=\"364\" src=\"https:\/\/www.youtube.com\/embed\/RlTS81avpOM\" scrolling=\"yes\" class=\"iframe-class\" frameborder=\"0\"><\/iframe>\n<\/p>\n<p style=\"text-align: center\"><span style=\"color: #008080;font-size: 18pt\"><b>Villes<\/b><b> interiores <\/b><b>d&#8217;oriente<\/b><b>:<\/b>\u00a0<\/span><\/p>\n<ul>\n<li><b><span data-contrast=\"auto\">Cang<\/span><\/b><b><span data-contrast=\"auto\">ues<\/span><\/b> <b><span data-contrast=\"auto\">d<\/span><\/b><b><span data-contrast=\"auto\">\u00b4<\/span><\/b><b><span data-contrast=\"auto\">Onis<\/span><\/b><span data-contrast=\"auto\">: Ye la <\/span><span data-contrast=\"auto\">ciud\u00e1<\/span><span data-contrast=\"auto\"> de los Picos <\/span><span data-contrast=\"auto\">d&#8217;Europa<\/span><span data-contrast=\"auto\">, con una gran concentraci\u00f3n de <\/span><span data-contrast=\"auto\">l&#8217;activid\u00e1<\/span><span data-contrast=\"auto\"> econ\u00f3mica <\/span><span data-contrast=\"auto\">nel<\/span> <span data-contrast=\"auto\">turismu<\/span><span data-contrast=\"auto\"> y el <\/span><span data-contrast=\"auto\">comerciu<\/span><span data-contrast=\"auto\">, derivada de <\/span><span data-contrast=\"auto\">l&#8217;atracci\u00f3n<\/span><span data-contrast=\"auto\"> creciente <\/span><span data-contrast=\"auto\">qu<\/span><span data-contrast=\"auto\">&#8216;exercen<\/span><span data-contrast=\"auto\"> el parque nacional, los <\/span><span data-contrast=\"auto\">llagos<\/span><span data-contrast=\"auto\"> y <\/span><span data-contrast=\"auto\">Cuadonga<\/span><span data-contrast=\"auto\">. <\/span><span data-contrast=\"auto\">Tami\u00e9n<\/span> <span data-contrast=\"auto\">caltien<\/span><span data-contrast=\"auto\">, <\/span><span data-contrast=\"auto\">sicas\u00ed<\/span><span data-contrast=\"auto\">, <\/span><span data-contrast=\"auto\">xuna<\/span><span data-contrast=\"auto\"> importante <\/span><span data-contrast=\"auto\">activid\u00e1<\/span><span data-contrast=\"auto\"> ganadera y forestal.<\/span><\/li>\n<li><a href=\"https:\/\/www.cangasdeonis.es\/\"><em><strong>Ayto. Cangues d\u00b4Onis<\/strong><\/em><\/a><\/li>\n<li><a href=\"https:\/\/www.youtube.com\/watch?v=B7x_Y6S1TT4\">Cangas vista dron<\/a><\/li>\n<\/ul>\n<p style=\"text-align: center\"><a href=\"https:\/\/upload.wikimedia.org\/wikipedia\/commons\/f\/fb\/EL_SELLA%2C_EN_CANGAS_DE_ONIS.jpg\"><img loading=\"lazy\" decoding=\"async\" class=\"alignnone\" src=\"https:\/\/upload.wikimedia.org\/wikipedia\/commons\/f\/fb\/EL_SELLA%2C_EN_CANGAS_DE_ONIS.jpg\" alt=\"\" width=\"3419\" height=\"1211\" \/><\/a><\/p>\n<p style=\"text-align: center\">\n<!-- iframe plugin v.6.0 wordpress.org\/plugins\/iframe\/ -->\n<iframe loading=\"lazy\" width=\"647\" height=\"364\" src=\"https:\/\/www.youtube.com\/embed\/B7x_Y6S1TT4\" scrolling=\"yes\" class=\"iframe-class\" frameborder=\"0\"><\/iframe>\n<\/p>\n<ul>\n<li><b><span data-contrast=\"auto\">Les <\/span><\/b><b><span data-contrast=\"auto\">Arriondes<\/span><\/b><b><span data-contrast=\"auto\">:<\/span><\/b> <span data-contrast=\"auto\">Na<\/span><span data-contrast=\"auto\"> confluencia de los r\u00edos Sella y <\/span><span data-contrast=\"auto\">Pilo\u00f1a<\/span><span data-contrast=\"auto\">, <\/span><span data-contrast=\"auto\">ye&#8217;l<\/span> <span data-contrast=\"auto\">puntu<\/span><span data-contrast=\"auto\"> de partida del <\/span><span data-contrast=\"auto\">Descensu<\/span><span data-contrast=\"auto\"> Internacional del Sella. <\/span><span data-contrast=\"auto\">Aument\u00f3&#8217;l<\/span><span data-contrast=\"auto\"> so <\/span><span data-contrast=\"auto\">desenvolvimientu<\/span> <span data-contrast=\"auto\">desque<\/span> <span data-contrast=\"auto\">foi<\/span> <span data-contrast=\"auto\">escoyida<\/span> <span data-contrast=\"auto\">centru<\/span><span data-contrast=\"auto\"> de la contorna del oriente, cola consecuente localizaci\u00f3n <\/span><span data-contrast=\"auto\">d&#8217;equipamientos<\/span><span data-contrast=\"auto\"> ente los que destaca <\/span><span data-contrast=\"auto\">l&#8217;hospital<\/span><span data-contrast=\"auto\">. Coles <\/span><span data-contrast=\"auto\">mesmes<\/span><span data-contrast=\"auto\">, <\/span><span data-contrast=\"auto\">caltien<\/span> <span data-contrast=\"auto\">xuna<\/span><span data-contrast=\"auto\"> importante <\/span><span data-contrast=\"auto\">activid\u00e1<\/span><span data-contrast=\"auto\"> ganadera.<\/span><\/li>\n<li><a href=\"https:\/\/www.ayto-parres.es\/\"><em><strong>Ayto. Les Arriondes<\/strong><\/em><\/a><\/li>\n<li><a href=\"https:\/\/www.youtube.com\/watch?v=xuIn_LI21rE\">Arriondas vista dron<\/a><\/li>\n<\/ul>\n<p style=\"text-align: center\">\n<!-- iframe plugin v.6.0 wordpress.org\/plugins\/iframe\/ -->\n<iframe loading=\"lazy\" width=\"647\" height=\"364\" src=\"https:\/\/www.youtube.com\/embed\/xuIn_LI21rE\" scrolling=\"yes\" class=\"iframe-class\" frameborder=\"0\"><\/iframe>\n<\/p>\n<p><a href=\"http:\/\/34.77.228.118\/export\/sites\/segtur\/.content\/imagenes\/cabeceras-grandes\/asturias\/panoramica_arriondas_t3300724a.jpg\"><img loading=\"lazy\" decoding=\"async\" class=\"alignnone\" src=\"http:\/\/34.77.228.118\/export\/sites\/segtur\/.content\/imagenes\/cabeceras-grandes\/asturias\/panoramica_arriondas_t3300724a.jpg\" alt=\"\" width=\"1920\" height=\"864\" \/><\/a><\/p>\n<ul>\n<li><b><span data-contrast=\"auto\">L\u00b4Infiestu<\/span><\/b><span data-contrast=\"auto\">: Ye <\/span><span data-contrast=\"auto\">xuna<\/span><span data-contrast=\"auto\"> villa <\/span><span data-contrast=\"auto\">pequena<\/span><span data-contrast=\"auto\"> que tuvo ben<\/span><span data-contrast=\"auto\">eficiada <\/span><span data-contrast=\"auto\">siempres<\/span> <span data-contrast=\"auto\">pol<\/span><span data-contrast=\"auto\"> so <\/span><span data-contrast=\"auto\">allugamientu<\/span> <span data-contrast=\"auto\">nel<\/span><span data-contrast=\"auto\"> corredor <\/span><span data-contrast=\"auto\">prelitoral<\/span><span data-contrast=\"auto\"> que comunica <\/span><span data-contrast=\"auto\">l&#8217;Asturies<\/span><span data-contrast=\"auto\"> central cola oriental. Les <\/span><span data-contrast=\"auto\">sos<\/span><span data-contrast=\"auto\"> referencies <\/span><span data-contrast=\"auto\">econ\u00f3miques<\/span><span data-contrast=\"auto\"> principales son les <\/span><span data-contrast=\"auto\">terciaries<\/span><span data-contrast=\"auto\">, pero siguen teniendo importancia les <\/span><span data-contrast=\"auto\">actividaes<\/span><span data-contrast=\"auto\"> ganadero y forestal. Cuenta con un interesante <\/span><span data-contrast=\"auto\">mus\u00e9u<\/span><span data-contrast=\"auto\"> del rel\u00f3, <\/span><span data-contrast=\"auto\">llam\u00e1u<\/span><span data-contrast=\"auto\"> Casa del <\/span><span data-contrast=\"auto\">Tiempu<\/span><span data-contrast=\"auto\">, <\/span><span data-contrast=\"auto\">qu&#8217;ufierta<\/span><span data-contrast=\"auto\"> un <\/span><span data-contrast=\"auto\">percorr\u00edu<\/span> <span data-contrast=\"auto\">pola<\/span> <span data-contrast=\"auto\">hestoria<\/span><span data-contrast=\"auto\"> de la <\/span><span data-contrast=\"auto\">reloxer\u00eda<\/span><span data-contrast=\"auto\">.<\/span><\/li>\n<li><a href=\"https:\/\/www.ayto-pilona.es\/\"><em><strong>Ayto. Infiestu<\/strong><\/em><\/a><\/li>\n<\/ul>\n<p style=\"text-align: center\"><a href=\"https:\/\/www.turismoasturias.es\/documents\/11022\/4360952\/24072019-Infiesto_MAM2195.jpg\/45973c14-cd99-4813-b9b2-f7489adb2385?t=1566214115526\"><img loading=\"lazy\" decoding=\"async\" class=\"alignnone\" src=\"https:\/\/www.turismoasturias.es\/documents\/11022\/4360952\/24072019-Infiesto_MAM2195.jpg\/45973c14-cd99-4813-b9b2-f7489adb2385?t=1566214115526\" alt=\"\" width=\"780\" height=\"521\" \/><\/a><\/p>\n<p style=\"text-align: center\"><span data-ccp-props=\"{&quot;201341983&quot;:0,&quot;335559739&quot;:160,&quot;335559740&quot;:259}\">\u00a0<\/span><span style=\"color: #008080;font-size: 18pt\"><b>Villes<\/b> <b>costeres<\/b> <b>d&#8217;oriente<\/b><b>:<\/b>\u00a0<\/span><\/p>\n<ul>\n<li><b><span data-contrast=\"auto\">Ribeseya<\/span><\/b><b><span data-contrast=\"auto\">:<\/span><\/b><span data-contrast=\"auto\"> Consigui\u00f3 un <\/span><span data-contrast=\"auto\">desenvolvimientu<\/span><span data-contrast=\"auto\"> creciente les <\/span><span data-contrast=\"auto\">\u00faltimes<\/span> <span data-contrast=\"auto\">d\u00e9cades<\/span> <span data-contrast=\"auto\">gracies<\/span><span data-contrast=\"auto\"> a la especializaci\u00f3n tur\u00edstica que-y <\/span><span data-contrast=\"auto\">dex\u00f3<\/span><span data-contrast=\"auto\">&#8216;l<\/span> <span data-contrast=\"auto\">paisaxe<\/span> <span data-contrast=\"auto\">privilexao<\/span><span data-contrast=\"auto\"> del <\/span><span data-contrast=\"auto\">r\u00edu<\/span><span data-contrast=\"auto\"> Sella, la <\/span><span data-contrast=\"auto\">mari\u00f1a<\/span><span data-contrast=\"auto\"> acantilada, <\/span><span data-contrast=\"auto\">les magnificas <\/span><span data-contrast=\"auto\">sableres<\/span><span data-contrast=\"auto\"> y los montes y miradores de les sierres <\/span><span data-contrast=\"auto\">mariniegues<\/span><span data-contrast=\"auto\">.<\/span><span data-ccp-props=\"{&quot;201341983&quot;:0,&quot;335551550&quot;:6,&quot;335551620&quot;:6,&quot;335559739&quot;:160,&quot;335559740&quot;:276}\">\u00a0<\/span><\/li>\n<li><a href=\"https:\/\/www.ayto-ribadesella.es\/\"><em><strong>Ayto. Ribeseya<\/strong><\/em><\/a><\/li>\n<\/ul>\n<p style=\"text-align: center\"><a href=\"https:\/\/www.ayto-ribadesella.es\/image\/journal\/article?img_id=4909915&amp;t=1574679994203\"><img loading=\"lazy\" decoding=\"async\" class=\"alignnone\" src=\"https:\/\/www.ayto-ribadesella.es\/image\/journal\/article?img_id=4909915&amp;t=1574679994203\" alt=\"\" width=\"1440\" height=\"539\" \/><\/a><\/p>\n<ul>\n<li><b><span data-contrast=\"auto\">Llanes<\/span><\/b><span data-contrast=\"auto\">: Ye la villa tur\u00edstica por excelencia <\/span><span data-contrast=\"auto\">gracies<\/span><span data-contrast=\"auto\"> a la <\/span><span data-contrast=\"auto\">conxunci\u00f3n<\/span><span data-contrast=\"auto\"> harmoniosa de les dos <\/span><span data-contrast=\"auto\">almes<\/span> <span data-contrast=\"auto\">d&#8217;Asturies<\/span><span data-contrast=\"auto\">: el mar y <\/span><span data-contrast=\"auto\">el monte. Poca queda del so <\/span><span data-contrast=\"auto\">pas\u00e1u<\/span> <span data-contrast=\"auto\">balleneru<\/span><span data-contrast=\"auto\">, pero <\/span><span data-contrast=\"auto\">caltien<\/span> <span data-contrast=\"auto\">dalguna<\/span> <span data-contrast=\"auto\">activid\u00e1<\/span><span data-contrast=\"auto\"> pesquera y <\/span><span data-contrast=\"auto\">xuna<\/span><span data-contrast=\"auto\"> importante <\/span><span data-contrast=\"auto\">activid\u00e1<\/span><span data-contrast=\"auto\"> ganadera y <\/span><span data-contrast=\"auto\">d&#8217;industria<\/span><span data-contrast=\"auto\"> agroalimentaria.<\/span><\/li>\n<li><a href=\"https:\/\/www.ayuntamientodellanes.com\/\"><em><strong>Ayto. Llanes<\/strong><\/em><\/a><\/li>\n<\/ul>\n<p style=\"text-align: center\"><a href=\"https:\/\/www.ayuntamientodellanes.com\/image\/journal\/article?img_id=3162908&amp;t=1483985323658\"><img loading=\"lazy\" decoding=\"async\" class=\"alignnone\" src=\"https:\/\/www.ayuntamientodellanes.com\/image\/journal\/article?img_id=3162908&amp;t=1483985323658\" alt=\"\" width=\"2048\" height=\"767\" \/><\/a><\/p>\n<ul>\n<li><b><span data-contrast=\"auto\">Colunga<\/span><\/b><b><span data-contrast=\"auto\"> y <\/span><\/b><b><span data-contrast=\"auto\">Llastres<\/span><\/b><b><span data-contrast=\"auto\">:<\/span><\/b><span data-contrast=\"auto\"> Formen <\/span><span data-contrast=\"auto\">pola<\/span><span data-contrast=\"auto\"> so <\/span><span data-contrast=\"auto\">proximid\u00e1<\/span><span data-contrast=\"auto\">, <\/span><span data-contrast=\"auto\">d&#8217;apenes<\/span><span data-contrast=\"auto\"> 4 km, dos <\/span><span data-contrast=\"auto\">villes<\/span> <span data-contrast=\"auto\">n&#8217;una<\/span><span data-contrast=\"auto\"> con centros <\/span><span data-contrast=\"auto\">d&#8217;inter\u00e9s<\/span><span data-contrast=\"auto\"> com<\/span><span data-contrast=\"auto\">unes. A <\/span><span data-contrast=\"auto\">mediu<\/span> <span data-contrast=\"auto\">cam\u00edn<\/span><span data-contrast=\"auto\"> ente <\/span><span data-contrast=\"auto\">dambes<\/span> <span data-contrast=\"auto\">topa&#8217;l<\/span> <span data-contrast=\"auto\">mus\u00e9u<\/span><span data-contrast=\"auto\"> del <\/span><span data-contrast=\"auto\">Xur\u00e1sicu<\/span> <span data-contrast=\"auto\">d&#8217;Asturies<\/span><span data-contrast=\"auto\"> (MUJA), con forma de <\/span><span data-contrast=\"auto\">buelga<\/span><span data-contrast=\"auto\"> de <\/span><span data-contrast=\"auto\">dinosauriu<\/span><span data-contrast=\"auto\">. Cuenta con <\/span><span data-contrast=\"auto\">esposiciones<\/span><span data-contrast=\"auto\"> de la evoluci\u00f3n de la vida, retruques de <\/span><span data-contrast=\"auto\">cadarmes<\/span><span data-contrast=\"auto\"> de dinosaurios y talleres. <\/span><span data-contrast=\"auto\">Na<\/span><span data-contrast=\"auto\"> inmediata sierra del <\/span><span data-contrast=\"auto\">Sueve<\/span><span data-contrast=\"auto\">, <\/span><span data-contrast=\"auto\">nel<\/span><span data-contrast=\"auto\"> mirador del <\/span><span data-contrast=\"auto\">Fito<\/span><span data-contrast=\"auto\">, <\/span><span data-contrast=\"auto\">vense<\/span><span data-contrast=\"auto\"> los Picos <\/span><span data-contrast=\"auto\">d&#8217;Europa<\/span><span data-contrast=\"auto\"> al sur y el mar al norte. <\/span><span data-contrast=\"auto\">Llastres<\/span><span data-contrast=\"auto\"> destaca <\/span><span data-contrast=\"auto\">pola<\/span><span data-contrast=\"auto\"> pesca y <\/span><span data-contrast=\"auto\">pola<\/span><span data-contrast=\"auto\"> guapura del so <\/span><span data-contrast=\"auto\">cascu<\/span> <span data-contrast=\"auto\">hist\u00f3ricu<\/span><span data-contrast=\"auto\"> y del so <\/span><span data-contrast=\"auto\">puertu<\/span><span data-contrast=\"auto\">.<\/span><\/li>\n<li><a href=\"https:\/\/www.colunga.es\/\"><em><strong>Ayto. Colunga<\/strong><\/em><\/a><\/li>\n<\/ul>\n<p style=\"text-align: center\"><a href=\"https:\/\/colungaturismo.com\/imagenes\/colunga-asturias.jpg\"><img loading=\"lazy\" decoding=\"async\" class=\"alignnone\" src=\"https:\/\/colungaturismo.com\/imagenes\/colunga-asturias.jpg\" alt=\"\" width=\"1000\" height=\"538\" \/><\/a><\/p>\n<ul>\n<li><a href=\"https:\/\/www.ayuntamiento.es\/lastres\"><em><strong>Ayto. Llastres<\/strong><\/em><\/a><\/li>\n<li><a href=\"https:\/\/youtu.be\/2grBXFbtPzk\">Postales Lastres<\/a><\/li>\n<\/ul>\n<p style=\"text-align: center\"><span data-ccp-props=\"{&quot;201341983&quot;:0,&quot;335559739&quot;:160,&quot;335559740&quot;:259}\">\u00a0<a href=\"https:\/\/espanafascinante.com\/wp-content\/uploads\/imagen_lugares_Pueblos-m%C3%A1s-bonitos-de-Asturias_lastres.jpg\"><img loading=\"lazy\" decoding=\"async\" class=\"alignnone\" src=\"https:\/\/espanafascinante.com\/wp-content\/uploads\/imagen_lugares_Pueblos-m%C3%A1s-bonitos-de-Asturias_lastres.jpg\" alt=\"\" width=\"800\" height=\"500\" \/><\/a><\/span><\/p>\n<p style=\"text-align: center\">\n<!-- iframe plugin v.6.0 wordpress.org\/plugins\/iframe\/ -->\n<iframe loading=\"lazy\" width=\"647\" height=\"364\" src=\"https:\/\/www.youtube.com\/embed\/2grBXFbtPzk\" scrolling=\"yes\" class=\"iframe-class\" frameborder=\"0\"><\/iframe>\n<\/p>\n<hr \/>\n<p><strong><em><span style=\"font-size: 14pt\">Actividaes:\u00a0<\/span><\/em><\/strong><\/p>\n<p><strong><em><span style=\"font-size: 14pt\">1) Buscar en diccionariu: minifundismo y poblamientu dispersu .<br \/>\n<\/span><\/em><\/strong><strong><em><span style=\"font-size: 14pt\">2) \u00bfPor qu\u00e9 crees que&#8217;l mundu rural ta en crisis y pierde poblaci\u00f3n?<br \/>\n<\/span><\/em><\/strong><strong><em><span style=\"font-size: 14pt\">3) Anota diez n\u00facleos de poblaci\u00f3n rural que conozas y escribe (el so conceyu)<br \/>\n<\/span><\/em><\/strong><strong><em><span style=\"font-size: 14pt\">4) \u00bfPor qu\u00e9 crees qu&#8217;a Asturies la llamen Para\u00edsu Natural?<br \/>\n<\/span><\/em><\/strong><strong><em><span style=\"font-size: 14pt\">5) Esplica la diferencia ente villa, ciud\u00e1 y aldega.\u00a0<\/span><\/em><\/strong><\/p>\n<hr \/>\n<p><img decoding=\"async\" src=\"https:\/\/imgbox.es\/images\/2020\/10\/21\/CONCEYOS7fc23ea450f9b0f5.jpg\" \/><\/p>\n<div class=\"separator\"><a href=\"http:\/\/2.bp.blogspot.com\/-ZwcngaUZsHA\/VX7GpioUb5I\/AAAAAAAAHDE\/Chwsm3yfmWY\/s1600\/mapa%2Basturies%2Bfala.png\"><img decoding=\"async\" title=\"mapa%2Basturies%2Bfala\" src=\"http:\/\/2.bp.blogspot.com\/-ZwcngaUZsHA\/VX7GpioUb5I\/AAAAAAAAHDE\/Chwsm3yfmWY\/s1600\/mapa%2Basturies%2Bfala.png\" alt=\"mapa%2Basturies%2Bfala\" border=\"0\" \/><\/a><\/div>\n<p><span style=\"color: #008080\"><em><span style=\"font-size: 18pt\"><u><b>FASTERA EO-NAVIEGA <\/b>(Entrambasauguas)<\/u><\/span><\/em><\/span><\/p>\n<div><em><span style=\"font-size: 18pt\"><b>1. Santiso d\u2019Abres.<\/b>(O Chao)<\/span><\/em><\/div>\n<div><em><span style=\"font-size: 18pt\"><b>2. A Veiga <\/b>(A Veiga)<\/span><\/em><\/div>\n<div><em><span style=\"font-size: 18pt\"><b>3. Taramundi <\/b>(Taramundi)<\/span><\/em><\/div>\n<div><em><span style=\"font-size: 18pt\"><b>4. Vilanova d\u2019Ozcos<\/b> (Vilanova)<\/span><\/em><\/div>\n<div><em><span style=\"font-size: 18pt\"><b>5. Samart\u00edn d\u2019Ozcos <\/b>(Samart\u00edn)<\/span><\/em><\/div>\n<div><em><span style=\"font-size: 18pt\"><b>6. Santalla d\u2019Ozcos<\/b> (Santalla)<\/span><\/em><\/div>\n<div><em><span style=\"font-size: 18pt\"><b>7. Grandas de Salime <\/b>(Grandas)<\/span><\/em><\/div>\n<div><em><span style=\"font-size: 18pt\"><b>8. Pez\u00f3s<\/b> (Pez\u00f3s)<\/span><\/em><\/div>\n<div><em><span style=\"font-size: 18pt\"><b>9. Eilao<\/b> (Eilao)<\/span><\/em><\/div>\n<div><em><span style=\"font-size: 18pt\"><b>10. Castropol<\/b> (Castropol)<\/span><\/em><\/div>\n<div><em><span style=\"font-size: 18pt\"><b>11. Tapia<\/b> (Tapia)<\/span><\/em><\/div>\n<div><em><span style=\"font-size: 18pt\"><b>12. El Franco<\/b> (El Franco)<\/span><\/em><\/div>\n<div><em><span style=\"font-size: 18pt\"><b>13. Bual <\/b>(Bual)<\/span><\/em><\/div>\n<div><em><span style=\"font-size: 18pt\"><b>14. Cua\u00f1a<\/b> (Cua\u00f1a)<\/span><\/em><\/div>\n<div><em><span style=\"font-size: 18pt\"><b>15. Navia<\/b> (Navia)<\/span><\/em><\/div>\n<div><em><span style=\"font-size: 18pt\"><b>16. Villay\u00f3n <\/b>(Villay\u00f3n)<\/span><\/em><\/div>\n<div><em><span style=\"font-size: 18pt\"><b>17. Allande <\/b>(La Puela)<\/span><\/em><\/div>\n<div><em><span style=\"font-size: 18pt\"><b>18. Ibias <\/b>(Santantol\u00edn)<\/span><\/em><\/div>\n<div>\n<div class=\"separator\"><em><span style=\"font-size: 18pt\"><a href=\"http:\/\/4.bp.blogspot.com\/-3jAOUHVpV28\/VYAIhZp3oEI\/AAAAAAAAHDk\/6C0IhDbGv54\/s1600\/fala%2Boocidental.png\"><img decoding=\"async\" title=\"fala%2Boocidental\" src=\"http:\/\/4.bp.blogspot.com\/-3jAOUHVpV28\/VYAIhZp3oEI\/AAAAAAAAHDk\/6C0IhDbGv54\/s1600\/fala%2Boocidental.png\" alt=\"fala%2Boocidental\" border=\"0\" \/><\/a><\/span><\/em><\/div>\n<div><\/div>\n<div><span style=\"color: #008080\"><em><span style=\"font-size: 18pt\"><b><u>OCCIDENTE D&#8217;ASTURIES<\/u><\/b><\/span><\/em><\/span><\/div>\n<div><em><span style=\"font-size: 18pt\"><b>19. Dega\u00f1a<\/b> (Dega\u00f1a)<\/span><\/em><\/div>\n<div><em><span style=\"font-size: 18pt\"><b>20. Cangas del Narcea<\/b> (Cangas)<\/span><\/em><\/div>\n<div><em><span style=\"font-size: 18pt\"><b>21. Tin\u00e9u<\/b> (Tin\u00e9u)<\/span><\/em><\/div>\n<div><em><span style=\"font-size: 18pt\"><b>22. Vald\u00e9s<\/b> (\u00a0\u1e36\u1e37uarca)<\/span><\/em><\/div>\n<div><em><span style=\"font-size: 18pt\"><b>23. Cuideiru<\/b> (Cuideiru)<\/span><\/em><\/div>\n<div><em><span style=\"font-size: 18pt\"><b>24. Salas <\/b>(Salas)<\/span><\/em><\/div>\n<div><em><span style=\"font-size: 18pt\"><b>25. Miranda<\/b> (Balmonte)<\/span><\/em><\/div>\n<div><em><span style=\"font-size: 18pt\"><b>26. Somiedu<\/b> (La Pola)<\/span><\/em><\/div>\n<div><em><span style=\"font-size: 18pt\"><b>27. Teberga <\/b>(La Plaza)<\/span><\/em><\/div>\n<div><em><span style=\"font-size: 18pt\"><b>28. Tameza <\/b>(Villabre)<\/span><\/em><\/div>\n<div><em><span style=\"font-size: 18pt\"><b>29. Grau <\/b>(Grau)<\/span><\/em><\/div>\n<div><em><span style=\"font-size: 18pt\"><b>30.\u00a0<\/b><b>Candamu\u00a0<\/b>(Grullos)<\/span><\/em><\/div>\n<div><em><span style=\"font-size: 18pt\"><b>31. Pravia <\/b>(Pravia)<\/span><\/em><\/div>\n<\/div>\n<div>\n<div><em><span style=\"font-size: 18pt\"><b>32. Muros <\/b>(Muros)<\/span><\/em><\/div>\n<\/div>\n<div>\n<div><em><span style=\"font-size: 18pt\"><b>33. Sotu&#8217;l Barcu <\/b>(Sotu&#8217;l barcu)<\/span><\/em><\/div>\n<\/div>\n<div>\n<div><em><span style=\"font-size: 18pt\"><b>34. Castrill\u00f3n <\/b>(Piedras Blancas)<\/span><\/em><\/div>\n<\/div>\n<div>\n<div><em><span style=\"font-size: 18pt\"><b>35. Illas <\/b>(Caizuela)<\/span><\/em><\/div>\n<\/div>\n<div>\n<div><em><span style=\"font-size: 18pt\"><b>36. Les Regueres <\/b>(Santuyanu)<\/span><\/em><\/div>\n<\/div>\n<div>\n<div><em><span style=\"font-size: 18pt\"><b>37. Santu Adrianu <\/b>(Villanueva)<\/span><\/em><\/div>\n<\/div>\n<div>\n<div><em><span style=\"font-size: 18pt\"><b>38. Proaza <\/b>(Proaza)<\/span><\/em><\/div>\n<\/div>\n<div>\n<div><em><span style=\"font-size: 18pt\"><b>39. Quir\u00f3s<\/b> (B\u00e1rzana)<\/span><\/em><\/div>\n<\/div>\n<div><\/div>\n<div>\n<div class=\"separator\"><em><span style=\"font-size: 18pt\"><a href=\"http:\/\/4.bp.blogspot.com\/-dEfilfZ1vVQ\/VYALjrJ5MlI\/AAAAAAAAHDw\/TQpUX5Dkt44\/s1600\/centru.png\"><img decoding=\"async\" title=\"centru\" src=\"http:\/\/4.bp.blogspot.com\/-dEfilfZ1vVQ\/VYALjrJ5MlI\/AAAAAAAAHDw\/TQpUX5Dkt44\/s1600\/centru.png\" alt=\"centru\" border=\"0\" \/><\/a><\/span><\/em><\/div>\n<p><span style=\"color: #008080\"><em><span style=\"font-size: 18pt\"><b><u>CENTRU\u00a0 D\u2019ASTURIES<\/u><\/b><\/span><\/em><\/span><\/p>\n<div><em><span style=\"font-size: 18pt\"><b>40.\u00a0<\/b>\u00a0<b>\u1e36\u1e37<\/b><b>ena\u00a0<\/b>(La Pola)<\/span><\/em><\/div>\n<div><em><span style=\"font-size: 18pt\"><b>41. Ayer <\/b>(Cabanaquinta)<\/span><\/em><\/div>\n<div><em><span style=\"font-size: 18pt\"><b>42. Mieres <\/b>(Mieres)<\/span><\/em><\/div>\n<div><em><span style=\"font-size: 18pt\"><b>43. Riosa <\/b>(La Vega)<\/span><\/em><\/div>\n<div><em><span style=\"font-size: 18pt\"><b>44. Morc\u00edn <\/b>(Santolaya)<\/span><\/em><\/div>\n<div><em><span style=\"font-size: 18pt\"><b>45. La Ribera <\/b>(Soto Ribera)<\/span><\/em><\/div>\n<div><em><span style=\"font-size: 18pt\"><b>46. UVI\u00c9U<\/b> (Uvi\u00e9u)<\/span><\/em><\/div>\n<div><em><span style=\"font-size: 18pt\"><b>47. Llanera <\/b>(Posada)<\/span><\/em><\/div>\n<div><em><span style=\"font-size: 18pt\"><b>48. Corvera<\/b> (Nubleo)<\/span><\/em><\/div>\n<div><em><span style=\"font-size: 18pt\"><b>49. Avil\u00e9s <\/b>(Avil\u00e9s)<\/span><\/em><\/div>\n<div><em><span style=\"font-size: 18pt\"><b>50. Goz\u00f3n<\/b> (Lluanco)<\/span><\/em><\/div>\n<div><em><span style=\"font-size: 18pt\"><b>51. Carre\u00f1o<\/b> (Cand\u00e1s)<\/span><\/em><\/div>\n<div><em><span style=\"font-size: 18pt\"><b>52. Xix\u00f3n<\/b> (Xix\u00f3n)<\/span><\/em><\/div>\n<div><em><span style=\"font-size: 18pt\"><b>53. Nore\u00f1a<\/b> (Nore\u00f1a)<\/span><\/em><\/div>\n<div><em><span style=\"font-size: 18pt\"><b>54. Siero<\/b> (La Pola)<\/span><\/em><\/div>\n<div><em><span style=\"font-size: 18pt\"><b>55. Bimenes <\/b>(Martinporra)<\/span><\/em><\/div>\n<div><em><span style=\"font-size: 18pt\"><b>56. Llangr\u00e9u <\/b>(Sama)<\/span><\/em><\/div>\n<div><em><span style=\"font-size: 18pt\"><b>57. Samart\u00edn del Rei Aurelio <\/b>(Sotrondio)<\/span><\/em><\/div>\n<div><em><span style=\"font-size: 18pt\"><b>58. Llaviana<\/b> (La Pola)<\/span><\/em><\/div>\n<div><em><span style=\"font-size: 18pt\"><b>59. Sobrescobiu<\/b> (Rusecu)<\/span><\/em><\/div>\n<div><em><span style=\"font-size: 18pt\"><b>60. Casu <\/b>(El Campu)<\/span><\/em><\/div>\n<div><em><span style=\"font-size: 18pt\"><b>61. Ponga<\/b> (San Xuan)<\/span><\/em><\/div>\n<div><em><span style=\"font-size: 18pt\"><b>62. Pilo\u00f1a<\/b> (L\u2019Infiestu)<\/span><\/em><\/div>\n<div><em><span style=\"font-size: 18pt\"><b>63. Nava<\/b> (Nava)<\/span><\/em><\/div>\n<div><em><span style=\"font-size: 18pt\"><b>64. Cabranes <\/b>(Santolaya)<\/span><\/em><\/div>\n<div><em><span style=\"font-size: 18pt\"><b>65. Sariegu <\/b>(Vega)<\/span><\/em><\/div>\n<div><em><span style=\"font-size: 18pt\"><b>66. Villaviciosa <\/b>(Villaviciosa)<\/span><\/em><\/div>\n<div><em><span style=\"font-size: 18pt\"><b>67. Colunga <\/b>(Colunga)<\/span><\/em><\/div>\n<div><em><span style=\"font-size: 18pt\"><b>68. Caravia <\/b>(Prau)<\/span><\/em><\/div>\n<\/div>\n<div>\n<div class=\"separator\"><em><span style=\"font-size: 18pt\"><a href=\"http:\/\/4.bp.blogspot.com\/-OqaVgTUv5SI\/VYAO6hBembI\/AAAAAAAAHD8\/BO3p-li9Q4g\/s1600\/oriente.png\"><img decoding=\"async\" title=\"oriente\" src=\"http:\/\/4.bp.blogspot.com\/-OqaVgTUv5SI\/VYAO6hBembI\/AAAAAAAAHD8\/BO3p-li9Q4g\/s1600\/oriente.png\" alt=\"oriente\" border=\"0\" \/><\/a><\/span><\/em><\/div>\n<p><span style=\"color: #008080\"><em><span style=\"font-size: 18pt\"><b><u>L\u2019ORIENTE\u00a0 D\u2019ASTURIES<\/u><\/b><\/span><\/em><\/span><\/p>\n<div><em><span style=\"font-size: 18pt\"><b>69. Ribeseya<\/b>\u00a0(Ribeseya)<\/span><\/em><\/div>\n<div><em><span style=\"font-size: 18pt\"><b>70. Parres <\/b>(Les Arriondes)<\/span><\/em><\/div>\n<div><em><span style=\"font-size: 18pt\"><b>71. Amieva<\/b> (Sames)<\/span><\/em><\/div>\n<div><em><span style=\"font-size: 18pt\"><b>72. Cangues d\u2019On\u00eds<\/b> (Cangues)<\/span><\/em><\/div>\n<div><em><span style=\"font-size: 18pt\"><b>73. On\u00eds <\/b>(Benia)<\/span><\/em><\/div>\n<div><em><span style=\"font-size: 18pt\"><b>74. Llanes<\/b> (Llanes)<\/span><\/em><\/div>\n<div><em><span style=\"font-size: 18pt\"><b>75. Cabrales <\/b>(Carre\u00f1a)<\/span><\/em><\/div>\n<div><em><span style=\"font-size: 18pt\"><b>76. Pe\u00f1amellera Alta <\/b>(Alles)<\/span><\/em><\/div>\n<div><em><span style=\"font-size: 18pt\"><b>77. Pe\u00f1amellera Baxa <\/b>(Panes)<\/span><\/em><\/div>\n<div><em><span style=\"font-size: 18pt\"><b>78. Ribadeva <\/b>(Colombres)<\/span><\/em><\/div>\n<\/div>\n<div>\n<hr \/>\n<\/div>\n","protected":false},"excerpt":{"rendered":"<p>a) Asturias Rural, oriental y Occidental, las Villas asturianas b) La Asturias dialectal (VER) Actividad en castellano Activid\u00e1 n\u00b4asturianu &nbsp; La Asturias Rural:\u00a0se considera poblaci\u00f3n rural a aquella que vive en n\u00facleos con menos de 10.000 habitantes. L&#8217;Asturies rural presenta una gran\u00a0 varied\u00e1:\u00a0 \u00a0\u00a0\u00a0 Hai una Asturies marinera, d&#8217;ag\u00fces braves, cantiles y sableres; \u00a0 \u00a0\u00a0\u00a0 [&hellip;]<\/p>\n","protected":false},"author":117,"featured_media":0,"parent":2525,"menu_order":0,"comment_status":"closed","ping_status":"closed","template":"","meta":{"footnotes":""},"class_list":["post-2677","page","type-page","status-publish","hentry","post-preview"],"_links":{"self":[{"href":"https:\/\/edublog.educastur.es\/corredoria3\/wp-json\/wp\/v2\/pages\/2677","targetHints":{"allow":["GET"]}}],"collection":[{"href":"https:\/\/edublog.educastur.es\/corredoria3\/wp-json\/wp\/v2\/pages"}],"about":[{"href":"https:\/\/edublog.educastur.es\/corredoria3\/wp-json\/wp\/v2\/types\/page"}],"author":[{"embeddable":true,"href":"https:\/\/edublog.educastur.es\/corredoria3\/wp-json\/wp\/v2\/users\/117"}],"replies":[{"embeddable":true,"href":"https:\/\/edublog.educastur.es\/corredoria3\/wp-json\/wp\/v2\/comments?post=2677"}],"version-history":[{"count":15,"href":"https:\/\/edublog.educastur.es\/corredoria3\/wp-json\/wp\/v2\/pages\/2677\/revisions"}],"predecessor-version":[{"id":2819,"href":"https:\/\/edublog.educastur.es\/corredoria3\/wp-json\/wp\/v2\/pages\/2677\/revisions\/2819"}],"up":[{"embeddable":true,"href":"https:\/\/edublog.educastur.es\/corredoria3\/wp-json\/wp\/v2\/pages\/2525"}],"wp:attachment":[{"href":"https:\/\/edublog.educastur.es\/corredoria3\/wp-json\/wp\/v2\/media?parent=2677"}],"curies":[{"name":"wp","href":"https:\/\/api.w.org\/{rel}","templated":true}]}}