{"id":2691,"date":"2021-01-16T20:22:47","date_gmt":"2021-01-16T18:22:47","guid":{"rendered":"https:\/\/edublog.educastur.es\/corredoria3\/?page_id=2691"},"modified":"2021-03-22T19:02:49","modified_gmt":"2021-03-22T17:02:49","slug":"sesion-10","status":"publish","type":"page","link":"https:\/\/edublog.educastur.es\/corredoria3\/6o-pri\/cultura-asturiana\/segundo-trimestre\/sesion-10\/","title":{"rendered":"Sesi\u00f3n 10"},"content":{"rendered":"<p style=\"text-align: center\"><span style=\"font-size: 24pt;color: #008080\"><strong><em>D\u00eda Mundial de la Poes\u00eda<\/em><\/strong><\/span><\/p>\n<ul>\n<li><strong><a href=\"http:\/\/www.formientu.com\/category\/formientudixital\/poesia\/\"><em><span style=\"font-size: 18pt\">Lectura de poes\u00edes n\u00b4asturianu: Formientu<\/span><\/em><\/a><\/strong><\/li>\n<\/ul>\n<p><strong><span style=\"font-size: 14pt\">Seleccionar alg\u00fan poema entre los que se enlazan,<br \/>\n<span style=\"color: #800080\">por ejemplo \u00e9stos est\u00e1n bien para leer&#8230;..<\/span><\/span><\/strong><\/p>\n<ul>\n<li class=\"entry-title\">\n<h4><span style=\"color: #008080;font-size: 14pt\"><em><a style=\"color: #008080\" href=\"http:\/\/www.formientu.com\/formientudixital\/poemes-danibal-gonzalez-nuevu-autor-mozu-nasturianu\/\"><strong>Poemes d\u2019Anibal Gonz\u00e1lez<\/strong>, nuevu autor mozu n\u2019asturianu<\/a><\/em><\/span><\/h4>\n<\/li>\n<li>\n<h3 class=\"entry-title td-module-title\"><a title=\"\u00abTres la lluna\u00bb, de Nacho Iglesias \u00abWings\u00bb\" href=\"http:\/\/www.formientu.com\/formientudixital\/poesia\/tres-la-lluna-de-nacho-iglesias-wings\/\" rel=\"bookmark\"><span style=\"font-size: 14pt\"><em>\u00abTres la lluna\u00bb, de Nacho Iglesias \u00abWings\u00bb<\/em><\/span><\/a><\/h3>\n<\/li>\n<li>\n<h3 class=\"entry-title td-module-title\"><a title=\"Poemes de Ra\u00fal Alonso n\u2019alcordanza d\u2019Andr\u00e9s Solar\" href=\"http:\/\/www.formientu.com\/formientudixital\/poesia\/poemes-de-raul-alonso-nalcordanza-dandres-solar\/\" rel=\"bookmark\"><em><span style=\"font-size: 14pt\">Poemes de Ra\u00fal Alonso n\u2019alcordanza d\u2019Andr\u00e9s Solar<\/span><\/em><\/a><\/h3>\n<\/li>\n<li>\n<h4 class=\"entry-title td-module-title\"><a title=\"\u00abLa mio verd\u00e1\u00bb, de Naomi Su\u00e1rez Gonz\u00e1lez\" href=\"http:\/\/www.formientu.com\/formientudixital\/poesia\/la-mio-verda-de-naomi-suarez-gonzalez\/\" rel=\"bookmark\"><span style=\"font-size: 14pt\"><em><strong>\u00abLa mio verd\u00e1\u00bb<\/strong>, de Naomi Su\u00e1rez Gonz\u00e1lez<\/em><\/span><\/a><\/h4>\n<\/li>\n<li>\n<h3 class=\"entry-title td-module-title\"><a title=\"\u00abEl cam\u00edn\u00bb, de Laura Garc\u00eda Calvo\" href=\"http:\/\/www.formientu.com\/formientudixital\/poesia\/el-camin-de-laura-garcia-calvo\/\" rel=\"bookmark\"><em><span style=\"font-size: 14pt\">\u00abEl cam\u00edn\u00bb, de Laura Garc\u00eda Calvo<\/span><\/em><\/a><\/h3>\n<\/li>\n<li>\n<h3 class=\"entry-title td-module-title\"><em><span style=\"font-size: 14pt\"><a title=\"El meyor fueu pal fr\u00edu\" href=\"http:\/\/www.formientu.com\/formientudixital\/poesia\/el-meyor-fueu-pal-friu\/\" rel=\"bookmark\">El meyor fueu pal fr\u00edu, \u00c1nxela G\u00f3mez d\u00b4\u00c1vila<\/a><\/span><\/em><\/h3>\n<\/li>\n<li><em><span style=\"font-size: 14pt\"><strong>Manual d\u00b4instrucciones<\/strong>, Aurelio Gonz\u00e1lez Ovies <\/span><\/em><span style=\"font-size: 14pt\"><strong>\u21d3<\/strong><\/span><\/li>\n<li><em><span style=\"font-size: 14pt\"><strong>\u00abSue\u00f1u \/ sua\u00f1u\u00bb<\/strong>, Pablo Tex\u00f3n<\/span><\/em> <span style=\"font-size: 14pt\"><strong>\u21d3<\/strong><\/span><\/li>\n<li><em><span style=\"font-size: 14pt\"><strong>\u00abSidre\/sidra\u00bb<\/strong>, Berta Pi\u00f1\u00e1n <\/span><\/em><span style=\"font-size: 14pt\"><strong>\u21d3<\/strong><\/span><\/li>\n<li><em><span style=\"font-size: 14pt\"><strong>\u00ab10 Julio 1990\u00bb,<\/strong> Berta Pi\u00f1\u00e1n <\/span><\/em><span style=\"font-size: 14pt\"><strong>\u21d3<\/strong><\/span><\/li>\n<\/ul>\n<blockquote>\n<p style=\"text-align: center\"><span style=\"font-size: 18pt\"><em><span style=\"color: #008080\"><strong>MANUAL\u00a0 D\u00b4INSTRUCCIONES<\/strong> <\/span><br \/>\n(Aurelio Gonz\u00e1lez Ovies)<\/em><\/span><\/p>\n<p style=\"text-align: center\"><span style=\"font-size: 18pt;color: #008080\"><em>Prec\u00edsase mui poco<\/em><\/span><br \/>\n<span style=\"font-size: 18pt;color: #008080\"><em>para ser poeta:<br \/>\nun llapiceru blandu<br \/>\ny una llibreta.<\/em><\/span><\/p>\n<p style=\"text-align: center\"><span style=\"font-size: 18pt;color: #008080\"><em>Para ser un pensador,<\/em><\/span><br \/>\n<span style=\"font-size: 18pt;color: #008080\"><em>bien poca cosa:<\/em><\/span><br \/>\n<span style=\"font-size: 18pt;color: #008080\"><em>coraz\u00f3n y cabeza,<\/em><\/span><br \/>\n<span style=\"font-size: 18pt;color: #008080\"><em>m\u00e1s que de sobra.<\/em><\/span><\/p>\n<p style=\"text-align: center\"><span style=\"font-size: 18pt;color: #008080\"><em>Para ser un entusiasta,<\/em><\/span><br \/>\n<span style=\"font-size: 18pt;color: #008080\"><em>d\u00eda tres d\u00eda,<\/em><\/span><br \/>\n<span style=\"font-size: 18pt;color: #008080\"><em>pones agua a sua\u00f1ar<\/em><\/span><br \/>\n<span style=\"font-size: 18pt;color: #008080\"><em>na to mesina.<\/em><\/span><\/p>\n<p style=\"text-align: center\"><span style=\"font-size: 18pt;color: #008080\"><em>Y pa ser matem\u00e1ticu,<\/em><\/span><br \/>\n<span style=\"font-size: 18pt;color: #008080\"><em>has d\u00b4afitate:<\/em><\/span><br \/>\n<span style=\"font-size: 18pt;color: #008080\"><em>peque\u00f1o m\u00e1s peque\u00f1o<\/em><\/span><br \/>\n<span style=\"font-size: 18pt;color: #008080\"><em>sumen lo grande.<\/em><\/span><\/p>\n<p style=\"text-align: center\"><span style=\"font-size: 18pt;color: #008080\"><em>Tami\u00e9n podr\u00e1s faete<\/em><\/span><br \/>\n<span style=\"font-size: 18pt;color: #008080\"><em>feliz y obreru<\/em><\/span><br \/>\n<span style=\"font-size: 18pt;color: #008080\"><em>y construyir bien alto\u00b4l<\/em><\/span><br \/>\n<strong><span style=\"font-size: 18pt;color: #008080\"><em>to propiu reinu.<\/em><\/span><\/strong><\/p>\n<\/blockquote>\n<blockquote>\n<p style=\"text-align: center\"><a href=\"https:\/\/imgbox.es\/images\/2021\/03\/22\/suenu_suanu22f87a7e83c9d282.jpg\"><img loading=\"lazy\" decoding=\"async\" class=\"alignnone\" src=\"https:\/\/imgbox.es\/images\/2021\/03\/22\/suenu_suanu22f87a7e83c9d282.jpg\" alt=\"\" width=\"654\" height=\"1195\" \/><\/a><\/p>\n<p style=\"text-align: left\"><span style=\"color: #008080;font-size: 14pt\"><strong><span style=\"color: #808080\">Autor: Pablo Tex\u00f3n Casta\u00f1\u00f3n<\/span><\/strong><span style=\"color: #808080\"> (Felechosa, 1977) gan\u00f3 en 2018 e<strong>l premio \u00abXuan Mar\u00eda Acebal\u00bb<\/strong> de poes\u00eda en asturiano, otorgado por la Consejer\u00eda de Cultura, por su obra <strong>\u00abAllumamientu\u00bb.<\/strong> Tex\u00f3n es autor de otros poemarios como \u00abToles siendes\u00bb, \u00abLa culpa y la lluz\u00bb y \u00abMedia vida\u00bb. Tambi\u00e9n es letrista de grupos de m\u00fasica y cantautores como Alfredo Gonz\u00e1lez, Toli Morilla, \u00abDixebra\u00bb o \u00abVerdasca\u00bb, SLUM SUIT.<\/span><br \/>\n<\/span><\/p>\n<\/blockquote>\n<hr \/>\n<p style=\"text-align: center\"><span class=\"css-901oao css-16my406 r-poiln3 r-bcqeeo r-qvutc0\"><span style=\"font-size: 18pt\"><strong><span style=\"color: #008080\">Berta Pi\u00f1\u00e1n,\u00a0 <\/span><\/strong><span style=\"color: #008080;font-size: 14pt\">Conseyera de Pol\u00edtica Lling\u00fc\u00edstica del Princip\u00e1u<\/span><\/span><\/span><\/p>\n<p style=\"text-align: center\"><span style=\"font-size: 18pt;color: #333399\"><em><span class=\"css-901oao css-16my406 r-poiln3 r-bcqeeo r-qvutc0\">\u00abLlevantar una casa que seya como un r\u00edu,<br \/>\nnavegable y llixera, mudable, pasaxera<br \/>\n[\u00b7\u00b7\u00b7] Una casa que seya como un r\u00edu,<br \/>\nqu&#8217;arrastre la derrota,<br \/>\nqu&#8217;arranque&#8217;l dolor de les sequeres<br \/>\ny lu lleve, pel tabi\u00f3n, ag\u00fces abaxo\u00bb<\/span><\/em><\/span><\/p>\n<p style=\"text-align: center\"><span class=\"css-901oao css-16my406 r-poiln3 r-bcqeeo r-qvutc0\"><span style=\"font-size: 18pt\"><span style=\"color: #808080\">Berta Pi\u00f1\u00e1n (Asturies,1963) es la autora de este poema de \u00abLa mancadura\u00bb. Ha publicado poes\u00eda, ensayos, prosa, y obras destinadas al p\u00fablico infantil\/juvenil por las que consigui\u00f3 el Premio de la Cr\u00edtica de Asturias 2008\/2009.<\/span><\/span><\/span><\/p>\n<blockquote>\n<p style=\"text-align: center\"><a href=\"https:\/\/imgbox.es\/images\/2021\/03\/22\/sidrapi125b8c9302dcf32e.jpg\"><img loading=\"lazy\" decoding=\"async\" class=\"alignnone\" src=\"https:\/\/imgbox.es\/images\/2021\/03\/22\/sidrapi125b8c9302dcf32e.jpg\" alt=\"\" width=\"1081\" height=\"1081\" \/><\/a><\/p>\n<\/blockquote>\n<p style=\"text-align: center\"><span class=\"css-901oao css-16my406 r-poiln3 r-bcqeeo r-qvutc0\"><span style=\"font-size: 18pt\"><strong><span style=\"color: #008080\"><br \/>\n<\/span><\/strong><span style=\"text-decoration: underline\"><span style=\"color: #008080;text-decoration: underline\"><em>Art\u00edculu:<\/em><\/span><\/span><strong><span style=\"color: #008080\"><em> \u00abLa poes\u00eda como la nuestra esperanza\u00bb.<\/em><\/span><br \/>\n<\/strong><span style=\"text-decoration: underline\">Diario El Comercio, 22 de marzu de 2021 <\/span><\/span><br \/>\n<\/span><\/p>\n<blockquote>\n<p style=\"text-align: center\"><a href=\"https:\/\/imgbox.es\/images\/2021\/03\/22\/pinanpoe68a4ee3cb8631e0b.png\"><img loading=\"lazy\" decoding=\"async\" class=\"alignnone\" src=\"https:\/\/imgbox.es\/images\/2021\/03\/22\/pinanpoe68a4ee3cb8631e0b.png\" alt=\"\" width=\"663\" height=\"776\" \/><\/a><\/p>\n<p style=\"text-align: center\"><a href=\"https:\/\/imgbox.es\/images\/2021\/03\/22\/julioc9edf0335e341be4.jpg\"><img loading=\"lazy\" decoding=\"async\" class=\"alignnone\" src=\"https:\/\/imgbox.es\/images\/2021\/03\/22\/julioc9edf0335e341be4.jpg\" alt=\"\" width=\"1814\" height=\"1288\" \/><\/a><\/p>\n<\/blockquote>\n<hr \/>\n<p style=\"text-align: center\"><img loading=\"lazy\" decoding=\"async\" class=\"alignnone \" src=\"https:\/\/edublog.educastur.es\/ixuxu\/files\/2020\/08\/ASTURIAS-CAPITAL-MUNDIAL-DE-LA-POESIAb.png\" width=\"383\" height=\"253\" \/><\/p>\n<ul>\n<li><span style=\"font-size: 14pt\"><a href=\"https:\/\/twitter.com\/capitalpoesia\">Twitter<\/a> \/ <a href=\"https:\/\/asturiascapitalmundialdelapoesia.com\/quienes-somos\/\">Qui\u00e9nes somos&#8230;<\/a> \/<\/span><\/li>\n<li><span style=\"font-size: 14pt\">Proyecto: <em>\u201c\u2026Honrar a los poetas, revivir tradiciones orales de recitales de poes\u00eda, promover la lectura, la escritura y la ense\u00f1anza de la poes\u00eda, fomentar la convergencia entre la poes\u00eda y otras artes\u2026\u201d<\/em><\/span><\/li>\n<\/ul>\n<p><img loading=\"lazy\" decoding=\"async\" class=\"aligncenter\" src=\"https:\/\/www.educastur.es\/documents\/10531\/579217\/2019-03_efem-poesia_800.jpg\/3ddde188-dcde-40a4-9856-8997bc64f468?t=1552936884503\" width=\"403\" height=\"251\" \/><\/p>\n<blockquote>\n<h1 class=\"titular-noticia\" style=\"text-align: center\"><span style=\"font-size: 14pt\"><em>\u00abFlorecer un poema en Asturias es hacerlo florecer en toda la humanidad\u00bb. <\/em><\/span><em><span style=\"font-size: 14pt\">Fernando \u00d3nega <a href=\"https:\/\/www.ondacero.es\/programas\/la-brujula\/audios-podcast\/carta-onega\/carte-onega-dia-mundial-poesia-florecer-poema-asturias-hacerlo-florecer-toda-humanidad_2021031960552586d319a500013d89c5.html\">VER<\/a><\/span><br \/>\n<\/em><\/h1>\n<\/blockquote>\n<blockquote>\n<p style=\"text-align: center\"><span style=\"color: #008080;font-size: 18pt\"><em>Autor: <strong>Jos\u00e9 Fern\u00e1ndez Palacio<\/strong><\/em> <strong>\u00abPoes\u00eda\u00bb<\/strong><br \/>\n<em>Libro: <strong>Primavera en verso<\/strong><\/em><\/span><\/p>\n<p style=\"text-align: center\"><span style=\"color: #000000;font-size: 18pt\"><em><strong>La poes\u00eda<\/strong><\/em><\/span><br \/>\n<span style=\"color: #000000;font-size: 18pt\"><em><strong>es limpia<\/strong><\/em><\/span><br \/>\n<span style=\"color: #000000;font-size: 18pt\"><em><strong>como el agua,<\/strong><\/em><\/span><br \/>\n<span style=\"color: #000000;font-size: 18pt\"><em><strong>libre<\/strong><\/em><\/span><br \/>\n<span style=\"color: #000000;font-size: 18pt\"><em><strong>como la paloma,<\/strong><\/em><\/span><br \/>\n<span style=\"color: #000000;font-size: 18pt\"><em><strong>f\u00e9rtil<\/strong><\/em><\/span><br \/>\n<span style=\"color: #000000;font-size: 18pt\"><em><strong>como la tierra,<\/strong><\/em><\/span><br \/>\n<span style=\"color: #000000;font-size: 18pt\"><em><strong>sensible<\/strong><\/em><\/span><br \/>\n<span style=\"color: #000000;font-size: 18pt\"><em><strong>como el alma,<\/strong><\/em><\/span><br \/>\n<span style=\"color: #000000;font-size: 18pt\"><em><strong>bella<\/strong><\/em><\/span><br \/>\n<span style=\"color: #000000;font-size: 18pt\"><em><strong>como la luna,<\/strong><\/em><\/span><br \/>\n<span style=\"color: #000000;font-size: 18pt\"><em><strong>hermosa<\/strong><\/em><\/span><br \/>\n<span style=\"color: #000000;font-size: 18pt\"><em><strong>como una estrella&#8230;<\/strong><\/em><\/span><\/p>\n<\/blockquote>\n<p><!--more--><\/p>\n<p><span style=\"font-size: 14pt\">El <b>D\u00eda Mundial de la <a title=\"Poes\u00eda\" href=\"https:\/\/es.wikipedia.org\/wiki\/Poes%C3%ADa\">Poes\u00eda<\/a><\/b>, fue propuesto en 1998 por la organizaci\u00f3n Unesco, se celebra cada 21 de marzo con el prop\u00f3sito de consagrar la palabra esencial y la reflexi\u00f3n sobre nuestro tiempo. Este evento que fortalece la cultura mundial en Europa, es llamado <b>Primavera de los Poetas.<\/b><\/span><\/p>\n<blockquote><p><span style=\"font-size: 14pt\"><strong><em>Esta acci\u00f3n deber\u00eda tener como objetivo principal sostener la diversidad de los idiomas a trav\u00e9s de la expresi\u00f3n po\u00e9tica y dar a los que est\u00e1n amenazados la posibilidad de expresarse en sus comunidades respectivas.\u00a0 <\/em>UNESCO<\/strong><\/span><\/p><\/blockquote>\n<p><span style=\"font-size: 14pt\"><em><strong>La poes\u00eda es un g\u00e9nero literario<\/strong>, a trav\u00e9s del cual el hombre ha sido capaz expresar pensamientos, sentimientos y emociones, empleando para ello, un lenguaje lleno de belleza y el cual puede ser expresado con <strong>recursos literarios como la prosa y el verso<\/strong>. Hay distintos tipos de poes\u00eda, como <strong>la \u00e9pica, la dram\u00e1tica, la l\u00edrica o la vanguardista<\/strong>, pero todas encierran un mensaje universal, que expresan el amor, la vida y la muerte, las cuales son experiencias inherentes e inevitables, por las cuales tienen que transitar todos los seres humanos.<\/em><\/span><\/p>\n<p style=\"text-align: center\"><a href=\"https:\/\/scontent.fmad7-1.fna.fbcdn.net\/v\/t1.0-9\/159471273_10159531221319524_618995508528456708_o.jpg?_nc_cat=110&amp;ccb=1-3&amp;_nc_sid=730e14&amp;_nc_ohc=DXJfHcgnWvoAX95Q88B&amp;_nc_ht=scontent.fmad7-1.fna&amp;oh=c66457b5f97f708552c9f32e5f052f49&amp;oe=607D8841\"><img loading=\"lazy\" decoding=\"async\" class=\"alignnone\" src=\"https:\/\/scontent.fmad7-1.fna.fbcdn.net\/v\/t1.0-9\/159471273_10159531221319524_618995508528456708_o.jpg?_nc_cat=110&amp;ccb=1-3&amp;_nc_sid=730e14&amp;_nc_ohc=DXJfHcgnWvoAX95Q88B&amp;_nc_ht=scontent.fmad7-1.fna&amp;oh=c66457b5f97f708552c9f32e5f052f49&amp;oe=607D8841\" alt=\"\" width=\"1080\" height=\"1350\" \/><\/a><\/p>\n<p style=\"text-align: center\"><span style=\"font-size: 18pt;color: #008080\"><em>Autora: <strong>Rosa M\u00aa Serdio\u00a0<\/strong> \/ Libro: \u00ab<strong>Bolso de Niebla<\/strong>\u00ab, <strong>Editorial Pintar-Pintar.<a href=\"https:\/\/www.pintar-pintar.com\/p1113835-bolso-de-niebla.html\"> <span style=\"color: #808080\">Ficha editorial<\/span><\/a><\/strong><\/em> <\/span><\/p>\n<p style=\"text-align: center\">\u2192 <strong>Seleccionado en los <\/strong>Premios Fundaci\u00f3n Cuatrogatos 2017<br \/>\n\u2192 Incluido en el <strong>Anuario Iberoamericano sobre el Libro Infantil y Juvenil 2017,<\/strong> en su Panorama de los mejores libros iberoamericanos de Poes\u00eda.<\/p>\n<p><a href=\"https:\/\/imgbox.es\/images\/2021\/03\/21\/poemm71a7c5462fd3ede9.jpg\"><img loading=\"lazy\" decoding=\"async\" class=\"aligncenter\" src=\"https:\/\/imgbox.es\/images\/2021\/03\/21\/poemm71a7c5462fd3ede9.jpg\" alt=\"\" width=\"1080\" height=\"1350\" \/><\/a><\/p>\n<p style=\"text-align: center\"><a href=\"https:\/\/cdn.palbin.com\/users\/11282\/images\/bolso-de-niebla2-1443551948.jpg\"><img loading=\"lazy\" decoding=\"async\" class=\"alignnone\" src=\"https:\/\/cdn.palbin.com\/users\/11282\/images\/bolso-de-niebla2-1443551948.jpg\" alt=\"\" width=\"515\" height=\"248\" \/><\/a><\/p>\n<hr \/>\n<p>&nbsp;<\/p>\n","protected":false},"excerpt":{"rendered":"<p>D\u00eda Mundial de la Poes\u00eda Lectura de poes\u00edes n\u00b4asturianu: Formientu Seleccionar alg\u00fan poema entre los que se enlazan, por ejemplo \u00e9stos est\u00e1n bien para leer&#8230;.. Poemes d\u2019Anibal Gonz\u00e1lez, nuevu autor mozu n\u2019asturianu \u00abTres la lluna\u00bb, de Nacho Iglesias \u00abWings\u00bb Poemes de Ra\u00fal Alonso n\u2019alcordanza d\u2019Andr\u00e9s Solar \u00abLa mio verd\u00e1\u00bb, de Naomi Su\u00e1rez Gonz\u00e1lez \u00abEl cam\u00edn\u00bb, [&hellip;]<\/p>\n","protected":false},"author":117,"featured_media":0,"parent":2525,"menu_order":0,"comment_status":"closed","ping_status":"closed","template":"","meta":{"footnotes":""},"class_list":["post-2691","page","type-page","status-publish","hentry","post-preview"],"_links":{"self":[{"href":"https:\/\/edublog.educastur.es\/corredoria3\/wp-json\/wp\/v2\/pages\/2691","targetHints":{"allow":["GET"]}}],"collection":[{"href":"https:\/\/edublog.educastur.es\/corredoria3\/wp-json\/wp\/v2\/pages"}],"about":[{"href":"https:\/\/edublog.educastur.es\/corredoria3\/wp-json\/wp\/v2\/types\/page"}],"author":[{"embeddable":true,"href":"https:\/\/edublog.educastur.es\/corredoria3\/wp-json\/wp\/v2\/users\/117"}],"replies":[{"embeddable":true,"href":"https:\/\/edublog.educastur.es\/corredoria3\/wp-json\/wp\/v2\/comments?post=2691"}],"version-history":[{"count":11,"href":"https:\/\/edublog.educastur.es\/corredoria3\/wp-json\/wp\/v2\/pages\/2691\/revisions"}],"predecessor-version":[{"id":3855,"href":"https:\/\/edublog.educastur.es\/corredoria3\/wp-json\/wp\/v2\/pages\/2691\/revisions\/3855"}],"up":[{"embeddable":true,"href":"https:\/\/edublog.educastur.es\/corredoria3\/wp-json\/wp\/v2\/pages\/2525"}],"wp:attachment":[{"href":"https:\/\/edublog.educastur.es\/corredoria3\/wp-json\/wp\/v2\/media?parent=2691"}],"curies":[{"name":"wp","href":"https:\/\/api.w.org\/{rel}","templated":true}]}}