{"id":2742,"date":"2021-01-17T17:40:21","date_gmt":"2021-01-17T15:40:21","guid":{"rendered":"https:\/\/edublog.educastur.es\/corredoria3\/?page_id=2742"},"modified":"2021-01-20T20:33:45","modified_gmt":"2021-01-20T18:33:45","slug":"sesion-02-03","status":"publish","type":"page","link":"https:\/\/edublog.educastur.es\/corredoria3\/2o-pri\/cultura-asturiana\/segundo-trimestre\/sesion-02-03\/","title":{"rendered":"Sesi\u00f3n 02-03"},"content":{"rendered":"<p style=\"text-align: center\"><span style=\"font-size: 24pt;color: #008080\"><strong><em>Mitolog\u00eda\u00a0 Asturiana<br \/>\n<span style=\"text-decoration: underline;font-size: 18pt\"><span style=\"color: #800080;text-decoration: underline\">Actividad programada para dos sesiones (son 12)<\/span><\/span><br \/>\n<\/em><\/strong><span style=\"color: #800080\"><em><span style=\"font-size: 14pt\">Seres del bosque:<strong> Busgosu \/ Dia\u00f1u Burl\u00f3n <\/strong><\/span><\/em><\/span><br \/>\n<span style=\"color: #800080\"><em><span style=\"font-size: 14pt\">Seres del agua: <strong>Sirena \/ Home Mar\u00edn \/ Pataricu \/ Llavanderes \/ Espumeros<\/strong><\/span><\/em><\/span><br \/>\n<\/span><\/p>\n<p style=\"text-align: center\"><span style=\"color: #800080\"><em><span style=\"font-size: 14pt\">M\u00e1s seres m\u00e1gicos: <strong>Cu\u00e9lebre \/ Xana \/ Ayalga \/ Trasgu \/ Nuberu<\/strong><\/span><\/em><\/span><\/p>\n<p>&nbsp;<\/p>\n<ul>\n<li><a href=\"https:\/\/educastur-my.sharepoint.com\/:b:\/g\/personal\/isabellh_educastur_org\/EeuFUZmeE81EgwTN2GNVU8gByF3gPS77D1VyUI7MmZ8PKQ?e=FR8yDg\"><em><span style=\"font-size: 18pt\">Actividad en castellano<\/span><\/em><\/a><\/li>\n<li><span style=\"font-size: 18pt\"><strong><em>No hay actividad en\u00a0 asturiano<\/em><\/strong><br \/>\n<em>(es una ficha densa y con lenguaje espec\u00edfico)<\/em><\/span><\/li>\n<\/ul>\n<p style=\"text-align: center\">\n<!-- iframe plugin v.6.0 wordpress.org\/plugins\/iframe\/ -->\n<iframe loading=\"lazy\" src=\"https:\/\/drive.google.com\/file\/d\/1P9Lz_q3OdmsQNeyrTlkH8kyeGsreCZnB\/preview\" width=\"640\" height=\"900\" 0=\"\/iframe\" scrolling=\"yes\" class=\"iframe-class\" frameborder=\"0\"><\/iframe>\n<\/p>\n<hr \/>\n<p style=\"text-align: center\"><em><span style=\"color: #008080\">En el Libro:\u00a0<\/span><strong><span style=\"color: #008080\"> Busgosu \/ Dia\u00f1u Burl\u00f3n \/ Trasgu \/ Ventol\u00edn \/ Nuberu \/ Espumeru o Esplumeru \/ Xana\u00a0<\/span> <\/strong><\/em><\/p>\n<p style=\"text-align: center\">\n<!-- iframe plugin v.6.0 wordpress.org\/plugins\/iframe\/ -->\n<iframe loading=\"lazy\" src=\"https:\/\/drive.google.com\/file\/d\/1i2mfAOzX87E51pq4lIEe2I_cnzXq-8IR\/preview\" width=\"640\" height=\"640\" 0=\"\/iframe\" scrolling=\"yes\" class=\"iframe-class\" frameborder=\"0\"><\/iframe>\n<\/p>\n<hr \/>\n<p style=\"text-align: center\">\n<!-- iframe plugin v.6.0 wordpress.org\/plugins\/iframe\/ -->\n<iframe loading=\"lazy\" src=\"https:\/\/drive.google.com\/file\/d\/1i3a3d6wGuXcmcsqIc8PDYOruqXeFiHU3\/preview\" width=\"640\" height=\"640\" 0=\"\/iframe\" scrolling=\"yes\" class=\"iframe-class\" frameborder=\"0\"><\/iframe>\n<\/p>\n<p style=\"text-align: center\"><em><span style=\"color: #008080;font-size: 18pt\"><strong>Con estos libritos creo que sirve&#8230;<\/strong><br \/>\nSi necesit\u00e1is m\u00e1s im\u00e1genes para ense\u00f1arles,<br \/>\n<strong>en la Nubeteca con la contrase\u00f1a<\/strong> que os d\u00ed \ud83d\ude09<\/span><\/em><\/p>\n<hr \/>\n<ul>\n<li><a href=\"https:\/\/www.pintar-pintar.com\/b12246-nubetecas.html\"><strong><em><span style=\"font-size: 18pt\">NUBETECAS\u00a0 PINTAR-PINTAR<\/span><\/em><\/strong><\/a><\/li>\n<\/ul>\n<p><a href=\"http:\/\/www.digital.pintar-pintar.com\/bookcase\/exvve\" target=\"_blank\" rel=\"noopener\"><img loading=\"lazy\" decoding=\"async\" class=\"aligncenter\" src=\"https:\/\/cdn.palbin.com\/users\/11282\/upload\/images\/acceso-nubeteca-castellano-1.jpg\" alt=\"\" width=\"333\" height=\"174\" \/><\/a><\/p>\n<ul>\n<li style=\"text-align: center\"><a href=\"http:\/\/www.digital.pintar-pintar.com\/bookcase\/exvve\"><span style=\"font-size: 18pt\">Castellano: acceso en este enlace <em><strong>(preguntar ISA contrase\u00f1a)<\/strong><\/em><\/span><\/a><\/li>\n<\/ul>\n<hr \/>\n<ul>\n<li><span style=\"font-size: 18pt;color: #008080\"><em><strong>Dos libros para visualizar im\u00e1genes&#8230;<\/strong><\/em><\/span><\/li>\n<\/ul>\n<p><img loading=\"lazy\" decoding=\"async\" class=\"alignnone\" src=\"https:\/\/cdn.palbin.com\/users\/11282\/images\/Una-mitologia_web-1554204507.jpg\" alt=\"\" width=\"266\" height=\"266\" \/> \/\u00a0 <img loading=\"lazy\" decoding=\"async\" class=\"alignnone \" src=\"https:\/\/cdn.palbin.com\/users\/11282\/images\/cubierta_web-1536767060.jpg\" width=\"259\" height=\"259\" \/><\/p>\n<hr \/>\n<p><a href=\"http:\/\/www.digital.pintar-pintar.com\/bookcase\/eimza\" target=\"_blank\" rel=\"noopener\"><img loading=\"lazy\" decoding=\"async\" class=\"aligncenter\" src=\"https:\/\/cdn.palbin.com\/users\/11282\/upload\/images\/acceso-nubeteca-asturiano-1.jpg\" alt=\"\" width=\"332\" height=\"174\" \/><\/a><\/p>\n<ul>\n<li style=\"text-align: center\"><a href=\"http:\/\/www.digital.pintar-pintar.com\/bookcase\/eimza\"><span style=\"font-size: 18pt\">Asturiano: acceso en este enlace <\/span><em><strong><span style=\"font-size: 18pt\">(preguntar ISA contrase\u00f1a)<\/span><\/strong><\/em><\/a><\/li>\n<\/ul>\n<hr \/>\n<ul>\n<li><span style=\"color: #008080\"><strong><em><span style=\"font-size: 18pt\">Mitos d\u00b4Asturies <\/span><\/em><\/strong><span style=\"text-decoration: underline\"><em><span style=\"font-size: 18pt\">(ven en la Nubeteca)<\/span><\/em><\/span><\/span><\/li>\n<\/ul>\n<p><img loading=\"lazy\" decoding=\"async\" class=\"alignnone \" src=\"https:\/\/cdn.palbin.com\/users\/11282\/images\/cubierta_web-1537430404.jpg\" width=\"339\" height=\"339\" \/><\/p>\n<hr \/>\n<p style=\"text-align: center\"><span style=\"color: #008080\"><strong><a style=\"color: #008080\" href=\"https:\/\/drive.google.com\/file\/d\/1S8hpUU8mGcLdfxEImy89mVIqopIHcsvd\/view?usp=sharing\"><span style=\"font-size: 18pt\"><em>C\u00f3mic \u00abLes siete maraviyes de Xix\u00f3n\u00bb<\/em><\/span><\/a><\/strong><br \/>\n<span style=\"font-size: 18pt\"><strong><em>El sua\u00f1u d\u00b4una nueche de branu en Xix\u00f3n<\/em><\/strong><\/span><\/span><\/p>\n<p><strong>Tr\u00e1tase de lleer esti comic <\/strong>que ficieron en Xix\u00f3n para ense\u00f1anos les siete maravilles que tienen\u00a0 y asina dales a conocer al mundu. <a href=\"https:\/\/drive.google.com\/file\/d\/16wMfighju1X5KoC_333FEGMKvy5t9e91\/view?usp=sharing\" target=\"_blank\" rel=\"noopener noreferrer\"><strong><em>Descargar el comic equ\u00ed (hai qu\u00b4esperar unos segundinos) y atopalu en \u201c<u>Descargas<\/u>\u201d<\/em><\/strong><\/a><a href=\"https:\/\/drive.google.com\/file\/d\/16wMfighju1X5KoC_333FEGMKvy5t9e91\/view?usp=sharing\" target=\"_blank\" rel=\"noopener noreferrer\"><img loading=\"lazy\" decoding=\"async\" class=\"aligncenter\" src=\"https:\/\/imgbox.es\/images\/2020\/03\/27\/9a95616b-9f2f-4d41-b80d-aa2186be2f7e3d3e8cf2c766fc62.jpg\" alt=\"\" width=\"281\" height=\"397\" border=\"1\" \/><\/a><\/p>\n<p style=\"text-align: center\">\n<!-- iframe plugin v.6.0 wordpress.org\/plugins\/iframe\/ -->\n<iframe loading=\"lazy\" src=\"https:\/\/drive.google.com\/file\/d\/16wMfighju1X5KoC_333FEGMKvy5t9e91\/preview\" width=\"640\" height=\"860\" 0=\"\/iframe\" scrolling=\"yes\" class=\"iframe-class\" frameborder=\"0\"><\/iframe>\n<\/p>\n","protected":false},"excerpt":{"rendered":"<p>Mitolog\u00eda\u00a0 Asturiana Actividad programada para dos sesiones (son 12) Seres del bosque: Busgosu \/ Dia\u00f1u Burl\u00f3n Seres del agua: Sirena \/ Home Mar\u00edn \/ Pataricu \/ Llavanderes \/ Espumeros M\u00e1s seres m\u00e1gicos: Cu\u00e9lebre \/ Xana \/ Ayalga \/ Trasgu \/ Nuberu &nbsp; Actividad en castellano No hay actividad en\u00a0 asturiano (es una ficha densa y [&hellip;]<\/p>\n","protected":false},"author":117,"featured_media":0,"parent":2523,"menu_order":0,"comment_status":"closed","ping_status":"closed","template":"","meta":{"footnotes":""},"class_list":["post-2742","page","type-page","status-publish","hentry","post-preview"],"_links":{"self":[{"href":"https:\/\/edublog.educastur.es\/corredoria3\/wp-json\/wp\/v2\/pages\/2742","targetHints":{"allow":["GET"]}}],"collection":[{"href":"https:\/\/edublog.educastur.es\/corredoria3\/wp-json\/wp\/v2\/pages"}],"about":[{"href":"https:\/\/edublog.educastur.es\/corredoria3\/wp-json\/wp\/v2\/types\/page"}],"author":[{"embeddable":true,"href":"https:\/\/edublog.educastur.es\/corredoria3\/wp-json\/wp\/v2\/users\/117"}],"replies":[{"embeddable":true,"href":"https:\/\/edublog.educastur.es\/corredoria3\/wp-json\/wp\/v2\/comments?post=2742"}],"version-history":[{"count":12,"href":"https:\/\/edublog.educastur.es\/corredoria3\/wp-json\/wp\/v2\/pages\/2742\/revisions"}],"predecessor-version":[{"id":2812,"href":"https:\/\/edublog.educastur.es\/corredoria3\/wp-json\/wp\/v2\/pages\/2742\/revisions\/2812"}],"up":[{"embeddable":true,"href":"https:\/\/edublog.educastur.es\/corredoria3\/wp-json\/wp\/v2\/pages\/2523"}],"wp:attachment":[{"href":"https:\/\/edublog.educastur.es\/corredoria3\/wp-json\/wp\/v2\/media?parent=2742"}],"curies":[{"name":"wp","href":"https:\/\/api.w.org\/{rel}","templated":true}]}}