{"id":2767,"date":"2021-01-19T21:59:47","date_gmt":"2021-01-19T19:59:47","guid":{"rendered":"https:\/\/edublog.educastur.es\/corredoria3\/?page_id=2767"},"modified":"2021-09-12T16:50:31","modified_gmt":"2021-09-12T14:50:31","slug":"sesion-03","status":"publish","type":"page","link":"https:\/\/edublog.educastur.es\/corredoria3\/5o-pri\/cultura-asturiana\/segundo-trimestre\/sesion-03\/","title":{"rendered":"Sesi\u00f3n 03"},"content":{"rendered":"<p><a href=\"https:\/\/1.bp.blogspot.com\/-T5HOC9Odwvg\/W4-VNQ3GCBI\/AAAAAAAA1k4\/2N8CxYw-uAEfzeJ4FBJBlYhSLQwKSq2fACLcBGAs\/s1600\/asturianos-colonizaron-2.jpg\"><img loading=\"lazy\" decoding=\"async\" class=\"aligncenter\" src=\"https:\/\/1.bp.blogspot.com\/-T5HOC9Odwvg\/W4-VNQ3GCBI\/AAAAAAAA1k4\/2N8CxYw-uAEfzeJ4FBJBlYhSLQwKSq2fACLcBGAs\/s1600\/asturianos-colonizaron-2.jpg\" alt=\"\" width=\"227\" height=\"231\" \/><\/a><\/p>\n<p style=\"text-align: center\"><span style=\"color: #008080;font-size: 18pt\"><strong><em>La\u00a0 emigraci\u00f3n de Asturianos a otros mundos, a otras tierras<\/em><\/strong><\/span><\/p>\n<p><a href=\"https:\/\/4.bp.blogspot.com\/-bLmQQ9N_xDo\/W4-RDWCpFCI\/AAAAAAAA1jw\/G3ZLuCNUIGMgkVILuGNFHij3b7d0EnxbwCEwYBhgL\/s640\/Buque%2Bde%2Bemigrantes%2Bde%2BJos%25C3%25A9%2BCuevas.%2BSiglo%2BXIX.jpg\"><img loading=\"lazy\" decoding=\"async\" class=\"alignnone\" src=\"https:\/\/4.bp.blogspot.com\/-bLmQQ9N_xDo\/W4-RDWCpFCI\/AAAAAAAA1jw\/G3ZLuCNUIGMgkVILuGNFHij3b7d0EnxbwCEwYBhgL\/s640\/Buque%2Bde%2Bemigrantes%2Bde%2BJos%25C3%25A9%2BCuevas.%2BSiglo%2BXIX.jpg\" alt=\"\" width=\"240\" height=\"293\" \/><\/a>\u00a0\/ <a href=\"https:\/\/1.bp.blogspot.com\/-TUPC9JFBwyc\/X0wC8m9clEI\/AAAAAAABRgk\/TowEj3XcBAMiCFp6Fveanc7nphcpHLpeACNcBGAsYHQ\/s1600\/Emigrantes%252C_por_Ventura_%25C3%2581lvarez.jpg\"><img loading=\"lazy\" decoding=\"async\" class=\"alignnone\" src=\"https:\/\/1.bp.blogspot.com\/-TUPC9JFBwyc\/X0wC8m9clEI\/AAAAAAABRgk\/TowEj3XcBAMiCFp6Fveanc7nphcpHLpeACNcBGAsYHQ\/s1600\/Emigrantes%252C_por_Ventura_%25C3%2581lvarez.jpg\" alt=\"\" width=\"364\" height=\"291\" \/><\/a><\/p>\n<ul>\n<li><a href=\"https:\/\/educastur-my.sharepoint.com\/:b:\/g\/personal\/isabellh_educastur_org\/ET8hIG7cZ_lBuD8mHVQufK0BbZgyuuIe2PyHpiZd-9jwgQ?e=sEkwE9\"><strong><em>Actividad en castellano<\/em><\/strong><\/a><\/li>\n<li><a href=\"https:\/\/educastur-my.sharepoint.com\/:b:\/g\/personal\/isabellh_educastur_org\/EUVLKE1AlQ9PjZC6H1MWm6MBijo3375HKoKh-CRLd52zUQ?e=BrmpFg\"><strong><em>Activid\u00e1 n\u00b4asturianu<\/em><\/strong><\/a><\/li>\n<\/ul>\n<p><a href=\"https:\/\/1.bp.blogspot.com\/-frpaqR03fQ4\/X0wBuXP4yII\/AAAAAAABRgY\/DhfvKAewo2MLY3-uBdVm6oC9uyJqA9C5ACNcBGAsYHQ\/s1600\/Inmigrantes.%2BAlfonso%2BZapico.jpg\"><img loading=\"lazy\" decoding=\"async\" class=\"alignnone\" src=\"https:\/\/1.bp.blogspot.com\/-frpaqR03fQ4\/X0wBuXP4yII\/AAAAAAABRgY\/DhfvKAewo2MLY3-uBdVm6oC9uyJqA9C5ACNcBGAsYHQ\/s1600\/Inmigrantes.%2BAlfonso%2BZapico.jpg\" alt=\"\" width=\"375\" height=\"360\" \/>A. Zapico<\/a><\/p>\n<ul>\n<li>Entendemos por<strong> emigraci\u00f3n<\/strong> cualquier movimiento con <strong>origen en un concejo de Asturias<\/strong> y <strong>destino en otro municipio de Espa\u00f1a o en un pa\u00eds extranjero<\/strong><\/li>\n<li>Entendemos por <strong>inmigraci\u00f3n<\/strong> todas las migraciones que <strong>procedan de cualquier municipio de otra Comunidad Aut\u00f3noma o de un pa\u00eds extranjero y cuyo destino sea cualquier concejo de la Comunidad Aut\u00f3noma del Principado de Asturias.<\/strong><\/li>\n<li><strong>Migraci\u00f3n <\/strong>hace alusi\u00f3n al <strong>cambio de concejo de la residencia habitual de una persona<\/strong>, seg\u00fan consta en el Padr\u00f3n Municipal de Habitantes.<\/li>\n<li><a href=\"https:\/\/www.epdata.es\/datos\/poblacion-inmigrantes-emigrantes-otros-datos-habitantes-cada-comunidad-autonoma\/2\/asturias\/292\">DATOS EpData Asturias<\/a><\/li>\n<li><strong>Poblaci\u00f3n: 1.015.425 personas<\/strong> (semestre 2 de 2020)\n<div class=\"gestiongrafica-leyenda\">\n<ul class=\"gestiongrafica-leyenda-listado\">\n<li class=\"gestiongrafica-leyenda-metrica\"><span class=\"gestiongrafica-fuente\"><strong>Fuente:<\/strong><\/span> <span class=\"gestiongrafica-fuentes\">INE, <a href=\"https:\/\/www.epdata.es\" target=\"_blank\" rel=\"noopener\">www.epdata.es<\/a><\/span><\/li>\n<\/ul>\n<\/div>\n<\/li>\n<li><strong>EMIGRANTES: (actuales) 1.248 personas<\/strong> (semestre 1 de 2020), lo que supone\u00a0 -6,52%\u00a0 a\u00f1o anterior<\/li>\n<li><strong>INMIGRANTES: (actuales) 2.600 personas<\/strong> (semestre 1 de 2020), lo que supone\u00a0 -25,59%\u00a0 a\u00f1o anterior<\/li>\n<li><a href=\"https:\/\/www.google.com\/url?sa=t&amp;rct=j&amp;q=&amp;esrc=s&amp;source=web&amp;cd=&amp;ved=2ahUKEwjPncPn4tXuAhUbQEEAHTFBASoQFjAAegQIAhAC&amp;url=http%3A%2F%2Fwww.sadei.es%2Fdatos%2Fcatalogo%2FC02%2FMMA%2F2016%2Fdatos%2Fconceptos.pdf&amp;usg=AOvVaw2SLrI_hDblW9KvDnrvLsb3\">Concepto<\/a><\/li>\n<\/ul>\n<p><a href=\"http:\/\/1.bp.blogspot.com\/-nHifoJaGeZU\/UC5EHsI6a5I\/AAAAAAAADJI\/6Se3etjULyk\/s1600\/EMIGRANTES.jpg\"><img loading=\"lazy\" decoding=\"async\" class=\"alignleft\" src=\"http:\/\/1.bp.blogspot.com\/-nHifoJaGeZU\/UC5EHsI6a5I\/AAAAAAAADJI\/6Se3etjULyk\/s1600\/EMIGRANTES.jpg\" alt=\"\" width=\"373\" height=\"400\" \/><\/a><\/p>\n<p>\/ <a href=\"https:\/\/static.elcomercio.es\/www\/multimedia\/202003\/27\/media\/colonias-asturianos.jpg\"><img loading=\"lazy\" decoding=\"async\" class=\"alignnone\" src=\"https:\/\/static.elcomercio.es\/www\/multimedia\/202003\/27\/media\/colonias-asturianos.jpg\" alt=\"\" width=\"266\" height=\"364\" \/><\/a><\/p>\n<p><a href=\"https:\/\/www.espanaexterior.com\/wp-content\/uploads\/2019\/06\/PaisesEmigracion-1024x490.jpg\"><img loading=\"lazy\" decoding=\"async\" class=\"aligncenter\" src=\"https:\/\/www.espanaexterior.com\/wp-content\/uploads\/2019\/06\/PaisesEmigracion-1024x490.jpg\" alt=\"\" width=\"904\" height=\"433\" \/><\/a><\/p>\n<p><em><strong>2018:\u00a0 La crisis ech\u00f3 15.735 j\u00f3venes asturianos al extranjero.<\/strong> (<a href=\"https:\/\/www.elcomercio.es\/asturias\/crisis-economica-emigracion-jovenes-asturias-trabajo-15735-20181007005746-ntvo.html\">El Comercio<\/a>)<br \/>\n<\/em><\/p>\n<h4><strong>Asturias tiene hoy trabajando a casi la mitad de menores de 30 a\u00f1os que hace una d\u00e9cada<\/strong><br \/>\nLos salarios de los que se quedan est\u00e1n entre los m\u00e1s bajos del pa\u00eds.<\/h4>\n<p><a href=\"https:\/\/static2.elcomercio.es\/www\/multimedia\/201810\/07\/media\/cortadas\/jovenes-emigrantes-kAvH--624x385@El%20Comercio.jpg\"><img loading=\"lazy\" decoding=\"async\" class=\"alignnone\" src=\"https:\/\/static2.elcomercio.es\/www\/multimedia\/201810\/07\/media\/cortadas\/jovenes-emigrantes-kAvH--624x385@El%20Comercio.jpg\" alt=\"\" width=\"624\" height=\"385\" \/><\/a><\/p>\n<p><strong>En 2014, emigraci\u00f3n desde Asturias. <\/strong>Seis de cada 10 personas con nacionalidad espa\u00f1ola que emigraron eran <strong>nacidos en Espa\u00f1a.<\/strong><br \/>\nLos principales pa\u00edses receptores de emigrantes espa\u00f1oles nacidos en Espa\u00f1a fueron<strong> Reino Unido, Alemania, Francia y Estados Unidos de Am\u00e9rica.<\/strong><\/p>\n<p><a href=\"https:\/\/img.europapress.es\/fotoweb\/fotonoticia_20141210180024_420.jpg\"><img loading=\"lazy\" decoding=\"async\" class=\"aligncenter\" src=\"https:\/\/img.europapress.es\/fotoweb\/fotonoticia_20141210180024_420.jpg\" alt=\"\" width=\"420\" height=\"445\" \/><\/a><\/p>\n<hr \/>\n<p><a href=\"https:\/\/external-preview.redd.it\/GSroiCQbW4bi9ryBsHQU13WKChOVpRjByJDizuvfDYU.png?auto=webp&amp;s=b40dee95454cde11ec873cc58a1035d89df85128\"><img loading=\"lazy\" decoding=\"async\" class=\"aligncenter\" src=\"https:\/\/external-preview.redd.it\/GSroiCQbW4bi9ryBsHQU13WKChOVpRjByJDizuvfDYU.png?auto=webp&amp;s=b40dee95454cde11ec873cc58a1035d89df85128\" alt=\"\" width=\"431\" height=\"530\" \/><\/a><\/p>\n<p><a href=\"https:\/\/www.google.com\/url?sa=i&amp;url=https%3A%2F%2Fwww.huffingtonpost.es%2F2014%2F12%2F18%2Femigrantes-inmigrantes-espana_n_6350006.html&amp;psig=AOvVaw0XSi-iYZvXhvTtsWNJL4JE&amp;ust=1612720094148000&amp;source=images&amp;cd=vfe&amp;ved=0CAIQjRxqFwoTCNDBktXo1e4CFQAAAAAdAAAAABBV\"><strong><em>2014: La Espa\u00f1a Migrante<\/em><\/strong><\/a><\/p>\n\n<!-- iframe plugin v.6.0 wordpress.org\/plugins\/iframe\/ -->\n<iframe loading=\"lazy\" id=\"ep-chart-4d9f26fa-ff32-4aad-bf83-7d03c79062ee-292\" src=\"https:\/\/www.epdata.es\/embed\/4d9f26fa-ff32-4aad-bf83-7d03c79062ee-292\/450\" style=\"width: 100%; min-height: 450px; overflow: hidden;\" frameborder=\"0\" scrolling=\"no\" height=\"450\" 0=\"\/iframe\" width=\"100%\" class=\"iframe-class\"><\/iframe>\n\n<ul>\n<li><a href=\"https:\/\/www.lavozdeasturias.es\/noticia\/asturias\/2019\/07\/18\/mitad-asturianos-emigran-estudios-superiores\/00031563446213431614111.htm\">Julio 2019: Noticia La Voz de Asturias (La mitad de los asturianos que emigran tienen estudios superiores)<\/a><\/li>\n<li><\/li>\n<\/ul>\n<hr \/>\n<p><img loading=\"lazy\" decoding=\"async\" class=\"alignnone \" src=\"https:\/\/pbs.twimg.com\/profile_images\/474834021457743872\/1oxaAPRL_400x400.jpeg\" width=\"112\" height=\"112\" \/> <a href=\"https:\/\/twitter.com\/emigrastur?lang=es\"><em><strong>Emigrastur en Twitter<\/strong><\/em><\/a><\/p>\n<p>&nbsp;<\/p>\n<ul>\n<li><strong><em>Centros asturianos<\/em> <\/strong>(mundo):<a href=\"https:\/\/www.facebook.com\/Centros-Asturianos-204776582897658\"> Facebook<\/a>. <a href=\"https:\/\/centrosasturianos.blogspot.com\/?m=1&amp;fbclid=IwAR0vSo4n7VUk6Z_wmwdj54Zfahqy_FZ3pNnB0G00FDCEh2wHOeUXeBa2MeA\">Web<\/a>,<\/li>\n<\/ul>\n<hr \/>\n<p><em><a href=\"https:\/\/pbs.twimg.com\/profile_images\/585520272419205121\/JuE0hJt7_400x400.jpg\"><img loading=\"lazy\" decoding=\"async\" class=\"alignnone \" src=\"https:\/\/pbs.twimg.com\/profile_images\/585520272419205121\/JuE0hJt7_400x400.jpg\" width=\"112\" height=\"112\" \/><\/a><a href=\"https:\/\/twitter.com\/centroasturmad\"><strong> Centro Asturiano Madrid<\/strong><\/a><\/em><\/p>\n<ul>\n<li><em><a href=\"https:\/\/www.facebook.com\/CentroAsturianoDeMadrid\">Facebook <strong>Centro Asturiano Madrid<\/strong><\/a><\/em><\/li>\n<li><em><a href=\"http:\/\/centroasturianobsas.org.ar\/\">Centro Asturiano de Buenos Aires<\/a><\/em><\/li>\n<li><em><a href=\"https:\/\/www.ecured.cu\/Centro_Asturiano_de_La_Habana\">Centro Asturiano de La Habana<\/a><\/em><\/li>\n<li><a href=\"https:\/\/www.centroasturianodemexico.com\/\"><em>Centro Asturiano de M\u00e9xico<\/em><\/a><\/li>\n<\/ul>\n<p><em><strong>INDIANOS:<\/strong> aquellos asturianos que emigraron para <strong>\u201chacer las am\u00e9ricas\u201d en busca de un futuro mejor<\/strong>, dejando aqu\u00ed a familias, amigos y su hogar. Todos intentaron regresar a Asturias, pero solo algunos de ellos lo consiguieron, <strong>solo los m\u00e1s afortunados regresaron y construyeron<\/strong> en sus pueblos mansiones y palacios, las <strong>\u201ccasonas de los indianos\u201d<\/strong>, unas viviendas de gran derroche arquitect\u00f3nico y s\u00edmbolo de una generaci\u00f3n.<\/em><\/p>\n<p><em>A lo largo de nuestra experiencia conoceremos alguno de los lugares donde se conservan los mayores <strong>patrimonios\u00a0indianos<\/strong>, como la <a href=\"https:\/\/theprimitiveways.com\/la-casa-de-indianos-mas-bonita-de-asturias\/\"><strong>\u201cQuinta Guadalupe\u201d<\/strong><\/a> (Colombres) una casa que un acaudalado emigrante construy\u00f3 para un presidente de M\u00e9xico y donde ahora se encuentra el <a href=\"https:\/\/www.archivodeindianos.es\/museo\" target=\"_blank\" rel=\"noopener\"><strong>Museo del Indiano<\/strong><\/a>, que contiene una <strong>bonita colecci\u00f3n de historias y recuerdos<\/strong>. Tambi\u00e9n tendremos tiempo descubrir y pasear por la villa costera de <strong>Llanes<\/strong>, una villa muy conocida y que destaca por su precioso casco antiguo. <a href=\"https:\/\/theprimitiveways.com\/la-casa-de-indianos-mas-bonita-de-asturias\/\">Ver art\u00edculo Quinta Guadalupe.<\/a><br \/>\n<\/em><\/p>\n<p><a href=\"https:\/\/www.archivodeindianos.es\/templates\/indianos\/img\/logo.jpg\"><img loading=\"lazy\" decoding=\"async\" class=\"alignnone\" src=\"https:\/\/www.archivodeindianos.es\/templates\/indianos\/img\/logo.jpg\" alt=\"\" width=\"236\" height=\"334\" \/><\/a><\/p>\n<div class=\"flex-col-md-6 wow fadeInRight background-grey\">\n<div class=\"home-section-text\">\n<h2 style=\"text-align: center\"><span style=\"color: #008080\"><em><span style=\"font-size: 18pt\">FUNDACI\u00d3N ARCHIVO DE INDIANOS &#8211; MUSEO DE LA EMIGRACI\u00d3N<\/span><\/em><\/span><\/h2>\n<p class=\"hidden-text-1\"><em>La <strong>Fundaci\u00f3n Archivo de Indianos-Museo de la Emigraci\u00f3n,<\/strong> se constituy\u00f3 el <strong>22 de mayo de 1987,<\/strong> est\u00e1 calificada como fundaci\u00f3n cultural ben\u00e9fica de promoci\u00f3n. Fue promovida por el Principado de Asturias y otras instituciones. Se encuentra en la localidad de Colombres (Asturias), en la denominada \u201cQuinta Guadalupe\u201d, construida en 1906 por el emigrante a M\u00e9xico I\u00f1igo Noriega Laso.<\/em><\/p>\n<p class=\"hidden-text-2\"><em><strong>La finalidad de la Fundaci\u00f3n es la recuperaci\u00f3n, ordenaci\u00f3n y estudio de todo tipo de documentaci\u00f3n relacionada con la emigraci\u00f3n asturiana y espa\u00f1ola a Am\u00e9rica,<\/strong> producida a lo largo de los siglos XIX y XX, la formaci\u00f3n de un museo como homenaje y reconocimiento permanente a la emigraci\u00f3n, as\u00ed como convertir la \u201cQuinta Guadalupe\u201d en espacio de encuentro social y cultural entre espa\u00f1oles, asturianos y los emigrantes y sus descendientes.<\/em><\/p>\n<\/div>\n<\/div>\n<ul>\n<li><a href=\"https:\/\/www.archivodeindianos.es\/\"><em><strong>Archivo de indianos de Colombres<\/strong><\/em><\/a><\/li>\n<li><a href=\"https:\/\/www.traveler.es\/naturaleza\/articulos\/hoteles-casas-de-indianos-en-asturias-y-cantabria-junto-a-playas-mar-cantabrico\/17544\">Casas de Indianos en Asturias y Cantabria<\/a><\/li>\n<li><a href=\"https:\/\/www.google.com\/search?q=casas+indianos+asturias&amp;client=firefox-b-d&amp;sxsrf=ALeKk01NUYY3xtJCj0UqA1Ua9_G63XIz8w:1612633012814&amp;source=lnms&amp;tbm=isch&amp;sa=X&amp;ved=2ahUKEwjZuIaP5tXuAhUSnVwKHSJmBYQQ_AUoAXoECBIQAw&amp;biw=1760&amp;bih=860\"><strong><em>IM\u00c1GENES<\/em><\/strong><\/a><\/li>\n<li><a href=\"http:\/\/www.ayrehoteles.com\/blog\/casonas-indianos\/?fbclid=IwAR1SJDj8Juw7Q3Z0Rec-jRAKJzpiIo-V-vo4Pu0_m0JUKxI38Kx5eil6-mQ\">Las casonas de Indianos m\u00e1s bonitas en Asturias<\/a><\/li>\n<\/ul>\n<hr \/>\n\n<!-- iframe plugin v.6.0 wordpress.org\/plugins\/iframe\/ -->\n<iframe loading=\"lazy\" src=\"https:\/\/www.facebook.com\/plugins\/video.php?height=314&#038;href=https%3A%2F%2Fwww.facebook.com%2FRiogillon%2Fvideos%2F729501237248783%2F&#038;show_text=true&#038;width=560\" width=\"560\" height=\"429\" 0=\"\/iframe\" scrolling=\"yes\" class=\"iframe-class\" frameborder=\"0\"><\/iframe>\n\n<p>&nbsp;<\/p>\n<p><a href=\"https:\/\/static3.elcomercio.es\/www\/multimedia\/202009\/15\/media\/cortadas\/monumento-madre-emigrante-horizontal-kMMD-U120183737606YfB-1680x720@El%20Comercio.jpg\"><img loading=\"lazy\" decoding=\"async\" class=\"alignnone\" src=\"https:\/\/static3.elcomercio.es\/www\/multimedia\/202009\/15\/media\/cortadas\/monumento-madre-emigrante-horizontal-kMMD-U120183737606YfB-1680x720@El%20Comercio.jpg\" alt=\"\" width=\"1680\" height=\"720\" \/><\/a><\/p>\n<ul>\n<li><a href=\"https:\/\/www.youtube.com\/watch?v=_V01gZcXvPw\">V\u00eddeo<\/a><\/li>\n<li><a href=\"https:\/\/www.youtube.com\/watch?v=nEB6CjtGii8\">Video 2<\/a><\/li>\n<\/ul>\n\n<!-- iframe plugin v.6.0 wordpress.org\/plugins\/iframe\/ -->\n<iframe loading=\"lazy\" width=\"647\" height=\"364\" src=\"https:\/\/www.youtube.com\/embed\/_V01gZcXvPw\" scrolling=\"yes\" class=\"iframe-class\" frameborder=\"0\"><\/iframe>\n\n<ul>\n<li><a href=\"https:\/\/www.youtube.com\/watch?v=8OWuTKdBx3Y\">Descripci\u00f3n LA LLOCA<\/a><\/li>\n<li><a href=\"https:\/\/youtu.be\/kZ045-YIVmM\">Canci\u00f3n <strong>La lloca<\/strong> (Anabel Santiago)<\/a><\/li>\n<\/ul>\n\n<!-- iframe plugin v.6.0 wordpress.org\/plugins\/iframe\/ -->\n<iframe loading=\"lazy\" width=\"647\" height=\"364\" src=\"https:\/\/www.youtube.com\/embed\/kZ045-YIVmM\" scrolling=\"yes\" class=\"iframe-class\" frameborder=\"0\"><\/iframe>\n\n<p><em>La <strong>Madre del Emigrante <\/strong>es una escultura de bronce de Ram\u00f3n Muriedas. Se inaugur\u00f3 en el Paseo del Rincon\u00edn en 1970. Es la primera obra escult\u00f3rica de lenguaje moderno instalada en un espacio p\u00fablico de la ciudad. El gesto de la mujer y su brazo alzado como una \u00faltima prolongaci\u00f3n de una lejan\u00eda impuesta, encarnan el sufrimiento de aquellas que vieron a sus hijos partir en las inmensidades del mar.<\/em><\/p>\n<p><a href=\"https:\/\/1.bp.blogspot.com\/-c4HtCVpcY6Q\/X0wEQ8ivTwI\/AAAAAAABRgw\/_Yb0NL72BNQ-ctdU8Yb_kstIKp8Cj8TRwCNcBGAsYHQ\/s1600\/Sin%2Bt%25C3%25ADtulo.jpg\"><img loading=\"lazy\" decoding=\"async\" class=\"alignnone\" src=\"https:\/\/1.bp.blogspot.com\/-c4HtCVpcY6Q\/X0wEQ8ivTwI\/AAAAAAABRgw\/_Yb0NL72BNQ-ctdU8Yb_kstIKp8Cj8TRwCNcBGAsYHQ\/s1600\/Sin%2Bt%25C3%25ADtulo.jpg\" alt=\"\" width=\"1261\" height=\"852\" \/><\/a><\/p>\n<section class=\"elementor-section elementor-inner-section elementor-element elementor-element-b91818a elementor-section-boxed elementor-section-height-default elementor-section-height-default\" data-id=\"b91818a\" data-element_type=\"section\">\n<div class=\"elementor-container elementor-column-gap-wider\">\n<div class=\"elementor-row\">\n<div class=\"elementor-column elementor-col-66 elementor-inner-column elementor-element elementor-element-0fb42bf\" data-id=\"0fb42bf\" data-element_type=\"column\">\n<div class=\"elementor-column-wrap elementor-element-populated\">\n<div class=\"elementor-widget-wrap\">\n<div class=\"elementor-element elementor-element-ca77a68 elementor-toc--minimized-on-tablet elementor-widget elementor-widget-table-of-contents\" data-id=\"ca77a68\" data-element_type=\"widget\" data-settings=\"{&quot;exclude_headings_by_selector&quot;:&quot;no&quot;,&quot;marker_view&quot;:&quot;bullets&quot;,&quot;icon&quot;:{&quot;value&quot;:&quot;&quot;,&quot;library&quot;:&quot;&quot;},&quot;collapse_subitems&quot;:&quot;yes&quot;,&quot;headings_by_tags&quot;:[&quot;h2&quot;,&quot;h3&quot;,&quot;h4&quot;],&quot;minimize_box&quot;:&quot;yes&quot;,&quot;minimized_on&quot;:&quot;tablet&quot;,&quot;hierarchical_view&quot;:&quot;yes&quot;,&quot;min_height&quot;:{&quot;unit&quot;:&quot;px&quot;,&quot;size&quot;:&quot;&quot;,&quot;sizes&quot;:[]},&quot;min_height_tablet&quot;:{&quot;unit&quot;:&quot;px&quot;,&quot;size&quot;:&quot;&quot;,&quot;sizes&quot;:[]},&quot;min_height_mobile&quot;:{&quot;unit&quot;:&quot;px&quot;,&quot;size&quot;:&quot;&quot;,&quot;sizes&quot;:[]}}\" data-widget_type=\"table-of-contents.default\">\n<div class=\"elementor-widget-container\">\n<div class=\"elementor-toc__body elementor-toc__list-items--collapsible\">\n<ul class=\"elementor-toc__list-wrapper\">\n<li class=\"elementor-toc__list-item\">\n<div class=\"elementor-toc__list-item-text-wrapper\"><i class=\"\"><\/i><a class=\"elementor-toc__list-item-text elementor-toc__top-level\" href=\"https:\/\/asturiasprestosa.com\/ruta-de-la-huella-indiana-de-colombres\/#elementor-toc__heading-anchor-0\"><em>Breve historia de la emigraci\u00f3n desde Asturias<\/em><\/a><\/div>\n<\/li>\n<li class=\"elementor-toc__list-item\">\n<div class=\"elementor-toc__list-item-text-wrapper\"><em><a class=\"elementor-toc__list-item-text elementor-toc__top-level\" href=\"https:\/\/asturiasprestosa.com\/ruta-de-la-huella-indiana-de-colombres\/#elementor-toc__heading-anchor-1\">Ruta de La Huella Indiana de Colombres<\/a><\/em><\/div>\n<\/li>\n<li class=\"elementor-toc__list-item\">\n<div class=\"elementor-toc__list-item-text-wrapper\"><em><a class=\"elementor-toc__list-item-text elementor-toc__top-level\" href=\"https:\/\/asturiasprestosa.com\/ruta-de-la-huella-indiana-de-colombres\/#elementor-toc__heading-anchor-19\">Red de Municipios Indianos del Cant\u00e1brico <\/a><\/em><\/div>\n<\/li>\n<li class=\"elementor-toc__list-item\">\n<div class=\"elementor-toc__list-item-text-wrapper\"><em><a class=\"elementor-toc__list-item-text elementor-toc__top-level elementor-item-active\" href=\"https:\/\/asturiasprestosa.com\/ruta-de-la-huella-indiana-de-colombres\/#elementor-toc__heading-anchor-20\">Recuerda que puedes reservar&#8230;<\/a><\/em><\/div>\n<\/li>\n<\/ul>\n<\/div>\n<\/div>\n<\/div>\n<\/div>\n<\/div>\n<\/div>\n<div class=\"elementor-column elementor-col-33 elementor-inner-column elementor-element elementor-element-137a194\" data-id=\"137a194\" data-element_type=\"column\"><\/div>\n<\/div>\n<\/div>\n<\/section>\n<div class=\"elementor-element elementor-element-1bdac6d8 elementor-widget elementor-widget-theme-post-content\" data-id=\"1bdac6d8\" data-element_type=\"widget\" data-widget_type=\"theme-post-content.default\">\n<div class=\"elementor-widget-container\">\n<div class=\"pf-content\">\n<blockquote><p><strong><em>\u00ab\u2026 y la esperanza, porque la esperanza es el principal combustible de las migraciones de todos los tiempos, como lo son tambi\u00e9n la fuerza y el esfuerzo.<br \/>\nY la sal, sal de l\u00e1grimas, de oc\u00e9ano, de sabores atesorados en el alma y en el paladar\u2026\u00bb<br \/>\n<\/em><\/strong> <a href=\"http:\/\/www.fundaciondirecta.org\/Documentos\/memoria_espanola_def.pdf\" target=\"_blank\" rel=\"noopener noreferrer\">(\u2018La emigraci\u00f3n espa\u00f1ola en Am\u00e9rica: historias y lecciones para el futuro\u2019, M\u00aa \u00c1ngeles Sall\u00e9 Alonso)<\/a><\/p><\/blockquote>\n<p>Es f\u00e1cil dejarse llevar por la narrativa de los indianos triunfantes. De aquellos que se fueron a Am\u00e9rica con una mano delante y otra detr\u00e1s y volvieron a\u00f1os m\u00e1s tarde con los bolsillos rebosantes, dispuestos a erigir lujosas mansiones y a poner parte de su patrimonio a disposici\u00f3n de sus paisanos. Algunos de manera altruista y otros con la intenci\u00f3n de ganarse el reconocimiento del pueblo que les vio nacer, de alardear de su nueva posici\u00f3n social y econ\u00f3mica.<\/p>\n<p>Pero se nos suele olvidar que, <strong>pr\u00e1cticamente todas las migraciones, incluso las voluntarias, conllevan sufrimiento y sacrificio<\/strong>. Incluso aquellas en las que los emigrantes vuelven a sus hogares de origen nadando en la abundancia y con el futuro asegurado. Dolor y tristeza por dejar su tierra y su familia atr\u00e1s, padecimiento por la soledad y dificultad que supone llegar a otro pa\u00eds sin conocer a casi nadie (o a nadie en muchos casos) y tener que labrarte un porvenir.<\/p>\n<blockquote><p><strong>Se calcula que solo el 3% de los emigrantes que partieron desde Asturias a Am\u00e9rica cumpli\u00f3 el prop\u00f3sito de labrarse un futuro all\u00ed.<\/strong><\/p><\/blockquote>\n<\/div>\n<\/div>\n<\/div>\n<h2 style=\"text-align: center\"><span style=\"color: #008080\"><em><strong>Breve historia de la emigraci\u00f3n desde Asturias<\/strong><\/em><\/span><\/h2>\n<p>Tal y como me cont\u00f3 Juan, de la <a href=\"http:\/\/navegante.es\/index.php\/\" target=\"_blank\" rel=\"noopener noreferrer\">Asociaci\u00f3n Navegantes<\/a>, el <strong>primer emigrante asturiano a Am\u00e9rica<\/strong>, el primer indiano asturiano por as\u00ed decirlo, que aparece en el <em>Cat\u00e1logo de Pasajeros a Indias (Archivo General de Indias)<\/em> fue, en <strong>1512<\/strong>, <strong>Gonzalo de Oviedo<\/strong> (natural de Llanera), con el n\u00famero 1000 de la lista.<\/p>\n<p>Le siguieron, en 1534, Diego de la Ribera y Prada (natural de Oviedo) con el n\u00famero 3126 y, en 1535, Suero de Tineo (natural de Tineo) junto con Melchor de Avil\u00e9s (natural de Avil\u00e9s). <strong>En aquella \u00e9poca, quienes emigraban a Am\u00e9rica sol\u00edan ser j\u00f3venes que dispon\u00edan de los medios suficientes para hacerlo, m\u00e1s por esp\u00edritu aventurero que por necesidad.<\/strong> As\u00ed que la salida no fue masiva hasta pasados, nada m\u00e1s y nada menos, que 300 a\u00f1os.<\/p>\n<p>Sin embargo, a ra\u00edz de la <strong>gran\u00a0crisis de subsistencias que comenz\u00f3 en 1854<\/strong> el aumento de las salidas creci\u00f3 enormemente. <strong>Entre 1835 y 1935 salieron de Asturias hacia Am\u00e9rica m\u00e1s de 330.000 asturianos<\/strong>, la mayor\u00eda (270.000) entre 1888 y 1930, y casi todos hombres de entre 15 y 25 a\u00f1os.<\/p>\n<blockquote><p>El <strong>n\u00famero de mujeres emigrantes fue m\u00ednimo<\/strong>. La raz\u00f3n, pues la de siempre: no tener la libertad de decidir por ellas mismas qu\u00e9 hacer, ya que hasta los 21 a\u00f1os no alcanzaban la mayor\u00eda de edad. En muchos casos esa mayor\u00eda de edad solo supon\u00eda el pasar de estar bajo la tutela de un padre a estarlo de un marido, quienes deb\u00edan darles el consentimiento para emprender el viaje.<\/p><\/blockquote>\n<figure id=\"attachment_22773\" class=\"wp-caption aligncenter\" aria-describedby=\"caption-attachment-22773\"><img loading=\"lazy\" decoding=\"async\" class=\"wp-image-22773 size-full\" title=\"Captura de pantalla 2020 06 26 a las 14.32.05\" src=\"https:\/\/cd1.asturiasprestosa.com\/wp-content\/uploads\/2020\/07\/26175647\/Captura-de-pantalla-2020-06-26-a-las-14.32.05.png\" alt=\"Captura de pantalla 2020 06 26 a las 14.32.05\" width=\"864\" height=\"1162\" \/><figcaption id=\"caption-attachment-22773\" class=\"wp-caption-text\"><em>Lista de embarque de Santander a Veracruz (1910)<\/em><\/figcaption><\/figure>\n<p>Desde <strong>1929 el alto flujo de emigrantes se vio dr\u00e1sticamente interrumpido por la crisis<\/strong> econ\u00f3mica internacional, lo que provocar\u00eda adem\u00e1s el <strong>retorno masivo<\/strong> de quienes no hab\u00edan conseguido su prop\u00f3sito de prosperar en el extranjero.<\/p>\n<p>A estos se les conoc\u00eda como <strong>\u00abindianos de la maleta al agua\u00bb<\/strong> porque la maleta se les mojaba en el barco en el trayecto de vuelta, al no tener m\u00e1s que para los billetes m\u00e1s humildes.<\/p>\n<p>A partir de 1963 la tendencia cambi\u00f3, y la mayor\u00eda de quienes emigraban pasaron a ser obreros de todo Asturias que buscaban un hueco en diferentes pa\u00edses de Europa.<\/p>\n<blockquote><p>La <a href=\"http:\/\/navegante.es\/index.php\/\" target=\"_blank\" rel=\"noopener noreferrer\">Asociaci\u00f3n Navegantes<\/a> se encarga de conservar la memoria de quienes un d\u00eda decidieron, o se vieron obligados, a tomar un barco con destino Am\u00e9rica. Est\u00e1n desarrollando un <strong>censo de la emigraci\u00f3n de Asturias y Cantabria a Am\u00e9rica Latina<\/strong> principalmente durante los siglos XIX y XX.<\/p><\/blockquote>\n<figure id=\"attachment_22774\" class=\"wp-caption alignnone\" aria-describedby=\"caption-attachment-22774\"><img loading=\"lazy\" decoding=\"async\" class=\"size-full wp-image-22774\" title=\"Captura de pantalla 2020 06 26 a las 14.29.13\" src=\"https:\/\/cd1.asturiasprestosa.com\/wp-content\/uploads\/2020\/07\/26175753\/Captura-de-pantalla-2020-06-26-a-las-14.29.13.png\" alt=\"Captura de pantalla 2020 06 26 a las 14.29.13\" width=\"1660\" height=\"1152\" \/><figcaption id=\"caption-attachment-22774\" class=\"wp-caption-text\"><em>Pasaporte de Eduardo Noriega Colombres (1924)<\/em><\/figcaption><\/figure>\n<h2 style=\"text-align: center\"><em><span style=\"color: #008080\"><strong>Ruta de La Huella Indiana de Colombres<\/strong><\/span><\/em><\/h2>\n<p>Como ya te cont\u00e9 en la entrada <a href=\"https:\/\/asturiasprestosa.com\/que-ver-en-colombres\/\" target=\"_blank\" rel=\"noopener\">\u00abQu\u00e9 ver en Colombres: gu\u00eda completa para visitar el concejo de Ribadedeva\u00bb<\/a>, el <strong>legado indiano<\/strong> de este pueblo del oriente de Asturias llama la atenci\u00f3n nada m\u00e1s poner un pie en \u00e9l.<\/p>\n<p><strong>Numerosas casas indianas colorean la esencia de Colombres<\/strong> y de algunos pueblos cercanos como <strong>Bustio,\u00a0Villanueva y Noriega<\/strong>, creando una <strong>estampa se\u00f1orial y ex\u00f3tica que<\/strong>, si a\u00fan nos lo parece a nosotros hoy en d\u00eda, no me puedo ni imaginar cu\u00e1nto les impresion\u00f3 a los habitantes de esta zona rural de Asturias a finales del siglo XIX y principios del XX.<\/p>\n<blockquote><p>El <strong>Conjunto Hist\u00f3rico de Colombres es Bien de Inter\u00e9s Cultura<\/strong>l desde 2013 por la singularidad y calidad de su conjunto arquitect\u00f3nico indiano. Adem\u00e1s,\u00a0la\u00a0<strong>Fundaci\u00f3n Princesa de Asturias\u00a0<\/strong>reconoci\u00f3 a Colombres como\u00a0<strong>Pueblo Ejemplar<\/strong>\u00a0en\u00a0<strong>2015 <\/strong>por ese mismo legado.<\/p><\/blockquote>\n<p><a href=\"https:\/\/cd1.asturiasprestosa.com\/wp-content\/uploads\/2020\/07\/26180240\/Ruta-Huella-Indiana-Colombres.jpg\"><img loading=\"lazy\" decoding=\"async\" class=\"aligncenter wp-image-22776\" title=\"Ruta Huella Indiana Colombres\" src=\"https:\/\/cd1.asturiasprestosa.com\/wp-content\/uploads\/2020\/07\/26180240\/Ruta-Huella-Indiana-Colombres.jpg\" alt=\"Ruta Huella Indiana Colombres\" width=\"558\" height=\"418\" \/><\/a><\/p>\n<p>Aunque es f\u00e1cil identificarlas, todas las casas de estos indianos triunfadores son diferentes, ya que <strong>responden a los gustos particulares de cada propietario, arquitecto y constructor<\/strong>.<\/p>\n<p>Adem\u00e1s, cada una de ellas se inspira en <strong>diferentes estilos arquitect\u00f3nicos y decorativos<\/strong>, tanto en su exterior como en el interior de las viviendas: neocl\u00e1sico, historicista, ecl\u00e9ctico, modernista, regionalista, colonial, todos mezclados\u2026<\/p>\n<blockquote><p>La <strong>tendencia de la emigraci\u00f3n en el concejo de Ribadedeva era partir hacia M\u00e9xico o Cuba<\/strong>, mientras que por ejemplo, en el Occidente de Asturias el destino m\u00e1s habitual era Argentina.<\/p><\/blockquote>\n<p>\u00bfTe apetece saber un poco m\u00e1s de la historia de todas estas casas? Acomp\u00e1\u00f1ame por este recorrido por la <strong>Ruta de la Huella Indiana de Colombres<\/strong>, \u00a1un viaje a pie por la historia de la emigraci\u00f3n asturiana a Am\u00e9rica! <a href=\"http:\/\/www.ribadedeva.info\/planos_tripticos\/ruta_huella_indiana.pdf\"><strong><em>VER TR\u00cdPTICO.pdf<\/em><\/strong><\/a><a href=\"http:\/\/www.ribadedeva.info\/planos_tripticos\/ruta_huella_indiana.pdf\" target=\"_blank\" rel=\"noopener noreferrer\"><img loading=\"lazy\" decoding=\"async\" class=\"aligncenter wp-image-22777 size-full\" title=\"Ruta de la Huella Indiana\" src=\"https:\/\/cd1.asturiasprestosa.com\/wp-content\/uploads\/2020\/07\/26180423\/Ruta-de-la-Huella-Indiana.png\" alt=\"Ruta de la Huella Indiana\" width=\"1482\" height=\"1464\" \/><\/a><\/p>\n<h4 style=\"text-align: center\"><span style=\"color: #008080\"><strong>1. La Quinta Guadalupe<br \/>\n<em> Plaza Manuel Iba\u00f1ez, s\/n (Colombres)<\/em><\/strong><\/span><\/h4>\n<p><strong>\u00cd\u00f1igo Noriega Laso<\/strong>, que hab\u00eda hecho fortuna en M\u00e9xico, mand\u00f3 construir la <em>Quinta Guadalupe<\/em> en <strong>1906<\/strong> al arquitecto <strong>Valent\u00edn Ram\u00f3n Lav\u00edn Casal\u00eds<\/strong>.<\/p>\n<p>A esta imponente mansi\u00f3n la apodaban \u00abel elefante blanco\u00bb debido a su gran tama\u00f1o y a su color, ya que aunque ahora es azul, en aquella \u00e9poca estaba pintada de blanco.<\/p>\n<p>Actualmente es la sede de la <a href=\"https:\/\/www.archivodeindianos.es\/\" target=\"_blank\" rel=\"noopener noreferrer\">Fundaci\u00f3n Archivo de Indianos y Museo de la Emigraci\u00f3n<\/a>, y si quieres saber m\u00e1s detalles sobre ella o ver su interior, puedes echarle un vistazo al post\u00a0<a href=\"https:\/\/thewanderingsblog.com\/archivo-indianos-colombres\/\" target=\"_blank\" rel=\"noopener noreferrer\">El Archivo de Indianos de Colombres, la memoria de la emigraci\u00f3n asturiana<\/a>.<\/p>\n<figure id=\"attachment_22778\" class=\"wp-caption aligncenter\" aria-describedby=\"caption-attachment-22778\"><img loading=\"lazy\" decoding=\"async\" class=\"size-full wp-image-22778\" title=\"Ruta Huella Indiana Colombres Quinta Guadalupe 1\" src=\"https:\/\/cd1.asturiasprestosa.com\/wp-content\/uploads\/2020\/07\/26180640\/Ruta-Huella-Indiana-Colombres-Quinta-Guadalupe-1.jpg\" alt=\"Ruta Huella Indiana Colombres Quinta Guadalupe 1\" width=\"1500\" height=\"1125\" \/><figcaption id=\"caption-attachment-22778\" class=\"wp-caption-text\"><em>Se dice que la Quinta Guadalupe se ve desde cualquier punto de Colombres<\/em><\/figcaption><\/figure>\n<p><img loading=\"lazy\" decoding=\"async\" class=\"size-full wp-image-22779 aligncenter\" title=\"Ruta Huella Indiana Colombres Placa Escuela de Comercio\" src=\"https:\/\/cd1.asturiasprestosa.com\/wp-content\/uploads\/2020\/07\/26180718\/Ruta-Huella-Indiana-Colombres-Placa-Escuela-de-Comercio.jpg\" alt=\"Ruta Huella Indiana Colombres Placa Escuela de Comercio\" width=\"1500\" height=\"1125\" \/><\/p>\n<h4 style=\"text-align: center\"><span style=\"color: #008080\"><strong>2. La Casona<br \/>\n<\/strong><em>Plaza Manuel Ib\u00e1\u00f1ez y Posada, s\/n (Colombres)<\/em><\/span><\/h4>\n<p><em>La Casona<\/em> de <strong>\u00cd\u00f1igo Noriega Mendoza<\/strong> data de <strong>1877<\/strong> y es la m\u00e1s antigua de todas las casas de indianos que hay en Colombres. Su due\u00f1o fue alcalde del pueblo adem\u00e1s de uno de sus principales benefactores y t\u00edo del ya mencionado \u00cd\u00f1igo Noriega Laso.<\/p>\n<p>Es sencilla en su exterior, de estilo clasicista (mezcla de ingl\u00e9s y franc\u00e9s), pero muy lujosa en el interior.<\/p>\n<p>Llaman la atenci\u00f3n la altura, la simetr\u00eda y la sobriedad de los balcones en la fachada principal. Sin embargo, en la parte trasera hay una gran galer\u00eda que rompe con la austeridad de la parte frontal.<\/p>\n<blockquote><p>\u00c9sta es la casa familiar del actor Eduardo Noriega, al que a\u00fan se le suele ver de vez en cuando por all\u00ed.<\/p><\/blockquote>\n<p><img loading=\"lazy\" decoding=\"async\" class=\"size-full wp-image-22780 aligncenter\" title=\"Ruta Huella Indiana Colombres La Casona\" src=\"https:\/\/cd1.asturiasprestosa.com\/wp-content\/uploads\/2020\/07\/26180808\/Ruta-Huella-Indiana-Colombres-La-Casona.jpg\" alt=\"Ruta Huella Indiana Colombres La Casona\" width=\"1125\" height=\"1500\" \/><\/p>\n<h4 style=\"text-align: center\"><span style=\"color: #008080\"><strong>3. El Ayuntamiento de Ribadedeva<\/strong><\/span><br \/>\n<span style=\"color: #008080\"><em> Plaza Manuel Ib\u00e1\u00f1ez y Posada, s\/n (Colombres)<\/em><\/span><\/h4>\n<p>El arquitecto santanderino <strong>Casimiro P\u00e9rez de la Riva<\/strong> fue el autor, en 1895 (aunque no se termin\u00f3 hasta <strong>1901<\/strong>) del edificio del ayuntamiento y de la plaza que lo rodea.<\/p>\n<p>De estilo clasicista y con una amplia arquer\u00eda en la parte de la entrada, fue un <strong>encargo de Manuel Ib\u00e1\u00f1ez Posada <\/strong>(I Conde de Ribadedeva), mecenas de la \u00e9poca y quiz\u00e1s uno de los indianos asturianos m\u00e1s relevantes de todos los tiempos. \u00bfPor qu\u00e9? Tendr\u00e1s que seguir leyendo hasta que hablemos de su casa, <em>Las Raucas<\/em>, para descubrirlo.<\/p>\n<p>En 1902 el artista Agust\u00edn Querol realiz\u00f3 una escultura para homenajearle que se encuentra en el centro de la plaza, frente a la casa consistorial.<\/p>\n<p><img loading=\"lazy\" decoding=\"async\" class=\"size-full wp-image-22781 aligncenter\" title=\"Ruta Huella Indiana Colombres Ayuntamiento 2\" src=\"https:\/\/cd1.asturiasprestosa.com\/wp-content\/uploads\/2020\/07\/26180929\/Ruta-Huella-Indiana-Colombres-Ayuntamiento-2.jpg\" alt=\"Ruta Huella Indiana Colombres Ayuntamiento 2\" width=\"1500\" height=\"1125\" \/><\/p>\n<figure id=\"attachment_22782\" class=\"wp-caption aligncenter\" aria-describedby=\"caption-attachment-22782\"><img loading=\"lazy\" decoding=\"async\" class=\"size-full wp-image-22782\" title=\"Ruta Huella Indiana Colombres estatua Manuel Iban\u0303ez Posada\" src=\"https:\/\/cd1.asturiasprestosa.com\/wp-content\/uploads\/2020\/07\/26181149\/Ruta-Huella-Indiana-Colombres-estatua-Manuel-Iban%CC%83ez-Posada.jpg\" alt=\"Ruta Huella Indiana Colombres estatua Manuel Iban\u0303ez Posada\" width=\"1125\" height=\"1500\" \/><figcaption id=\"caption-attachment-22782\" class=\"wp-caption-text\"><em>Estatua de Manuel Ib\u00e1\u00f1ez Posada<\/em><\/figcaption><\/figure>\n<h4 style=\"text-align: center\"><span style=\"color: #008080\"><strong>Villa Manola<br \/>\n<em>Barrio de El Redondo, s\/n (Colombres)<\/em><\/strong><\/span><\/h4>\n<p>Esta coqueta casa de indianos no se encuentra dentro del recorrido oficial de la ruta, pero ya que el itinerario pasa por delante, te recomiendo parar a contemplarla.<\/p>\n<p>Seg\u00fan me cont\u00f3 Teresa, su actual propietaria (\u00a1gracias!), fue construida por <strong>D. Manuel Rodr\u00edguez<\/strong> en <strong>1913<\/strong>. Manuel naci\u00f3 en 1874, y a los 19 a\u00f1os se fue a <strong>Cuba<\/strong>, donde se dedic\u00f3 al comercio. Con el transcurso de los a\u00f1os regres\u00f3 a Colombres y se cas\u00f3 con Manuela Caso Ducheint.<\/p>\n<p>Actualmente es un <a href=\"https:\/\/www.booking.com\/hotel\/es\/at-villa-manola.en.html?aid=1430958&amp;no_rooms=1&amp;group_adults=2\" target=\"_blank\" rel=\"noopener noreferrer\">alojamiento tur\u00edstico (cuatro apartamentos)<\/a>, para cuyo uso fue adaptada hace a\u00f1os por sus actuales propietarios.<\/p>\n<figure id=\"attachment_22783\" class=\"wp-caption aligncenter\" aria-describedby=\"caption-attachment-22783\"><img loading=\"lazy\" decoding=\"async\" class=\"size-full wp-image-22783\" title=\"Ruta Huella Indiana Colombres Villa Manola\" src=\"https:\/\/cd1.asturiasprestosa.com\/wp-content\/uploads\/2020\/07\/26181249\/Ruta-Huella-Indiana-Colombres-Villa-Manola.jpg\" alt=\"Ruta Huella Indiana Colombres Villa Manola\" width=\"1125\" height=\"1500\" \/><figcaption id=\"caption-attachment-22783\" class=\"wp-caption-text\"><em>Villa Manola<\/em><\/figcaption><\/figure>\n<h4 style=\"text-align: center\"><span style=\"color: #008080\"><strong>4. La Casa Roja<br \/>\n<em> Barrio de El Redondo, s\/n (Colombres)<\/em><\/strong><\/span><\/h4>\n<p><em>La Casa Roja<\/em> (o Villa Teresa) es una de las m\u00e1s representativas y vistosas, por su tama\u00f1o y color, de todo el conjunto de casas indianas de Colombres.<\/p>\n<p><strong>Eduardo S\u00e1nchez Escalante<\/strong>, indiano en <strong>Cuba<\/strong>, la mand\u00f3 construir en la <strong>primera d\u00e9cada del siglo XX<\/strong> al maestro Manuel Posada Noriega.<\/p>\n<p>Su estilo es ya m\u00e1s barroco que las que hab\u00edamos visto hasta ahora, y el interior se encuentra muy bien conservado. Adem\u00e1s, en esta casa se introdujo el hierro como elemento novedoso.<\/p>\n<blockquote><p>Quiz\u00e1s te suene porque aqu\u00ed fue donde se rodaron muchos de los exteriores de la serie de televisi\u00f3n \u00abLa Se\u00f1ora\u00bb.<\/p><\/blockquote>\n<p><img loading=\"lazy\" decoding=\"async\" class=\"size-full wp-image-22784 aligncenter\" title=\"Ruta Huella Indiana Colombres Casa Roja\" src=\"https:\/\/cd1.asturiasprestosa.com\/wp-content\/uploads\/2020\/07\/26181339\/Ruta-Huella-Indiana-Colombres-Casa-Roja.jpg\" alt=\"Ruta Huella Indiana Colombres Casa Roja\" width=\"1500\" height=\"1125\" \/><\/p>\n<h4 style=\"text-align: center\"><span style=\"color: #008080\"><strong>La Mansi\u00f3n del Abuelo<br \/>\n<em>Barrio de El Redondo, s\/n (Colombres)<\/em><\/strong><\/span><\/h4>\n<p>La casa de <strong>V\u00edctor S\u00e1nchez Escalante<\/strong>, quien hizo su fortuna <strong>Cuba<\/strong>, es otra de las que no se encuentran en el recorrido oficial de la \u2018Ruta de la Huella Indiana\u2019 pero por la que merece la pena detenerse unos instantes. V\u00edctor, hermano de Eduardo (el due\u00f1o de la Casa Roja), regres\u00f3 de Cuba en 1882 con 38 a\u00f1os, pero la casa no estar\u00eda terminada hasta <strong>1883<\/strong>.<\/p>\n<p>Llama la atenci\u00f3n su aspecto m\u00e1s recogido y tradicional as\u00ed como la galer\u00eda central sobre la puerta de entrada.<\/p>\n<p><img loading=\"lazy\" decoding=\"async\" class=\"size-full wp-image-22785 aligncenter\" title=\"Ruta Huella Indiana Colombres Mansio\u0301n del Abuelo 3\" src=\"https:\/\/cd1.asturiasprestosa.com\/wp-content\/uploads\/2020\/07\/26181550\/Ruta-Huella-Indiana-Colombres-Mansio%CC%81n-del-Abuelo-3.jpg\" alt=\"Ruta Huella Indiana Colombres Mansio\u0301n del Abuelo 3\" width=\"1125\" height=\"1500\" \/><\/p>\n<h4 style=\"text-align: center\"><span style=\"color: #008080\"><strong>5. La Casa de Piedra<br \/>\n<em>Barrio de El Redondo, s\/n (Colombres)<\/em><\/strong><\/span><\/h4>\n<p>Aunque ella nunca estuvo en Am\u00e9rica, <strong>Ana S\u00e1nchez Escalante <\/strong>(hermana de V\u00edctor y Eduardo) encarg\u00f3, en la <strong>d\u00e9cada de 1920<\/strong>, la construcci\u00f3n de la monumental <em>Casa de Piedra<\/em> con el dinero que le enviaban sus hijos desde all\u00ed.<\/p>\n<p>De estilo monta\u00f1\u00e9s (t\u00edpico de Cantabria), llaman especialmente la atenci\u00f3n las dos torres (que simbolizaban el poder), una cuadrada en la fachada principal, con gran alero y arquer\u00eda, y otra redondeada en la fachada trasera.\u00a0 Desde 2004 este edificio es la <a href=\"https:\/\/casadepiedra.net\/\" target=\"_blank\" rel=\"noopener noreferrer\">Casa de Cultura y la biblioteca municipal<\/a>, por lo que el interior se remodel\u00f3 para adaptarlo a las necesidades de estos servicios.<\/p>\n<p><img loading=\"lazy\" decoding=\"async\" class=\"size-full wp-image-22786 aligncenter\" title=\"Casa de Piedra 1\" src=\"https:\/\/cd1.asturiasprestosa.com\/wp-content\/uploads\/2020\/07\/26181625\/Casa-de-Piedra-1.jpg\" alt=\"Casa de Piedra 1\" width=\"1500\" height=\"1297\" \/><\/p>\n<h4 style=\"text-align: center\"><span style=\"color: #008080\"><strong>6. La Finca las Raucas<br \/>\n<em>C\/Bragada (Colombres)<\/em><\/strong><\/span><\/h4>\n<p><strong>Manuel Ib\u00e1nez Posada<\/strong> encarg\u00f3 a Eduard Brudard la edificaci\u00f3n de su casa en Colombres hacia <strong>1888<\/strong>, tras haber ganado gran notoriedad en <strong>M\u00e9xico<\/strong>, donde hizo su fortuna con negocios de algod\u00f3n y textil.<\/p>\n<p>Fue uno de los indianos con mayor relevancia de quienes emigraron a Am\u00e9rica, ya que fue fundador del Banco Mercantil Mexicano (actual Banco Nacional de M\u00e9xico) y del Banco Hispano-Americano, del que su hermano Luis Ib\u00e1\u00f1ez Posada lleg\u00f3 a ser presidente.\u00a0 La <em>Finca Las Raucas<\/em> es una casa sobria de vol\u00famenes regulares cuya arquitectura y decoraci\u00f3n conecta con el estilo tradicional de los palacios y casonas rurales.<\/p>\n<p><img loading=\"lazy\" decoding=\"async\" class=\"size-full wp-image-22787 aligncenter\" title=\"Ruta Huella Indiana Colombres Las Raucas\" src=\"https:\/\/cd1.asturiasprestosa.com\/wp-content\/uploads\/2020\/07\/26181659\/Ruta-Huella-Indiana-Colombres-Las-Raucas.jpg\" alt=\"Ruta Huella Indiana Colombres Las Raucas\" width=\"1500\" height=\"1125\" \/><\/p>\n<h4 style=\"text-align: center\"><span style=\"color: #008080\"><strong>7. La Casa de los Leones<br \/>\n<\/strong><em>C\/Badal\u00e1n (Colombres)<\/em><\/span><\/h4>\n<p>Si caminas despistado por Colombres puede que pase desapercibida ante tus ojos, ya que a diferencia del resto de casas indianas, \u00e9sta se encuentra encajonada entre otras construcciones.<\/p>\n<p>Pero si as\u00ed fuera te estar\u00edas perdiendo una de las paradas m\u00e1s especiales de toda la ruta, \u00a1o al menos a m\u00ed me lo parece por ese aire tan oriental!<\/p>\n<p>Su due\u00f1o fue\u00a0<strong>Francisco S\u00e1nchez Villaverde <\/strong>(aunque quien puso el dinero fue su padre). Data de\u00a0<strong>1897<\/strong> y consta de dos\u00a0cuerpos principales: uno poligonal con una galer\u00eda\u00a0rematada en una ex\u00f3tica c\u00fapula de zinc, y el otro prism\u00e1tico con una terraza en la parte superior y un le\u00f3n sobre el dintel, elemento del que toma el nombre el palacete.<\/p>\n<p><img loading=\"lazy\" decoding=\"async\" class=\"size-full wp-image-22788 aligncenter\" title=\"Casa de los Leones Colombres 1\" src=\"https:\/\/cd1.asturiasprestosa.com\/wp-content\/uploads\/2020\/07\/26181751\/Casa-de-los-Leones-Colombres-1.jpg\" alt=\"Casa de los Leones Colombres 1\" width=\"1500\" height=\"869\" \/><\/p>\n<h4 style=\"text-align: center\"><span style=\"color: #008080\"><strong>8. La Solana<br \/>\n<\/strong><em>C\/Francisco S\u00e1nchez Noriega (Colombres)<\/em><\/span><\/h4>\n<p>Pocos metros m\u00e1s all\u00e1 nos encontramos con <em>La Solana<\/em>, edificada en la <strong>d\u00e9cada de 1920<\/strong>\u00a0para<b> <\/b><strong>Ulpiano Cuervo Sola<\/strong> en la encrucijada de las calles\u00a0<em>Francisco S\u00e1nchez Noriega <\/em>y<em> Concejo de Llanes. <\/em>Tiene influencias regionalistas y monta\u00f1esas, y el componente m\u00e1s vistoso de la construcci\u00f3n es la torre que hay en una de las esquinas.<\/p>\n<p>Actualmente la han reconvertido en un\u00a0<a href=\"https:\/\/www.booking.com\/hotel\/es\/apartments-la-solana.en.html?aid=1430958&amp;no_rooms=1&amp;group_adults=2\" target=\"_blank\" rel=\"noopener noreferrer\">alojamiento tur\u00edstico con varios apartamentos<\/a>. Como ves, \u00e9sta es una opci\u00f3n muy utilizada por los actuales propietarios de casas de indianos, ya que sin rendimiento econ\u00f3mico, es muy dif\u00edcil hacer frente a su conservaci\u00f3n.<\/p>\n<h4 style=\"text-align: center\"><span style=\"color: #008080\"><strong>9. Las Casas Gemelas<br \/>\n<\/strong><em>C\/Lamadrid (Colombres)<\/em><\/span><\/h4>\n<p><strong>Florencio Noriega<\/strong> encarg\u00f3 esta espectacular y sim\u00e9trica obra a\u00a0<strong>finales del siglo XIX<\/strong>. Personalmente, una de las que m\u00e1s me impresion\u00f3 por su originalidad.<\/p>\n<p>Se trata de dos edificios gemelos ubicados en un solo volumen, un trabajo sobrio pero tremendamente llamativo gracias a las dos buhardillas voladas que hay sobre los ventanales de los pisos superiores. Forjadas en la verja de la entrada podemos ver las iniciales \u00abF.N.\u00bb de Florencio Noriega, un elemento habitual en las casas indianas.<\/p>\n<p><img loading=\"lazy\" decoding=\"async\" class=\"size-full wp-image-22789 aligncenter\" title=\"Casas Gemelas Colombres 1\" src=\"https:\/\/cd1.asturiasprestosa.com\/wp-content\/uploads\/2020\/07\/26181823\/Casas-Gemelas-Colombres-1.jpg\" alt=\"Casas Gemelas Colombres 1\" width=\"1500\" height=\"918\" \/><\/p>\n<h4 style=\"text-align: center\"><span style=\"color: #008080\"><strong>10. El Cantu<br \/>\n<em> C\/Lamadrid (Colombres)<\/em><\/strong><\/span><\/h4>\n<p>El maestro\u00a0<strong>Manuel Posada Noriega<\/strong> construy\u00f3 <em>El Cantu<\/em>, la que ser\u00eda su propia casa, en la <strong>d\u00e9cada de 1920<\/strong>. En ese momento ya hab\u00eda edificado numerosas casas de indianos, as\u00ed que tom\u00f3 ideas de muchas de ellas y las reuni\u00f3 en su propio proyecto, creando un\u00a0popurr\u00ed de elementos aparentemente inconexo pero con cierta gracia (o al menos a m\u00ed me parece una estructura \u00abdivertida\u00bb).<\/p>\n<p>Hoy en d\u00eda es un <strong>albergue tur\u00edstico<\/strong> con una ubicaci\u00f3n inmejorable, en pleno Camino de Santiago.<\/p>\n<p><img loading=\"lazy\" decoding=\"async\" class=\"size-full wp-image-22790 aligncenter\" title=\"Ruta Huella Indiana Colombres el cantu\" src=\"https:\/\/cd1.asturiasprestosa.com\/wp-content\/uploads\/2020\/07\/26181900\/Ruta-Huella-Indiana-Colombres-el-cantu.jpg\" alt=\"Ruta Huella Indiana Colombres el cantu\" width=\"1500\" height=\"1125\" \/><\/p>\n<h4 style=\"text-align: center\"><span style=\"color: #008080\"><strong>11. La Iglesia Parroquial de Santa Mar\u00eda<\/strong><\/span><\/h4>\n<p>Esta es la peque\u00f1a trampa de la ruta, ya que no es una casa indiana, sino una obra promovida por un indiano para el pueblo, la <em>iglesia parroquial de Santa Mar\u00eda<\/em>.<\/p>\n<p>En el siglo <strong>XIV<\/strong> ya exist\u00eda una iglesia en el mismo lugar que la que podemos observar actualmente. Sin embargo, a <strong>finales del siglo XIX<\/strong>, <strong>Manuel Ib\u00e1\u00f1ez Posada impuls\u00f3 su remodelaci\u00f3n<\/strong> de la mano del arquitecto Dar\u00edo de Regollos Molenillo.<\/p>\n<p>La fachada de la iglesia se reform\u00f3 siguiendo un estilo pr\u00f3ximo al barroco, con dos torres con campanario de apariencia monumental, y en el interior se a\u00f1adi\u00f3 la capilla de la Virgen.<\/p>\n<p><img loading=\"lazy\" decoding=\"async\" class=\"size-full wp-image-22791 aligncenter\" title=\"Colombres Asturias Capital Turismo Rural 2 copia 2\" src=\"https:\/\/cd1.asturiasprestosa.com\/wp-content\/uploads\/2020\/07\/26181937\/Colombres-Asturias-Capital-Turismo-Rural-2-copia-2.jpg\" alt=\"Colombres Asturias Capital Turismo Rural 2 copia 2\" width=\"1500\" height=\"1125\" \/><\/p>\n<h4 style=\"text-align: center\"><span style=\"color: #008080\"><strong>12. La Quinta Buenavista<br \/>\n<\/strong><em>C\/Badal\u00e1n (Colombres)<\/em><\/span><\/h4>\n<p>La construcci\u00f3n de la <em>Quinta Buenavista<\/em> se remonta a <strong>1899<\/strong>, tal y como reza la verja de entrada a la casa. Fue un encargo de <strong>Luis Caso Rodr\u00edguez<\/strong>, emigrante a <strong>Cuba<\/strong>, y a\u00fan se encuentra en manos de la familia. Tristemente, en 1979 un rayo provoc\u00f3 un incendio que termin\u00f3 con parte del interior de la casa, no afectando a la estructura y las fachadas.<\/p>\n<p>Cerca de all\u00ed se encuentra la finca <em>Las Palmeras<\/em>, con un largo acceso custodiado por numerosas palmeras, algo nada habitual en las construcciones indianas que, aunque s\u00ed contaban con palmeras en sus jardines, las entradas sol\u00edan estar flanqueadas por pl\u00e1tanos de sombra.<\/p>\n<h4 style=\"text-align: center\"><span style=\"color: #008080\"><strong>13. Villa Delfina<br \/>\n<\/strong><em>C\/Cruz (Bustio)<\/em><\/span><\/h4>\n<p><strong>Jos\u00e9 Egu\u0308en Otazabal<\/strong> emigr\u00f3 a <strong>Puerto Rico<\/strong> y dedic\u00f3 parte de su fortuna a construir <em>Villa Delfina<\/em> en 1921, aunque la obra no se complet\u00f3 hasta <strong>1925<\/strong>. Eligi\u00f3 un emplazamiento elevado del pueblo de Bustio, y el arquitecto santanderino Mariano Deogracias Lastras se encarg\u00f3 de dise\u00f1ar una casa de estilo regionalista monta\u00f1\u00e9s<\/p>\n<p>Volvemos a encontrarnos una torre que referencia el nuevo estatus social del indiano, con extensos aleros de madera que vuelan sobre una casa que parece querer emular la apariencia de las casonas hidalgas y de los palacios barrocos.<\/p>\n<h4 style=\"text-align: center\"><span style=\"color: #008080\"><strong>14. La Quinta de Villanueva en<\/strong><em> Villanueva<\/em><\/span><\/h4>\n<p>En <strong>1908<\/strong>, <strong>C\u00e1ndida y Joaqu\u00edn Ib\u00e1\u00f1ez<\/strong> mandaron construir la <em>Quinta de Villanueva<\/em> al maestro Manuel Posada Noriega. Su periplo por Am\u00e9rica fue agridulce. Primero se fueron a <strong>Chile<\/strong>, donde hicieron fortuna con una tabacalera. Sin embargo, todo se torci\u00f3 cuando a Joaqu\u00edn Ib\u00e1\u00f1ez le propusieron un suculento negocio en M\u00e9xico. Los pozos de petr\u00f3leo en los que iba a invertir resultaron ser pozos de agua y, seg\u00fan dicen, a Joaqu\u00edn lo asesinaron all\u00ed.<\/p>\n<p>La fachada de lo que actualmente es el\u00a0<a href=\"https:\/\/www.booking.com\/hotel\/es\/quinta-de-villanueva.en.html?aid=1430958&amp;no_rooms=1&amp;group_adults=2\" target=\"_blank\" rel=\"noopener noreferrer\">Hotel Quinta de Villanueva<\/a>\u00a0es de apariencia ecl\u00e9ctica, una mezcla de estilos cl\u00e1sico, barroco y regionalistas.<\/p>\n<p><span style=\"color: #008080\"><img loading=\"lazy\" decoding=\"async\" class=\"size-full wp-image-22792 aligncenter\" title=\"Ruta Huella Indiana Colombres Casona Villanueva\" src=\"https:\/\/cd1.asturiasprestosa.com\/wp-content\/uploads\/2020\/07\/26182013\/Ruta-Huella-Indiana-Colombres-Casona-Villanueva.jpg\" alt=\"Ruta Huella Indiana Colombres Casona Villanueva\" width=\"1125\" height=\"1500\" \/><\/span><\/p>\n<h4 style=\"text-align: center\"><span style=\"color: #008080\"><strong>15. La Palmera<br \/>\n<\/strong><em>Carretera AS-434 (Noriega)<\/em><\/span><\/h4>\n<p>La \u00faltima de las casas de la \u2018Ruta de la Huella Indiana\u2019 es <em>La Palmera<\/em>, en el pueblo de Noriega. No he encontrado m\u00e1s informaci\u00f3n acerca de ella que la proporcionada en el folleto de la ruta, \u00a1una pena! Lo \u00fanico que te puedo contar es que se cree que, por su parecido con otros trabajos suyos, fue obra del maestro Manuel Posada Noriega.<\/p>\n<p>Tambi\u00e9n que es de estilo ecl\u00e9ctico, y que su interior ser encuentra en muy buen estado de conservaci\u00f3n, al ser de las pocas que est\u00e1n habitadas.<\/p>\n<p><img loading=\"lazy\" decoding=\"async\" class=\"size-full wp-image-22794 aligncenter\" title=\"Colombres Asturias Capital Turismo Rural 4 copia\" src=\"https:\/\/cd1.asturiasprestosa.com\/wp-content\/uploads\/2020\/07\/26182218\/Colombres-Asturias-Capital-Turismo-Rural-4-copia.jpg\" alt=\"Colombres Asturias Capital Turismo Rural 4 copia\" width=\"1300\" height=\"975\" \/><\/p>\n<h2><em><strong><span style=\"color: #008080\">Red de Municipios Indianos del Cant\u00e1brico<\/span> <\/strong><\/em><\/h2>\n<p>El concejo de <strong>Ribadedeva<\/strong> pertenece adem\u00e1s\u00a0 a la <strong>Red de Municipios Indianos del Cant\u00e1brico (Indianos del Norte)<\/strong> junto con\u00a0<em>Boal<\/em> (Asturias),\u00a0<em>Comillas<\/em> y <em>Medio Cudeyo<\/em> (Cantabria) y <em>Pradoluengo<\/em> (Burgos \u2013 Castilla y Le\u00f3n).<\/p>\n<p>Se trata de <strong>regiones donde la emigraci\u00f3n a finales del siglo XIX o principios del XX fue notable y relevante<\/strong>, dejando constancia a trav\u00e9s, entre otras cosas, del patrimonio hist\u00f3rico-art\u00edstico que son las casas de indianos. Esta asociaci\u00f3n busca promover el estudio de la historia y la cultura indianas, as\u00ed como la conservaci\u00f3n, divulgaci\u00f3n y puesta en valor de todo ese patrimonio material e inmaterial.<\/p>\n<hr \/>\n\n<!-- iframe plugin v.6.0 wordpress.org\/plugins\/iframe\/ -->\n<iframe loading=\"lazy\" src=\"https:\/\/drive.google.com\/file\/d\/1dTqcWu4GiQywf4P6tP0vN_o5L5ScNAPR\/preview\" width=\"705\" height=\"980\" 0=\"\/iframe\" scrolling=\"yes\" class=\"iframe-class\" frameborder=\"0\"><\/iframe>\n\n","protected":false},"excerpt":{"rendered":"<p>La\u00a0 emigraci\u00f3n de Asturianos a otros mundos, a otras tierras \u00a0\/ Actividad en castellano Activid\u00e1 n\u00b4asturianu A. Zapico Entendemos por emigraci\u00f3n cualquier movimiento con origen en un concejo de Asturias y destino en otro municipio de Espa\u00f1a o en un pa\u00eds extranjero Entendemos por inmigraci\u00f3n todas las migraciones que procedan de cualquier municipio de otra [&hellip;]<\/p>\n","protected":false},"author":117,"featured_media":0,"parent":2527,"menu_order":0,"comment_status":"closed","ping_status":"closed","template":"","meta":{"footnotes":""},"class_list":["post-2767","page","type-page","status-publish","hentry","post-preview"],"_links":{"self":[{"href":"https:\/\/edublog.educastur.es\/corredoria3\/wp-json\/wp\/v2\/pages\/2767","targetHints":{"allow":["GET"]}}],"collection":[{"href":"https:\/\/edublog.educastur.es\/corredoria3\/wp-json\/wp\/v2\/pages"}],"about":[{"href":"https:\/\/edublog.educastur.es\/corredoria3\/wp-json\/wp\/v2\/types\/page"}],"author":[{"embeddable":true,"href":"https:\/\/edublog.educastur.es\/corredoria3\/wp-json\/wp\/v2\/users\/117"}],"replies":[{"embeddable":true,"href":"https:\/\/edublog.educastur.es\/corredoria3\/wp-json\/wp\/v2\/comments?post=2767"}],"version-history":[{"count":5,"href":"https:\/\/edublog.educastur.es\/corredoria3\/wp-json\/wp\/v2\/pages\/2767\/revisions"}],"predecessor-version":[{"id":4769,"href":"https:\/\/edublog.educastur.es\/corredoria3\/wp-json\/wp\/v2\/pages\/2767\/revisions\/4769"}],"up":[{"embeddable":true,"href":"https:\/\/edublog.educastur.es\/corredoria3\/wp-json\/wp\/v2\/pages\/2527"}],"wp:attachment":[{"href":"https:\/\/edublog.educastur.es\/corredoria3\/wp-json\/wp\/v2\/media?parent=2767"}],"curies":[{"name":"wp","href":"https:\/\/api.w.org\/{rel}","templated":true}]}}