{"id":2783,"date":"2021-01-19T22:01:55","date_gmt":"2021-01-19T20:01:55","guid":{"rendered":"https:\/\/edublog.educastur.es\/corredoria3\/?page_id=2783"},"modified":"2021-09-12T16:23:15","modified_gmt":"2021-09-12T14:23:15","slug":"sesion-11","status":"publish","type":"page","link":"https:\/\/edublog.educastur.es\/corredoria3\/5o-pri\/cultura-asturiana\/segundo-trimestre\/sesion-11\/","title":{"rendered":"Sesi\u00f3n 11"},"content":{"rendered":"<p style=\"text-align: center\"><a href=\"https:\/\/edublog.educastur.es\/corredoria3\/6o-pri\/cultura-asturiana\/segundo-trimestre\/sesion-09\/\"><em><span style=\"font-size: 18pt\">Poes\u00eda: <\/span><\/em><strong><em><span style=\"font-size: 18pt\">Xosefa de Xovellanos<\/span><br \/>\n<\/em><\/strong><em>(La Esbelta, La argandona)<\/em><\/a><\/p>\n<p><a href=\"https:\/\/upload.wikimedia.org\/wikipedia\/commons\/b\/ba\/Josefa_de_Jovellanos_(Museo_Nacional_de_Artes_Decorativas).JPG\"><img loading=\"lazy\" decoding=\"async\" class=\"aligncenter\" src=\"https:\/\/upload.wikimedia.org\/wikipedia\/commons\/b\/ba\/Josefa_de_Jovellanos_(Museo_Nacional_de_Artes_Decorativas).JPG\" alt=\"\" width=\"363\" height=\"458\" \/><\/a> \/<\/p>\n<ul>\n<li>21 Marzo: <strong>D\u00eda Mundial de la Poes\u00eda<\/strong>: <a href=\"https:\/\/www.un.org\/es\/observances\/world-poetry-day\">UNESCO<\/a> \/<\/li>\n<li><a href=\"http:\/\/bibliotecas.unileon.es\/tULEctura\/files\/2014\/03\/dia-mundial-poesia-21-marzo-L-4CBcF7.png\"><img loading=\"lazy\" decoding=\"async\" class=\"alignnone\" src=\"http:\/\/bibliotecas.unileon.es\/tULEctura\/files\/2014\/03\/dia-mundial-poesia-21-marzo-L-4CBcF7.png\" alt=\"\" width=\"197\" height=\"133\" \/><\/a><\/li>\n<\/ul>\n<hr \/>\n<ul>\n<li><em><strong>Melchor Gaspar de Xovellanos<\/strong>: <a href=\"https:\/\/es.wikipedia.org\/wiki\/Gaspar_Melchor_de_Jovellanos\">Wiki<\/a> \/<a href=\"https:\/\/ast.wikipedia.org\/wiki\/Xosefa_Xovellanos\"> WIKI n\u00b4asturianu<\/a><\/em><\/li>\n<li><strong><em>Xosefa de Xovellanos: <\/em><\/strong><em><a href=\"https:\/\/es.wikipedia.org\/wiki\/Josefa_de_Jovellanos\">Wiki<\/a> \/<a href=\"https:\/\/es.wikipedia.org\/wiki\/Josefa_de_Jovellanos#Vida\"> Vida<\/a> \/<a href=\"https:\/\/es.wikipedia.org\/wiki\/Josefa_de_Jovellanos#Obra\"> Obra<\/a> \/ <a href=\"https:\/\/es.wikipedia.org\/wiki\/Josefa_de_Jovellanos#Referencias\">Referencias<\/a> \/ <a href=\"https:\/\/es.wikipedia.org\/wiki\/Josefa_de_Jovellanos#Enlaces_externos\">enlaces<\/a>&#8230;<\/em><\/li>\n<li><a href=\"https:\/\/cronicaglobal.elespanol.com\/pensamiento\/historias-mujeres-emociones\/josefa-jovellanos-hermana_227241_102.html\">Cr\u00f3nicaGlobal: la hermana BIO<\/a><\/li>\n<li>Poetisa asturiana, que naci\u00f3 y muri\u00f3 en Gij\u00f3n. Fue hermana de Gaspar Melchor de Jovellanos y fue conocida como\u00a0<i>La Argandona<\/i>\u00a0por el nombre del que fue su marido: Domingo Gonz\u00e1lez de Argandona.<\/li>\n<li>Hermana de\u00a0<strong>Gaspar Melchor de Jovellanos<\/strong>, su vida responde bien al perfil de\u00a0<a title=\"Mujeres\" href=\"https:\/\/cronicaglobal.elespanol.com\/tag\/mujeres\" target=\"_self\" rel=\"follow noopener\" data-external=\"0\">mujeres ilustradas<\/a>, de la segunda mitad del siglo XVIII, que fueron capaces de dejar la dependencia del hogar, delegar en nodrizas la cr\u00eda de sus hijos y ocupar\u00a0<strong>espacios p\u00fablicos<\/strong>\u00a0con posibilidades de \u00abelecci\u00f3n, trato y refinado galanteo\u00bb, como dice\u00a0<strong>M\u00f3nica Bolufer<\/strong>.<\/li>\n<li>Josefa muri\u00f3 en 1807, mientras su hermano estaba todav\u00eda\u00a0<strong>en la c\u00e1rcel<\/strong>\u00a0de la que no saldr\u00eda hasta abril de 1808. Seg\u00fan\u00a0<strong>\u00c1lvarez Vald\u00e9s<\/strong>, el gran bi\u00f3grafo de Gaspar Melchor de Jovellanos, los dos hermanos se escribieron en bable, como v\u00eda de confidencialidad, aludiendo a algunos personajes con pseud\u00f3nimo. Josefa de Jovellanos, de igual modo, reflej\u00f3 un estado an\u00edmico\u00a0<strong>deprimido<\/strong>, aunque, en ocasiones, mostr\u00f3 una extraordinaria capacidad de iron\u00eda y distanciamiento, en algunos de los poemas que se conservan:\u00a0<em>\u00abDixo que el rei y la reina \/ era gente d&#8217;importanza \/ todos dixeron am\u00e9n \/ y yo di una carcaxada\u00bb<\/em>.<\/li>\n<\/ul>\n<p><b>Josefa de Jovellanos y Jove Ram\u00edrez<\/b>\u00a0(<a title=\"Gij\u00f3n\" href=\"https:\/\/es.wikipedia.org\/wiki\/Gij%C3%B3n\">Gij\u00f3n<\/a>,\u00a0<a title=\"4 de junio\" href=\"https:\/\/es.wikipedia.org\/wiki\/4_de_junio\">4 de junio<\/a>\u00a0de\u00a0<a title=\"1745\" href=\"https:\/\/es.wikipedia.org\/wiki\/1745\">1745<\/a>&#8211;<i><a title=\"Ibidem\" href=\"https:\/\/es.wikipedia.org\/wiki\/Ibidem\">Ibidem<\/a><\/i>.,\u00a0<a title=\"7 de junio\" href=\"https:\/\/es.wikipedia.org\/wiki\/7_de_junio\">7 de junio<\/a>\u00a0de\u00a0<a title=\"1807\" href=\"https:\/\/es.wikipedia.org\/wiki\/1807\">1807<\/a>) es una de las m\u00e1s importantes poetisas en\u00a0<a class=\"mw-redirect\" title=\"Lengua asturiana\" href=\"https:\/\/es.wikipedia.org\/wiki\/Lengua_asturiana\">lengua asturiana<\/a>. Hermana peque\u00f1a de\u00a0<a title=\"Gaspar Melchor de Jovellanos\" href=\"https:\/\/es.wikipedia.org\/wiki\/Gaspar_Melchor_de_Jovellanos\">Jovellanos<\/a>.<sup id=\"cite_ref-1\" class=\"reference separada\"><\/sup><\/p>\n<ul>\n<li><a href=\"https:\/\/prezi.com\/h8h9utb7eafz\/josefa-de-jovellanos-y-jove-ramirez\/\"><strong>Presentaci\u00f3n Prezi<\/strong> &#8211;<strong> Ver<\/strong><\/a><\/li>\n<\/ul>\n\n<!-- iframe plugin v.6.0 wordpress.org\/plugins\/iframe\/ -->\n<iframe loading=\"lazy\" src=\"https:\/\/prezi.com\/embed\/h8h9utb7eafz\/\" id=\"iframe_container\" frameborder=\"0\" webkitallowfullscreen mozallowfullscreen allowfullscreen allow=\"autoplay; fullscreen\" height=\"347\" width=\"616\" 0=\"\/iframe\" scrolling=\"yes\" class=\"iframe-class\"><\/iframe>\n\n<hr \/>\n<hr \/>\n<ul>\n<li><a href=\"http:\/\/serasturianu.com\/2021\/03\/xosefa-de-xovellanos-la-primera-escritora-conocida-en-asturiano\/\">SER ASTURIANU, por Denis Soria<\/a><\/li>\n<\/ul>\n<div id=\"left-area\">\n<article id=\"post-2987\" class=\"et_pb_post post-2987 post type-post status-publish format-standard has-post-thumbnail hentry category-cultura-es category-curiosidades tag-denis-soria-es tag-josefa-jovellanos-es tag-jovellanos-es tag-xosefa-xovellanos-es tag-xovellanos-es\">\n<div class=\"entry-content\">\n<p><span style=\"font-size: 14pt\"><strong>Xosefa Xovellanos y Xove Ram\u00edrez<\/strong> naci\u00f3 en <span style=\"color: #008080\">Xix\u00f3n un 4 de xunu de 1745<\/span>, <span style=\"color: #008080\">a\u00f1u y mediu dempu\u00e9s que so hermanu Gaspar<\/span>. La folgada posici\u00f3n econ\u00f3mica y pol\u00edtica de la so familia contrasta cola traxedia que marc\u00f3 la so vida personal; casada con Domingo Gonz\u00e1lez de Argandona, Procurador Xeneral en Corte del Princip\u00e1u, <span style=\"color: #008080\">tresll\u00e1dase a Madrid en 1769<\/span> onde criar\u00eda dos f\u00edes que morrer\u00eden siendo tov\u00eda ne\u00f1es. Pa encima, enviuda a la ed\u00e1 de 28 a\u00f1os, poco antes de dar a lluz a un tercer \u00f1\u00e1caru que malpenes sobrevivir\u00eda unos d\u00edes.<\/span><\/p>\n<p><span style=\"font-size: 14pt\"><span style=\"color: #008080\">En 1779 vuelve a la casa paterna llueu de la muerte del padre pa ocupase de l\u2019alministraci\u00f3n de la propied\u00e1 familiar<\/span> y poco dempu\u00e9s, en 1788, m\u00fadase a casa de so hermana (la condesa de Pe\u00f1alba) n\u2019Uvi\u00e9u, ciud\u00e1 onde se dedica a la formaci\u00f3n de muyeres recluses y a obres diverses de carid\u00e1. Mentanto, la so vocaci\u00f3n relixosa va esconso\u00f1ando hasta qu\u2019en 1793 -diendo a la escontra del paecer de so hermanu Gaspar- decide ingresar nel Conventu de les Agustines Recoletes de Xix\u00f3n, nelli llegar\u00eda a ser nomada priora. L\u2019Argandona, como la conoc\u00eden cari\u00f1osamente, finar\u00eda ell\u00ed en 1807 (Arias Cabal, 1996).<\/span><\/p>\n<p><span style=\"font-size: 14pt\"><span style=\"color: #008080\">Xosefa vivi\u00f3 nuna \u00e9poca (la segunda met\u00e1 del sieglu XVIII) na que l\u2019asturllion\u00e9s yera ent\u00e1 l\u2019idioma abrumadoramente mayoritariu de la poblaci\u00f3n asturiana<\/span>, pero releg\u00e1u y\u00e1 como un estigma asoci\u00e1u a la masa popular analfabeta y impropia de la comunicaci\u00f3n formal y escrita. Nesti contestu digl\u00f3sicu sorprende y muncho la existencia d\u2019un c\u00edrculu d\u2019escritores d\u2019influyencia neocl\u00e1sica venceyaos a la Ilustraci\u00f3n que -con too- apostaron por un usu cultu del asturianu na estaya lliteraria y qu\u2019\u00c1lvaro Ruiz de la Pe\u00f1a bautizar\u00eda como la <em>Xeneraci\u00f3n del Mediu Sieglu<\/em> (Mori, 2012). Aquella formar\u00edenla; Benito de l\u2019Auxa Manuel (1742-1814), Bruno Fern\u00e1ndez Cepeda (1744-1803), Xosefa Xovellanos (17451807), Xuan Gonz\u00e1lez Villar (1746-1820) y Ant\u00f3n Balvidares Arg\u00fcelles (1751-1792). Y y\u00e1 a caballu de la lliteratura prerrom\u00e1ntica quedar\u00eden fuera d\u2019esta xeneraci\u00f3n los autores Teresa Escol\u00e1stica C\u00f3nsul (c 1760-1834) y Benito P\u00e9rez Vald\u00e9s (1751-1842)<\/span><\/p>\n<p><span style=\"font-size: 14pt\">Ye importante sorrayar que<span style=\"color: #008080\"><strong> l\u2019activid\u00e1 po\u00e9tica de Xovellanos desenr\u00f3llase a lo llargo de cuatro a\u00f1os nam\u00e1s, ente 1789 y 1793<\/strong><\/span>, teniendo tratu con dellos autores de la <em>Xeneraci\u00f3n del Mediu Sieglu<\/em>, como yera\u2019l casu de Xuan Gonz\u00e1lez Villar y -especialmente- de Ant\u00f3n de Balvidares, col que coincid\u00eda nes frecuentes tertulies po\u00e9tiques organizaes na casa de los condes de Pe\u00f1alba.<\/span><\/p>\n<p><span style=\"font-size: 14pt\">D\u2019ente la so obra lliteraria conocida (nam\u00e1s cinco poemes) recoyemos equ\u00ed <span style=\"text-decoration: underline\"><span style=\"color: #008080\"><em><strong>La proclamaci\u00f3n de Carlos IV<\/strong><\/em><\/span><\/span>, un verdaderu documentu hist\u00f3ricu pel que, como una ventana al pas\u00e1u, podemos asomamos a los dos d\u00edes festexos celebraos el 10 de xineru de 1790. Descrito en boca d\u2019un aldeanu, el so llinguaxe burll\u00f3n amuesa una converxencia ama\u00f1osa ente la soca tradicional cola perspectiva ilustrada. Y ye que\u2019l mensaxe qu\u2019enzarra\u2019l poema, anque esti estractu nun lo recueya plenamente, nun ye otru que la cr\u00edtica al lluxu y a la idolatr\u00eda del monarca (De Lorenzo \u00c1lvarez, 1996).<\/span><\/p>\n<blockquote><p>&nbsp;<\/p>\n<p style=\"text-align: center\"><span style=\"font-size: 14pt;color: #008080\"><em><strong>Muncho me fuelgo, compadre,<\/strong><\/em><\/span><\/p>\n<p style=\"text-align: center\"><span style=\"font-size: 14pt;color: #008080\"><em><strong>afayate cabo en casa,<\/strong><\/em><\/span><\/p>\n<p style=\"text-align: center\"><span style=\"font-size: 14pt;color: #008080\"><em><strong>que traigo que te contar<\/strong><\/em><\/span><\/p>\n<p style=\"text-align: center\"><span style=\"font-size: 14pt;color: #008080\"><em><strong>arriendes d\u2019una semana.<\/strong><\/em><\/span><\/p>\n<p style=\"text-align: center\"><span style=\"font-size: 14pt;color: #008080\"><em><strong>Magar m\u2019ech\u00f3 a\u2019quisti mundu<\/strong><\/em><\/span><\/p>\n<p style=\"text-align: center\"><span style=\"font-size: 14pt;color: #008080\"><em><strong>la madre de la mio alma<\/strong><\/em><\/span><\/p>\n<p style=\"text-align: center\"><span style=\"font-size: 14pt;color: #008080\"><em><strong>\u00f1in vi \u00f1in cuidara ver<\/strong><\/em><\/span><\/p>\n<p style=\"text-align: center\"><span style=\"font-size: 14pt;color: #008080\"><em><strong>cosa tan endremoniada.<\/strong><\/em><\/span><\/p>\n<p style=\"text-align: center\"><span style=\"font-size: 14pt;color: #008080\"><em><strong>Daca ac\u00e1 el to tabaqueru,<\/strong><\/em><\/span><\/p>\n<p style=\"text-align: center\"><span style=\"font-size: 14pt;color: #008080\"><em><strong>echar\u00e9 una fungarada,<\/strong><\/em><\/span><\/p>\n<p style=\"text-align: center\"><span style=\"font-size: 14pt;color: #008080\"><em><strong>porque la mio garapi\u00f1a<\/strong><\/em><\/span><\/p>\n<p style=\"text-align: center\"><span style=\"font-size: 14pt;color: #008080\"><em><strong>escaeci\u00f3seme en casa.<\/strong><\/em><\/span><\/p>\n<p style=\"text-align: center\"><span style=\"font-size: 14pt;color: #008080\"><em><strong>Tan achochecidu est\u00f3<\/strong><\/em><\/span><\/p>\n<p style=\"text-align: center\"><span style=\"font-size: 14pt;color: #008080\"><em><strong>que \u00f1on s\u00e9 lo que me pasa.<\/strong><\/em><\/span><\/p>\n<p style=\"text-align: center\"><span style=\"font-size: 14pt;color: #008080\"><em><strong>Por fuxir de la doctrina<\/strong><\/em><\/span><\/p>\n<p style=\"text-align: center\"><span style=\"font-size: 14pt;color: #008080\"><em><strong>que\u2019l mio cura predicaba,<\/strong><\/em><\/span><\/p>\n<p style=\"text-align: center\"><span style=\"font-size: 14pt;color: #008080\"><em><strong>de dir el domingo a Uviedu<\/strong><\/em><\/span><\/p>\n<p style=\"text-align: center\"><span style=\"font-size: 14pt;color: #008080\"><em><strong>tent\u00f3me la mala trampa,<\/strong><\/em><\/span><\/p>\n<p style=\"text-align: center\"><span style=\"font-size: 14pt;color: #008080\"><em><strong>y mal apenes llegue<\/strong><\/em><\/span><\/p>\n<p style=\"text-align: center\"><span style=\"font-size: 14pt;color: #008080\"><em><strong>fasta l\u2019arcu qu\u2019apiegaba<\/strong><\/em><\/span><\/p>\n<p style=\"text-align: center\"><span style=\"font-size: 14pt;color: #008080\"><em><strong>con aquelles monxes prietes<\/strong><\/em><\/span><\/p>\n<p style=\"text-align: center\"><span style=\"font-size: 14pt;color: #008080\"><em><strong>qu\u2019enxam\u00e1s salen de casa,<\/strong><\/em><\/span><\/p>\n<p style=\"text-align: center\"><span style=\"font-size: 14pt;color: #008080\"><em><strong>cuando tanta de la xente<\/strong><\/em><\/span><\/p>\n<p style=\"text-align: center\"><span style=\"font-size: 14pt;color: #008080\"><em><strong>perinda arriba anublaba,<\/strong><\/em><\/span><\/p>\n<p style=\"text-align: center\"><span style=\"font-size: 14pt;color: #008080\"><em><strong>que parec\u00edn les abeyes<\/strong><\/em><\/span><\/p>\n<p style=\"text-align: center\"><span style=\"font-size: 14pt;color: #008080\"><em><strong>cuando quieren fer la enxambra.<\/strong><\/em><\/span><\/p>\n<p style=\"text-align: center\"><span style=\"font-size: 14pt;color: #008080\"><em><strong>Por aquel camin\u00f3n nuevo<\/strong><\/em><\/span><\/p>\n<p style=\"text-align: center\"><span style=\"font-size: 14pt;color: #008080\"><em><strong>que fasta Xix\u00f3n llegaba,<\/strong><\/em><\/span><\/p>\n<p style=\"text-align: center\"><span style=\"font-size: 14pt;color: #008080\"><em><strong>tantos vivientes ferv\u00edn<\/strong><\/em><\/span><\/p>\n<p style=\"text-align: center\"><span style=\"font-size: 14pt;color: #008080\"><em><strong>y tanta xente colaba,<\/strong><\/em><\/span><\/p>\n<p style=\"text-align: center\"><span style=\"font-size: 14pt;color: #008080\"><em><strong>que parec\u00eda un formigueru<\/strong><\/em><\/span><\/p>\n<p style=\"text-align: center\"><span style=\"font-size: 14pt;color: #008080\"><em><strong>cuandu daqui\u00e9n lu destapa.<\/strong><\/em><\/span><\/p>\n<p style=\"text-align: center\"><span style=\"font-size: 14pt;color: #008080\"><em><strong>Quixe cuidar contra min<\/strong><\/em><\/span><\/p>\n<p style=\"text-align: center\"><span style=\"font-size: 14pt;color: #008080\"><em><strong>si quiciabes Santolaya<\/strong><\/em><\/span><\/p>\n<p style=\"text-align: center\"><span style=\"font-size: 14pt;color: #008080\"><em><strong>habr\u00e1 baxadu del cielo<\/strong><\/em><\/span><\/p>\n<p style=\"text-align: center\"><span style=\"font-size: 14pt;color: #008080\"><em><strong>y dir\u00edn a visitalla,<\/strong><\/em><\/span><\/p>\n<p style=\"text-align: center\"><span style=\"font-size: 14pt;color: #008080\"><em><strong>o si nes santes reliquies<\/strong><\/em><\/span><\/p>\n<p style=\"text-align: center\"><span style=\"font-size: 14pt;color: #008080\"><em><strong>se hubi\u00e9s abrido aquella arca,<\/strong><\/em><\/span><\/p>\n<p style=\"text-align: center\"><span style=\"font-size: 14pt;color: #008080\"><em><strong>que desde qu\u2019Ovi\u00e9u ye Ovi\u00e9u<\/strong><\/em><\/span><\/p>\n<p style=\"text-align: center\"><span style=\"font-size: 14pt;color: #008080\"><em><strong>\u00f1on se vio descerraxada.<\/strong><\/em><\/span><\/p>\n<p style=\"text-align: center\"><span style=\"font-size: 14pt;color: #008080\"><em><strong>Sea lo que for, dixe yo,<\/strong><\/em><\/span><\/p>\n<p style=\"text-align: center\"><span style=\"font-size: 14pt;color: #008080\"><em><strong>que \u00f1on m\u2019importa migaya,<\/strong><\/em><\/span><\/p>\n<p style=\"text-align: center\"><span style=\"font-size: 14pt;color: #008080\"><em><strong>y as\u00ed dex\u00e9me de cuentos<\/strong><\/em><\/span><\/p>\n<p style=\"text-align: center\"><span style=\"font-size: 14pt;color: #008080\"><em><strong>y, como quien va en volanda,<\/strong><\/em><\/span><\/p>\n<p style=\"text-align: center\"><span style=\"font-size: 14pt;color: #008080\"><em><strong>a empuxones y emburriones<\/strong><\/em><\/span><\/p>\n<p style=\"text-align: center\"><span style=\"font-size: 14pt;color: #008080\"><em><strong>llegu\u00e9 por fin a la plaza.<\/strong><\/em><\/span><\/p>\n<p style=\"text-align: center\"><span style=\"font-size: 14pt;color: #008080\"><em><strong>Mas aqu\u00ed (\u00a1v\u00e1lame Dios!)<\/strong><\/em><\/span><\/p>\n<p style=\"text-align: center\"><span style=\"font-size: 14pt;color: #008080\"><em><strong>toda la sangre se cuaya,<\/strong><\/em><\/span><\/p>\n<p style=\"text-align: center\"><span style=\"font-size: 14pt;color: #008080\"><em><strong>resp\u00edguenseme los pelos<\/strong><\/em><\/span><\/p>\n<p style=\"text-align: center\"><span style=\"font-size: 14pt;color: #008080\"><em><strong>y el f\u00edgado se trastaya.<\/strong><\/em><\/span><\/p>\n<p style=\"text-align: center\"><span style=\"font-size: 14pt;color: #008080\"><em><strong>All\u00ed un home s\u2019aflaquez<\/strong><\/em><\/span><\/p>\n<p style=\"text-align: center\"><span style=\"font-size: 14pt;color: #008080\"><em><strong>acull\u00e1 utru s\u2019estrapa<\/strong><\/em><\/span><\/p>\n<p style=\"text-align: center\"><span style=\"font-size: 14pt;color: #008080\"><em><strong>y, todos entrepolados,<\/strong><\/em><\/span><\/p>\n<p style=\"text-align: center\"><span style=\"font-size: 14pt;color: #008080\"><em><strong>naide de vivir cuidaba.<\/strong><\/em><\/span><\/p>\n<p style=\"text-align: center\"><span style=\"font-size: 14pt;color: #008080\"><em><strong>Dixe yo si el d\u00eda del xuiciu<\/strong><\/em><\/span><\/p>\n<p style=\"text-align: center\"><span style=\"font-size: 14pt;color: #008080\"><em><strong>ser\u00e1 naquesta semana.<\/strong><\/em><\/span><\/p>\n<p style=\"text-align: center\"><span style=\"font-size: 14pt;color: #008080\"><em><strong>Mas como \u00f1on hab\u00eda visto<\/strong><\/em><\/span><\/p>\n<p style=\"text-align: center\"><span style=\"font-size: 14pt;color: #008080\"><em><strong>al antecristo \u00f1in nada<\/strong><\/em><\/span><\/p>\n<p style=\"text-align: center\"><span style=\"font-size: 14pt;color: #008080\"><em><strong>d\u2019otres coses que nos llibros<\/strong><\/em><\/span><\/p>\n<p style=\"text-align: center\"><span style=\"font-size: 14pt;color: #008080\"><em><strong>el mio cura arrellataba,<\/strong><\/em><\/span><\/p>\n<p style=\"text-align: center\"><span style=\"font-size: 14pt;color: #008080\"><em><strong>volvi\u00f3seme l\u2019alma al cuerpo<\/strong><\/em><\/span><\/p>\n<p style=\"text-align: center\"><span style=\"font-size: 14pt;color: #008080\"><em><strong>y tom\u00e9 una polgarada.<\/strong><\/em><\/span><\/p>\n<p style=\"text-align: center\"><span style=\"font-size: 14pt;color: #008080\"><em><strong>Vi tanto del cortinaxe<\/strong><\/em><\/span><\/p>\n<p style=\"text-align: center\"><span style=\"font-size: 14pt;color: #008080\"><em><strong>por toda la balconada,<\/strong><\/em><\/span><\/p>\n<p style=\"text-align: center\"><span style=\"font-size: 14pt;color: #008080\"><em><strong>que parec\u00eda el d\u00eda del Corpus<\/strong><\/em><\/span><\/p>\n<p style=\"text-align: center\"><span style=\"font-size: 14pt;color: #008080\"><em><strong>cuando\u2019l sacramentu pasa.<\/strong><\/em><\/span><\/p>\n<p style=\"text-align: center\"><span style=\"font-size: 14pt;color: #008080\"><em><strong>Vi all\u00ed puestu un talanqueru<\/strong><\/em><\/span><\/p>\n<p style=\"text-align: center\"><span style=\"font-size: 14pt;color: #008080\"><em><strong>y por d\u2019arriba una tapa<\/strong><\/em><\/span><\/p>\n<p style=\"text-align: center\"><span style=\"font-size: 14pt;color: #008080\"><em><strong>que parec\u00eda el cobertixu<\/strong><\/em><\/span><\/p>\n<p style=\"text-align: center\"><span style=\"font-size: 14pt;color: #008080\"><em><strong>que tengo na mio tenada.<\/strong><\/em><\/span><\/p>\n<p style=\"text-align: center\"><span style=\"font-size: 14pt;color: #008080\"><em><strong>El revoltixu de xente,<\/strong><\/em><\/span><\/p>\n<p style=\"text-align: center\"><span style=\"font-size: 14pt;color: #008080\"><em><strong>que \u00f1on te\u00f1\u00edn sofitancia,<\/strong><\/em><\/span><\/p>\n<p style=\"text-align: center\"><span style=\"font-size: 14pt;color: #008080\"><em><strong>apert\u00e1u me te\u00f1\u00edn<\/strong><\/em><\/span><\/p>\n<p style=\"text-align: center\"><span style=\"font-size: 14pt;color: #008080\"><em><strong>como sardina en ba\u00f1astra.<\/strong><\/em><\/span><\/p>\n<p style=\"text-align: center\"><span style=\"font-size: 14pt;color: #008080\"><em><strong>Quixo Dios que dio las tres<\/strong><\/em><\/span><\/p>\n<p style=\"text-align: center\"><span style=\"font-size: 14pt;color: #008080\"><em><strong>y cata aqu\u00ed que s\u2019entama<\/strong><\/em><\/span><\/p>\n<p style=\"text-align: center\"><span style=\"font-size: 14pt;color: #008080\"><em><strong>una recua de se\u00f1ores<\/strong><\/em><\/span><\/p>\n<p style=\"text-align: center\"><span style=\"font-size: 14pt;color: #008080\"><em><strong>estropellar pela plaza<\/strong><\/em><\/span><\/p>\n<p style=\"text-align: center\"><span style=\"font-size: 14pt;color: #008080\"><em><strong>enriba d\u2019unos borricos<\/strong><\/em><\/span><\/p>\n<p style=\"text-align: center\"><span style=\"font-size: 14pt;color: #008080\"><em><strong>con tanta de la cintaya<\/strong><\/em><\/span><\/p>\n<p style=\"text-align: center\"><span style=\"font-size: 14pt;color: #008080\"><em><strong>per enriba del focicu,<\/strong><\/em><\/span><\/p>\n<p style=\"text-align: center\"><span style=\"font-size: 14pt;color: #008080\"><em><strong>del rabu y de la pelambra,<\/strong><\/em><\/span><\/p>\n<p style=\"text-align: center\"><span style=\"font-size: 14pt;color: #008080\"><em><strong>qu\u2019aunque ellos no estaben gordos,<\/strong><\/em><\/span><\/p>\n<p style=\"text-align: center\"><span style=\"font-size: 14pt;color: #008080\"><em><strong>con aquellafiguranza<\/strong><\/em><\/span><\/p>\n<p style=\"text-align: center\"><span style=\"font-size: 14pt;color: #008080\"><em><strong>pon\u00edanse ensoberbec\u00edos<\/strong><\/em><\/span><\/p>\n<p style=\"text-align: center\"><span style=\"font-size: 14pt;color: #008080\"><em><strong>bufando la espumaraxa<\/strong><\/em><\/span><\/p>\n<p style=\"text-align: center\"><span style=\"font-size: 14pt;color: #008080\"><em><strong>(que en cuerpo del diablo entre,<\/strong><\/em><\/span><\/p>\n<p style=\"text-align: center\"><span style=\"font-size: 14pt;color: #008080\"><em><strong>dec\u00eda la mio Mariana).<\/strong><\/em><\/span><\/p>\n<p style=\"text-align: center\"><span style=\"font-size: 14pt;color: #008080\"><em><strong>A lo postreru de todo,<\/strong><\/em><\/span><\/p>\n<p style=\"text-align: center\"><span style=\"font-size: 14pt;color: #008080\"><em><strong>viene un se\u00f1oretu en traza<\/strong><\/em><\/span><\/p>\n<p style=\"text-align: center\"><span style=\"font-size: 14pt;color: #008080\"><em><strong>con un vest\u00edu rax\u00f3n<\/strong><\/em><\/span><\/p>\n<p style=\"text-align: center\"><span style=\"font-size: 14pt;color: #008080\"><em><strong>y ena manu una palanca<\/strong><\/em><\/span><\/p>\n<p style=\"text-align: center\"><span style=\"font-size: 14pt;color: #008080\"><em><strong>con un trapequ\u00edn colgando<\/strong><\/em><\/span><\/p>\n<p style=\"text-align: center\"><span style=\"font-size: 14pt;color: #008080\"><em><strong>que parec\u00eda moxiganga.<\/strong><\/em><\/span><\/p>\n<p style=\"text-align: center\"><span style=\"font-size: 14pt;color: #008080\"><em><strong>Al par d\u2019illi utru ven\u00eda<\/strong><\/em><\/span><\/p>\n<p style=\"text-align: center\"><span style=\"font-size: 14pt;color: #008080\"><em><strong>con la vestimenta llarga,<\/strong><\/em><\/span><\/p>\n<p style=\"text-align: center\"><span style=\"font-size: 14pt;color: #008080\"><em><strong>una peluca canosa<\/strong><\/em><\/span><\/p>\n<p style=\"text-align: center\"><span style=\"font-size: 14pt;color: #008080\"><em><strong>y una torga so la barba,<\/strong><\/em><\/span><\/p>\n<p style=\"text-align: center\"><span style=\"font-size: 14pt;color: #008080\"><em><strong>y entrambos na talanquera<\/strong><\/em><\/span><\/p>\n<p style=\"text-align: center\"><span style=\"font-size: 14pt;color: #008080\"><em><strong>se poxeron cara a cara.<\/strong><\/em><\/span><\/p>\n<p style=\"text-align: center\"><span style=\"font-size: 14pt;color: #008080\"><em><strong>Est\u00e1bense all\u00ed finsaos<\/strong><\/em><\/span><\/p>\n<p style=\"text-align: center\"><span style=\"font-size: 14pt;color: #008080\"><em><strong>fasta que\u2019l de la palanca<\/strong><\/em><\/span><\/p>\n<p style=\"text-align: center\"><span style=\"font-size: 14pt;color: #008080\"><em><strong>entam\u00f3 a un llau y a utru<\/strong><\/em><\/span><\/p>\n<p style=\"text-align: center\"><span style=\"font-size: 14pt;color: #008080\"><em><strong>sacudilla y solmenalla,<\/strong><\/em><\/span><\/p>\n<p style=\"text-align: center\"><span style=\"font-size: 14pt;color: #008080\"><em><strong>y al propriu tiempu illi solu<\/strong><\/em><\/span><\/p>\n<p style=\"text-align: center\"><span style=\"font-size: 14pt;color: #008080\"><em><strong>a voz en gritu falaba.<\/strong><\/em><\/span><\/p>\n<p style=\"text-align: center\"><span style=\"font-size: 14pt;color: #008080\"><em><strong>Dixo que\u2019l rei y la reina<\/strong><\/em><\/span><\/p>\n<p style=\"text-align: center\"><span style=\"font-size: 14pt;color: #008080\"><em><strong>era xente d\u2019emportanza,<\/strong><\/em><\/span><\/p>\n<p style=\"text-align: center\"><span style=\"font-size: 14pt;color: #008080\"><em><strong>todos dixeron amen<\/strong><\/em><\/span><\/p>\n<p style=\"text-align: center\"><span style=\"font-size: 14pt;color: #008080\"><em><strong>y yo di una carcaxada.<\/strong><\/em><\/span><\/p>\n<p style=\"text-align: center\"><span style=\"font-size: 14pt;color: #008080\"><em><strong>A isti tiempu (esto fal\u00e1u)<\/strong><\/em><\/span><\/p>\n<p style=\"text-align: center\"><span style=\"font-size: 14pt;color: #008080\"><em><strong>tanto ruxir de campanes,<\/strong><\/em><\/span><\/p>\n<p style=\"text-align: center\"><span style=\"font-size: 14pt;color: #008080\"><em><strong>de tiros y d\u2019escopetes<\/strong><\/em><\/span><\/p>\n<p style=\"text-align: center\"><span style=\"font-size: 14pt;color: #008080\"><em><strong>esmara\u00f1\u00f3 pela plaza,<\/strong><\/em><\/span><\/p>\n<p style=\"text-align: center\"><span style=\"font-size: 14pt;color: #008080\"><em><strong>qu\u2019acab\u00e9 de sandecer<\/strong><\/em><\/span><\/p>\n<p style=\"text-align: center\"><span style=\"font-size: 14pt;color: #008080\"><em><strong>sin poder falar palabra.<\/strong><\/em><\/span><\/p>\n<p style=\"text-align: center\"><span style=\"font-size: 14pt;color: #008080\"><em><strong>Apenes s\u2019aposent\u00f3<\/strong><\/em><\/span><\/p>\n<p style=\"text-align: center\"><span style=\"font-size: 14pt;color: #008080\"><em><strong>cuando vieno otra bandada<\/strong><\/em><\/span><\/p>\n<p style=\"text-align: center\"><span style=\"font-size: 14pt;color: #008080\"><em><strong>de se\u00f1ores a caballu<\/strong><\/em><\/span><\/p>\n<p style=\"text-align: center\"><span style=\"font-size: 14pt;color: #008080\"><em><strong>y otra tanta llistonada.<\/strong><\/em><\/span><\/p>\n<p style=\"text-align: center\"><span style=\"font-size: 14pt;color: #008080\"><em><strong>A lo postreru ven\u00eda<\/strong><\/em><\/span><\/p>\n<p style=\"text-align: center\"><span style=\"font-size: 14pt;color: #008080\"><em><strong>\u00fan tan llombr\u00edu de cara,<\/strong><\/em><\/span><\/p>\n<p style=\"text-align: center\"><span style=\"font-size: 14pt;color: #008080\"><em><strong>tan endrom\u00e1ticu y tiesu,<\/strong><\/em><\/span><\/p>\n<p style=\"text-align: center\"><span style=\"font-size: 14pt;color: #008080\"><em><strong>qu\u2019a todos apovaraba.<\/strong><\/em><\/span><\/p>\n<p style=\"text-align: center\"><span style=\"font-size: 14pt;color: #008080\"><em><strong>Tr\u00eda al pie un par de mozacos<\/strong><\/em><\/span><\/p>\n<p style=\"text-align: center\"><span style=\"font-size: 14pt;color: #008080\"><em><strong>con casaca engalionada<\/strong><\/em><\/span><\/p>\n<p style=\"text-align: center\"><span style=\"font-size: 14pt;color: #008080\"><em><strong>y otro rodi\u00e1u de plumes<\/strong><\/em><\/span><\/p>\n<p style=\"text-align: center\"><span style=\"font-size: 14pt;color: #008080\"><em><strong>que corr\u00eda que volaba.<\/strong><\/em><\/span><\/p>\n<p style=\"text-align: center\"><span style=\"font-size: 14pt;color: #008080\"><em><strong>\u00bfSer\u00e1 quiz\u00e1 d\u2019all\u00e1 riba<\/strong><\/em><\/span><\/p>\n<p style=\"text-align: center\"><span style=\"font-size: 14pt;color: #008080\"><em><strong>d\u2019onde se descuelga l\u2019agua<\/strong><\/em><\/span><\/p>\n<p style=\"text-align: center\"><span style=\"font-size: 14pt;color: #008080\"><em><strong>cuando llueve? Embaxador<\/strong><\/em><\/span><\/p>\n<p style=\"text-align: center\"><span style=\"font-size: 14pt;color: #008080\"><em><strong>que vin\u00edes tres la embaxada,<\/strong><\/em><\/span><\/p>\n<p style=\"text-align: center\"><span style=\"font-size: 14pt;color: #008080\"><em><strong>\u00bfde qu\u00e9 pal a\u00f1u que vien<\/strong><\/em><\/span><\/p>\n<p style=\"text-align: center\"><span style=\"font-size: 14pt;color: #008080\"><em><strong>tenremos meyor a\u00f1ada?<\/strong><\/em><\/span><\/p>\n<p style=\"text-align: center\"><span style=\"font-size: 14pt;color: #008080\"><em><strong>\u00a1Malam\u00e1n! \u00d1on ser\u00e1 esto,<\/strong><\/em><\/span><\/p>\n<p style=\"text-align: center\"><span style=\"font-size: 14pt;color: #008080\"><em><strong>sin\u00f3n una patarata.<\/strong><\/em><\/span><\/p>\n<p style=\"text-align: center\"><span style=\"font-size: 14pt;color: #008080\"><em><strong>Pero, sea lo que for,<\/strong><\/em><\/span><\/p>\n<p style=\"text-align: center\"><span style=\"font-size: 14pt;color: #008080\"><em><strong>all\u00e1 \u00e9llos\u2013yos les habia.<\/strong><\/em><\/span><\/p>\n<p style=\"text-align: center\"><span style=\"font-size: 14pt;color: #008080\"><em><strong>Apos\u00f3se del borricu<\/strong><\/em><\/span><\/p>\n<p style=\"text-align: center\"><span style=\"font-size: 14pt;color: #008080\"><em><strong>y a la talanquera entama<\/strong><\/em><\/span><\/p>\n<p style=\"text-align: center\"><span style=\"font-size: 14pt;color: #008080\"><em><strong>y, faciendo l\u2019avenienza,<\/strong><\/em><\/span><\/p>\n<p style=\"text-align: center\"><span style=\"font-size: 14pt;color: #008080\"><em><strong>de la palanqueta agarra.<\/strong><\/em><\/span><\/p>\n<p style=\"text-align: center\"><span style=\"font-size: 14pt;color: #008080\"><em><strong>A mio ver el trapequ\u00edn<\/strong><\/em><\/span><\/p>\n<p style=\"text-align: center\"><span style=\"font-size: 14pt;color: #008080\"><em><strong>foi d\u2019alguna valenciana<\/strong><\/em><\/span><\/p>\n<p style=\"text-align: center\"><span style=\"font-size: 14pt;color: #008080\"><em><strong>del gloriosu San Cerbi\u00e1n,<\/strong><\/em><\/span><\/p>\n<p style=\"text-align: center\"><span style=\"font-size: 14pt;color: #008080\"><em><strong>seg\u00fan se sopelexaba.<\/strong><\/em><\/span><\/p>\n<p style=\"text-align: center\"><span style=\"font-size: 14pt;color: #008080\"><em><strong>Despu\u00e9s d\u2019esti emparamentu<\/strong><\/em><\/span><\/p>\n<p style=\"text-align: center\"><span style=\"font-size: 14pt;color: #008080\"><em><strong>escaparen de la plaza<\/strong><\/em><\/span><\/p>\n<p style=\"text-align: center\"><span style=\"font-size: 14pt;color: #008080\"><em><strong>y tanta xente tras ellos<\/strong><\/em><\/span><\/p>\n<p style=\"text-align: center\"><span style=\"font-size: 14pt;color: #008080\"><em><strong>que qued\u00f3u fartu afloxada.<\/strong><\/em><\/span><\/p>\n<p style=\"text-align: center\"><span style=\"font-size: 14pt;color: #008080\"><em><strong>Yo, que \u00f1on quexi correr,<\/strong><\/em><\/span><\/p>\n<p style=\"text-align: center\"><span style=\"font-size: 14pt;color: #008080\"><em><strong>como aquel que \u00f1on fai nada,<\/strong><\/em><\/span><\/p>\n<p style=\"text-align: center\"><span style=\"font-size: 14pt;color: #008080\"><em><strong>arrim\u00e9me hacia les pipes<\/strong><\/em><\/span><\/p>\n<p style=\"text-align: center\"><span style=\"font-size: 14pt;color: #008080\"><em><strong>per onde\u2019l vinu manaba.<\/strong><\/em><\/span><\/p>\n<p style=\"text-align: center\"><span style=\"font-size: 14pt;color: #008080\"><em><strong>Allen\u00e9 la mio montera y<\/strong><\/em><\/span><\/p>\n<p style=\"text-align: center\"><span style=\"font-size: 14pt;color: #008080\"><em><strong>zamp\u00e9melo ena panza,<\/strong><\/em><\/span><\/p>\n<p style=\"text-align: center\"><span style=\"font-size: 14pt;color: #008080\"><em><strong>mas como yera tan floxu<\/strong><\/em><\/span><\/p>\n<p style=\"text-align: center\"><span style=\"font-size: 14pt;color: #008080\"><em><strong>no m\u2019escalent\u00f3 migaya.<\/strong><\/em><\/span><\/p>\n<p style=\"text-align: center\"><span style=\"font-size: 14pt;color: #008080\"><em><strong>Andaba a un lladu y a otru<\/strong><\/em><\/span><\/p>\n<p style=\"text-align: center\"><span style=\"font-size: 14pt;color: #008080\"><em><strong>La xente empaporetada,<\/strong><\/em><\/span><\/p>\n<p style=\"text-align: center\"><span style=\"font-size: 14pt;color: #008080\"><em><strong>sin que hombre nin muyer<\/strong><\/em><\/span><\/p>\n<p style=\"text-align: center\"><span style=\"font-size: 14pt;color: #008080\"><em><strong>trat\u00e1s de dir para casa.<\/strong><\/em><\/span><\/p>\n<p style=\"text-align: center\"><span style=\"font-size: 14pt;color: #008080\"><em><strong>Da lluego qu\u2019atapeci\u00f3,<\/strong><\/em><\/span><\/p>\n<p style=\"text-align: center\"><span style=\"font-size: 14pt;color: #008080\"><em><strong>tanta de la rellumbranza<\/strong><\/em><\/span><\/p>\n<p style=\"text-align: center\"><span style=\"font-size: 14pt;color: #008080\"><em><strong>por todes partes hab\u00eda,<\/strong><\/em><\/span><\/p>\n<p style=\"text-align: center\"><span style=\"font-size: 14pt;color: #008080\"><em><strong>que parec\u00eda de ma\u00f1ana.<\/strong><\/em><\/span><\/p>\n<p style=\"text-align: center\"><span style=\"font-size: 14pt;color: #008080\"><em><strong>Sin saber lo que fac\u00eda,<\/strong><\/em><\/span><\/p>\n<p style=\"text-align: center\"><span style=\"font-size: 14pt;color: #008080\"><em><strong>fui all\u00e1 cabo una casa<\/strong><\/em><\/span><\/p>\n<p style=\"text-align: center\"><span style=\"font-size: 14pt;color: #008080\"><em><strong>que ten\u00eda tantes coses<\/strong><\/em><\/span><\/p>\n<p style=\"text-align: center\"><span style=\"font-size: 14pt;color: #008080\"><em><strong>por toda la balconada,<\/strong><\/em><\/span><\/p>\n<p style=\"text-align: center\"><span style=\"font-size: 14pt;color: #008080\"><em><strong>qu\u2019a mio ver col xubil\u00e9u<\/strong><\/em><\/span><\/p>\n<p style=\"text-align: center\"><span style=\"font-size: 14pt;color: #008080\"><em><strong>volti\u00f3sele la portada<\/strong><\/em><\/span><\/p>\n<p style=\"text-align: center\"><span style=\"font-size: 14pt;color: #008080\"><em><strong>y col forru para fuera<\/strong><\/em><\/span><\/p>\n<p style=\"text-align: center\"><span style=\"font-size: 14pt;color: #008080\"><em><strong>par\u00f3 toda la xelada.<\/strong><\/em><\/span><\/p>\n<p style=\"text-align: center\"><span style=\"font-size: 14pt;color: #008080\"><em><strong>Hab\u00eda all\u00ed tantes de lletres<\/strong><\/em><\/span><\/p>\n<p style=\"text-align: center\"><span style=\"font-size: 14pt;color: #008080\"><em><strong>escribides como carta,<\/strong><\/em><\/span><\/p>\n<p style=\"text-align: center\"><span style=\"font-size: 14pt;color: #008080\"><em><strong>falando de do\u00f1a Luisa,<\/strong><\/em><\/span><\/p>\n<p style=\"text-align: center\"><span style=\"font-size: 14pt;color: #008080\"><em><strong>de flores y rotilancia<\/strong><\/em><\/span><\/p>\n<p style=\"text-align: center\"><span style=\"font-size: 14pt;color: #008080\"><em><strong>y otres muches engulemes,<\/strong><\/em><\/span><\/p>\n<p style=\"text-align: center\"><span style=\"font-size: 14pt;color: #008080\"><em><strong>que\u2019l diablu que les parllara.<\/strong><\/em><\/span><\/p>\n<p style=\"text-align: center\"><span style=\"font-size: 14pt;color: #008080\"><em><strong>Estaben dos soldadones<\/strong><\/em><\/span><\/p>\n<p style=\"text-align: center\"><span style=\"font-size: 14pt;color: #008080\"><em><strong>fiendo all\u00ed la espantayada,<\/strong><\/em><\/span><\/p>\n<p style=\"text-align: center\"><span style=\"font-size: 14pt;color: #008080\"><em><strong>como si quiciaes el rei<\/strong><\/em><\/span><\/p>\n<p style=\"text-align: center\"><span style=\"font-size: 14pt;color: #008080\"><em><strong>tuviera all\u00ed la morada.<\/strong><\/em><\/span><\/p>\n<p style=\"text-align: center\"><span style=\"font-size: 14pt;color: #008080\"><em><strong>Adientro, nun portal\u00f3n,<\/strong><\/em><\/span><\/p>\n<p style=\"text-align: center\"><span style=\"font-size: 14pt;color: #008080\"><em><strong>hab\u00eda un fatu de canaya<\/strong><\/em><\/span><\/p>\n<p style=\"text-align: center\"><span style=\"font-size: 14pt;color: #008080\"><em><strong>d\u2019hombrucos y de muyeres<\/strong><\/em><\/span><\/p>\n<p style=\"text-align: center\"><span style=\"font-size: 14pt;color: #008080\"><em><strong>que parec\u00edn de cuayada.<\/strong><\/em><\/span><\/p>\n<p style=\"text-align: center\"><span style=\"font-size: 14pt;color: #008080\"><em><strong>Estaben tan mal vestios<\/strong><\/em><\/span><\/p>\n<p style=\"text-align: center\"><span style=\"font-size: 14pt;color: #008080\"><em><strong>qu\u2019ense\u00f1aben una \u00f1alga,<\/strong><\/em><\/span><\/p>\n<p style=\"text-align: center\"><span style=\"font-size: 14pt;color: #008080\"><em><strong>los codos y los cadriles.<\/strong><\/em><\/span><\/p>\n<p style=\"text-align: center\"><span style=\"font-size: 14pt;color: #008080\"><em><strong>Sin falar una palabra,<\/strong><\/em><\/span><\/p>\n<p style=\"text-align: center\"><span style=\"font-size: 14pt;color: #008080\"><em><strong>\u00f1in travesaben buc\u00e1u<\/strong><\/em><\/span><\/p>\n<p style=\"text-align: center\"><span style=\"font-size: 14pt;color: #008080\"><em><strong>\u00f1in beb\u00edn gotera d\u2019agua.<\/strong><\/em><\/span><\/p>\n<p style=\"text-align: center\"><span style=\"font-size: 14pt;color: #008080\"><em><strong>Si quiciabes te\u00f1\u00edn vida,<\/strong><\/em><\/span><\/p>\n<p style=\"text-align: center\"><span style=\"font-size: 14pt;color: #008080\"><em><strong>comi\u00f3\u2013yosla la xelada.<\/strong><\/em><\/span><\/p>\n<p style=\"text-align: center\"><span style=\"font-size: 14pt;color: #008080\"><em><strong>Fart\u00e9me d\u2019estar mirando<\/strong><\/em><\/span><\/p>\n<p style=\"text-align: center\"><span style=\"font-size: 14pt;color: #008080\"><em><strong>esta xente esblanqui\u00f1ada<\/strong><\/em><\/span><\/p>\n<p style=\"text-align: center\"><span style=\"font-size: 14pt;color: #008080\"><em><strong>y volv\u00ed\u2013yos la trasera<\/strong><\/em><\/span><\/p>\n<p style=\"text-align: center\"><span style=\"font-size: 14pt;color: #008080\"><em><strong>d\u00e1ndo\u2013yos una risada.<\/strong><\/em><\/span><\/p>\n<p style=\"text-align: center\"><span style=\"font-size: 14pt;color: #008080\"><em><strong>Ech\u00e9 andar per ende alante,<\/strong><\/em><\/span><\/p>\n<p style=\"text-align: center\"><span style=\"font-size: 14pt;color: #008080\"><em><strong>di comigo n\u2019otra casa<\/strong><\/em><\/span><\/p>\n<p style=\"text-align: center\"><span style=\"font-size: 14pt;color: #008080\"><em><strong>onde fac\u00eden tantu ruidu<\/strong><\/em><\/span><\/p>\n<p style=\"text-align: center\"><span style=\"font-size: 14pt;color: #008080\"><em><strong>como hai nuna esfoyaza.<\/strong><\/em><\/span><\/p>\n<p style=\"text-align: center\"><span style=\"font-size: 14pt;color: #008080\"><em><strong>Met\u00edme nun rincon\u00edn<\/strong><\/em><\/span><\/p>\n<p style=\"text-align: center\"><span style=\"font-size: 14pt;color: #008080\"><em><strong>amirar lo que pasaba.<\/strong><\/em><\/span><\/p>\n<p style=\"text-align: center\"><span style=\"font-size: 14pt;color: #008080\"><em><strong>Vi tantes de se\u00f1oretes<\/strong><\/em><\/span><\/p>\n<p style=\"text-align: center\"><span style=\"font-size: 14pt;color: #008080\"><em><strong>con tanta emburuyetada<\/strong><\/em><\/span><\/p>\n<p style=\"text-align: center\"><span style=\"font-size: 14pt;color: #008080\"><em><strong>enriba de la cabeza,<\/strong><\/em><\/span><\/p>\n<p style=\"text-align: center\"><span style=\"font-size: 14pt;color: #008080\"><em><strong>que parec\u00eda una altabaca<\/strong><\/em><\/span><\/p>\n<p style=\"text-align: center\"><span style=\"font-size: 14pt;color: #008080\"><em><strong>cuando les lleven a unfrir,<\/strong><\/em><\/span><\/p>\n<p style=\"text-align: center\"><span style=\"font-size: 14pt;color: #008080\"><em><strong>y per detr\u00e1s\u2013yos colgaba<\/strong><\/em><\/span><\/p>\n<p style=\"text-align: center\"><span style=\"font-size: 14pt;color: #008080\"><em><strong>tantos de los farrapiezos,<\/strong><\/em><\/span><\/p>\n<p style=\"text-align: center\"><span style=\"font-size: 14pt;color: #008080\"><em><strong>que fasta el culo llegaba.<\/strong><\/em><\/span><\/p>\n<p style=\"text-align: center\"><span style=\"font-size: 14pt;color: #008080\"><em><strong>Estaben elles argutes<\/strong><\/em><\/span><\/p>\n<p style=\"text-align: center\"><span style=\"font-size: 14pt;color: #008080\"><em><strong>y bien bebides, en mi alma,<\/strong><\/em><\/span><\/p>\n<p style=\"text-align: center\"><span style=\"font-size: 14pt;color: #008080\"><em><strong>collorades y parlleres y,<\/strong><\/em><\/span><\/p>\n<p style=\"text-align: center\"><span style=\"font-size: 14pt;color: #008080\"><em><strong>cuando alg\u00fan les miraba,<\/strong><\/em><\/span><\/p>\n<p style=\"text-align: center\"><span style=\"font-size: 14pt;color: #008080\"><em><strong>rellamb\u00ednse los dedicos<\/strong><\/em><\/span><\/p>\n<p style=\"text-align: center\"><span style=\"font-size: 14pt;color: #008080\"><em><strong>y fac\u00ednse la gui\u00f1ada<\/strong><\/em><\/span><\/p>\n<p style=\"text-align: center\"><span style=\"font-size: 14pt;color: #008080\"><em><strong>agarraes de les manes<\/strong><\/em><\/span><\/p>\n<p style=\"text-align: center\"><span style=\"font-size: 14pt;color: #008080\"><em><strong>como xente rellocada.<\/strong><\/em><\/span><\/p>\n<p style=\"text-align: center\"><span style=\"font-size: 14pt;color: #008080\"><em><strong>Tanto saltar y brincar<\/strong><\/em><\/span><\/p>\n<p style=\"text-align: center\"><span style=\"font-size: 14pt;color: #008080\"><em><strong>no e cosa mui acertada.<\/strong><\/em><\/span><\/p>\n<p style=\"text-align: center\"><span style=\"font-size: 14pt;color: #008080\"><em><strong>Dempu\u00e9s que me fartuqu\u00e9<\/strong><\/em><\/span><\/p>\n<p style=\"text-align: center\"><span style=\"font-size: 14pt;color: #008080\"><em><strong>de ver tanta rellumbranza,<\/strong><\/em><\/span><\/p>\n<p style=\"text-align: center\"><span style=\"font-size: 14pt;color: #008080\"><em><strong>entrugu\u00e9 a un curaplay\u00f3n<\/strong><\/em><\/span><\/p>\n<p style=\"text-align: center\"><span style=\"font-size: 14pt;color: #008080\"><em><strong>que cabu min all\u00ed estaba:<\/strong><\/em><\/span><\/p>\n<p style=\"text-align: center\"><span style=\"font-size: 14pt;color: #008080\"><em><strong>\u2014\u00a1Ah, se\u00f1or! Agora diga<\/strong><\/em><\/span><\/p>\n<p style=\"text-align: center\"><span style=\"font-size: 14pt;color: #008080\"><em><strong> si quiciaes la santa casa <\/strong><\/em><\/span><\/p>\n<p style=\"text-align: center\"><span style=\"font-size: 14pt;color: #008080\"><em><strong>se gan\u00f3 de los cristianos, <\/strong><\/em><\/span><\/p>\n<p style=\"text-align: center\"><span style=\"font-size: 14pt;color: #008080\"><em><strong>\u00a0qu\u2019hai aqu\u00ed tanta folgancia.<\/strong><\/em><\/span><\/p>\n<p style=\"text-align: center\"><span style=\"font-size: 14pt;color: #008080\"><em><strong>Respondi\u00f3me: \u2014\u00a1Calla, burru! <\/strong><\/em><\/span><\/p>\n<p style=\"text-align: center\"><span style=\"font-size: 14pt;color: #008080\"><em><strong>\u00a0\u00a0\u00a0\u00a0\u00a0\u00a0\u00a0\u00a0\u00a0\u00a0\u00a0\u00a0 \u00bf\u00d1on ves qu\u2019esta emparayanza <\/strong><\/em><\/span><\/p>\n<p style=\"text-align: center\"><span style=\"font-size: 14pt;color: #008080\"><em><strong> ye porque dixu\u2019l corr\u00e9u <\/strong><\/em><\/span><\/p>\n<p style=\"text-align: center\"><span style=\"font-size: 14pt;color: #008080\"><em><strong>\u00a0\u00a0\u00a0\u00a0\u00a0\u00a0\u00a0\u00a0\u00a0\u00a0\u00a0\u00a0 qu\u2019hoi el rei se coronaba? <\/strong><\/em><\/span><\/p>\n<p style=\"text-align: center\"><span style=\"font-size: 14pt;color: #008080\"><em><strong>\u2014\u00a1Vaya, vaya! dixi yo,<\/strong><\/em><\/span><\/p>\n<p style=\"text-align: center\"><span style=\"font-size: 14pt;color: #008080\"><em><strong>que tan bona va la danza.<\/strong><\/em><\/span><\/p>\n<p style=\"text-align: center\"><span style=\"font-size: 14pt;color: #008080\"><em><strong>Cuando cudi\u00e9 sobre min,<\/strong><\/em><\/span><\/p>\n<p style=\"text-align: center\"><span style=\"font-size: 14pt;color: #008080\"><em><strong>vi que y\u00e1 riscaba l\u2019alba.<\/strong><\/em><\/span><\/p>\n<p style=\"text-align: center\"><span style=\"font-size: 14pt;color: #008080\"><em><strong>Ech\u00e9 a fuxir como un cuhete<\/strong><\/em><\/span><\/p>\n<p style=\"text-align: center\"><span style=\"font-size: 14pt;color: #008080\"><em><strong>y cuando llegu\u00e9 a mio casa<\/strong><\/em><\/span><\/p>\n<p style=\"text-align: center\"><span style=\"font-size: 14pt;color: #008080\"><em><strong>entam\u00f3 la mio Mariana<\/strong><\/em><\/span><\/p>\n<p style=\"text-align: center\"><span style=\"font-size: 14pt;color: #008080\"><em><strong>ro\u00f1ar como una espritada.<\/strong><\/em><\/span><\/p>\n<p style=\"text-align: center\"><span style=\"font-size: 14pt;color: #008080\"><em><strong>Non quixe tornar a Ovi\u00e9u,<\/strong><\/em><\/span><\/p>\n<p style=\"text-align: center\"><span style=\"font-size: 14pt;color: #008080\"><em><strong>aunque toda la semana<\/strong><\/em><\/span><\/p>\n<p style=\"text-align: center\"><span style=\"font-size: 14pt;color: #008080\"><em><strong>los xastres y zapateros<\/strong><\/em><\/span><\/p>\n<p style=\"text-align: center\"><span style=\"font-size: 14pt;color: #008080\"><em><strong>\u00f1on daben una puntada.<\/strong><\/em><\/span><\/p>\n<p style=\"text-align: center\"><span style=\"font-size: 14pt;color: #008080\"><em><strong>Fixeron mil perversures,<\/strong><\/em><\/span><\/p>\n<p style=\"text-align: center\"><span style=\"font-size: 14pt;color: #008080\"><em><strong>mas diz que \u00f1on val\u00edn \u00f1ada,<\/strong><\/em><\/span><\/p>\n<p style=\"text-align: center\"><span style=\"font-size: 14pt;color: #008080\"><em><strong>e yo, como sou sesudu<\/strong><\/em><\/span><\/p>\n<p style=\"text-align: center\"><span style=\"font-size: 14pt;color: #008080\"><em><strong>y hombre ansi de capa parda,<\/strong><\/em><\/span><\/p>\n<p style=\"text-align: center\"><span style=\"font-size: 14pt;color: #008080\"><em><strong>\u00f1on me paro \u00f1a poqueza<\/strong><\/em><\/span><\/p>\n<p style=\"text-align: center\"><span style=\"font-size: 14pt;color: #008080\"><em><strong>qu\u2019a otros munchos amoriaba.<\/strong><\/em><\/span><\/p>\n<p style=\"text-align: center\"><span style=\"font-size: 14pt;color: #008080\"><em><strong>Adi\u00f3s, compadre, que voi<\/strong><\/em><\/span><\/p>\n<p style=\"text-align: center\"><span style=\"font-size: 14pt;color: #008080\"><em><strong>a estar ena mio quintana.<\/strong><\/em><\/span><\/p>\n<p style=\"text-align: center\"><span style=\"font-size: 14pt;color: #008080\"><em><strong>Fasta el martes en La Pola,<\/strong><\/em><\/span><\/p>\n<p style=\"text-align: center\"><span style=\"font-size: 14pt;color: #008080\"><em><strong>que vo a vender una vaca.<\/strong><\/em><\/span><\/p>\n<\/blockquote>\n<\/div>\n<div class=\"et_post_meta_wrapper\" style=\"text-align: center\"><\/div>\n<\/article>\n<\/div>\n<div id=\"sidebar\" style=\"text-align: center\">\n<div id=\"recent-posts-widget-with-thumbnails-3\" class=\"et_pb_widget recent-posts-widget-with-thumbnails\">\n<div id=\"rpwwt-recent-posts-widget-with-thumbnails-3\" class=\"rpwwt-widget\"><\/div>\n<\/div>\n<\/div>\n<p style=\"text-align: center\">\n","protected":false},"excerpt":{"rendered":"<p>Poes\u00eda: Xosefa de Xovellanos (La Esbelta, La argandona) \/ 21 Marzo: D\u00eda Mundial de la Poes\u00eda: UNESCO \/ Melchor Gaspar de Xovellanos: Wiki \/ WIKI n\u00b4asturianu Xosefa de Xovellanos: Wiki \/ Vida \/ Obra \/ Referencias \/ enlaces&#8230; Cr\u00f3nicaGlobal: la hermana BIO Poetisa asturiana, que naci\u00f3 y muri\u00f3 en Gij\u00f3n. Fue hermana de Gaspar Melchor [&hellip;]<\/p>\n","protected":false},"author":117,"featured_media":0,"parent":2527,"menu_order":0,"comment_status":"closed","ping_status":"closed","template":"","meta":{"footnotes":""},"class_list":["post-2783","page","type-page","status-publish","hentry","post-preview"],"_links":{"self":[{"href":"https:\/\/edublog.educastur.es\/corredoria3\/wp-json\/wp\/v2\/pages\/2783","targetHints":{"allow":["GET"]}}],"collection":[{"href":"https:\/\/edublog.educastur.es\/corredoria3\/wp-json\/wp\/v2\/pages"}],"about":[{"href":"https:\/\/edublog.educastur.es\/corredoria3\/wp-json\/wp\/v2\/types\/page"}],"author":[{"embeddable":true,"href":"https:\/\/edublog.educastur.es\/corredoria3\/wp-json\/wp\/v2\/users\/117"}],"replies":[{"embeddable":true,"href":"https:\/\/edublog.educastur.es\/corredoria3\/wp-json\/wp\/v2\/comments?post=2783"}],"version-history":[{"count":3,"href":"https:\/\/edublog.educastur.es\/corredoria3\/wp-json\/wp\/v2\/pages\/2783\/revisions"}],"predecessor-version":[{"id":4763,"href":"https:\/\/edublog.educastur.es\/corredoria3\/wp-json\/wp\/v2\/pages\/2783\/revisions\/4763"}],"up":[{"embeddable":true,"href":"https:\/\/edublog.educastur.es\/corredoria3\/wp-json\/wp\/v2\/pages\/2527"}],"wp:attachment":[{"href":"https:\/\/edublog.educastur.es\/corredoria3\/wp-json\/wp\/v2\/media?parent=2783"}],"curies":[{"name":"wp","href":"https:\/\/api.w.org\/{rel}","templated":true}]}}