{"id":287,"date":"2020-08-20T09:30:53","date_gmt":"2020-08-20T08:30:53","guid":{"rendered":"https:\/\/edublog.educastur.es\/corredoria3\/?page_id=287"},"modified":"2020-08-23T15:29:28","modified_gmt":"2020-08-23T14:29:28","slug":"credenciales","status":"publish","type":"page","link":"https:\/\/edublog.educastur.es\/corredoria3\/educastur\/credenciales\/","title":{"rendered":"Credenciales"},"content":{"rendered":"<p><a href=\"https:\/\/www.educastur.es\/-\/mapa-de-cuentas-de-acceso-a-servicios-educativos\"><img loading=\"lazy\" decoding=\"async\" class=\"alignnone \" src=\"https:\/\/www.educastur.es\/image\/journal\/article?img_id=7434808&amp;t=1596721691617\" width=\"367\" height=\"110\" \/><\/a><\/p>\n<p><span style=\"font-size: 14pt\"><em>Las Credenciales son el<span style=\"color: #008080\"><strong> nombre de usuario y la contrase\u00f1a<\/strong><\/span> para acceder a una sitio web.<\/em><\/span><\/p>\n<ul>\n<li><a href=\"https:\/\/www.educastur.es\/identidad-digital\" target=\"_blank\" rel=\"noopener noreferrer\">INFORMACI\u00d3N: CUENTAS DE ACCESO A SERVICIOS EDUCATIVOS<\/a><\/li>\n<li><a href=\"https:\/\/www.educastur.es\/documents\/10531\/38870\/Identidades+digitales+de+acceso+a+servicios+educativos+%28pdf%29\/d354586c-fb7a-4389-b8c6-1e3fe526d7e0\" target=\"_blank\" rel=\"noopener noreferrer\">Mapa de cuentas de acceso a servicios educativos en l\u00ednea<\/a> (pdf)<\/li>\n<li>El alumnado y profesorado disponemos de unas credenciales de Educastur<br \/>\ny tambi\u00e9n de unas credenciales de Microsoft Office 365 para acceder al correo y a\u00a0 las aplicaciones.<\/li>\n<\/ul>\n<p><a href=\"https:\/\/tictelgrup.com\/wp-content\/uploads\/2019\/05\/Captura-de-pantalla-2019-05-02-a-las-10.02.20.png\"><img loading=\"lazy\" decoding=\"async\" class=\"alignnone \" src=\"https:\/\/tictelgrup.com\/wp-content\/uploads\/2019\/05\/Captura-de-pantalla-2019-05-02-a-las-10.02.20.png\" width=\"386\" height=\"158\" \/><\/a><\/p>\n<hr \/>\n<p><a href=\"https:\/\/www.educastur.es\/identidad-digital\"><img loading=\"lazy\" decoding=\"async\" class=\"alignnone \" src=\"https:\/\/www.educastur.es\/image\/layout_icon?img_id=7434996\" width=\"240\" height=\"78\" \/>\u00a0<\/a><\/p>\n<div class=\"wrapper section-inner group\">\n<div class=\"content left\">\n<div class=\"posts\">\n<article id=\"post-43\" class=\"post-43 page type-page status-publish hentry\">\n<div class=\"post-content entry-content\">\n<p><img loading=\"lazy\" decoding=\"async\" class=\"alignnone \" src=\"https:\/\/upload.wikimedia.org\/wikipedia\/commons\/thumb\/d\/df\/Logo_Microsoft_Office_365.svg\/1024px-Logo_Microsoft_Office_365.svg.png\" width=\"264\" height=\"58\" \/><\/p>\n<ul>\n<li><span style=\"font-size: 14pt\"><em><strong>La CUENTA 365 <\/strong>que da acceso al portal Office 365 en el que se encuenta el correo oficial y a las aplicaciones educativas alojadas en la nube.<\/em><\/span><\/li>\n<li><span style=\"font-size: 14pt\"><em><strong>Esta cuenta da acceso a los servicios agrupados en Office 365.<\/strong><\/em><\/span><\/li>\n<li><span style=\"font-size: 14pt\"><em><strong>Da acceso a:\u00a0<\/strong>Correo electr\u00f3nico, Teams, OneNote, OneDrive, Forms, Sway, Stream\u2026<\/em><\/span><\/li>\n<li><span style=\"font-size: 14pt\"><del><em><strong>No da acceso a:\u00a0<\/strong>Intranet, Campus Aulas virtuales, Campus FP.<\/em><\/del><\/span><\/li>\n<li><em><a href=\"https:\/\/www.educastur.es\/web\/abierto24x7\/cuentas\/365\" target=\"_blank\" rel=\"noopener noreferrer\"><span style=\"font-size: 14pt\">Cuenta Office365. Preguntas frecuentes<\/span><\/a><\/em><\/li>\n<\/ul>\n<p><a href=\"https:\/\/tictelgrup.com\/wp-content\/uploads\/2019\/05\/Captura-de-pantalla-2019-05-02-a-las-10.02.20.png\"><img loading=\"lazy\" decoding=\"async\" class=\"alignnone \" src=\"https:\/\/tictelgrup.com\/wp-content\/uploads\/2019\/05\/Captura-de-pantalla-2019-05-02-a-las-10.02.20.png\" width=\"330\" height=\"135\" \/><\/a><\/p>\n<p><a href=\"https:\/\/www.educastur.es\/image\/journal\/article?img_id=7434652&amp;t=1596717159648\"><img loading=\"lazy\" decoding=\"async\" class=\"alignnone \" src=\"https:\/\/www.educastur.es\/image\/journal\/article?img_id=7434652&amp;t=1596717159648\" width=\"260\" height=\"78\" \/><\/a><\/p>\n<ul>\n<li><span style=\"font-size: 14pt\"><em><a href=\"https:\/\/www.educastur.es\/-\/cuenta-365-todos-los-perfiles-generar-cambiar-la-contrasena\" target=\"_blank\" rel=\"noopener noreferrer\"><b>TUTORIAL.\u00a0<\/b>Cambio o creaci\u00f3n de nueva contrase\u00f1a <strong>CORREO 365<\/strong><\/a> (intranet)<a href=\"https:\/\/login.microsoftonline.com\/\"><img loading=\"lazy\" decoding=\"async\" class=\"alignnone \" src=\"https:\/\/www.educastur.es\/image\/layout_icon?img_id=1014396\" width=\"58\" height=\"58\" \/><\/a><\/em><\/span><\/li>\n<li><span style=\"font-size: 14pt\"><em>El alumno o la alumna puede activar o recuperar la contrase\u00f1a de esta cuenta en la <a href=\"https:\/\/intranet.educastur.es\">Intranet de Educastur<\/a>\u00a0en cualquier momento.\u00a0El acceso a la Intranet debe hacerse <strong>con la CUENTA EDUCASTUR ACTIVA.<\/strong> <\/em><em>Una vez dentro de la intranet el cambio de clave se realiza en la secci\u00f3n <strong>Clave 365:<\/strong><\/em><\/span><\/li>\n<\/ul>\n<p><em><a href=\"http:\/\/intranet.educastur.es\" target=\"_blank\" rel=\"noopener noreferrer\"><span style=\"font-size: 14pt\"><img loading=\"lazy\" decoding=\"async\" class=\"\" title=\"Educastur. intranet Acceso a gesti\u00f3n de cuentas\" src=\"https:\/\/www.educastur.es\/documents\/10531\/5364419\/claves-intranet-365.png\/c01e8019-fdf1-4925-83e4-8addbe918a05?t=1584957466178\" alt=\"Educastur. intranet Acceso a gesti\u00f3n de cuentas\" width=\"402\" height=\"172\" \/>\u00a0<\/span><\/a><\/em><span style=\"font-size: 14pt\"><em><a href=\"http:\/\/intranet.educastur.es\" target=\"_blank\" rel=\"noopener noreferrer\">Educastur intranet. Acceso a la gesti\u00f3n de cuentas<\/a><\/em><\/span><\/p>\n<ul>\n<li><span style=\"font-size: 14pt\"><em><a href=\"https:\/\/www.educastur.es\/web\/abierto24x7\/cuentas\/365\" target=\"_blank\" rel=\"noopener noreferrer\">Cuenta Office365. Preguntas frecuentes<\/a><\/em><\/span><\/li>\n<\/ul>\n<hr \/>\n<p><span style=\"font-size: 14pt\"><strong>CONTRASE\u00d1A CUENTA EDUCASTUR\u00a0 ALUMNADO<\/strong><\/span><\/p>\n<p><span style=\"font-size: 14pt\"><a href=\"https:\/\/www.educastur.es\/-\/cuenta-educastur-alumnado-solicitud-de-nueva-contrasena\" target=\"_blank\" rel=\"noopener noreferrer\">Solicitud de nueva contrase\u00f1a educastur<\/a>\u00a0(al centro educativo)<\/span><br \/>\n<span style=\"font-size: 14pt\"><a href=\"https:\/\/www.educastur.es\/-\/cuenta-educastur-alumnado-cambio-de-contrasena\" target=\"_blank\" rel=\"noopener noreferrer\"><strong>TUTORIAL.<\/strong> Cambio de contrase\u00f1a educastur<\/a><\/span><\/p>\n<p><span style=\"font-size: 14pt\"><strong>CONTRASE\u00d1A CUENTA 365 \u2013 <\/strong><strong>TODOS LOS PERFILES<\/strong><\/span><\/p>\n<p><span style=\"font-size: 14pt\"><a href=\"https:\/\/www.educastur.es\/-\/cuenta-365-todos-los-perfiles-generar-cambiar-la-contrasena\" target=\"_blank\" rel=\"noopener noreferrer\"><b>TUTORIAL.\u00a0<\/b>Cambio o creaci\u00f3n de nueva contrase\u00f1a 365<\/a> (intranet)<\/span><\/p>\n<hr \/>\n<p><span style=\"font-size: 14pt\"><strong>GU\u00cdA CUENTAS ALUMNADO<\/strong><\/span><\/p>\n<p><span style=\"font-size: 14pt\"><a href=\"https:\/\/www.genial.ly\/View\/Index\/58ed100f8b5bd15f98822368\" target=\"_blank\" rel=\"noopener noreferrer\">Gu\u00eda cuentas alumnado<\/a>\u00a0(Genially)<\/span><br \/>\n<span style=\"font-size: 14pt\"><a href=\"https:\/\/www.educastur.es\/documents\/10531\/38870\/guia-credenciales-ESTUDIANTES_14-11-2017.pdf\/fe4f6fcf-c43f-4046-87df-11a9b411c510\">Gu\u00eda cuentas alumnado<\/a>\u00a0(pdf, 1,3 MB)<\/span><\/p>\n<h2 class=\"page-title\"><span style=\"font-size: 14pt\">CUENTA 365. Descripci\u00f3n general <\/span><span style=\"font-size: 14pt\"><a href=\"https:\/\/sway.office.com\/I6Jf21iU44qw2BgQ?ref=Link\" target=\"_blank\" rel=\"noopener noreferrer\">Cuenta 365. Descripci\u00f3n general<\/a>\u00a0(ver en Sway)<\/span><\/h2>\n<div class=\"articulo-block-content\">\n<ul>\n<li><span style=\"font-size: 14pt\"><a href=\"https:\/\/sway.office.com\/I6Jf21iU44qw2BgQ\">Ver Sway<\/a><\/span><\/li>\n<li><span style=\"font-size: 14pt\"><a href=\"https:\/\/www.educastur.es\/documents\/10531\/38870\/NUEVO-07-2020-cuenta-365-descripcion.pdf\/1d7ae245-be1a-4e2a-9bd7-7f0539c3d1a3\" target=\"_blank\" rel=\"noopener noreferrer\">Cuenta 365. Descripci\u00f3n general<\/a>\u00a0(pdf)<\/span><\/li>\n<\/ul>\n<ul>\n<li class=\"mapa-web-item-nivel1\"><em><span style=\"font-size: 14pt\"><a href=\"https:\/\/www.educastur.es\/cuentas-365\"> CUENTA 365. Descripci\u00f3n general<\/a><\/span><\/em><\/li>\n<li class=\"mapa-web-item-nivel1\"><em><span style=\"font-size: 14pt\"><a href=\"https:\/\/www.educastur.es\/cuentas-profesorado\"> CUENTAS. Profesorado<\/a><\/span><\/em><\/li>\n<li class=\"mapa-web-item-nivel1\"><em><span style=\"font-size: 14pt\"><a href=\"https:\/\/www.educastur.es\/cuentas-alumnado\"> CUENTAS. Alumnado<\/a><\/span><\/em><\/li>\n<\/ul>\n<div class=\"articulo-block-title\">\n<h2 class=\"page-title\"><em><span style=\"font-size: 14pt\">MAPA DE CUENTAS de acceso a servicios educativos<\/span><\/em><\/h2>\n<\/div>\n<div class=\"articulo-block-content\">\n<p><em><span style=\"font-size: 14pt\"><a href=\"https:\/\/www.educastur.es\/identidad-digital\" target=\"_blank\" rel=\"noopener noreferrer\">INFORMACI\u00d3N: CUENTAS DE ACCESO A SERVICIOS EDUCATIVOS<\/a><\/span><\/em><\/p>\n<p><em><span style=\"font-size: 14pt\"><a href=\"https:\/\/www.educastur.es\/documents\/10531\/38870\/Identidades+digitales+de+acceso+a+servicios+educativos+%28pdf%29\/d354586c-fb7a-4389-b8c6-1e3fe526d7e0\" target=\"_blank\" rel=\"noopener noreferrer\">Mapa de cuentas de acceso a servicios educativos en l\u00ednea<\/a> (pdf)<\/span><\/em><\/p>\n<\/div>\n<\/div>\n<p>&nbsp;<\/p>\n<\/div>\n<\/article>\n<\/div>\n<\/div>\n<div class=\"sidebar right\" role=\"complementary\">\n<div id=\"media_image-10\" class=\"widget widget_media_image\"><\/div>\n<\/div>\n<\/div>\n<div class=\"footer section large-padding bg-dark\"><\/div>\n","protected":false},"excerpt":{"rendered":"<p>Las Credenciales son el nombre de usuario y la contrase\u00f1a para acceder a una sitio web. INFORMACI\u00d3N: CUENTAS DE ACCESO A SERVICIOS EDUCATIVOS Mapa de cuentas de acceso a servicios educativos en l\u00ednea (pdf) El alumnado y profesorado disponemos de unas credenciales de Educastur y tambi\u00e9n de unas credenciales de Microsoft Office 365 para acceder [&hellip;]<\/p>\n","protected":false},"author":117,"featured_media":0,"parent":352,"menu_order":0,"comment_status":"closed","ping_status":"closed","template":"","meta":{"footnotes":""},"class_list":["post-287","page","type-page","status-publish","hentry","post-preview"],"_links":{"self":[{"href":"https:\/\/edublog.educastur.es\/corredoria3\/wp-json\/wp\/v2\/pages\/287","targetHints":{"allow":["GET"]}}],"collection":[{"href":"https:\/\/edublog.educastur.es\/corredoria3\/wp-json\/wp\/v2\/pages"}],"about":[{"href":"https:\/\/edublog.educastur.es\/corredoria3\/wp-json\/wp\/v2\/types\/page"}],"author":[{"embeddable":true,"href":"https:\/\/edublog.educastur.es\/corredoria3\/wp-json\/wp\/v2\/users\/117"}],"replies":[{"embeddable":true,"href":"https:\/\/edublog.educastur.es\/corredoria3\/wp-json\/wp\/v2\/comments?post=287"}],"version-history":[{"count":6,"href":"https:\/\/edublog.educastur.es\/corredoria3\/wp-json\/wp\/v2\/pages\/287\/revisions"}],"predecessor-version":[{"id":787,"href":"https:\/\/edublog.educastur.es\/corredoria3\/wp-json\/wp\/v2\/pages\/287\/revisions\/787"}],"up":[{"embeddable":true,"href":"https:\/\/edublog.educastur.es\/corredoria3\/wp-json\/wp\/v2\/pages\/352"}],"wp:attachment":[{"href":"https:\/\/edublog.educastur.es\/corredoria3\/wp-json\/wp\/v2\/media?parent=287"}],"curies":[{"name":"wp","href":"https:\/\/api.w.org\/{rel}","templated":true}]}}