{"id":3536,"date":"2021-03-03T18:11:44","date_gmt":"2021-03-03T16:11:44","guid":{"rendered":"https:\/\/edublog.educastur.es\/corredoria3\/?page_id=3536"},"modified":"2021-09-12T14:37:51","modified_gmt":"2021-09-12T12:37:51","slug":"sesion-05b-2","status":"publish","type":"page","link":"https:\/\/edublog.educastur.es\/corredoria3\/5o-pri\/cultura-asturiana\/segundo-trimestre\/sesion-05b-2\/","title":{"rendered":"Sesi\u00f3n 05b"},"content":{"rendered":"<p style=\"text-align: center\"><span style=\"text-decoration: underline\"><em><span style=\"font-size: 18pt\">Llectura n\u00b4asturianu pa toos: <span style=\"color: #008080;text-decoration: underline\"><strong>CASTROS<\/strong><\/span><br \/>\n<\/span><\/em><\/span><\/p>\n<ul>\n<li><a href=\"https:\/\/viajar.elperiodico.com\/planes\/huellas-celtas-ruta-castros-asturias\"><em><span style=\"font-size: 18pt\">ANEXU: <strong>Ruta de los castros d\u00b4Asturies<\/strong><\/span><\/em><\/a><\/li>\n<li><a href=\"https:\/\/edublog.educastur.es\/corredoria3\/5o-pri\/cultura-asturiana\/segundo-trimestre\/sesion-05c\/\"><em><span style=\"font-size: 18pt\">\u00a0<span style=\"color: #008080\"><strong>CULTURA CASTRE\u00d1A <\/strong><span style=\"font-size: 14pt\">VER P\u00e1xina con <strong>Castros d\u00b4Asturies<\/strong><\/span><\/span><\/span><\/em><\/a><\/li>\n<\/ul>\n<hr \/>\n<p>&nbsp;<\/p>\n<hr \/>\n<p style=\"text-align: center\"><span style=\"color: #008080\"><strong><em><span style=\"font-size: 24pt\">Y nestes&#8230; llegaron los romanos<\/span><\/em><\/strong><\/span><\/p>\n<ul>\n<li><a href=\"https:\/\/drive.google.com\/file\/d\/1OlHC1-BIrNGg-P5Hu5DVKKVBGCCd-Nkg\/view?usp=sharing\"><span style=\"font-size: 18pt;color: #800080\"><strong><em>Audio de Llectura<\/em><\/strong><\/span><\/a><\/li>\n<\/ul>\n<p>&nbsp;<\/p>\n<p>&nbsp;<\/p>\n<hr \/>\n<p style=\"text-align: center\"><span style=\"color: #008080;font-size: 18pt\"><strong>\u00a0\u00a0\u00a0\u00a0\u00a0 <\/strong>Entrugues:<strong> \u201cY, nestes, llegaron los romanos\u201d<\/strong><\/span><\/p>\n<ul>\n<li><strong><span style=\"font-size: 14pt\"><span style=\"text-decoration: underline;color: #008080\">Signific\u00e1u de les pallabres: <\/span><br \/>\n\u2217 sobriu: <span style=\"color: #808080\">sencillo, sin adornos excesivos<\/span><br \/>\n\u2217 de xemes en cuando: <span style=\"color: #808080\">de vez en cuando<\/span><br \/>\n\u2217 zusme: <span style=\"color: #808080\">zumo<\/span><br \/>\n\u2217 formentar: <span style=\"color: #808080\">fermentar, producir en una sustancia un cambio qu\u00edmico<\/span><br \/>\n\u2217 <\/span><\/strong><strong><span style=\"font-size: 14pt\">escudielles: <span style=\"color: #808080\">cac\u00edu \/ cuenco hondo y semiesf\u00e9rico para echar en \u00e9l la comida<\/span><br \/>\n\u2217 sentadorios: <span style=\"color: #808080\">asiento, que se emplea para sentarse<\/span><br \/>\n\u2217 vezu:<span style=\"color: #808080\"> costumbre<\/span><br \/>\n\u2217 andariego: <span style=\"color: #808080\">que anda, que viaja mucho<\/span>, <span style=\"color: #808080\">peregrino, caminante<\/span><br \/>\n\u2217 malura: <span style=\"color: #808080\">enfermedad, mal<\/span><\/span><\/strong><\/li>\n<li><span style=\"color: #008080\"><strong><span style=\"font-size: 14pt\">\u00bfDe qu\u00e9 fala\u00b4l testu?<\/span><\/strong><\/span><\/li>\n<li><span style=\"color: #008080\"><strong><span style=\"font-size: 14pt\">\u00bf\u00d3nde llegaron los romanos? \u00bfA qu\u00e9 llugar monta\u00f1osu?<\/span><\/strong><\/span><\/li>\n<li><span style=\"color: #008080\"><strong><span style=\"font-size: 14pt\">\u00bfC\u00f3mo yera la xente que viv\u00eda no que angua\u00f1o ye Asturies?<\/span><\/strong><\/span><\/li>\n<li><span style=\"color: #008080\"><strong><span style=\"font-size: 14pt\">\u00bfQu\u00e9 beb\u00eden pa festexar nes fiestes colectives?<\/span><\/strong><\/span><\/li>\n<li><span style=\"color: #008080\"><strong><span style=\"font-size: 14pt\">\u00bfPa qu\u00e9 utilizaben les abeyotes y les casta\u00f1es?<\/span><\/strong><\/span><\/li>\n<li><span style=\"color: #008080\"><strong><span style=\"font-size: 14pt\">\u00bfCon qu\u00e9 cocinaben?<\/span><\/strong><\/span><\/li>\n<li><span style=\"color: #008080\"><strong><span style=\"font-size: 14pt\">\u00bfC\u00f3mo baillaben?<\/span><\/strong><\/span><\/li>\n<li><span style=\"color: #008080\"><strong><span style=\"font-size: 14pt\">\u00bfUsaben instrumentos pa los sos bailes? \u00bfCu\u00e1los?<\/span><\/strong><\/span><\/li>\n<li><span style=\"color: #008080\"><strong><span style=\"font-size: 14pt\">\u00bfQu\u00e9 ropa usaben? Los vist\u00edos d\u00b4homes y muyeres \u00bfYeren estremaos?<\/span><\/strong><\/span><\/li>\n<li><span style=\"color: #008080\"><strong><span style=\"font-size: 14pt\">\u00bfQu\u00e9 fac\u00eden pa cola xente enfermo? Angua\u00f1o\u2026 \u00bfqu\u00e9 faldr\u00edes vos?<\/span><\/strong><\/span><\/li>\n<\/ul>\n<p>&nbsp;<\/p>\n","protected":false},"excerpt":{"rendered":"<p>Llectura n\u00b4asturianu pa toos: CASTROS ANEXU: Ruta de los castros d\u00b4Asturies \u00a0CULTURA CASTRE\u00d1A VER P\u00e1xina con Castros d\u00b4Asturies &nbsp; Y nestes&#8230; llegaron los romanos Audio de Llectura &nbsp; &nbsp; \u00a0\u00a0\u00a0\u00a0\u00a0 Entrugues: \u201cY, nestes, llegaron los romanos\u201d Signific\u00e1u de les pallabres: \u2217 sobriu: sencillo, sin adornos excesivos \u2217 de xemes en cuando: de vez en cuando [&hellip;]<\/p>\n","protected":false},"author":117,"featured_media":0,"parent":2527,"menu_order":0,"comment_status":"closed","ping_status":"closed","template":"","meta":{"footnotes":""},"class_list":["post-3536","page","type-page","status-publish","hentry","post-preview"],"_links":{"self":[{"href":"https:\/\/edublog.educastur.es\/corredoria3\/wp-json\/wp\/v2\/pages\/3536","targetHints":{"allow":["GET"]}}],"collection":[{"href":"https:\/\/edublog.educastur.es\/corredoria3\/wp-json\/wp\/v2\/pages"}],"about":[{"href":"https:\/\/edublog.educastur.es\/corredoria3\/wp-json\/wp\/v2\/types\/page"}],"author":[{"embeddable":true,"href":"https:\/\/edublog.educastur.es\/corredoria3\/wp-json\/wp\/v2\/users\/117"}],"replies":[{"embeddable":true,"href":"https:\/\/edublog.educastur.es\/corredoria3\/wp-json\/wp\/v2\/comments?post=3536"}],"version-history":[{"count":10,"href":"https:\/\/edublog.educastur.es\/corredoria3\/wp-json\/wp\/v2\/pages\/3536\/revisions"}],"predecessor-version":[{"id":4743,"href":"https:\/\/edublog.educastur.es\/corredoria3\/wp-json\/wp\/v2\/pages\/3536\/revisions\/4743"}],"up":[{"embeddable":true,"href":"https:\/\/edublog.educastur.es\/corredoria3\/wp-json\/wp\/v2\/pages\/2527"}],"wp:attachment":[{"href":"https:\/\/edublog.educastur.es\/corredoria3\/wp-json\/wp\/v2\/media?parent=3536"}],"curies":[{"name":"wp","href":"https:\/\/api.w.org\/{rel}","templated":true}]}}