{"id":3544,"date":"2021-03-03T18:31:58","date_gmt":"2021-03-03T16:31:58","guid":{"rendered":"https:\/\/edublog.educastur.es\/corredoria3\/?page_id=3544"},"modified":"2021-03-03T19:42:31","modified_gmt":"2021-03-03T17:42:31","slug":"sesion-05c","status":"publish","type":"page","link":"https:\/\/edublog.educastur.es\/corredoria3\/5o-pri\/cultura-asturiana\/segundo-trimestre\/sesion-05c\/","title":{"rendered":"Sesi\u00f3n 05c"},"content":{"rendered":"<p style=\"text-align: center\"><span style=\"color: #008080;font-size: 36pt\"><strong><em>Cultura\u00a0 castre\u00f1a<\/em><\/strong><\/span><\/p>\n<p><a href=\"https:\/\/img1.viajar.elperiodico.com\/e4\/37\/cf\/castro-asturiaas-1424x701.jpg\"><img loading=\"lazy\" decoding=\"async\" class=\"alignnone\" src=\"https:\/\/img1.viajar.elperiodico.com\/e4\/37\/cf\/castro-asturiaas-1424x701.jpg\" alt=\"\" width=\"1424\" height=\"701\" \/><\/a><\/p>\n<ul>\n<li><a href=\"https:\/\/viajar.elperiodico.com\/planes\/huellas-celtas-ruta-castros-asturias\"><span style=\"font-size: 14pt\">Tras las huellas celtas: ruta de los castros de Asturias<\/span><\/a><br \/>\nFuente: <strong>Viajar.com<\/strong>\u00a0 \/ Autora: <strong>Irene Gonz\u00e1lez<\/strong> \/ Foto: Turismo de Asturias \/ 22 de enero de 2018<\/li>\n<\/ul>\n<p><span style=\"font-size: 14pt\">En el occidente de Asturias, la comarca del r\u00edo Navia y su costa conservan <span style=\"color: #008080\">numerosos restos de antiguos poblados celtas.<\/span> <span style=\"color: #008080\">Son los <strong>enigm\u00e1ticos castros<\/strong>, un tipo peculiar de pueblos que se alzaban en <\/span><strong><span style=\"color: #008080\">tierras asturianas<\/span>, pero tambi\u00e9n en las leonesas, zamoranas y gallegas<\/strong>. En Asturias, estos misteriosos emplazamientos de nuestros antepasados se alzaban en los lugares m\u00e1s bellos, en <strong>\u00e1reas cuajadas de recursos naturales<\/strong>. <\/span><\/p>\n<p><span style=\"font-size: 14pt\">Estaban <strong>localizados tanto en franjas costeras como de interior<\/strong>, y casi siempre en zonas llanas sobre peque\u00f1os promontorios o en zonas de monta\u00f1a, donde ocupaban la parte alta de alguna pe\u00f1a y as\u00ed aprovechaban la orograf\u00eda natural para una mejor defensa. <span style=\"color: #008080\">Estos asentamientos, que <strong>empezaron a excavarse a finales del XVIII<\/strong>, ocuparon estas tierras durante la transici\u00f3n del final de la Edad Bronce a la primera Edad del Hierro<\/span>, durante el primer milenio antes de Cristo. Incluso, en algunos casos, los asentamiento llegaron hasta los primeros siglos de la ocupaci\u00f3n romana de la actual Asturias.<\/span><\/p>\n<p style=\"text-align: center\"><a href=\"https:\/\/imgbox.es\/images\/2021\/02\/21\/Coanaf80e55f3fff7fa62.jpg\"><img loading=\"lazy\" decoding=\"async\" class=\"alignnone\" src=\"https:\/\/imgbox.es\/images\/2021\/02\/21\/Coanaf80e55f3fff7fa62.jpg\" alt=\"\" width=\"2048\" height=\"1152\" \/><\/a><\/p>\n<p><span style=\"font-size: 14pt\">En el Principado no hab\u00eda otro asentamiento m\u00e1s que el fortificado, por lo que <span style=\"color: #008080\">los historiadores lo han llamado <strong>cultura Castre\u00f1a<\/strong>, un h\u00e1bitat fortificado, poderoso y reconocible de los pueblos asentados.<\/span> <span style=\"color: #008080\">El <strong>castro<\/strong> era, en esencia, un <strong>poblado instalado en una posici\u00f3n geogr\u00e1fica dominante <\/strong>al que sus habitantes dotaron, adem\u00e1s, con defensas casi siempre monumentales.<\/span> Los <strong>fosos y murallas<\/strong> que proteg\u00edan el caser\u00edo son la mejor expresi\u00f3n del tipo de sociedad que las concibi\u00f3. Durante los siglos previos a la conquista romana, los habitantes de la regi\u00f3n <strong>se organizan en comunidades separadas<\/strong> que compet\u00edan entre ellas por los recursos indispensables.<\/span><\/p>\n<p><span style=\"font-size: 14pt\"><span style=\"color: #008080\">Las zonas con caza, tierras cultivables, madera y yacimientos minerales eran indispensables para ubicar el castro.<\/span> Y aunque parezca imposible, antes de los romanos exist\u00eda historia. Los <strong>celtas pose\u00edan habilidad en el alfar<\/strong>, pericia metal\u00fargica, y eran grandes artistas en la <strong>fabricaci\u00f3n de joyas<\/strong>. Estas actividades las desarrollaban <strong>al abrigo de las murallas<\/strong>, junto a las caba\u00f1as de planta circular o de esquinas redondeadas que se distribu\u00edan en torno a otras <strong>construcciones singulares de uso colectivo<\/strong>, como la sauna o las casas de asamblea.<\/span><\/p>\n<p><span style=\"font-size: 14pt\">Tanto por su ubicaci\u00f3n en acantilados y zonas marinas, o por <strong>la cercan\u00eda a peque\u00f1as aldeas<\/strong> rodeadas de naturaleza virgen, la <strong>ruta de los castros celtas, <\/strong>donde alguno es Monumento Hist\u00f3rico Art\u00edstico, sigue guardando un gran misterio en un paisaje de ensue\u00f1o. Una ruta perfecta tras las huellas celtas en un para\u00edso para arque\u00f3logos y su carbono 14. Todo un tesoro que no te puedes perder.<\/span><\/p>\n<hr \/>\n<ul>\n<li style=\"text-align: center\"><a href=\"https:\/\/www.castrosdeasturias.es\/portada\">Web de <span style=\"color: #008080\"><strong><em><span style=\"font-size: 18pt\">Castros de Asturias<\/span><\/em><\/strong><\/span><\/a><\/li>\n<\/ul>\n<p style=\"text-align: center\"><img loading=\"lazy\" decoding=\"async\" class=\"alignnone \" src=\"https:\/\/www.castrosdeasturias.es\/media\/castrosdeasturias-logo.jpg\" width=\"206\" height=\"188\" \/><\/p>\n<hr \/>\n<p><a href=\"https:\/\/www.castrosdeasturias.es\/imagenes\/adjuntas\/1353957655775.jpg\" rel=\"galeria\"><img loading=\"lazy\" decoding=\"async\" class=\"aligncenter\" title=\"Castros y otros yacimientos visitables en los concejos del Navia-Eo\" src=\"https:\/\/www.castrosdeasturias.es\/imagenes\/350\/imagenes\/adjuntas\/1353957655775.jpg\" alt=\"Castros y otros yacimientos visitables en los concejos del Navia-Eo\" width=\"435\" height=\"546\" \/><\/a><\/p>\n<p><span style=\"font-size: 14pt;color: #008080\"><strong>ALGUNOS YACIMIENTOS VISITABLES<\/strong> EN EL OCCIDENTE DE ASTURIAS<\/span><\/p>\n<p><span style=\"font-size: 14pt\"><em>1. Castro de Os Castros (Taramundi)<\/em><\/span><br \/>\n<span style=\"font-size: 14pt\"><em>2. Castro de El Esteiro (Tapia de Casariego)<\/em><\/span><br \/>\n<span style=\"font-size: 14pt\"><em>3. Castro de Cabo Blanco (El Franco)<\/em><\/span><br \/>\n<span style=\"font-size: 14pt\"><em>4. Castro de Moh\u00edas (Coa\u00f1a)<\/em><\/span><br \/>\n<span style=\"font-size: 14pt\"><em>5. Castrill\u00f3n de T\u00e9ifaros (Navia)<\/em><\/span><br \/>\n<span style=\"font-size: 14pt\"><em>6. El Castiel de Soirana (Navia)<\/em><\/span><br \/>\n<span style=\"font-size: 14pt\"><em>7. El Castro de Vigo (Navia)<\/em><\/span><br \/>\n<span style=\"font-size: 14pt\"><em><strong>8. Castro de Coa\u00f1a<br \/>\n<\/strong>9. Castro de Pendia (Boal)<\/em><\/span><br \/>\n<span style=\"font-size: 14pt\"><em>10. Castro de El Castel\u00f3n de Illano (Illano)<\/em><\/span><br \/>\n<span style=\"font-size: 14pt\"><em>11. Castro de San Isidro, en Bouso\u00f1o-Bra\u00f1avella, (San Mart\u00edn de Oscos-Pesoz)<\/em><\/span><br \/>\n<span style=\"font-size: 14pt\"><em>12. Dolmen de la Llastra da Filadoira, Entrerr\u00edos (Illano)<\/em><\/span><br \/>\n<span style=\"font-size: 14pt\"><em>13. Castro de San Chuis, San Mart\u00edn de Beduledo (Allande)<\/em><\/span><br \/>\n<span style=\"font-size: 14pt\"><em>14. T\u00famulo neol\u00edtico de El Canadeiro (Grandas de Salime)<\/em><\/span><br \/>\n<span style=\"font-size: 14pt\"><em>15. Canal y t\u00faneles mineros de Penafurada (Grandas de Salime)<\/em><\/span><br \/>\n<span style=\"font-size: 14pt\"><em>16. Castro de Chao Samart\u00edn, Castro (Grandas de Salime)<\/em><\/span><\/p>\n<hr \/>\n<ul>\n<li><strong><em><span style=\"font-size: 14pt\"><a title=\"\" href=\"https:\/\/www.castrosdeasturias.es\/castros\/78\/prehistoria-reciente.-antes-de-los-castros\">Prehistoria Reciente. Antes de los castros<\/a><\/span><\/em><\/strong><\/li>\n<li><strong><em><span style=\"font-size: 14pt\"><a class=\"actual\" title=\"\" href=\"https:\/\/www.castrosdeasturias.es\/castros\/11\/la-cultura-castrea\"><span style=\"color: #800080\">La cultura castre\u00f1a<\/span><\/a><\/span><\/em><\/strong>\n<ul class=\"segnivel\">\n<li><strong><em><span style=\"font-size: 14pt\"><a title=\"\" href=\"https:\/\/www.castrosdeasturias.es\/castros\/12\/11\/los-castros-en-asturias\">Los castros en Asturias<\/a><\/span><\/em><\/strong><\/li>\n<li><strong><em><span style=\"font-size: 14pt\"><a title=\"\" href=\"https:\/\/www.castrosdeasturias.es\/castros\/18\/11\/arqueologia-castrea-en-asturias\">Arqueolog\u00eda castre\u00f1a en Asturias<\/a><\/span><\/em><\/strong><\/li>\n<li><strong><em><span style=\"font-size: 14pt\"><a title=\"\" href=\"https:\/\/www.castrosdeasturias.es\/castros\/19\/11\/los-castros-excavados-en-asturias\">Los castros excavados en Asturias<\/a><\/span><\/em><\/strong><\/li>\n<\/ul>\n<\/li>\n<li><strong><em><span style=\"font-size: 14pt\"><a title=\"\" href=\"https:\/\/www.castrosdeasturias.es\/castros\/14\/los-poblados-fortificados-en-tierras-del-navia-eo\">Los poblados fortificados en tierras del Navia-Eo<\/a><\/span><\/em><\/strong><\/li>\n<li><strong><em><span style=\"font-size: 14pt\"><a title=\"\" href=\"https:\/\/www.castrosdeasturias.es\/castros\/15\/el-castro-de-coaa-y-otros-yacimientos-visitables\">El Castro de Coa\u00f1a y otros yacimientos visitables<\/a><\/span><\/em><\/strong><\/li>\n<li><strong><em><span style=\"font-size: 14pt\"><a title=\"\" href=\"https:\/\/www.castrosdeasturias.es\/castros\/16\/el-castro-de-chao-samartin\">El Castro de Chao Samart\u00edn<\/a><\/span><\/em><\/strong><\/li>\n<li><strong><em><span style=\"font-size: 14pt\"><a title=\"\" href=\"https:\/\/www.castrosdeasturias.es\/castros\/17\/museo-castro-de-chao-samartin\">Museo Castro de Chao Samart\u00edn<\/a><\/span><\/em><\/strong><\/li>\n<li><strong><em><span style=\"font-size: 14pt\"><a title=\"\" href=\"https:\/\/www.castrosdeasturias.es\/castros\/83\/exposicion-domvs.-una-casa-romana-en-el-castro-de-chao-samartin\">Exposici\u00f3n DOMVS. Una casa romana en el castro de Chao Samart\u00edn<\/a><\/span><\/em><\/strong><\/li>\n<li><a title=\"\" href=\"https:\/\/www.castrosdeasturias.es\/castros\/86\/45-coloquio-internacional-afeaf.-gijon-2021\"><strong><em><span style=\"font-size: 14pt\">45\u00ba Coloquio Internacional AFEAF. Gij\u00f3n, 2021<\/span><\/em><\/strong><\/a><\/li>\n<\/ul>\n<hr \/>\n<ul>\n<li><a href=\"https:\/\/www.turismoasturias.es\/cultura\/museos-espacios-culturales\/castros\">TURISMO DE ASTURIAS: <em><strong>CASTROS Y OTROS ESPACIOS ARQUEOL\u00d3GICOS<\/strong><\/em><\/a><\/li>\n<\/ul>\n<p><em><span style=\"font-size: 14pt\">La cultura castre\u00f1a es un fen\u00f3meno cultural de gran arraigo en Asturias y que se hace <strong>especialmente evidente en el occidente del Para\u00edso Natural.<\/strong> Existen numerosos y notables ejemplos de castros excavados, que se han puesto en valor a nivel tur\u00edstico, y que, por tanto, son visitables, aportando una visi\u00f3n muy completa de aquella Edad hist\u00f3rica.<\/span><\/em><\/p>\n<hr \/>\n<h2 style=\"text-align: center\"><span style=\"color: #008080\"><em>Castro de El Esteiro, <strong>Tapia de Casariego<\/strong><\/em><\/span><\/h2>\n<p style=\"text-align: center\"><a href=\"https:\/\/www.celtica.es\/wp-content\/uploads\/2020\/05\/IMG_20200530_210727.jpg\"><img loading=\"lazy\" decoding=\"async\" class=\"alignnone\" src=\"https:\/\/www.celtica.es\/wp-content\/uploads\/2020\/05\/IMG_20200530_210727.jpg\" alt=\"\" width=\"1000\" height=\"750\" \/><\/a><\/p>\n<ul>\n<li><a href=\"https:\/\/www.celtica.es\/el-castro-del-esteiro-un-puesto-comercial-de-la-edad-del-hierro-el-castro-del-esteiro-un-puesto-comercial-de-la-edad-del-hierro-visita-recomendada\/\">Art\u00edculo interesante<\/a><\/li>\n<li><a href=\"https:\/\/www.castrosdeasturias.es\/castros\/37\/19\/11\/.-el-castelo-de-el-esteiro\">P\u00e1gina<\/a><\/li>\n<\/ul>\n<p>El castro de El Esteiro, al oeste de la playa de La Paloma, es uno de los muchos poblados fortificados establecidos sobre la l\u00ednea de costa en el occidente de Asturias. Tiene varias l\u00edneas de fosos y contrafosos que delimitan un amplio espacio sobre el que se extend\u00eda el poblado. Aqu\u00ed se han descubierto cer\u00e1micas y monedas romanas del I d.C., molinos circulares y una caba\u00f1a circular construida con pizarra.<\/p>\n<hr \/>\n<h2 style=\"text-align: center\"><span style=\"color: #008080\"><em>Castro de Cabo Blanco, <\/em><strong><em>Valdepares, El Franco<\/em> <\/strong><\/span><\/h2>\n<p style=\"text-align: center\"><a href=\"https:\/\/www.turismoasturias.es\/documents\/11022\/5515571\/2020-Castro+de+Cabo+Blanco+%281%29.jpg\/a2de39eb-1f63-4a80-8c4e-5a93b7eeffc7?t=1606308486612\"><img loading=\"lazy\" decoding=\"async\" class=\"alignnone\" src=\"https:\/\/www.turismoasturias.es\/documents\/11022\/5515571\/2020-Castro+de+Cabo+Blanco+%281%29.jpg\/a2de39eb-1f63-4a80-8c4e-5a93b7eeffc7?t=1606308486612\" alt=\"\" width=\"708\" height=\"449\" \/><\/a><\/p>\n<ul>\n<li><a href=\"https:\/\/www.castrosdeasturias.es\/castros\/55\/15\/castro-de-cabo-blanco\">P\u00e1gina<\/a><\/li>\n<li><a href=\"https:\/\/www.turismoasturias.es\/descubre\/cultura\/museos-y-espacios-culturales\/castros-y-espacios-arqueologicos\/castro-de-cabo-blanco\">Turismo Asturias<\/a><\/li>\n<li><a class=\"file-pdf\" title=\"Descargar\" href=\"https:\/\/www.turismoasturias.es\/documents\/11022\/574a4bfe-9786-4b21-bb00-db4e75a3bc18\" target=\"_blank\" rel=\"noopener\">M\u00e1s informaci\u00f3n sobre el Castro de Cabo Blanco <\/a><\/li>\n<\/ul>\n<p>En Fonfr\u00eda, en el Cabo Blanco, <strong>en un paraje espectacular junto a los acantilados que caen sobre el Cant\u00e1brico.<\/strong> Es otro castro mar\u00edtimo que jalona la costa centro occidental de Asturias y que hasta la fecha se consideraba romano. Varias caba\u00f1as, y alg\u00fan tramo de muralla con dataciones que prueban su ocupaci\u00f3n desde siglo IV a.C. hasta \u00e9poca romana, se han hallado en \u00e9l.<\/p>\n<hr \/>\n<h2 style=\"text-align: center\"><span style=\"color: #008080\"><em>El Monte del Castro de Moh\u00edas, <strong>Coa\u00f1a<\/strong><\/em><\/span><\/h2>\n<p style=\"text-align: center\"><a href=\"https:\/\/www.turismoasturias.es\/documents\/11022\/75024\/CastroMohias1.jpg?t=1389298013587\"><img loading=\"lazy\" decoding=\"async\" class=\"alignnone\" src=\"https:\/\/www.turismoasturias.es\/documents\/11022\/75024\/CastroMohias1.jpg?t=1389298013587\" alt=\"\" width=\"708\" height=\"449\" \/><\/a><\/p>\n<ul>\n<li><a href=\"https:\/\/www.asturnatura.com\/turismo\/castro-de-mohias\/2494.html\">Web Asturnatura<\/a><\/li>\n<li><a href=\"https:\/\/www.castrosdeasturias.es\/castros\/48\/15\/el-monte-del-castro-de-mohias\">P\u00e1gina<\/a><\/li>\n<li><a href=\"https:\/\/www.turismoasturias.es\/descubre\/cultura\/museos-y-espacios-culturales\/castros-y-espacios-arqueologicos\/castro-de-mohias\">Turismo Asturias<\/a><\/li>\n<\/ul>\n<p>El poblado prerromano se extiende sobre una amplia meseta y ten\u00eda hasta tres fosos consecutivos excavados en la roca. En \u00e9l, se han puesto al descubierto hasta 20 construcciones en el interior del recinto, y en las excavaciones se ha encontrado cer\u00e1mica ind\u00edgena de gran valor. Al parecer, su ocupaci\u00f3n se prolong\u00f3 durante los siglos I- II d. C.<\/p>\n<hr \/>\n<h2 style=\"text-align: center\"><span style=\"color: #008080\"><em>Castro de Coa\u00f1a, <strong>\u00a0Coa\u00f1a<\/strong><\/em><\/span><\/h2>\n<p style=\"text-align: center\"><a href=\"https:\/\/upload.wikimedia.org\/wikipedia\/commons\/thumb\/8\/82\/Castro-de-coana01.jpg\/1024px-Castro-de-coana01.jpg\"><img loading=\"lazy\" decoding=\"async\" class=\"alignnone\" src=\"https:\/\/upload.wikimedia.org\/wikipedia\/commons\/thumb\/8\/82\/Castro-de-coana01.jpg\/1024px-Castro-de-coana01.jpg\" alt=\"\" width=\"1024\" height=\"768\" \/><\/a><\/p>\n<p style=\"text-align: center\"><a href=\"https:\/\/upload.wikimedia.org\/wikipedia\/commons\/thumb\/5\/54\/Castro_de_Coa%C3%B1a_01_by-dpc.jpg\/1280px-Castro_de_Coa%C3%B1a_01_by-dpc.jpg\"><img loading=\"lazy\" decoding=\"async\" class=\"alignnone\" src=\"https:\/\/upload.wikimedia.org\/wikipedia\/commons\/thumb\/5\/54\/Castro_de_Coa%C3%B1a_01_by-dpc.jpg\/1280px-Castro_de_Coa%C3%B1a_01_by-dpc.jpg\" alt=\"\" width=\"1280\" height=\"857\" \/><\/a><\/p>\n<ul>\n<li><a href=\"http:\/\/www.parquehistorico.org\/\">Web Parque Prehist\u00f3rico<\/a><\/li>\n<li><a href=\"https:\/\/es.wikipedia.org\/wiki\/Castro_de_Coa%C3%B1a\">Wiki<\/a><\/li>\n<li><a href=\"https:\/\/www.castrosdeasturias.es\/castros\/46\/15\/el-castro-de-coaa\">P\u00e1gina<\/a><\/li>\n<li><a href=\"https:\/\/guiadeasturias.com\/lugar\/aula-didactica-del-castro-coana-coana\/\">AULA DID\u00c1CTICA<\/a><\/li>\n<\/ul>\n<p style=\"text-align: center\"><a href=\"https:\/\/guiadeasturias.com\/wp-content\/uploads\/2017\/08\/MuseoAulaCoana3.jpg\"><img loading=\"lazy\" decoding=\"async\" class=\"alignnone\" src=\"https:\/\/guiadeasturias.com\/wp-content\/uploads\/2017\/08\/MuseoAulaCoana3.jpg\" alt=\"\" width=\"629\" height=\"472\" \/><\/a><\/p>\n<p><strong>Es el m\u00e1s popular de los castros celtas asturianos<\/strong>, por la gran extensi\u00f3n excavada a lo largo de casi doscientos a\u00f1os de intervenciones. Construido sobre una peque\u00f1a colina, es una muralla de considerable grosor que encierra tres recintos, la Acr\u00f3polis o torre\u00f3n, el poblado de hasta 80 caba\u00f1as en piedra y el recinto sacro. Ofrece visitas guiadas y cuenta con un Aula Did\u00e1ctica.<\/p>\n<hr \/>\n<h2 style=\"text-align: center\"><em><span style=\"color: #008080\">Castro de Pend\u00eda, <strong>Pend\u00eda<\/strong><\/span><\/em><\/h2>\n<p style=\"text-align: center\"><a href=\"https:\/\/www.turismoasturias.es\/documents\/11022\/75038\/05553.JPG\/f96941fd-80d7-4f90-9aa7-e7af50a5f1ed?t=1606215290987\"><img loading=\"lazy\" decoding=\"async\" class=\"alignnone\" src=\"https:\/\/www.turismoasturias.es\/documents\/11022\/75038\/05553.JPG\/f96941fd-80d7-4f90-9aa7-e7af50a5f1ed?t=1606215290987\" alt=\"\" width=\"708\" height=\"449\" \/><\/a><\/p>\n<ul>\n<li><a href=\"https:\/\/guiadeasturias.com\/lugar\/castro-pendia-boal\/\"><span style=\"font-size: 14pt\">Web<\/span><\/a><\/li>\n<li><span style=\"font-size: 14pt\"><a href=\"https:\/\/www.castrosdeasturias.es\/castros\/49\/15\/el-castro-de-pendia\">P\u00e1gina<\/a><\/span><\/li>\n<li><span style=\"font-size: 14pt\"><a href=\"https:\/\/www.turismoasturias.es\/descubre\/cultura\/museos-y-espacios-culturales\/castros-y-espacios-arqueologicos\/castro-de-pendia\">Turismo Asturias<\/a><\/span><\/li>\n<li><a class=\"file-pdf\" title=\"Descargar\" href=\"https:\/\/www.turismoasturias.es\/documents\/11022\/cae94178-8e50-4215-8ebe-a2885c0da69e\" target=\"_blank\" rel=\"noopener\"><span style=\"font-size: 14pt\">M\u00e1s informaci\u00f3n sobre el Castro de Pendia<\/span> <\/a><\/li>\n<\/ul>\n<p>Los \u00faltimos 500 metros de acceso a este impresionante castro hay que recorrerlos a pie. En Pend\u00eda hay visitas guiadas para recorrer su muralla externa y las construcciones excavadas de su interior donde destaca una gran caba\u00f1a y dos saunas protohist\u00f3ricas. <span style=\"color: #008080\">La fundaci\u00f3n del poblado se remonta a la Edad del Hierro, entre los siglos IV-I a.C, y su ocupaci\u00f3n se prolong\u00f3 hasta el I d.C.<\/span><\/p>\n<hr \/>\n<h2 style=\"text-align: center\"><span style=\"color: #008080\"><em>El Castro del Chao Samart\u00edn, <strong>Grandas de Salime<\/strong><\/em><\/span><\/h2>\n<p style=\"text-align: center\"><a href=\"https:\/\/www.turismoasturias.es\/documents\/11022\/75106\/chaosamartin+%281%29.jpg\/3d2c8c29-5243-41e0-9e6d-7fce2865c5d2?t=1606301413202\"><img loading=\"lazy\" decoding=\"async\" class=\"alignnone\" src=\"https:\/\/www.turismoasturias.es\/documents\/11022\/75106\/chaosamartin+%281%29.jpg\/3d2c8c29-5243-41e0-9e6d-7fce2865c5d2?t=1606301413202\" alt=\"\" width=\"708\" height=\"449\" \/><\/a><\/p>\n<p style=\"text-align: center\"><a href=\"https:\/\/www.turismoasturias.es\/documents\/11022\/75106\/Detalle+Domus+Castro+Chao+Samart%C3%ADn.jpg\/b3367f7a-3d45-4c9b-aa11-213a6aabce91?t=1606301430555\"><img loading=\"lazy\" decoding=\"async\" class=\"alignnone\" src=\"https:\/\/www.turismoasturias.es\/documents\/11022\/75106\/Detalle+Domus+Castro+Chao+Samart%C3%ADn.jpg\/b3367f7a-3d45-4c9b-aa11-213a6aabce91?t=1606301430555\" alt=\"\" width=\"708\" height=\"449\" \/><\/a><\/p>\n<p>&nbsp;<\/p>\n<ul>\n<li><strong><a href=\"http:\/\/castrochaosamartin.esy.es\/\"><span style=\"font-size: 14pt\">Web<\/span><\/a><\/strong><\/li>\n<li><a href=\"https:\/\/www.castrosdeasturias.es\/castros\/16\/el-castro-de-chao-samartin\"><strong><span style=\"font-size: 14pt\">P\u00e1gina<\/span><\/strong><\/a><\/li>\n<li><a href=\"https:\/\/www.turismoasturias.es\/descubre\/cultura\/museos-y-espacios-culturales\/castros-y-espacios-arqueologicos\/chao-samartin\">Turismo de Asturias<\/a><\/li>\n<li><span style=\"font-size: 14pt\"><a class=\"actual\" title=\"\" href=\"https:\/\/www.castrosdeasturias.es\/castros\/17\/museo-castro-de-chao-samartin\">Museo Castro de Chao Samart\u00edn<\/a><\/span>\n<ul class=\"segnivel\">\n<li><span style=\"font-size: 14pt\"><a title=\"\" href=\"https:\/\/www.castrosdeasturias.es\/castros\/70\/17\/el-proyecto\">El Proyecto<\/a><\/span><\/li>\n<li><span style=\"font-size: 14pt\"><a title=\"\" href=\"https:\/\/www.castrosdeasturias.es\/castros\/67\/17\/las-salas\">Las salas<\/a><\/span><\/li>\n<li><a title=\"\" href=\"https:\/\/www.castrosdeasturias.es\/castros\/68\/17\/catalogo-de-la-exposicion-permanente\"><span style=\"font-size: 14pt\">Cat\u00e1logo de la exposici\u00f3n permanente<\/span><\/a><\/li>\n<li><a href=\"http:\/\/castrochaosamartin.esy.es\/presentacion\/horario-junio-2019\/\">Horarios<\/a><\/li>\n<\/ul>\n<\/li>\n<li><strong>Es uno de los yacimientos clave para comprender como se origin\u00f3 el fen\u00f3meno castre\u00f1o en el noroeste peninsular<\/strong>, como ha sido la evoluci\u00f3n de las gentes que vivieron entre sus muros y las relaciones que pudieron establecer con otros pueblos.<\/li>\n<\/ul>\n<p><strong>Es uno de los m\u00e1s completos de toda Asturias.<\/strong> <span style=\"color: #008080\">Estuvo habitado desde el siglo IX a.C., y ejerci\u00f3 como centro de la comarca tras la conquista romana del territorio.<\/span> Cuenta con un Museo que funciona como centro de interpretaci\u00f3n desde donde se visita el castro exclusivamente mediante gu\u00eda. Fue descubierto de forma casual bajo las, por entonces, tierras de labor del Chao.<\/p>\n<hr \/>\n<h2 style=\"text-align: center\"><span style=\"color: #008080\"><em>El Castillo de San Mart\u00edn, <strong>Soto del Barco<\/strong><\/em><\/span><\/h2>\n<p style=\"text-align: center\"><img loading=\"lazy\" decoding=\"async\" class=\"alignnone size-full\" src=\"https:\/\/www.castrosdeasturias.es\/imagenes\/350\/imagenes\/adjuntas\/1447696616265.jpg\" width=\"350\" height=\"235\" \/><\/p>\n<p>&nbsp;<\/p>\n<ul>\n<li><a href=\"https:\/\/www.castrosdeasturias.es\/castros\/25\/19\/11\/.-el-castillo-de-san-martin\">P\u00e1gina<\/a><\/li>\n<\/ul>\n<p>El Castillo de San Mart\u00edn <strong>est\u00e1 sobre un pronunciado codo\u00a0 donde el cauce se abre hacia la r\u00eda de San Esteban de Pravia.<\/strong> Su emplazamiento, sobre un promontorio de unos 40 metros, le proporciona un gran dominio visual sobre la desembocadura de esta arteria fluvial. Aqu\u00ed se encontraron varios fondos de caba\u00f1as prerromanas y una muralla y, durante el Medievo, se reforz\u00f3 con una poderosa torre.<\/p>\n<h2 style=\"text-align: center\"><em><span style=\"color: #008080\">Os Castros de Taramundi, <strong>Taramundi<\/strong><\/span><\/em><\/h2>\n<p style=\"text-align: center\"><img loading=\"lazy\" decoding=\"async\" class=\"alignnone size-full\" src=\"https:\/\/fusionasturias.com\/wp-content\/uploads\/2010\/10\/oscoseo_taramundi_castro.jpg\" width=\"490\" height=\"327\" \/><\/p>\n<p style=\"text-align: center\">\n<ul>\n<li><a href=\"https:\/\/fusionasturias.com\/comarcas\/oscos-eo\/turismo-arqueologico-os-castros.htm\">Fusi\u00f3n Asturias<\/a><\/li>\n<li><a href=\"https:\/\/www.asturnatura.com\/turismo\/castro-de-os-castros-en-taramundi\/2197.html\">Asturnatura<\/a><\/li>\n<li><a href=\"https:\/\/www.castrosdeasturias.es\/castros\/51\/15\/os-castros-de-taramundi\">P\u00e1gina<\/a><\/li>\n<\/ul>\n<p>Os Castros, catalogado en 1969, es <strong>uno de los mayores castros de las tierras interiores del Navia-Eo con unas 2 hect\u00e1reas.<\/strong> Lo excavado revela una ocupaci\u00f3n de larga duraci\u00f3n, desde fines de la Edad del Bronce o Hierro inicial, hasta \u00e9poca romana. Entre los restos exhumados se cuentan, adem\u00e1s de varios tramos de muralla, una decena de edificios y una sauna ind\u00edgena. La presencia romana se constata a partir de mediados del siglo I d.C. en la bell\u00edsima Taramundi<\/p>\n<h2 style=\"text-align: center\"><em><span style=\"color: #008080\">C. de San Isidro y Pico de la Mina,<br \/>\n<strong>San Mart\u00edn de Oscos-Pesoz<\/strong><\/span><\/em><\/h2>\n<p style=\"text-align: center\"><img loading=\"lazy\" decoding=\"async\" class=\"alignnone size-full\" src=\"https:\/\/www.castrosdeasturias.es\/imagenes\/adjuntas\/1299961111662.jpg\" width=\"600\" height=\"401\" \/><\/p>\n<ul>\n<li>Web<\/li>\n<li><a href=\"http:\/\/www.regiocantabrorum.es\/publicaciones\/recinto_fortificado_san_isidro\">Recinto de San Isidro<\/a><\/li>\n<li><a href=\"https:\/\/www.castillosdeespa\u00f1a.es\/es\/content\/castro\/castro-del-pico-de-la-mina\">castillos de Espa\u00f1a<\/a><\/li>\n<li><a href=\"https:\/\/www.castrosdeasturias.es\/castros\/50\/15\/castro-de-san-isidro\">P\u00e1gina<\/a><\/li>\n<\/ul>\n<p>Cerca de Bouso\u00f1o se alzan en la cumbre de una sierra, en un paraje con unas vistas impresionantes. Muy cerca el uno del otro, se empezaron excavar en 1986. Se fortificaron con piedras hincadas entre los parapetos que separan los fosos y estuvieron protegidos por murallas de traza continua. Se cree que m\u00e1s tarde fueron campamentos militares romanos.<\/p>\n<h2 style=\"text-align: center\"><span style=\"color: #008080\"><em>Parque Arqueol\u00f3gico Natural de La Campa Torres, <strong>Gij\u00f3n<\/strong><\/em><\/span><\/h2>\n<p style=\"text-align: center\"><a href=\"https:\/\/drupal.gijon.es\/sites\/default\/files\/styles\/imagen_cabecera_slider\/public\/2019-04\/DSC06579.jpg\"><img loading=\"lazy\" decoding=\"async\" class=\"alignnone\" src=\"https:\/\/drupal.gijon.es\/sites\/default\/files\/styles\/imagen_cabecera_slider\/public\/2019-04\/DSC06579.jpg\" alt=\"\" width=\"1920\" height=\"600\" \/><\/a><\/p>\n<ul>\n<li><a href=\"https:\/\/www.gijon.es\/es\/directorio\/parque-arqueologico-natural-de-la-campa-torres\">Web<\/a><\/li>\n<li><a href=\"https:\/\/www.castrosdeasturias.es\/castros\/30\/19\/11\/.-la-campa-torres\">P\u00e1gina<\/a><\/li>\n<\/ul>\n<div class=\"contentarticle\">\n<div class=\"leftcolumarticle\">\n<div id=\"articlebody\" class=\"article_body_106621\">\n<p>Este castro y asentamiento romano de La Campa Torres, hoy es un Parque Arqueol\u00f3gico con centro de recepci\u00f3n\u00a0 y museo. Las muchas evidencias de actividad metal\u00fargica hacen creer que era la ciudad astur de Noega. El origen de la ocupaci\u00f3n del yacimiento se remonta a fines de la Edad del Bronce, siglos VIII-VII a.C. y durante la del Hierro se eleva una muralla y un foso sobre el istmo.<\/p>\n<\/div>\n<\/div>\n<hr \/>\n<div class=\"rightcolumarticle\">\n<aside>\n<div id=\"div-gpt-ad-cpm_r_dcha\" class=\"adbannermpu1int\" data-google-query-id=\"CLTy0-bGlO8CFY8V0wodyWsFew\"><em><span style=\"color: #800080;font-size: 18pt\">M\u00e1s&#8230; <strong>Publicaciones interesantes<\/strong><\/span><\/em><\/div>\n<div data-google-query-id=\"CLTy0-bGlO8CFY8V0wodyWsFew\">\n<ul>\n<li><strong>Los castros del valle del Navia. Tesoro arqueol\u00f3gico en el Occidente de Asturias. Cuaderno cat\u00e1logo de la exposici\u00f3n y el ciclo de conferencias.<\/strong><\/li>\n<li>Autores: \u00c1. Villa (texto) y J.A. Fanjul, O. Gago, S. Hevia, A. Men\u00e9ndez, E. Mart\u00edn, R. Montes, F. Rodr\u00edguez, A. Villa (cat\u00e1logo)<\/li>\n<li>Publicado por: Museo Arqueol\u00f3gico de Asturias \/ <span class=\"linea\">A\u00f1o: 2013 \/ 60 p\u00e1ginas \/ <\/span><a title=\"Cuaderno cat\u00e1logo\" href=\"https:\/\/www.castrosdeasturias.es\/descargas\/603-los-castros-del-valle-del-navia.-catalogo-2013.-museo-arqueologico-de-asturias.pdf\">Cuaderno cat\u00e1logo<\/a><\/li>\n<\/ul>\n<\/div>\n<\/aside>\n<\/div>\n<\/div>\n<div class=\"contentimagine\">\n<div class=\"providersContent\">\n<div>\n<aside class=\"stickybanner\">\n<div class=\"robapaginas\">\n<div id=\"banner-20595e2825-cpm_r_izda\" data-google-query-id=\"CKX30-bGlO8CFc7E3god1ZoBww\">\n<div id=\"google_ads_iframe_\/138855687\/nacional-via\/noticias_8__container__\">\n<div id=\"outbrain_widget_0\" class=\"OUTBRAIN\" data-src=\"https:\/\/viajar.elperiodico.com\/planes\/huellas-celtas-ruta-castros-asturias\" data-widget-id=\"MB_7\" data-ob-mark=\"true\" data-browser=\"firefox\" data-os=\"win32\" data-dynload=\"\" data-idx=\"0\">\n<div class=\"ob-widget ob-grid-layout MB_7 ob-cmn-MB_7\" data-dynamic-truncate=\"true\">\n<div class=\"ob-widget-items-container\">\n<div class=\"ob-dynamic-rec-container ob-recIdx-0 ob-p\" data-pos=\"0\">\n<div class=\"ob-image-ratio\" style=\"text-align: center\">\n<!-- iframe plugin v.6.0 wordpress.org\/plugins\/iframe\/ -->\n<iframe loading=\"lazy\" src=\"https:\/\/drive.google.com\/file\/d\/1Uup9F0Vjc4TVYaTkz4Ivdc-jFCD8krZd\/preview\" width=\"640\" height=\"900\" 0=\"\/iframe\" scrolling=\"yes\" class=\"iframe-class\" frameborder=\"0\"><\/iframe>\n<\/div>\n<\/div>\n<ul>\n<li><span style=\"font-size: 18pt;color: #008080\">Museo Castro de Chao Samart\u00edn. Cat\u00e1logo<\/span><\/li>\n<\/ul>\n<div>\n<ul>\n<li>Autores: \u00c1. Villa Vald\u00e9s (Ed.). VV.AA<\/li>\n<li>Consejer\u00eda de Cultura y Turismo del Principado de Asturias. Asociaci\u00f3n de Amigos del Parque Hist\u00f3rico del Navia<\/li>\n<li>A\u00f1<span class=\"linea\">o:2009 \/ 560 p\u00e1ginas \/ <\/span><a title=\"VV.AA. 2009, Cat\u00e1logo Chao Samart\u00edn, BR 2\" href=\"https:\/\/www.castrosdeasturias.es\/descargas\/615-catalogo-chao-samartin-vvaa-2009-br2.pdf\">VV.AA. 2009, Cat\u00e1logo Chao Samart\u00edn, BR 2<\/a><\/li>\n<\/ul>\n<p style=\"text-align: center\">\n<!-- iframe plugin v.6.0 wordpress.org\/plugins\/iframe\/ -->\n<iframe loading=\"lazy\" src=\"https:\/\/drive.google.com\/file\/d\/1Q1TsAx3-5DMW7VSBkbLlzIAG73JDusuw\/preview\" width=\"640\" height=\"900\" 0=\"\/iframe\" scrolling=\"yes\" class=\"iframe-class\" frameborder=\"0\"><\/iframe>\n<\/p>\n<p style=\"text-align: center\">\n<!-- iframe plugin v.6.0 wordpress.org\/plugins\/iframe\/ -->\n<iframe loading=\"lazy\" src=\"https:\/\/drive.google.com\/file\/d\/1IvX1Ah2I6yuibH77IeIlNN3K15q7dSZf\/preview\" width=\"640\" height=\"480\" 0=\"\/iframe\" scrolling=\"yes\" class=\"iframe-class\" frameborder=\"0\"><\/iframe>\n<\/p>\n<hr \/>\n<\/div>\n<div class=\"ob-dynamic-rec-container ob-recIdx-0 ob-p\" data-pos=\"0\">\n<div><\/div>\n<\/div>\n<\/div>\n<\/div>\n<\/div>\n<\/div>\n<\/div>\n<\/div>\n<\/aside>\n<\/div>\n<\/div>\n<\/div>\n","protected":false},"excerpt":{"rendered":"<p>Cultura\u00a0 castre\u00f1a Tras las huellas celtas: ruta de los castros de Asturias Fuente: Viajar.com\u00a0 \/ Autora: Irene Gonz\u00e1lez \/ Foto: Turismo de Asturias \/ 22 de enero de 2018 En el occidente de Asturias, la comarca del r\u00edo Navia y su costa conservan numerosos restos de antiguos poblados celtas. Son los enigm\u00e1ticos castros, un tipo [&hellip;]<\/p>\n","protected":false},"author":117,"featured_media":0,"parent":2527,"menu_order":0,"comment_status":"closed","ping_status":"closed","template":"","meta":{"footnotes":""},"class_list":["post-3544","page","type-page","status-publish","hentry","post-preview"],"_links":{"self":[{"href":"https:\/\/edublog.educastur.es\/corredoria3\/wp-json\/wp\/v2\/pages\/3544","targetHints":{"allow":["GET"]}}],"collection":[{"href":"https:\/\/edublog.educastur.es\/corredoria3\/wp-json\/wp\/v2\/pages"}],"about":[{"href":"https:\/\/edublog.educastur.es\/corredoria3\/wp-json\/wp\/v2\/types\/page"}],"author":[{"embeddable":true,"href":"https:\/\/edublog.educastur.es\/corredoria3\/wp-json\/wp\/v2\/users\/117"}],"replies":[{"embeddable":true,"href":"https:\/\/edublog.educastur.es\/corredoria3\/wp-json\/wp\/v2\/comments?post=3544"}],"version-history":[{"count":15,"href":"https:\/\/edublog.educastur.es\/corredoria3\/wp-json\/wp\/v2\/pages\/3544\/revisions"}],"predecessor-version":[{"id":3565,"href":"https:\/\/edublog.educastur.es\/corredoria3\/wp-json\/wp\/v2\/pages\/3544\/revisions\/3565"}],"up":[{"embeddable":true,"href":"https:\/\/edublog.educastur.es\/corredoria3\/wp-json\/wp\/v2\/pages\/2527"}],"wp:attachment":[{"href":"https:\/\/edublog.educastur.es\/corredoria3\/wp-json\/wp\/v2\/media?parent=3544"}],"curies":[{"name":"wp","href":"https:\/\/api.w.org\/{rel}","templated":true}]}}