{"id":3875,"date":"2021-04-01T17:04:12","date_gmt":"2021-04-01T15:04:12","guid":{"rendered":"https:\/\/edublog.educastur.es\/corredoria3\/?page_id=3875"},"modified":"2021-05-25T16:49:19","modified_gmt":"2021-05-25T14:49:19","slug":"tercer-trimestre","status":"publish","type":"page","link":"https:\/\/edublog.educastur.es\/corredoria3\/2o-pri\/cultura-asturiana\/tercer-trimestre\/","title":{"rendered":"TERCER TRIMESTRE"},"content":{"rendered":"<p style=\"text-align: center\"><img loading=\"lazy\" decoding=\"async\" class=\"aligncenter wp-image-375\" src=\"http:\/\/edublog.educastur.es\/corredoria3\/files\/2020\/08\/21_segundo.png\" alt=\"\" width=\"200\" height=\"164\" srcset=\"https:\/\/edublog.educastur.es\/corredoria3\/files\/2020\/08\/21_segundo.png 424w, https:\/\/edublog.educastur.es\/corredoria3\/files\/2020\/08\/21_segundo-300x246.png 300w\" sizes=\"auto, (max-width: 200px) 100vw, 200px\" \/><\/p>\n<ul>\n<li><span style=\"color: #800000\"><em><span style=\"font-size: 18pt\"><strong>CARPETA ARCHIVOS PROFES 3\u00ba TRIMESTRE_preguntar ISA<\/strong><\/span><\/em><\/span><\/li>\n<\/ul>\n<hr \/>\n<ul>\n<li class=\"page_item page-item-3875 page_item_has_children\"><strong><em><span style=\"font-size: 18pt\"><a href=\"https:\/\/edublog.educastur.es\/corredoria3\/2o-pri\/cultura-asturiana\/tercer-trimestre\/\">TERCER TRIMESTRE<\/a><\/span><\/em><\/strong>\n<ul class=\"children\">\n<li class=\"page_item page-item-3914\"><strong><em><span style=\"font-size: 18pt\"><a href=\"https:\/\/edublog.educastur.es\/corredoria3\/2o-pri\/cultura-asturiana\/tercer-trimestre\/sesion-01\/\">Sesi\u00f3n 01: D\u00eda del libro \u00bfC\u00f3mo se hacen los libros?<\/a><\/span><\/em><\/strong><\/li>\n<li class=\"page_item page-item-3922\"><strong><em><span style=\"font-size: 18pt\"><a href=\"https:\/\/edublog.educastur.es\/corredoria3\/2o-pri\/cultura-asturiana\/tercer-trimestre\/sesion-02\/\">Sesi\u00f3n 02: \u00c1rboles de Asturias<\/a><\/span><\/em><\/strong><\/li>\n<li class=\"page_item page-item-3932\"><strong><em><span style=\"font-size: 18pt\"><a href=\"https:\/\/edublog.educastur.es\/corredoria3\/2o-pri\/cultura-asturiana\/tercer-trimestre\/sesion-03\/\">Sesi\u00f3n 03: Martes de campu y bollu pre\u00f1\u00e1u<\/a><\/span><\/em><\/strong><\/li>\n<li class=\"page_item page-item-3942\"><strong><em><span style=\"font-size: 18pt\"><a href=\"https:\/\/edublog.educastur.es\/corredoria3\/2o-pri\/cultura-asturiana\/tercer-trimestre\/sesion-04\/\">Sesi\u00f3n 04<\/a><\/span><\/em><\/strong><\/li>\n<li class=\"page_item page-item-3952\"><strong><em><span style=\"font-size: 18pt\"><a href=\"https:\/\/edublog.educastur.es\/corredoria3\/2o-pri\/cultura-asturiana\/tercer-trimestre\/sesion-05\/\">Sesi\u00f3n 05<\/a><\/span><\/em><\/strong><\/li>\n<li class=\"page_item page-item-3962\"><strong><em><span style=\"font-size: 18pt\"><a href=\"https:\/\/edublog.educastur.es\/corredoria3\/2o-pri\/cultura-asturiana\/tercer-trimestre\/sesion-06\/\">Sesi\u00f3n 06<\/a><\/span><\/em><\/strong><\/li>\n<li class=\"page_item page-item-3972\"><strong><em><span style=\"font-size: 18pt\"><a href=\"https:\/\/edublog.educastur.es\/corredoria3\/2o-pri\/cultura-asturiana\/tercer-trimestre\/sesion-07\/\">Sesi\u00f3n 07<\/a><\/span><\/em><\/strong><\/li>\n<li class=\"page_item page-item-3982\"><strong><em><span style=\"font-size: 18pt\"><a href=\"https:\/\/edublog.educastur.es\/corredoria3\/2o-pri\/cultura-asturiana\/tercer-trimestre\/sesion-08\/\">Sesi\u00f3n 08<\/a><\/span><\/em><\/strong><\/li>\n<li class=\"page_item page-item-3992\"><a href=\"https:\/\/edublog.educastur.es\/corredoria3\/2o-pri\/cultura-asturiana\/tercer-trimestre\/sesion-09\/\"><strong><em><span style=\"font-size: 18pt\">Sesi\u00f3n 09<\/span><\/em><\/strong><\/a><\/li>\n<\/ul>\n<\/li>\n<\/ul>\n<p>&nbsp;<\/p>\n<ul>\n<li><span style=\"font-size: 18pt\"><del><em>D\u00eda del libro infantil<\/em><\/del><\/span><\/li>\n<li><span style=\"font-size: 18pt\"><em>Asturias,<del> sus ciudades<\/del> y clima<\/em><\/span><\/li>\n<li><del><span style=\"font-size: 18pt\"><em>Alimentaci\u00f3n<\/em><\/span><\/del><\/li>\n<li><span style=\"font-size: 18pt\"><em>Partes de una planta<\/em><\/span><\/li>\n<li><span style=\"font-size: 18pt\"><em>D\u00eda de les Lletres Asturianes &#8230; 1\u00ba viernes mayo???<br \/>\n<\/em><\/span><\/li>\n<li><span style=\"font-size: 18pt\"><em>La familia tradicional asturiana<a href=\"https:\/\/edublog.educastur.es\/corredoria3\/4o-pri\/cultura-asturiana\/primer-trimestre\/sesion-06\/\"><span style=\"color: #008080\"><strong> (ver de 4\u00ba)<\/strong><\/span><\/a><br \/>\n<\/em><\/span><\/li>\n<li><span style=\"font-size: 18pt\"><em>Los Museos de Asturias: 18 mayo&#8230;<br \/>\n<\/em><\/span><\/li>\n<li><span style=\"font-size: 18pt\"><em>Martes de Campu: bollu pre\u00f1\u00e1u<\/em><\/span><\/li>\n<li><span style=\"font-size: 18pt\"><em>Verano<\/em><\/span><\/li>\n<li><span style=\"font-size: 18pt\"><em>Fiestes populares<\/em><\/span><\/li>\n<li><span style=\"font-size: 18pt\"><em>Vacaciones<\/em><\/span><\/li>\n<\/ul>\n<hr \/>\n<p>&nbsp;<\/p>\n","protected":false},"excerpt":{"rendered":"<p>CARPETA ARCHIVOS PROFES 3\u00ba TRIMESTRE_preguntar ISA TERCER TRIMESTRE Sesi\u00f3n 01: D\u00eda del libro \u00bfC\u00f3mo se hacen los libros? Sesi\u00f3n 02: \u00c1rboles de Asturias Sesi\u00f3n 03: Martes de campu y bollu pre\u00f1\u00e1u Sesi\u00f3n 04 Sesi\u00f3n 05 Sesi\u00f3n 06 Sesi\u00f3n 07 Sesi\u00f3n 08 Sesi\u00f3n 09 &nbsp; D\u00eda del libro infantil Asturias, sus ciudades y clima Alimentaci\u00f3n Partes [&hellip;]<\/p>\n","protected":false},"author":117,"featured_media":0,"parent":1042,"menu_order":0,"comment_status":"closed","ping_status":"closed","template":"","meta":{"footnotes":""},"class_list":["post-3875","page","type-page","status-publish","hentry","post-preview"],"_links":{"self":[{"href":"https:\/\/edublog.educastur.es\/corredoria3\/wp-json\/wp\/v2\/pages\/3875","targetHints":{"allow":["GET"]}}],"collection":[{"href":"https:\/\/edublog.educastur.es\/corredoria3\/wp-json\/wp\/v2\/pages"}],"about":[{"href":"https:\/\/edublog.educastur.es\/corredoria3\/wp-json\/wp\/v2\/types\/page"}],"author":[{"embeddable":true,"href":"https:\/\/edublog.educastur.es\/corredoria3\/wp-json\/wp\/v2\/users\/117"}],"replies":[{"embeddable":true,"href":"https:\/\/edublog.educastur.es\/corredoria3\/wp-json\/wp\/v2\/comments?post=3875"}],"version-history":[{"count":9,"href":"https:\/\/edublog.educastur.es\/corredoria3\/wp-json\/wp\/v2\/pages\/3875\/revisions"}],"predecessor-version":[{"id":4517,"href":"https:\/\/edublog.educastur.es\/corredoria3\/wp-json\/wp\/v2\/pages\/3875\/revisions\/4517"}],"up":[{"embeddable":true,"href":"https:\/\/edublog.educastur.es\/corredoria3\/wp-json\/wp\/v2\/pages\/1042"}],"wp:attachment":[{"href":"https:\/\/edublog.educastur.es\/corredoria3\/wp-json\/wp\/v2\/media?parent=3875"}],"curies":[{"name":"wp","href":"https:\/\/api.w.org\/{rel}","templated":true}]}}