{"id":3879,"date":"2021-04-01T17:04:48","date_gmt":"2021-04-01T15:04:48","guid":{"rendered":"https:\/\/edublog.educastur.es\/corredoria3\/?page_id=3879"},"modified":"2021-04-27T17:58:26","modified_gmt":"2021-04-27T15:58:26","slug":"tercer-trimestre","status":"publish","type":"page","link":"https:\/\/edublog.educastur.es\/corredoria3\/4o-pri\/cultura-asturiana\/tercer-trimestre\/","title":{"rendered":"TERCER TRIMESTRE"},"content":{"rendered":"<p style=\"text-align: center\"><img loading=\"lazy\" decoding=\"async\" class=\"aligncenter wp-image-377\" src=\"http:\/\/edublog.educastur.es\/corredoria3\/files\/2020\/08\/23_cuarto.png\" alt=\"\" width=\"202\" height=\"165\" srcset=\"https:\/\/edublog.educastur.es\/corredoria3\/files\/2020\/08\/23_cuarto.png 424w, https:\/\/edublog.educastur.es\/corredoria3\/files\/2020\/08\/23_cuarto-300x246.png 300w\" sizes=\"auto, (max-width: 202px) 100vw, 202px\" \/><\/p>\n<ul>\n<li><span style=\"color: #800000\"><span style=\"font-size: 18pt\"><em><strong>CARPETA ARCHIVOS PROFES 3\u00ba TRIMESTRE<\/strong>_<strong>_preguntar ISA<\/strong><\/em><\/span><\/span><\/li>\n<\/ul>\n<hr \/>\n<ul>\n<li class=\"page_item page-item-3879 page_item_has_children\"><strong><em><span style=\"font-size: 18pt\"><a href=\"https:\/\/edublog.educastur.es\/corredoria3\/4o-pri\/cultura-asturiana\/tercer-trimestre\/\">TERCER TRIMESTRE<\/a><\/span><\/em><\/strong><\/li>\n<li class=\"page_item page-item-3879 page_item_has_children\"><a href=\"https:\/\/edublog.educastur.es\/corredoria3\/3o-pri\/cultura-asturiana\/segundo-trimestre\/sesion-07\"><em><span style=\"font-size: 18pt\"><span style=\"color: #008080\">Sesi\u00f3n 0: Charla sobre la abeja<\/span> <span style=\"font-size: 14pt\">(Protecci\u00f3n del medio ambiente)<\/span><\/span><\/em><\/a>\n<ul class=\"children\">\n<li class=\"page_item page-item-3916\"><strong><em><span style=\"font-size: 18pt\"><a href=\"https:\/\/edublog.educastur.es\/corredoria3\/4o-pri\/cultura-asturiana\/tercer-trimestre\/sesion-01\/\">Sesi\u00f3n 01: Personajes mitol\u00f3gicos asturianos<\/a><\/span><\/em><\/strong><\/li>\n<li class=\"page_item page-item-3926\"><strong><em><span style=\"font-size: 18pt\"><a href=\"https:\/\/edublog.educastur.es\/corredoria3\/4o-pri\/cultura-asturiana\/tercer-trimestre\/sesion-02\/\">Sesi\u00f3n 02<\/a><\/span><\/em><\/strong><\/li>\n<li class=\"page_item page-item-3936\"><strong><em><span style=\"font-size: 18pt\"><a href=\"https:\/\/edublog.educastur.es\/corredoria3\/4o-pri\/cultura-asturiana\/tercer-trimestre\/sesion-03\/\">Sesi\u00f3n 03<\/a><\/span><\/em><\/strong><\/li>\n<li class=\"page_item page-item-3946\"><strong><em><span style=\"font-size: 18pt\"><a href=\"https:\/\/edublog.educastur.es\/corredoria3\/4o-pri\/cultura-asturiana\/tercer-trimestre\/sesion-04\/\">Sesi\u00f3n 04<\/a><\/span><\/em><\/strong><\/li>\n<li class=\"page_item page-item-3956\"><strong><em><span style=\"font-size: 18pt\"><a href=\"https:\/\/edublog.educastur.es\/corredoria3\/4o-pri\/cultura-asturiana\/tercer-trimestre\/sesion-05\/\">Sesi\u00f3n 05<\/a><\/span><\/em><\/strong><\/li>\n<li class=\"page_item page-item-3966\"><strong><em><span style=\"font-size: 18pt\"><a href=\"https:\/\/edublog.educastur.es\/corredoria3\/4o-pri\/cultura-asturiana\/tercer-trimestre\/sesion-06\/\">Sesi\u00f3n 06<\/a><\/span><\/em><\/strong><\/li>\n<li class=\"page_item page-item-3976\"><strong><em><span style=\"font-size: 18pt\"><a href=\"https:\/\/edublog.educastur.es\/corredoria3\/4o-pri\/cultura-asturiana\/tercer-trimestre\/sesion-07\/\">Sesi\u00f3n 07<\/a><\/span><\/em><\/strong><\/li>\n<li class=\"page_item page-item-3986\"><strong><em><span style=\"font-size: 18pt\"><a href=\"https:\/\/edublog.educastur.es\/corredoria3\/4o-pri\/cultura-asturiana\/tercer-trimestre\/sesion-08\/\">Sesi\u00f3n 08<\/a><\/span><\/em><\/strong><\/li>\n<li class=\"page_item page-item-3996\"><a href=\"https:\/\/edublog.educastur.es\/corredoria3\/4o-pri\/cultura-asturiana\/tercer-trimestre\/sesion-09\/\"><strong><em><span style=\"font-size: 18pt\">Sesi\u00f3n 09<\/span><\/em><\/strong><\/a><\/li>\n<\/ul>\n<\/li>\n<\/ul>\n<hr \/>\n<ul>\n<li><em><span style=\"font-size: 18pt\">D\u00eda del Libro <\/span><\/em><\/li>\n<li><em><span style=\"font-size: 18pt\">Llingua Asturiana y Selmana de les lletres<\/span><\/em><\/li>\n<li><em><span style=\"font-size: 18pt\">Los Museos de Asturias\u00a0 (red etnogr\u00e1fica???)<\/span><\/em><\/li>\n<li><em><span style=\"font-size: 18pt\">Martes de campo<\/span><\/em><\/li>\n<li><em><span style=\"font-size: 18pt\">Protecci\u00f3n del medio ambiente:<br \/>\n<\/span><\/em><\/li>\n<li><em><span style=\"font-size: 18pt\">El Camino de Santiago<\/span><\/em><\/li>\n<li><em><span style=\"font-size: 18pt\">Verano y fiestas populares: San Xuan&#8230;???<br \/>\n<\/span><\/em><\/li>\n<\/ul>\n<p><span style=\"font-size: 18pt;color: #800000\">Pendiente de dar:<\/span><\/p>\n<ul>\n<li class=\"page_item page-item-2493 page_item_has_children\">\n<ul class=\"children\">\n<li class=\"page_item page-item-2514\"><span style=\"font-size: 18pt\"><em>Sesi\u00f3n <strong>Arte Prerrom\u00e1nico <\/strong>(Roc\u00edo y Cris)<\/em><\/span><\/li>\n<li class=\"page_item page-item-2516\"><span style=\"font-size: 18pt\"><em>Sesi\u00f3n\u00a0 <strong>Arte Rom\u00e1nico y G\u00f3tico <\/strong>(Roc\u00edo y Cris)<\/em><\/span><\/li>\n<\/ul>\n<\/li>\n<li>\n<hr \/>\n<\/li>\n<li><strong><a href=\"https:\/\/pedacitoshistoriarte.wordpress.com\/escapadas\/prerromanico\/arte-asturiano\/\">Blog: ARTE ASTURIANO<\/a><\/strong><\/li>\n<\/ul>\n<p><a href=\"https:\/\/1.bp.blogspot.com\/-uwIhwKaV7Z4\/UnYzuLAiXvI\/AAAAAAAAANQ\/bF6zdHCwyRw\/s1600\/ARTE+ASTURIANO.PNG\"><img loading=\"lazy\" decoding=\"async\" class=\"alignnone\" src=\"https:\/\/1.bp.blogspot.com\/-uwIhwKaV7Z4\/UnYzuLAiXvI\/AAAAAAAAANQ\/bF6zdHCwyRw\/s1600\/ARTE+ASTURIANO.PNG\" alt=\"\" width=\"1600\" height=\"758\" \/><\/a><\/p>\n<p><img loading=\"lazy\" decoding=\"async\" class=\"alignnone size-full\" src=\"https:\/\/pedacitoshistoriarte.files.wordpress.com\/2017\/10\/mapa.jpg?w=628&amp;h=433\" width=\"628\" height=\"433\" \/><\/p>\n<hr \/>\n<p>&nbsp;<\/p>\n<p>&nbsp;<\/p>\n<hr \/>\n<ul>\n<li><\/li>\n<\/ul>\n","protected":false},"excerpt":{"rendered":"<p>CARPETA ARCHIVOS PROFES 3\u00ba TRIMESTRE__preguntar ISA TERCER TRIMESTRE Sesi\u00f3n 0: Charla sobre la abeja (Protecci\u00f3n del medio ambiente) Sesi\u00f3n 01: Personajes mitol\u00f3gicos asturianos Sesi\u00f3n 02 Sesi\u00f3n 03 Sesi\u00f3n 04 Sesi\u00f3n 05 Sesi\u00f3n 06 Sesi\u00f3n 07 Sesi\u00f3n 08 Sesi\u00f3n 09 D\u00eda del Libro Llingua Asturiana y Selmana de les lletres Los Museos de Asturias\u00a0 (red etnogr\u00e1fica???) [&hellip;]<\/p>\n","protected":false},"author":117,"featured_media":0,"parent":1054,"menu_order":0,"comment_status":"closed","ping_status":"closed","template":"","meta":{"footnotes":""},"class_list":["post-3879","page","type-page","status-publish","hentry","post-preview"],"_links":{"self":[{"href":"https:\/\/edublog.educastur.es\/corredoria3\/wp-json\/wp\/v2\/pages\/3879","targetHints":{"allow":["GET"]}}],"collection":[{"href":"https:\/\/edublog.educastur.es\/corredoria3\/wp-json\/wp\/v2\/pages"}],"about":[{"href":"https:\/\/edublog.educastur.es\/corredoria3\/wp-json\/wp\/v2\/types\/page"}],"author":[{"embeddable":true,"href":"https:\/\/edublog.educastur.es\/corredoria3\/wp-json\/wp\/v2\/users\/117"}],"replies":[{"embeddable":true,"href":"https:\/\/edublog.educastur.es\/corredoria3\/wp-json\/wp\/v2\/comments?post=3879"}],"version-history":[{"count":9,"href":"https:\/\/edublog.educastur.es\/corredoria3\/wp-json\/wp\/v2\/pages\/3879\/revisions"}],"predecessor-version":[{"id":4267,"href":"https:\/\/edublog.educastur.es\/corredoria3\/wp-json\/wp\/v2\/pages\/3879\/revisions\/4267"}],"up":[{"embeddable":true,"href":"https:\/\/edublog.educastur.es\/corredoria3\/wp-json\/wp\/v2\/pages\/1054"}],"wp:attachment":[{"href":"https:\/\/edublog.educastur.es\/corredoria3\/wp-json\/wp\/v2\/media?parent=3879"}],"curies":[{"name":"wp","href":"https:\/\/api.w.org\/{rel}","templated":true}]}}