{"id":3883,"date":"2021-04-01T17:05:10","date_gmt":"2021-04-01T15:05:10","guid":{"rendered":"https:\/\/edublog.educastur.es\/corredoria3\/?page_id=3883"},"modified":"2021-09-12T17:28:05","modified_gmt":"2021-09-12T15:28:05","slug":"3o-trimestre","status":"publish","type":"page","link":"https:\/\/edublog.educastur.es\/corredoria3\/6o-pri\/cultura-asturiana\/3o-trimestre\/","title":{"rendered":"3\u00ba TRIMESTRE"},"content":{"rendered":"<p style=\"text-align: center\"><img loading=\"lazy\" decoding=\"async\" class=\"aligncenter wp-image-379\" src=\"http:\/\/edublog.educastur.es\/corredoria3\/files\/2020\/08\/25_sexto.png\" alt=\"\" width=\"200\" height=\"164\" srcset=\"https:\/\/edublog.educastur.es\/corredoria3\/files\/2020\/08\/25_sexto.png 424w, https:\/\/edublog.educastur.es\/corredoria3\/files\/2020\/08\/25_sexto-300x246.png 300w\" sizes=\"auto, (max-width: 200px) 100vw, 200px\" \/><\/p>\n<hr \/>\n<p>&nbsp;<\/p>\n<ul>\n<li class=\"page_item page-item-3883 page_item_has_children\"><strong><em><span style=\"font-size: 18pt\"><a href=\"https:\/\/edublog.educastur.es\/corredoria3\/6o-pri\/cultura-asturiana\/3o-trimestre\/\">3\u00ba TRIMESTRE<\/a><\/span><\/em><\/strong>\n<ul class=\"children\">\n<li class=\"page_item page-item-3920\"><em><span style=\"font-size: 18pt\"><a href=\"https:\/\/edublog.educastur.es\/corredoria3\/6o-pri\/cultura-asturiana\/3o-trimestre\/sesion-01\/\">Sesi\u00f3n 01:<\/a><\/span><\/em><strong><em><span style=\"font-size: 18pt\"><a href=\"https:\/\/edublog.educastur.es\/corredoria3\/6o-pri\/cultura-asturiana\/3o-trimestre\/sesion-01\/\"> El C\u00f3mic en Asturias<\/a><\/span><\/em><\/strong><em><span style=\"font-size: 18pt\"><a href=\"https:\/\/edublog.educastur.es\/corredoria3\/6o-pri\/cultura-asturiana\/3o-trimestre\/sesion-01\/\"> (Ruma Barbero, Efr\u00e9n d Andr\u00e9s)<\/a><\/span><\/em><\/li>\n<li><a href=\"https:\/\/edublog.educastur.es\/corredoria3\/6o-pri\/cultura-asturiana\/3o-trimestre\/sesion-01b\/\"><em><span style=\"font-size: 18pt;color: #008080\">Sesi\u00f3n 01b :<strong> La caricatura<\/strong><\/span><\/em><\/a><\/li>\n<li class=\"page_item page-item-3930\"><strong><em><span style=\"font-size: 18pt\"><a href=\"https:\/\/edublog.educastur.es\/corredoria3\/6o-pri\/cultura-asturiana\/3o-trimestre\/sesion-02\/\">Sesi\u00f3n 02: Deportes tradicionales asturianos<\/a><\/span><\/em><\/strong><\/li>\n<li class=\"page_item page-item-3940\"><strong><em><span style=\"font-size: 18pt\"><a href=\"https:\/\/edublog.educastur.es\/corredoria3\/6o-pri\/cultura-asturiana\/3o-trimestre\/sesion-03\/\">Sesi\u00f3n 03: Red Etnogr\u00e1fica de Museos Asturianos<\/a><\/span><\/em><\/strong><\/li>\n<li><a href=\"https:\/\/edublog.educastur.es\/corredoria3\/6o-pri\/cultura-asturiana\/3o-trimestre\/atlas-sonoru-ll-a\"><span style=\"color: #808080\"><em><span style=\"font-size: 18pt\">Atlas Sonoru de la Llingua Asturiana<\/span><\/em><\/span><\/a><\/li>\n<li class=\"page_item page-item-3950\"><strong><em><span style=\"font-size: 18pt\"><a href=\"https:\/\/edublog.educastur.es\/corredoria3\/6o-pri\/cultura-asturiana\/3o-trimestre\/sesion-04\/\">Sesi\u00f3n 04: Asina ye l mio cuartu<\/a><\/span><\/em><\/strong><\/li>\n<li><a href=\"https:\/\/edublog.educastur.es\/corredoria3\/6o-pri\/cultura-asturiana\/3o-trimestre\/canciu-los-fayeos\"><span style=\"font-size: 18pt;color: #008080\"><em>Canciu: <\/em><strong><em>Los fayeos de mayo<\/em><\/strong><\/span><\/a><\/li>\n<li class=\"page_item page-item-3960\"><strong><em><span style=\"font-size: 18pt\"><a href=\"https:\/\/edublog.educastur.es\/corredoria3\/6o-pri\/cultura-asturiana\/3o-trimestre\/sesion-05\/\">Sesi\u00f3n 05: Selmana de les lletres Asturianes<\/a><\/span><\/em><\/strong><\/li>\n<li class=\"page_item page-item-3970\"><strong><em><span style=\"font-size: 18pt\"><a href=\"https:\/\/edublog.educastur.es\/corredoria3\/6o-pri\/cultura-asturiana\/3o-trimestre\/sesion-06\/\">Sesi\u00f3n 06: La familia tradicional asturiana<\/a><\/span><\/em><\/strong><\/li>\n<li class=\"page_item page-item-3980\"><strong><em><span style=\"font-size: 18pt\"><a href=\"https:\/\/edublog.educastur.es\/corredoria3\/6o-pri\/cultura-asturiana\/3o-trimestre\/sesion-07\/\">Sesi\u00f3n 07: La canci\u00f3n vaqueira<\/a><\/span><\/em><\/strong><\/li>\n<li class=\"page_item page-item-3990\"><strong><em><span style=\"font-size: 18pt\"><a href=\"https:\/\/edublog.educastur.es\/corredoria3\/6o-pri\/cultura-asturiana\/3o-trimestre\/sesion-08\/\">Sesi\u00f3n 08: M\u00fasica hecha en Asturias<\/a><\/span><\/em><\/strong><\/li>\n<li class=\"page_item page-item-4000\"><a href=\"https:\/\/edublog.educastur.es\/corredoria3\/6o-pri\/cultura-asturiana\/3o-trimestre\/sesion-09\/\"><strong><em><span style=\"font-size: 18pt\">Sesi\u00f3n 09: Melchor Gaspar de Xovellanos<\/span><\/em><\/strong><\/a><\/li>\n<\/ul>\n<\/li>\n<\/ul>\n<p>&nbsp;<\/p>\n<p>&nbsp;<\/p>\n","protected":false},"excerpt":{"rendered":"<p>&nbsp; 3\u00ba TRIMESTRE Sesi\u00f3n 01: El C\u00f3mic en Asturias (Ruma Barbero, Efr\u00e9n d Andr\u00e9s) Sesi\u00f3n 01b : La caricatura Sesi\u00f3n 02: Deportes tradicionales asturianos Sesi\u00f3n 03: Red Etnogr\u00e1fica de Museos Asturianos Atlas Sonoru de la Llingua Asturiana Sesi\u00f3n 04: Asina ye l mio cuartu Canciu: Los fayeos de mayo Sesi\u00f3n 05: Selmana de les lletres [&hellip;]<\/p>\n","protected":false},"author":117,"featured_media":0,"parent":1058,"menu_order":0,"comment_status":"closed","ping_status":"closed","template":"","meta":{"footnotes":""},"class_list":["post-3883","page","type-page","status-publish","hentry","post-preview"],"_links":{"self":[{"href":"https:\/\/edublog.educastur.es\/corredoria3\/wp-json\/wp\/v2\/pages\/3883","targetHints":{"allow":["GET"]}}],"collection":[{"href":"https:\/\/edublog.educastur.es\/corredoria3\/wp-json\/wp\/v2\/pages"}],"about":[{"href":"https:\/\/edublog.educastur.es\/corredoria3\/wp-json\/wp\/v2\/types\/page"}],"author":[{"embeddable":true,"href":"https:\/\/edublog.educastur.es\/corredoria3\/wp-json\/wp\/v2\/users\/117"}],"replies":[{"embeddable":true,"href":"https:\/\/edublog.educastur.es\/corredoria3\/wp-json\/wp\/v2\/comments?post=3883"}],"version-history":[{"count":18,"href":"https:\/\/edublog.educastur.es\/corredoria3\/wp-json\/wp\/v2\/pages\/3883\/revisions"}],"predecessor-version":[{"id":4777,"href":"https:\/\/edublog.educastur.es\/corredoria3\/wp-json\/wp\/v2\/pages\/3883\/revisions\/4777"}],"up":[{"embeddable":true,"href":"https:\/\/edublog.educastur.es\/corredoria3\/wp-json\/wp\/v2\/pages\/1058"}],"wp:attachment":[{"href":"https:\/\/edublog.educastur.es\/corredoria3\/wp-json\/wp\/v2\/media?parent=3883"}],"curies":[{"name":"wp","href":"https:\/\/api.w.org\/{rel}","templated":true}]}}