{"id":3938,"date":"2021-04-01T17:56:54","date_gmt":"2021-04-01T15:56:54","guid":{"rendered":"https:\/\/edublog.educastur.es\/corredoria3\/?page_id=3938"},"modified":"2021-09-12T13:32:35","modified_gmt":"2021-09-12T11:32:35","slug":"sesion-03","status":"publish","type":"page","link":"https:\/\/edublog.educastur.es\/corredoria3\/3o-pri\/cultura-asturiana\/tercer-trimestre\/sesion-03\/","title":{"rendered":"Sesi\u00f3n 03"},"content":{"rendered":"<p style=\"text-align: center\"><span style=\"text-decoration: underline\"><span style=\"color: #008080\"><strong><em><span style=\"font-size: 18pt\">Asturias: Paisajes de costa e interior<\/span><\/em><\/strong><\/span><\/span><\/p>\n<ul>\n<li><a href=\"https:\/\/educastur-my.sharepoint.com\/:b:\/g\/personal\/isabellh_educastur_org\/EYGTJO9AW29OsvDSBqy35icB2JOaun7sXzZorjzQfUo5LQ?e=ONZ5lr\"><em><span style=\"font-size: 14pt\">Actividad en castellano<\/span><\/em><\/a><\/li>\n<li><a href=\"https:\/\/educastur-my.sharepoint.com\/:b:\/g\/personal\/isabellh_educastur_org\/EXC9ewi91Y9Pv3wJVYakGHUBXBdXjjcdheHHu7KV7J1f1A?e=Vnh8Wu\"><em><span style=\"font-size: 14pt\">Activid\u00e1 n\u00b4asturianu<\/span><\/em><\/a><\/li>\n<\/ul>\n<p style=\"text-align: center\"><em><span style=\"font-size: 18pt\"><span style=\"color: #808080\">COLORES:<\/span> <strong><span style=\"color: #0000ff\">R\u00cdOS<\/span><\/strong> \/ <strong><span style=\"color: #993300\">MONTA\u00d1AS<\/span><\/strong> \/ <span style=\"color: #339966\"><strong>Espacios protegidos<\/strong><\/span><\/span><\/em><\/p>\n<hr \/>\n<ul>\n<li><strong><u><a href=\"https:\/\/parquenacionalpicoseuropa.es\/centenario\/\">https:\/\/parquenacionalpicoseuropa.es\/centenario\/<\/a> (Picos de Europa)<\/u><\/strong><\/li>\n<\/ul>\n<p style=\"text-align: center\">\n<!-- iframe plugin v.6.0 wordpress.org\/plugins\/iframe\/ -->\n<iframe loading=\"lazy\" width=\"100%\" height=\"364\" src=\"https:\/\/www.youtube.com\/embed\/8F5PI0kQEr4\" scrolling=\"yes\" class=\"iframe-class\" frameborder=\"0\"><\/iframe>\n<\/p>\n<ul>\n<li><strong><u><a href=\"https:\/\/www.youtube.com\/watch?v=88BCDw-zw_o\">https:\/\/www.youtube.com\/watch?v=88BCDw-zw_o<\/a> (Parque de Muniellos)<\/u><\/strong><\/li>\n<\/ul>\n<p style=\"text-align: center\">\n<!-- iframe plugin v.6.0 wordpress.org\/plugins\/iframe\/ -->\n<iframe loading=\"lazy\" width=\"100%\" height=\"364\" src=\"https:\/\/www.youtube.com\/embed\/88BCDw-zw_o\" scrolling=\"yes\" class=\"iframe-class\" frameborder=\"0\"><\/iframe>\n<\/p>\n<ul>\n<li><strong><u><a href=\"https:\/\/www.youtube.com\/watch?v=9FOX1nBJiFc\">https:\/\/www.youtube.com\/watch?v=9FOX1nBJiFc<\/a> (Parque de Somiedo)<\/u><\/strong><\/li>\n<\/ul>\n<p style=\"text-align: center\">\n<!-- iframe plugin v.6.0 wordpress.org\/plugins\/iframe\/ -->\n<iframe loading=\"lazy\" width=\"100%\" height=\"364\" src=\"https:\/\/www.youtube.com\/embed\/9FOX1nBJiFc\" scrolling=\"yes\" class=\"iframe-class\" frameborder=\"0\"><\/iframe>\n<\/p>\n<ul>\n<li><strong><u><a href=\"https:\/\/www.youtube.com\/watch?v=3_PBpfcZk3Q\">https:\/\/www.youtube.com\/watch?v=3_PBpfcZk3Q<\/a> (R\u00eda de Villaviciosa)<\/u><\/strong><\/li>\n<\/ul>\n<p style=\"text-align: center\">\n<!-- iframe plugin v.6.0 wordpress.org\/plugins\/iframe\/ -->\n<iframe loading=\"lazy\" width=\"100%\" height=\"364\" src=\"https:\/\/www.youtube.com\/embed\/3_PBpfcZk3Q\" scrolling=\"yes\" class=\"iframe-class\" frameborder=\"0\"><\/iframe>\n<\/p>\n<ul>\n<li><strong><u><a href=\"https:\/\/www.youtube.com\/watch?v=0BBWA6jc-lM\">https:\/\/www.youtube.com\/watch?v=0BBWA6jc-lM<\/a> (R\u00eda del Eo)<\/u><\/strong><\/li>\n<\/ul>\n<p style=\"text-align: center\">\n<!-- iframe plugin v.6.0 wordpress.org\/plugins\/iframe\/ -->\n<iframe loading=\"lazy\" width=\"100%\" height=\"364\" src=\"https:\/\/www.youtube.com\/embed\/0BBWA6jc-lM\" scrolling=\"yes\" class=\"iframe-class\" frameborder=\"0\"><\/iframe>\n<\/p>\n<hr \/>\n<p>&nbsp;<\/p>\n<p style=\"text-align: center\"><strong><span style=\"color: #800080\"><em><span style=\"font-size: 18pt\">ANEXOS\u00a0 POR\u00a0 SI\u00a0 HACE\u00a0 FALTA\u00a0 COMPLETAR\u00a0 ALGO<\/span><\/em><\/span><\/strong><\/p>\n<ul>\n<li><span style=\"font-size: 14pt\"><span style=\"color: #999999\">Sesiones de 2\u00ba<\/span> <\/span><\/li>\n<\/ul>\n<ul>\n<li><em><a href=\"https:\/\/edublog.educastur.es\/corredoria3\/2o-pri\/cultura-asturiana\/segundo-trimestre\/sesion-04\/\">04) <strong>ASTURIAS: de Oriente \u2013 Centro \u2013 a Occidente<\/strong> (Vero)<\/a><\/em><\/li>\n<li><em><a href=\"https:\/\/edublog.educastur.es\/corredoria3\/2o-pri\/cultura-asturiana\/segundo-trimestre\/sesion-06\/\">06) <strong>ASTURIAS: Ciudades importantes: Oviedo, Gij\u00f3n, Avil\u00e9s<\/strong> (Vero)<\/a><br \/>\n<\/em><\/li>\n<li><em><a href=\"https:\/\/edublog.educastur.es\/corredoria3\/2o-pri\/cultura-asturiana\/segundo-trimestre\/sesion-7\/\">07) <strong>Asturias: Costa, R\u00edos, R\u00edas\u2026<\/strong> (Mar\u00eda)<\/a><\/em><\/li>\n<li><em><a href=\"https:\/\/edublog.educastur.es\/corredoria3\/2o-pri\/cultura-asturiana\/segundo-trimestre\/sesion-09\">09) <strong>Asturias: Valles y Monta\u00f1as<\/strong> (Mar\u00eda)<\/a><\/em><\/li>\n<li><span style=\"font-size: 14pt;color: #999999\">Sesiones de 4\u00ba&#8230;<\/span><\/li>\n<li class=\"page_item page-item-2505\"><em><a href=\"https:\/\/edublog.educastur.es\/corredoria3\/4o-pri\/cultura-asturiana\/segundo-trimestre\/sesion-06\/\">Sesi\u00f3n 06: <strong>Valles y R\u00edos\/R\u00edas <\/strong><\/a><a href=\"https:\/\/edublog.educastur.es\/corredoria3\/4o-pri\/cultura-asturiana\/segundo-trimestre\/sesion-02\/\">(Roc\u00edo)<\/a><\/em><\/li>\n<li class=\"page_item page-item-2507\"><em><a href=\"https:\/\/edublog.educastur.es\/corredoria3\/4o-pri\/cultura-asturiana\/segundo-trimestre\/sesion-07\/\">Sesi\u00f3n 07: <strong>Costas y Playas <\/strong><\/a><a href=\"https:\/\/edublog.educastur.es\/corredoria3\/4o-pri\/cultura-asturiana\/segundo-trimestre\/sesion-03\/\">(Cris)<\/a><\/em><\/li>\n<li class=\"page_item page-item-2509\"><em><a href=\"https:\/\/edublog.educastur.es\/corredoria3\/4o-pri\/cultura-asturiana\/segundo-trimestre\/sesion-08\/\">Sesi\u00f3n 08: <strong>Parques Naturales <\/strong><\/a><a href=\"https:\/\/edublog.educastur.es\/corredoria3\/4o-pri\/cultura-asturiana\/segundo-trimestre\/sesion-05\/\">(Isa)<\/a><\/em><\/li>\n<\/ul>\n<hr \/>\n<p><a href=\"https:\/\/upload.wikimedia.org\/wikipedia\/commons\/9\/9f\/Satellite_image_of_Asturies_in_January_2003.jpg\"><img loading=\"lazy\" decoding=\"async\" class=\"alignnone\" src=\"https:\/\/upload.wikimedia.org\/wikipedia\/commons\/9\/9f\/Satellite_image_of_Asturies_in_January_2003.jpg\" alt=\"\" width=\"1082\" height=\"580\" \/><\/a><\/p>\n<p><a href=\"https:\/\/i.pinimg.com\/originals\/28\/54\/7e\/28547ee5af5480b7bd66f95642c49f0b.jpg\"><img loading=\"lazy\" decoding=\"async\" class=\"alignnone\" src=\"https:\/\/i.pinimg.com\/originals\/28\/54\/7e\/28547ee5af5480b7bd66f95642c49f0b.jpg\" alt=\"\" width=\"1392\" height=\"584\" \/><\/a><\/p>\n<p><a href=\"https:\/\/pacosalinero.es\/Montanas\/Cor_Cantab.png\"><img loading=\"lazy\" decoding=\"async\" class=\"alignnone\" src=\"https:\/\/pacosalinero.es\/Montanas\/Cor_Cantab.png\" alt=\"\" width=\"1512\" height=\"1025\" \/><\/a><\/p>\n<p><a href=\"https:\/\/luisamariaarias.files.wordpress.com\/2015\/02\/mapa-fc3adsico-de-asturias.gif\"><img loading=\"lazy\" decoding=\"async\" class=\"alignnone\" src=\"https:\/\/luisamariaarias.files.wordpress.com\/2015\/02\/mapa-fc3adsico-de-asturias.gif\" alt=\"\" width=\"733\" height=\"368\" \/><\/a><\/p>\n<p><a href=\"https:\/\/2.bp.blogspot.com\/-8EiLSZ8W2iw\/W9WZcqc28_I\/AAAAAAAAItQ\/sE-bbtemHMMD4JB6DjJVrGztONwWIyMQwCPcBGAYYCw\/s1600\/mapa-geografico-de-asturias.jpg\"><img loading=\"lazy\" decoding=\"async\" class=\"alignnone\" src=\"https:\/\/2.bp.blogspot.com\/-8EiLSZ8W2iw\/W9WZcqc28_I\/AAAAAAAAItQ\/sE-bbtemHMMD4JB6DjJVrGztONwWIyMQwCPcBGAYYCw\/s1600\/mapa-geografico-de-asturias.jpg\" alt=\"\" width=\"1555\" height=\"735\" \/><\/a><\/p>\n<ul>\n<li><a href=\"https:\/\/www.entrecumbres.com\/wp-content\/uploads\/2011\/09\/litologia_cantabrica.png\"><strong><em>Ver mapa de toda la Cordillera Cant\u00e1brica<\/em><\/strong><\/a><\/li>\n<li><a href=\"https:\/\/www.entrecumbres.com\/sistemas-montanosos\/cordillera-cantabrica\/\"><strong><em>Web Cordillera Cant\u00e1brica<\/em><\/strong><\/a><\/li>\n<\/ul>\n<p><strong><em>Elementos del relieve: Las monta\u00f1as asturianas. Picos de Europa<br \/>\n<\/em><\/strong><\/p>\n<p><em>El relieve asturiano. La principal caracter\u00edstica del relieve de Asturias es la presencia de<strong><a href=\"https:\/\/cantabrianmountains.com\/wp-content\/uploads\/mapa-13-reservas-cordillera-cant%C3%A1brica.jpg\"> La Cordillera Cant\u00e1brica<\/a> (<a href=\"https:\/\/pacosalinero.es\/Montanas\/Cor_Cantab.png\">mapa<\/a>)<\/strong>, situada en el extremo sur de la provincia, recorri\u00e9ndola en toda su extensi\u00f3n de este a oeste, y de las cordilleras interiores, perpendiculares a la costa en el oeste (como la de La Bobia y la del Ra\u00f1adoiro) y paralelas a la costa en el este (como la del Cuera).<\/em><\/p>\n<p><em>En la parte este de la Cordillera Cant\u00e1brica se encuentran los<a href=\"https:\/\/kilometrosquecuentan.com\/wp-content\/uploads\/2020\/06\/picos-europa-naranjo-bulnes-1200.jpg\"><strong> Picos De Europa<\/strong><\/a>, con cumbres como <a href=\"https:\/\/www.cantabriarural.com\/wp-content\/uploads\/2016\/07\/Torre-Cerredo-Cantabria-Cantabriarural-A-800x533.jpg\"><strong>Torre Cerredo<\/strong><\/a> (la mas alta con 2.648 metros), <strong><a href=\"https:\/\/www.mountain-forecast.com\/system\/images\/25627\/large\/Pena-Ubina.jpg?1551797732\">Pe\u00f1a Ubi\u00f1a<\/a> (<\/strong><a href=\"https:\/\/rutas.elcorreo.com\/grafico\/CI01QO01-PenaUrbina-01.png\">croquis<\/a><strong>), <a href=\"https:\/\/www.mendikat.net\/store\/mountains\/8472_z96wptqjk21x5ucb.jpg\">Pe\u00f1a Santa De Castilla<\/a> o el famoso Naranjo de Bulnes<\/strong> (el <a href=\"https:\/\/i.pinimg.com\/originals\/5d\/07\/08\/5d0708761985834a44836081d52ddce8.jpg\">Picu Urriellu<\/a>).<\/em><\/p>\n<p><a href=\"https:\/\/static.wixstatic.com\/media\/0be3e1_669328d9f84f4f7281aab5f6fe8c9381~mv2.gif\"><img loading=\"lazy\" decoding=\"async\" class=\"aligncenter\" src=\"https:\/\/static.wixstatic.com\/media\/0be3e1_669328d9f84f4f7281aab5f6fe8c9381~mv2.gif\" alt=\"\" width=\"702\" height=\"448\" \/><\/a><\/p>\n<h4 class=\"font_8\"><em><strong>RELIEVE ASTURIANO. <\/strong><strong>En el relieve de Asturias podemos diferenciar varias zonas:<\/strong><\/em><\/h4>\n<h4 class=\"font_8\"><strong><br \/>\n1) <\/strong>LA ZONA LITORAL:\u00a0 Es una franja de unos 10 km de profundidad paralela a la costa y formada por las rasas y sierras litorales. Las sierras litorales se extienden desde Gij\u00f3n hacia el este siendo las m\u00e1s importantes las del Sueve y Cuera.<\/h4>\n<h4>2) LOS VALLES INTERIORES: Desde la cordillera Cant\u00e1brica se extienden numerosas sierras hacia el mar, formando profundos valles por los que discurren los principales r\u00edos asturianos. Los valles interiores m\u00e1s importantes son: Deva-Cares, Sella-Pilo\u00f1a, Nal\u00f3n-Caudal, Narcea, Esva-Canero, Navia y Eo. Entre las principales sierras interiores se encuentran las de: Bobia, Ra\u00f1adoiro, Acebo, Aramo y Ponga.<\/h4>\n<h4>3) CORDILLERA CANT\u00c1BRICA: Las principales altitudes del Principado de Asturias se encuentran situadas en la zona oriental de la Cordillera Cant\u00e1brica en la parte conocida como Picos de Europa, donde se superan los 2000 m de altitud. El monte m\u00e1s alto de Asturias es Torrecerredo con 2648 m y uno de los m\u00e1s conocidos es el Naranjo de Bulnes o Picu Urriellu con 2519 m. Si nos fijamos en los montes situados fuera de la zona de Picos de Europa cabe destacar Pe\u00f1a Ubi\u00f1a con 2417 m. Para atravesar la cordillera nos encontramos varios puertos de monta\u00f1a como son: Pajares, San Isidro, Leitariegos, Tarna, Ventana y Pont\u00f3n entre otros.<\/h4>\n<ul>\n<li><em><strong>CONCEPTO DE RELIEVE: <\/strong><\/em><em>El relieve, dentro de la geograf\u00eda, es sin\u00f3nimo de accidentes geogr\u00e1ficos. El relieve es una<strong> textura sobresaliente de una superficie<\/strong>.\u00a0 Es el aspecto de la superficie terrestre, es decir, <strong>las formas que presenta la Tierra<\/strong>,\u00a0 que se representa en mapas\u00a0 topogr\u00e1ficos. <\/em><\/li>\n<\/ul>\n<hr \/>\n<p><a href=\"https:\/\/i.pinimg.com\/originals\/99\/80\/bd\/9980bde565229a012354052a59f10c78.png\"><img loading=\"lazy\" decoding=\"async\" class=\"alignnone\" src=\"https:\/\/i.pinimg.com\/originals\/99\/80\/bd\/9980bde565229a012354052a59f10c78.png\" alt=\"\" width=\"549\" height=\"422\" \/><\/a><\/p>\n<p><a href=\"https:\/\/arc-anglerfish-arc2-prod-abccolor.s3.amazonaws.com\/public\/VOIFW43VJRHNPHB4VI5RX3MNAU.jpg\"><img loading=\"lazy\" decoding=\"async\" class=\"alignnone\" src=\"https:\/\/arc-anglerfish-arc2-prod-abccolor.s3.amazonaws.com\/public\/VOIFW43VJRHNPHB4VI5RX3MNAU.jpg\" alt=\"\" width=\"561\" height=\"325\" \/><\/a><\/p>\n<p><a href=\"https:\/\/i.pinimg.com\/originals\/62\/92\/e3\/6292e341122d8aaae391290cd3ce584f.gif\"><img loading=\"lazy\" decoding=\"async\" class=\"alignnone\" src=\"https:\/\/i.pinimg.com\/originals\/62\/92\/e3\/6292e341122d8aaae391290cd3ce584f.gif\" alt=\"\" width=\"700\" height=\"428\" \/><\/a><\/p>\n<p><a href=\"https:\/\/2.bp.blogspot.com\/-QsJ2FQHLHcI\/UyHumhdq17I\/AAAAAAAAud4\/OErEvKZIm3U\/s1600\/PAISAJE+11.jpg\"><img loading=\"lazy\" decoding=\"async\" class=\"alignnone\" src=\"https:\/\/2.bp.blogspot.com\/-QsJ2FQHLHcI\/UyHumhdq17I\/AAAAAAAAud4\/OErEvKZIm3U\/s1600\/PAISAJE+11.jpg\" alt=\"\" width=\"673\" height=\"486\" \/><\/a><\/p>\n<p><a href=\"https:\/\/cloud.educaplay.com\/recursos\/87\/2801684\/imagen_1_1486394713.jpg\"><img loading=\"lazy\" decoding=\"async\" class=\"alignnone\" src=\"https:\/\/cloud.educaplay.com\/recursos\/87\/2801684\/imagen_1_1486394713.jpg\" alt=\"\" width=\"551\" height=\"508\" \/><\/a><\/p>\n<ul>\n<li><a href=\"https:\/\/www.youtube.com\/watch?v=HvaAZDmwXV0\">VIDEO: Paisaje de interior y de costa<\/a><\/li>\n<\/ul>\n<p><a href=\"https:\/\/cerebriti.b-cdn.net\/uploads\/e03b9531f804b2eefce1ca9e9cb220521.jpg\"><img loading=\"lazy\" decoding=\"async\" class=\"alignnone\" src=\"https:\/\/cerebriti.b-cdn.net\/uploads\/e03b9531f804b2eefce1ca9e9cb220521.jpg\" alt=\"\" width=\"708\" height=\"453\" \/><\/a><\/p>\n\n<!-- iframe plugin v.6.0 wordpress.org\/plugins\/iframe\/ -->\n<iframe loading=\"lazy\" width=\"100%\" height=\"364\" src=\"https:\/\/www.youtube.com\/embed\/HvaAZDmwXV0\" scrolling=\"yes\" class=\"iframe-class\" frameborder=\"0\"><\/iframe>\n\n<hr \/>\n<p><strong><em>Ahora que tenemos claro cu\u00e1les son los elementos del paisaje de interior,<br \/>\nveamos algunas fotos de sitios de Asturias:<\/em><\/strong><\/p>\n<ul>\n<li><strong><em>Cordillera Cant\u00e1brica<\/em><\/strong><\/li>\n<\/ul>\n<p><a href=\"https:\/\/upload.wikimedia.org\/wikipedia\/commons\/thumb\/5\/53\/Primeras_nieves_en_el_Macizo_Central_adjusted.jpg\/1200px-Primeras_nieves_en_el_Macizo_Central_adjusted.jpg\"><img loading=\"lazy\" decoding=\"async\" class=\"alignnone\" src=\"https:\/\/upload.wikimedia.org\/wikipedia\/commons\/thumb\/5\/53\/Primeras_nieves_en_el_Macizo_Central_adjusted.jpg\/1200px-Primeras_nieves_en_el_Macizo_Central_adjusted.jpg\" alt=\"\" width=\"1200\" height=\"900\" \/><\/a><\/p>\n<p><a href=\"https:\/\/live.staticflickr.com\/65535\/48908868622_21968c1551_b.jpg\"><img loading=\"lazy\" decoding=\"async\" class=\"alignnone\" src=\"https:\/\/live.staticflickr.com\/65535\/48908868622_21968c1551_b.jpg\" alt=\"\" width=\"1024\" height=\"397\" \/><\/a><\/p>\n<hr \/>\n<p><strong><em>Sierra de Bobia, en el l\u00edmite entre los concejos asturianos<br \/>\nde Castropol y Villanueva de Oscos<\/em> <\/strong><\/p>\n<p><a href=\"https:\/\/3.bp.blogspot.com\/-PrsaV3gS8Ks\/WE2yL8eHahI\/AAAAAAAA3SI\/nD6Zw6Ih4eQI1VoM9umjDrLxAIv_RzUIQCPcB\/s800\/caranga%2B%252840%2529.jpg\"><img loading=\"lazy\" decoding=\"async\" class=\"alignnone\" src=\"https:\/\/3.bp.blogspot.com\/-PrsaV3gS8Ks\/WE2yL8eHahI\/AAAAAAAA3SI\/nD6Zw6Ih4eQI1VoM9umjDrLxAIv_RzUIQCPcB\/s800\/caranga%2B%252840%2529.jpg\" alt=\"\" width=\"800\" height=\"416\" \/><\/a><\/p>\n<p><a href=\"https:\/\/guiadeasturias.com\/wp-content\/uploads\/2017\/09\/12804857_545808778933231_7090471498709534747_n.jpg\"><img loading=\"lazy\" decoding=\"async\" class=\"alignnone\" src=\"https:\/\/guiadeasturias.com\/wp-content\/uploads\/2017\/09\/12804857_545808778933231_7090471498709534747_n.jpg\" alt=\"\" width=\"794\" height=\"595\" \/><\/a><\/p>\n<p><strong><em>Ra\u00f1adoiro, Cangas de Narcea<\/em><\/strong><\/p>\n<p><a href=\"https:\/\/upload.wikimedia.org\/wikipedia\/commons\/6\/6d\/Ra%C3%B1adoiro.jpg\"><img loading=\"lazy\" decoding=\"async\" class=\"alignnone\" src=\"https:\/\/upload.wikimedia.org\/wikipedia\/commons\/6\/6d\/Ra%C3%B1adoiro.jpg\" alt=\"\" width=\"900\" height=\"582\" \/><\/a><\/p>\n<hr \/>\n<p><strong><em>Sierra del Cuera, en los concejos asturianos de Cabrales,<br \/>\nLlanes, Pe\u00f1amellera Alta, Pe\u00f1amellera Baja y Ribadedeva<\/em><\/strong><\/p>\n<p><a href=\"http:\/\/2.bp.blogspot.com\/-1nGse6IKC2g\/TynEfc-ivCI\/AAAAAAAANHI\/QPLWtGs1yE8\/s1600\/Asturias+-+Torbina+Googleearth+1.jpg\"><img loading=\"lazy\" decoding=\"async\" class=\"alignnone\" src=\"http:\/\/2.bp.blogspot.com\/-1nGse6IKC2g\/TynEfc-ivCI\/AAAAAAAANHI\/QPLWtGs1yE8\/s1600\/Asturias+-+Torbina+Googleearth+1.jpg\" alt=\"\" width=\"800\" height=\"489\" \/><\/a><\/p>\n<p><a href=\"https:\/\/www.picoseuropa.net\/picos-sierras-costeras\/turbina\/turbina-asturias-0341-d56.jpg\"><img loading=\"lazy\" decoding=\"async\" class=\"alignnone\" src=\"https:\/\/www.picoseuropa.net\/picos-sierras-costeras\/turbina\/turbina-asturias-0341-d56.jpg\" alt=\"\" width=\"1000\" height=\"665\" \/><\/a><\/p>\n<p><a href=\"https:\/\/www.turismodeobservacion.com\/media\/fotografias\/sierra-del-cuera-asturias-paraiso-natural-43383-xl.jpg\"><img loading=\"lazy\" decoding=\"async\" class=\"alignnone\" src=\"https:\/\/www.turismodeobservacion.com\/media\/fotografias\/sierra-del-cuera-asturias-paraiso-natural-43383-xl.jpg\" alt=\"\" width=\"1200\" height=\"900\" \/><\/a><\/p>\n<hr \/>\n<p><strong><em>Sierra del Sueve, por los concejos asturianos<br \/>\nde Colunga, Caravia, Ribadesella, Parres y Pilo\u00f1a.<\/em><\/strong><\/p>\n<p><a href=\"https:\/\/aws.traveler.es\/prod\/designs\/v1\/assets\/1800x1200\/114792.jpg\"><img loading=\"lazy\" decoding=\"async\" class=\"alignnone\" src=\"https:\/\/aws.traveler.es\/prod\/designs\/v1\/assets\/1800x1200\/114792.jpg\" alt=\"\" width=\"1800\" height=\"1200\" \/><\/a><\/p>\n<p><a href=\"https:\/\/upload.wikimedia.org\/wikipedia\/commons\/d\/df\/Panoasturias.jpg\"><img loading=\"lazy\" decoding=\"async\" class=\"alignnone\" src=\"https:\/\/upload.wikimedia.org\/wikipedia\/commons\/d\/df\/Panoasturias.jpg\" alt=\"\" width=\"2672\" height=\"1087\" \/><\/a><\/p>\n<p><a href=\"https:\/\/www.turismodeobservacion.com\/media\/fotografias\/nombres-de-los-montes-de-sierra-del-sueve-desde-el-pico-pierzu-asturias-90322-xl.jpg\"><img loading=\"lazy\" decoding=\"async\" class=\"alignnone\" src=\"https:\/\/www.turismodeobservacion.com\/media\/fotografias\/nombres-de-los-montes-de-sierra-del-sueve-desde-el-pico-pierzu-asturias-90322-xl.jpg\" alt=\"\" width=\"1200\" height=\"905\" \/><\/a><\/p>\n<hr \/>\n<p><strong><em>Mapa de parques y Reservas de la Biosfera<\/em><\/strong><\/p>\n<p><a href=\"https:\/\/3.bp.blogspot.com\/-d5ijVVPY26E\/XrVXty5lxCI\/AAAAAAAAL3c\/YD4Q9fMKfbMvlrrAqTrfEw5cLNKK-m75ACLcBGAsYHQ\/s1600\/titulo%2Bpost.jpg\"><img loading=\"lazy\" decoding=\"async\" class=\"alignnone\" src=\"https:\/\/3.bp.blogspot.com\/-d5ijVVPY26E\/XrVXty5lxCI\/AAAAAAAAL3c\/YD4Q9fMKfbMvlrrAqTrfEw5cLNKK-m75ACLcBGAsYHQ\/s1600\/titulo%2Bpost.jpg\" alt=\"\" width=\"1450\" height=\"927\" \/><\/a><\/p>\n<p><a href=\"https:\/\/edublog.educastur.es\/corredoria3\/4o-pri\/cultura-asturiana\/segundo-trimestre\/sesion-08\/\"><strong><em>Enlace a sesi\u00f3n 4\u00ba ESPACIOS PROTEGIDOS ASTURIAS<\/em><\/strong><\/a><\/p>\n<hr \/>\n<p><strong><em>Picos de Europa<\/em><\/strong><\/p>\n<p><a href=\"https:\/\/thetrekkinglife.com\/images\/meteo\/mapa-montana-picoseuropa.png\"><img loading=\"lazy\" decoding=\"async\" class=\"alignnone\" src=\"https:\/\/thetrekkinglife.com\/images\/meteo\/mapa-montana-picoseuropa.png\" alt=\"\" width=\"400\" height=\"318\" \/><\/a><\/p>\n<p><a href=\"https:\/\/www.picoseuropa.net\/plano\/picos.gif\"><img loading=\"lazy\" decoding=\"async\" class=\"alignnone\" src=\"https:\/\/www.picoseuropa.net\/plano\/picos.gif\" alt=\"\" width=\"512\" height=\"363\" \/><\/a><\/p>\n<p><a href=\"https:\/\/elviajero.elpais.com\/elviajero\/imagenes\/2018\/07\/05\/actualidad\/1530779337_989745_1530808001_sumario_grande.jpg\"><img loading=\"lazy\" decoding=\"async\" class=\"alignnone\" src=\"https:\/\/elviajero.elpais.com\/elviajero\/imagenes\/2018\/07\/05\/actualidad\/1530779337_989745_1530808001_sumario_grande.jpg\" alt=\"\" width=\"1200\" height=\"932\" \/><\/a><\/p>\n<ul>\n<li><a href=\"https:\/\/earth.google.com\/web\/search\/Picos+de+Europa+National+Park\/@43.18721495,-4.83837995,2411.99951334a,8474.94705234d,35y,0h,0t,0r\/data=CigiJgokCRmqkyHzo0VAEXPLPYF2lEVAGQo3NLOBMxPAIYx9aXsGsxPA\">Ir a PICOS DE EUROPA con google Earth<\/a><\/li>\n<li><a href=\"https:\/\/www.turismoasturias.es\/blog\/-\/blogs\/guia-para-visitar-covadonga-los-lagos-y-alrededores\">Gu\u00eda para visitar los Picos de Europa<\/a><\/li>\n<li><strong><em>LAGOS:<\/em><\/strong> <a href=\"https:\/\/www.turismoasturias.es\/descubre\/naturaleza\/otros-espacios\/lagos\/\">ficha,\u00a0<\/a><\/li>\n<li><strong><em>Lago Enol: <a href=\"https:\/\/www.turismoasturias.es\/descubre\/naturaleza\/otros-espacios\/lagos\/lago-enol\">ficha<\/a>, <a href=\"https:\/\/earth.google.com\/web\/search\/lag+enol\/@43.272067,-4.99141645,1073.0372892a,744.20101295d,35y,0h,45t,0r\/data=CnIaSBJCCiQweGQ0OWQ5NmU4ZmI2MTIxNToweGY4ZjYzZTU5NmNmNzE2MDkZgq9DkN6iRUAh6h7ZXDX3E8AqCGxhZyBlbm9sGAIgASImCiQJZtmueembRUARltaJVgGURUAZ0oz-z4D6EsAhP20YvH-6E8AoAg\">Google Earth<\/a><\/em><\/strong><\/li>\n<\/ul>\n<p><a href=\"https:\/\/kilometrosquecuentan.com\/wp-content\/uploads\/2020\/06\/picos-europa-naranjo-bulnes.jpg\"><img loading=\"lazy\" decoding=\"async\" class=\"alignnone\" src=\"https:\/\/kilometrosquecuentan.com\/wp-content\/uploads\/2020\/06\/picos-europa-naranjo-bulnes.jpg\" alt=\"\" width=\"1280\" height=\"500\" \/><\/a><\/p>\n<p><a href=\"https:\/\/www.turismoasturias.es\/documents\/11022\/4116940\/home-biosfera.jpg\"><img loading=\"lazy\" decoding=\"async\" class=\"alignnone\" src=\"https:\/\/www.turismoasturias.es\/documents\/11022\/4116940\/home-biosfera.jpg\" alt=\"\" width=\"1920\" height=\"750\" \/><\/a><\/p>\n<hr \/>\n<p><strong><em>Torrecerredo<\/em><\/strong><\/p>\n<p><a href=\"https:\/\/www.cantabriarural.com\/wp-content\/uploads\/2016\/07\/Torre-Cerredo-Cantabria-Cantabriarural-A-800x533.jpg\"><img loading=\"lazy\" decoding=\"async\" class=\"alignnone\" src=\"https:\/\/www.cantabriarural.com\/wp-content\/uploads\/2016\/07\/Torre-Cerredo-Cantabria-Cantabriarural-A-800x533.jpg\" alt=\"\" width=\"800\" height=\"533\" \/><\/a><\/p>\n<hr \/>\n<p><strong><em>Valle del Nal\u00f3n<\/em><\/strong><\/p>\n<p><a href=\"http:\/\/mineriaypaisaje.com\/wp-content\/uploads\/2013\/03\/b11_unidades_nalon.jpg\"><img loading=\"lazy\" decoding=\"async\" class=\"alignnone\" src=\"http:\/\/mineriaypaisaje.com\/wp-content\/uploads\/2013\/03\/b11_unidades_nalon.jpg\" alt=\"\" width=\"1220\" height=\"1028\" \/><\/a><\/p>\n<p><a href=\"https:\/\/www.valledelnalon.es\/image\/journal\/article?img_id=3573886&amp;t=1508848219735\"><img loading=\"lazy\" decoding=\"async\" class=\"alignnone\" src=\"https:\/\/www.valledelnalon.es\/image\/journal\/article?img_id=3573886&amp;t=1508848219735\" alt=\"\" width=\"2657\" height=\"1772\" \/><\/a><\/p>\n<p><a href=\"https:\/\/ucmedia.er2.co\/es\/des-main\/193\/960\/38582.jpg?1616935289\"><img loading=\"lazy\" decoding=\"async\" class=\"alignnone\" src=\"https:\/\/ucmedia.er2.co\/es\/des-main\/193\/960\/38582.jpg?1616935289\" alt=\"\" width=\"960\" height=\"332\" \/><\/a><\/p>\n<hr \/>\n<p><strong><em>R\u00edo Nal\u00f3n<\/em><\/strong><\/p>\n<p><a href=\"https:\/\/www.chcantabrico.es\/image\/journal\/article?img_id=524129&amp;t=1577359488761\"><img loading=\"lazy\" decoding=\"async\" class=\"alignnone\" src=\"https:\/\/www.chcantabrico.es\/image\/journal\/article?img_id=524129&amp;t=1577359488761\" alt=\"\" width=\"900\" height=\"555\" \/><\/a><\/p>\n<p><a href=\"https:\/\/riosdelplaneta.com\/wp-content\/uploads\/2017\/11\/R%C3%ADo-Nalon-00.jpg\"><img loading=\"lazy\" decoding=\"async\" class=\"alignnone\" src=\"https:\/\/riosdelplaneta.com\/wp-content\/uploads\/2017\/11\/R%C3%ADo-Nalon-00.jpg\" alt=\"\" width=\"708\" height=\"449\" \/><\/a><\/p>\n<p><a href=\"https:\/\/www.turismoasturias.es\/documents\/11022\/364687\/R%C3%ADo+Nal%C3%B3n+a+su+paso+por+Pravia.jpg\/d3fad6e8-9ee2-4863-b62b-5c1720113890?t=1568721150148\"><img loading=\"lazy\" decoding=\"async\" class=\"alignnone\" src=\"https:\/\/www.turismoasturias.es\/documents\/11022\/364687\/R%C3%ADo+Nal%C3%B3n+a+su+paso+por+Pravia.jpg\/d3fad6e8-9ee2-4863-b62b-5c1720113890?t=1568721150148\" alt=\"\" width=\"708\" height=\"449\" \/><\/a><\/p>\n<hr \/>\n<p><strong><em>Puerto de Tarna<\/em><\/strong><\/p>\n<p><a href=\"https:\/\/s0.wklcdn.com\/image_1\/33207\/9178985\/5440293.jpg\"><img loading=\"lazy\" decoding=\"async\" class=\"alignnone\" src=\"https:\/\/s0.wklcdn.com\/image_1\/33207\/9178985\/5440293.jpg\" alt=\"\" width=\"700\" height=\"394\" \/><\/a><\/p>\n<p><a href=\"https:\/\/mapio.net\/images-p\/5480785.jpg\"><img loading=\"lazy\" decoding=\"async\" class=\"alignnone\" src=\"https:\/\/mapio.net\/images-p\/5480785.jpg\" alt=\"\" width=\"1024\" height=\"682\" \/><\/a><\/p>\n<hr \/>\n<p><strong><em>Valle de Narcea<\/em><\/strong><\/p>\n<p><a href=\"https:\/\/www.deaceboyjara.com\/wp-content\/uploads\/2020\/06\/valle-de-naviego-cangas-del-narcea-021.jpg\"><img loading=\"lazy\" decoding=\"async\" class=\"alignnone\" src=\"https:\/\/www.deaceboyjara.com\/wp-content\/uploads\/2020\/06\/valle-de-naviego-cangas-del-narcea-021.jpg\" alt=\"\" width=\"750\" height=\"474\" \/><\/a><\/p>\n<p><em>oso pardo<\/em><\/p>\n<p><a href=\"https:\/\/www.asturiasmundial.com\/noticias\/fotos\/29620_1_thumb.jpg\"><img loading=\"lazy\" decoding=\"async\" class=\"alignnone\" src=\"https:\/\/www.asturiasmundial.com\/noticias\/fotos\/29620_1_thumb.jpg\" alt=\"\" width=\"770\" height=\"380\" \/><\/a><\/p>\n<p><a href=\"https:\/\/estaticos-cdn.elperiodico.com\/clip\/c25da914-5e4b-405b-a2d4-9e46cea1c941_alta-libre-aspect-ratio_default_0.jpg\"><img loading=\"lazy\" decoding=\"async\" class=\"alignnone\" src=\"https:\/\/estaticos-cdn.elperiodico.com\/clip\/c25da914-5e4b-405b-a2d4-9e46cea1c941_alta-libre-aspect-ratio_default_0.jpg\" alt=\"\" width=\"1200\" height=\"670\" \/><\/a><\/p>\n<p><a href=\"https:\/\/edublog.educastur.es\/ixuxu\/2021\/04\/tres-esbardos-baillando-nel-mediu-del-bosque\/\"><strong><em>Curiosidad&#8230; osos jugando y a dos patas. VER<\/em><\/strong><\/a><\/p>\n<hr \/>\n<p><strong><em>Teberga<\/em><\/strong><\/p>\n<p>&nbsp;<\/p>\n<p><a href=\"https:\/\/tevergaturismo.es\/wp-content\/uploads\/teverga-puertos.jpg\"><img loading=\"lazy\" decoding=\"async\" class=\"alignnone\" src=\"https:\/\/tevergaturismo.es\/wp-content\/uploads\/teverga-puertos.jpg\" alt=\"\" width=\"850\" height=\"920\" \/><\/a><\/p>\n<p data-wp-editing=\"1\"><a href=\"https:\/\/www.conmishijos.com\/assets\/planes\/3000\/3799-parque-de-la-prehistoria-de-teverga-asturias.jpg\"><img loading=\"lazy\" decoding=\"async\" class=\"alignnone\" src=\"https:\/\/www.conmishijos.com\/assets\/planes\/3000\/3799-parque-de-la-prehistoria-de-teverga-asturias.jpg\" alt=\"\" width=\"600\" height=\"450\" \/><\/a><a href=\"http:\/\/parquedelaprehistoria.es\/es\/noticias\/696\/el-parque-de-la-prehistoria-de-teverga-celebra-jornadas-de-puertas-abiertas-.html\"><strong>web<\/strong><\/a><\/p>\n<p><strong><em>Senda del Oso<\/em><\/strong><\/p>\n<p><a href=\"https:\/\/sendadelosoenbicicleta.com\/wp-content\/uploads\/2020\/02\/plano_senda_big.png\"><img loading=\"lazy\" decoding=\"async\" class=\"alignnone\" src=\"https:\/\/sendadelosoenbicicleta.com\/wp-content\/uploads\/2020\/02\/plano_senda_big.png\" alt=\"\" width=\"800\" height=\"742\" \/><\/a><\/p>\n<p><a href=\"https:\/\/aws.traveler.es\/prod\/designs\/v1\/assets\/940x940\/159676.jpg\"><img loading=\"lazy\" decoding=\"async\" class=\"alignnone\" src=\"https:\/\/aws.traveler.es\/prod\/designs\/v1\/assets\/940x940\/159676.jpg\" alt=\"\" width=\"940\" height=\"940\" \/><\/a><\/p>\n<p><a href=\"https:\/\/www.viajamosjuntos.net\/wp-content\/uploads\/2017\/06\/SendaDelOso-6.jpg\"><img loading=\"lazy\" decoding=\"async\" class=\"alignnone\" src=\"https:\/\/www.viajamosjuntos.net\/wp-content\/uploads\/2017\/06\/SendaDelOso-6.jpg\" alt=\"\" width=\"800\" height=\"449\" \/><\/a><\/p>\n<hr \/>\n<p><strong><em>Valle de los Oscos<\/em><\/strong><\/p>\n<p><a href=\"https:\/\/www.turismoasturias.es\/documents\/11022\/5165108\/Portada-LOS-OSCOS.jpg\/98530152-cfcb-4000-ad6b-579703bb0dd3?t=1594208323401\"><img loading=\"lazy\" decoding=\"async\" class=\"alignnone\" src=\"https:\/\/www.turismoasturias.es\/documents\/11022\/5165108\/Portada-LOS-OSCOS.jpg\/98530152-cfcb-4000-ad6b-579703bb0dd3?t=1594208323401\" alt=\"\" width=\"868\" height=\"461\" \/><\/a><\/p>\n<p><a href=\"https:\/\/www.laviajeraempedernida.com\/wp-content\/uploads\/2016\/10\/OscosEo3.jpg\"><img loading=\"lazy\" decoding=\"async\" class=\"alignnone\" src=\"https:\/\/www.laviajeraempedernida.com\/wp-content\/uploads\/2016\/10\/OscosEo3.jpg\" alt=\"\" width=\"708\" height=\"449\" \/><\/a><\/p>\n<p><em>Ruta del Silencio<\/em><\/p>\n<p><a href=\"https:\/\/2.bp.blogspot.com\/-L4kJ2t9nafc\/Vk49AYgr5lI\/AAAAAAAAI1I\/JNAHEbojkmU\/s1600\/Los%2BOscos%2BRuta%2Bdel%2BSilencio%2B%252836%2529.JPG\"><img loading=\"lazy\" decoding=\"async\" class=\"alignnone\" src=\"https:\/\/2.bp.blogspot.com\/-L4kJ2t9nafc\/Vk49AYgr5lI\/AAAAAAAAI1I\/JNAHEbojkmU\/s1600\/Los%2BOscos%2BRuta%2Bdel%2BSilencio%2B%252836%2529.JPG\" alt=\"\" width=\"1280\" height=\"854\" \/><\/a><\/p>\n<p><a href=\"https:\/\/c1.staticflickr.com\/3\/2874\/34164360345_b6c2b64c19_c.jpg\"><img loading=\"lazy\" decoding=\"async\" class=\"alignnone\" src=\"https:\/\/c1.staticflickr.com\/3\/2874\/34164360345_b6c2b64c19_c.jpg\" alt=\"\" width=\"800\" height=\"520\" \/><\/a><\/p>\n<p><a href=\"http:\/\/www.oscoseoturismo.com\/que-ver-y-que-hacer\/ecomuseo-del-pan\/\"><em>Eco-Museo del pan <strong>web<\/strong><\/em><\/a><\/p>\n<p><a href=\"http:\/\/www.oscoseoturismo.com\/wp-content\/uploads\/2017\/03\/ecomuseo-del-pan1-1.jpg\"><img loading=\"lazy\" decoding=\"async\" class=\"alignnone\" src=\"http:\/\/www.oscoseoturismo.com\/wp-content\/uploads\/2017\/03\/ecomuseo-del-pan1-1.jpg\" alt=\"\" width=\"900\" height=\"600\" \/><\/a><\/p>\n<p><a href=\"https:\/\/www.turismoasturias.es\/documents\/11022\/76508\/EcomuseoPan_02.jpg\/889bdb9b-aa0a-4b76-8cbc-1ea5fa828aef?t=1397571984791\"><img loading=\"lazy\" decoding=\"async\" class=\"alignnone\" src=\"https:\/\/www.turismoasturias.es\/documents\/11022\/76508\/EcomuseoPan_02.jpg\/889bdb9b-aa0a-4b76-8cbc-1ea5fa828aef?t=1397571984791\" alt=\"\" width=\"708\" height=\"449\" \/><\/a><\/p>\n<p>&nbsp;<\/p>\n<hr \/>\n<p><strong><em>\u00a0<\/em><\/strong><\/p>\n<p>&nbsp;<\/p>\n","protected":false},"excerpt":{"rendered":"<p>Asturias: Paisajes de costa e interior Actividad en castellano Activid\u00e1 n\u00b4asturianu COLORES: R\u00cdOS \/ MONTA\u00d1AS \/ Espacios protegidos https:\/\/parquenacionalpicoseuropa.es\/centenario\/ (Picos de Europa) https:\/\/www.youtube.com\/watch?v=88BCDw-zw_o (Parque de Muniellos) https:\/\/www.youtube.com\/watch?v=9FOX1nBJiFc (Parque de Somiedo) https:\/\/www.youtube.com\/watch?v=3_PBpfcZk3Q (R\u00eda de Villaviciosa) https:\/\/www.youtube.com\/watch?v=0BBWA6jc-lM (R\u00eda del Eo) &nbsp; ANEXOS\u00a0 POR\u00a0 SI\u00a0 HACE\u00a0 FALTA\u00a0 COMPLETAR\u00a0 ALGO Sesiones de 2\u00ba 04) ASTURIAS: de Oriente \u2013 Centro [&hellip;]<\/p>\n","protected":false},"author":117,"featured_media":0,"parent":3877,"menu_order":0,"comment_status":"closed","ping_status":"closed","template":"","meta":{"footnotes":""},"class_list":["post-3938","page","type-page","status-publish","hentry","post-preview"],"_links":{"self":[{"href":"https:\/\/edublog.educastur.es\/corredoria3\/wp-json\/wp\/v2\/pages\/3938","targetHints":{"allow":["GET"]}}],"collection":[{"href":"https:\/\/edublog.educastur.es\/corredoria3\/wp-json\/wp\/v2\/pages"}],"about":[{"href":"https:\/\/edublog.educastur.es\/corredoria3\/wp-json\/wp\/v2\/types\/page"}],"author":[{"embeddable":true,"href":"https:\/\/edublog.educastur.es\/corredoria3\/wp-json\/wp\/v2\/users\/117"}],"replies":[{"embeddable":true,"href":"https:\/\/edublog.educastur.es\/corredoria3\/wp-json\/wp\/v2\/comments?post=3938"}],"version-history":[{"count":9,"href":"https:\/\/edublog.educastur.es\/corredoria3\/wp-json\/wp\/v2\/pages\/3938\/revisions"}],"predecessor-version":[{"id":4715,"href":"https:\/\/edublog.educastur.es\/corredoria3\/wp-json\/wp\/v2\/pages\/3938\/revisions\/4715"}],"up":[{"embeddable":true,"href":"https:\/\/edublog.educastur.es\/corredoria3\/wp-json\/wp\/v2\/pages\/3877"}],"wp:attachment":[{"href":"https:\/\/edublog.educastur.es\/corredoria3\/wp-json\/wp\/v2\/media?parent=3938"}],"curies":[{"name":"wp","href":"https:\/\/api.w.org\/{rel}","templated":true}]}}