{"id":4295,"date":"2021-05-02T12:35:22","date_gmt":"2021-05-02T10:35:22","guid":{"rendered":"https:\/\/edublog.educastur.es\/corredoria3\/?page_id=4295"},"modified":"2021-05-02T13:43:22","modified_gmt":"2021-05-02T11:43:22","slug":"canciu-los-fayeos","status":"publish","type":"page","link":"https:\/\/edublog.educastur.es\/corredoria3\/6o-pri\/cultura-asturiana\/3o-trimestre\/canciu-los-fayeos\/","title":{"rendered":"Canciu: los fayeos&#8230;"},"content":{"rendered":"<p style=\"text-align: center\">\n<!-- iframe plugin v.6.0 wordpress.org\/plugins\/iframe\/ -->\n<iframe loading=\"lazy\" width=\"100%\" height=\"364\" src=\"https:\/\/www.youtube.com\/embed\/7u5jntsRBsE\" scrolling=\"yes\" class=\"iframe-class\" frameborder=\"0\"><\/iframe>\n<\/p>\n<p><em><strong>Nel Campu Nacen Flores \u00b7 Lucas 15<\/strong><br \/>\n<\/em>\/ \u2117 2007 Lloria Discos\u00a0 \/ Mixer y Producer: Xel Pereda<br \/>\nComposer y Lyricist: Traditional \/<a href=\"https:\/\/www.youtube.com\/watch?v=7u5jntsRBsE\"> ver en Yoytube<\/a><\/p>\n<p style=\"text-align: center\"><span style=\"font-size: 18pt;color: #008080\"><em><span style=\"text-decoration: underline\"><strong>Los fayeos de mayo<\/strong><\/span> (Canci\u00f3n de<strong> Felpeyu<\/strong>)<\/em><\/span><\/p>\n<ul>\n<li><a href=\"https:\/\/www.youtube.com\/watch?v=e0xVS4-VAnI\">Enllaz Youtube<\/a><\/li>\n<li><a href=\"https:\/\/educastur-my.sharepoint.com\/:v:\/g\/personal\/isabellh_educastur_org\/EfXxPKWxghVMqDVz4y7E_WwBqZdnD6gTY3-PSJZuLmiB4A?e=jwd7ca\">Enllaz audio<\/a><\/li>\n<li><span style=\"font-size: 14pt\"><strong><em><a href=\"https:\/\/educastur-my.sharepoint.com\/:b:\/g\/personal\/isabellh_educastur_org\/EQIGpehPxzNNiDGQy5wmXyIBMYYe6i4xpV1TquV30pHBxg?e=CBNwXW\">VER\u00a0 LLETRA<\/a><\/em><\/strong><\/span><\/li>\n<\/ul>\n<div>\n<div class=\"Kot7x\">\n<div id=\"kp-wp-tab-cont-overview\" class=\"SoydSe\" data-hveid=\"CAYQAw\" data-ved=\"2ahUKEwiOtZGlvKrwAhUR8hQKHVBMBz4QydoBKAB6BAgGEAM\">\n<div id=\"kp-wp-tab-overview\" data-hveid=\"CAYQBA\" data-ved=\"2ahUKEwiOtZGlvKrwAhUR8hQKHVBMBz4Qkt4BKAB6BAgGEAQ\">\n<div class=\"TzHB6b cLjAic LMRCfc\" data-hveid=\"CAUQAA\" data-ved=\"2ahUKEwiOtZGlvKrwAhUR8hQKHVBMBz4Qy9oBKAB6BAgFEAA\">\n<div class=\"sATSHe\">\n<div>\n<div class=\"LuVEUc B03h3d P6OZi V14nKc ptcLIOszQJu__wholepage-card wp-ms\" data-hveid=\"CAUQAQ\">\n<div class=\"UDZeY OTFaAf\">\n<div class=\"wDYxhc NFQFxe\" lang=\"es-ES\" data-attrid=\"kc:\/music\/recording_cluster:lyrics\" data-md=\"113\">\n<div data-hveid=\"CAMQAA\" data-ved=\"2ahUKEwiOtZGlvKrwAhUR8hQKHVBMBz4QsEwwAnoECAMQAA\">\n<div>\n<div class=\"Oh5wg\">\n<div class=\"PZPZlf\" data-lyricid=\"Musixmatch15998091\">\n<div class=\"ujudUb\"><span style=\"font-size: 18pt;color: #008080\"><em>Les lluces de la ciud\u00e1<\/em><\/span><br \/>\n<span style=\"font-size: 18pt;color: #008080\"><em>Ll\u00edndienme cabo la mar<\/em><\/span><br \/>\n<span style=\"font-size: 18pt;color: #008080\"><em>Hasta la playa balera<\/em><\/span><br \/>\n<span style=\"font-size: 18pt;color: #008080\"><em>Onde&#8217;l carb\u00f3n y l&#8217;arena<\/em><\/span><br \/>\n<span style=\"font-size: 18pt;color: #008080\"><em>S&#8217;abracen una vez m\u00e1s.<\/em><\/span><\/div>\n<div><\/div>\n<div><\/div>\n<div class=\"ujudUb\"><span style=\"font-size: 18pt;color: #008080\"><em>El presente queda atr\u00e1s,<\/em><\/span><br \/>\n<span style=\"font-size: 18pt;color: #008080\"><em>Presu del atapecer.<\/em><\/span><br \/>\n<span style=\"font-size: 18pt;color: #008080\"><em>Pasen sieglos nun momentu,<\/em><\/span><br \/>\n<span style=\"font-size: 18pt;color: #008080\"><em>Y oigo como nun llamentu<\/em><\/span><br \/>\n<span style=\"font-size: 18pt;color: #008080\"><em>La voz de la soled\u00e1.<\/em><\/span><\/div>\n<div><\/div>\n<div><\/div>\n<div class=\"ujudUb\"><span style=\"font-size: 18pt;color: #008080\"><em><strong>Andarina, vienes tarde,<\/strong><\/em><\/span><br \/>\n<span style=\"font-size: 18pt;color: #008080\"><em><strong>Andarina, vienes tarde,<\/strong><\/em><\/span><br \/>\n<span style=\"font-size: 18pt;color: #008080\"><em><strong>Vistida de sol y orbayu,<\/strong><\/em><\/span><br \/>\n<span style=\"font-size: 18pt;color: #008080\"><em><strong>Traes oro y plata traes<\/strong><\/em><\/span><br \/>\n<span style=\"font-size: 18pt;color: #008080\"><em><strong>A los fayeos de mayo.<\/strong><\/em><\/span><\/div>\n<div><\/div>\n<div><\/div>\n<div class=\"ujudUb\"><span style=\"font-size: 18pt;color: #008080\"><em>Pente \u00f1ubes de rob\u00edn,<\/em><\/span><br \/>\n<span style=\"font-size: 18pt;color: #008080\"><em>Siento l&#8217;alma mineral,<\/em><\/span><br \/>\n<span style=\"font-size: 18pt;color: #008080\"><em>Trabayada en desenga\u00f1os,<\/em><\/span><br \/>\n<span style=\"font-size: 18pt;color: #008080\"><em>Apagada como&#8217;l faro<\/em><\/span><br \/>\n<span style=\"font-size: 18pt;color: #008080\"><em>D&#8217;una mar d&#8217;escoria gris.<\/em><\/span><\/div>\n<div><\/div>\n<div class=\"ujudUb\"><span style=\"font-size: 18pt;color: #008080\"><em>Fatig\u00e1u del cam\u00edn,<\/em><\/span><br \/>\n<span style=\"font-size: 18pt;color: #008080\"><em>Engurri\u00e1u pol bramar<\/em><\/span><br \/>\n<span style=\"font-size: 18pt;color: #008080\"><em>D&#8217;innumerables hibiernos,<\/em><\/span><br \/>\n<span style=\"font-size: 18pt;color: #008080\"><em>Sua\u00f1o los d\u00edes eternos,<\/em><\/span><br \/>\n<span style=\"font-size: 18pt;color: #008080\"><em>Espierto en nueches sin fin.<\/em><\/span><\/div>\n<div><\/div>\n<div><\/div>\n<div class=\"ujudUb\"><span style=\"font-size: 18pt;color: #008080\"><em><strong>Andarina, vienes tarde,<\/strong><\/em><\/span><br \/>\n<span style=\"font-size: 18pt;color: #008080\"><em><strong>Andarina, vienes tarde,<\/strong><\/em><\/span><br \/>\n<span style=\"font-size: 18pt;color: #008080\"><em><strong>Esllumando como&#8217;l rayu,<\/strong><\/em><\/span><br \/>\n<span style=\"font-size: 18pt;color: #008080\"><em><strong>Risca l&#8217;alba d&#8217;esmeralda<\/strong><\/em><\/span><br \/>\n<span style=\"font-size: 18pt;color: #008080\"><em><strong>Pelos fayeos de mayo.<\/strong><\/em><\/span><\/div>\n<div><\/div>\n<div><\/div>\n<div class=\"ujudUb\"><span style=\"font-size: 18pt;color: #008080\"><em>Pente calles de cristal,<\/em><\/span><br \/>\n<span style=\"font-size: 18pt;color: #008080\"><em>Trona&#8217;l cantu del nord\u00e9s<\/em><\/span><br \/>\n<span style=\"font-size: 18pt;color: #008080\"><em>Con palabres de poeta,<\/em><\/span><br \/>\n<span style=\"font-size: 18pt;color: #008080\"><em>Evoc\u00e1ndome una idea,<\/em><\/span><br \/>\n<span style=\"font-size: 18pt;color: #008080\"><em>Tresport\u00e1ndome al llugar &#8230;<\/em><\/span><\/div>\n<div class=\"ujudUb\"><span style=\"font-size: 18pt;color: #008080\"><em>&#8230; onde \u00f1aguo por volver,<\/em><\/span><br \/>\n<span style=\"font-size: 18pt;color: #008080\"><em>Ente los montes del sur,<\/em><\/span><br \/>\n<span style=\"font-size: 18pt;color: #008080\"><em>Onde vuela&#8217;l sitiu m\u00edu,<\/em><\/span><br \/>\n<span style=\"font-size: 18pt;color: #008080\"><em>Onde too tien sent\u00edu,<\/em><\/span><br \/>\n<span style=\"font-size: 18pt;color: #008080\"><em>Onde soi quien quiero ser.<\/em><\/span><\/div>\n<div><\/div>\n<div class=\"ujudUb\"><span style=\"font-size: 18pt;color: #008080\"><em><strong>Andarina, vienes tarde,<\/strong><\/em><\/span><br \/>\n<span style=\"font-size: 18pt;color: #008080\"><em><strong>Andarina, vienes tarde,<\/strong><\/em><\/span><br \/>\n<span style=\"font-size: 18pt;color: #008080\"><em><strong>Endolquiada del to cantu.<\/strong><\/em><\/span><br \/>\n<span style=\"font-size: 18pt;color: #008080\"><em><strong>Y\u00e1 relluma la rosada<\/strong><\/em><\/span><br \/>\n<span style=\"font-size: 18pt;color: #008080\"><em><strong>Pelos fayeos de mayo.<\/strong><\/em><\/span><\/div>\n<div><\/div>\n<div><\/div>\n<div class=\"ujudUb\"><span style=\"font-size: 18pt;color: #008080\"><em>Cu\u00e1ntes promeses traxeras<\/em><\/span><br \/>\n<span style=\"font-size: 18pt;color: #008080\"><em>Con aquella primavera<\/em><\/span><br \/>\n<span style=\"font-size: 18pt;color: #008080\"><em>Y marcharon col verano.<\/em><\/span><br \/>\n<span style=\"font-size: 18pt;color: #008080\"><em>Llev\u00f3me la vida entera<\/em><\/span><br \/>\n<span style=\"font-size: 18pt;color: #008080\"><em>Regresar a la to vera<\/em><\/span><br \/>\n<span style=\"font-size: 18pt;color: #008080\"><em>Y a los fayeos de mayo.<\/em><\/span><\/div>\n<div><\/div>\n<div><\/div>\n<div class=\"ujudUb\"><span style=\"font-size: 18pt;color: #008080\"><em><strong>Andarina, vienes tarde,<\/strong><\/em><\/span><br \/>\n<span style=\"font-size: 18pt;color: #008080\"><em><strong>Andarina, vienes tarde,<\/strong><\/em><\/span><br \/>\n<span style=\"font-size: 18pt;color: #008080\"><em><strong>Vistida de sol y orbayu.<\/strong><\/em><\/span><br \/>\n<span style=\"font-size: 18pt;color: #008080\"><em><strong>Y\u00e1 ye tiempu que descanse<\/strong><\/em><\/span><br \/>\n<span style=\"font-size: 18pt;color: #008080\"><em><strong>So los fayeos de mayo.<\/strong><\/em><\/span><\/div>\n<div><\/div>\n<div><\/div>\n<div class=\"ujudUb WRZytc\"><span style=\"font-size: 18pt;color: #008080\"><em><strong>Andarina, vienes tarde,<\/strong><\/em><\/span><br \/>\n<span style=\"font-size: 18pt;color: #008080\"><em><strong>Andarina, vienes tarde,<\/strong><\/em><\/span><br \/>\n<span style=\"font-size: 18pt;color: #008080\"><em><strong>Esllumando como&#8217;l rayu.<\/strong><\/em><\/span><br \/>\n<span style=\"font-size: 18pt;color: #008080\"><em><strong>Risca l&#8217;alba d&#8217;esmeralda<\/strong><\/em><\/span><br \/>\n<span style=\"font-size: 18pt;color: #008080\"><em><strong>Pelos fayeos de mayo.<\/strong><\/em><\/span><\/div>\n<\/div>\n<\/div>\n<\/div>\n<div><\/div>\n<div>\n<div class=\"Oh5wg\">\n<div class=\"j04ED\"><span style=\"font-size: 18pt;color: #008080\"><em>Fuente:\u00a0<a style=\"color: #008080\" href=\"https:\/\/www.google.com\/url?sa=t&amp;rct=j&amp;q=&amp;esrc=s&amp;source=web&amp;cd=&amp;cad=rja&amp;uact=8&amp;ved=2ahUKEwiOtZGlvKrwAhUR8hQKHVBMBz4Q5s4FMAJ6BAgDEAY&amp;url=https%3A%2F%2Fwww.musixmatch.com%2F&amp;usg=AOvVaw3FKm5HB8x0MfUAU7faHvg2\" data-ved=\"2ahUKEwiOtZGlvKrwAhUR8hQKHVBMBz4Q5s4FMAJ6BAgDEAY\" data-ctbtn=\"2\" data-cthref=\"\/url?sa=t&amp;rct=j&amp;q=&amp;esrc=s&amp;source=web&amp;cd=&amp;cad=rja&amp;uact=8&amp;ved=2ahUKEwiOtZGlvKrwAhUR8hQKHVBMBz4Q5s4FMAJ6BAgDEAY&amp;url=https%3A%2F%2Fwww.musixmatch.com%2F&amp;usg=AOvVaw3FKm5HB8x0MfUAU7faHvg2\">Musixmatch<\/a><\/em><\/span><\/div>\n<\/div>\n<div><a href=\"http:\/\/felpeyu.com\/wp-content\/uploads\/2017\/05\/tira-grupu-1.jpg\"><img loading=\"lazy\" decoding=\"async\" class=\"alignnone\" src=\"http:\/\/felpeyu.com\/wp-content\/uploads\/2017\/05\/tira-grupu-1.jpg\" alt=\"\" width=\"1200\" height=\"400\" \/><\/a><\/div>\n<div><a href=\"http:\/\/felpeyu.com\"><strong><em>http:\/\/felpeyu.com<\/em><\/strong><\/a><\/div>\n<div class=\"Oh5wg\">\n<div><\/div>\n<\/div>\n<\/div>\n<\/div>\n<\/div>\n<\/div>\n<\/div>\n<\/div>\n<\/div>\n<\/div>\n<\/div>\n<\/div>\n<\/div>\n<\/div>\n","protected":false},"excerpt":{"rendered":"<p>Nel Campu Nacen Flores \u00b7 Lucas 15 \/ \u2117 2007 Lloria Discos\u00a0 \/ Mixer y Producer: Xel Pereda Composer y Lyricist: Traditional \/ ver en Yoytube Los fayeos de mayo (Canci\u00f3n de Felpeyu) Enllaz Youtube Enllaz audio VER\u00a0 LLETRA Les lluces de la ciud\u00e1 Ll\u00edndienme cabo la mar Hasta la playa balera Onde&#8217;l carb\u00f3n y [&hellip;]<\/p>\n","protected":false},"author":117,"featured_media":0,"parent":3883,"menu_order":0,"comment_status":"closed","ping_status":"closed","template":"","meta":{"footnotes":""},"class_list":["post-4295","page","type-page","status-publish","hentry","post-preview"],"_links":{"self":[{"href":"https:\/\/edublog.educastur.es\/corredoria3\/wp-json\/wp\/v2\/pages\/4295","targetHints":{"allow":["GET"]}}],"collection":[{"href":"https:\/\/edublog.educastur.es\/corredoria3\/wp-json\/wp\/v2\/pages"}],"about":[{"href":"https:\/\/edublog.educastur.es\/corredoria3\/wp-json\/wp\/v2\/types\/page"}],"author":[{"embeddable":true,"href":"https:\/\/edublog.educastur.es\/corredoria3\/wp-json\/wp\/v2\/users\/117"}],"replies":[{"embeddable":true,"href":"https:\/\/edublog.educastur.es\/corredoria3\/wp-json\/wp\/v2\/comments?post=4295"}],"version-history":[{"count":6,"href":"https:\/\/edublog.educastur.es\/corredoria3\/wp-json\/wp\/v2\/pages\/4295\/revisions"}],"predecessor-version":[{"id":4306,"href":"https:\/\/edublog.educastur.es\/corredoria3\/wp-json\/wp\/v2\/pages\/4295\/revisions\/4306"}],"up":[{"embeddable":true,"href":"https:\/\/edublog.educastur.es\/corredoria3\/wp-json\/wp\/v2\/pages\/3883"}],"wp:attachment":[{"href":"https:\/\/edublog.educastur.es\/corredoria3\/wp-json\/wp\/v2\/media?parent=4295"}],"curies":[{"name":"wp","href":"https:\/\/api.w.org\/{rel}","templated":true}]}}