{"id":4685,"date":"2021-09-11T14:13:23","date_gmt":"2021-09-11T12:13:23","guid":{"rendered":"https:\/\/edublog.educastur.es\/corredoria3\/?page_id=4685"},"modified":"2021-10-20T12:09:33","modified_gmt":"2021-10-20T10:09:33","slug":"septiembre","status":"publish","type":"page","link":"https:\/\/edublog.educastur.es\/corredoria3\/profes_cursos\/2021-2\/septiembre\/","title":{"rendered":"Septiembre"},"content":{"rendered":"<div style=\"text-align: center\"><span style=\"font-size: 18pt;color: #008080\"><strong>11\/09\/2021<\/strong><\/span><\/div>\n<div><\/div>\n<div>A la espera de informaci\u00f3n del <a title=\"http:\/\/cproviedo.es\/formacion#actividadesconvocadas\" href=\"http:\/\/cproviedo.es\/formacion#actividadesconvocadas\"><b>CPR de Oviedo \u00a0<\/b><\/a>sobre oferta formativa de este a\u00f1o, <b>lo m\u00e1s destacado de la semana es la convocatoria del IAAP Adolfo Posada <\/b>que enviaron por email a quienes est\u00e9n suscritos.<\/div>\n<div><\/div>\n<div><a title=\"https:\/\/programaiaap.asturias.es\/programa-mensual?p_p_id=ViewerPortletIaap_INSTANCE_ESrEB78dWsYy&amp;p_p_lifecycle=0&amp;p_p_state=normal&amp;p_p_mode=view&amp;p_r_p_contentId=1417237&amp;p_r_p_action=next\" href=\"https:\/\/programaiaap.asturias.es\/programa-mensual?p_p_id=ViewerPortletIaap_INSTANCE_ESrEB78dWsYy&amp;p_p_lifecycle=0&amp;p_p_state=normal&amp;p_p_mode=view&amp;p_r_p_contentId=1417237&amp;p_r_p_action=next\">Programa formativo de Septiembre (avanzar SIGUIENTE hasta llegar a pesta\u00f1a \u00abFormaci\u00f3n Transversal\u00bb)<br \/>\n<\/a><\/div>\n<div>\n<ul>\n<li><b>Inscripciones del 1-15 de septiembre<\/b><\/li>\n<li><strong>\u00c1REA PERSONAL: \u00a0<\/strong><a href=\"https:\/\/iaap.asturias.es\/web\/iaap\/ap\/login?p_r_p_redirect=https%3A%2F%2Fiaap.asturias.es%3A10443%2Farea-personal\">Acceso _login<\/a> \/<br \/>\n<span style=\"color: #333399\"><strong>E + DNI<\/strong> y <strong>contrase\u00f1a<\/strong> la que usamos Educastur<\/span><\/li>\n<\/ul>\n<\/div>\n<div><\/div>\n<div><span style=\"color: #800000\">Aparecen en Rojo las <\/span><b><span style=\"color: #800000\">Novedades<\/span>. <\/b><b>En las diferentes pesta\u00f1as pod\u00e9is buscar m\u00e1s cursos&#8230;<\/b><b>\u00a0<\/b><\/div>\n<div>Una vez dentro de un curso, <b>al hacer clic, aparece la ficha<\/b><b> <a title=\"https:\/\/programaiaap.asturias.es\/detalle-de-curso?p_r_p_contentId=1521003\" href=\"https:\/\/programaiaap.asturias.es\/detalle-de-curso?p_r_p_contentId=1521003\">Ver ejemplo&#8230;<\/a>con la informaci\u00f3n que nos interesa:<br \/>\n<\/b><\/div>\n<div>\n<ul>\n<li><b><span style=\"color: #333399\">Aprovechamiento<\/span> = diploma y cuentan cr\u00e9ditos <\/b>(peque\u00f1a prueba)<b><br \/>\n<\/b><\/li>\n<li><b><span style=\"color: #333399\">Participaci\u00f3n<\/span> = no hay cr\u00e9ditos!!!<\/b> (s\u00f3lo escuchar\/sin prueba)<b><br \/>\n<\/b><\/li>\n<li><u>En unos d\u00edas os confirmo que es as\u00ed ???<\/u><b><br \/>\n<\/b><\/li>\n<li><u>Acceso a inscripci\u00f3n en la propia ficha<\/u><\/li>\n<\/ul>\n<div>De momento es lo que hay interesante. Seguir\u00e9 informando!!!<\/div>\n<div><u><br \/>\n<span style=\"color: #008080\">NOTA: Si veis alg\u00fan curso interesante por ah\u00ed<\/span> <span style=\"color: #008080\">y <b>me lo compartis por whatsapp, lo reenv\u00edo a los 22 profes<\/b> que estamos apuntamos en esta lista.<\/span><br \/>\n<span style=\"color: #008080\"><b>Gracias<\/b><\/span><\/u><\/div>\n<\/div>\n<div>\n<p><img loading=\"lazy\" decoding=\"async\" class=\"alignnone \" src=\"https:\/\/www.asturias.es\/RecursosWeb\/iaap\/images\/iaap_logo_peq.jpg\" width=\"92\" height=\"63\" \/>\/<img loading=\"lazy\" decoding=\"async\" class=\"alignnone \" src=\"https:\/\/www.guiaserviciosparamayores.es\/data\/gestion\/docs\/08012014190618.jpg\" width=\"277\" height=\"55\" \/><\/p>\n<ul>\n<li><strong>WEB<\/strong>: <a href=\"https:\/\/iaap.asturias.es\/\">\u00a0IAAP.asturias.es<\/a> \/ <a href=\"https:\/\/twitter.com\/iaapAsturias\">Twitter<\/a><\/li>\n<li><strong>FORMACI\u00d3N<\/strong>: <a href=\"https:\/\/programaiaap.asturias.es\">Programa IAAP mensual<\/a> \/<\/li>\n<li><strong>\u00c1REA PERSONAL: \u00a0<\/strong><a href=\"https:\/\/iaap.asturias.es\/web\/iaap\/ap\/login?p_r_p_redirect=https%3A%2F%2Fiaap.asturias.es%3A10443%2Farea-personal\">Acceso _login<\/a> \/<\/li>\n<\/ul>\n<hr \/>\n<p>&nbsp;<\/p>\n<\/div>\n","protected":false},"excerpt":{"rendered":"<p>11\/09\/2021 A la espera de informaci\u00f3n del CPR de Oviedo \u00a0sobre oferta formativa de este a\u00f1o, lo m\u00e1s destacado de la semana es la convocatoria del IAAP Adolfo Posada que enviaron por email a quienes est\u00e9n suscritos. Programa formativo de Septiembre (avanzar SIGUIENTE hasta llegar a pesta\u00f1a \u00abFormaci\u00f3n Transversal\u00bb) Inscripciones del 1-15 de septiembre \u00c1REA [&hellip;]<\/p>\n","protected":false},"author":117,"featured_media":0,"parent":4980,"menu_order":0,"comment_status":"closed","ping_status":"closed","template":"","meta":{"footnotes":""},"class_list":["post-4685","page","type-page","status-publish","hentry","post-preview"],"_links":{"self":[{"href":"https:\/\/edublog.educastur.es\/corredoria3\/wp-json\/wp\/v2\/pages\/4685","targetHints":{"allow":["GET"]}}],"collection":[{"href":"https:\/\/edublog.educastur.es\/corredoria3\/wp-json\/wp\/v2\/pages"}],"about":[{"href":"https:\/\/edublog.educastur.es\/corredoria3\/wp-json\/wp\/v2\/types\/page"}],"author":[{"embeddable":true,"href":"https:\/\/edublog.educastur.es\/corredoria3\/wp-json\/wp\/v2\/users\/117"}],"replies":[{"embeddable":true,"href":"https:\/\/edublog.educastur.es\/corredoria3\/wp-json\/wp\/v2\/comments?post=4685"}],"version-history":[{"count":5,"href":"https:\/\/edublog.educastur.es\/corredoria3\/wp-json\/wp\/v2\/pages\/4685\/revisions"}],"predecessor-version":[{"id":4988,"href":"https:\/\/edublog.educastur.es\/corredoria3\/wp-json\/wp\/v2\/pages\/4685\/revisions\/4988"}],"up":[{"embeddable":true,"href":"https:\/\/edublog.educastur.es\/corredoria3\/wp-json\/wp\/v2\/pages\/4980"}],"wp:attachment":[{"href":"https:\/\/edublog.educastur.es\/corredoria3\/wp-json\/wp\/v2\/media?parent=4685"}],"curies":[{"name":"wp","href":"https:\/\/api.w.org\/{rel}","templated":true}]}}